{"id":10064,"date":"2020-12-16T17:56:18","date_gmt":"2020-12-16T16:56:18","guid":{"rendered":"http:\/\/www.caudete.org\/ayuntamiento\/?page_id=10064"},"modified":"2024-08-29T17:31:32","modified_gmt":"2024-08-29T15:31:32","slug":"turismo-fiestas-de-moros-y-cristianos","status":"publish","type":"page","link":"https:\/\/www.caudete.org\/ayuntamiento\/turismo-fiestas-de-moros-y-cristianos\/","title":{"rendered":"Turismo &#8211; Fiestas de Moros y Cristianos"},"content":{"rendered":"<p><img fetchpriority=\"high\" decoding=\"async\" class=\"aligncenter size-full wp-image-10178\" src=\"http:\/\/www.caudete.org\/ayuntamiento\/wp-content\/uploads\/2020\/12\/virgen.jpg\" alt=\"\" width=\"1024\" height=\"426\" srcset=\"https:\/\/www.caudete.org\/ayuntamiento\/wp-content\/uploads\/2020\/12\/virgen.jpg 1024w, https:\/\/www.caudete.org\/ayuntamiento\/wp-content\/uploads\/2020\/12\/virgen-300x125.jpg 300w, https:\/\/www.caudete.org\/ayuntamiento\/wp-content\/uploads\/2020\/12\/virgen-768x320.jpg 768w\" sizes=\"(max-width: 1024px) 100vw, 1024px\" \/><\/p>\n<p>&nbsp;<\/p>\n<h2>Fiestas Patronales de Moros y Cristianos en honor a Ntra. Sra. la Virgen de Gracia<\/h2>\n<p style=\"text-align: justify;\">Las Fiestas de <b>Moros y Cristianos de Caudete\u00a0<\/b>cuentan con una\u00a0<b>antig\u00fcedad de m\u00e1s de 400 a\u00f1os<\/b>. Celebradas entre el 6 y el 10 de septiembre, est\u00e1n declaradas de Inter\u00e9s Tur\u00edstico Regional.<\/p>\n<p style=\"text-align: justify;\">Cada septiembre, estas fiestas revolucionan la escena social caudetana y atraen a miles de curiosos alentados por su fama y antig\u00fcedad.<\/p>\n<p style=\"text-align: justify;\">Actualmente existen cinco Comparsas: Guerreros, Mirenos, Tarik, Moros y La Antigua, siendo las m\u00e1s antiguas Guerreros y Moros. Estas Comparsas adoptan en su origen estructura militar, con cargos que conservan hasta la actualidad: Capit\u00e1n, Sargento, Abanderado, Alf\u00e9rez o Portaestandarte, y Cabo de Escuadra.<\/p>\n<p style=\"text-align: justify;\">Guerreros, Moros y La Antigua se crean en el s. XIX. Mirenos y Tarik aparecen en el s. XX, al segregarse de las Comparsas de Guerreros y Moros, respectivamente.<\/p>\n<p style=\"text-align: justify;\">Los\u00a0<b>desfiles de La Entrada y La Enhorabuena\u00a0<\/b>tienen lugar los d\u00edas 6 y 9 de septiembre respectivamente, siendo los dos actos que m\u00e1s visitantes atraen. En ellos, las cinco comparsas locales desfilan en escuadras al son de m\u00fasica festera, mostrando bell\u00edsimos trajes que en muchos casos son pura artesan\u00eda.<\/p>\n<p style=\"text-align: justify;\">Entre los actos festeros de naturaleza m\u00e1s l\u00fadica se entremezclan otros de car\u00e1cter religioso. As\u00ed, es igualmente espectacular y multitudinaria en participaci\u00f3n la Procesi\u00f3n de traslado de la Virgen del d\u00eda 7, desde su santuario hasta el pueblo, a la que se recibe en el paraje de La Cruz con ruedo de banderas, ruedas de volantes y procesi\u00f3n hasta la iglesia de Sta. Catalina con salvas de arcabucer\u00eda.<\/p>\n<p style=\"text-align: justify;\">La\u00a0<b>Procesi\u00f3n General del d\u00eda 8\u00a0<\/b>comienza en la puerta de la iglesia, donde el volante de cada comparsa realiza su saludo a la Virgen, seguido por los arcabuceros de su comparsa. Durante el recorrido de la procesi\u00f3n se realizan dos ruedos de banderas completos, uno en la Plaza del Carmen y otro en la Plaza de la Iglesia. Finalmente, el d\u00eda 10 se acompa\u00f1a en procesi\u00f3n a la Virgen a su santuario, con un nuevo ruedo de banderas en la explanada de dicho santuario.<\/p>\n<p style=\"text-align: justify;\">Los\u00a0<b>Episodios Caudetanos\u00a0<\/b>se representan en la Plaza de la Iglesia los d\u00edas 7, 8, y 9 de septiembre. Se trata de un drama hist\u00f3rico escrito en verso que tiene su\u00a0<b>origen en el s. XVII.\u00a0<\/b>Por su antiguedad y valor cultural,\u00a0<b>est\u00e1n declarados Bien de Inter\u00e9s Cultural de Castilla La Mancha.<\/b><\/p>\n<p style=\"text-align: justify;\">La representaci\u00f3n teatral est\u00e1 dividida en tres actos, escenificando, en d\u00edas consecutivos, la invasi\u00f3n musulmana de Caudete, la reconquista cristiana y la aparici\u00f3n de las im\u00e1genes de Ntra. Sra. de Gracia y San Blas.<\/p>\n<p style=\"text-align: justify;\">Se sabe que en 1617 ya se representaban los\u00a0<b>Autos en Honor a la Virgen de Gracia\u00a0<\/b>en el interior de la iglesia de Santa Catalina. La obra escenificaba la milagrosa aparici\u00f3n de las im\u00e1genes de la Virgen de Gracia y San Blas. Siguiendo con la tradici\u00f3n del teatro religioso barroco, la representaci\u00f3n pretend\u00eda adoctrinar y aumentar la fe entre los fieles.<\/p>\n<p style=\"text-align: justify;\">Los Autos pasaron luego a llamarse\u00a0<b>Comedia Po\u00e9tica en Honor a la Virgen de Gracia\u00a0<\/b>y, m\u00e1s tarde, Episodios Caudetanos. Con los a\u00f1os, la representaci\u00f3n se va enriqueciendo y pasa a celebrarse en la Plaza de la Iglesia. El texto que hoy se utiliza es una adaptaci\u00f3n que en 1907 Manuel Mart\u00ed y Manuel Ba\u00f1\u00f3n hicieron del texto original.<\/p>\n<p style=\"text-align: justify;\">Otro espectacular acto de la fiesta son\u00a0<b>Las Guerrillas\u00a0<\/b>o simulaciones de lucha entre los bandos moro y cristiano, donde la p\u00f3lvora y los disparos de arcabucer\u00eda son los protagonistas.\u00a0<b>Las armas utilizadas est\u00e1n fabricadas por artesanos caudetanos.<\/b><\/p>\n<p style=\"text-align: justify;\">Los\u00a0<b>Ruedos de Banderas\u00a0<\/b>delante de la Patrona son uno de los actos m\u00e1s emotivos de la fiesta. Se celebran el d\u00eda 7, en el paraje de La Cruz, durante la subida de la Virgen, el d\u00eda 8 en la Procesi\u00f3n y el d\u00eda 10 en la explanada del santuario. Toman parte en el ruedo las cuatro comparsas que tienen bandera: Antigua, Guerreros, Moros y Tarik, mientras el estandarte de los Mirenos se sit\u00faa junto a la Virgen.<br \/>\nSon tradicionales tambi\u00e9n otros ruedos de banderas que tienen lugar en sitios espec\u00edficos, como son la Plaza de la Iglesia, la Plaza del Carmen, El Angel, el Ayuntamiento o la Plaza Nueva, realiz\u00e1ndose en ellos el ruedo corto.<\/p>\n<p style=\"text-align: justify;\">Otro singular acto de la fiesta es la\u00a0<b>Rueda de Volantes.\u00a0<\/b>El cargo de volante es el m\u00e1s entra\u00f1able y querido de todos los cargos festeros, pues es representado por ni\u00f1os de corta edad. La Rueda del Volante es un saludo de veneraci\u00f3n que estos ni\u00f1os realizan a la Patrona. Cada comparsa puede tener entre uno y tres volantes, que van acompa\u00f1ados por su capit\u00e1n en cada acto en el que participan. Dependiendo de la comparsa, cada rueda tiene su protocolo y peculiaridades.<\/p>\n<p>&nbsp;<\/p>\n<p><a href=\"https:\/\/caudetedigital.com\/especial-fiestas-patronales-de-moros-y-cristianos-de-caudete-2024\/\" target=\"_blank\" rel=\"noopener nofollow\">+ Info Fiestas de Caudete 2024<\/a><\/p>\n","protected":false},"excerpt":{"rendered":"<p>&nbsp; Fiestas Patronales de Moros y Cristianos en honor a Ntra. Sra. la Virgen de Gracia Las Fiestas de Moros y Cristianos de Caudete\u00a0cuentan con una\u00a0antig\u00fcedad de m\u00e1s de 400 a\u00f1os. Celebradas entre el 6 y el 10 de septiembre, est\u00e1n declaradas de Inter\u00e9s Tur\u00edstico Regional. Cada septiembre, estas fiestas revolucionan la escena social caudetana &hellip;<\/p>\n","protected":false},"author":1,"featured_media":0,"parent":0,"menu_order":0,"comment_status":"closed","ping_status":"closed","template":"","meta":{"ngg_post_thumbnail":0,"footnotes":""},"categories":[135],"tags":[],"class_list":["post-10064","page","type-page","status-publish","hentry","category-turismo-2"],"yoast_head":"<!-- This site is optimized with the Yoast SEO plugin v27.5 - https:\/\/yoast.com\/product\/yoast-seo-wordpress\/ -->\n<title>Turismo - Fiestas de Moros y Cristianos - MI Ayuntamiento de Caudete<\/title>\n<meta name=\"description\" content=\"P\u00e1gina Oficial del Ayuntamiento de Caudete (Albacete)\" \/>\n<meta name=\"robots\" content=\"index, follow, max-snippet:-1, max-image-preview:large, max-video-preview:-1\" \/>\n<link rel=\"canonical\" href=\"https:\/\/www.caudete.org\/ayuntamiento\/turismo-fiestas-de-moros-y-cristianos\/\" \/>\n<meta property=\"og:locale\" content=\"es_ES\" \/>\n<meta property=\"og:type\" content=\"article\" \/>\n<meta property=\"og:title\" content=\"Turismo - Fiestas de Moros y Cristianos - MI Ayuntamiento de Caudete\" \/>\n<meta property=\"og:description\" content=\"P\u00e1gina Oficial del Ayuntamiento de Caudete (Albacete)\" \/>\n<meta property=\"og:url\" content=\"https:\/\/www.caudete.org\/ayuntamiento\/turismo-fiestas-de-moros-y-cristianos\/\" \/>\n<meta property=\"og:site_name\" content=\"MI Ayuntamiento de Caudete\" \/>\n<meta property=\"article:publisher\" content=\"https:\/\/www.facebook.com\/ayuntamientocaudete\/\" \/>\n<meta property=\"article:modified_time\" content=\"2024-08-29T15:31:32+00:00\" \/>\n<meta property=\"og:image\" content=\"http:\/\/www.caudete.org\/ayuntamiento\/wp-content\/uploads\/2020\/12\/virgen.jpg\" \/>\n<meta name=\"twitter:card\" content=\"summary_large_image\" \/>\n<meta name=\"twitter:label1\" content=\"Tiempo de lectura\" \/>\n\t<meta name=\"twitter:data1\" content=\"4 minutos\" \/>\n<script type=\"application\/ld+json\" class=\"yoast-schema-graph\">{\"@context\":\"https:\\\/\\\/schema.org\",\"@graph\":[{\"@type\":\"WebPage\",\"@id\":\"https:\\\/\\\/www.caudete.org\\\/ayuntamiento\\\/turismo-fiestas-de-moros-y-cristianos\\\/\",\"url\":\"https:\\\/\\\/www.caudete.org\\\/ayuntamiento\\\/turismo-fiestas-de-moros-y-cristianos\\\/\",\"name\":\"Turismo - Fiestas de Moros y Cristianos - MI Ayuntamiento de Caudete\",\"isPartOf\":{\"@id\":\"https:\\\/\\\/www.caudete.org\\\/ayuntamiento\\\/#website\"},\"primaryImageOfPage\":{\"@id\":\"https:\\\/\\\/www.caudete.org\\\/ayuntamiento\\\/turismo-fiestas-de-moros-y-cristianos\\\/#primaryimage\"},\"image\":{\"@id\":\"https:\\\/\\\/www.caudete.org\\\/ayuntamiento\\\/turismo-fiestas-de-moros-y-cristianos\\\/#primaryimage\"},\"thumbnailUrl\":\"http:\\\/\\\/www.caudete.org\\\/ayuntamiento\\\/wp-content\\\/uploads\\\/2020\\\/12\\\/virgen.jpg\",\"datePublished\":\"2020-12-16T16:56:18+00:00\",\"dateModified\":\"2024-08-29T15:31:32+00:00\",\"description\":\"P\u00e1gina Oficial del Ayuntamiento de Caudete (Albacete)\",\"breadcrumb\":{\"@id\":\"https:\\\/\\\/www.caudete.org\\\/ayuntamiento\\\/turismo-fiestas-de-moros-y-cristianos\\\/#breadcrumb\"},\"inLanguage\":\"es\",\"potentialAction\":[{\"@type\":\"ReadAction\",\"target\":[\"https:\\\/\\\/www.caudete.org\\\/ayuntamiento\\\/turismo-fiestas-de-moros-y-cristianos\\\/\"]}]},{\"@type\":\"ImageObject\",\"inLanguage\":\"es\",\"@id\":\"https:\\\/\\\/www.caudete.org\\\/ayuntamiento\\\/turismo-fiestas-de-moros-y-cristianos\\\/#primaryimage\",\"url\":\"https:\\\/\\\/www.caudete.org\\\/ayuntamiento\\\/wp-content\\\/uploads\\\/2020\\\/12\\\/virgen.jpg\",\"contentUrl\":\"https:\\\/\\\/www.caudete.org\\\/ayuntamiento\\\/wp-content\\\/uploads\\\/2020\\\/12\\\/virgen.jpg\",\"width\":1024,\"height\":426},{\"@type\":\"BreadcrumbList\",\"@id\":\"https:\\\/\\\/www.caudete.org\\\/ayuntamiento\\\/turismo-fiestas-de-moros-y-cristianos\\\/#breadcrumb\",\"itemListElement\":[{\"@type\":\"ListItem\",\"position\":1,\"name\":\"Inicio\",\"item\":\"https:\\\/\\\/www.caudete.org\\\/ayuntamiento\\\/\"},{\"@type\":\"ListItem\",\"position\":2,\"name\":\"Turismo &#8211; Fiestas de Moros y Cristianos\"}]},{\"@type\":\"WebSite\",\"@id\":\"https:\\\/\\\/www.caudete.org\\\/ayuntamiento\\\/#website\",\"url\":\"https:\\\/\\\/www.caudete.org\\\/ayuntamiento\\\/\",\"name\":\"MI Ayuntamiento de Caudete\",\"description\":\"P\u00e1gina Oficial del MI Ayuntamiento de Caudete\",\"potentialAction\":[{\"@type\":\"SearchAction\",\"target\":{\"@type\":\"EntryPoint\",\"urlTemplate\":\"https:\\\/\\\/www.caudete.org\\\/ayuntamiento\\\/?s={search_term_string}\"},\"query-input\":{\"@type\":\"PropertyValueSpecification\",\"valueRequired\":true,\"valueName\":\"search_term_string\"}}],\"inLanguage\":\"es\"}]}<\/script>\n<!-- \/ Yoast SEO plugin. -->","yoast_head_json":{"title":"Turismo - Fiestas de Moros y Cristianos - MI Ayuntamiento de Caudete","description":"P\u00e1gina Oficial del Ayuntamiento de Caudete (Albacete)","robots":{"index":"index","follow":"follow","max-snippet":"max-snippet:-1","max-image-preview":"max-image-preview:large","max-video-preview":"max-video-preview:-1"},"canonical":"https:\/\/www.caudete.org\/ayuntamiento\/turismo-fiestas-de-moros-y-cristianos\/","og_locale":"es_ES","og_type":"article","og_title":"Turismo - Fiestas de Moros y Cristianos - MI Ayuntamiento de Caudete","og_description":"P\u00e1gina Oficial del Ayuntamiento de Caudete (Albacete)","og_url":"https:\/\/www.caudete.org\/ayuntamiento\/turismo-fiestas-de-moros-y-cristianos\/","og_site_name":"MI Ayuntamiento de Caudete","article_publisher":"https:\/\/www.facebook.com\/ayuntamientocaudete\/","article_modified_time":"2024-08-29T15:31:32+00:00","og_image":[{"url":"http:\/\/www.caudete.org\/ayuntamiento\/wp-content\/uploads\/2020\/12\/virgen.jpg","type":"","width":"","height":""}],"twitter_card":"summary_large_image","twitter_misc":{"Tiempo de lectura":"4 minutos"},"schema":{"@context":"https:\/\/schema.org","@graph":[{"@type":"WebPage","@id":"https:\/\/www.caudete.org\/ayuntamiento\/turismo-fiestas-de-moros-y-cristianos\/","url":"https:\/\/www.caudete.org\/ayuntamiento\/turismo-fiestas-de-moros-y-cristianos\/","name":"Turismo - Fiestas de Moros y Cristianos - MI Ayuntamiento de Caudete","isPartOf":{"@id":"https:\/\/www.caudete.org\/ayuntamiento\/#website"},"primaryImageOfPage":{"@id":"https:\/\/www.caudete.org\/ayuntamiento\/turismo-fiestas-de-moros-y-cristianos\/#primaryimage"},"image":{"@id":"https:\/\/www.caudete.org\/ayuntamiento\/turismo-fiestas-de-moros-y-cristianos\/#primaryimage"},"thumbnailUrl":"http:\/\/www.caudete.org\/ayuntamiento\/wp-content\/uploads\/2020\/12\/virgen.jpg","datePublished":"2020-12-16T16:56:18+00:00","dateModified":"2024-08-29T15:31:32+00:00","description":"P\u00e1gina Oficial del Ayuntamiento de Caudete (Albacete)","breadcrumb":{"@id":"https:\/\/www.caudete.org\/ayuntamiento\/turismo-fiestas-de-moros-y-cristianos\/#breadcrumb"},"inLanguage":"es","potentialAction":[{"@type":"ReadAction","target":["https:\/\/www.caudete.org\/ayuntamiento\/turismo-fiestas-de-moros-y-cristianos\/"]}]},{"@type":"ImageObject","inLanguage":"es","@id":"https:\/\/www.caudete.org\/ayuntamiento\/turismo-fiestas-de-moros-y-cristianos\/#primaryimage","url":"https:\/\/www.caudete.org\/ayuntamiento\/wp-content\/uploads\/2020\/12\/virgen.jpg","contentUrl":"https:\/\/www.caudete.org\/ayuntamiento\/wp-content\/uploads\/2020\/12\/virgen.jpg","width":1024,"height":426},{"@type":"BreadcrumbList","@id":"https:\/\/www.caudete.org\/ayuntamiento\/turismo-fiestas-de-moros-y-cristianos\/#breadcrumb","itemListElement":[{"@type":"ListItem","position":1,"name":"Inicio","item":"https:\/\/www.caudete.org\/ayuntamiento\/"},{"@type":"ListItem","position":2,"name":"Turismo &#8211; Fiestas de Moros y Cristianos"}]},{"@type":"WebSite","@id":"https:\/\/www.caudete.org\/ayuntamiento\/#website","url":"https:\/\/www.caudete.org\/ayuntamiento\/","name":"MI Ayuntamiento de Caudete","description":"P\u00e1gina Oficial del MI Ayuntamiento de Caudete","potentialAction":[{"@type":"SearchAction","target":{"@type":"EntryPoint","urlTemplate":"https:\/\/www.caudete.org\/ayuntamiento\/?s={search_term_string}"},"query-input":{"@type":"PropertyValueSpecification","valueRequired":true,"valueName":"search_term_string"}}],"inLanguage":"es"}]}},"_links":{"self":[{"href":"https:\/\/www.caudete.org\/ayuntamiento\/wp-json\/wp\/v2\/pages\/10064","targetHints":{"allow":["GET"]}}],"collection":[{"href":"https:\/\/www.caudete.org\/ayuntamiento\/wp-json\/wp\/v2\/pages"}],"about":[{"href":"https:\/\/www.caudete.org\/ayuntamiento\/wp-json\/wp\/v2\/types\/page"}],"author":[{"embeddable":true,"href":"https:\/\/www.caudete.org\/ayuntamiento\/wp-json\/wp\/v2\/users\/1"}],"replies":[{"embeddable":true,"href":"https:\/\/www.caudete.org\/ayuntamiento\/wp-json\/wp\/v2\/comments?post=10064"}],"version-history":[{"count":8,"href":"https:\/\/www.caudete.org\/ayuntamiento\/wp-json\/wp\/v2\/pages\/10064\/revisions"}],"predecessor-version":[{"id":25911,"href":"https:\/\/www.caudete.org\/ayuntamiento\/wp-json\/wp\/v2\/pages\/10064\/revisions\/25911"}],"wp:attachment":[{"href":"https:\/\/www.caudete.org\/ayuntamiento\/wp-json\/wp\/v2\/media?parent=10064"}],"wp:term":[{"taxonomy":"category","embeddable":true,"href":"https:\/\/www.caudete.org\/ayuntamiento\/wp-json\/wp\/v2\/categories?post=10064"},{"taxonomy":"post_tag","embeddable":true,"href":"https:\/\/www.caudete.org\/ayuntamiento\/wp-json\/wp\/v2\/tags?post=10064"}],"curies":[{"name":"wp","href":"https:\/\/api.w.org\/{rel}","templated":true}]}}