{"id":10090,"date":"2020-12-16T18:20:22","date_gmt":"2020-12-16T17:20:22","guid":{"rendered":"http:\/\/www.caudete.org\/ayuntamiento\/?page_id=10090"},"modified":"2020-12-16T18:22:30","modified_gmt":"2020-12-16T17:22:30","slug":"turismo-semana-santa","status":"publish","type":"page","link":"https:\/\/www.caudete.org\/ayuntamiento\/turismo-semana-santa\/","title":{"rendered":"Turismo &#8211; Semana Santa"},"content":{"rendered":"<p style=\"text-align: justify;\">Las celebraciones de Semana Santa en Caudete atravesaron momentos bajos por un tiempo, sin embargo, desde 1992, van cobrando cada vez m\u00e1s protagonismo gracias al incesante esfuerzo y trabajo de las diferentes cofrad\u00edas. Hoy se cuenta con nueve de estas cofrad\u00edas.<br \/>\nDestacan las&nbsp;<b>procesiones del Silencio y del Santo Entierro,&nbsp;<\/b>celebradas el Jueves y Viernes Santo, pero tambi\u00e9n la&nbsp;<b>Procesi\u00f3n del Encuentro,&nbsp;<\/b>que tiene lugar el Domingo de Resurrecci\u00f3n.<\/p>\n<p style=\"text-align: justify;\">Haciendo un poco de historia, la documentaci\u00f3n existente nos muestran que en el a\u00f1o 1948 ya se celebraban las procesiones de Semana Santa. En esos a\u00f1os Caudete contaba con tres cofrad\u00edas, estas eran el Cristo de la Agon\u00eda y la Ver\u00f3nica, el Santo Sepulcro y la Soledad y, finalmente, Nuestro Padre Jes\u00fas el Nazareno y la Virgen de los Dolores.<\/p>\n<p style=\"text-align: justify;\">No obstante, existen algunos libros que nos indican que la&nbsp;<b>Procesi\u00f3n de los Pasos&nbsp;<\/b>ya se celebraba alrededor del a\u00f1o 1886, pero sin la participaci\u00f3n de nazarenos.<\/p>\n<p style=\"text-align: justify;\">Durante varios a\u00f1os, a partir del a\u00f1o 1948, esta festividad goz\u00f3 de gran esplendor, pero poco a poco el inter\u00e9s fue perdi\u00e9ndose.<\/p>\n<p style=\"text-align: justify;\">El a\u00f1o 1992 fue punto de inflexi\u00f3n en la celebraci\u00f3n de la Semana Santa caudetana. El empuje generado por el surgimiento de la hermandad Cristo de la Juventud, provoc\u00f3 el aumento de inter\u00e9s por parte de los caudetanos, lo que gener\u00f3 que surgieran nuevas cofrad\u00edas, tales como Virgen de los Dolores, Cristo de la Caida y Santo Sepulcro. \u00c9sto supuso un importante impulso en la Semana Santa.<\/p>\n<p style=\"text-align: justify;\">La&nbsp;<b>talla de Nuestro Padre Jes\u00fas Nazareno&nbsp;<\/b>(1941) es obra de Miguel Ba\u00f1\u00f3n D\u00edaz, el mismo escultor que tall\u00f3 la im\u00e1gen de la Virgen de Gracia.<\/p>\n<p style=\"text-align: justify;\">Las procesiones fueron ganando vistosidad y belleza y sobre todo la participaci\u00f3n de los nazarenos cada vez fue mayor. En el a\u00f1o 1995 surge la Junta de Cofrad\u00edas y en el 2004 se crea la cofrad\u00eda Virgen de los Dolores, que incorpora en las procesiones de Caudete la nueva imagen &#8220;La Dolorosa&#8221;.<\/p>\n<p style=\"text-align: justify;\">Hoy se sigue trabajando para preservar las antiguas tradiciones de la Semana Santa caudetana y entremezclarlas con lo actual. Poco a poco, el amor de los caudetanos por esta festividad est\u00e1 aumentado, las procesiones cuentan cada vez con m\u00e1s participaci\u00f3n, siempre abiertas por nuestra tradicional bocina y armonizadas por el&nbsp;<b>sonido de la Matraca.<\/b><\/p>\n<p style=\"text-align: justify;\">Texto: Oficina Municipal de Turismo de Caudete.<\/p>\nngg_shortcode_0_placeholder\n","protected":false},"excerpt":{"rendered":"<p>Las celebraciones de Semana Santa en Caudete atravesaron momentos bajos por un tiempo, sin embargo, desde 1992, van cobrando cada vez m\u00e1s protagonismo gracias al incesante esfuerzo y trabajo de las diferentes cofrad\u00edas. Hoy se cuenta con nueve de estas cofrad\u00edas. Destacan las&nbsp;procesiones del Silencio y del Santo Entierro,&nbsp;celebradas el Jueves y Viernes Santo, pero &hellip;<\/p>\n","protected":false},"author":1,"featured_media":0,"parent":0,"menu_order":0,"comment_status":"closed","ping_status":"closed","template":"","meta":{"ngg_post_thumbnail":0,"footnotes":""},"categories":[135],"tags":[],"class_list":["post-10090","page","type-page","status-publish","hentry","category-turismo-2"],"yoast_head":"<!-- This site is optimized with the Yoast SEO plugin v27.5 - https:\/\/yoast.com\/product\/yoast-seo-wordpress\/ -->\n<title>Turismo - Semana Santa - MI Ayuntamiento de Caudete<\/title>\n<meta name=\"description\" content=\"P\u00e1gina Oficial del Ayuntamiento de Caudete (Albacete)\" \/>\n<meta name=\"robots\" content=\"index, follow, max-snippet:-1, max-image-preview:large, max-video-preview:-1\" \/>\n<link rel=\"canonical\" href=\"https:\/\/www.caudete.org\/ayuntamiento\/turismo-semana-santa\/\" \/>\n<meta property=\"og:locale\" content=\"es_ES\" \/>\n<meta property=\"og:type\" content=\"article\" \/>\n<meta property=\"og:title\" content=\"Turismo - Semana Santa - MI Ayuntamiento de Caudete\" \/>\n<meta property=\"og:description\" content=\"P\u00e1gina Oficial del Ayuntamiento de Caudete (Albacete)\" \/>\n<meta property=\"og:url\" content=\"https:\/\/www.caudete.org\/ayuntamiento\/turismo-semana-santa\/\" \/>\n<meta property=\"og:site_name\" content=\"MI Ayuntamiento de Caudete\" \/>\n<meta property=\"article:publisher\" content=\"https:\/\/www.facebook.com\/ayuntamientocaudete\/\" \/>\n<meta property=\"article:modified_time\" content=\"2020-12-16T17:22:30+00:00\" \/>\n<meta name=\"twitter:card\" content=\"summary_large_image\" \/>\n<meta name=\"twitter:label1\" content=\"Tiempo de lectura\" \/>\n\t<meta name=\"twitter:data1\" content=\"2 minutos\" \/>\n<script type=\"application\/ld+json\" class=\"yoast-schema-graph\">{\"@context\":\"https:\\\/\\\/schema.org\",\"@graph\":[{\"@type\":\"WebPage\",\"@id\":\"https:\\\/\\\/www.caudete.org\\\/ayuntamiento\\\/turismo-semana-santa\\\/\",\"url\":\"https:\\\/\\\/www.caudete.org\\\/ayuntamiento\\\/turismo-semana-santa\\\/\",\"name\":\"Turismo - Semana Santa - MI Ayuntamiento de Caudete\",\"isPartOf\":{\"@id\":\"https:\\\/\\\/www.caudete.org\\\/ayuntamiento\\\/#website\"},\"datePublished\":\"2020-12-16T17:20:22+00:00\",\"dateModified\":\"2020-12-16T17:22:30+00:00\",\"description\":\"P\u00e1gina Oficial del Ayuntamiento de Caudete (Albacete)\",\"breadcrumb\":{\"@id\":\"https:\\\/\\\/www.caudete.org\\\/ayuntamiento\\\/turismo-semana-santa\\\/#breadcrumb\"},\"inLanguage\":\"es\",\"potentialAction\":[{\"@type\":\"ReadAction\",\"target\":[\"https:\\\/\\\/www.caudete.org\\\/ayuntamiento\\\/turismo-semana-santa\\\/\"]}]},{\"@type\":\"BreadcrumbList\",\"@id\":\"https:\\\/\\\/www.caudete.org\\\/ayuntamiento\\\/turismo-semana-santa\\\/#breadcrumb\",\"itemListElement\":[{\"@type\":\"ListItem\",\"position\":1,\"name\":\"Inicio\",\"item\":\"https:\\\/\\\/www.caudete.org\\\/ayuntamiento\\\/\"},{\"@type\":\"ListItem\",\"position\":2,\"name\":\"Turismo &#8211; Semana Santa\"}]},{\"@type\":\"WebSite\",\"@id\":\"https:\\\/\\\/www.caudete.org\\\/ayuntamiento\\\/#website\",\"url\":\"https:\\\/\\\/www.caudete.org\\\/ayuntamiento\\\/\",\"name\":\"MI Ayuntamiento de Caudete\",\"description\":\"P\u00e1gina Oficial del MI Ayuntamiento de Caudete\",\"potentialAction\":[{\"@type\":\"SearchAction\",\"target\":{\"@type\":\"EntryPoint\",\"urlTemplate\":\"https:\\\/\\\/www.caudete.org\\\/ayuntamiento\\\/?s={search_term_string}\"},\"query-input\":{\"@type\":\"PropertyValueSpecification\",\"valueRequired\":true,\"valueName\":\"search_term_string\"}}],\"inLanguage\":\"es\"}]}<\/script>\n<!-- \/ Yoast SEO plugin. -->","yoast_head_json":{"title":"Turismo - Semana Santa - MI Ayuntamiento de Caudete","description":"P\u00e1gina Oficial del Ayuntamiento de Caudete (Albacete)","robots":{"index":"index","follow":"follow","max-snippet":"max-snippet:-1","max-image-preview":"max-image-preview:large","max-video-preview":"max-video-preview:-1"},"canonical":"https:\/\/www.caudete.org\/ayuntamiento\/turismo-semana-santa\/","og_locale":"es_ES","og_type":"article","og_title":"Turismo - Semana Santa - MI Ayuntamiento de Caudete","og_description":"P\u00e1gina Oficial del Ayuntamiento de Caudete (Albacete)","og_url":"https:\/\/www.caudete.org\/ayuntamiento\/turismo-semana-santa\/","og_site_name":"MI Ayuntamiento de Caudete","article_publisher":"https:\/\/www.facebook.com\/ayuntamientocaudete\/","article_modified_time":"2020-12-16T17:22:30+00:00","twitter_card":"summary_large_image","twitter_misc":{"Tiempo de lectura":"2 minutos"},"schema":{"@context":"https:\/\/schema.org","@graph":[{"@type":"WebPage","@id":"https:\/\/www.caudete.org\/ayuntamiento\/turismo-semana-santa\/","url":"https:\/\/www.caudete.org\/ayuntamiento\/turismo-semana-santa\/","name":"Turismo - Semana Santa - MI Ayuntamiento de Caudete","isPartOf":{"@id":"https:\/\/www.caudete.org\/ayuntamiento\/#website"},"datePublished":"2020-12-16T17:20:22+00:00","dateModified":"2020-12-16T17:22:30+00:00","description":"P\u00e1gina Oficial del Ayuntamiento de Caudete (Albacete)","breadcrumb":{"@id":"https:\/\/www.caudete.org\/ayuntamiento\/turismo-semana-santa\/#breadcrumb"},"inLanguage":"es","potentialAction":[{"@type":"ReadAction","target":["https:\/\/www.caudete.org\/ayuntamiento\/turismo-semana-santa\/"]}]},{"@type":"BreadcrumbList","@id":"https:\/\/www.caudete.org\/ayuntamiento\/turismo-semana-santa\/#breadcrumb","itemListElement":[{"@type":"ListItem","position":1,"name":"Inicio","item":"https:\/\/www.caudete.org\/ayuntamiento\/"},{"@type":"ListItem","position":2,"name":"Turismo &#8211; Semana Santa"}]},{"@type":"WebSite","@id":"https:\/\/www.caudete.org\/ayuntamiento\/#website","url":"https:\/\/www.caudete.org\/ayuntamiento\/","name":"MI Ayuntamiento de Caudete","description":"P\u00e1gina Oficial del MI Ayuntamiento de Caudete","potentialAction":[{"@type":"SearchAction","target":{"@type":"EntryPoint","urlTemplate":"https:\/\/www.caudete.org\/ayuntamiento\/?s={search_term_string}"},"query-input":{"@type":"PropertyValueSpecification","valueRequired":true,"valueName":"search_term_string"}}],"inLanguage":"es"}]}},"_links":{"self":[{"href":"https:\/\/www.caudete.org\/ayuntamiento\/wp-json\/wp\/v2\/pages\/10090","targetHints":{"allow":["GET"]}}],"collection":[{"href":"https:\/\/www.caudete.org\/ayuntamiento\/wp-json\/wp\/v2\/pages"}],"about":[{"href":"https:\/\/www.caudete.org\/ayuntamiento\/wp-json\/wp\/v2\/types\/page"}],"author":[{"embeddable":true,"href":"https:\/\/www.caudete.org\/ayuntamiento\/wp-json\/wp\/v2\/users\/1"}],"replies":[{"embeddable":true,"href":"https:\/\/www.caudete.org\/ayuntamiento\/wp-json\/wp\/v2\/comments?post=10090"}],"version-history":[{"count":5,"href":"https:\/\/www.caudete.org\/ayuntamiento\/wp-json\/wp\/v2\/pages\/10090\/revisions"}],"predecessor-version":[{"id":10103,"href":"https:\/\/www.caudete.org\/ayuntamiento\/wp-json\/wp\/v2\/pages\/10090\/revisions\/10103"}],"wp:attachment":[{"href":"https:\/\/www.caudete.org\/ayuntamiento\/wp-json\/wp\/v2\/media?parent=10090"}],"wp:term":[{"taxonomy":"category","embeddable":true,"href":"https:\/\/www.caudete.org\/ayuntamiento\/wp-json\/wp\/v2\/categories?post=10090"},{"taxonomy":"post_tag","embeddable":true,"href":"https:\/\/www.caudete.org\/ayuntamiento\/wp-json\/wp\/v2\/tags?post=10090"}],"curies":[{"name":"wp","href":"https:\/\/api.w.org\/{rel}","templated":true}]}}