{"id":10219,"date":"2020-12-16T20:19:42","date_gmt":"2020-12-16T19:19:42","guid":{"rendered":"http:\/\/www.caudete.org\/ayuntamiento\/?page_id=10219"},"modified":"2020-12-16T20:20:47","modified_gmt":"2020-12-16T19:20:47","slug":"turismo-museo-rafael-requena","status":"publish","type":"page","link":"https:\/\/www.caudete.org\/ayuntamiento\/turismo-museo-rafael-requena\/","title":{"rendered":"Turismo &#8211; Museo Rafael Requena"},"content":{"rendered":"<p style=\"text-align: justify;\">Emplazado en la Casa de Cultura, un edificio de 1912, el Museo Rafael Requena de Caudete ofrece la \u00fanica colecci\u00f3n permanente de este admirado maestro.<\/p>\n<p style=\"text-align: justify;\">Rafael Requena marc\u00f3 a su obra con un sello muy personal, que le convirti\u00f3 en un cl\u00e1sico moderno y un referente internacional de este delicado g\u00e9nero pict\u00f3rico que es la acuarela.<\/p>\n<p style=\"text-align: justify;\">Sus cuadros revelan un magistral dominio de la luz y el color, creando atm\u00f3sferas que flotan siempre entre el realismo y el romanticismo, dando vida a paisajes cargados de connotaciones an\u00edmicas. A trav\u00e9s de la contemplaci\u00f3n de sus obras nos sumergimos en un mundo donde la acuarela alcanza cotas sublimes.<\/p>\n<p style=\"text-align: justify;\">El museo alberga una interesante retrospectiva de su obra, figurando, desde las que fueron sus primeras obras, hasta las m\u00e1s recientes. La colecci\u00f3n la componen&nbsp;<b>75 acuarelas&nbsp;<\/b>con el paisaje como tema principal: amplias llanuras, escenas rurales y tierras manchegas. Completan la muestra algunos retratos y varios bellos bodegones, elaborados con gran maestr\u00eda y dominio del dibujo.<\/p>\n<p style=\"text-align: justify;\"><b>Horario de invierno:&nbsp;<\/b>de lunes a viernes, de 10\u00b400 a 14\u00b400 y de 16\u00b400 a 20\u00b400 horas. S\u00e1bados: de 10\u00b400 a 13\u00b400 hrs.<br \/>\n<b>Horario de verano:&nbsp;<\/b>de lunes a viernes, de 10\u00b400 a 14\u00b400 horas.<\/p>\n<p style=\"text-align: justify;\">Fines de semana y festivos: solicite cita previa a los tel\u00e9fonos 96-582-81-30 y 96-582-81-34.<\/p>\n<p style=\"text-align: justify;\">Estrechamente relacionado con el Museo Requena se encuentra el&nbsp;<b>CERTAMEN NACIONAL DE ACUARELA DE CAUDETE,<\/b>que se lleva celebrando desde el a\u00f1o 2000, y al que concurren, a\u00f1o tras a\u00f1o, varios de los mejores acuarelistas de toda Espa\u00f1a.<\/p>\n<p style=\"text-align: justify;\">Un evento destacado en el calendario cultural ligado al Museo Requena es&nbsp;<b>la BIENAL INTERNACIONAL DE ACUARELA DE CAUDETE,&nbsp;<\/b>que proyecta en el extranjero la imagen de Caudete vinculada a la acuarela.<\/p>\n<p style=\"text-align: justify;\">Texto: Oficina Municipal de Turismo de Caudete.<\/p>\nngg_shortcode_0_placeholder\n","protected":false},"excerpt":{"rendered":"<p>Emplazado en la Casa de Cultura, un edificio de 1912, el Museo Rafael Requena de Caudete ofrece la \u00fanica colecci\u00f3n permanente de este admirado maestro. Rafael Requena marc\u00f3 a su obra con un sello muy personal, que le convirti\u00f3 en un cl\u00e1sico moderno y un referente internacional de este delicado g\u00e9nero pict\u00f3rico que es la &hellip;<\/p>\n","protected":false},"author":1,"featured_media":0,"parent":0,"menu_order":0,"comment_status":"closed","ping_status":"closed","template":"","meta":{"ngg_post_thumbnail":0,"footnotes":""},"categories":[135],"tags":[],"class_list":["post-10219","page","type-page","status-publish","hentry","category-turismo-2"],"yoast_head":"<!-- This site is optimized with the Yoast SEO plugin v27.5 - https:\/\/yoast.com\/product\/yoast-seo-wordpress\/ -->\n<title>Turismo - Museo Rafael Requena - MI Ayuntamiento de Caudete<\/title>\n<meta name=\"description\" content=\"P\u00e1gina Oficial del Ayuntamiento de Caudete (Albacete)\" \/>\n<meta name=\"robots\" content=\"index, follow, max-snippet:-1, max-image-preview:large, max-video-preview:-1\" \/>\n<link rel=\"canonical\" href=\"https:\/\/www.caudete.org\/ayuntamiento\/turismo-museo-rafael-requena\/\" \/>\n<meta property=\"og:locale\" content=\"es_ES\" \/>\n<meta property=\"og:type\" content=\"article\" \/>\n<meta property=\"og:title\" content=\"Turismo - Museo Rafael Requena - MI Ayuntamiento de Caudete\" \/>\n<meta property=\"og:description\" content=\"P\u00e1gina Oficial del Ayuntamiento de Caudete (Albacete)\" \/>\n<meta property=\"og:url\" content=\"https:\/\/www.caudete.org\/ayuntamiento\/turismo-museo-rafael-requena\/\" \/>\n<meta property=\"og:site_name\" content=\"MI Ayuntamiento de Caudete\" \/>\n<meta property=\"article:publisher\" content=\"https:\/\/www.facebook.com\/ayuntamientocaudete\/\" \/>\n<meta property=\"article:modified_time\" content=\"2020-12-16T19:20:47+00:00\" \/>\n<meta name=\"twitter:card\" content=\"summary_large_image\" \/>\n<meta name=\"twitter:label1\" content=\"Tiempo de lectura\" \/>\n\t<meta name=\"twitter:data1\" content=\"2 minutos\" \/>\n<script type=\"application\/ld+json\" class=\"yoast-schema-graph\">{\"@context\":\"https:\\\/\\\/schema.org\",\"@graph\":[{\"@type\":\"WebPage\",\"@id\":\"https:\\\/\\\/www.caudete.org\\\/ayuntamiento\\\/turismo-museo-rafael-requena\\\/\",\"url\":\"https:\\\/\\\/www.caudete.org\\\/ayuntamiento\\\/turismo-museo-rafael-requena\\\/\",\"name\":\"Turismo - Museo Rafael Requena - MI Ayuntamiento de Caudete\",\"isPartOf\":{\"@id\":\"https:\\\/\\\/www.caudete.org\\\/ayuntamiento\\\/#website\"},\"datePublished\":\"2020-12-16T19:19:42+00:00\",\"dateModified\":\"2020-12-16T19:20:47+00:00\",\"description\":\"P\u00e1gina Oficial del Ayuntamiento de Caudete (Albacete)\",\"breadcrumb\":{\"@id\":\"https:\\\/\\\/www.caudete.org\\\/ayuntamiento\\\/turismo-museo-rafael-requena\\\/#breadcrumb\"},\"inLanguage\":\"es\",\"potentialAction\":[{\"@type\":\"ReadAction\",\"target\":[\"https:\\\/\\\/www.caudete.org\\\/ayuntamiento\\\/turismo-museo-rafael-requena\\\/\"]}]},{\"@type\":\"BreadcrumbList\",\"@id\":\"https:\\\/\\\/www.caudete.org\\\/ayuntamiento\\\/turismo-museo-rafael-requena\\\/#breadcrumb\",\"itemListElement\":[{\"@type\":\"ListItem\",\"position\":1,\"name\":\"Inicio\",\"item\":\"https:\\\/\\\/www.caudete.org\\\/ayuntamiento\\\/\"},{\"@type\":\"ListItem\",\"position\":2,\"name\":\"Turismo &#8211; Museo Rafael Requena\"}]},{\"@type\":\"WebSite\",\"@id\":\"https:\\\/\\\/www.caudete.org\\\/ayuntamiento\\\/#website\",\"url\":\"https:\\\/\\\/www.caudete.org\\\/ayuntamiento\\\/\",\"name\":\"MI Ayuntamiento de Caudete\",\"description\":\"P\u00e1gina Oficial del MI Ayuntamiento de Caudete\",\"potentialAction\":[{\"@type\":\"SearchAction\",\"target\":{\"@type\":\"EntryPoint\",\"urlTemplate\":\"https:\\\/\\\/www.caudete.org\\\/ayuntamiento\\\/?s={search_term_string}\"},\"query-input\":{\"@type\":\"PropertyValueSpecification\",\"valueRequired\":true,\"valueName\":\"search_term_string\"}}],\"inLanguage\":\"es\"}]}<\/script>\n<!-- \/ Yoast SEO plugin. -->","yoast_head_json":{"title":"Turismo - Museo Rafael Requena - MI Ayuntamiento de Caudete","description":"P\u00e1gina Oficial del Ayuntamiento de Caudete (Albacete)","robots":{"index":"index","follow":"follow","max-snippet":"max-snippet:-1","max-image-preview":"max-image-preview:large","max-video-preview":"max-video-preview:-1"},"canonical":"https:\/\/www.caudete.org\/ayuntamiento\/turismo-museo-rafael-requena\/","og_locale":"es_ES","og_type":"article","og_title":"Turismo - Museo Rafael Requena - MI Ayuntamiento de Caudete","og_description":"P\u00e1gina Oficial del Ayuntamiento de Caudete (Albacete)","og_url":"https:\/\/www.caudete.org\/ayuntamiento\/turismo-museo-rafael-requena\/","og_site_name":"MI Ayuntamiento de Caudete","article_publisher":"https:\/\/www.facebook.com\/ayuntamientocaudete\/","article_modified_time":"2020-12-16T19:20:47+00:00","twitter_card":"summary_large_image","twitter_misc":{"Tiempo de lectura":"2 minutos"},"schema":{"@context":"https:\/\/schema.org","@graph":[{"@type":"WebPage","@id":"https:\/\/www.caudete.org\/ayuntamiento\/turismo-museo-rafael-requena\/","url":"https:\/\/www.caudete.org\/ayuntamiento\/turismo-museo-rafael-requena\/","name":"Turismo - Museo Rafael Requena - MI Ayuntamiento de Caudete","isPartOf":{"@id":"https:\/\/www.caudete.org\/ayuntamiento\/#website"},"datePublished":"2020-12-16T19:19:42+00:00","dateModified":"2020-12-16T19:20:47+00:00","description":"P\u00e1gina Oficial del Ayuntamiento de Caudete (Albacete)","breadcrumb":{"@id":"https:\/\/www.caudete.org\/ayuntamiento\/turismo-museo-rafael-requena\/#breadcrumb"},"inLanguage":"es","potentialAction":[{"@type":"ReadAction","target":["https:\/\/www.caudete.org\/ayuntamiento\/turismo-museo-rafael-requena\/"]}]},{"@type":"BreadcrumbList","@id":"https:\/\/www.caudete.org\/ayuntamiento\/turismo-museo-rafael-requena\/#breadcrumb","itemListElement":[{"@type":"ListItem","position":1,"name":"Inicio","item":"https:\/\/www.caudete.org\/ayuntamiento\/"},{"@type":"ListItem","position":2,"name":"Turismo &#8211; Museo Rafael Requena"}]},{"@type":"WebSite","@id":"https:\/\/www.caudete.org\/ayuntamiento\/#website","url":"https:\/\/www.caudete.org\/ayuntamiento\/","name":"MI Ayuntamiento de Caudete","description":"P\u00e1gina Oficial del MI Ayuntamiento de Caudete","potentialAction":[{"@type":"SearchAction","target":{"@type":"EntryPoint","urlTemplate":"https:\/\/www.caudete.org\/ayuntamiento\/?s={search_term_string}"},"query-input":{"@type":"PropertyValueSpecification","valueRequired":true,"valueName":"search_term_string"}}],"inLanguage":"es"}]}},"_links":{"self":[{"href":"https:\/\/www.caudete.org\/ayuntamiento\/wp-json\/wp\/v2\/pages\/10219","targetHints":{"allow":["GET"]}}],"collection":[{"href":"https:\/\/www.caudete.org\/ayuntamiento\/wp-json\/wp\/v2\/pages"}],"about":[{"href":"https:\/\/www.caudete.org\/ayuntamiento\/wp-json\/wp\/v2\/types\/page"}],"author":[{"embeddable":true,"href":"https:\/\/www.caudete.org\/ayuntamiento\/wp-json\/wp\/v2\/users\/1"}],"replies":[{"embeddable":true,"href":"https:\/\/www.caudete.org\/ayuntamiento\/wp-json\/wp\/v2\/comments?post=10219"}],"version-history":[{"count":5,"href":"https:\/\/www.caudete.org\/ayuntamiento\/wp-json\/wp\/v2\/pages\/10219\/revisions"}],"predecessor-version":[{"id":10224,"href":"https:\/\/www.caudete.org\/ayuntamiento\/wp-json\/wp\/v2\/pages\/10219\/revisions\/10224"}],"wp:attachment":[{"href":"https:\/\/www.caudete.org\/ayuntamiento\/wp-json\/wp\/v2\/media?parent=10219"}],"wp:term":[{"taxonomy":"category","embeddable":true,"href":"https:\/\/www.caudete.org\/ayuntamiento\/wp-json\/wp\/v2\/categories?post=10219"},{"taxonomy":"post_tag","embeddable":true,"href":"https:\/\/www.caudete.org\/ayuntamiento\/wp-json\/wp\/v2\/tags?post=10219"}],"curies":[{"name":"wp","href":"https:\/\/api.w.org\/{rel}","templated":true}]}}