{"id":10372,"date":"2020-12-16T21:40:28","date_gmt":"2020-12-16T20:40:28","guid":{"rendered":"http:\/\/www.caudete.org\/ayuntamiento\/?page_id=10372"},"modified":"2020-12-23T18:33:05","modified_gmt":"2020-12-23T17:33:05","slug":"turismo-tesoros-modernistas","status":"publish","type":"page","link":"https:\/\/www.caudete.org\/ayuntamiento\/turismo-tesoros-modernistas\/","title":{"rendered":"Turismo &#8211; Tesoros Modernistas"},"content":{"rendered":"<h2 style=\"text-align: justify;\">Finca &#8220;El Paso&#8221;<\/h2>\n<p style=\"text-align: justify;\">La residencia de verano de Francisco Albalat, actualmente en desuso, ha sido uno de los m\u00e1s emblem\u00e1ticos de los edificios privados de Caudete durante el siglo XX.<\/p>\n<p style=\"text-align: justify;\">La finca de El Paso se encuentra en el t\u00e9rmino municipal de Caudete, provincia de Albacete, al NE del n\u00facleo urbano, a 2 Km del centro de la poblaci\u00f3n, en La Huerta de Arriba, un espacio agr\u00edcola emplazado entre el pie de monte de la Sierra de Santa B\u00e1rbara al Norte y la poblaci\u00f3n al Sur. La finca se desarrolla junto al camino de La Encina, pedan\u00eda de Villena surgida a ra\u00edz de la construcci\u00f3n del ferrocarril Madrid a Alicante, en 1858, en su tramo de La Encina a Alicante, y que secularmente conduc\u00eda hacia Fuente la Higuera y Almansa.<\/p>\n<p style=\"text-align: justify;\">Esta edificaci\u00f3n supone un magn\u00edfico ejemplo del movimiento arquitect\u00f3nico conocido como eclecticismo historicista en su modalidad de neomud\u00e9jar, con muy pocos pero importantes elementos premodernistas. Este estilo demandaba una construcci\u00f3n moderna en ideas y materiales pero tomando como ideal los modelos pasados.<\/p>\n<p style=\"text-align: justify;\"><strong>Ficheros adjuntos<\/strong><\/p>\n<p style=\"text-align: justify;\"><a href=\"http:\/\/www.caudete.org\/ayuntamiento\/eniusimg\/enius146\/2013\/12\/adjuntos_fichero_2337534_4685c1be28f94bff.pdf\" class=\"mtli_attachment mtli_pdf\" target=\"_blank\" rel=\"noopener\">Informaci\u00f3n sobre El Paso<\/a><\/p>\n<p>&nbsp;<\/p>\nngg_shortcode_0_placeholder\n<p style=\"text-align: justify;\">&nbsp;<\/p>\n<h2 style=\"text-align: justify;\">Casonas de inspiraci\u00f3n modernista e historicista. La Edad de Oro de Caudete<\/h2>\n<p style=\"text-align: justify;\">Caudete cuenta con uno de los m\u00e1s ricos y singulares patrimonios de inspiraci\u00f3n modernista e historicista de la provincia de Albacete. Este municipio cuenta con interesantes edificios de inspiraci\u00f3n modernista, rom\u00e1nica, g\u00f3tica o mud\u00e9jar, todo ellos nacidos al abrigo de las tendencias art\u00edsticas del cambio de siglo (XIX-XX).<\/p>\n<p style=\"text-align: justify;\">La mayor parte de ellas fueron construidas entre <b>1886 y 1912. <\/b>Se conoce esta \u00e9poca como la &#8220;edad de oro&#8221; de Caudete, momento de gran desarrollo agr\u00edcola e industrial en la localidad.<\/p>\n<p style=\"text-align: justify;\">La arquitectura del cambio de siglo en Caudete se caracteriza por el uso del ladrillo macizo, la azulejer\u00eda tipo valenciano y la rejer\u00eda de forja. Decoran las fachadas elegantes motivos geom\u00e9tricos, a veces con reminiscencias cl\u00e1sicas, orientales o mud\u00e9jares, otras veces usando iconograf\u00eda puramente art nouveau: <b>ninfas o musas, l\u00edneas l\u00e1tigo y bellos ornamentos florales <\/b>.<br \/>\nSe decoran las fachadas de esta \u00e9poca con un fino sentido est\u00e9tico, dif\u00edcil de encontrar hoy d\u00eda, no exento de funcionalidad y deseo de perdurar en el tiempo. Razones por las que esos edificios parecen hoy tan bellos a nuestros ojos.<\/p>\n<p style=\"text-align: justify;\">Varios edificios del centro de Caudete reproducen algunas de las joyas del universo modernista: guirnaldas de flores, l\u00edneas l\u00e1tigo, elaboradas rejer\u00edas, alusiones a la mitolog\u00eda cl\u00e1sica o bellas e inspiradoras musas. Citaremos aqu\u00ed s\u00f3lo unos cuantos de los m\u00e1s de quince catalogados.<\/p>\n<p style=\"text-align: justify;\">La <b>casa de los Graci\u00e1, <\/b>en la calle Abad\u00eda 14, una de las m\u00e1s elegantes de Caudete. Observamos en su fachada de tonos pastel, ventanas y rejas ricamente decoradas, colorida azulejer\u00eda valenciana y bell\u00edsimas ninfas o musas modernistas inspiradoras de las artes.<\/p>\n<p style=\"text-align: justify;\">Anexa a \u00e9sta encontramos <b>la antigua casa de D. Paco Albalat, <\/b>Conde de San Carlos, raro ejemplo de dise\u00f1o afrancesado con techos de pizarra y contraventanas de hierro que reproduce en su interior dise\u00f1os art nouveau en vidrieras y escalera.Conserva techos de Agust\u00edn Esp\u00ed.<\/p>\n<p style=\"text-align: justify;\">La <b>antigua oficina de Correos, <\/b>en la Calle Mayor 15, destaca por su elaborada decoraci\u00f3n floral y geom\u00e9trica acompa\u00f1ada de bellos bustos de ninfa.<\/p>\n<p style=\"text-align: justify;\">En la Plaza del Carmen encontramos la <b>casa de Jorge Arnedo Asensi, <\/b>en la Plaza del Carmen, es una muestra de casona de estilo palaciego construida en 1886, con fachada de gran equilibrio y armon\u00eda, presidida por un retablo cer\u00e1mico de la virgen de Gracia.<\/p>\n<p style=\"text-align: justify;\">La que fue <b>casa del can\u00f3nigo Manuel Ba\u00f1\u00f3n, <\/b>en la calle San Antonio Abad 4, fue construida en 1907 y decora sus vanos con elegantes elementos de la cultura cl\u00e1sica: cari\u00e1tides, grecas y vasijas de inspiraci\u00f3n hel\u00e9nica. Conserva paredes y techos pintados por Agust\u00edn Esp\u00ed.<\/p>\n<p style=\"text-align: justify;\"><b>Villa Isabel, <\/b>de 1906, es un escaso ejemplo de villa rodeada de jardines con elementos de inspiraci\u00f3n neomedieval, como es el caso de su torre almenada. Fue construida por Miguel Mar\u00eda Gil Hern\u00e1ndez, Can\u00f3nigo de la Concatedral de Alicante. Conserva frescos en paredes de Agust\u00edn Esp\u00ed, fechados en 1907.<\/p>\n<p>&nbsp;<\/p>\nngg_shortcode_1_placeholder\n<p style=\"text-align: justify;\">&nbsp;<\/p>\n<h2 style=\"text-align: justify;\">Barrio &#8220;San Francisco&#8221;<\/h2>\n<p style=\"text-align: justify;\">El promotor de este popular barrio de Caudete fue Francisco Albalat Navajas, Conde de San Carlos, personaje de aventurera vida, enigm\u00e1tico car\u00e1cter, carlista convencido y, sobre todo, gran benefactor de Caudete.<\/p>\n<p style=\"text-align: justify;\"><b>Francisco Albalat <\/b>viaj\u00f3 por Francia e Italia y pas\u00f3 largas estancias en Niza, Corbie y Pau, donde conoci\u00f3 a su primera esposa, <b>H\u00e9l\u00e8ne de Caix de Saint Aymour, <\/b>dama de la aristocracia francesa. En Italia conoci\u00f3 tambi\u00e9n a Giuseppe Sarto, Cardenal Arzobispo de Venecia en 1893, con quien tuvo una gran amistad y que ocup\u00f3 el solio pontificio entre 1903 y 1914 con el nombre de <b>P\u00edo X<\/b>.<\/p>\n<p style=\"text-align: justify;\">Tras establecer su residencia en Caudete, Albalat se afan\u00f3 en la construcci\u00f3n de un singular legado arquitect\u00f3nico que dej\u00f3 constancia de su car\u00e1cter emprendedor y su generosidad.<\/p>\n<p style=\"text-align: justify;\">Albalat concibi\u00f3 el <b>barrio de san Francisco de As\u00eds <\/b>como un ente aut\u00f3nomo del resto del casco urbano, fruto de la planificaci\u00f3n y el dise\u00f1o global. El proyecto original constaba de <b>66 casas obreras<\/b>, un <b>colegio-asilo de huerfanos <\/b>con su capilla, un <b>mercado central <\/b>y una <b>plaza de toros<\/b>; si bien no lleg\u00f3 a completarse.<\/p>\n<p style=\"text-align: justify;\">Actualmente, el conjunto est\u00e1 formado por 45 viviendas unifamiliares adosadas, que se distribuyen en dos manzanas a ambos lados de la iglesia de San Francisco. Junto a \u00e9stas, se edific\u00f3 la plaza de toros &#8220;Arenas de Caudete&#8221;. Todo este conjunto fue construido entre <b>1901 y 1910<\/b>.<\/p>\n<p style=\"text-align: justify;\">Las casas del barrio son un singular ejemplo de arquitectura popular que ha sabido mantenerse y regenerarse a lo largo del tiempo. Fue, probablemente, uno de los primeros proyectos de vivienda social puesto en marcha en Espa\u00f1a. Domina en la decoraci\u00f3n el arco apuntado y el ladrillo de f\u00e1brica, con clara influencia <b>mud\u00e9jar<\/b>, pero tambi\u00e9n encontramos en ellas rasgos similares a la arquitectura de Cobie (Francia), donde Albalat residi\u00f3.<\/p>\n<p style=\"text-align: justify;\">Encontramos en este singular barrio una mezcla de estilos: neomud\u00e9jar, modernista y bizantino, que convierten su visita en una experiencia enigm\u00e1tica, a imagen de su promotor.<\/p>\n<p style=\"text-align: justify;\">&nbsp;<\/p>\nngg_shortcode_2_placeholder\n<h2 style=\"text-align: justify;\">Iglesia de San Francisco de As\u00eds<\/h2>\n<p style=\"text-align: justify;\">La Iglesia de San Francisco es un bello y singular edificio, \u00fanico en la provincia de Albacete, con fachada en estilo neomud\u00e9jar y decoraci\u00f3n interior de inspiraci\u00f3n bizantina con elementos neocl\u00e1sicos. Su sorprendente originalidad ha dado lugar a que algunos historiadores lo califiquen de modernista. Conserva tambi\u00e9n similitud con la que fue antigua iglesia de Corbi\u00e9 (Francia), donde Francisco Albalat, su promotor, vivi\u00f3 varios a\u00f1os.<\/p>\n<p style=\"text-align: justify;\">Fue construida entre 1907 y 1908, para que sirviera capilla para el &#8220;Asilo de hu\u00e9rfanos de San Vicente de Paul&#8221;, proyecto que no sali\u00f3 adelante. Actualmente es la Parroquia del barrio de San Francisco y alberga, asimismo, los restos de Francisco Albalat, Conde de San Carlos , y su primera esposa, la francesa H\u00e9l\u00e8ne de Caix de Saint Aymour.<\/p>\n<p style=\"text-align: justify;\">La fachada principal del templo sorprende por su originalidad, destacando su influencia neo-mud\u00e9jar. Consta de una sola torre campanario en posici\u00f3n central, flanqueada por robustas columnas salom\u00f3nicas, y coronada por una curiosa c\u00fapula de reminiscencias bizantinas.<\/p>\n<p style=\"text-align: justify;\">En el interior destacan las vidrieras y la c\u00fapula estrellada del \u00e1bside, inspiradas en la bas\u00edlica de San Francisco de As\u00eds, en la regi\u00f3n italiana de Umbr\u00eda.<\/p>\n<p style=\"text-align: justify;\">En la sacrist\u00eda del templo se conserva un solideo papal, regalo de P\u00edo X a Francisco Albalat, cuando en 1907 \u00e9ste visit\u00f3 al santo padre en su residencia pontificia. Tambi\u00e9n encontramos una foto de Francisco Albalat.<\/p>\n<p style=\"text-align: justify;\">Otra curiosidad del templo es la utilizaci\u00f3n de m\u00e1rmol de Carrara para los mausoleos del Conde de San Carlos y su esposa, Hel\u00e9n\u00e8 de Caix. Este lujoso material, uno de los m\u00e1s apreciados de mundo por su blancura, fue usado en varios de los edificios que Albalat mand\u00f3 construir en Caudete.<\/p>\n<p style=\"text-align: justify;\">En los laterales, y decorando los huecos que antes ocuparon vidrieras, aparecen murales alusivos a la vida de San Francisco de As\u00eds, de gran fuerza expresiva e impactante colorido. Est\u00e1n fechados en 1962 y fueron pintados por Pedro Torres Cotarelo, reputado artista local.<\/p>\n<p style=\"text-align: justify;\">En 1996, durante la \u00faltima restauraci\u00f3n del templo, se abre la capilla del Sant\u00edsimo. Un peque\u00f1o y acogedor lugar donde hoy encontramos la Cruz de San Francisco y un bello icono mariano de inspiraci\u00f3n bizantina.<\/p>\n<p>&nbsp;<\/p>\nngg_shortcode_3_placeholder\n<h2 style=\"text-align: justify;\">Plaza de Toros &#8220;Arenas de Caudete&#8221;<\/h2>\n<p style=\"text-align: justify;\">La plaza de toros &#8220;Arenas de Caudete&#8221; es el m\u00e1s importante de los edificios que Francisco Albalat, Conde de San Carlos, construy\u00f3 en Caudete. Terminada en 1910, en estilo neomud\u00e9jar, se adelant\u00f3 a su \u00e9poca.<\/p>\n<p style=\"text-align: justify;\">Esta plaza es anterior en su construcci\u00f3n a las plazas de toros de Albacete y &#8220;Las Ventas&#8221; de Madrid.<\/p>\n<p style=\"text-align: justify;\">La plaza formaba parte de un <b>conjunto urban\u00edstico ideado por su promotor, <\/b>que constaba de 66 casas obreras, el asilo-colegio de huerfanos de San Vicente de Paul con su capilla y un mercado de abastos. Ni el asilo ni el mercado pudieron terminarse.<\/p>\n<p style=\"text-align: justify;\">De la corrida inaugural de esta plaza, el 15 de mayo de 1910, se hicieron eco los m\u00e1s importantes peri\u00f3dicos del pa\u00eds. Se lidiaron toros de las m\u00e1s afamadas ganader\u00edas del momentos: Dami\u00e1n Flores y Marqu\u00e9s del Saltillo. El cartel inicial estaba compuesto por Ricardo Torres <b>&#8220;Bombita&#8221; <\/b>y Rafael Gonz\u00e1lez <b>&#8220;Machaquito&#8221;, <\/b>dos afamados toreros de la \u00e9poca, si bien \u00e9ste \u00faltimo, por problemas de salud, fue sustituido por Enrique Vargas <b>&#8220;Minuto&#8221;<\/b>.<\/p>\n<p style=\"text-align: justify;\">Estructuralmente, <b>es una de las plazas espa\u00f1olas m\u00e1s representativas del estilo neomud\u00e9jar. <\/b>Constaba originalmente de tres niveles y est\u00e1 bordeada por m\u00e1s de doscientos arcos de herradura. Fabricada en muro de mamposter\u00eda y ladrillo macizo, su portada queda enmarcada por bellos bajorrelieves en piedra con motivos taurinos. Fue considerada una de las m\u00e1s bonitas de Espa\u00f1a y es una de las m\u00e1s ricamente decoradas.<\/p>\n<p style=\"text-align: justify;\">La plaza presentaba en su origen un exagerado <b>aforo de 9.421 localidades, <\/b>una capacidad muy superior a la poblaci\u00f3n del Caudete de aquel momento, que contaba con unos 6.000 habitantes.<\/p>\n<p style=\"text-align: justify;\">Poco despu\u00e9s de su inauguraci\u00f3n, Francisco Albalat mand\u00f3 derribar el grader\u00edo del segundo piso, desmantelando parte de la bella estructura de forja que pose\u00eda. Seg\u00fan las cr\u00f3nicas de la \u00e9poca, la visi\u00f3n del coso desde este segundo piso era reducida, y se opt\u00f3 por su desaparici\u00f3n. Con ello la plaza redujo su exagerado aforo. Las columnas y barandillas de forja fueron colocadas en otros edificios que Francisco Albalat estaba construyendo.<\/p>\n<p style=\"text-align: justify;\">Con la muerte de su promotor, la plaza entra en desuso, perdiendo m\u00e1s tarde el entramado de forja que sustentaba los palcos y cerraba sus vanos.<\/p>\n<p style=\"text-align: justify;\">Tras largos a\u00f1os de abandono, el edificio fue adquirido y restaurado por el Ayuntamiento en <b>1986<\/b>. Desde entonces, se celebran aqu\u00ed conciertos y espect\u00e1culos festeros veraniegos, gracias a su estupenda ac\u00fastica.<\/p>\n<p style=\"text-align: justify;\">Para visitar la plaza por dentro necesita concertar horario con la Oficina de Turismo: 965-828-134.<\/p>\n<p>&nbsp;<\/p>\nngg_shortcode_4_placeholder\n","protected":false},"excerpt":{"rendered":"<p>Finca &#8220;El Paso&#8221; La residencia de verano de Francisco Albalat, actualmente en desuso, ha sido uno de los m\u00e1s emblem\u00e1ticos de los edificios privados de Caudete durante el siglo XX. La finca de El Paso se encuentra en el t\u00e9rmino municipal de Caudete, provincia de Albacete, al NE del n\u00facleo urbano, a 2 Km del &hellip;<\/p>\n","protected":false},"author":1,"featured_media":0,"parent":0,"menu_order":0,"comment_status":"closed","ping_status":"closed","template":"","meta":{"ngg_post_thumbnail":0,"footnotes":""},"categories":[135],"tags":[],"class_list":["post-10372","page","type-page","status-publish","hentry","category-turismo-2"],"yoast_head":"<!-- This site is optimized with the Yoast SEO plugin v27.5 - https:\/\/yoast.com\/product\/yoast-seo-wordpress\/ -->\n<title>Turismo - Tesoros Modernistas - MI Ayuntamiento de Caudete<\/title>\n<meta name=\"description\" content=\"P\u00e1gina Oficial del Ayuntamiento de Caudete (Albacete)\" \/>\n<meta name=\"robots\" content=\"index, follow, max-snippet:-1, max-image-preview:large, max-video-preview:-1\" \/>\n<link rel=\"canonical\" href=\"https:\/\/www.caudete.org\/ayuntamiento\/turismo-tesoros-modernistas\/\" \/>\n<meta property=\"og:locale\" content=\"es_ES\" \/>\n<meta property=\"og:type\" content=\"article\" \/>\n<meta property=\"og:title\" content=\"Turismo - Tesoros Modernistas - MI Ayuntamiento de Caudete\" \/>\n<meta property=\"og:description\" content=\"P\u00e1gina Oficial del Ayuntamiento de Caudete (Albacete)\" \/>\n<meta property=\"og:url\" content=\"https:\/\/www.caudete.org\/ayuntamiento\/turismo-tesoros-modernistas\/\" \/>\n<meta property=\"og:site_name\" content=\"MI Ayuntamiento de Caudete\" \/>\n<meta property=\"article:publisher\" content=\"https:\/\/www.facebook.com\/ayuntamientocaudete\/\" \/>\n<meta property=\"article:modified_time\" content=\"2020-12-23T17:33:05+00:00\" \/>\n<meta name=\"twitter:card\" content=\"summary_large_image\" \/>\n<meta name=\"twitter:label1\" content=\"Tiempo de lectura\" \/>\n\t<meta name=\"twitter:data1\" content=\"10 minutos\" \/>\n<script type=\"application\/ld+json\" class=\"yoast-schema-graph\">{\"@context\":\"https:\\\/\\\/schema.org\",\"@graph\":[{\"@type\":\"WebPage\",\"@id\":\"https:\\\/\\\/www.caudete.org\\\/ayuntamiento\\\/turismo-tesoros-modernistas\\\/\",\"url\":\"https:\\\/\\\/www.caudete.org\\\/ayuntamiento\\\/turismo-tesoros-modernistas\\\/\",\"name\":\"Turismo - Tesoros Modernistas - MI Ayuntamiento de Caudete\",\"isPartOf\":{\"@id\":\"https:\\\/\\\/www.caudete.org\\\/ayuntamiento\\\/#website\"},\"datePublished\":\"2020-12-16T20:40:28+00:00\",\"dateModified\":\"2020-12-23T17:33:05+00:00\",\"description\":\"P\u00e1gina Oficial del Ayuntamiento de Caudete (Albacete)\",\"breadcrumb\":{\"@id\":\"https:\\\/\\\/www.caudete.org\\\/ayuntamiento\\\/turismo-tesoros-modernistas\\\/#breadcrumb\"},\"inLanguage\":\"es\",\"potentialAction\":[{\"@type\":\"ReadAction\",\"target\":[\"https:\\\/\\\/www.caudete.org\\\/ayuntamiento\\\/turismo-tesoros-modernistas\\\/\"]}]},{\"@type\":\"BreadcrumbList\",\"@id\":\"https:\\\/\\\/www.caudete.org\\\/ayuntamiento\\\/turismo-tesoros-modernistas\\\/#breadcrumb\",\"itemListElement\":[{\"@type\":\"ListItem\",\"position\":1,\"name\":\"Inicio\",\"item\":\"https:\\\/\\\/www.caudete.org\\\/ayuntamiento\\\/\"},{\"@type\":\"ListItem\",\"position\":2,\"name\":\"Turismo &#8211; Tesoros Modernistas\"}]},{\"@type\":\"WebSite\",\"@id\":\"https:\\\/\\\/www.caudete.org\\\/ayuntamiento\\\/#website\",\"url\":\"https:\\\/\\\/www.caudete.org\\\/ayuntamiento\\\/\",\"name\":\"MI Ayuntamiento de Caudete\",\"description\":\"P\u00e1gina Oficial del MI Ayuntamiento de Caudete\",\"potentialAction\":[{\"@type\":\"SearchAction\",\"target\":{\"@type\":\"EntryPoint\",\"urlTemplate\":\"https:\\\/\\\/www.caudete.org\\\/ayuntamiento\\\/?s={search_term_string}\"},\"query-input\":{\"@type\":\"PropertyValueSpecification\",\"valueRequired\":true,\"valueName\":\"search_term_string\"}}],\"inLanguage\":\"es\"}]}<\/script>\n<!-- \/ Yoast SEO plugin. -->","yoast_head_json":{"title":"Turismo - Tesoros Modernistas - MI Ayuntamiento de Caudete","description":"P\u00e1gina Oficial del Ayuntamiento de Caudete (Albacete)","robots":{"index":"index","follow":"follow","max-snippet":"max-snippet:-1","max-image-preview":"max-image-preview:large","max-video-preview":"max-video-preview:-1"},"canonical":"https:\/\/www.caudete.org\/ayuntamiento\/turismo-tesoros-modernistas\/","og_locale":"es_ES","og_type":"article","og_title":"Turismo - Tesoros Modernistas - MI Ayuntamiento de Caudete","og_description":"P\u00e1gina Oficial del Ayuntamiento de Caudete (Albacete)","og_url":"https:\/\/www.caudete.org\/ayuntamiento\/turismo-tesoros-modernistas\/","og_site_name":"MI Ayuntamiento de Caudete","article_publisher":"https:\/\/www.facebook.com\/ayuntamientocaudete\/","article_modified_time":"2020-12-23T17:33:05+00:00","twitter_card":"summary_large_image","twitter_misc":{"Tiempo de lectura":"10 minutos"},"schema":{"@context":"https:\/\/schema.org","@graph":[{"@type":"WebPage","@id":"https:\/\/www.caudete.org\/ayuntamiento\/turismo-tesoros-modernistas\/","url":"https:\/\/www.caudete.org\/ayuntamiento\/turismo-tesoros-modernistas\/","name":"Turismo - Tesoros Modernistas - MI Ayuntamiento de Caudete","isPartOf":{"@id":"https:\/\/www.caudete.org\/ayuntamiento\/#website"},"datePublished":"2020-12-16T20:40:28+00:00","dateModified":"2020-12-23T17:33:05+00:00","description":"P\u00e1gina Oficial del Ayuntamiento de Caudete (Albacete)","breadcrumb":{"@id":"https:\/\/www.caudete.org\/ayuntamiento\/turismo-tesoros-modernistas\/#breadcrumb"},"inLanguage":"es","potentialAction":[{"@type":"ReadAction","target":["https:\/\/www.caudete.org\/ayuntamiento\/turismo-tesoros-modernistas\/"]}]},{"@type":"BreadcrumbList","@id":"https:\/\/www.caudete.org\/ayuntamiento\/turismo-tesoros-modernistas\/#breadcrumb","itemListElement":[{"@type":"ListItem","position":1,"name":"Inicio","item":"https:\/\/www.caudete.org\/ayuntamiento\/"},{"@type":"ListItem","position":2,"name":"Turismo &#8211; Tesoros Modernistas"}]},{"@type":"WebSite","@id":"https:\/\/www.caudete.org\/ayuntamiento\/#website","url":"https:\/\/www.caudete.org\/ayuntamiento\/","name":"MI Ayuntamiento de Caudete","description":"P\u00e1gina Oficial del MI Ayuntamiento de Caudete","potentialAction":[{"@type":"SearchAction","target":{"@type":"EntryPoint","urlTemplate":"https:\/\/www.caudete.org\/ayuntamiento\/?s={search_term_string}"},"query-input":{"@type":"PropertyValueSpecification","valueRequired":true,"valueName":"search_term_string"}}],"inLanguage":"es"}]}},"_links":{"self":[{"href":"https:\/\/www.caudete.org\/ayuntamiento\/wp-json\/wp\/v2\/pages\/10372","targetHints":{"allow":["GET"]}}],"collection":[{"href":"https:\/\/www.caudete.org\/ayuntamiento\/wp-json\/wp\/v2\/pages"}],"about":[{"href":"https:\/\/www.caudete.org\/ayuntamiento\/wp-json\/wp\/v2\/types\/page"}],"author":[{"embeddable":true,"href":"https:\/\/www.caudete.org\/ayuntamiento\/wp-json\/wp\/v2\/users\/1"}],"replies":[{"embeddable":true,"href":"https:\/\/www.caudete.org\/ayuntamiento\/wp-json\/wp\/v2\/comments?post=10372"}],"version-history":[{"count":7,"href":"https:\/\/www.caudete.org\/ayuntamiento\/wp-json\/wp\/v2\/pages\/10372\/revisions"}],"predecessor-version":[{"id":11043,"href":"https:\/\/www.caudete.org\/ayuntamiento\/wp-json\/wp\/v2\/pages\/10372\/revisions\/11043"}],"wp:attachment":[{"href":"https:\/\/www.caudete.org\/ayuntamiento\/wp-json\/wp\/v2\/media?parent=10372"}],"wp:term":[{"taxonomy":"category","embeddable":true,"href":"https:\/\/www.caudete.org\/ayuntamiento\/wp-json\/wp\/v2\/categories?post=10372"},{"taxonomy":"post_tag","embeddable":true,"href":"https:\/\/www.caudete.org\/ayuntamiento\/wp-json\/wp\/v2\/tags?post=10372"}],"curies":[{"name":"wp","href":"https:\/\/api.w.org\/{rel}","templated":true}]}}