{"id":10847,"date":"2020-12-21T22:05:39","date_gmt":"2020-12-21T21:05:39","guid":{"rendered":"http:\/\/www.caudete.org\/ayuntamiento\/?page_id=10847"},"modified":"2020-12-28T13:25:15","modified_gmt":"2020-12-28T12:25:15","slug":"juventud-atencion-psicologica","status":"publish","type":"page","link":"https:\/\/www.caudete.org\/ayuntamiento\/juventud-atencion-psicologica\/","title":{"rendered":"Juventud &#8211; Atenci\u00f3n Psicol\u00f3gica"},"content":{"rendered":"<p><img fetchpriority=\"high\" decoding=\"async\" class=\"aligncenter size-full wp-image-11200\" src=\"http:\/\/www.caudete.org\/ayuntamiento\/wp-content\/uploads\/2020\/12\/atencion_psicologica-1.jpg\" alt=\"\" width=\"800\" height=\"441\" srcset=\"https:\/\/www.caudete.org\/ayuntamiento\/wp-content\/uploads\/2020\/12\/atencion_psicologica-1.jpg 800w, https:\/\/www.caudete.org\/ayuntamiento\/wp-content\/uploads\/2020\/12\/atencion_psicologica-1-300x165.jpg 300w, https:\/\/www.caudete.org\/ayuntamiento\/wp-content\/uploads\/2020\/12\/atencion_psicologica-1-768x423.jpg 768w\" sizes=\"(max-width: 800px) 100vw, 800px\" \/><\/p>\n<h2 style=\"text-align: justify;\">ATENCI\u00d3N PSICOL\u00d3GIA PARA J\u00d3VENES<\/h2>\n<h2 style=\"text-align: justify;\">\u00bfQU\u00c9 ES?<\/h2>\n<p style=\"text-align: justify;\">El Servicio de Atenci\u00f3n Psicol\u00f3gica dependiente de la concejal\u00eda de <strong>Bienestar Social<\/strong> atiende tambi\u00e9n a personas <strong>J\u00d3VENES<\/strong> de manera personal, an\u00f3nima y confidencial en edades comprendidas entre los 12 y los 30 a\u00f1os, si bien podr\u00e1n acudir en compa\u00f1\u00eda de la\/las persona\/s que consideren oportuno, favoreciendo la comunicaci\u00f3n en el entorno directo de la persona.<\/p>\n<h2 style=\"text-align: justify;\">\u00bfQU\u00c9 PRETENDE?<\/h2>\n<p style=\"text-align: justify;\">El objetivo de este servicio, es un espacio de confianza para prestar asesoramiento psicol\u00f3gico y apoyo profesional, para aquellos j\u00f3venes en momentos personales de malestar emocional, conflictos interpersonales o crisis vitales.<\/p>\n<h2 style=\"text-align: justify;\">\u00bfQU\u00c9 SITUACIONES SE ATIENDEN?<\/h2>\n<p style=\"text-align: justify;\">Las tem\u00e1ticas m\u00e1s habituales de estas sesiones son:<\/p>\n<ul style=\"text-align: justify;\">\n<li>Dificultades en las relaciones interpersonales (familia, amigos, pareja\u2026)<\/li>\n<li>Situaciones de dificultad por la falta de tolerancia o respeto hacia tu persona, por tu f\u00edsico,identidad sexual, g\u00e9nero, tu procedencia o cualquier otra caracter\u00edstica.<\/li>\n<li>Baja Autoestima o autoconcepto.<\/li>\n<li>Consumo de sustancias t\u00f3xicas.<\/li>\n<li>Adicciones tecnol\u00f3gicas, abusos de redes etc.<\/li>\n<li>Trastornos de Alimentaci\u00f3n<\/li>\n<li>Problemas con tu grupo de iguales.<\/li>\n<li>Dicultades en la toma de decisiones o resoluci\u00f3n de conflictos.<\/li>\n<li>Escasas Habilidades sociales, verg\u00fcenza, baja asertividad.<\/li>\n<li>Dificultades en el manejo de la vida afectiva y la sexualidad.<\/li>\n<li>B\u00fasqueda de mayor crecimiento personal y social.<\/li>\n<li>Fuentes de b\u00fasqueda de apoyo y salud.<\/li>\n<\/ul>\n<h2 style=\"text-align: justify;\">TIPOS DE ATENCI\u00d3N<\/h2>\n<p style=\"text-align: justify;\"><strong>Se puede atender de las siguientes formas:<\/strong><\/p>\n<ul style=\"text-align: justify;\">\n<li><span style=\"color: #336699;\">De modo telef\u00f3nico:<\/span> <i class=\"fa fa-phone\" style=\"color: orange;\"><\/i> <strong>965 827 933<\/strong><\/li>\n<li><span style=\"color: #336699;\">Consulta por email:<\/span> <i class=\"fa fa-envelope\" style=\"color: blue;\"><\/i> <a href=\"mailto:jesus.hdez@caudete.org\" target=\"_blank\" rel=\"nofollow\"> jesus.hdez@caudete.org<\/a><\/li>\n<li><span style=\"color: #336699;\">Consulta presencial<\/span> <i class=\"fa fa-map-marker\" style=\"color: red;\"><\/i> &#8211; Previa cita<\/li>\n<li><span style=\"color: #336699;\">Video-chat<\/span> <i class=\"fa fa-play-circle\" style=\"color: purple;\"><\/i> &#8211; Previa cita<\/li>\n<\/ul>\n<p style=\"text-align: justify;\"><strong>El horario de atenci\u00f3n ser\u00e1 de 8:00 a 15:00 horas<\/strong><\/p>\n<p style=\"text-align: justify;\"><strong>Direcci\u00f3n<\/strong><\/p>\n<p style=\"text-align: justify;\">C\/ Paracuellos de la Vega, 3 &#8211; Centro Municipal de Servicios Sociales<\/p>\n<p>&nbsp;<\/p>\n<p><center><iframe style=\"border: 0;\" tabindex=\"0\" src=\"https:\/\/www.google.com\/maps\/embed?pb=!1m18!1m12!1m3!1d3113.6404925167467!2d-0.9908228842579478!3d38.70310157960111!2m3!1f0!2f0!3f0!3m2!1i1024!2i768!4f13.1!3m3!1m2!1s0xd615931bcb43d43%3A0x3a46ba223ede8ee1!2sCalle%20Paracuellos%20de%20la%20Vega%2C%203%2C%2002660%20Caudete%2C%20Albacete!5e0!3m2!1ses!2ses!4v1608647504112!5m2!1ses!2ses\" allowfullscreen=\"allowfullscreen\" aria-hidden=\"false\" width=\"400\" height=\"300\" frameborder=\"0\"><\/iframe><\/center><\/p>\n<p style=\"text-align: justify;\">El servicio tambi\u00e9n facilita contactos y derivaciones a otras entidades:<\/p>\n<ul style=\"text-align: justify;\">\n<li>UCA (unidad de conductas adictivas de Almansa), para personas j\u00f3venes que quieran superar un proceso de abuso o adictivo.<\/li>\n<li>Centro de la Mujer, para personas j\u00f3venes que est\u00e9n sufriendo alg\u00fan tipo de violencia f\u00edsica, psic\u00f3l\u00f3gica, sexual etc, o precisen de atenci\u00f3n y apoyo frente a relaciones afectivas no igualitarias, machistas etc.<\/li>\n<li>Asociaciones Socio-Sanitarias diversas. Para acompa\u00f1ar o asesorar en cuestiones de salud o bienestar m\u00e1s espec\u00edficas.<\/li>\n<\/ul>\n<p>&nbsp;<\/p>\n","protected":false},"excerpt":{"rendered":"<p>ATENCI\u00d3N PSICOL\u00d3GIA PARA J\u00d3VENES \u00bfQU\u00c9 ES? El Servicio de Atenci\u00f3n Psicol\u00f3gica dependiente de la concejal\u00eda de Bienestar Social atiende tambi\u00e9n a personas J\u00d3VENES de manera personal, an\u00f3nima y confidencial en edades comprendidas entre los 12 y los 30 a\u00f1os, si bien podr\u00e1n acudir en compa\u00f1\u00eda de la\/las persona\/s que consideren oportuno, favoreciendo la comunicaci\u00f3n en &hellip;<\/p>\n","protected":false},"author":1,"featured_media":0,"parent":0,"menu_order":0,"comment_status":"closed","ping_status":"closed","template":"","meta":{"ngg_post_thumbnail":0,"footnotes":""},"categories":[22],"tags":[],"class_list":["post-10847","page","type-page","status-publish","hentry","category-juventud"],"yoast_head":"<!-- This site is optimized with the Yoast SEO plugin v27.5 - https:\/\/yoast.com\/product\/yoast-seo-wordpress\/ -->\n<title>Juventud - Atenci\u00f3n Psicol\u00f3gica - MI Ayuntamiento de Caudete<\/title>\n<meta name=\"description\" content=\"P\u00e1gina Oficial del Ayuntamiento de Caudete (Albacete)\" \/>\n<meta name=\"robots\" content=\"index, follow, max-snippet:-1, max-image-preview:large, max-video-preview:-1\" \/>\n<link rel=\"canonical\" href=\"https:\/\/www.caudete.org\/ayuntamiento\/juventud-atencion-psicologica\/\" \/>\n<meta property=\"og:locale\" content=\"es_ES\" \/>\n<meta property=\"og:type\" content=\"article\" \/>\n<meta property=\"og:title\" content=\"Juventud - Atenci\u00f3n Psicol\u00f3gica - MI Ayuntamiento de Caudete\" \/>\n<meta property=\"og:description\" content=\"P\u00e1gina Oficial del Ayuntamiento de Caudete (Albacete)\" \/>\n<meta property=\"og:url\" content=\"https:\/\/www.caudete.org\/ayuntamiento\/juventud-atencion-psicologica\/\" \/>\n<meta property=\"og:site_name\" content=\"MI Ayuntamiento de Caudete\" \/>\n<meta property=\"article:publisher\" content=\"https:\/\/www.facebook.com\/ayuntamientocaudete\/\" \/>\n<meta property=\"article:modified_time\" content=\"2020-12-28T12:25:15+00:00\" \/>\n<meta property=\"og:image\" content=\"http:\/\/www.caudete.org\/ayuntamiento\/wp-content\/uploads\/2020\/12\/atencion_psicologica-1.jpg\" \/>\n<meta name=\"twitter:card\" content=\"summary_large_image\" \/>\n<meta name=\"twitter:label1\" content=\"Tiempo de lectura\" \/>\n\t<meta name=\"twitter:data1\" content=\"2 minutos\" \/>\n<script type=\"application\/ld+json\" class=\"yoast-schema-graph\">{\"@context\":\"https:\\\/\\\/schema.org\",\"@graph\":[{\"@type\":\"WebPage\",\"@id\":\"https:\\\/\\\/www.caudete.org\\\/ayuntamiento\\\/juventud-atencion-psicologica\\\/\",\"url\":\"https:\\\/\\\/www.caudete.org\\\/ayuntamiento\\\/juventud-atencion-psicologica\\\/\",\"name\":\"Juventud - Atenci\u00f3n Psicol\u00f3gica - MI Ayuntamiento de Caudete\",\"isPartOf\":{\"@id\":\"https:\\\/\\\/www.caudete.org\\\/ayuntamiento\\\/#website\"},\"primaryImageOfPage\":{\"@id\":\"https:\\\/\\\/www.caudete.org\\\/ayuntamiento\\\/juventud-atencion-psicologica\\\/#primaryimage\"},\"image\":{\"@id\":\"https:\\\/\\\/www.caudete.org\\\/ayuntamiento\\\/juventud-atencion-psicologica\\\/#primaryimage\"},\"thumbnailUrl\":\"http:\\\/\\\/www.caudete.org\\\/ayuntamiento\\\/wp-content\\\/uploads\\\/2020\\\/12\\\/atencion_psicologica-1.jpg\",\"datePublished\":\"2020-12-21T21:05:39+00:00\",\"dateModified\":\"2020-12-28T12:25:15+00:00\",\"description\":\"P\u00e1gina Oficial del Ayuntamiento de Caudete (Albacete)\",\"breadcrumb\":{\"@id\":\"https:\\\/\\\/www.caudete.org\\\/ayuntamiento\\\/juventud-atencion-psicologica\\\/#breadcrumb\"},\"inLanguage\":\"es\",\"potentialAction\":[{\"@type\":\"ReadAction\",\"target\":[\"https:\\\/\\\/www.caudete.org\\\/ayuntamiento\\\/juventud-atencion-psicologica\\\/\"]}]},{\"@type\":\"ImageObject\",\"inLanguage\":\"es\",\"@id\":\"https:\\\/\\\/www.caudete.org\\\/ayuntamiento\\\/juventud-atencion-psicologica\\\/#primaryimage\",\"url\":\"https:\\\/\\\/www.caudete.org\\\/ayuntamiento\\\/wp-content\\\/uploads\\\/2020\\\/12\\\/atencion_psicologica-1.jpg\",\"contentUrl\":\"https:\\\/\\\/www.caudete.org\\\/ayuntamiento\\\/wp-content\\\/uploads\\\/2020\\\/12\\\/atencion_psicologica-1.jpg\",\"width\":800,\"height\":441},{\"@type\":\"BreadcrumbList\",\"@id\":\"https:\\\/\\\/www.caudete.org\\\/ayuntamiento\\\/juventud-atencion-psicologica\\\/#breadcrumb\",\"itemListElement\":[{\"@type\":\"ListItem\",\"position\":1,\"name\":\"Inicio\",\"item\":\"https:\\\/\\\/www.caudete.org\\\/ayuntamiento\\\/\"},{\"@type\":\"ListItem\",\"position\":2,\"name\":\"Juventud &#8211; Atenci\u00f3n Psicol\u00f3gica\"}]},{\"@type\":\"WebSite\",\"@id\":\"https:\\\/\\\/www.caudete.org\\\/ayuntamiento\\\/#website\",\"url\":\"https:\\\/\\\/www.caudete.org\\\/ayuntamiento\\\/\",\"name\":\"MI Ayuntamiento de Caudete\",\"description\":\"P\u00e1gina Oficial del MI Ayuntamiento de Caudete\",\"potentialAction\":[{\"@type\":\"SearchAction\",\"target\":{\"@type\":\"EntryPoint\",\"urlTemplate\":\"https:\\\/\\\/www.caudete.org\\\/ayuntamiento\\\/?s={search_term_string}\"},\"query-input\":{\"@type\":\"PropertyValueSpecification\",\"valueRequired\":true,\"valueName\":\"search_term_string\"}}],\"inLanguage\":\"es\"}]}<\/script>\n<!-- \/ Yoast SEO plugin. -->","yoast_head_json":{"title":"Juventud - Atenci\u00f3n Psicol\u00f3gica - MI Ayuntamiento de Caudete","description":"P\u00e1gina Oficial del Ayuntamiento de Caudete (Albacete)","robots":{"index":"index","follow":"follow","max-snippet":"max-snippet:-1","max-image-preview":"max-image-preview:large","max-video-preview":"max-video-preview:-1"},"canonical":"https:\/\/www.caudete.org\/ayuntamiento\/juventud-atencion-psicologica\/","og_locale":"es_ES","og_type":"article","og_title":"Juventud - Atenci\u00f3n Psicol\u00f3gica - MI Ayuntamiento de Caudete","og_description":"P\u00e1gina Oficial del Ayuntamiento de Caudete (Albacete)","og_url":"https:\/\/www.caudete.org\/ayuntamiento\/juventud-atencion-psicologica\/","og_site_name":"MI Ayuntamiento de Caudete","article_publisher":"https:\/\/www.facebook.com\/ayuntamientocaudete\/","article_modified_time":"2020-12-28T12:25:15+00:00","og_image":[{"url":"http:\/\/www.caudete.org\/ayuntamiento\/wp-content\/uploads\/2020\/12\/atencion_psicologica-1.jpg","type":"","width":"","height":""}],"twitter_card":"summary_large_image","twitter_misc":{"Tiempo de lectura":"2 minutos"},"schema":{"@context":"https:\/\/schema.org","@graph":[{"@type":"WebPage","@id":"https:\/\/www.caudete.org\/ayuntamiento\/juventud-atencion-psicologica\/","url":"https:\/\/www.caudete.org\/ayuntamiento\/juventud-atencion-psicologica\/","name":"Juventud - Atenci\u00f3n Psicol\u00f3gica - MI Ayuntamiento de Caudete","isPartOf":{"@id":"https:\/\/www.caudete.org\/ayuntamiento\/#website"},"primaryImageOfPage":{"@id":"https:\/\/www.caudete.org\/ayuntamiento\/juventud-atencion-psicologica\/#primaryimage"},"image":{"@id":"https:\/\/www.caudete.org\/ayuntamiento\/juventud-atencion-psicologica\/#primaryimage"},"thumbnailUrl":"http:\/\/www.caudete.org\/ayuntamiento\/wp-content\/uploads\/2020\/12\/atencion_psicologica-1.jpg","datePublished":"2020-12-21T21:05:39+00:00","dateModified":"2020-12-28T12:25:15+00:00","description":"P\u00e1gina Oficial del Ayuntamiento de Caudete (Albacete)","breadcrumb":{"@id":"https:\/\/www.caudete.org\/ayuntamiento\/juventud-atencion-psicologica\/#breadcrumb"},"inLanguage":"es","potentialAction":[{"@type":"ReadAction","target":["https:\/\/www.caudete.org\/ayuntamiento\/juventud-atencion-psicologica\/"]}]},{"@type":"ImageObject","inLanguage":"es","@id":"https:\/\/www.caudete.org\/ayuntamiento\/juventud-atencion-psicologica\/#primaryimage","url":"https:\/\/www.caudete.org\/ayuntamiento\/wp-content\/uploads\/2020\/12\/atencion_psicologica-1.jpg","contentUrl":"https:\/\/www.caudete.org\/ayuntamiento\/wp-content\/uploads\/2020\/12\/atencion_psicologica-1.jpg","width":800,"height":441},{"@type":"BreadcrumbList","@id":"https:\/\/www.caudete.org\/ayuntamiento\/juventud-atencion-psicologica\/#breadcrumb","itemListElement":[{"@type":"ListItem","position":1,"name":"Inicio","item":"https:\/\/www.caudete.org\/ayuntamiento\/"},{"@type":"ListItem","position":2,"name":"Juventud &#8211; Atenci\u00f3n Psicol\u00f3gica"}]},{"@type":"WebSite","@id":"https:\/\/www.caudete.org\/ayuntamiento\/#website","url":"https:\/\/www.caudete.org\/ayuntamiento\/","name":"MI Ayuntamiento de Caudete","description":"P\u00e1gina Oficial del MI Ayuntamiento de Caudete","potentialAction":[{"@type":"SearchAction","target":{"@type":"EntryPoint","urlTemplate":"https:\/\/www.caudete.org\/ayuntamiento\/?s={search_term_string}"},"query-input":{"@type":"PropertyValueSpecification","valueRequired":true,"valueName":"search_term_string"}}],"inLanguage":"es"}]}},"_links":{"self":[{"href":"https:\/\/www.caudete.org\/ayuntamiento\/wp-json\/wp\/v2\/pages\/10847","targetHints":{"allow":["GET"]}}],"collection":[{"href":"https:\/\/www.caudete.org\/ayuntamiento\/wp-json\/wp\/v2\/pages"}],"about":[{"href":"https:\/\/www.caudete.org\/ayuntamiento\/wp-json\/wp\/v2\/types\/page"}],"author":[{"embeddable":true,"href":"https:\/\/www.caudete.org\/ayuntamiento\/wp-json\/wp\/v2\/users\/1"}],"replies":[{"embeddable":true,"href":"https:\/\/www.caudete.org\/ayuntamiento\/wp-json\/wp\/v2\/comments?post=10847"}],"version-history":[{"count":14,"href":"https:\/\/www.caudete.org\/ayuntamiento\/wp-json\/wp\/v2\/pages\/10847\/revisions"}],"predecessor-version":[{"id":11202,"href":"https:\/\/www.caudete.org\/ayuntamiento\/wp-json\/wp\/v2\/pages\/10847\/revisions\/11202"}],"wp:attachment":[{"href":"https:\/\/www.caudete.org\/ayuntamiento\/wp-json\/wp\/v2\/media?parent=10847"}],"wp:term":[{"taxonomy":"category","embeddable":true,"href":"https:\/\/www.caudete.org\/ayuntamiento\/wp-json\/wp\/v2\/categories?post=10847"},{"taxonomy":"post_tag","embeddable":true,"href":"https:\/\/www.caudete.org\/ayuntamiento\/wp-json\/wp\/v2\/tags?post=10847"}],"curies":[{"name":"wp","href":"https:\/\/api.w.org\/{rel}","templated":true}]}}