{"id":12537,"date":"2021-03-01T13:21:16","date_gmt":"2021-03-01T12:21:16","guid":{"rendered":"https:\/\/www.caudete.org\/ayuntamiento\/?page_id=12537"},"modified":"2022-01-20T11:15:10","modified_gmt":"2022-01-20T10:15:10","slug":"deportes-caudete-extreme-reglamento","status":"publish","type":"page","link":"https:\/\/www.caudete.org\/ayuntamiento\/deportes-caudete-extreme-reglamento\/","title":{"rendered":"Deportes &#8211; Caudete Extreme &#8211; Reglamento"},"content":{"rendered":"<h2 class=\"tm10\"><span class=\"tm11\">REGLAMENTO <\/span><span class=\"tm11\">IX MARCHA DE BTT CAUDETE EXTREME<\/span><\/h2>\n<p class=\"tm13\" style=\"text-align: justify;\"><strong><span class=\"tm14\">Art\u00edculo 1.- <\/span><\/strong><span class=\"tm11\">La organizaci\u00f3n del evento corresponde tanto al Club Bicis Manol\u00edn \u2013 Hostal Restaurante Los Bronces de Caudete como a la Concejal\u00eda de Deportes del M.I. Ayuntamiento de Caudete. Podr\u00e1n participar todas las personas mayores de 16 a\u00f1os. La prueba tendr\u00e1 lugar el domingo 30 de enero de 2022 a las 10:00 horas para la carrera absoluta y de las 10:15 horas para la carrera del circuito alternativo.<\/span><\/p>\n<p class=\"tm13\" style=\"text-align: justify;\"><strong><span class=\"tm14\">Art\u00edculo 2<\/span><\/strong><span class=\"tm11\">.-El recorrido tendr\u00e1 una distancia total de 40 km con un desnivel acumulado de 828 m, para la carrera absoluta y de 18 km para el circuito alternativo. Los participantes de la categor\u00eda junior deben realizar obligatoriamente el circuito alternativo. El recorrido del circuito largo est\u00e1 catalogado como de dificultad f\u00edsica y t\u00e9cnica media-alta. Las distancias est\u00e1n medidas con GPS.<\/span><\/p>\n<p class=\"tm13\" style=\"text-align: justify;\"><strong><span class=\"tm14\">Art\u00edculo 3<\/span><\/strong><span class=\"tm11\">.- La prueba se realizar\u00e1 sobre pistas forestales, caminos y sendas con salida en la Avda. de la Libertadad y llegada en las Pistas de Atletismo de la Ciudad Deportiva Antonio Amor\u00f3s. Las zonas t\u00e9cnicas y de servicios quedar\u00e1n ubicadas en las instalaciones de dicha Ciudad Deportiva:<\/span><\/p>\n<ul style=\"text-align: justify;\">\n<li class=\"tm16\"><span class=\"tm11\">Pabellones: duchas y aseos.<\/span><\/li>\n<li class=\"tm16\"><span class=\"tm11\">Espacio Municipal La Sala: secretar\u00eda t\u00e9cnica, <\/span><\/li>\n<li class=\"tm16\"><span class=\"tm11\">Parking no vigilado: aleda\u00f1os Ciudad Deportiva Antonio Amor\u00f3s (Avda. de la Cruz \u2013 Avda. de Villena \u2013 Avda. de la Toconera&#8230;)<\/span><\/li>\n<li class=\"tm16\"><span class=\"tm11\">Parking vigilado para bicis tras finalizar la carrera.<\/span><\/li>\n<\/ul>\n<p class=\"tm13\" style=\"text-align: justify;\"><strong><span class=\"tm14\">Art\u00edculo 4<\/span><\/strong><span class=\"tm11\">.- El recorrido estar\u00e1 debidamente se\u00f1alizado con cinta de balizar de color amarillo para el circuito absoluto y de color azul y amarillo para el circuito alternativo. Se encontrar\u00e1 semi-cerrado al tr\u00e1fico rodado (se ubicar\u00e1n voluntarios en cada uno de los cruces potencialmente m\u00e1s peligrosos, si bien, dada la dificultad de acotar todo el espacio puede ocurrir que exista la incursi\u00f3n de alg\u00fan veh\u00edculo a lo largo de recorrido, por lo que el corredor deber\u00e1 en todo momento aplicar las normas de circulaci\u00f3n vial). Existir\u00e1n dos puestos de avituallamiento en el circuito absoluto. <\/span><\/p>\n<p class=\"tm13\" style=\"text-align: justify;\"><strong><span class=\"tm14\">Art\u00edculo 5<\/span><\/strong><span class=\"tm11\">.- La descalificaci\u00f3n de un corredor en la prueba supone, adem\u00e1s de no optar a los premios de la misma, la no puntuaci\u00f3n en el circuito provincial, tanto individual como del equipo.<\/span><\/p>\n<p class=\"tm13\" style=\"text-align: justify;\"><span class=\"tm11\">Puede ser por los siguientes motivos:<\/span><\/p>\n<p class=\"tm13\" style=\"text-align: justify;\"><span class=\"tm11\">&#8211; Por deterioro f\u00edsico del corredor.<br \/>\n&#8211; No respetar la ubicaci\u00f3n que a cada corredor le corresponde en los cajones de salida.<br \/>\n&#8211; No llevar el dorsal perfectamente colocado en el frontal de la bicicleta hasta su &nbsp;entrada a Meta.<br \/>\n&#8211; No atender las indicaciones de la Organizaci\u00f3n o jueces.<br \/>\n&#8211; Entrar fuera de control, previamente establecido.<br \/>\n&#8211; No inscribirse en la prueba y participar en la misma con chip.<br \/>\n&#8211; No realizar el recorrido completo.<\/span><\/p>\n<p class=\"tm20\" style=\"text-align: justify;\"><span class=\"tm11\">&#8211; Por no presenciarse en el control de firmas.<\/span><\/p>\n<p class=\"tm22\" style=\"text-align: justify;\"><span class=\"tm23\">&#8211; <\/span><span class=\"tm23\">Por usar alg\u00fan veh\u00edculo que no compita en las mismas condiciones que el resto de participantes<\/span><\/p>\n<p class=\"tm20\" style=\"text-align: justify;\"><span class=\"tm11\">&#8211; Correr con el dorsal o chip de otra persona.<\/span><\/p>\n<p class=\"tm20\" style=\"text-align: justify;\"><span class=\"tm11\">&#8211; <\/span><span class=\"tm11\">Por no llevar casco protector, estableci\u00e9ndose su uso como obligatorio<\/span><\/p>\n<p class=\"tm20\" style=\"text-align: justify;\"><span class=\"tm11\">&#8211; Por conductas antideportivas o contra el medio ambiente o el patrimonio municipal.<\/span><\/p>\n<p class=\"tm13\" style=\"text-align: justify;\"><strong><span class=\"tm14\">Art\u00edculo 6. <\/span><\/strong><span class=\"tm11\">Procedimiento ante una descalificaci\u00f3n:<\/span><\/p>\n<p class=\"tm13\" style=\"text-align: justify;\"><span class=\"tm11\">\u2022 Se establece un plazo de 5 d\u00edas h\u00e1biles a partir de la celebraci\u00f3n de la prueba, para interponer cualquier reclamaci\u00f3n o denuncia. Dicha reclamaci\u00f3n se efectuar\u00e1 por escrito ante el Comit\u00e9 de Competici\u00f3n de la Prueba, por cualquier medio admitido en derecho.<\/span><\/p>\n<p class=\"tm13\" style=\"text-align: justify;\"><span class=\"tm11\">\u2022 Examinada la denuncia y, si el Comit\u00e9 lo estima oportuno, se dar\u00e1 traslado al interesado, dando el plazo improrrogable de 5 d\u00edas h\u00e1biles siguientes a la recepci\u00f3n para que \u00e9ste conteste a dicho tr\u00e1mite de alegaciones, aportando cuantas pruebas considere oportunas.<\/span><\/p>\n<p class=\"tm13\" style=\"text-align: justify;\"><span class=\"tm11\">\u2022 Transcurrido dicho plazo, con o sin presentaci\u00f3n de alegaciones, el Comit\u00e9 resolver\u00e1 lo que proceda, siendo su decisi\u00f3n \u00fanica e inapelable.<\/span><\/p>\n<p class=\"tm13\" style=\"text-align: justify;\"><span class=\"tm11\">\u2022 El Comit\u00e9 se reserva el derecho de actuar de oficio cuando concurran causas excepcionales que as\u00ed lo aconsejen, siendo el tr\u00e1mite el mismo que para las reclamaciones o sanciones.<\/span><\/p>\n<p class=\"Textoindependiente3\" style=\"text-align: justify;\"><span class=\"tm11\">El Comit\u00e9 de la Prueba estar\u00e1 formado por tres personas designadas por la organizaci\u00f3n. Su misi\u00f3n fundamental ser\u00e1 resolver cuestiones t\u00e9cnicas que afecten a la prueba, no al circuito y que puedan ser resueltas en el acto. Dicho Comit\u00e9 tomar\u00e1 nota de las incidencias sucedidas y que deban de ser tratadas por el Comit\u00e9 de Competici\u00f3n. Este comit\u00e9 tambi\u00e9n estar\u00e1 facultado para resolver cualquier tipo de reclamaci\u00f3n relacionada con las clasificaciones finales de las carreras. Ser\u00e1n, junto con los encargados de la empresa de inscripciones, los responsables de revisar el control de firmas.<\/span><\/p>\n<p class=\"tm10\" style=\"text-align: justify;\"><span class=\"tm24\">Dicho Comit\u00e9 velar\u00e1 por el respeto al Medio Ambiente y deber\u00e1 crear los mecanismos necesarios para informar al Comit\u00e9 de Competici\u00f3n sobre aquellos participantes que no cumplan con las indicaciones de la Organizaci\u00f3n en este sentido. <\/span><\/p>\n<p class=\"tm10\" style=\"text-align: justify;\"><span class=\"tm24\">A la finalizaci\u00f3n de cada prueba, el Comit\u00e9 de la misma deber\u00e1 cumplimentar un acta, donde quedar\u00e1n reflejadas todas las incidencias ocurridas. La misma ser\u00e1 entregada a la empresa de inscripciones quien informar\u00e1 al Comit\u00e9 de Competici\u00f3n si fuese necesario. Dichas actas<\/span><span class=\"tm11\"> ser\u00e1n enviadas por la empresa de inscripciones v\u00eda e mail a los interesados que tenga correo electr\u00f3nico y para quienes no tengan, se colgar\u00e1n en la p\u00e1gina Web del Circuito.<\/span><\/p>\n<p class=\"tm13\" style=\"text-align: justify;\"><strong><span class=\"tm14\">Art\u00edculo 7<\/span><\/strong><span class=\"tm11\">.- La organizaci\u00f3n se reserva la facultad de que, comprobada cualquier irregularidad, como falsificaci\u00f3n de datos, categor\u00edas, no completar el recorrido, etc, impedir la participaci\u00f3n en ediciones sucesivas, as\u00ed como comunicarlo al resto de organizaciones nacionales.<\/span><\/p>\n<p class=\"tm13\" style=\"text-align: justify;\"><strong><span class=\"tm14\">Art\u00edculo 8<\/span><\/strong><span class=\"tm11\">.- Los \u00fanicos&nbsp; veh\u00edculos autorizados a seguir la prueba son los designados por la Organizaci\u00f3n. Queda totalmente prohibido seguir a los corredores en cualquier veh\u00edculo no autorizado.<\/span><\/p>\n<p class=\"tm13\" style=\"text-align: justify;\"><strong><span class=\"tm14\">Art\u00edculo 9<\/span><\/strong><span class=\"tm11\">.- El cronometraje se realizar\u00e1 por el sistema de \u201cchips\u201d por lo que ser\u00e1 obligatoria su utilizaci\u00f3n, debi\u00e9ndose fijar el chip en los cordones de una de las zapatillas u estructura de la bici que permita su lectura al paso por las alfombras. El chip para los corredores no inscritos al Circuito deber\u00e1 devolverse una vez haya finalizado la prueba. La p\u00e9rdida del mismo supondr\u00e1 el abono de 12 \u20ac por&nbsp; parte del corredor. Existir\u00e1n controles de paso en el recorrido, debiendo pasar obligatoriamente todos los corredores por ellos.<\/span><\/p>\n<p class=\"tm13\" style=\"text-align: justify;\"><s><\/s><strong><span class=\"tm14\">Art\u00edculo 10<\/span><\/strong><span class=\"tm11\">.- Las inscripciones se podr\u00e1n realizar hasta las 14:00 horas del 26&nbsp; de enero del &nbsp;2022.&nbsp; <\/span><\/p>\n<p class=\"tm13\" style=\"text-align: justify;\"><span class=\"tm11\">A la retirada del dorsal se solicitar\u00e1 el D.N.I&nbsp; o documento an\u00e1logo.<\/span><\/p>\n<p class=\"tm13\" style=\"text-align: justify;\"><strong><span class=\"tm14\">Art\u00edculo 11<\/span><\/strong><span class=\"tm11\">.- La entrega de dorsales se efectuar\u00e1 en el Espacio Municipal La Sala el domingo <\/span><span class=\"tm11\">30 de enero<\/span> <span class=\"tm11\">de 8:00 a 9:45 h.<\/span><\/p>\n<p class=\"tm13\" style=\"text-align: justify;\"><strong><span class=\"tm14\">Art\u00edculo 12<\/span><\/strong><span class=\"tm11\">.- Para lo no previsto en este reglamento, ser\u00e1 resuelto con arreglo a los reglamentos del Circuito Provincial de Btt de la Diputaci\u00f3n de Albacete.<\/span><\/p>\n<p class=\"tm13\" style=\"text-align: justify;\"><strong><span class=\"tm14\">Art\u00edculo 13<\/span><\/strong><span class=\"tm11\">.- Todos los participantes oficialmente inscritos estar\u00e1n cubiertos por una p\u00f3liza de seguros de responsabilidad civil por da\u00f1os a terceros, as\u00ed como por un seguro de accidentes que cubrir\u00e1 los accidentes deportivos que se produzcan como consecuencia directa del desarrollo de la prueba, y nunca como derivaci\u00f3n de un padecimiento o tara latente, imprudencia, negligencia, inobservancia de las leyes y del articulado del reglamento&#8230; ni las producidas en los desplazamientos o desde el lugar en que se desarrolle la prueba.<\/span><\/p>\n<p class=\"tm13\" style=\"text-align: justify;\"><strong><span class=\"tm14\">Art\u00edculo 14<\/span><\/strong><span class=\"tm11\">.- Una vez la inscripci\u00f3n sea aceptada, la cuota de inscripci\u00f3n no ser\u00e1 reembolsada, excepto en los siguientes casos:<\/span><\/p>\n<p class=\"tm13\" style=\"text-align: justify;\"><span class=\"tm11\">*Porque la prueba no se desarrolle, salvo que el motivo de la suspensi\u00f3n sean debidas por causas de fuerza mayor.<\/span><\/p>\n<p class=\"tm13\" style=\"text-align: justify;\"><span class=\"tm11\">*Por no haber participado en la prueba al estar cubierto el cupo de participantes.<\/span><\/p>\n<p class=\"tm13\" style=\"text-align: justify;\"><span class=\"tm11\">*Por ingresos indebidos como consecuencia de errores de pago.<\/span><\/p>\n<p class=\"tm13\" style=\"text-align: justify;\"><strong><span class=\"tm14\">Art\u00edculo 15<\/span><\/strong><span class=\"tm11\">.- Todo corredor, por el mero hecho de su inscripci\u00f3n, conoce y acepta todas las normas de reglamentos de esta competici\u00f3n y reconoce que se encuentra en perfectas condiciones f\u00edsicas, no padeciendo ninguna enfermedad que suponga riesgo para su persona o le incapacite para su participaci\u00f3n, haci\u00e9ndose responsable de los da\u00f1os que pudiera ocasionarse por su participaci\u00f3n.<\/span><\/p>\n<p class=\"tm13\" style=\"text-align: justify;\"><strong><span class=\"tm14\">Art\u00edculo 16<\/span><\/strong><span class=\"tm11\">: Todos los participantes, por el hecho de inscribirse, declaran conocer y aceptar el presente Reglamento y el Pliego de Descargo de Responsabilidades y Protecci\u00f3n de Datos. En caso de duda prevalecer\u00e1 el criterio de la Organizaci\u00f3n.<\/span><\/p>\n<p class=\"tm13\" style=\"text-align: justify;\"><s><\/s><strong><span class=\"tm14\">Art\u00edculo 17: <\/span><\/strong><span class=\"tm11\">Los datos recabados en el proceso de inscripciones estar\u00e1n sujetos a la<\/span> <span class=\"tm11\">normativa vigente en Protecci\u00f3n de Datos, los usuarios podr\u00e1n ejercer los derechos de acceso, rectificaci\u00f3n, supresi\u00f3n, limitaci\u00f3n de tratamiento, portabilidad y oposici\u00f3n al tratamiento de sus datos de car\u00e1cter personal, as\u00ed como del consentimiento prestado para el tratamiento de estos, dirigiendo su petici\u00f3n a la direcci\u00f3n postal m\u00e1s arriba referenciada o al correo electr\u00f3nico <\/span><u><a href=\"mailto:administracion@deportes.caudete.org\" target=\"_blank\" rel=\"nofollow\"><span class=\"tm11\">administracion@deportes.caudete.org<\/span><\/a><\/u><span class=\"tm11\">. Los usuarios podr\u00e1n dirigirse a la Autoridad de Control competente para presentar las reclamaciones que consideren oportunas<\/span><\/p>\n<p class=\"tm13\" style=\"text-align: justify;\"><strong><span class=\"tm14\">Art\u00edculo 18: <\/span><\/strong><span class=\"tm11\">Solamente podr\u00e1n participar aquellas personas que hayan nacido en 2005 o a\u00f1os anteriores, estableci\u00e9ndose las siguientes categor\u00edas:<\/span><\/p>\n<p class=\"tm13\" style=\"text-align: justify;\"><span class=\"tm11\"> <a href=\"https:\/\/www.caudete.org\/ayuntamiento\/wp-content\/uploads\/2022\/01\/categorias.jpg\" rel='prettyPhoto'><img fetchpriority=\"high\" decoding=\"async\" class=\"aligncenter size-full wp-image-17851\" src=\"https:\/\/www.caudete.org\/ayuntamiento\/wp-content\/uploads\/2022\/01\/categorias.jpg\" alt=\"\" width=\"340\" height=\"247\" srcset=\"https:\/\/www.caudete.org\/ayuntamiento\/wp-content\/uploads\/2022\/01\/categorias.jpg 340w, https:\/\/www.caudete.org\/ayuntamiento\/wp-content\/uploads\/2022\/01\/categorias-300x218.jpg 300w\" sizes=\"(max-width: 340px) 100vw, 340px\" \/><\/a><\/span><\/p>\n<p class=\"tm13\" style=\"text-align: justify;\"><em><span class=\"tm26\">&nbsp;<\/span><\/em><\/p>\n<p class=\"tm30\" style=\"text-align: justify;\"><span class=\"tm23\">Los participantes de la categor\u00eda junior deben realizar obligatoriamente el circuito alternativo<\/span><\/p>\n<p class=\"tm30\" style=\"text-align: justify;\"><strong><span class=\"tm31\">Art\u00edculo 19: <\/span><\/strong><span class=\"tm23\">Ser\u00e1 imprescindible presentar D.N.I. o documento oficial similar que acredite a cada participante, tanto para el control de firmas como para la retirada del dorsal. Todo participante que no acuda al control de firmas y tome la salida, no ser\u00e1 tenida en cuenta su participaci\u00f3n en la prueba.<\/span><\/p>\n<p class=\"tm13\" style=\"text-align: justify;\"><strong><span class=\"tm14\">PLIEGO DE DESCARGO DE RESPONSABILIDADES Y PROTECCI\u00d3N DE DATOS<\/span><\/strong><\/p>\n<p class=\"tm13\" style=\"text-align: justify;\"><span class=\"tm11\">Por el s\u00f3lo hecho de inscribirse, el participante declara lo siguiente: \u201cMe encuentro en estado de salud \u00f3ptimo para participar en la Marcha de Btt \u201cCaudete Extreme\u201d.<\/span><\/p>\n<p class=\"tm13\" style=\"text-align: justify;\"><span class=\"tm11\">Durante el desarrollo de la competici\u00f3n contribuir\u00e9 en lo posible con la Organizaci\u00f3n, para evitar accidentes personales.<\/span><\/p>\n<p class=\"tm13\" style=\"text-align: justify;\"><span class=\"tm11\">De acuerdo con el art\u00edculo 18.1 de la Constituci\u00f3n y la regulaci\u00f3n establecida en la Ley 1\/1982 sobre el derecho al honor, a la intimidad personal y familiar y a la propia imagen, <\/span><strong><span class=\"tm14\">autorizo <\/span><\/strong><span class=\"tm11\">la captaci\u00f3n de im\u00e1genes en fotograf\u00eda o v\u00eddeo durante el transcurso de las actividades en las que participo, y a que \u00e9stas puedan ser reproducidas y difundidas por la entidad organizadora, propietaria o gestora con la finalidad informativa, docente, divulgativa o publicitaria en folletos, revistas, libros u otras publicaciones, v\u00eddeos, webs o redes sociales de la propia entidad o de entidades o asociaciones dependientes o relacionadas con ella, renunciando a cualquier compensaci\u00f3n econ\u00f3mica o indemnizaci\u00f3n a la que pudiera tener derecho. De igual modo autorizo la publicaci\u00f3n de mi nombre en la clasificaci\u00f3n de la prueba en cualquier medio de comunicaci\u00f3n <\/span><\/p>\n<p class=\"tm13\" style=\"text-align: justify;\"><strong><span class=\"tm14\">CL\u00c1USULAS ADICIONALES<\/span><\/strong><\/p>\n<p class=\"tm13\" style=\"text-align: justify;\"><strong><span class=\"tm14\">Primera: <\/span><\/strong><span class=\"tm11\">La organizaci\u00f3n se reserva la potestad de cambiar los recorridos definidos, servicios ofertados o modificar el reglamento, circunstancias que ser\u00e1n comunicadas a los participantes.<\/span><\/p>\n<p class=\"tm13\" style=\"text-align: justify;\"><strong><span class=\"tm14\">Segunda.-<\/span><\/strong><span class=\"tm11\">La inscripci\u00f3n en el Circuito Provincial de Btt \u201cDiputaci\u00f3n de Albacete\u201d no supone ning\u00fan derecho ni privilegio respecto a las normas y reglamentos exigidos en la convocatoria de cada una de las pruebas, por lo que cada corredor\/a tendr\u00e1 que atenerse y aceptar las bases que regulen las competiciones de cada una de las pruebas que lo integran.<\/span><\/p>\n<p class=\"tm13\" style=\"text-align: justify;\"><strong><span class=\"tm14\">Tercera: <\/span><\/strong><span class=\"tm11\">La organizaci\u00f3n se reserva el derecho de admisi\u00f3n.<\/span><\/p>\n<p class=\"tm13\" style=\"text-align: justify;\"><strong><span class=\"tm14\">Todos los corredores inscritos aceptan el presente Reglamento.<\/span><\/strong><\/p>\n","protected":false},"excerpt":{"rendered":"<p>REGLAMENTO IX MARCHA DE BTT CAUDETE EXTREME Art\u00edculo 1.- La organizaci\u00f3n del evento corresponde tanto al Club Bicis Manol\u00edn \u2013 Hostal Restaurante Los Bronces de Caudete como a la Concejal\u00eda de Deportes del M.I. Ayuntamiento de Caudete. Podr\u00e1n participar todas las personas mayores de 16 a\u00f1os. La prueba tendr\u00e1 lugar el domingo 30 de enero &hellip;<\/p>\n","protected":false},"author":1,"featured_media":0,"parent":0,"menu_order":0,"comment_status":"closed","ping_status":"closed","template":"","meta":{"ngg_post_thumbnail":0,"footnotes":""},"categories":[122],"tags":[],"class_list":["post-12537","page","type-page","status-publish","hentry","category-deportes-2"],"yoast_head":"<!-- This site is optimized with the Yoast SEO plugin v27.4 - https:\/\/yoast.com\/product\/yoast-seo-wordpress\/ -->\n<title>Deportes - Caudete Extreme - Reglamento - MI Ayuntamiento de Caudete<\/title>\n<meta name=\"description\" content=\"P\u00e1gina Oficial del Ayuntamiento de Caudete (Albacete)\" \/>\n<meta name=\"robots\" content=\"index, follow, max-snippet:-1, max-image-preview:large, max-video-preview:-1\" \/>\n<link rel=\"canonical\" href=\"https:\/\/www.caudete.org\/ayuntamiento\/deportes-caudete-extreme-reglamento\/\" \/>\n<meta property=\"og:locale\" content=\"es_ES\" \/>\n<meta property=\"og:type\" content=\"article\" \/>\n<meta property=\"og:title\" content=\"Deportes - Caudete Extreme - Reglamento - MI Ayuntamiento de Caudete\" \/>\n<meta property=\"og:description\" content=\"P\u00e1gina Oficial del Ayuntamiento de Caudete (Albacete)\" \/>\n<meta property=\"og:url\" content=\"https:\/\/www.caudete.org\/ayuntamiento\/deportes-caudete-extreme-reglamento\/\" \/>\n<meta property=\"og:site_name\" content=\"MI Ayuntamiento de Caudete\" \/>\n<meta property=\"article:publisher\" content=\"https:\/\/www.facebook.com\/ayuntamientocaudete\/\" \/>\n<meta property=\"article:modified_time\" content=\"2022-01-20T10:15:10+00:00\" \/>\n<meta property=\"og:image\" content=\"https:\/\/www.caudete.org\/ayuntamiento\/wp-content\/uploads\/2022\/01\/categorias.jpg\" \/>\n<meta name=\"twitter:card\" content=\"summary_large_image\" \/>\n<meta name=\"twitter:label1\" content=\"Tiempo de lectura\" \/>\n\t<meta name=\"twitter:data1\" content=\"9 minutos\" \/>\n<script type=\"application\/ld+json\" class=\"yoast-schema-graph\">{\"@context\":\"https:\\\/\\\/schema.org\",\"@graph\":[{\"@type\":\"WebPage\",\"@id\":\"https:\\\/\\\/www.caudete.org\\\/ayuntamiento\\\/deportes-caudete-extreme-reglamento\\\/\",\"url\":\"https:\\\/\\\/www.caudete.org\\\/ayuntamiento\\\/deportes-caudete-extreme-reglamento\\\/\",\"name\":\"Deportes - Caudete Extreme - Reglamento - MI Ayuntamiento de Caudete\",\"isPartOf\":{\"@id\":\"https:\\\/\\\/www.caudete.org\\\/ayuntamiento\\\/#website\"},\"primaryImageOfPage\":{\"@id\":\"https:\\\/\\\/www.caudete.org\\\/ayuntamiento\\\/deportes-caudete-extreme-reglamento\\\/#primaryimage\"},\"image\":{\"@id\":\"https:\\\/\\\/www.caudete.org\\\/ayuntamiento\\\/deportes-caudete-extreme-reglamento\\\/#primaryimage\"},\"thumbnailUrl\":\"https:\\\/\\\/www.caudete.org\\\/ayuntamiento\\\/wp-content\\\/uploads\\\/2022\\\/01\\\/categorias.jpg\",\"datePublished\":\"2021-03-01T12:21:16+00:00\",\"dateModified\":\"2022-01-20T10:15:10+00:00\",\"description\":\"P\u00e1gina Oficial del Ayuntamiento de Caudete (Albacete)\",\"breadcrumb\":{\"@id\":\"https:\\\/\\\/www.caudete.org\\\/ayuntamiento\\\/deportes-caudete-extreme-reglamento\\\/#breadcrumb\"},\"inLanguage\":\"es\",\"potentialAction\":[{\"@type\":\"ReadAction\",\"target\":[\"https:\\\/\\\/www.caudete.org\\\/ayuntamiento\\\/deportes-caudete-extreme-reglamento\\\/\"]}]},{\"@type\":\"ImageObject\",\"inLanguage\":\"es\",\"@id\":\"https:\\\/\\\/www.caudete.org\\\/ayuntamiento\\\/deportes-caudete-extreme-reglamento\\\/#primaryimage\",\"url\":\"https:\\\/\\\/www.caudete.org\\\/ayuntamiento\\\/wp-content\\\/uploads\\\/2022\\\/01\\\/categorias.jpg\",\"contentUrl\":\"https:\\\/\\\/www.caudete.org\\\/ayuntamiento\\\/wp-content\\\/uploads\\\/2022\\\/01\\\/categorias.jpg\",\"width\":340,\"height\":247},{\"@type\":\"BreadcrumbList\",\"@id\":\"https:\\\/\\\/www.caudete.org\\\/ayuntamiento\\\/deportes-caudete-extreme-reglamento\\\/#breadcrumb\",\"itemListElement\":[{\"@type\":\"ListItem\",\"position\":1,\"name\":\"Inicio\",\"item\":\"https:\\\/\\\/www.caudete.org\\\/ayuntamiento\\\/\"},{\"@type\":\"ListItem\",\"position\":2,\"name\":\"Deportes &#8211; Caudete Extreme &#8211; Reglamento\"}]},{\"@type\":\"WebSite\",\"@id\":\"https:\\\/\\\/www.caudete.org\\\/ayuntamiento\\\/#website\",\"url\":\"https:\\\/\\\/www.caudete.org\\\/ayuntamiento\\\/\",\"name\":\"MI Ayuntamiento de Caudete\",\"description\":\"P\u00e1gina Oficial del MI Ayuntamiento de Caudete\",\"publisher\":{\"@id\":\"https:\\\/\\\/www.caudete.org\\\/ayuntamiento\\\/#organization\"},\"potentialAction\":[{\"@type\":\"SearchAction\",\"target\":{\"@type\":\"EntryPoint\",\"urlTemplate\":\"https:\\\/\\\/www.caudete.org\\\/ayuntamiento\\\/?s={search_term_string}\"},\"query-input\":{\"@type\":\"PropertyValueSpecification\",\"valueRequired\":true,\"valueName\":\"search_term_string\"}}],\"inLanguage\":\"es\"},{\"@type\":\"Organization\",\"@id\":\"https:\\\/\\\/www.caudete.org\\\/ayuntamiento\\\/#organization\",\"name\":\"Ayuntamiento de Caudete\",\"url\":\"https:\\\/\\\/www.caudete.org\\\/ayuntamiento\\\/\",\"logo\":{\"@type\":\"ImageObject\",\"inLanguage\":\"es\",\"@id\":\"https:\\\/\\\/www.caudete.org\\\/ayuntamiento\\\/#\\\/schema\\\/logo\\\/image\\\/\",\"url\":\"https:\\\/\\\/www.caudete.org\\\/ayuntamiento\\\/wp-content\\\/uploads\\\/2020\\\/11\\\/logo_ayuntamiento_caudete.jpg\",\"contentUrl\":\"https:\\\/\\\/www.caudete.org\\\/ayuntamiento\\\/wp-content\\\/uploads\\\/2020\\\/11\\\/logo_ayuntamiento_caudete.jpg\",\"width\":600,\"height\":150,\"caption\":\"Ayuntamiento de Caudete\"},\"image\":{\"@id\":\"https:\\\/\\\/www.caudete.org\\\/ayuntamiento\\\/#\\\/schema\\\/logo\\\/image\\\/\"},\"sameAs\":[\"https:\\\/\\\/www.facebook.com\\\/ayuntamientocaudete\\\/\",\"https:\\\/\\\/www.youtube.com\\\/channel\\\/UC6VztHaooNsGpw-tNoBEFnQ\"]}]}<\/script>\n<!-- \/ Yoast SEO plugin. -->","yoast_head_json":{"title":"Deportes - Caudete Extreme - Reglamento - MI Ayuntamiento de Caudete","description":"P\u00e1gina Oficial del Ayuntamiento de Caudete (Albacete)","robots":{"index":"index","follow":"follow","max-snippet":"max-snippet:-1","max-image-preview":"max-image-preview:large","max-video-preview":"max-video-preview:-1"},"canonical":"https:\/\/www.caudete.org\/ayuntamiento\/deportes-caudete-extreme-reglamento\/","og_locale":"es_ES","og_type":"article","og_title":"Deportes - Caudete Extreme - Reglamento - MI Ayuntamiento de Caudete","og_description":"P\u00e1gina Oficial del Ayuntamiento de Caudete (Albacete)","og_url":"https:\/\/www.caudete.org\/ayuntamiento\/deportes-caudete-extreme-reglamento\/","og_site_name":"MI Ayuntamiento de Caudete","article_publisher":"https:\/\/www.facebook.com\/ayuntamientocaudete\/","article_modified_time":"2022-01-20T10:15:10+00:00","og_image":[{"url":"https:\/\/www.caudete.org\/ayuntamiento\/wp-content\/uploads\/2022\/01\/categorias.jpg","type":"","width":"","height":""}],"twitter_card":"summary_large_image","twitter_misc":{"Tiempo de lectura":"9 minutos"},"schema":{"@context":"https:\/\/schema.org","@graph":[{"@type":"WebPage","@id":"https:\/\/www.caudete.org\/ayuntamiento\/deportes-caudete-extreme-reglamento\/","url":"https:\/\/www.caudete.org\/ayuntamiento\/deportes-caudete-extreme-reglamento\/","name":"Deportes - Caudete Extreme - Reglamento - MI Ayuntamiento de Caudete","isPartOf":{"@id":"https:\/\/www.caudete.org\/ayuntamiento\/#website"},"primaryImageOfPage":{"@id":"https:\/\/www.caudete.org\/ayuntamiento\/deportes-caudete-extreme-reglamento\/#primaryimage"},"image":{"@id":"https:\/\/www.caudete.org\/ayuntamiento\/deportes-caudete-extreme-reglamento\/#primaryimage"},"thumbnailUrl":"https:\/\/www.caudete.org\/ayuntamiento\/wp-content\/uploads\/2022\/01\/categorias.jpg","datePublished":"2021-03-01T12:21:16+00:00","dateModified":"2022-01-20T10:15:10+00:00","description":"P\u00e1gina Oficial del Ayuntamiento de Caudete (Albacete)","breadcrumb":{"@id":"https:\/\/www.caudete.org\/ayuntamiento\/deportes-caudete-extreme-reglamento\/#breadcrumb"},"inLanguage":"es","potentialAction":[{"@type":"ReadAction","target":["https:\/\/www.caudete.org\/ayuntamiento\/deportes-caudete-extreme-reglamento\/"]}]},{"@type":"ImageObject","inLanguage":"es","@id":"https:\/\/www.caudete.org\/ayuntamiento\/deportes-caudete-extreme-reglamento\/#primaryimage","url":"https:\/\/www.caudete.org\/ayuntamiento\/wp-content\/uploads\/2022\/01\/categorias.jpg","contentUrl":"https:\/\/www.caudete.org\/ayuntamiento\/wp-content\/uploads\/2022\/01\/categorias.jpg","width":340,"height":247},{"@type":"BreadcrumbList","@id":"https:\/\/www.caudete.org\/ayuntamiento\/deportes-caudete-extreme-reglamento\/#breadcrumb","itemListElement":[{"@type":"ListItem","position":1,"name":"Inicio","item":"https:\/\/www.caudete.org\/ayuntamiento\/"},{"@type":"ListItem","position":2,"name":"Deportes &#8211; Caudete Extreme &#8211; Reglamento"}]},{"@type":"WebSite","@id":"https:\/\/www.caudete.org\/ayuntamiento\/#website","url":"https:\/\/www.caudete.org\/ayuntamiento\/","name":"MI Ayuntamiento de Caudete","description":"P\u00e1gina Oficial del MI Ayuntamiento de Caudete","publisher":{"@id":"https:\/\/www.caudete.org\/ayuntamiento\/#organization"},"potentialAction":[{"@type":"SearchAction","target":{"@type":"EntryPoint","urlTemplate":"https:\/\/www.caudete.org\/ayuntamiento\/?s={search_term_string}"},"query-input":{"@type":"PropertyValueSpecification","valueRequired":true,"valueName":"search_term_string"}}],"inLanguage":"es"},{"@type":"Organization","@id":"https:\/\/www.caudete.org\/ayuntamiento\/#organization","name":"Ayuntamiento de Caudete","url":"https:\/\/www.caudete.org\/ayuntamiento\/","logo":{"@type":"ImageObject","inLanguage":"es","@id":"https:\/\/www.caudete.org\/ayuntamiento\/#\/schema\/logo\/image\/","url":"https:\/\/www.caudete.org\/ayuntamiento\/wp-content\/uploads\/2020\/11\/logo_ayuntamiento_caudete.jpg","contentUrl":"https:\/\/www.caudete.org\/ayuntamiento\/wp-content\/uploads\/2020\/11\/logo_ayuntamiento_caudete.jpg","width":600,"height":150,"caption":"Ayuntamiento de Caudete"},"image":{"@id":"https:\/\/www.caudete.org\/ayuntamiento\/#\/schema\/logo\/image\/"},"sameAs":["https:\/\/www.facebook.com\/ayuntamientocaudete\/","https:\/\/www.youtube.com\/channel\/UC6VztHaooNsGpw-tNoBEFnQ"]}]}},"_links":{"self":[{"href":"https:\/\/www.caudete.org\/ayuntamiento\/wp-json\/wp\/v2\/pages\/12537","targetHints":{"allow":["GET"]}}],"collection":[{"href":"https:\/\/www.caudete.org\/ayuntamiento\/wp-json\/wp\/v2\/pages"}],"about":[{"href":"https:\/\/www.caudete.org\/ayuntamiento\/wp-json\/wp\/v2\/types\/page"}],"author":[{"embeddable":true,"href":"https:\/\/www.caudete.org\/ayuntamiento\/wp-json\/wp\/v2\/users\/1"}],"replies":[{"embeddable":true,"href":"https:\/\/www.caudete.org\/ayuntamiento\/wp-json\/wp\/v2\/comments?post=12537"}],"version-history":[{"count":5,"href":"https:\/\/www.caudete.org\/ayuntamiento\/wp-json\/wp\/v2\/pages\/12537\/revisions"}],"predecessor-version":[{"id":17852,"href":"https:\/\/www.caudete.org\/ayuntamiento\/wp-json\/wp\/v2\/pages\/12537\/revisions\/17852"}],"wp:attachment":[{"href":"https:\/\/www.caudete.org\/ayuntamiento\/wp-json\/wp\/v2\/media?parent=12537"}],"wp:term":[{"taxonomy":"category","embeddable":true,"href":"https:\/\/www.caudete.org\/ayuntamiento\/wp-json\/wp\/v2\/categories?post=12537"},{"taxonomy":"post_tag","embeddable":true,"href":"https:\/\/www.caudete.org\/ayuntamiento\/wp-json\/wp\/v2\/tags?post=12537"}],"curies":[{"name":"wp","href":"https:\/\/api.w.org\/{rel}","templated":true}]}}