{"id":13511,"date":"2021-03-26T18:42:03","date_gmt":"2021-03-26T17:42:03","guid":{"rendered":"https:\/\/www.caudete.org\/ayuntamiento\/?page_id=13511"},"modified":"2021-03-26T18:54:50","modified_gmt":"2021-03-26T17:54:50","slug":"desarrollo-local-tablon-informativo","status":"publish","type":"page","link":"https:\/\/www.caudete.org\/ayuntamiento\/desarrollo-local-tablon-informativo\/","title":{"rendered":"Desarrollo Local &#8211; Tabl\u00f3n Informativo"},"content":{"rendered":"\t\t<div data-elementor-type=\"wp-page\" data-elementor-id=\"13511\" class=\"elementor elementor-13511\" data-elementor-post-type=\"page\">\n\t\t\t\t\t\t<section class=\"elementor-section elementor-top-section elementor-element elementor-element-ca8fac3 elementor-section-boxed elementor-section-height-default elementor-section-height-default\" data-id=\"ca8fac3\" data-element_type=\"section\" data-e-type=\"section\">\n\t\t\t\t\t\t<div class=\"elementor-container elementor-column-gap-default\">\n\t\t\t\t\t<div class=\"elementor-column elementor-col-100 elementor-top-column elementor-element elementor-element-9a4df9f\" data-id=\"9a4df9f\" data-element_type=\"column\" data-e-type=\"column\">\n\t\t\t<div class=\"elementor-widget-wrap elementor-element-populated\">\n\t\t\t\t\t\t<div class=\"elementor-element elementor-element-34740df elementor-widget elementor-widget-heading\" data-id=\"34740df\" data-element_type=\"widget\" data-e-type=\"widget\" data-widget_type=\"heading.default\">\n\t\t\t\t<div class=\"elementor-widget-container\">\n\t\t\t\t\t<h2 class=\"elementor-heading-title elementor-size-default\">Noticias<\/h2>\t\t\t\t<\/div>\n\t\t\t\t<\/div>\n\t\t\t\t<div class=\"elementor-element elementor-element-edf3b4f elementor-grid-3 elementor-grid-tablet-2 elementor-grid-mobile-1 elementor-posts--thumbnail-top elementor-widget elementor-widget-posts\" data-id=\"edf3b4f\" data-element_type=\"widget\" data-e-type=\"widget\" data-settings=\"{&quot;pagination_type&quot;:&quot;prev_next&quot;,&quot;classic_columns&quot;:&quot;3&quot;,&quot;classic_columns_tablet&quot;:&quot;2&quot;,&quot;classic_columns_mobile&quot;:&quot;1&quot;,&quot;classic_row_gap&quot;:{&quot;unit&quot;:&quot;px&quot;,&quot;size&quot;:35,&quot;sizes&quot;:[]},&quot;classic_row_gap_tablet&quot;:{&quot;unit&quot;:&quot;px&quot;,&quot;size&quot;:&quot;&quot;,&quot;sizes&quot;:[]},&quot;classic_row_gap_mobile&quot;:{&quot;unit&quot;:&quot;px&quot;,&quot;size&quot;:&quot;&quot;,&quot;sizes&quot;:[]}}\" data-widget_type=\"posts.classic\">\n\t\t\t\t<div class=\"elementor-widget-container\">\n\t\t\t\t\t\t\t<div class=\"elementor-posts-container elementor-posts elementor-posts--skin-classic elementor-grid\">\n\t\t\t\t<article class=\"elementor-post elementor-grid-item post-33040 post type-post status-publish format-standard has-post-thumbnail hentry category-tablon-informativo-desarrollo-local\">\n\t\t\t\t<a class=\"elementor-post__thumbnail__link\" href=\"https:\/\/www.caudete.org\/ayuntamiento\/tecnico-a-en-automatizacion-industrial\/\" tabindex=\"-1\" >\n\t\t\t<div class=\"elementor-post__thumbnail\"><img decoding=\"async\" width=\"245\" height=\"154\" src=\"https:\/\/www.caudete.org\/ayuntamiento\/wp-content\/uploads\/2022\/06\/aiju.jpg\" class=\"attachment-medium size-medium wp-image-19246\" alt=\"\" \/><\/div>\n\t\t<\/a>\n\t\t\t\t<div class=\"elementor-post__text\">\n\t\t\t\t<h3 class=\"elementor-post__title\">\n\t\t\t<a href=\"https:\/\/www.caudete.org\/ayuntamiento\/tecnico-a-en-automatizacion-industrial\/\" >\n\t\t\t\tOFERTAS DE TRABAJO: T\u00e9cnico\/a en automatizaci\u00f3n industrial\t\t\t<\/a>\n\t\t<\/h3>\n\t\t\t\t<div class=\"elementor-post__meta-data\">\n\t\t\t\t\t<span class=\"elementor-post-date\">\n\t\t\t17 de marzo de 2026\t\t<\/span>\n\t\t\t\t<\/div>\n\t\t\t\t<div class=\"elementor-post__excerpt\">\n\t\t\t<p>\u00bfQUI\u00c9NES SOMOS? AIJU es un INSTITUTO TECNOL\u00d3GICO, ubicado en la localidad alicantina de Ibi, con sede tambi\u00e9n en Valencia (Espa\u00f1a). Nuestra plantilla es de m\u00e1s<\/p>\n\t\t<\/div>\n\t\t\n\t\t<a class=\"elementor-post__read-more\" href=\"https:\/\/www.caudete.org\/ayuntamiento\/tecnico-a-en-automatizacion-industrial\/\" aria-label=\"Read more about OFERTAS DE TRABAJO: T\u00e9cnico\/a en automatizaci\u00f3n industrial\" tabindex=\"-1\" >\n\t\t\tLeer m\u00e1s \u00bb\t\t<\/a>\n\n\t\t\t\t<\/div>\n\t\t\t\t<\/article>\n\t\t\t\t<article class=\"elementor-post elementor-grid-item post-32957 post type-post status-publish format-standard has-post-thumbnail hentry category-tablon-informativo-desarrollo-local\">\n\t\t\t\t<a class=\"elementor-post__thumbnail__link\" href=\"https:\/\/www.caudete.org\/ayuntamiento\/activa-talento-clm-una-iniciativa-para-impulsar-la-insercion-laboral-de-los-jovenes\/\" tabindex=\"-1\" >\n\t\t\t<div class=\"elementor-post__thumbnail\"><img fetchpriority=\"high\" decoding=\"async\" width=\"968\" height=\"416\" src=\"https:\/\/www.caudete.org\/ayuntamiento\/wp-content\/uploads\/2026\/03\/CARTEL-A3-PORT-e1773235050405.jpg\" class=\"attachment-medium size-medium wp-image-32963\" alt=\"\" srcset=\"https:\/\/www.caudete.org\/ayuntamiento\/wp-content\/uploads\/2026\/03\/CARTEL-A3-PORT-e1773235050405.jpg 968w, https:\/\/www.caudete.org\/ayuntamiento\/wp-content\/uploads\/2026\/03\/CARTEL-A3-PORT-e1773235050405-350x150.jpg 350w, https:\/\/www.caudete.org\/ayuntamiento\/wp-content\/uploads\/2026\/03\/CARTEL-A3-PORT-e1773235050405-768x330.jpg 768w\" sizes=\"(max-width: 968px) 100vw, 968px\" \/><\/div>\n\t\t<\/a>\n\t\t\t\t<div class=\"elementor-post__text\">\n\t\t\t\t<h3 class=\"elementor-post__title\">\n\t\t\t<a href=\"https:\/\/www.caudete.org\/ayuntamiento\/activa-talento-clm-una-iniciativa-para-impulsar-la-insercion-laboral-de-los-jovenes\/\" >\n\t\t\t\tActiva Talento CLM, una iniciativa para impulsar la inserci\u00f3n laboral de los j\u00f3venes\t\t\t<\/a>\n\t\t<\/h3>\n\t\t\t\t<div class=\"elementor-post__meta-data\">\n\t\t\t\t\t<span class=\"elementor-post-date\">\n\t\t\t10 de marzo de 2026\t\t<\/span>\n\t\t\t\t<\/div>\n\t\t\t\t<div class=\"elementor-post__excerpt\">\n\t\t\t<p>La Concejal\u00eda de Promoci\u00f3n y Desarrollo Econ\u00f3mico informa, sobre el programa&nbsp;Activa Talento CLM, una iniciativa impulsada por la Fundaci\u00f3n General de la Universidad de Castilla-La<\/p>\n\t\t<\/div>\n\t\t\n\t\t<a class=\"elementor-post__read-more\" href=\"https:\/\/www.caudete.org\/ayuntamiento\/activa-talento-clm-una-iniciativa-para-impulsar-la-insercion-laboral-de-los-jovenes\/\" aria-label=\"Read more about Activa Talento CLM, una iniciativa para impulsar la inserci\u00f3n laboral de los j\u00f3venes\" tabindex=\"-1\" >\n\t\t\tLeer m\u00e1s \u00bb\t\t<\/a>\n\n\t\t\t\t<\/div>\n\t\t\t\t<\/article>\n\t\t\t\t<article class=\"elementor-post elementor-grid-item post-32581 post type-post status-publish format-standard has-post-thumbnail hentry category-tablon-informativo-desarrollo-local\">\n\t\t\t\t<a class=\"elementor-post__thumbnail__link\" href=\"https:\/\/www.caudete.org\/ayuntamiento\/programa-gratuito-de-empleabilidad-y-aprendizaje-colaborativo\/\" tabindex=\"-1\" >\n\t\t\t<div class=\"elementor-post__thumbnail\"><img decoding=\"async\" width=\"1080\" height=\"467\" src=\"https:\/\/www.caudete.org\/ayuntamiento\/wp-content\/uploads\/2026\/02\/Comunidades-de-practicas-RR-Post-3-1-port.jpg\" class=\"attachment-medium size-medium wp-image-32584\" alt=\"\" srcset=\"https:\/\/www.caudete.org\/ayuntamiento\/wp-content\/uploads\/2026\/02\/Comunidades-de-practicas-RR-Post-3-1-port.jpg 1080w, https:\/\/www.caudete.org\/ayuntamiento\/wp-content\/uploads\/2026\/02\/Comunidades-de-practicas-RR-Post-3-1-port-350x151.jpg 350w, https:\/\/www.caudete.org\/ayuntamiento\/wp-content\/uploads\/2026\/02\/Comunidades-de-practicas-RR-Post-3-1-port-768x332.jpg 768w\" sizes=\"(max-width: 1080px) 100vw, 1080px\" \/><\/div>\n\t\t<\/a>\n\t\t\t\t<div class=\"elementor-post__text\">\n\t\t\t\t<h3 class=\"elementor-post__title\">\n\t\t\t<a href=\"https:\/\/www.caudete.org\/ayuntamiento\/programa-gratuito-de-empleabilidad-y-aprendizaje-colaborativo\/\" >\n\t\t\t\tPrograma gratuito de empleabilidad y aprendizaje colaborativo\t\t\t<\/a>\n\t\t<\/h3>\n\t\t\t\t<div class=\"elementor-post__meta-data\">\n\t\t\t\t\t<span class=\"elementor-post-date\">\n\t\t\t9 de febrero de 2026\t\t<\/span>\n\t\t\t\t<\/div>\n\t\t\t\t<div class=\"elementor-post__excerpt\">\n\t\t\t\t\t<\/div>\n\t\t\n\t\t<a class=\"elementor-post__read-more\" href=\"https:\/\/www.caudete.org\/ayuntamiento\/programa-gratuito-de-empleabilidad-y-aprendizaje-colaborativo\/\" aria-label=\"Read more about Programa gratuito de empleabilidad y aprendizaje colaborativo\" tabindex=\"-1\" >\n\t\t\tLeer m\u00e1s \u00bb\t\t<\/a>\n\n\t\t\t\t<\/div>\n\t\t\t\t<\/article>\n\t\t\t\t<article class=\"elementor-post elementor-grid-item post-32534 post type-post status-publish format-standard has-post-thumbnail hentry category-tablon-informativo-desarrollo-local\">\n\t\t\t\t<a class=\"elementor-post__thumbnail__link\" href=\"https:\/\/www.caudete.org\/ayuntamiento\/curso-gratuito-arreglos-y-adaptaciones-de-prendas-y-articulos-en-textil-y-piel\/\" tabindex=\"-1\" >\n\t\t\t<div class=\"elementor-post__thumbnail\"><img loading=\"lazy\" decoding=\"async\" width=\"1000\" height=\"431\" src=\"https:\/\/www.caudete.org\/ayuntamiento\/wp-content\/uploads\/2026\/02\/CARTEL-ARREGLOS-Y-ADAPTACIONES-DE-PRENDAS-Y-ARTICULOS-EN-TEXTIL-Y-PIEL-1-port.jpg\" class=\"attachment-medium size-medium wp-image-32536\" alt=\"\" srcset=\"https:\/\/www.caudete.org\/ayuntamiento\/wp-content\/uploads\/2026\/02\/CARTEL-ARREGLOS-Y-ADAPTACIONES-DE-PRENDAS-Y-ARTICULOS-EN-TEXTIL-Y-PIEL-1-port.jpg 1000w, https:\/\/www.caudete.org\/ayuntamiento\/wp-content\/uploads\/2026\/02\/CARTEL-ARREGLOS-Y-ADAPTACIONES-DE-PRENDAS-Y-ARTICULOS-EN-TEXTIL-Y-PIEL-1-port-350x151.jpg 350w, https:\/\/www.caudete.org\/ayuntamiento\/wp-content\/uploads\/2026\/02\/CARTEL-ARREGLOS-Y-ADAPTACIONES-DE-PRENDAS-Y-ARTICULOS-EN-TEXTIL-Y-PIEL-1-port-768x331.jpg 768w\" sizes=\"(max-width: 1000px) 100vw, 1000px\" \/><\/div>\n\t\t<\/a>\n\t\t\t\t<div class=\"elementor-post__text\">\n\t\t\t\t<h3 class=\"elementor-post__title\">\n\t\t\t<a href=\"https:\/\/www.caudete.org\/ayuntamiento\/curso-gratuito-arreglos-y-adaptaciones-de-prendas-y-articulos-en-textil-y-piel\/\" >\n\t\t\t\tCurso gratuito: Arreglos y adaptaciones de prendas y art\u00edculos en textil y piel\t\t\t<\/a>\n\t\t<\/h3>\n\t\t\t\t<div class=\"elementor-post__meta-data\">\n\t\t\t\t\t<span class=\"elementor-post-date\">\n\t\t\t5 de febrero de 2026\t\t<\/span>\n\t\t\t\t<\/div>\n\t\t\t\t<div class=\"elementor-post__excerpt\">\n\t\t\t\t\t<\/div>\n\t\t\n\t\t<a class=\"elementor-post__read-more\" href=\"https:\/\/www.caudete.org\/ayuntamiento\/curso-gratuito-arreglos-y-adaptaciones-de-prendas-y-articulos-en-textil-y-piel\/\" aria-label=\"Read more about Curso gratuito: Arreglos y adaptaciones de prendas y art\u00edculos en textil y piel\" tabindex=\"-1\" >\n\t\t\tLeer m\u00e1s \u00bb\t\t<\/a>\n\n\t\t\t\t<\/div>\n\t\t\t\t<\/article>\n\t\t\t\t<article class=\"elementor-post elementor-grid-item post-32532 post type-post status-publish format-standard has-post-thumbnail hentry category-tablon-informativo-desarrollo-local\">\n\t\t\t\t<a class=\"elementor-post__thumbnail__link\" href=\"https:\/\/www.caudete.org\/ayuntamiento\/ofertas-de-trabajo-auxiliar-de-formacion-y-gestion-administrativa\/\" tabindex=\"-1\" >\n\t\t\t<div class=\"elementor-post__thumbnail\"><img decoding=\"async\" width=\"245\" height=\"154\" src=\"https:\/\/www.caudete.org\/ayuntamiento\/wp-content\/uploads\/2022\/06\/aiju.jpg\" class=\"attachment-medium size-medium wp-image-19246\" alt=\"\" \/><\/div>\n\t\t<\/a>\n\t\t\t\t<div class=\"elementor-post__text\">\n\t\t\t\t<h3 class=\"elementor-post__title\">\n\t\t\t<a href=\"https:\/\/www.caudete.org\/ayuntamiento\/ofertas-de-trabajo-auxiliar-de-formacion-y-gestion-administrativa\/\" >\n\t\t\t\tOFERTAS DE TRABAJO: Auxiliar de formaci\u00f3n y gesti\u00f3n administrativa\t\t\t<\/a>\n\t\t<\/h3>\n\t\t\t\t<div class=\"elementor-post__meta-data\">\n\t\t\t\t\t<span class=\"elementor-post-date\">\n\t\t\t5 de febrero de 2026\t\t<\/span>\n\t\t\t\t<\/div>\n\t\t\t\t<div class=\"elementor-post__excerpt\">\n\t\t\t<p>AIJU es un INSTITUTO TECNOL\u00d3GICO, ubicado en la localidad alicantina de Ibi, con sede tambi\u00e9n en Valencia (Espa\u00f1a). Nuestra plantilla es de m\u00e1s de 100<\/p>\n\t\t<\/div>\n\t\t\n\t\t<a class=\"elementor-post__read-more\" href=\"https:\/\/www.caudete.org\/ayuntamiento\/ofertas-de-trabajo-auxiliar-de-formacion-y-gestion-administrativa\/\" aria-label=\"Read more about OFERTAS DE TRABAJO: Auxiliar de formaci\u00f3n y gesti\u00f3n administrativa\" tabindex=\"-1\" >\n\t\t\tLeer m\u00e1s \u00bb\t\t<\/a>\n\n\t\t\t\t<\/div>\n\t\t\t\t<\/article>\n\t\t\t\t<article class=\"elementor-post elementor-grid-item post-31668 post type-post status-publish format-standard has-post-thumbnail hentry category-tablon-informativo-desarrollo-local\">\n\t\t\t\t<a class=\"elementor-post__thumbnail__link\" href=\"https:\/\/www.caudete.org\/ayuntamiento\/ofertas-de-trabajo-montaje-de-proyectos-fotovoltaicos\/\" tabindex=\"-1\" >\n\t\t\t<div class=\"elementor-post__thumbnail\"><img loading=\"lazy\" decoding=\"async\" width=\"300\" height=\"204\" src=\"https:\/\/www.caudete.org\/ayuntamiento\/wp-content\/uploads\/2021\/10\/oferta-empleo-300x204.jpg\" class=\"attachment-medium size-medium wp-image-16597\" alt=\"\" srcset=\"https:\/\/www.caudete.org\/ayuntamiento\/wp-content\/uploads\/2021\/10\/oferta-empleo-300x204.jpg 300w, https:\/\/www.caudete.org\/ayuntamiento\/wp-content\/uploads\/2021\/10\/oferta-empleo.jpg 457w\" sizes=\"(max-width: 300px) 100vw, 300px\" \/><\/div>\n\t\t<\/a>\n\t\t\t\t<div class=\"elementor-post__text\">\n\t\t\t\t<h3 class=\"elementor-post__title\">\n\t\t\t<a href=\"https:\/\/www.caudete.org\/ayuntamiento\/ofertas-de-trabajo-montaje-de-proyectos-fotovoltaicos\/\" >\n\t\t\t\tOFERTAS DE TRABAJO. Montaje de proyectos fotovoltaicos\t\t\t<\/a>\n\t\t<\/h3>\n\t\t\t\t<div class=\"elementor-post__meta-data\">\n\t\t\t\t\t<span class=\"elementor-post-date\">\n\t\t\t24 de noviembre de 2025\t\t<\/span>\n\t\t\t\t<\/div>\n\t\t\t\t<div class=\"elementor-post__excerpt\">\n\t\t\t<p>Xamai Global S.L. empresa internacional, dedicada al montaje de proyectos fotovoltaicos, est\u00e1 buscando personal para diversas labores en el montaje de estructura met\u00e1lica del seguidor<\/p>\n\t\t<\/div>\n\t\t\n\t\t<a class=\"elementor-post__read-more\" href=\"https:\/\/www.caudete.org\/ayuntamiento\/ofertas-de-trabajo-montaje-de-proyectos-fotovoltaicos\/\" aria-label=\"Read more about OFERTAS DE TRABAJO. Montaje de proyectos fotovoltaicos\" tabindex=\"-1\" >\n\t\t\tLeer m\u00e1s \u00bb\t\t<\/a>\n\n\t\t\t\t<\/div>\n\t\t\t\t<\/article>\n\t\t\t\t<article class=\"elementor-post elementor-grid-item post-28187 post type-post status-publish format-standard has-post-thumbnail hentry category-tablon-informativo-desarrollo-local\">\n\t\t\t\t<a class=\"elementor-post__thumbnail__link\" href=\"https:\/\/www.caudete.org\/ayuntamiento\/nuevos-cursos-de-excel-gratuitos-en-formados\/\" tabindex=\"-1\" >\n\t\t\t<div class=\"elementor-post__thumbnail\"><img loading=\"lazy\" decoding=\"async\" width=\"300\" height=\"78\" src=\"https:\/\/www.caudete.org\/ayuntamiento\/wp-content\/uploads\/2024\/07\/competencias-digitales-castilla-la-mancha2-300x78.gif\" class=\"attachment-medium size-medium wp-image-25675\" alt=\"Centro Competencias Digitales Castilla-La mancha\" srcset=\"https:\/\/www.caudete.org\/ayuntamiento\/wp-content\/uploads\/2024\/07\/competencias-digitales-castilla-la-mancha2-300x78.gif 300w, https:\/\/www.caudete.org\/ayuntamiento\/wp-content\/uploads\/2024\/07\/competencias-digitales-castilla-la-mancha2-768x201.gif 768w\" sizes=\"(max-width: 300px) 100vw, 300px\" \/><\/div>\n\t\t<\/a>\n\t\t\t\t<div class=\"elementor-post__text\">\n\t\t\t\t<h3 class=\"elementor-post__title\">\n\t\t\t<a href=\"https:\/\/www.caudete.org\/ayuntamiento\/nuevos-cursos-de-excel-gratuitos-en-formados\/\" >\n\t\t\t\tNuevos Cursos de Excel 365 Gratuitos en Formados &#8211; Intermedio y Avanzado\t\t\t<\/a>\n\t\t<\/h3>\n\t\t\t\t<div class=\"elementor-post__meta-data\">\n\t\t\t\t\t<span class=\"elementor-post-date\">\n\t\t\t1 de abril de 2025\t\t<\/span>\n\t\t\t\t<\/div>\n\t\t\t\t<div class=\"elementor-post__excerpt\">\n\t\t\t<p>Aprende a usar excel de manera profesional y descubre diferentes t\u00e9cnicas avanzadas para el tratamiento y presentaci\u00f3n de datos. https:\/\/mailchi.mp\/bilib\/descubre-nuestros-nuevos-cursos-de-excel-365-en-formados-y-aprende-a-usarlo-de-manera-profesional?e=553a574a97<\/p>\n\t\t<\/div>\n\t\t\n\t\t<a class=\"elementor-post__read-more\" href=\"https:\/\/www.caudete.org\/ayuntamiento\/nuevos-cursos-de-excel-gratuitos-en-formados\/\" aria-label=\"Read more about Nuevos Cursos de Excel 365 Gratuitos en Formados &#8211; Intermedio y Avanzado\" tabindex=\"-1\" >\n\t\t\tLeer m\u00e1s \u00bb\t\t<\/a>\n\n\t\t\t\t<\/div>\n\t\t\t\t<\/article>\n\t\t\t\t<article class=\"elementor-post elementor-grid-item post-28190 post type-post status-publish format-standard has-post-thumbnail hentry category-tablon-informativo-desarrollo-local\">\n\t\t\t\t<a class=\"elementor-post__thumbnail__link\" href=\"https:\/\/www.caudete.org\/ayuntamiento\/desarrolla-tus-competencias-digitales\/\" tabindex=\"-1\" >\n\t\t\t<div class=\"elementor-post__thumbnail\"><img loading=\"lazy\" decoding=\"async\" width=\"300\" height=\"78\" src=\"https:\/\/www.caudete.org\/ayuntamiento\/wp-content\/uploads\/2024\/07\/competencias-digitales-castilla-la-mancha2-300x78.gif\" class=\"attachment-medium size-medium wp-image-25675\" alt=\"Centro Competencias Digitales Castilla-La mancha\" srcset=\"https:\/\/www.caudete.org\/ayuntamiento\/wp-content\/uploads\/2024\/07\/competencias-digitales-castilla-la-mancha2-300x78.gif 300w, https:\/\/www.caudete.org\/ayuntamiento\/wp-content\/uploads\/2024\/07\/competencias-digitales-castilla-la-mancha2-768x201.gif 768w\" sizes=\"(max-width: 300px) 100vw, 300px\" \/><\/div>\n\t\t<\/a>\n\t\t\t\t<div class=\"elementor-post__text\">\n\t\t\t\t<h3 class=\"elementor-post__title\">\n\t\t\t<a href=\"https:\/\/www.caudete.org\/ayuntamiento\/desarrolla-tus-competencias-digitales\/\" >\n\t\t\t\tDesarrolla tus competencias digitales\t\t\t<\/a>\n\t\t<\/h3>\n\t\t\t\t<div class=\"elementor-post__meta-data\">\n\t\t\t\t\t<span class=\"elementor-post-date\">\n\t\t\t18 de marzo de 2025\t\t<\/span>\n\t\t\t\t<\/div>\n\t\t\t\t<div class=\"elementor-post__excerpt\">\n\t\t\t<p>En este bolet\u00edn encontrar\u00e1s recursos de utilidad para los PIDs. Te ayudamos a desarrollar tus competencias digitales y las de tus usuari@s https:\/\/mailchi.mp\/bilib\/descubre-cmo-chatgpt-est-revolucionando-la-enseanza-nuevos-cursos-y-talleres-te-esperan?e=553a574a97<\/p>\n\t\t<\/div>\n\t\t\n\t\t<a class=\"elementor-post__read-more\" href=\"https:\/\/www.caudete.org\/ayuntamiento\/desarrolla-tus-competencias-digitales\/\" aria-label=\"Read more about Desarrolla tus competencias digitales\" tabindex=\"-1\" >\n\t\t\tLeer m\u00e1s \u00bb\t\t<\/a>\n\n\t\t\t\t<\/div>\n\t\t\t\t<\/article>\n\t\t\t\t<article class=\"elementor-post elementor-grid-item post-28171 post type-post status-publish format-standard has-post-thumbnail hentry category-tablon-informativo-desarrollo-local\">\n\t\t\t\t<a class=\"elementor-post__thumbnail__link\" href=\"https:\/\/www.caudete.org\/ayuntamiento\/convocatoria-de-ayudas-al-empleo-accedemos-2025\/\" tabindex=\"-1\" >\n\t\t\t<div class=\"elementor-post__thumbnail\"><img loading=\"lazy\" decoding=\"async\" width=\"600\" height=\"400\" src=\"https:\/\/www.caudete.org\/ayuntamiento\/wp-content\/uploads\/2025\/04\/Mapfre-600x400.jpg\" class=\"attachment-medium size-medium wp-image-28172\" alt=\"\" srcset=\"https:\/\/www.caudete.org\/ayuntamiento\/wp-content\/uploads\/2025\/04\/Mapfre-600x400.jpg 600w, https:\/\/www.caudete.org\/ayuntamiento\/wp-content\/uploads\/2025\/04\/Mapfre-768x512.jpg 768w, https:\/\/www.caudete.org\/ayuntamiento\/wp-content\/uploads\/2025\/04\/Mapfre.jpg 1000w\" sizes=\"(max-width: 600px) 100vw, 600px\" \/><\/div>\n\t\t<\/a>\n\t\t\t\t<div class=\"elementor-post__text\">\n\t\t\t\t<h3 class=\"elementor-post__title\">\n\t\t\t<a href=\"https:\/\/www.caudete.org\/ayuntamiento\/convocatoria-de-ayudas-al-empleo-accedemos-2025\/\" >\n\t\t\t\tConvocatoria de ayudas al empleo Accedemos 2025\t\t\t<\/a>\n\t\t<\/h3>\n\t\t\t\t<div class=\"elementor-post__meta-data\">\n\t\t\t\t\t<span class=\"elementor-post-date\">\n\t\t\t11 de febrero de 2025\t\t<\/span>\n\t\t\t\t<\/div>\n\t\t\t\t<div class=\"elementor-post__excerpt\">\n\t\t\t<p>A trav\u00e9s del programa ACCEDEMOS 2025 de Fundaci\u00f3n MAPFRE, se podr\u00e1 solicitar una AYUDA DE HASTA 4.635 EUROS a fondo perdido para PYMES Y AUT\u00d3NOMOS<\/p>\n\t\t<\/div>\n\t\t\n\t\t<a class=\"elementor-post__read-more\" href=\"https:\/\/www.caudete.org\/ayuntamiento\/convocatoria-de-ayudas-al-empleo-accedemos-2025\/\" aria-label=\"Read more about Convocatoria de ayudas al empleo Accedemos 2025\" tabindex=\"-1\" >\n\t\t\tLeer m\u00e1s \u00bb\t\t<\/a>\n\n\t\t\t\t<\/div>\n\t\t\t\t<\/article>\n\t\t\t\t<article class=\"elementor-post elementor-grid-item post-28174 post type-post status-publish format-standard has-post-thumbnail hentry category-tablon-informativo-desarrollo-local\">\n\t\t\t\t<a class=\"elementor-post__thumbnail__link\" href=\"https:\/\/www.caudete.org\/ayuntamiento\/oferta-de-empleo-tecnico-a-en-tecnologias-digitales-integradas-e-inteligencia-artificial\/\" tabindex=\"-1\" >\n\t\t\t<div class=\"elementor-post__thumbnail\"><img decoding=\"async\" width=\"245\" height=\"154\" src=\"https:\/\/www.caudete.org\/ayuntamiento\/wp-content\/uploads\/2022\/06\/aiju.jpg\" class=\"attachment-medium size-medium wp-image-19246\" alt=\"\" \/><\/div>\n\t\t<\/a>\n\t\t\t\t<div class=\"elementor-post__text\">\n\t\t\t\t<h3 class=\"elementor-post__title\">\n\t\t\t<a href=\"https:\/\/www.caudete.org\/ayuntamiento\/oferta-de-empleo-tecnico-a-en-tecnologias-digitales-integradas-e-inteligencia-artificial\/\" >\n\t\t\t\tOferta de empleo: T\u00e9cnico\/a en tecnolog\u00edas digitales integradas e inteligencia artificial\t\t\t<\/a>\n\t\t<\/h3>\n\t\t\t\t<div class=\"elementor-post__meta-data\">\n\t\t\t\t\t<span class=\"elementor-post-date\">\n\t\t\t7 de febrero de 2025\t\t<\/span>\n\t\t\t\t<\/div>\n\t\t\t\t<div class=\"elementor-post__excerpt\">\n\t\t\t<p>Oferta Empleo T\u00e9cnico tecnolog\u00edas digitales integradas e inteligencia artificial<\/p>\n\t\t<\/div>\n\t\t\n\t\t<a class=\"elementor-post__read-more\" href=\"https:\/\/www.caudete.org\/ayuntamiento\/oferta-de-empleo-tecnico-a-en-tecnologias-digitales-integradas-e-inteligencia-artificial\/\" aria-label=\"Read more about Oferta de empleo: T\u00e9cnico\/a en tecnolog\u00edas digitales integradas e inteligencia artificial\" tabindex=\"-1\" >\n\t\t\tLeer m\u00e1s \u00bb\t\t<\/a>\n\n\t\t\t\t<\/div>\n\t\t\t\t<\/article>\n\t\t\t\t<article class=\"elementor-post elementor-grid-item post-28177 post type-post status-publish format-standard has-post-thumbnail hentry category-tablon-informativo-desarrollo-local\">\n\t\t\t\t<a class=\"elementor-post__thumbnail__link\" href=\"https:\/\/www.caudete.org\/ayuntamiento\/aprende-a-crear-tu-tienda-online\/\" tabindex=\"-1\" >\n\t\t\t<div class=\"elementor-post__thumbnail\"><img loading=\"lazy\" decoding=\"async\" width=\"300\" height=\"78\" src=\"https:\/\/www.caudete.org\/ayuntamiento\/wp-content\/uploads\/2024\/07\/competencias-digitales-castilla-la-mancha2-300x78.gif\" class=\"attachment-medium size-medium wp-image-25675\" alt=\"Centro Competencias Digitales Castilla-La mancha\" srcset=\"https:\/\/www.caudete.org\/ayuntamiento\/wp-content\/uploads\/2024\/07\/competencias-digitales-castilla-la-mancha2-300x78.gif 300w, https:\/\/www.caudete.org\/ayuntamiento\/wp-content\/uploads\/2024\/07\/competencias-digitales-castilla-la-mancha2-768x201.gif 768w\" sizes=\"(max-width: 300px) 100vw, 300px\" \/><\/div>\n\t\t<\/a>\n\t\t\t\t<div class=\"elementor-post__text\">\n\t\t\t\t<h3 class=\"elementor-post__title\">\n\t\t\t<a href=\"https:\/\/www.caudete.org\/ayuntamiento\/aprende-a-crear-tu-tienda-online\/\" >\n\t\t\t\tAprende a crear tu tienda online\t\t\t<\/a>\n\t\t<\/h3>\n\t\t\t\t<div class=\"elementor-post__meta-data\">\n\t\t\t\t\t<span class=\"elementor-post-date\">\n\t\t\t7 de enero de 2025\t\t<\/span>\n\t\t\t\t<\/div>\n\t\t\t\t<div class=\"elementor-post__excerpt\">\n\t\t\t<p>Y aprede las claves para triunfar en el Comercio Electr\u00f3nico con nuestro Recursos Formativos https:\/\/mailchi.mp\/bilib\/aprende-a-crear-tu-propia-tienda-online-con-los-recursos-formativos-de-bilib?e=33a0ad5094<\/p>\n\t\t<\/div>\n\t\t\n\t\t<a class=\"elementor-post__read-more\" href=\"https:\/\/www.caudete.org\/ayuntamiento\/aprende-a-crear-tu-tienda-online\/\" aria-label=\"Read more about Aprende a crear tu tienda online\" tabindex=\"-1\" >\n\t\t\tLeer m\u00e1s \u00bb\t\t<\/a>\n\n\t\t\t\t<\/div>\n\t\t\t\t<\/article>\n\t\t\t\t<article class=\"elementor-post elementor-grid-item post-26827 post type-post status-publish format-standard has-post-thumbnail hentry category-tablon-informativo-desarrollo-local\">\n\t\t\t\t<a class=\"elementor-post__thumbnail__link\" href=\"https:\/\/www.caudete.org\/ayuntamiento\/como-funciona-google-maps-trucos-y-funciones-para-exprimirlo-al-maximo\/\" tabindex=\"-1\" >\n\t\t\t<div class=\"elementor-post__thumbnail\"><img loading=\"lazy\" decoding=\"async\" width=\"300\" height=\"78\" src=\"https:\/\/www.caudete.org\/ayuntamiento\/wp-content\/uploads\/2024\/07\/competencias-digitales-castilla-la-mancha2-300x78.gif\" class=\"attachment-medium size-medium wp-image-25675\" alt=\"Centro Competencias Digitales Castilla-La mancha\" srcset=\"https:\/\/www.caudete.org\/ayuntamiento\/wp-content\/uploads\/2024\/07\/competencias-digitales-castilla-la-mancha2-300x78.gif 300w, https:\/\/www.caudete.org\/ayuntamiento\/wp-content\/uploads\/2024\/07\/competencias-digitales-castilla-la-mancha2-768x201.gif 768w\" sizes=\"(max-width: 300px) 100vw, 300px\" \/><\/div>\n\t\t<\/a>\n\t\t\t\t<div class=\"elementor-post__text\">\n\t\t\t\t<h3 class=\"elementor-post__title\">\n\t\t\t<a href=\"https:\/\/www.caudete.org\/ayuntamiento\/como-funciona-google-maps-trucos-y-funciones-para-exprimirlo-al-maximo\/\" >\n\t\t\t\t\u00bfC\u00f3mo funciona Google Maps? Trucos y funciones para exprimirlo al m\u00e1ximo\t\t\t<\/a>\n\t\t<\/h3>\n\t\t\t\t<div class=\"elementor-post__meta-data\">\n\t\t\t\t\t<span class=\"elementor-post-date\">\n\t\t\t3 de diciembre de 2024\t\t<\/span>\n\t\t\t\t<\/div>\n\t\t\t\t<div class=\"elementor-post__excerpt\">\n\t\t\t\t\t<\/div>\n\t\t\n\t\t<a class=\"elementor-post__read-more\" href=\"https:\/\/www.caudete.org\/ayuntamiento\/como-funciona-google-maps-trucos-y-funciones-para-exprimirlo-al-maximo\/\" aria-label=\"Read more about \u00bfC\u00f3mo funciona Google Maps? Trucos y funciones para exprimirlo al m\u00e1ximo\" tabindex=\"-1\" >\n\t\t\tLeer m\u00e1s \u00bb\t\t<\/a>\n\n\t\t\t\t<\/div>\n\t\t\t\t<\/article>\n\t\t\t\t<\/div>\n\t\t\n\t\t\t\t<div class=\"e-load-more-anchor\" data-page=\"1\" data-max-page=\"21\" data-next-page=\"https:\/\/www.caudete.org\/ayuntamiento\/wp-json\/wp\/v2\/pages\/13511\/page\/2\/\"><\/div>\n\t\t\t\t<nav class=\"elementor-pagination\" aria-label=\"Pagination\">\n\t\t\t<span class=\"page-numbers prev\">&laquo; Anterior<\/span>\n<a class=\"page-numbers next\" href=\"https:\/\/www.caudete.org\/ayuntamiento\/wp-json\/wp\/v2\/pages\/13511\/page\/2\/\">Siguiente &raquo;<\/a>\t\t<\/nav>\n\t\t\t\t\t\t<\/div>\n\t\t\t\t<\/div>\n\t\t\t\t\t<\/div>\n\t\t<\/div>\n\t\t\t\t\t<\/div>\n\t\t<\/section>\n\t\t\t\t<\/div>\n\t\t","protected":false},"excerpt":{"rendered":"<p>Noticias<\/p>\n","protected":false},"author":1,"featured_media":0,"parent":0,"menu_order":0,"comment_status":"closed","ping_status":"closed","template":"","meta":{"ngg_post_thumbnail":0,"footnotes":""},"categories":[98],"tags":[],"class_list":["post-13511","page","type-page","status-publish","hentry","category-desarrollo-local-2"],"yoast_head":"<!-- This site is optimized with the Yoast SEO plugin v27.4 - https:\/\/yoast.com\/product\/yoast-seo-wordpress\/ -->\n<title>Desarrollo Local - Tabl\u00f3n Informativo - MI Ayuntamiento de Caudete<\/title>\n<meta name=\"description\" content=\"P\u00e1gina Oficial del Ayuntamiento de Caudete (Albacete)\" \/>\n<meta name=\"robots\" content=\"index, follow, max-snippet:-1, max-image-preview:large, max-video-preview:-1\" \/>\n<link rel=\"canonical\" href=\"https:\/\/www.caudete.org\/ayuntamiento\/desarrollo-local-tablon-informativo\/\" \/>\n<meta property=\"og:locale\" content=\"es_ES\" \/>\n<meta property=\"og:type\" content=\"article\" \/>\n<meta property=\"og:title\" content=\"Desarrollo Local - Tabl\u00f3n Informativo - MI Ayuntamiento de Caudete\" \/>\n<meta property=\"og:description\" content=\"P\u00e1gina Oficial del Ayuntamiento de Caudete (Albacete)\" \/>\n<meta property=\"og:url\" content=\"https:\/\/www.caudete.org\/ayuntamiento\/desarrollo-local-tablon-informativo\/\" \/>\n<meta property=\"og:site_name\" content=\"MI Ayuntamiento de Caudete\" \/>\n<meta property=\"article:publisher\" content=\"https:\/\/www.facebook.com\/ayuntamientocaudete\/\" \/>\n<meta property=\"article:modified_time\" content=\"2021-03-26T17:54:50+00:00\" \/>\n<meta name=\"twitter:card\" content=\"summary_large_image\" \/>\n<meta name=\"twitter:label1\" content=\"Tiempo de lectura\" \/>\n\t<meta name=\"twitter:data1\" content=\"5 minutos\" \/>\n<script type=\"application\/ld+json\" class=\"yoast-schema-graph\">{\"@context\":\"https:\\\/\\\/schema.org\",\"@graph\":[{\"@type\":\"WebPage\",\"@id\":\"https:\\\/\\\/www.caudete.org\\\/ayuntamiento\\\/desarrollo-local-tablon-informativo\\\/\",\"url\":\"https:\\\/\\\/www.caudete.org\\\/ayuntamiento\\\/desarrollo-local-tablon-informativo\\\/\",\"name\":\"Desarrollo Local - Tabl\u00f3n Informativo - MI Ayuntamiento de Caudete\",\"isPartOf\":{\"@id\":\"https:\\\/\\\/www.caudete.org\\\/ayuntamiento\\\/#website\"},\"datePublished\":\"2021-03-26T17:42:03+00:00\",\"dateModified\":\"2021-03-26T17:54:50+00:00\",\"description\":\"P\u00e1gina Oficial del Ayuntamiento de Caudete (Albacete)\",\"breadcrumb\":{\"@id\":\"https:\\\/\\\/www.caudete.org\\\/ayuntamiento\\\/desarrollo-local-tablon-informativo\\\/#breadcrumb\"},\"inLanguage\":\"es\",\"potentialAction\":[{\"@type\":\"ReadAction\",\"target\":[\"https:\\\/\\\/www.caudete.org\\\/ayuntamiento\\\/desarrollo-local-tablon-informativo\\\/\"]}]},{\"@type\":\"BreadcrumbList\",\"@id\":\"https:\\\/\\\/www.caudete.org\\\/ayuntamiento\\\/desarrollo-local-tablon-informativo\\\/#breadcrumb\",\"itemListElement\":[{\"@type\":\"ListItem\",\"position\":1,\"name\":\"Inicio\",\"item\":\"https:\\\/\\\/www.caudete.org\\\/ayuntamiento\\\/\"},{\"@type\":\"ListItem\",\"position\":2,\"name\":\"Desarrollo Local &#8211; Tabl\u00f3n Informativo\"}]},{\"@type\":\"WebSite\",\"@id\":\"https:\\\/\\\/www.caudete.org\\\/ayuntamiento\\\/#website\",\"url\":\"https:\\\/\\\/www.caudete.org\\\/ayuntamiento\\\/\",\"name\":\"MI Ayuntamiento de Caudete\",\"description\":\"P\u00e1gina Oficial del MI Ayuntamiento de Caudete\",\"publisher\":{\"@id\":\"https:\\\/\\\/www.caudete.org\\\/ayuntamiento\\\/#organization\"},\"potentialAction\":[{\"@type\":\"SearchAction\",\"target\":{\"@type\":\"EntryPoint\",\"urlTemplate\":\"https:\\\/\\\/www.caudete.org\\\/ayuntamiento\\\/?s={search_term_string}\"},\"query-input\":{\"@type\":\"PropertyValueSpecification\",\"valueRequired\":true,\"valueName\":\"search_term_string\"}}],\"inLanguage\":\"es\"},{\"@type\":\"Organization\",\"@id\":\"https:\\\/\\\/www.caudete.org\\\/ayuntamiento\\\/#organization\",\"name\":\"Ayuntamiento de Caudete\",\"url\":\"https:\\\/\\\/www.caudete.org\\\/ayuntamiento\\\/\",\"logo\":{\"@type\":\"ImageObject\",\"inLanguage\":\"es\",\"@id\":\"https:\\\/\\\/www.caudete.org\\\/ayuntamiento\\\/#\\\/schema\\\/logo\\\/image\\\/\",\"url\":\"https:\\\/\\\/www.caudete.org\\\/ayuntamiento\\\/wp-content\\\/uploads\\\/2020\\\/11\\\/logo_ayuntamiento_caudete.jpg\",\"contentUrl\":\"https:\\\/\\\/www.caudete.org\\\/ayuntamiento\\\/wp-content\\\/uploads\\\/2020\\\/11\\\/logo_ayuntamiento_caudete.jpg\",\"width\":600,\"height\":150,\"caption\":\"Ayuntamiento de Caudete\"},\"image\":{\"@id\":\"https:\\\/\\\/www.caudete.org\\\/ayuntamiento\\\/#\\\/schema\\\/logo\\\/image\\\/\"},\"sameAs\":[\"https:\\\/\\\/www.facebook.com\\\/ayuntamientocaudete\\\/\",\"https:\\\/\\\/www.youtube.com\\\/channel\\\/UC6VztHaooNsGpw-tNoBEFnQ\"]}]}<\/script>\n<!-- \/ Yoast SEO plugin. -->","yoast_head_json":{"title":"Desarrollo Local - Tabl\u00f3n Informativo - MI Ayuntamiento de Caudete","description":"P\u00e1gina Oficial del Ayuntamiento de Caudete (Albacete)","robots":{"index":"index","follow":"follow","max-snippet":"max-snippet:-1","max-image-preview":"max-image-preview:large","max-video-preview":"max-video-preview:-1"},"canonical":"https:\/\/www.caudete.org\/ayuntamiento\/desarrollo-local-tablon-informativo\/","og_locale":"es_ES","og_type":"article","og_title":"Desarrollo Local - Tabl\u00f3n Informativo - MI Ayuntamiento de Caudete","og_description":"P\u00e1gina Oficial del Ayuntamiento de Caudete (Albacete)","og_url":"https:\/\/www.caudete.org\/ayuntamiento\/desarrollo-local-tablon-informativo\/","og_site_name":"MI Ayuntamiento de Caudete","article_publisher":"https:\/\/www.facebook.com\/ayuntamientocaudete\/","article_modified_time":"2021-03-26T17:54:50+00:00","twitter_card":"summary_large_image","twitter_misc":{"Tiempo de lectura":"5 minutos"},"schema":{"@context":"https:\/\/schema.org","@graph":[{"@type":"WebPage","@id":"https:\/\/www.caudete.org\/ayuntamiento\/desarrollo-local-tablon-informativo\/","url":"https:\/\/www.caudete.org\/ayuntamiento\/desarrollo-local-tablon-informativo\/","name":"Desarrollo Local - Tabl\u00f3n Informativo - MI Ayuntamiento de Caudete","isPartOf":{"@id":"https:\/\/www.caudete.org\/ayuntamiento\/#website"},"datePublished":"2021-03-26T17:42:03+00:00","dateModified":"2021-03-26T17:54:50+00:00","description":"P\u00e1gina Oficial del Ayuntamiento de Caudete (Albacete)","breadcrumb":{"@id":"https:\/\/www.caudete.org\/ayuntamiento\/desarrollo-local-tablon-informativo\/#breadcrumb"},"inLanguage":"es","potentialAction":[{"@type":"ReadAction","target":["https:\/\/www.caudete.org\/ayuntamiento\/desarrollo-local-tablon-informativo\/"]}]},{"@type":"BreadcrumbList","@id":"https:\/\/www.caudete.org\/ayuntamiento\/desarrollo-local-tablon-informativo\/#breadcrumb","itemListElement":[{"@type":"ListItem","position":1,"name":"Inicio","item":"https:\/\/www.caudete.org\/ayuntamiento\/"},{"@type":"ListItem","position":2,"name":"Desarrollo Local &#8211; Tabl\u00f3n Informativo"}]},{"@type":"WebSite","@id":"https:\/\/www.caudete.org\/ayuntamiento\/#website","url":"https:\/\/www.caudete.org\/ayuntamiento\/","name":"MI Ayuntamiento de Caudete","description":"P\u00e1gina Oficial del MI Ayuntamiento de Caudete","publisher":{"@id":"https:\/\/www.caudete.org\/ayuntamiento\/#organization"},"potentialAction":[{"@type":"SearchAction","target":{"@type":"EntryPoint","urlTemplate":"https:\/\/www.caudete.org\/ayuntamiento\/?s={search_term_string}"},"query-input":{"@type":"PropertyValueSpecification","valueRequired":true,"valueName":"search_term_string"}}],"inLanguage":"es"},{"@type":"Organization","@id":"https:\/\/www.caudete.org\/ayuntamiento\/#organization","name":"Ayuntamiento de Caudete","url":"https:\/\/www.caudete.org\/ayuntamiento\/","logo":{"@type":"ImageObject","inLanguage":"es","@id":"https:\/\/www.caudete.org\/ayuntamiento\/#\/schema\/logo\/image\/","url":"https:\/\/www.caudete.org\/ayuntamiento\/wp-content\/uploads\/2020\/11\/logo_ayuntamiento_caudete.jpg","contentUrl":"https:\/\/www.caudete.org\/ayuntamiento\/wp-content\/uploads\/2020\/11\/logo_ayuntamiento_caudete.jpg","width":600,"height":150,"caption":"Ayuntamiento de Caudete"},"image":{"@id":"https:\/\/www.caudete.org\/ayuntamiento\/#\/schema\/logo\/image\/"},"sameAs":["https:\/\/www.facebook.com\/ayuntamientocaudete\/","https:\/\/www.youtube.com\/channel\/UC6VztHaooNsGpw-tNoBEFnQ"]}]}},"_links":{"self":[{"href":"https:\/\/www.caudete.org\/ayuntamiento\/wp-json\/wp\/v2\/pages\/13511","targetHints":{"allow":["GET"]}}],"collection":[{"href":"https:\/\/www.caudete.org\/ayuntamiento\/wp-json\/wp\/v2\/pages"}],"about":[{"href":"https:\/\/www.caudete.org\/ayuntamiento\/wp-json\/wp\/v2\/types\/page"}],"author":[{"embeddable":true,"href":"https:\/\/www.caudete.org\/ayuntamiento\/wp-json\/wp\/v2\/users\/1"}],"replies":[{"embeddable":true,"href":"https:\/\/www.caudete.org\/ayuntamiento\/wp-json\/wp\/v2\/comments?post=13511"}],"version-history":[{"count":6,"href":"https:\/\/www.caudete.org\/ayuntamiento\/wp-json\/wp\/v2\/pages\/13511\/revisions"}],"predecessor-version":[{"id":13520,"href":"https:\/\/www.caudete.org\/ayuntamiento\/wp-json\/wp\/v2\/pages\/13511\/revisions\/13520"}],"wp:attachment":[{"href":"https:\/\/www.caudete.org\/ayuntamiento\/wp-json\/wp\/v2\/media?parent=13511"}],"wp:term":[{"taxonomy":"category","embeddable":true,"href":"https:\/\/www.caudete.org\/ayuntamiento\/wp-json\/wp\/v2\/categories?post=13511"},{"taxonomy":"post_tag","embeddable":true,"href":"https:\/\/www.caudete.org\/ayuntamiento\/wp-json\/wp\/v2\/tags?post=13511"}],"curies":[{"name":"wp","href":"https:\/\/api.w.org\/{rel}","templated":true}]}}