{"id":14463,"date":"2021-05-20T14:55:33","date_gmt":"2021-05-20T12:55:33","guid":{"rendered":"https:\/\/www.caudete.org\/ayuntamiento\/?page_id=14463"},"modified":"2025-06-09T08:59:36","modified_gmt":"2025-06-09T06:59:36","slug":"certamen-nacional-de-acuarela-villa-de-caudete","status":"publish","type":"page","link":"https:\/\/www.caudete.org\/ayuntamiento\/certamen-nacional-de-acuarela-villa-de-caudete\/","title":{"rendered":"Casa de Cultura &#8211; Certamen Nacional de Acuarela \u201cVilla de Caudete\u201d"},"content":{"rendered":"<div id=\"metaslider-id-14489\" style=\"width: 100%; margin: 0 auto;\" class=\"ml-slider-3-108-0 metaslider metaslider-flex metaslider-14489 ml-slider has-dots-nav ms-theme-default\" role=\"region\" aria-label=\"Certamen Acuarela\" data-height=\"400\" data-width=\"1024\">\n    <div id=\"metaslider_container_14489\">\n        <div id=\"metaslider_14489\">\n            <ul class='slides'>\n                <li style=\"display: block; width: 100%;\" class=\"slide-14497 ms-image \" aria-roledescription=\"slide\" data-date=\"2021-05-21 17:48:52\" data-filename=\"PRIMER-PREMIO.070.-@LUZ-MOVIMIENTO-PREVIO.-MARTIN-RELEA-FCO.-FORTUNATO-scaled-1024x400.jpg\" data-slide-type=\"image\"><a href=\" https:\/\/docs.google.com\/forms\/d\/e\/1FAIpQLSdZS_FCn4EiZqu2VUmzZMWQVLJKOdXf2KPBvO2SkHY8A64tww\/viewform?usp=sf_link\" target=\"_blank\" aria-label=\"Ver detalles de la diapositiva\" class=\"metaslider_image_link\"><img fetchpriority=\"high\" decoding=\"async\" src=\"https:\/\/www.caudete.org\/ayuntamiento\/wp-content\/uploads\/2021\/05\/PRIMER-PREMIO.070.-@LUZ-MOVIMIENTO-PREVIO.-MARTIN-RELEA-FCO.-FORTUNATO-scaled-1024x400.jpg\" height=\"400\" width=\"1024\" alt=\"\" class=\"slider-14489 slide-14497 msDefaultImage\" title=\"PRIMER PREMIO.070. @LUZ, MOVIMIENTO PREVIO. MARTIN RELEA, FCO. FORTUNATO\" \/><\/a><\/li>\n                <li style=\"display: none; width: 100%;\" class=\"slide-14500 ms-image \" aria-roledescription=\"slide\" data-date=\"2021-05-21 17:48:53\" data-filename=\"007.-TIERRAS-ARIDAS-DE-CASTILLA.-REVIRIEGO-MORENO-PABLO.-3_-PREMIO-1024x400.jpg\" data-slide-type=\"image\"><a href=\" https:\/\/docs.google.com\/forms\/d\/e\/1FAIpQLSdZS_FCn4EiZqu2VUmzZMWQVLJKOdXf2KPBvO2SkHY8A64tww\/viewform?usp=sf_link\" target=\"_blank\" aria-label=\"Ver detalles de la diapositiva\" class=\"metaslider_image_link\"><img decoding=\"async\" src=\"https:\/\/www.caudete.org\/ayuntamiento\/wp-content\/uploads\/2021\/05\/007.-TIERRAS-ARIDAS-DE-CASTILLA.-REVIRIEGO-MORENO-PABLO.-3_-PREMIO-1024x400.jpg\" height=\"400\" width=\"1024\" alt=\"\" class=\"slider-14489 slide-14500 msDefaultImage\" title=\"007. TIERRAS ARIDAS DE CASTILLA. REVIRIEGO MORENO, PABLO. 3_ PREMIO\" \/><\/a><\/li>\n                <li style=\"display: none; width: 100%;\" class=\"slide-14499 ms-image \" aria-roledescription=\"slide\" data-date=\"2021-05-21 17:48:53\" data-filename=\"15.-ZOCO-DE-TANGER.-SANTOS-MARUGAN-JESUS-1024x400.jpg\" data-slide-type=\"image\"><a href=\" https:\/\/docs.google.com\/forms\/d\/e\/1FAIpQLSdZS_FCn4EiZqu2VUmzZMWQVLJKOdXf2KPBvO2SkHY8A64tww\/viewform?usp=sf_link\" target=\"_blank\" aria-label=\"Ver detalles de la diapositiva\" class=\"metaslider_image_link\"><img decoding=\"async\" src=\"https:\/\/www.caudete.org\/ayuntamiento\/wp-content\/uploads\/2021\/05\/15.-ZOCO-DE-TANGER.-SANTOS-MARUGAN-JESUS-1024x400.jpg\" height=\"400\" width=\"1024\" alt=\"\" class=\"slider-14489 slide-14499 msDefaultImage\" title=\"15. ZOCO DE TANGER. SANTOS MARUGAN, JESUS\" \/><\/a><\/li>\n                <li style=\"display: none; width: 100%;\" class=\"slide-14498 ms-image \" aria-roledescription=\"slide\" data-date=\"2021-05-21 17:48:53\" data-filename=\"063.PRIMER-PREMIO.-METROPOLI-19.-GOMEZ-MENA-JULIO-scaled-1024x400.jpg\" data-slide-type=\"image\"><a href=\" https:\/\/docs.google.com\/forms\/d\/e\/1FAIpQLSdZS_FCn4EiZqu2VUmzZMWQVLJKOdXf2KPBvO2SkHY8A64tww\/viewform?usp=sf_link\" target=\"_blank\" aria-label=\"Ver detalles de la diapositiva\" class=\"metaslider_image_link\"><img loading=\"lazy\" decoding=\"async\" src=\"https:\/\/www.caudete.org\/ayuntamiento\/wp-content\/uploads\/2021\/05\/063.PRIMER-PREMIO.-METROPOLI-19.-GOMEZ-MENA-JULIO-scaled-1024x400.jpg\" height=\"400\" width=\"1024\" alt=\"\" class=\"slider-14489 slide-14498 msDefaultImage\" title=\"SONY DSC\" \/><\/a><\/li>\n                <li style=\"display: none; width: 100%;\" class=\"slide-14496 ms-image \" aria-roledescription=\"slide\" data-date=\"2021-05-21 17:48:52\" data-filename=\"051.-AZUL.-SAN-FELICES-GIL-JUSTO-977x381.jpg\" data-slide-type=\"image\"><a href=\" https:\/\/docs.google.com\/forms\/d\/e\/1FAIpQLSdZS_FCn4EiZqu2VUmzZMWQVLJKOdXf2KPBvO2SkHY8A64tww\/viewform?usp=sf_link\" target=\"_blank\" aria-label=\"Ver detalles de la diapositiva\" class=\"metaslider_image_link\"><img loading=\"lazy\" decoding=\"async\" src=\"https:\/\/www.caudete.org\/ayuntamiento\/wp-content\/uploads\/2021\/05\/051.-AZUL.-SAN-FELICES-GIL-JUSTO-977x381.jpg\" height=\"400\" width=\"1024\" alt=\"\" class=\"slider-14489 slide-14496 msDefaultImage\" title=\"051. AZUL. SAN FELICES GIL, JUSTO\" \/><\/a><\/li>\n            <\/ul>\n        <\/div>\n        \n    <\/div>\n<\/div>\n&nbsp;<\/p>\n<p style=\"text-align: justify;\">Este Certamen tiene como objetivo fundamental <strong>fomentar esta disciplina pict\u00f3rica<\/strong> y promocionar las creaciones de los artistas en acuarela. Comenz\u00f3 en el a\u00f1o 2000 de la mano del ya desaparecido y gran acuarelista <strong>Rafael Requena<\/strong> y desde el primer a\u00f1o ha contado con una numerosa participaci\u00f3n de pintores nacionales, superando el centenar en cada una de las ediciones.<\/p>\n<p style=\"text-align: justify;\">El Certamen tiene una dilatada trayectoria y un contrastado curr\u00edculo siendo actualmente uno de los m\u00e1s importantes que se celebra a nivel nacional. Se convoca cada dos a\u00f1os a trav\u00e9s de la Concejal\u00eda de Cultura del M.I. Ayuntamiento de Caudete consiguiendo que los m\u00e1s prestigiosos acuarelistas nacionales concurran presentando lo mejor y m\u00e1s innovador de su obra.<\/p>\n<p style=\"text-align: justify;\">Esta <strong>XVIII edici\u00f3n<\/strong> cuenta con el patrocinio de Caja Rural Albacete Globalcaja Albacete, M\u00e1rmoles Bolmax, Camacho Recycling y Kaudex con una suma total de 9.300 \u20ac en premios consolid\u00e1ndose este Certamen como uno de los m\u00e1s importantes a nivel nacional en esta disciplina art\u00edstica.<\/p>\n<p style=\"text-align: justify;\"><strong>Son cinco los Premios establecidos en las bases:<\/strong> Primer Premio, dotado con 3.000 \u20ac, donados por la Concejal\u00eda de Cultura, Segundo Premio, dotado con 2.500 \u20ac que ser\u00e1 donado por la Caja Rural Albacete Globalcaja Albacete; Tercer Premio, que tiene una dotaci\u00f3n de 2.000 \u20ac donado por la empresa M\u00e1rmoles Bolmax; Cuarto premio con una dotaci\u00f3n de 1.000 \u20ac donado por la empresa Camacho Recycling y el Quinto premio con una dotaci\u00f3n de 800\u20ac donado por la empresa Kaudex.<\/p>\n<p style=\"text-align: justify;\">Al Certamen podr\u00e1n concurrir <strong>artistas espa\u00f1oles o extranjeros<\/strong>, con un <strong>tema libre y original<\/strong>, admiti\u00e9ndose <strong>una sola obra por autor<\/strong>, siendo condici\u00f3n indispensable <strong>que no hayan sido premiadas en ning\u00fan otro certamen.<\/strong><\/p>\n<p style=\"text-align: justify;\"><strong>La inscripci\u00f3n al Certamen comienza desde 9 hasta el 30 de junio de 2025<\/strong>. Entre el 1 y el 18 de julio de 2025 un jurado de expertos seleccionar\u00e1 de la totalidad de las obras recibidas aquellas que formar\u00e1n parte de la exposici\u00f3n, que <strong>se inaugurar\u00e1 el d\u00eda 11 de octubre<\/strong> . En el acto de inauguraci\u00f3n <strong>se har\u00e1 p\u00fablico el fallo del jurado y se proceder\u00e1 a la entrega de premios.<\/strong><\/p>\n<p style=\"text-align: justify;\">La exposici\u00f3n permanecer\u00e1 abierta hasta el 8 de noviembre de 2025 en la sala de Exposiciones &#8220;Jose Perezgil&#8221;.<\/p>\n<hr>\n<p>&nbsp;<\/p>\n<p style=\"text-align: center;\"><span style=\"font-size: 18pt;\"><strong>XVIII CERTAMEN NACIONAL DE ACUARELA &#8220;Villa de Caudete&#8221; 2025<\/strong><\/span><\/p>\n<p style=\"text-align: center;\"><span style=\"font-size: 14pt;\"><strong><a href=\"https:\/\/www.caudete.org\/ayuntamiento\/wp-content\/uploads\/2025\/05\/BASES-XVIII-CERTAMEN-NACIONAL-DE-ACUARELA-2025-.pdf\" class=\"mtli_attachment mtli_pdf\">BASES XVIII CERTAMEN NACIONAL DE ACUARELA<\/a><\/strong><\/span><\/p>\n<p style=\"text-align: center;\"><a class=\"fasc-button fasc-size-large fasc-type-glossy fasc-ico-before dashicons-admin-post\" style=\"background-color: #336699; color: #ffffff;\" target=\"_blank\" href=\"https:\/\/forms.gle\/aCFw3qYFLLvJ6CXYA\" rel=\"nofollow\">Inscripci\u00f3n Certamen Nacional de Acuarela<\/a><\/p>\n<p>&nbsp;<\/p>\n<hr>\n<p>&nbsp;<\/p>\n","protected":false},"excerpt":{"rendered":"<p>&nbsp; Este Certamen tiene como objetivo fundamental fomentar esta disciplina pict\u00f3rica y promocionar las creaciones de los artistas en acuarela. Comenz\u00f3 en el a\u00f1o 2000 de la mano del ya desaparecido y gran acuarelista Rafael Requena y desde el primer a\u00f1o ha contado con una numerosa participaci\u00f3n de pintores nacionales, superando el centenar en cada &hellip;<\/p>\n","protected":false},"author":1,"featured_media":0,"parent":0,"menu_order":0,"comment_status":"closed","ping_status":"closed","template":"","meta":{"ngg_post_thumbnail":0,"footnotes":""},"categories":[104],"tags":[],"class_list":["post-14463","page","type-page","status-publish","hentry","category-cultura-2"],"yoast_head":"<!-- This site is optimized with the Yoast SEO plugin v27.5 - https:\/\/yoast.com\/product\/yoast-seo-wordpress\/ -->\n<title>Casa de Cultura - Certamen Nacional de Acuarela \u201cVilla de Caudete\u201d - MI Ayuntamiento de Caudete<\/title>\n<meta name=\"description\" content=\"P\u00e1gina Oficial del Ayuntamiento de Caudete (Albacete)\" \/>\n<meta name=\"robots\" content=\"index, follow, max-snippet:-1, max-image-preview:large, max-video-preview:-1\" \/>\n<link rel=\"canonical\" href=\"https:\/\/www.caudete.org\/ayuntamiento\/certamen-nacional-de-acuarela-villa-de-caudete\/\" \/>\n<meta property=\"og:locale\" content=\"es_ES\" \/>\n<meta property=\"og:type\" content=\"article\" \/>\n<meta property=\"og:title\" content=\"Casa de Cultura - Certamen Nacional de Acuarela \u201cVilla de Caudete\u201d - MI Ayuntamiento de Caudete\" \/>\n<meta property=\"og:description\" content=\"P\u00e1gina Oficial del Ayuntamiento de Caudete (Albacete)\" \/>\n<meta property=\"og:url\" content=\"https:\/\/www.caudete.org\/ayuntamiento\/certamen-nacional-de-acuarela-villa-de-caudete\/\" \/>\n<meta property=\"og:site_name\" content=\"MI Ayuntamiento de Caudete\" \/>\n<meta property=\"article:publisher\" content=\"https:\/\/www.facebook.com\/ayuntamientocaudete\/\" \/>\n<meta property=\"article:modified_time\" content=\"2025-06-09T06:59:36+00:00\" \/>\n<meta name=\"twitter:card\" content=\"summary_large_image\" \/>\n<meta name=\"twitter:label1\" content=\"Tiempo de lectura\" \/>\n\t<meta name=\"twitter:data1\" content=\"2 minutos\" \/>\n<script type=\"application\/ld+json\" class=\"yoast-schema-graph\">{\"@context\":\"https:\\\/\\\/schema.org\",\"@graph\":[{\"@type\":\"WebPage\",\"@id\":\"https:\\\/\\\/www.caudete.org\\\/ayuntamiento\\\/certamen-nacional-de-acuarela-villa-de-caudete\\\/\",\"url\":\"https:\\\/\\\/www.caudete.org\\\/ayuntamiento\\\/certamen-nacional-de-acuarela-villa-de-caudete\\\/\",\"name\":\"Casa de Cultura - Certamen Nacional de Acuarela \u201cVilla de Caudete\u201d - MI Ayuntamiento de Caudete\",\"isPartOf\":{\"@id\":\"https:\\\/\\\/www.caudete.org\\\/ayuntamiento\\\/#website\"},\"datePublished\":\"2021-05-20T12:55:33+00:00\",\"dateModified\":\"2025-06-09T06:59:36+00:00\",\"description\":\"P\u00e1gina Oficial del Ayuntamiento de Caudete (Albacete)\",\"breadcrumb\":{\"@id\":\"https:\\\/\\\/www.caudete.org\\\/ayuntamiento\\\/certamen-nacional-de-acuarela-villa-de-caudete\\\/#breadcrumb\"},\"inLanguage\":\"es\",\"potentialAction\":[{\"@type\":\"ReadAction\",\"target\":[\"https:\\\/\\\/www.caudete.org\\\/ayuntamiento\\\/certamen-nacional-de-acuarela-villa-de-caudete\\\/\"]}]},{\"@type\":\"BreadcrumbList\",\"@id\":\"https:\\\/\\\/www.caudete.org\\\/ayuntamiento\\\/certamen-nacional-de-acuarela-villa-de-caudete\\\/#breadcrumb\",\"itemListElement\":[{\"@type\":\"ListItem\",\"position\":1,\"name\":\"Inicio\",\"item\":\"https:\\\/\\\/www.caudete.org\\\/ayuntamiento\\\/\"},{\"@type\":\"ListItem\",\"position\":2,\"name\":\"Casa de Cultura &#8211; Certamen Nacional de Acuarela \u201cVilla de Caudete\u201d\"}]},{\"@type\":\"WebSite\",\"@id\":\"https:\\\/\\\/www.caudete.org\\\/ayuntamiento\\\/#website\",\"url\":\"https:\\\/\\\/www.caudete.org\\\/ayuntamiento\\\/\",\"name\":\"MI Ayuntamiento de Caudete\",\"description\":\"P\u00e1gina Oficial del MI Ayuntamiento de Caudete\",\"publisher\":{\"@id\":\"https:\\\/\\\/www.caudete.org\\\/ayuntamiento\\\/#organization\"},\"potentialAction\":[{\"@type\":\"SearchAction\",\"target\":{\"@type\":\"EntryPoint\",\"urlTemplate\":\"https:\\\/\\\/www.caudete.org\\\/ayuntamiento\\\/?s={search_term_string}\"},\"query-input\":{\"@type\":\"PropertyValueSpecification\",\"valueRequired\":true,\"valueName\":\"search_term_string\"}}],\"inLanguage\":\"es\"},{\"@type\":\"Organization\",\"@id\":\"https:\\\/\\\/www.caudete.org\\\/ayuntamiento\\\/#organization\",\"name\":\"Ayuntamiento de Caudete\",\"url\":\"https:\\\/\\\/www.caudete.org\\\/ayuntamiento\\\/\",\"logo\":{\"@type\":\"ImageObject\",\"inLanguage\":\"es\",\"@id\":\"https:\\\/\\\/www.caudete.org\\\/ayuntamiento\\\/#\\\/schema\\\/logo\\\/image\\\/\",\"url\":\"https:\\\/\\\/www.caudete.org\\\/ayuntamiento\\\/wp-content\\\/uploads\\\/2020\\\/11\\\/logo_ayuntamiento_caudete.jpg\",\"contentUrl\":\"https:\\\/\\\/www.caudete.org\\\/ayuntamiento\\\/wp-content\\\/uploads\\\/2020\\\/11\\\/logo_ayuntamiento_caudete.jpg\",\"width\":600,\"height\":150,\"caption\":\"Ayuntamiento de Caudete\"},\"image\":{\"@id\":\"https:\\\/\\\/www.caudete.org\\\/ayuntamiento\\\/#\\\/schema\\\/logo\\\/image\\\/\"},\"sameAs\":[\"https:\\\/\\\/www.facebook.com\\\/ayuntamientocaudete\\\/\",\"https:\\\/\\\/www.youtube.com\\\/channel\\\/UC6VztHaooNsGpw-tNoBEFnQ\"]}]}<\/script>\n<!-- \/ Yoast SEO plugin. -->","yoast_head_json":{"title":"Casa de Cultura - Certamen Nacional de Acuarela \u201cVilla de Caudete\u201d - MI Ayuntamiento de Caudete","description":"P\u00e1gina Oficial del Ayuntamiento de Caudete (Albacete)","robots":{"index":"index","follow":"follow","max-snippet":"max-snippet:-1","max-image-preview":"max-image-preview:large","max-video-preview":"max-video-preview:-1"},"canonical":"https:\/\/www.caudete.org\/ayuntamiento\/certamen-nacional-de-acuarela-villa-de-caudete\/","og_locale":"es_ES","og_type":"article","og_title":"Casa de Cultura - Certamen Nacional de Acuarela \u201cVilla de Caudete\u201d - MI Ayuntamiento de Caudete","og_description":"P\u00e1gina Oficial del Ayuntamiento de Caudete (Albacete)","og_url":"https:\/\/www.caudete.org\/ayuntamiento\/certamen-nacional-de-acuarela-villa-de-caudete\/","og_site_name":"MI Ayuntamiento de Caudete","article_publisher":"https:\/\/www.facebook.com\/ayuntamientocaudete\/","article_modified_time":"2025-06-09T06:59:36+00:00","twitter_card":"summary_large_image","twitter_misc":{"Tiempo de lectura":"2 minutos"},"schema":{"@context":"https:\/\/schema.org","@graph":[{"@type":"WebPage","@id":"https:\/\/www.caudete.org\/ayuntamiento\/certamen-nacional-de-acuarela-villa-de-caudete\/","url":"https:\/\/www.caudete.org\/ayuntamiento\/certamen-nacional-de-acuarela-villa-de-caudete\/","name":"Casa de Cultura - Certamen Nacional de Acuarela \u201cVilla de Caudete\u201d - MI Ayuntamiento de Caudete","isPartOf":{"@id":"https:\/\/www.caudete.org\/ayuntamiento\/#website"},"datePublished":"2021-05-20T12:55:33+00:00","dateModified":"2025-06-09T06:59:36+00:00","description":"P\u00e1gina Oficial del Ayuntamiento de Caudete (Albacete)","breadcrumb":{"@id":"https:\/\/www.caudete.org\/ayuntamiento\/certamen-nacional-de-acuarela-villa-de-caudete\/#breadcrumb"},"inLanguage":"es","potentialAction":[{"@type":"ReadAction","target":["https:\/\/www.caudete.org\/ayuntamiento\/certamen-nacional-de-acuarela-villa-de-caudete\/"]}]},{"@type":"BreadcrumbList","@id":"https:\/\/www.caudete.org\/ayuntamiento\/certamen-nacional-de-acuarela-villa-de-caudete\/#breadcrumb","itemListElement":[{"@type":"ListItem","position":1,"name":"Inicio","item":"https:\/\/www.caudete.org\/ayuntamiento\/"},{"@type":"ListItem","position":2,"name":"Casa de Cultura &#8211; Certamen Nacional de Acuarela \u201cVilla de Caudete\u201d"}]},{"@type":"WebSite","@id":"https:\/\/www.caudete.org\/ayuntamiento\/#website","url":"https:\/\/www.caudete.org\/ayuntamiento\/","name":"MI Ayuntamiento de Caudete","description":"P\u00e1gina Oficial del MI Ayuntamiento de Caudete","publisher":{"@id":"https:\/\/www.caudete.org\/ayuntamiento\/#organization"},"potentialAction":[{"@type":"SearchAction","target":{"@type":"EntryPoint","urlTemplate":"https:\/\/www.caudete.org\/ayuntamiento\/?s={search_term_string}"},"query-input":{"@type":"PropertyValueSpecification","valueRequired":true,"valueName":"search_term_string"}}],"inLanguage":"es"},{"@type":"Organization","@id":"https:\/\/www.caudete.org\/ayuntamiento\/#organization","name":"Ayuntamiento de Caudete","url":"https:\/\/www.caudete.org\/ayuntamiento\/","logo":{"@type":"ImageObject","inLanguage":"es","@id":"https:\/\/www.caudete.org\/ayuntamiento\/#\/schema\/logo\/image\/","url":"https:\/\/www.caudete.org\/ayuntamiento\/wp-content\/uploads\/2020\/11\/logo_ayuntamiento_caudete.jpg","contentUrl":"https:\/\/www.caudete.org\/ayuntamiento\/wp-content\/uploads\/2020\/11\/logo_ayuntamiento_caudete.jpg","width":600,"height":150,"caption":"Ayuntamiento de Caudete"},"image":{"@id":"https:\/\/www.caudete.org\/ayuntamiento\/#\/schema\/logo\/image\/"},"sameAs":["https:\/\/www.facebook.com\/ayuntamientocaudete\/","https:\/\/www.youtube.com\/channel\/UC6VztHaooNsGpw-tNoBEFnQ"]}]}},"_links":{"self":[{"href":"https:\/\/www.caudete.org\/ayuntamiento\/wp-json\/wp\/v2\/pages\/14463","targetHints":{"allow":["GET"]}}],"collection":[{"href":"https:\/\/www.caudete.org\/ayuntamiento\/wp-json\/wp\/v2\/pages"}],"about":[{"href":"https:\/\/www.caudete.org\/ayuntamiento\/wp-json\/wp\/v2\/types\/page"}],"author":[{"embeddable":true,"href":"https:\/\/www.caudete.org\/ayuntamiento\/wp-json\/wp\/v2\/users\/1"}],"replies":[{"embeddable":true,"href":"https:\/\/www.caudete.org\/ayuntamiento\/wp-json\/wp\/v2\/comments?post=14463"}],"version-history":[{"count":54,"href":"https:\/\/www.caudete.org\/ayuntamiento\/wp-json\/wp\/v2\/pages\/14463\/revisions"}],"predecessor-version":[{"id":29052,"href":"https:\/\/www.caudete.org\/ayuntamiento\/wp-json\/wp\/v2\/pages\/14463\/revisions\/29052"}],"wp:attachment":[{"href":"https:\/\/www.caudete.org\/ayuntamiento\/wp-json\/wp\/v2\/media?parent=14463"}],"wp:term":[{"taxonomy":"category","embeddable":true,"href":"https:\/\/www.caudete.org\/ayuntamiento\/wp-json\/wp\/v2\/categories?post=14463"},{"taxonomy":"post_tag","embeddable":true,"href":"https:\/\/www.caudete.org\/ayuntamiento\/wp-json\/wp\/v2\/tags?post=14463"}],"curies":[{"name":"wp","href":"https:\/\/api.w.org\/{rel}","templated":true}]}}