{"id":19382,"date":"2022-06-21T10:42:18","date_gmt":"2022-06-21T08:42:18","guid":{"rendered":"https:\/\/www.caudete.org\/ayuntamiento\/?page_id=19382"},"modified":"2022-06-21T12:24:24","modified_gmt":"2022-06-21T10:24:24","slug":"anos-anteriores","status":"publish","type":"page","link":"https:\/\/www.caudete.org\/ayuntamiento\/anos-anteriores\/","title":{"rendered":"Certamen Evaristo Ba\u00f1\u00f3n &#8211; A\u00f1os anteriores"},"content":{"rendered":"<p><a href=\"https:\/\/www.caudete.org\/bibliotecadigital\/evaristobanon\/2017\/index.html\">Revista Evaristo Ba\u00f1\u00f3n 2017<\/a><br \/>\n<a href=\"https:\/\/www.caudete.org\/bibliotecadigital\/evaristobanon\/2016\/index.html\">Revista Evaristo Ba\u00f1\u00f3n 2016<\/a><br \/>\n<a href=\"https:\/\/www.caudete.org\/bibliotecadigital\/evaristobanon\/2015\/index.html\">Revista Evaristo Ba\u00f1\u00f3n 2015<\/a><br \/>\n<a href=\"https:\/\/www.caudete.org\/bibliotecadigital\/evaristobanon\/2014\/index.html\">Revista Evaristo Ba\u00f1\u00f3n 2014<\/a><br \/>\n<a href=\"https:\/\/www.caudete.org\/bibliotecadigital\/evaristobanon\/2013\/index.html\">Revista Evaristo Ba\u00f1\u00f3n 2013<\/a><br \/>\n<a href=\"https:\/\/www.caudete.org\/bibliotecadigital\/evaristobanon\/2012\/index.html\">Revista Evaristo Ba\u00f1\u00f3n 2012<\/a><br \/>\n<a href=\"https:\/\/www.caudete.org\/bibliotecadigital\/evaristobanon\/2011\/2011.pdf\" class=\"mtli_attachment mtli_pdf\">Revista Evaristo Ba\u00f1\u00f3n 2011<\/a><br \/>\n<a href=\"https:\/\/www.caudete.org\/ayuntamiento\/wp-content\/uploads\/2022\/06\/Revista-Evaristo-Banon-2010.pdf\" class=\"mtli_attachment mtli_pdf\">Revista Evaristo Ba\u00f1\u00f3n 2010<\/a><br \/>\n<a href=\"https:\/\/www.caudete.org\/ayuntamiento\/wp-content\/uploads\/2022\/06\/Revista-Evaristo-Banon-2009.pdf\" class=\"mtli_attachment mtli_pdf\">Revista Evaristo Ba\u00f1\u00f3n 2009<\/a><br \/>\n<a href=\"https:\/\/www.caudete.org\/ayuntamiento\/wp-content\/uploads\/2022\/06\/Revista-Evaristo-Banon-2008.pdf\" class=\"mtli_attachment mtli_pdf\">Revista Evaristo Ba\u00f1\u00f3n 2008<\/a><br \/>\n<a href=\"https:\/\/www.caudete.org\/ayuntamiento\/wp-content\/uploads\/2022\/06\/Revista-Evaristo-Banon-2007.pdf\" class=\"mtli_attachment mtli_pdf\">Revista Evaristo Ba\u00f1\u00f3n 2007<\/a><br \/>\n<a href=\"https:\/\/www.caudete.org\/ayuntamiento\/wp-content\/uploads\/2022\/06\/Revista-Evaristo-Banon-2006.pdf\" class=\"mtli_attachment mtli_pdf\">Revista Evaristo Ba\u00f1\u00f3n 2006<\/a><br \/>\n<a href=\"https:\/\/www.caudete.org\/ayuntamiento\/wp-content\/uploads\/2022\/06\/Revista-Evaristo-Banon-2005.pdf\" class=\"mtli_attachment mtli_pdf\">Revista Evaristo Ba\u00f1\u00f3n 2005<\/a><br \/>\n<a href=\"https:\/\/www.caudete.org\/ayuntamiento\/wp-content\/uploads\/2022\/06\/Revista-Evaristo-Banon-2004.pdf\" class=\"mtli_attachment mtli_pdf\">Revista Evaristo Ba\u00f1\u00f3n 2004<\/a><br \/>\n<a href=\"https:\/\/www.caudete.org\/ayuntamiento\/wp-content\/uploads\/2022\/06\/Revista-Evaristo-Banon-2003.pdf\" class=\"mtli_attachment mtli_pdf\">Revista Evaristo Ba\u00f1\u00f3n 2003<\/a><br \/>\n<a href=\"https:\/\/www.caudete.org\/ayuntamiento\/wp-content\/uploads\/2022\/06\/Revista-Evaristo-Banon-2002.pdf\" class=\"mtli_attachment mtli_pdf\">Revista Evaristo Ba\u00f1\u00f3n 2002<\/a><br \/>\n<a href=\"https:\/\/www.caudete.org\/ayuntamiento\/wp-content\/uploads\/2022\/06\/Revista-Evaristo-Banon-2001.pdf\" class=\"mtli_attachment mtli_pdf\">Revista Evaristo Ba\u00f1\u00f3n 2001<\/a><br \/>\n<a href=\"https:\/\/www.caudete.org\/ayuntamiento\/wp-content\/uploads\/2022\/06\/Revista-Evaristo-Banon-2000.pdf\" class=\"mtli_attachment mtli_pdf\">Revista Evaristo Ba\u00f1\u00f3n 2000<\/a><br \/>\n<a href=\"https:\/\/www.caudete.org\/ayuntamiento\/wp-content\/uploads\/2022\/06\/Revista-Evaristo-Banon-1999.pdf\" class=\"mtli_attachment mtli_pdf\">Revista Evaristo Ba\u00f1\u00f3n 1999<\/a><br \/>\n<a href=\"https:\/\/www.caudete.org\/ayuntamiento\/wp-content\/uploads\/2022\/06\/Revista-Evaristo-Banon-1998.pdf\" class=\"mtli_attachment mtli_pdf\">Revista Evaristo Ba\u00f1\u00f3n 1998<\/a><br \/>\n<a href=\"https:\/\/www.caudete.org\/ayuntamiento\/wp-content\/uploads\/2022\/06\/Revista-Evaristo-Banon-1997.pdf\" class=\"mtli_attachment mtli_pdf\">Revista Evaristo Ba\u00f1\u00f3n 1997<\/a><\/p>\n","protected":false},"excerpt":{"rendered":"<p>Revista Evaristo Ba\u00f1\u00f3n 2017 Revista Evaristo Ba\u00f1\u00f3n 2016 Revista Evaristo Ba\u00f1\u00f3n 2015 Revista Evaristo Ba\u00f1\u00f3n 2014 Revista Evaristo Ba\u00f1\u00f3n 2013 Revista Evaristo Ba\u00f1\u00f3n 2012 Revista Evaristo Ba\u00f1\u00f3n 2011 Revista Evaristo Ba\u00f1\u00f3n 2010 Revista Evaristo Ba\u00f1\u00f3n 2009 Revista Evaristo Ba\u00f1\u00f3n 2008 Revista Evaristo Ba\u00f1\u00f3n 2007 Revista Evaristo Ba\u00f1\u00f3n 2006 Revista Evaristo Ba\u00f1\u00f3n 2005 Revista Evaristo Ba\u00f1\u00f3n &hellip;<\/p>\n","protected":false},"author":1,"featured_media":0,"parent":0,"menu_order":0,"comment_status":"closed","ping_status":"closed","template":"","meta":{"ngg_post_thumbnail":0,"footnotes":""},"categories":[105],"tags":[],"class_list":["post-19382","page","type-page","status-publish","hentry","category-biblioteca"],"yoast_head":"<!-- This site is optimized with the Yoast SEO plugin v27.5 - https:\/\/yoast.com\/product\/yoast-seo-wordpress\/ -->\n<title>Certamen Evaristo Ba\u00f1\u00f3n - A\u00f1os anteriores - MI Ayuntamiento de Caudete<\/title>\n<meta name=\"description\" content=\"P\u00e1gina Oficial del Ayuntamiento de Caudete (Albacete)\" \/>\n<meta name=\"robots\" content=\"index, follow, max-snippet:-1, max-image-preview:large, max-video-preview:-1\" \/>\n<link rel=\"canonical\" href=\"https:\/\/www.caudete.org\/ayuntamiento\/anos-anteriores\/\" \/>\n<meta property=\"og:locale\" content=\"es_ES\" \/>\n<meta property=\"og:type\" content=\"article\" \/>\n<meta property=\"og:title\" content=\"Certamen Evaristo Ba\u00f1\u00f3n - A\u00f1os anteriores - MI Ayuntamiento de Caudete\" \/>\n<meta property=\"og:description\" content=\"P\u00e1gina Oficial del Ayuntamiento de Caudete (Albacete)\" \/>\n<meta property=\"og:url\" content=\"https:\/\/www.caudete.org\/ayuntamiento\/anos-anteriores\/\" \/>\n<meta property=\"og:site_name\" content=\"MI Ayuntamiento de Caudete\" \/>\n<meta property=\"article:publisher\" content=\"https:\/\/www.facebook.com\/ayuntamientocaudete\/\" \/>\n<meta property=\"article:modified_time\" content=\"2022-06-21T10:24:24+00:00\" \/>\n<meta name=\"twitter:card\" content=\"summary_large_image\" \/>\n<script type=\"application\/ld+json\" class=\"yoast-schema-graph\">{\"@context\":\"https:\\\/\\\/schema.org\",\"@graph\":[{\"@type\":\"WebPage\",\"@id\":\"https:\\\/\\\/www.caudete.org\\\/ayuntamiento\\\/anos-anteriores\\\/\",\"url\":\"https:\\\/\\\/www.caudete.org\\\/ayuntamiento\\\/anos-anteriores\\\/\",\"name\":\"Certamen Evaristo Ba\u00f1\u00f3n - A\u00f1os anteriores - MI Ayuntamiento de Caudete\",\"isPartOf\":{\"@id\":\"https:\\\/\\\/www.caudete.org\\\/ayuntamiento\\\/#website\"},\"datePublished\":\"2022-06-21T08:42:18+00:00\",\"dateModified\":\"2022-06-21T10:24:24+00:00\",\"description\":\"P\u00e1gina Oficial del Ayuntamiento de Caudete (Albacete)\",\"breadcrumb\":{\"@id\":\"https:\\\/\\\/www.caudete.org\\\/ayuntamiento\\\/anos-anteriores\\\/#breadcrumb\"},\"inLanguage\":\"es\",\"potentialAction\":[{\"@type\":\"ReadAction\",\"target\":[\"https:\\\/\\\/www.caudete.org\\\/ayuntamiento\\\/anos-anteriores\\\/\"]}]},{\"@type\":\"BreadcrumbList\",\"@id\":\"https:\\\/\\\/www.caudete.org\\\/ayuntamiento\\\/anos-anteriores\\\/#breadcrumb\",\"itemListElement\":[{\"@type\":\"ListItem\",\"position\":1,\"name\":\"Inicio\",\"item\":\"https:\\\/\\\/www.caudete.org\\\/ayuntamiento\\\/\"},{\"@type\":\"ListItem\",\"position\":2,\"name\":\"Certamen Evaristo Ba\u00f1\u00f3n &#8211; A\u00f1os anteriores\"}]},{\"@type\":\"WebSite\",\"@id\":\"https:\\\/\\\/www.caudete.org\\\/ayuntamiento\\\/#website\",\"url\":\"https:\\\/\\\/www.caudete.org\\\/ayuntamiento\\\/\",\"name\":\"MI Ayuntamiento de Caudete\",\"description\":\"P\u00e1gina Oficial del MI Ayuntamiento de Caudete\",\"potentialAction\":[{\"@type\":\"SearchAction\",\"target\":{\"@type\":\"EntryPoint\",\"urlTemplate\":\"https:\\\/\\\/www.caudete.org\\\/ayuntamiento\\\/?s={search_term_string}\"},\"query-input\":{\"@type\":\"PropertyValueSpecification\",\"valueRequired\":true,\"valueName\":\"search_term_string\"}}],\"inLanguage\":\"es\"}]}<\/script>\n<!-- \/ Yoast SEO plugin. -->","yoast_head_json":{"title":"Certamen Evaristo Ba\u00f1\u00f3n - A\u00f1os anteriores - MI Ayuntamiento de Caudete","description":"P\u00e1gina Oficial del Ayuntamiento de Caudete (Albacete)","robots":{"index":"index","follow":"follow","max-snippet":"max-snippet:-1","max-image-preview":"max-image-preview:large","max-video-preview":"max-video-preview:-1"},"canonical":"https:\/\/www.caudete.org\/ayuntamiento\/anos-anteriores\/","og_locale":"es_ES","og_type":"article","og_title":"Certamen Evaristo Ba\u00f1\u00f3n - A\u00f1os anteriores - MI Ayuntamiento de Caudete","og_description":"P\u00e1gina Oficial del Ayuntamiento de Caudete (Albacete)","og_url":"https:\/\/www.caudete.org\/ayuntamiento\/anos-anteriores\/","og_site_name":"MI Ayuntamiento de Caudete","article_publisher":"https:\/\/www.facebook.com\/ayuntamientocaudete\/","article_modified_time":"2022-06-21T10:24:24+00:00","twitter_card":"summary_large_image","schema":{"@context":"https:\/\/schema.org","@graph":[{"@type":"WebPage","@id":"https:\/\/www.caudete.org\/ayuntamiento\/anos-anteriores\/","url":"https:\/\/www.caudete.org\/ayuntamiento\/anos-anteriores\/","name":"Certamen Evaristo Ba\u00f1\u00f3n - A\u00f1os anteriores - MI Ayuntamiento de Caudete","isPartOf":{"@id":"https:\/\/www.caudete.org\/ayuntamiento\/#website"},"datePublished":"2022-06-21T08:42:18+00:00","dateModified":"2022-06-21T10:24:24+00:00","description":"P\u00e1gina Oficial del Ayuntamiento de Caudete (Albacete)","breadcrumb":{"@id":"https:\/\/www.caudete.org\/ayuntamiento\/anos-anteriores\/#breadcrumb"},"inLanguage":"es","potentialAction":[{"@type":"ReadAction","target":["https:\/\/www.caudete.org\/ayuntamiento\/anos-anteriores\/"]}]},{"@type":"BreadcrumbList","@id":"https:\/\/www.caudete.org\/ayuntamiento\/anos-anteriores\/#breadcrumb","itemListElement":[{"@type":"ListItem","position":1,"name":"Inicio","item":"https:\/\/www.caudete.org\/ayuntamiento\/"},{"@type":"ListItem","position":2,"name":"Certamen Evaristo Ba\u00f1\u00f3n &#8211; A\u00f1os anteriores"}]},{"@type":"WebSite","@id":"https:\/\/www.caudete.org\/ayuntamiento\/#website","url":"https:\/\/www.caudete.org\/ayuntamiento\/","name":"MI Ayuntamiento de Caudete","description":"P\u00e1gina Oficial del MI Ayuntamiento de Caudete","potentialAction":[{"@type":"SearchAction","target":{"@type":"EntryPoint","urlTemplate":"https:\/\/www.caudete.org\/ayuntamiento\/?s={search_term_string}"},"query-input":{"@type":"PropertyValueSpecification","valueRequired":true,"valueName":"search_term_string"}}],"inLanguage":"es"}]}},"_links":{"self":[{"href":"https:\/\/www.caudete.org\/ayuntamiento\/wp-json\/wp\/v2\/pages\/19382","targetHints":{"allow":["GET"]}}],"collection":[{"href":"https:\/\/www.caudete.org\/ayuntamiento\/wp-json\/wp\/v2\/pages"}],"about":[{"href":"https:\/\/www.caudete.org\/ayuntamiento\/wp-json\/wp\/v2\/types\/page"}],"author":[{"embeddable":true,"href":"https:\/\/www.caudete.org\/ayuntamiento\/wp-json\/wp\/v2\/users\/1"}],"replies":[{"embeddable":true,"href":"https:\/\/www.caudete.org\/ayuntamiento\/wp-json\/wp\/v2\/comments?post=19382"}],"version-history":[{"count":10,"href":"https:\/\/www.caudete.org\/ayuntamiento\/wp-json\/wp\/v2\/pages\/19382\/revisions"}],"predecessor-version":[{"id":19407,"href":"https:\/\/www.caudete.org\/ayuntamiento\/wp-json\/wp\/v2\/pages\/19382\/revisions\/19407"}],"wp:attachment":[{"href":"https:\/\/www.caudete.org\/ayuntamiento\/wp-json\/wp\/v2\/media?parent=19382"}],"wp:term":[{"taxonomy":"category","embeddable":true,"href":"https:\/\/www.caudete.org\/ayuntamiento\/wp-json\/wp\/v2\/categories?post=19382"},{"taxonomy":"post_tag","embeddable":true,"href":"https:\/\/www.caudete.org\/ayuntamiento\/wp-json\/wp\/v2\/tags?post=19382"}],"curies":[{"name":"wp","href":"https:\/\/api.w.org\/{rel}","templated":true}]}}