{"id":19415,"date":"2022-06-22T10:55:59","date_gmt":"2022-06-22T08:55:59","guid":{"rendered":"https:\/\/www.caudete.org\/ayuntamiento\/?page_id=19415"},"modified":"2022-06-22T11:04:15","modified_gmt":"2022-06-22T09:04:15","slug":"medio-ambiente-proyecto-clime","status":"publish","type":"page","link":"https:\/\/www.caudete.org\/ayuntamiento\/medio-ambiente-proyecto-clime\/","title":{"rendered":"Medio Ambiente &#8211; Proyecto Clime"},"content":{"rendered":"<p class=\"tm8\"><span class=\"tm9\"><a href=\"https:\/\/www.caudete.org\/ayuntamiento\/wp-content\/uploads\/2022\/06\/banner-superior.jpg\" rel='prettyPhoto'><img fetchpriority=\"high\" decoding=\"async\" class=\"aligncenter size-full wp-image-19416\" src=\"https:\/\/www.caudete.org\/ayuntamiento\/wp-content\/uploads\/2022\/06\/banner-superior.jpg\" alt=\"\" width=\"860\" height=\"172\" srcset=\"https:\/\/www.caudete.org\/ayuntamiento\/wp-content\/uploads\/2022\/06\/banner-superior.jpg 860w, https:\/\/www.caudete.org\/ayuntamiento\/wp-content\/uploads\/2022\/06\/banner-superior-300x60.jpg 300w, https:\/\/www.caudete.org\/ayuntamiento\/wp-content\/uploads\/2022\/06\/banner-superior-768x154.jpg 768w\" sizes=\"(max-width: 860px) 100vw, 860px\" \/><\/a>&nbsp;<\/span><\/p>\n<h2 class=\"tm8\" style=\"text-align: center;\"><span class=\"tm9\">&#8220;UNA MANERA DE HACER EUROPA&#8221;&nbsp;<\/span><\/h2>\n<p class=\"tm8\"><span class=\"tm9\">&nbsp;<\/span><\/p>\n<p class=\"tm8\" style=\"text-align: justify;\"><span class=\"tm9\">Proyecto: <\/span><strong><span class=\"tm13\">Renovaci\u00f3n de las instalaciones de alumbrado p\u00fablico exterior.<\/span><\/strong><\/p>\n<p class=\"tm8\" style=\"text-align: justify;\"><span class=\"tm9\">Subvencionado por el Ministerio para la Transici\u00f3n Ecol\u00f3gica y Reto Demogr\u00e1fico, seg\u00fan la Resoluci\u00f3n del IDAE de fecha 15\/04\/2021 formulada en el contexto del RD 616\/2017, de 16 de junio, por el que se regula la concesi\u00f3n directa de subvenciones a proyectos singulares de entidades locales que favorezcan el paso a una econom\u00eda baja en carbono en el marco del Programa Operativo FEDER de crecimiento sostenible 2014-2020.<\/span><\/p>\n<p class=\"tm8\" style=\"text-align: justify;\"><span class=\"tm9\">Cofinanciado por el <\/span><strong><span class=\"tm14\">FONDO EUROPEO DE DESARROLLO REGIONAL (FEDER<\/span><\/strong><span class=\"tm9\">) en el marco del Programa Operativo de Crecimiento Sostenible 2014-2020, dentro del Objetivo Tem\u00e1tico 4 \u2013 Econom\u00eda Baja en Carbono.<\/span><\/p>\n<p class=\"tm8\" style=\"text-align: justify;\"><span class=\"tm9\">Beneficiario: <\/span><strong><span class=\"tm14\">Ayuntamiento de Caudete<\/span><\/strong><span class=\"tm9\">.<\/span><\/p>\n<p class=\"tm8\" style=\"text-align: justify;\"><span class=\"tm9\">Inversi\u00f3n Total: <\/span><strong><span class=\"tm14\">857.853,97 \u20ac<\/span><\/strong><\/p>\n<p class=\"tm8\" style=\"text-align: justify;\"><span class=\"tm9\">Ayuda del IDAE: <\/span><strong><span class=\"tm14\">686.283,17 \u20ac<\/span><\/strong><\/p>\n<p class=\"tm8\" style=\"text-align: justify;\"><span class=\"tm9\">Aportaci\u00f3n Ayuntamiento: <\/span><strong><span class=\"tm14\">171.570,80 \u20ac<\/span><\/strong><\/p>\n<p class=\"tm8\" style=\"text-align: justify;\"><strong><span class=\"tm14\">Objeto<\/span><\/strong><span class=\"tm9\">: Sustituci\u00f3n de 2.701 luminarias actuales de tecnolog\u00edas obsoletas con l\u00e1mparas de VM, HM, VSAP entre otras, a tecnolog\u00eda LED. Disminuci\u00f3n de la potencia instalada de 442,5 kW a 82,5 kW. Ahorro energ\u00e9tico del 81%. Ahorro de aproximadamente 1.500.000KW\/a\u00f1o<\/span><\/p>\n<p class=\"tm8\"><span class=\"tm9\"> <a href=\"https:\/\/www.caudete.org\/ayuntamiento\/wp-content\/uploads\/2022\/06\/1.jpg\" rel='prettyPhoto'><img decoding=\"async\" class=\"aligncenter size-full wp-image-19417\" src=\"https:\/\/www.caudete.org\/ayuntamiento\/wp-content\/uploads\/2022\/06\/1.jpg\" alt=\"\" width=\"700\" height=\"860\" srcset=\"https:\/\/www.caudete.org\/ayuntamiento\/wp-content\/uploads\/2022\/06\/1.jpg 700w, https:\/\/www.caudete.org\/ayuntamiento\/wp-content\/uploads\/2022\/06\/1-244x300.jpg 244w\" sizes=\"(max-width: 700px) 100vw, 700px\" \/><\/a><\/span><\/p>\n<p class=\"tm8\" style=\"text-align: center;\">Cambio de luminaria tipo vial modelo actual PHILIPS BGP<\/p>\n<p>&nbsp;<\/p>\n<p class=\"tm8\"><span class=\"tm9\"> <a href=\"https:\/\/www.caudete.org\/ayuntamiento\/wp-content\/uploads\/2022\/06\/2.jpg\" rel='prettyPhoto'><img decoding=\"async\" class=\"aligncenter size-full wp-image-19418\" src=\"https:\/\/www.caudete.org\/ayuntamiento\/wp-content\/uploads\/2022\/06\/2.jpg\" alt=\"\" width=\"700\" height=\"286\" srcset=\"https:\/\/www.caudete.org\/ayuntamiento\/wp-content\/uploads\/2022\/06\/2.jpg 700w, https:\/\/www.caudete.org\/ayuntamiento\/wp-content\/uploads\/2022\/06\/2-300x123.jpg 300w\" sizes=\"(max-width: 700px) 100vw, 700px\" \/><\/a><\/span><\/p>\n<p><a href=\"https:\/\/www.caudete.org\/ayuntamiento\/wp-content\/uploads\/2022\/06\/3.jpg\" rel='prettyPhoto'><img loading=\"lazy\" decoding=\"async\" class=\"aligncenter size-full wp-image-19419\" src=\"https:\/\/www.caudete.org\/ayuntamiento\/wp-content\/uploads\/2022\/06\/3.jpg\" alt=\"\" width=\"700\" height=\"306\" srcset=\"https:\/\/www.caudete.org\/ayuntamiento\/wp-content\/uploads\/2022\/06\/3.jpg 700w, https:\/\/www.caudete.org\/ayuntamiento\/wp-content\/uploads\/2022\/06\/3-300x131.jpg 300w, https:\/\/www.caudete.org\/ayuntamiento\/wp-content\/uploads\/2022\/06\/3-411x180.jpg 411w\" sizes=\"(max-width: 700px) 100vw, 700px\" \/><\/a><\/p>\n<p class=\"tm8\">&nbsp;<\/p>\n<p class=\"tm8\" style=\"text-align: center;\"><span class=\"tm9\">&nbsp;<\/span><span class=\"tm9\">Cambio luminaria tipo proyector, actual Neos de Socelec<\/span><\/p>\n<p class=\"tm8\"><span class=\"tm9\">&nbsp;<\/span><span class=\"tm9\">&nbsp;<\/span><\/p>\n<p><a href=\"https:\/\/www.caudete.org\/ayuntamiento\/wp-content\/uploads\/2022\/06\/4a.jpg\" rel='prettyPhoto'><img loading=\"lazy\" decoding=\"async\" class=\"aligncenter size-full wp-image-19427\" src=\"https:\/\/www.caudete.org\/ayuntamiento\/wp-content\/uploads\/2022\/06\/4a.jpg\" alt=\"\" width=\"700\" height=\"388\" srcset=\"https:\/\/www.caudete.org\/ayuntamiento\/wp-content\/uploads\/2022\/06\/4a.jpg 700w, https:\/\/www.caudete.org\/ayuntamiento\/wp-content\/uploads\/2022\/06\/4a-300x166.jpg 300w\" sizes=\"(max-width: 700px) 100vw, 700px\" \/><\/a><\/p>\n<p class=\"tm8\" style=\"text-align: center;\"><span class=\"tm9\">Cambio luminaria tipo proyector, actual Neos de Socelec<\/span><\/p>\n<p>&nbsp;<\/p>\n<p class=\"tm8\"><span class=\"tm9\"> <a href=\"https:\/\/www.caudete.org\/ayuntamiento\/wp-content\/uploads\/2022\/06\/5.jpg\" rel='prettyPhoto'><img loading=\"lazy\" decoding=\"async\" class=\"aligncenter size-full wp-image-19421\" src=\"https:\/\/www.caudete.org\/ayuntamiento\/wp-content\/uploads\/2022\/06\/5.jpg\" alt=\"\" width=\"473\" height=\"630\" srcset=\"https:\/\/www.caudete.org\/ayuntamiento\/wp-content\/uploads\/2022\/06\/5.jpg 473w, https:\/\/www.caudete.org\/ayuntamiento\/wp-content\/uploads\/2022\/06\/5-225x300.jpg 225w\" sizes=\"(max-width: 473px) 100vw, 473px\" \/><\/a><\/span><\/p>\n<p><a href=\"https:\/\/www.caudete.org\/ayuntamiento\/wp-content\/uploads\/2022\/06\/6.jpg\" rel='prettyPhoto'><img loading=\"lazy\" decoding=\"async\" class=\"aligncenter size-full wp-image-19422\" src=\"https:\/\/www.caudete.org\/ayuntamiento\/wp-content\/uploads\/2022\/06\/6.jpg\" alt=\"\" width=\"700\" height=\"493\" srcset=\"https:\/\/www.caudete.org\/ayuntamiento\/wp-content\/uploads\/2022\/06\/6.jpg 700w, https:\/\/www.caudete.org\/ayuntamiento\/wp-content\/uploads\/2022\/06\/6-300x211.jpg 300w\" sizes=\"(max-width: 700px) 100vw, 700px\" \/><\/a><\/p>\n<p class=\"tm8\" style=\"text-align: center;\"><span class=\"tm9\">&nbsp;<\/span><span class=\"tm9\">&nbsp;Ca<\/span><span class=\"tm9\">mbio luminaria tipo farol fernandino, actual BO de Socelec<\/span><\/p>\n<p class=\"tm8\">&nbsp;<\/p>\n<p class=\"tm8\"><a href=\"https:\/\/www.caudete.org\/ayuntamiento\/wp-content\/uploads\/2022\/06\/7.jpg\" rel='prettyPhoto'><img loading=\"lazy\" decoding=\"async\" class=\"aligncenter size-full wp-image-19423\" src=\"https:\/\/www.caudete.org\/ayuntamiento\/wp-content\/uploads\/2022\/06\/7.jpg\" alt=\"\" width=\"475\" height=\"667\" srcset=\"https:\/\/www.caudete.org\/ayuntamiento\/wp-content\/uploads\/2022\/06\/7.jpg 475w, https:\/\/www.caudete.org\/ayuntamiento\/wp-content\/uploads\/2022\/06\/7-214x300.jpg 214w\" sizes=\"(max-width: 475px) 100vw, 475px\" \/><\/a><\/p>\n<p><a href=\"https:\/\/www.caudete.org\/ayuntamiento\/wp-content\/uploads\/2022\/06\/8.jpg\" rel='prettyPhoto'><img loading=\"lazy\" decoding=\"async\" class=\"aligncenter size-full wp-image-19424\" src=\"https:\/\/www.caudete.org\/ayuntamiento\/wp-content\/uploads\/2022\/06\/8.jpg\" alt=\"\" width=\"700\" height=\"414\" srcset=\"https:\/\/www.caudete.org\/ayuntamiento\/wp-content\/uploads\/2022\/06\/8.jpg 700w, https:\/\/www.caudete.org\/ayuntamiento\/wp-content\/uploads\/2022\/06\/8-300x177.jpg 300w\" sizes=\"(max-width: 700px) 100vw, 700px\" \/><\/a><\/p>\n<p class=\"tm8\" style=\"text-align: center;\"><span class=\"tm9\">Cambio luminaria tipo farol villa, actual BO de Socelec<\/span><\/p>\n<p class=\"tm8\"><span class=\"tm9\">&nbsp;<\/span><\/p>\n<p class=\"tm8\"><span class=\"tm9\"> <a href=\"https:\/\/www.caudete.org\/ayuntamiento\/wp-content\/uploads\/2022\/06\/9.jpg\" rel='prettyPhoto'><img loading=\"lazy\" decoding=\"async\" class=\"aligncenter size-full wp-image-19425\" src=\"https:\/\/www.caudete.org\/ayuntamiento\/wp-content\/uploads\/2022\/06\/9.jpg\" alt=\"\" width=\"456\" height=\"602\" srcset=\"https:\/\/www.caudete.org\/ayuntamiento\/wp-content\/uploads\/2022\/06\/9.jpg 456w, https:\/\/www.caudete.org\/ayuntamiento\/wp-content\/uploads\/2022\/06\/9-227x300.jpg 227w\" sizes=\"(max-width: 456px) 100vw, 456px\" \/><\/a><\/span><\/p>\n<p><a href=\"https:\/\/www.caudete.org\/ayuntamiento\/wp-content\/uploads\/2022\/06\/10.jpg\" rel='prettyPhoto'><img loading=\"lazy\" decoding=\"async\" class=\"aligncenter size-full wp-image-19426\" src=\"https:\/\/www.caudete.org\/ayuntamiento\/wp-content\/uploads\/2022\/06\/10.jpg\" alt=\"\" width=\"670\" height=\"515\" srcset=\"https:\/\/www.caudete.org\/ayuntamiento\/wp-content\/uploads\/2022\/06\/10.jpg 670w, https:\/\/www.caudete.org\/ayuntamiento\/wp-content\/uploads\/2022\/06\/10-300x231.jpg 300w\" sizes=\"(max-width: 670px) 100vw, 670px\" \/><\/a><\/p>\n<p class=\"tm8\" style=\"text-align: center;\"><span class=\"tm9\">Cambio luminaria tipo globo, actual luminaria Kazu de Socelec<\/span><\/p>\n<p class=\"Normal\">&nbsp;<\/p>\n","protected":false},"excerpt":{"rendered":"<p>&nbsp; &#8220;UNA MANERA DE HACER EUROPA&#8221;&nbsp; &nbsp; Proyecto: Renovaci\u00f3n de las instalaciones de alumbrado p\u00fablico exterior. Subvencionado por el Ministerio para la Transici\u00f3n Ecol\u00f3gica y Reto Demogr\u00e1fico, seg\u00fan la Resoluci\u00f3n del IDAE de fecha 15\/04\/2021 formulada en el contexto del RD 616\/2017, de 16 de junio, por el que se regula la concesi\u00f3n directa de &hellip;<\/p>\n","protected":false},"author":1,"featured_media":0,"parent":0,"menu_order":0,"comment_status":"closed","ping_status":"closed","template":"","meta":{"ngg_post_thumbnail":0,"footnotes":""},"categories":[29],"tags":[],"class_list":["post-19415","page","type-page","status-publish","hentry","category-medio-ambiente"],"yoast_head":"<!-- This site is optimized with the Yoast SEO plugin v27.5 - https:\/\/yoast.com\/product\/yoast-seo-wordpress\/ -->\n<title>Medio Ambiente - Proyecto Clime - MI Ayuntamiento de Caudete<\/title>\n<meta name=\"description\" content=\"P\u00e1gina Oficial del Ayuntamiento de Caudete (Albacete)\" \/>\n<meta name=\"robots\" content=\"index, follow, max-snippet:-1, max-image-preview:large, max-video-preview:-1\" \/>\n<link rel=\"canonical\" href=\"https:\/\/www.caudete.org\/ayuntamiento\/medio-ambiente-proyecto-clime\/\" \/>\n<meta property=\"og:locale\" content=\"es_ES\" \/>\n<meta property=\"og:type\" content=\"article\" \/>\n<meta property=\"og:title\" content=\"Medio Ambiente - Proyecto Clime - MI Ayuntamiento de Caudete\" \/>\n<meta property=\"og:description\" content=\"P\u00e1gina Oficial del Ayuntamiento de Caudete (Albacete)\" \/>\n<meta property=\"og:url\" content=\"https:\/\/www.caudete.org\/ayuntamiento\/medio-ambiente-proyecto-clime\/\" \/>\n<meta property=\"og:site_name\" content=\"MI Ayuntamiento de Caudete\" \/>\n<meta property=\"article:publisher\" content=\"https:\/\/www.facebook.com\/ayuntamientocaudete\/\" \/>\n<meta property=\"article:modified_time\" content=\"2022-06-22T09:04:15+00:00\" \/>\n<meta property=\"og:image\" content=\"https:\/\/www.caudete.org\/ayuntamiento\/wp-content\/uploads\/2022\/06\/banner-superior.jpg\" \/>\n<meta name=\"twitter:card\" content=\"summary_large_image\" \/>\n<meta name=\"twitter:label1\" content=\"Tiempo de lectura\" \/>\n\t<meta name=\"twitter:data1\" content=\"4 minutos\" \/>\n<script type=\"application\/ld+json\" class=\"yoast-schema-graph\">{\"@context\":\"https:\\\/\\\/schema.org\",\"@graph\":[{\"@type\":\"WebPage\",\"@id\":\"https:\\\/\\\/www.caudete.org\\\/ayuntamiento\\\/medio-ambiente-proyecto-clime\\\/\",\"url\":\"https:\\\/\\\/www.caudete.org\\\/ayuntamiento\\\/medio-ambiente-proyecto-clime\\\/\",\"name\":\"Medio Ambiente - Proyecto Clime - MI Ayuntamiento de Caudete\",\"isPartOf\":{\"@id\":\"https:\\\/\\\/www.caudete.org\\\/ayuntamiento\\\/#website\"},\"primaryImageOfPage\":{\"@id\":\"https:\\\/\\\/www.caudete.org\\\/ayuntamiento\\\/medio-ambiente-proyecto-clime\\\/#primaryimage\"},\"image\":{\"@id\":\"https:\\\/\\\/www.caudete.org\\\/ayuntamiento\\\/medio-ambiente-proyecto-clime\\\/#primaryimage\"},\"thumbnailUrl\":\"https:\\\/\\\/www.caudete.org\\\/ayuntamiento\\\/wp-content\\\/uploads\\\/2022\\\/06\\\/banner-superior.jpg\",\"datePublished\":\"2022-06-22T08:55:59+00:00\",\"dateModified\":\"2022-06-22T09:04:15+00:00\",\"description\":\"P\u00e1gina Oficial del Ayuntamiento de Caudete (Albacete)\",\"breadcrumb\":{\"@id\":\"https:\\\/\\\/www.caudete.org\\\/ayuntamiento\\\/medio-ambiente-proyecto-clime\\\/#breadcrumb\"},\"inLanguage\":\"es\",\"potentialAction\":[{\"@type\":\"ReadAction\",\"target\":[\"https:\\\/\\\/www.caudete.org\\\/ayuntamiento\\\/medio-ambiente-proyecto-clime\\\/\"]}]},{\"@type\":\"ImageObject\",\"inLanguage\":\"es\",\"@id\":\"https:\\\/\\\/www.caudete.org\\\/ayuntamiento\\\/medio-ambiente-proyecto-clime\\\/#primaryimage\",\"url\":\"https:\\\/\\\/www.caudete.org\\\/ayuntamiento\\\/wp-content\\\/uploads\\\/2022\\\/06\\\/banner-superior.jpg\",\"contentUrl\":\"https:\\\/\\\/www.caudete.org\\\/ayuntamiento\\\/wp-content\\\/uploads\\\/2022\\\/06\\\/banner-superior.jpg\",\"width\":860,\"height\":172},{\"@type\":\"BreadcrumbList\",\"@id\":\"https:\\\/\\\/www.caudete.org\\\/ayuntamiento\\\/medio-ambiente-proyecto-clime\\\/#breadcrumb\",\"itemListElement\":[{\"@type\":\"ListItem\",\"position\":1,\"name\":\"Inicio\",\"item\":\"https:\\\/\\\/www.caudete.org\\\/ayuntamiento\\\/\"},{\"@type\":\"ListItem\",\"position\":2,\"name\":\"Medio Ambiente &#8211; Proyecto Clime\"}]},{\"@type\":\"WebSite\",\"@id\":\"https:\\\/\\\/www.caudete.org\\\/ayuntamiento\\\/#website\",\"url\":\"https:\\\/\\\/www.caudete.org\\\/ayuntamiento\\\/\",\"name\":\"MI Ayuntamiento de Caudete\",\"description\":\"P\u00e1gina Oficial del MI Ayuntamiento de Caudete\",\"potentialAction\":[{\"@type\":\"SearchAction\",\"target\":{\"@type\":\"EntryPoint\",\"urlTemplate\":\"https:\\\/\\\/www.caudete.org\\\/ayuntamiento\\\/?s={search_term_string}\"},\"query-input\":{\"@type\":\"PropertyValueSpecification\",\"valueRequired\":true,\"valueName\":\"search_term_string\"}}],\"inLanguage\":\"es\"}]}<\/script>\n<!-- \/ Yoast SEO plugin. -->","yoast_head_json":{"title":"Medio Ambiente - Proyecto Clime - MI Ayuntamiento de Caudete","description":"P\u00e1gina Oficial del Ayuntamiento de Caudete (Albacete)","robots":{"index":"index","follow":"follow","max-snippet":"max-snippet:-1","max-image-preview":"max-image-preview:large","max-video-preview":"max-video-preview:-1"},"canonical":"https:\/\/www.caudete.org\/ayuntamiento\/medio-ambiente-proyecto-clime\/","og_locale":"es_ES","og_type":"article","og_title":"Medio Ambiente - Proyecto Clime - MI Ayuntamiento de Caudete","og_description":"P\u00e1gina Oficial del Ayuntamiento de Caudete (Albacete)","og_url":"https:\/\/www.caudete.org\/ayuntamiento\/medio-ambiente-proyecto-clime\/","og_site_name":"MI Ayuntamiento de Caudete","article_publisher":"https:\/\/www.facebook.com\/ayuntamientocaudete\/","article_modified_time":"2022-06-22T09:04:15+00:00","og_image":[{"url":"https:\/\/www.caudete.org\/ayuntamiento\/wp-content\/uploads\/2022\/06\/banner-superior.jpg","type":"","width":"","height":""}],"twitter_card":"summary_large_image","twitter_misc":{"Tiempo de lectura":"4 minutos"},"schema":{"@context":"https:\/\/schema.org","@graph":[{"@type":"WebPage","@id":"https:\/\/www.caudete.org\/ayuntamiento\/medio-ambiente-proyecto-clime\/","url":"https:\/\/www.caudete.org\/ayuntamiento\/medio-ambiente-proyecto-clime\/","name":"Medio Ambiente - Proyecto Clime - MI Ayuntamiento de Caudete","isPartOf":{"@id":"https:\/\/www.caudete.org\/ayuntamiento\/#website"},"primaryImageOfPage":{"@id":"https:\/\/www.caudete.org\/ayuntamiento\/medio-ambiente-proyecto-clime\/#primaryimage"},"image":{"@id":"https:\/\/www.caudete.org\/ayuntamiento\/medio-ambiente-proyecto-clime\/#primaryimage"},"thumbnailUrl":"https:\/\/www.caudete.org\/ayuntamiento\/wp-content\/uploads\/2022\/06\/banner-superior.jpg","datePublished":"2022-06-22T08:55:59+00:00","dateModified":"2022-06-22T09:04:15+00:00","description":"P\u00e1gina Oficial del Ayuntamiento de Caudete (Albacete)","breadcrumb":{"@id":"https:\/\/www.caudete.org\/ayuntamiento\/medio-ambiente-proyecto-clime\/#breadcrumb"},"inLanguage":"es","potentialAction":[{"@type":"ReadAction","target":["https:\/\/www.caudete.org\/ayuntamiento\/medio-ambiente-proyecto-clime\/"]}]},{"@type":"ImageObject","inLanguage":"es","@id":"https:\/\/www.caudete.org\/ayuntamiento\/medio-ambiente-proyecto-clime\/#primaryimage","url":"https:\/\/www.caudete.org\/ayuntamiento\/wp-content\/uploads\/2022\/06\/banner-superior.jpg","contentUrl":"https:\/\/www.caudete.org\/ayuntamiento\/wp-content\/uploads\/2022\/06\/banner-superior.jpg","width":860,"height":172},{"@type":"BreadcrumbList","@id":"https:\/\/www.caudete.org\/ayuntamiento\/medio-ambiente-proyecto-clime\/#breadcrumb","itemListElement":[{"@type":"ListItem","position":1,"name":"Inicio","item":"https:\/\/www.caudete.org\/ayuntamiento\/"},{"@type":"ListItem","position":2,"name":"Medio Ambiente &#8211; Proyecto Clime"}]},{"@type":"WebSite","@id":"https:\/\/www.caudete.org\/ayuntamiento\/#website","url":"https:\/\/www.caudete.org\/ayuntamiento\/","name":"MI Ayuntamiento de Caudete","description":"P\u00e1gina Oficial del MI Ayuntamiento de Caudete","potentialAction":[{"@type":"SearchAction","target":{"@type":"EntryPoint","urlTemplate":"https:\/\/www.caudete.org\/ayuntamiento\/?s={search_term_string}"},"query-input":{"@type":"PropertyValueSpecification","valueRequired":true,"valueName":"search_term_string"}}],"inLanguage":"es"}]}},"_links":{"self":[{"href":"https:\/\/www.caudete.org\/ayuntamiento\/wp-json\/wp\/v2\/pages\/19415","targetHints":{"allow":["GET"]}}],"collection":[{"href":"https:\/\/www.caudete.org\/ayuntamiento\/wp-json\/wp\/v2\/pages"}],"about":[{"href":"https:\/\/www.caudete.org\/ayuntamiento\/wp-json\/wp\/v2\/types\/page"}],"author":[{"embeddable":true,"href":"https:\/\/www.caudete.org\/ayuntamiento\/wp-json\/wp\/v2\/users\/1"}],"replies":[{"embeddable":true,"href":"https:\/\/www.caudete.org\/ayuntamiento\/wp-json\/wp\/v2\/comments?post=19415"}],"version-history":[{"count":1,"href":"https:\/\/www.caudete.org\/ayuntamiento\/wp-json\/wp\/v2\/pages\/19415\/revisions"}],"predecessor-version":[{"id":19428,"href":"https:\/\/www.caudete.org\/ayuntamiento\/wp-json\/wp\/v2\/pages\/19415\/revisions\/19428"}],"wp:attachment":[{"href":"https:\/\/www.caudete.org\/ayuntamiento\/wp-json\/wp\/v2\/media?parent=19415"}],"wp:term":[{"taxonomy":"category","embeddable":true,"href":"https:\/\/www.caudete.org\/ayuntamiento\/wp-json\/wp\/v2\/categories?post=19415"},{"taxonomy":"post_tag","embeddable":true,"href":"https:\/\/www.caudete.org\/ayuntamiento\/wp-json\/wp\/v2\/tags?post=19415"}],"curies":[{"name":"wp","href":"https:\/\/api.w.org\/{rel}","templated":true}]}}