{"id":23234,"date":"2023-08-31T12:26:27","date_gmt":"2023-08-31T10:26:27","guid":{"rendered":"https:\/\/www.caudete.org\/ayuntamiento\/?page_id=23234"},"modified":"2023-08-31T14:59:30","modified_gmt":"2023-08-31T12:59:30","slug":"desarrollo-local-acreditacion-educacion-adultos-2021-2023","status":"publish","type":"page","link":"https:\/\/www.caudete.org\/ayuntamiento\/desarrollo-local-acreditacion-educacion-adultos-2021-2023\/","title":{"rendered":"Desarrollo Local &#8211; Acreditaci\u00f3n Educaci\u00f3n Adultos 2021-2023"},"content":{"rendered":"<p>En el marco de la Acreditaci\u00f3n Erasmus+ en el sector de Educaci\u00f3n de Personas Adultas obtenida en 2020 por el Ayuntamiento de Caudete, para avanzar en la estrategia de internacionalizaci\u00f3n de la educaci\u00f3n no formal de adultos que se imparte en el municipio a trav\u00e9s del programa Erasmus+, el Ayuntamiento obtuvo por primera vez financiaci\u00f3n en la convocatoria de 2021, un total de 46.303\u20ac que han permitido trabajar en el desarrollo de los objetivos planteados por la entidad local a largo plazo y para cuya consecuci\u00f3n se solicit\u00f3 y obtuvo la acreditaci\u00f3n, que garantiza una financiaci\u00f3n anual hasta, al menos, 2027:<\/p>\n<p>\u2022 Promover la movilidad europea del personal y alumnado adulto de la Biblioteca Municipal, Universidad Popular, Escuela Municipal de M\u00fasica y Danza, y de cualquier otra ense\u00f1anza para poblaci\u00f3n adulta que pudiera impartirse.<br \/>\n\u2022 Promover el aprendizaje de idiomas y el multiling\u00fcismo de alumnado y profesorado de ense\u00f1anzas no formales de adultos.<br \/>\n\u2022 Favorecer la incorporaci\u00f3n de la perspectiva europea en la educaci\u00f3n.<br \/>\n\u2022 Favorecer la transparencia y el reconocimiento de capacidades y cualificaciones a nivel europeo mediante la utilizaci\u00f3n de instrumentos comunes como Europass.<br \/>\n\u2022 Contribuir a la transici\u00f3n verde y digital, fomentando el uso de tecnolog\u00edas digitales y plataformas de cooperaci\u00f3n puestas a disposici\u00f3n en el marco de Erasmus y medios de transporte sostenibles.<br \/>\n\u2022 Avanzar hacia sociedades m\u00e1s inclusivas, facilitando la participaci\u00f3n en nuestros proyectos de personas con discapacidad o en situaci\u00f3n de vulnerabilidad.<br \/>\n\u2022 Favorecer el desarrollo estrat\u00e9gico de nuestra organizaci\u00f3n en el contexto europeo y en el sector de educaci\u00f3n no formal de adultos.<br \/>\n\u2022 Promover el conocimiento y puesta en valor de la cultura y el patrimonio cultural europeo.<br \/>\n\u2022 Promover el aprendizaje a lo largo de la vida y la adquisici\u00f3n de competencias clave.<\/p>\n<p>En l\u00ednea con estos objetivos, las actividades desarrolladas en el proyecto 2021-1-ES01-KA121-ADU-000007046, entre septiembre de 2021 y agosto de 2023, han sido amplias y variadas: un total de 45 movilidades, incluyendo actividades de observaci\u00f3n de pr\u00e1cticas de trabajo por parte de personal directivo, formador, pol\u00edtico y de gesti\u00f3n del Ayuntamiento de Caudete, movilidades de grupos de alumnado adulto as\u00ed como movilidades de aprendizaje individual, movilidades de acompa\u00f1amiento y expertos invitados. Adem\u00e1s, el ayuntamiento ha sido entidad de acogida de personal de socios hom\u00f3logos europeos que trabajan tambi\u00e9n en el marco de la Acreditaci\u00f3n en el sector de Educaci\u00f3n de Adultos, y ha apoyado a socios sin experiencia en sus inicios en el programa.<\/p>\n<p>En concreto, el profesorado de la Escuela Municipal de M\u00fasica y Danza ha realizado actividades de observaci\u00f3n de pr\u00e1cticas de trabajo en dos escuelas de m\u00fasica que trabajan en la ense\u00f1anza no formal de adultos. Por un lado, 4 profesoras, de las ense\u00f1anzas de Canto, Piano, Clarinete y Danza, estuvieron en la Musik-Tanz-und Kunstschule de Bannewitz (Alemania). Esta entidad tambi\u00e9n cuenta con la Acreditaci\u00f3n Erasmus+ en el sector de Educaci\u00f3n de Adultos, y profesorado y personal de gesti\u00f3n de la misma fue asimismo acogido por la EMMD Caudete en el marco de una actividad de Job-Shadowing financiada por el proyecto acreditado de la entidad alemana, que tambi\u00e9n permiti\u00f3 la realizaci\u00f3n de 2 actividades de docencia en la especialidad de canto dirigidas al alumnado y profesorado adulto de nuestra escuela. La colaboraci\u00f3n entre las dos entidades se enmarca, por tanto, en las Acreditaci\u00f3n Erasmus con que cuentan ambas escuelas de m\u00fasica y danza y nos permite desarrollar una colaboraci\u00f3n a largo plazo ajustada a las necesidades de ambos centros. Por otro lado, 3 profesores de la escuela de m\u00fasica municipal estuvieron en Music-Halle, Toulouse (Francia). Esta \u201c\u00c9cole des Musiques Vivaces\u201d les permiti\u00f3 participar en diferentes talleres y clases de muy diversa tem\u00e1tica musical que han sido muy bien valorados por los participantes y que trasladar\u00e1n a su pr\u00e1ctica docente en nuestro centro. Tambi\u00e9n con este centro pretendemos seguir colaborando de forma estable y les apoyaremos en sus inicios en el programa. Por \u00faltimo, 2 profesores de la escuela viajaron a Castleblayney (Irlanda) y pudieron conocer el patrimonio musical irland\u00e9s de la mano de Castleblayney Community Enterprise, nuestra entidad socia en el municipio.<\/p>\n<p>La directora de la Biblioteca Municipal Ana Mar\u00eda Matute y la directora de la Universidad Popular realizaron, por su parte, sendas actividades de observaci\u00f3n de pr\u00e1cticas de trabajo tambi\u00e9n en este municipio irland\u00e9s en dos entidades, la Monaghan County Council Library y el Iontas Arts, Theatre &amp; Community Centre, que les permitieron conocer la red de bibliotecas del condado, por un lado, y diversos programas culturales de la comunidad local por otro, incluyendo cursos de acuarela para mayores y un interesante Festival de Teatro Amateur organizado por personas voluntarias a nivel local, pero que forma parte de una red nacional de festivales, con buenas pr\u00e1cticas muy relevantes para poder trasladar a nuestro contexto y \u00e1mbito de trabajo.<\/p>\n<p>Tambi\u00e9n 2 alumnos de los cursos de corte y confecci\u00f3n de la Universidad Popular han realizado movilidades de aprendizaje individual en Irlanda, conociendo artesanos textiles locales y participando en un taller de costura.<\/p>\n<p>Castleblayney Community Enterprise es una entidad sin \u00e1nimo de lucro que impulsa actividades de desarrollo de la comunidad local. Con el apoyo del Ayuntamiento de Caudete ha obtenido su primer proyecto Erasmus+ en el sector de Educaci\u00f3n de Adultos en la convocatoria 2023, y enviar\u00e1 a su personal y alumnado de acuarela a nuestro municipio. Tambi\u00e9n en el marco de nuestro proyecto hemos contado con un miembro del patronato de esta entidad como experto invitado.<\/p>\n<p>Profesorado y personal directivo de la Universidad Popular realiz\u00f3, asimismo, una actividad de observaci\u00f3n de pr\u00e1cticas de trabajo en la entidad InArte Fabriano, de Fabriano (Italia) que ofrece ense\u00f1anzas no formales de acuarela y organiza, al igual que Caudete, una prestigiosa bienal internacional de acuarela. La colaboraci\u00f3n entre las dos entidades en el marco del programa va a ser amplia y sostenida en el tiempo. En este sentido, el proyecto incluy\u00f3 tambi\u00e9n 2 movilidades de expertos invitados de la entidad italiana que vinieron a nuestro municipio a compartir su conocimiento y experiencia en la ense\u00f1anza no formal del arte de la acuarela, y 3 alumnas de los cursos de acuarela de la Universidad Popular han realizado movilidades de aprendizaje individual en esta entidad italiana, aprendiendo nuevas t\u00e9cnicas de acuarela y uso del papel, y han podido conocer el rico patrimonio cultural de Fabriano.<\/p>\n<p>La Biblioteca Municipal envi\u00f3, por su parte, a un grupo de 10 personas adultas inscritas en el Club de Lectura de Teatro a Lecce, Italia, a realizar un taller de teatro de la mano del artista y formador Simone Martino Franco, de la Ass. Cult. Multidisciplinary Art. Las diez mujeres participantes tuvieron la experiencia de un aprendizaje innovador: a trav\u00e9s de la poes\u00eda, la m\u00fasica, la improvisaci\u00f3n y la figura de Vittorio Bodini, famoso hispanista y traductor, trabajaron la voz como herramienta de comunicaci\u00f3n, usando distintos registros, apoy\u00e1ndose en el lenguaje corporal, as\u00ed como el movimiento en el espacio esc\u00e9nico, y tuvieron un inmersi\u00f3n cultural literaria en la considerada como Florencia del sur de Italia. El formador de esta actividad tambi\u00e9n realiz\u00f3 una movilidad como experto invitado a nuestro municipio, compartiendo con la comunidad educativa de la Casa de Cultura su experiencia y conocimiento, que fue aplicado a la preparaci\u00f3n de una escenificaci\u00f3n teatral realizar por adultos inscritos en los clubes de lectura de la entidad local dentro del programa cultural estival \u201cX Las Lunas\u201d del Ayuntamiento de Caudete.<\/p>\n<p>Tambi\u00e9n 3 personas inscritas en el Club de Lectura de ACAFEM (Asociaci\u00f3n Caudete de Familiares de Enfermos Mentales) realizaron con este artista un Laboratorio de Armon\u00eda en Lecce (Italia), para trabajar la autoestima, diversidad, la conciencia cultural y la creatividad.<\/p>\n<p>Por \u00faltimo, responsables pol\u00edticos de las concejal\u00edas de Bienestar Social y Cultura, junto con la directora de la Biblioteca Municipal y la coordinadora Erasmus del Ayuntamiento de Caudete viajaron a Helsinki (Finlandia), acogidos por la red de bibliotecas de la Helsinki City Library, para conocer uno de los sistemas p\u00fablicos de bibliotecas m\u00e1s reputados y desarrollados del mundo.<\/p>\n<p>Las actividades de este proyecto han sido difundidas en el apartado de noticias de la web municipal, en prensa local e internacional, redes sociales y eventos espec\u00edficos como el InfoDay ErasmusDays 2022, o el que tendr\u00e1 lugar el pr\u00f3ximo d\u00eda 10 de octubre de 2023 en el Museo Rafael Requena, de la Casa de Cultura de Caudete .<\/p>\n<p><a href=\"https:\/\/www.erasmusdays.eu\/event\/info-day-erasmus-caudete-acredited-in-school-vet-and-adult-education\/\" target=\"_blank\" rel=\"nofollow\">https:\/\/www.erasmusdays.eu\/event\/info-day-erasmus-caudete-acredited-in-school-vet-and-adult-education\/<\/a><\/p>\n<blockquote class=\"wp-embedded-content\" data-secret=\"EQaJNlbCfT\"><p><a href=\"https:\/\/www.caudete.org\/ayuntamiento\/caudeteneuropa-recibe-46-000e-para-movilidad-erasmus-adultos\/\">CAUDETEnEUROPA: recibe 46.000\u20ac para movilidad ERASMUS+ Adultos<\/a><\/p><\/blockquote>\n<p><iframe class=\"wp-embedded-content\" sandbox=\"allow-scripts\" security=\"restricted\" style=\"position: absolute; clip: rect(1px, 1px, 1px, 1px);\" title=\"\u00abCAUDETEnEUROPA: recibe 46.000\u20ac para movilidad ERASMUS+ Adultos\u00bb \u2014 Ayuntamiento de Caudete\" src=\"https:\/\/www.caudete.org\/ayuntamiento\/caudeteneuropa-recibe-46-000e-para-movilidad-erasmus-adultos\/embed\/#?secret=SlkHwd0fHc#?secret=EQaJNlbCfT\" data-secret=\"EQaJNlbCfT\" width=\"600\" height=\"338\" frameborder=\"0\" marginwidth=\"0\" marginheight=\"0\" scrolling=\"no\"><\/iframe><\/p>\n<blockquote class=\"wp-embedded-content\" data-secret=\"xfn5WicByL\"><p><a href=\"https:\/\/www.caudete.org\/ayuntamiento\/caudeteemeuropa-el-club-de-lectura-de-teatro-de-la-biblioteca-viajara-italia-con-el-programa-erasmus\/\">CaudeteEnEUROPA: el Club de Lectura de Teatro de la biblioteca viajar\u00e1 a Italia con el programa Erasmus+<\/a><\/p><\/blockquote>\n<p><iframe class=\"wp-embedded-content\" sandbox=\"allow-scripts\" security=\"restricted\" style=\"position: absolute; clip: rect(1px, 1px, 1px, 1px);\" title=\"\u00abCaudeteEnEUROPA: el Club de Lectura de Teatro de la biblioteca viajar\u00e1 a Italia con el programa Erasmus+\u00bb \u2014 Ayuntamiento de Caudete\" src=\"https:\/\/www.caudete.org\/ayuntamiento\/caudeteemeuropa-el-club-de-lectura-de-teatro-de-la-biblioteca-viajara-italia-con-el-programa-erasmus\/embed\/#?secret=qJS95EtmkU#?secret=xfn5WicByL\" data-secret=\"xfn5WicByL\" width=\"600\" height=\"338\" frameborder=\"0\" marginwidth=\"0\" marginheight=\"0\" scrolling=\"no\"><\/iframe><\/p>\n<blockquote class=\"wp-embedded-content\" data-secret=\"J6RwHE45U6\"><p><a href=\"https:\/\/www.caudete.org\/ayuntamiento\/erasmus-bannewitz-escuela-municipal-de-musica-y-danza\/\">CaudeteEnEUROPA: conoce el Erasmus Bannewitz de la Escuela Municipal de M\u00fasica y Danza<\/a><\/p><\/blockquote>\n<p><iframe class=\"wp-embedded-content\" sandbox=\"allow-scripts\" security=\"restricted\" style=\"position: absolute; clip: rect(1px, 1px, 1px, 1px);\" title=\"\u00abCaudeteEnEUROPA: conoce el Erasmus Bannewitz de la Escuela Municipal de M\u00fasica y Danza\u00bb \u2014 Ayuntamiento de Caudete\" src=\"https:\/\/www.caudete.org\/ayuntamiento\/erasmus-bannewitz-escuela-municipal-de-musica-y-danza\/embed\/#?secret=rE5hyKItYY#?secret=J6RwHE45U6\" data-secret=\"J6RwHE45U6\" width=\"600\" height=\"338\" frameborder=\"0\" marginwidth=\"0\" marginheight=\"0\" scrolling=\"no\"><\/iframe><\/p>\n<blockquote class=\"wp-embedded-content\" data-secret=\"P91K9wuxGM\"><p><a href=\"https:\/\/www.caudete.org\/ayuntamiento\/caudeteneuropa-el-club-de-lectura-de-teatro-27-de-marzo-viaja-a-italia-con-el-programa-erasmus\/\">CaudetEnEUROPA: el Club de Lectura de Teatro &#8220;27 de marzo&#8221; viaja a ITALIA con el programa ERASMUS+<\/a><\/p><\/blockquote>\n<p><iframe class=\"wp-embedded-content\" sandbox=\"allow-scripts\" security=\"restricted\" style=\"position: absolute; clip: rect(1px, 1px, 1px, 1px);\" title=\"\u00abCaudetEnEUROPA: el Club de Lectura de Teatro &#8220;27 de marzo&#8221; viaja a ITALIA con el programa ERASMUS+\u00bb \u2014 Ayuntamiento de Caudete\" src=\"https:\/\/www.caudete.org\/ayuntamiento\/caudeteneuropa-el-club-de-lectura-de-teatro-27-de-marzo-viaja-a-italia-con-el-programa-erasmus\/embed\/#?secret=jqfOMhp8zv#?secret=P91K9wuxGM\" data-secret=\"P91K9wuxGM\" width=\"600\" height=\"338\" frameborder=\"0\" marginwidth=\"0\" marginheight=\"0\" scrolling=\"no\"><\/iframe><\/p>\n<blockquote class=\"wp-embedded-content\" data-secret=\"mYarDhRt8G\"><p><a href=\"https:\/\/www.caudete.org\/ayuntamiento\/info-day-erasmus-en-europa-con-mi-ayuntamiento\/\">INFO DAY ERASMUS: EN EUROPA CON MI AYUNTAMIENTO<\/a><\/p><\/blockquote>\n<p><iframe class=\"wp-embedded-content\" sandbox=\"allow-scripts\" security=\"restricted\" style=\"position: absolute; clip: rect(1px, 1px, 1px, 1px);\" title=\"\u00abINFO DAY ERASMUS: EN EUROPA CON MI AYUNTAMIENTO\u00bb \u2014 Ayuntamiento de Caudete\" src=\"https:\/\/www.caudete.org\/ayuntamiento\/info-day-erasmus-en-europa-con-mi-ayuntamiento\/embed\/#?secret=6VIu9YmU3M#?secret=mYarDhRt8G\" data-secret=\"mYarDhRt8G\" width=\"600\" height=\"338\" frameborder=\"0\" marginwidth=\"0\" marginheight=\"0\" scrolling=\"no\"><\/iframe><\/p>\n<blockquote class=\"wp-embedded-content\" data-secret=\"FSj0186ygW\"><p><a href=\"https:\/\/www.caudete.org\/ayuntamiento\/caudete-realizo-el-erasmusday-con-un-exito-de-participacion\/\">Caudete celebra su jornada ErasmusDay 2022 con \u00e9xito de participaci\u00f3n<\/a><\/p><\/blockquote>\n<p><iframe class=\"wp-embedded-content\" sandbox=\"allow-scripts\" security=\"restricted\" style=\"position: absolute; clip: rect(1px, 1px, 1px, 1px);\" title=\"\u00abCaudete celebra su jornada ErasmusDay 2022 con \u00e9xito de participaci\u00f3n\u00bb \u2014 Ayuntamiento de Caudete\" src=\"https:\/\/www.caudete.org\/ayuntamiento\/caudete-realizo-el-erasmusday-con-un-exito-de-participacion\/embed\/#?secret=uZXa3d2Jx8#?secret=FSj0186ygW\" data-secret=\"FSj0186ygW\" width=\"600\" height=\"338\" frameborder=\"0\" marginwidth=\"0\" marginheight=\"0\" scrolling=\"no\"><\/iframe><\/p>\n<blockquote class=\"wp-embedded-content\" data-secret=\"w1cnDLMNwH\"><p><a href=\"https:\/\/www.caudete.org\/ayuntamiento\/caudeteeneuropa-la-escuela-de-musica-danza-y-arte-de-bannewitz-alemania-visita-nuestro-municipio\/\">CaudeteEnEUROPA: la Escuela de Musica, Danza y Arte de Bannewitz (Alemania) visita nuestro municipio<\/a><\/p><\/blockquote>\n<p><iframe class=\"wp-embedded-content\" sandbox=\"allow-scripts\" security=\"restricted\" style=\"position: absolute; clip: rect(1px, 1px, 1px, 1px);\" title=\"\u00abCaudeteEnEUROPA: la Escuela de Musica, Danza y Arte de Bannewitz (Alemania) visita nuestro municipio\u00bb \u2014 Ayuntamiento de Caudete\" src=\"https:\/\/www.caudete.org\/ayuntamiento\/caudeteeneuropa-la-escuela-de-musica-danza-y-arte-de-bannewitz-alemania-visita-nuestro-municipio\/embed\/#?secret=S1WhsUvMij#?secret=w1cnDLMNwH\" data-secret=\"w1cnDLMNwH\" width=\"600\" height=\"338\" frameborder=\"0\" marginwidth=\"0\" marginheight=\"0\" scrolling=\"no\"><\/iframe><\/p>\n<blockquote class=\"wp-embedded-content\" data-secret=\"ntySpcQJ7D\"><p><a href=\"https:\/\/www.caudete.org\/ayuntamiento\/cafes-en-italiano-en-la-universidad-popular\/\">Caf\u00e9s en italiano en la Universidad popular<\/a><\/p><\/blockquote>\n<p><iframe class=\"wp-embedded-content\" sandbox=\"allow-scripts\" security=\"restricted\" style=\"position: absolute; clip: rect(1px, 1px, 1px, 1px);\" title=\"\u00abCaf\u00e9s en italiano en la Universidad popular\u00bb \u2014 Ayuntamiento de Caudete\" src=\"https:\/\/www.caudete.org\/ayuntamiento\/cafes-en-italiano-en-la-universidad-popular\/embed\/#?secret=xlK9JIeupM#?secret=ntySpcQJ7D\" data-secret=\"ntySpcQJ7D\" width=\"600\" height=\"338\" frameborder=\"0\" marginwidth=\"0\" marginheight=\"0\" scrolling=\"no\"><\/iframe><\/p>\n<blockquote class=\"wp-embedded-content\" data-secret=\"P5qqSpSeN0\"><p><a href=\"https:\/\/www.caudete.org\/ayuntamiento\/caudeteneuropa-castleblayney-y-caudete-continuan-su-colaboracion-en-el-marco-del-programa-erasmus\/\">CaudetEnEuropa: Castleblayney y Caudete contin\u00faan su colaboraci\u00f3n en el marco del programa Erasmus+<\/a><\/p><\/blockquote>\n<p><iframe class=\"wp-embedded-content\" sandbox=\"allow-scripts\" security=\"restricted\" style=\"position: absolute; clip: rect(1px, 1px, 1px, 1px);\" title=\"\u00abCaudetEnEuropa: Castleblayney y Caudete contin\u00faan su colaboraci\u00f3n en el marco del programa Erasmus+\u00bb \u2014 Ayuntamiento de Caudete\" src=\"https:\/\/www.caudete.org\/ayuntamiento\/caudeteneuropa-castleblayney-y-caudete-continuan-su-colaboracion-en-el-marco-del-programa-erasmus\/embed\/#?secret=jjcC3RSsbq#?secret=P5qqSpSeN0\" data-secret=\"P5qqSpSeN0\" width=\"600\" height=\"338\" frameborder=\"0\" marginwidth=\"0\" marginheight=\"0\" scrolling=\"no\"><\/iframe><\/p>\n<blockquote class=\"wp-embedded-content\" data-secret=\"MZyI0ABnkX\"><p><a href=\"https:\/\/www.caudete.org\/ayuntamiento\/expertos-invitados-erasmus-formacion-profesional-y-educacion-de-adultos-castleblayney-monaghan-irlanda\/\">CaudeteEnEuropa: expertos invitados Erasmus+ de Castleblayney (Monaghan, Irlanda) visitan nuestro municipio<\/a><\/p><\/blockquote>\n<p><iframe class=\"wp-embedded-content\" sandbox=\"allow-scripts\" security=\"restricted\" style=\"position: absolute; clip: rect(1px, 1px, 1px, 1px);\" title=\"\u00abCaudeteEnEuropa: expertos invitados Erasmus+ de Castleblayney (Monaghan, Irlanda) visitan nuestro municipio\u00bb \u2014 Ayuntamiento de Caudete\" src=\"https:\/\/www.caudete.org\/ayuntamiento\/expertos-invitados-erasmus-formacion-profesional-y-educacion-de-adultos-castleblayney-monaghan-irlanda\/embed\/#?secret=a87Y4tjE28#?secret=MZyI0ABnkX\" data-secret=\"MZyI0ABnkX\" width=\"600\" height=\"338\" frameborder=\"0\" marginwidth=\"0\" marginheight=\"0\" scrolling=\"no\"><\/iframe><\/p>\n<blockquote class=\"wp-embedded-content\" data-secret=\"hJJ9t5Mq4J\"><p><a href=\"https:\/\/www.caudete.org\/ayuntamiento\/caudeteneuropa-acreditacion-erasmus-educacion-adultos-formacion-en-teatro-del-club-de-lectura-acafem-en-lecce-italia\/\">CaudeteEnEuropa: formaci\u00f3n en teatro del Club de Lectura ACAFEM en Lecce (Italia)<\/a><\/p><\/blockquote>\n<p><iframe class=\"wp-embedded-content\" sandbox=\"allow-scripts\" security=\"restricted\" style=\"position: absolute; clip: rect(1px, 1px, 1px, 1px);\" title=\"\u00abCaudeteEnEuropa: formaci\u00f3n en teatro del Club de Lectura ACAFEM en Lecce (Italia)\u00bb \u2014 Ayuntamiento de Caudete\" src=\"https:\/\/www.caudete.org\/ayuntamiento\/caudeteneuropa-acreditacion-erasmus-educacion-adultos-formacion-en-teatro-del-club-de-lectura-acafem-en-lecce-italia\/embed\/#?secret=KDWUsO71tD#?secret=hJJ9t5Mq4J\" data-secret=\"hJJ9t5Mq4J\" width=\"600\" height=\"338\" frameborder=\"0\" marginwidth=\"0\" marginheight=\"0\" scrolling=\"no\"><\/iframe><\/p>\n<blockquote class=\"wp-embedded-content\" data-secret=\"OpFQcnNYgx\"><p><a href=\"https:\/\/www.caudete.org\/ayuntamiento\/erasmus-acreditacion-adultos-escuela-de-musica-en-irlanda\/\">Erasmus + Acreditaci\u00f3n Adultos Escuela de M\u00fasica en Irlanda<\/a><\/p><\/blockquote>\n<p><iframe class=\"wp-embedded-content\" sandbox=\"allow-scripts\" security=\"restricted\" style=\"position: absolute; clip: rect(1px, 1px, 1px, 1px);\" title=\"\u00abErasmus + Acreditaci\u00f3n Adultos Escuela de M\u00fasica en Irlanda\u00bb \u2014 Ayuntamiento de Caudete\" src=\"https:\/\/www.caudete.org\/ayuntamiento\/erasmus-acreditacion-adultos-escuela-de-musica-en-irlanda\/embed\/#?secret=M3zTy5vv3k#?secret=OpFQcnNYgx\" data-secret=\"OpFQcnNYgx\" width=\"600\" height=\"338\" frameborder=\"0\" marginwidth=\"0\" marginheight=\"0\" scrolling=\"no\"><\/iframe><\/p>\n<blockquote class=\"wp-embedded-content\" data-secret=\"Rj63kjlDo8\"><p><a href=\"https:\/\/www.caudete.org\/ayuntamiento\/de-caudete-a-helsinki-inspiracion-en-bibliotecas-innovadoras\/\">\u00a1De Caudete a Helsinki: Inspiraci\u00f3n en bibliotecas innovadoras!<\/a><\/p><\/blockquote>\n<p><iframe class=\"wp-embedded-content\" sandbox=\"allow-scripts\" security=\"restricted\" style=\"position: absolute; clip: rect(1px, 1px, 1px, 1px);\" title=\"\u00ab\u00a1De Caudete a Helsinki: Inspiraci\u00f3n en bibliotecas innovadoras!\u00bb \u2014 Ayuntamiento de Caudete\" src=\"https:\/\/www.caudete.org\/ayuntamiento\/de-caudete-a-helsinki-inspiracion-en-bibliotecas-innovadoras\/embed\/#?secret=5kNRZ2C7xL#?secret=Rj63kjlDo8\" data-secret=\"Rj63kjlDo8\" width=\"600\" height=\"338\" frameborder=\"0\" marginwidth=\"0\" marginheight=\"0\" scrolling=\"no\"><\/iframe><\/p>\n<blockquote class=\"wp-embedded-content\" data-secret=\"ZcddzIxrtD\"><p><a href=\"https:\/\/www.caudete.org\/ayuntamiento\/caudeteeneuropa-alumnos-de-la-universidad-popular-viajan-a-italia-e-irlanda\/\">CaudeteEnEuropa: alumnos de la UNIVERSIDAD POPULAR viajan a Italia e Irlanda<\/a><\/p><\/blockquote>\n<p><iframe class=\"wp-embedded-content\" sandbox=\"allow-scripts\" security=\"restricted\" style=\"position: absolute; clip: rect(1px, 1px, 1px, 1px);\" title=\"\u00abCaudeteEnEuropa: alumnos de la UNIVERSIDAD POPULAR viajan a Italia e Irlanda\u00bb \u2014 Ayuntamiento de Caudete\" src=\"https:\/\/www.caudete.org\/ayuntamiento\/caudeteeneuropa-alumnos-de-la-universidad-popular-viajan-a-italia-e-irlanda\/embed\/#?secret=DPbg6qxxVw#?secret=ZcddzIxrtD\" data-secret=\"ZcddzIxrtD\" width=\"600\" height=\"338\" frameborder=\"0\" marginwidth=\"0\" marginheight=\"0\" scrolling=\"no\"><\/iframe><\/p>\n<blockquote class=\"wp-embedded-content\" data-secret=\"VyKHFpsUCb\"><p><a href=\"https:\/\/www.caudete.org\/ayuntamiento\/caudeteeneuropa-la-escuela-de-musica-viaja-a-toulouse-francia-por-medio-de-3-de-sus-profesores\/\">CaudeteEnEuropa: la Escuela de M\u00fasica viaja a Toulouse (Francia) por medio de 3 de sus profesores<\/a><\/p><\/blockquote>\n<p><iframe class=\"wp-embedded-content\" sandbox=\"allow-scripts\" security=\"restricted\" style=\"position: absolute; clip: rect(1px, 1px, 1px, 1px);\" title=\"\u00abCaudeteEnEuropa: la Escuela de M\u00fasica viaja a Toulouse (Francia) por medio de 3 de sus profesores\u00bb \u2014 Ayuntamiento de Caudete\" src=\"https:\/\/www.caudete.org\/ayuntamiento\/caudeteeneuropa-la-escuela-de-musica-viaja-a-toulouse-francia-por-medio-de-3-de-sus-profesores\/embed\/#?secret=Z4NZipC7is#?secret=VyKHFpsUCb\" data-secret=\"VyKHFpsUCb\" width=\"600\" height=\"338\" frameborder=\"0\" marginwidth=\"0\" marginheight=\"0\" scrolling=\"no\"><\/iframe><\/p>\n<blockquote class=\"wp-embedded-content\" data-secret=\"Evtiy7sS9d\"><p><a href=\"https:\/\/www.caudete.org\/ayuntamiento\/experiencia-erasmus-en-susurros-en-la-noche-con-el-italiano-simone-m-franco\/\">Experiencia ERASMUS en &#8220;Susurros en la noche&#8221; con el italiano Simone M.Franco<\/a><\/p><\/blockquote>\n<p><iframe class=\"wp-embedded-content\" sandbox=\"allow-scripts\" security=\"restricted\" style=\"position: absolute; clip: rect(1px, 1px, 1px, 1px);\" title=\"\u00abExperiencia ERASMUS en &#8220;Susurros en la noche&#8221; con el italiano Simone M.Franco\u00bb \u2014 Ayuntamiento de Caudete\" src=\"https:\/\/www.caudete.org\/ayuntamiento\/experiencia-erasmus-en-susurros-en-la-noche-con-el-italiano-simone-m-franco\/embed\/#?secret=583VUl58N1#?secret=Evtiy7sS9d\" data-secret=\"Evtiy7sS9d\" width=\"600\" height=\"338\" frameborder=\"0\" marginwidth=\"0\" marginheight=\"0\" scrolling=\"no\"><\/iframe><\/p>\n<p><a href=\"https:\/\/www.caudete.org\/ayuntamiento\/wp-content\/uploads\/2023\/08\/logo-Erasmus-1.gif\" rel='prettyPhoto'><img fetchpriority=\"high\" decoding=\"async\" class=\"aligncenter size-full wp-image-23241\" src=\"https:\/\/www.caudete.org\/ayuntamiento\/wp-content\/uploads\/2023\/08\/logo-Erasmus-1.gif\" alt=\"\" width=\"650\" height=\"97\"><\/a><\/p>\n<p>El proyecto Erasmus+ Acreditaci\u00f3n Educaci\u00f3n Adultos 2021-2023 del Ayuntamiento de Caudete 2021-1-ES01-KA121-ADU-000007046 est\u00e1 cofinanciado por el programa Erasmus+ de la Uni\u00f3n Europea. El contenido de publicaci\u00f3n es responsabilidad exclusiva del Ayuntamiento de Caudete y ni la Comisi\u00f3n Europea, ni el Servicio Espa\u00f1ol para la Internacionalizaci\u00f3n de la Educaci\u00f3n (SEPIE) son responsables del uso que pueda hacerse de la informaci\u00f3n aqu\u00ed difundida.<\/p>\n","protected":false},"excerpt":{"rendered":"<p>En el marco de la Acreditaci\u00f3n Erasmus+ en el sector de Educaci\u00f3n de Personas Adultas obtenida en 2020 por el Ayuntamiento de Caudete, para avanzar en la estrategia de internacionalizaci\u00f3n de la educaci\u00f3n no formal de adultos que se imparte en el municipio a trav\u00e9s del programa Erasmus+, el Ayuntamiento obtuvo por primera vez financiaci\u00f3n &hellip;<\/p>\n","protected":false},"author":1,"featured_media":0,"parent":0,"menu_order":0,"comment_status":"closed","ping_status":"closed","template":"","meta":{"ngg_post_thumbnail":0,"footnotes":""},"categories":[87,98],"tags":[],"class_list":["post-23234","page","type-page","status-publish","hentry","category-desarrollo-local","category-desarrollo-local-2"],"yoast_head":"<!-- This site is optimized with the Yoast SEO plugin v27.4 - https:\/\/yoast.com\/product\/yoast-seo-wordpress\/ -->\n<title>Desarrollo Local - Acreditaci\u00f3n Educaci\u00f3n Adultos 2021-2023 - MI Ayuntamiento de Caudete<\/title>\n<meta name=\"description\" content=\"P\u00e1gina Oficial del Ayuntamiento de Caudete (Albacete)\" \/>\n<meta name=\"robots\" content=\"index, follow, max-snippet:-1, max-image-preview:large, max-video-preview:-1\" \/>\n<link rel=\"canonical\" href=\"https:\/\/www.caudete.org\/ayuntamiento\/desarrollo-local-acreditacion-educacion-adultos-2021-2023\/\" \/>\n<meta property=\"og:locale\" content=\"es_ES\" \/>\n<meta property=\"og:type\" content=\"article\" \/>\n<meta property=\"og:title\" content=\"Desarrollo Local - Acreditaci\u00f3n Educaci\u00f3n Adultos 2021-2023 - MI Ayuntamiento de Caudete\" \/>\n<meta property=\"og:description\" content=\"P\u00e1gina Oficial del Ayuntamiento de Caudete (Albacete)\" \/>\n<meta property=\"og:url\" content=\"https:\/\/www.caudete.org\/ayuntamiento\/desarrollo-local-acreditacion-educacion-adultos-2021-2023\/\" \/>\n<meta property=\"og:site_name\" content=\"MI Ayuntamiento de Caudete\" \/>\n<meta property=\"article:publisher\" content=\"https:\/\/www.facebook.com\/ayuntamientocaudete\/\" \/>\n<meta property=\"article:modified_time\" content=\"2023-08-31T12:59:30+00:00\" \/>\n<meta property=\"og:image\" content=\"https:\/\/www.caudete.org\/ayuntamiento\/wp-content\/uploads\/2023\/08\/logo-Erasmus-1.gif\" \/>\n<meta name=\"twitter:card\" content=\"summary_large_image\" \/>\n<meta name=\"twitter:label1\" content=\"Tiempo de lectura\" \/>\n\t<meta name=\"twitter:data1\" content=\"7 minutos\" \/>\n<script type=\"application\/ld+json\" class=\"yoast-schema-graph\">{\"@context\":\"https:\\\/\\\/schema.org\",\"@graph\":[{\"@type\":\"WebPage\",\"@id\":\"https:\\\/\\\/www.caudete.org\\\/ayuntamiento\\\/desarrollo-local-acreditacion-educacion-adultos-2021-2023\\\/\",\"url\":\"https:\\\/\\\/www.caudete.org\\\/ayuntamiento\\\/desarrollo-local-acreditacion-educacion-adultos-2021-2023\\\/\",\"name\":\"Desarrollo Local - Acreditaci\u00f3n Educaci\u00f3n Adultos 2021-2023 - MI Ayuntamiento de Caudete\",\"isPartOf\":{\"@id\":\"https:\\\/\\\/www.caudete.org\\\/ayuntamiento\\\/#website\"},\"primaryImageOfPage\":{\"@id\":\"https:\\\/\\\/www.caudete.org\\\/ayuntamiento\\\/desarrollo-local-acreditacion-educacion-adultos-2021-2023\\\/#primaryimage\"},\"image\":{\"@id\":\"https:\\\/\\\/www.caudete.org\\\/ayuntamiento\\\/desarrollo-local-acreditacion-educacion-adultos-2021-2023\\\/#primaryimage\"},\"thumbnailUrl\":\"https:\\\/\\\/www.caudete.org\\\/ayuntamiento\\\/wp-content\\\/uploads\\\/2023\\\/08\\\/logo-Erasmus-1.gif\",\"datePublished\":\"2023-08-31T10:26:27+00:00\",\"dateModified\":\"2023-08-31T12:59:30+00:00\",\"description\":\"P\u00e1gina Oficial del Ayuntamiento de Caudete (Albacete)\",\"breadcrumb\":{\"@id\":\"https:\\\/\\\/www.caudete.org\\\/ayuntamiento\\\/desarrollo-local-acreditacion-educacion-adultos-2021-2023\\\/#breadcrumb\"},\"inLanguage\":\"es\",\"potentialAction\":[{\"@type\":\"ReadAction\",\"target\":[\"https:\\\/\\\/www.caudete.org\\\/ayuntamiento\\\/desarrollo-local-acreditacion-educacion-adultos-2021-2023\\\/\"]}]},{\"@type\":\"ImageObject\",\"inLanguage\":\"es\",\"@id\":\"https:\\\/\\\/www.caudete.org\\\/ayuntamiento\\\/desarrollo-local-acreditacion-educacion-adultos-2021-2023\\\/#primaryimage\",\"url\":\"https:\\\/\\\/www.caudete.org\\\/ayuntamiento\\\/wp-content\\\/uploads\\\/2023\\\/08\\\/logo-Erasmus-1.gif\",\"contentUrl\":\"https:\\\/\\\/www.caudete.org\\\/ayuntamiento\\\/wp-content\\\/uploads\\\/2023\\\/08\\\/logo-Erasmus-1.gif\",\"width\":650,\"height\":97},{\"@type\":\"BreadcrumbList\",\"@id\":\"https:\\\/\\\/www.caudete.org\\\/ayuntamiento\\\/desarrollo-local-acreditacion-educacion-adultos-2021-2023\\\/#breadcrumb\",\"itemListElement\":[{\"@type\":\"ListItem\",\"position\":1,\"name\":\"Inicio\",\"item\":\"https:\\\/\\\/www.caudete.org\\\/ayuntamiento\\\/\"},{\"@type\":\"ListItem\",\"position\":2,\"name\":\"Desarrollo Local &#8211; Acreditaci\u00f3n Educaci\u00f3n Adultos 2021-2023\"}]},{\"@type\":\"WebSite\",\"@id\":\"https:\\\/\\\/www.caudete.org\\\/ayuntamiento\\\/#website\",\"url\":\"https:\\\/\\\/www.caudete.org\\\/ayuntamiento\\\/\",\"name\":\"MI Ayuntamiento de Caudete\",\"description\":\"P\u00e1gina Oficial del MI Ayuntamiento de Caudete\",\"publisher\":{\"@id\":\"https:\\\/\\\/www.caudete.org\\\/ayuntamiento\\\/#organization\"},\"potentialAction\":[{\"@type\":\"SearchAction\",\"target\":{\"@type\":\"EntryPoint\",\"urlTemplate\":\"https:\\\/\\\/www.caudete.org\\\/ayuntamiento\\\/?s={search_term_string}\"},\"query-input\":{\"@type\":\"PropertyValueSpecification\",\"valueRequired\":true,\"valueName\":\"search_term_string\"}}],\"inLanguage\":\"es\"},{\"@type\":\"Organization\",\"@id\":\"https:\\\/\\\/www.caudete.org\\\/ayuntamiento\\\/#organization\",\"name\":\"Ayuntamiento de Caudete\",\"url\":\"https:\\\/\\\/www.caudete.org\\\/ayuntamiento\\\/\",\"logo\":{\"@type\":\"ImageObject\",\"inLanguage\":\"es\",\"@id\":\"https:\\\/\\\/www.caudete.org\\\/ayuntamiento\\\/#\\\/schema\\\/logo\\\/image\\\/\",\"url\":\"https:\\\/\\\/www.caudete.org\\\/ayuntamiento\\\/wp-content\\\/uploads\\\/2020\\\/11\\\/logo_ayuntamiento_caudete.jpg\",\"contentUrl\":\"https:\\\/\\\/www.caudete.org\\\/ayuntamiento\\\/wp-content\\\/uploads\\\/2020\\\/11\\\/logo_ayuntamiento_caudete.jpg\",\"width\":600,\"height\":150,\"caption\":\"Ayuntamiento de Caudete\"},\"image\":{\"@id\":\"https:\\\/\\\/www.caudete.org\\\/ayuntamiento\\\/#\\\/schema\\\/logo\\\/image\\\/\"},\"sameAs\":[\"https:\\\/\\\/www.facebook.com\\\/ayuntamientocaudete\\\/\",\"https:\\\/\\\/www.youtube.com\\\/channel\\\/UC6VztHaooNsGpw-tNoBEFnQ\"]}]}<\/script>\n<!-- \/ Yoast SEO plugin. -->","yoast_head_json":{"title":"Desarrollo Local - Acreditaci\u00f3n Educaci\u00f3n Adultos 2021-2023 - MI Ayuntamiento de Caudete","description":"P\u00e1gina Oficial del Ayuntamiento de Caudete (Albacete)","robots":{"index":"index","follow":"follow","max-snippet":"max-snippet:-1","max-image-preview":"max-image-preview:large","max-video-preview":"max-video-preview:-1"},"canonical":"https:\/\/www.caudete.org\/ayuntamiento\/desarrollo-local-acreditacion-educacion-adultos-2021-2023\/","og_locale":"es_ES","og_type":"article","og_title":"Desarrollo Local - Acreditaci\u00f3n Educaci\u00f3n Adultos 2021-2023 - MI Ayuntamiento de Caudete","og_description":"P\u00e1gina Oficial del Ayuntamiento de Caudete (Albacete)","og_url":"https:\/\/www.caudete.org\/ayuntamiento\/desarrollo-local-acreditacion-educacion-adultos-2021-2023\/","og_site_name":"MI Ayuntamiento de Caudete","article_publisher":"https:\/\/www.facebook.com\/ayuntamientocaudete\/","article_modified_time":"2023-08-31T12:59:30+00:00","og_image":[{"url":"https:\/\/www.caudete.org\/ayuntamiento\/wp-content\/uploads\/2023\/08\/logo-Erasmus-1.gif","type":"","width":"","height":""}],"twitter_card":"summary_large_image","twitter_misc":{"Tiempo de lectura":"7 minutos"},"schema":{"@context":"https:\/\/schema.org","@graph":[{"@type":"WebPage","@id":"https:\/\/www.caudete.org\/ayuntamiento\/desarrollo-local-acreditacion-educacion-adultos-2021-2023\/","url":"https:\/\/www.caudete.org\/ayuntamiento\/desarrollo-local-acreditacion-educacion-adultos-2021-2023\/","name":"Desarrollo Local - Acreditaci\u00f3n Educaci\u00f3n Adultos 2021-2023 - MI Ayuntamiento de Caudete","isPartOf":{"@id":"https:\/\/www.caudete.org\/ayuntamiento\/#website"},"primaryImageOfPage":{"@id":"https:\/\/www.caudete.org\/ayuntamiento\/desarrollo-local-acreditacion-educacion-adultos-2021-2023\/#primaryimage"},"image":{"@id":"https:\/\/www.caudete.org\/ayuntamiento\/desarrollo-local-acreditacion-educacion-adultos-2021-2023\/#primaryimage"},"thumbnailUrl":"https:\/\/www.caudete.org\/ayuntamiento\/wp-content\/uploads\/2023\/08\/logo-Erasmus-1.gif","datePublished":"2023-08-31T10:26:27+00:00","dateModified":"2023-08-31T12:59:30+00:00","description":"P\u00e1gina Oficial del Ayuntamiento de Caudete (Albacete)","breadcrumb":{"@id":"https:\/\/www.caudete.org\/ayuntamiento\/desarrollo-local-acreditacion-educacion-adultos-2021-2023\/#breadcrumb"},"inLanguage":"es","potentialAction":[{"@type":"ReadAction","target":["https:\/\/www.caudete.org\/ayuntamiento\/desarrollo-local-acreditacion-educacion-adultos-2021-2023\/"]}]},{"@type":"ImageObject","inLanguage":"es","@id":"https:\/\/www.caudete.org\/ayuntamiento\/desarrollo-local-acreditacion-educacion-adultos-2021-2023\/#primaryimage","url":"https:\/\/www.caudete.org\/ayuntamiento\/wp-content\/uploads\/2023\/08\/logo-Erasmus-1.gif","contentUrl":"https:\/\/www.caudete.org\/ayuntamiento\/wp-content\/uploads\/2023\/08\/logo-Erasmus-1.gif","width":650,"height":97},{"@type":"BreadcrumbList","@id":"https:\/\/www.caudete.org\/ayuntamiento\/desarrollo-local-acreditacion-educacion-adultos-2021-2023\/#breadcrumb","itemListElement":[{"@type":"ListItem","position":1,"name":"Inicio","item":"https:\/\/www.caudete.org\/ayuntamiento\/"},{"@type":"ListItem","position":2,"name":"Desarrollo Local &#8211; Acreditaci\u00f3n Educaci\u00f3n Adultos 2021-2023"}]},{"@type":"WebSite","@id":"https:\/\/www.caudete.org\/ayuntamiento\/#website","url":"https:\/\/www.caudete.org\/ayuntamiento\/","name":"MI Ayuntamiento de Caudete","description":"P\u00e1gina Oficial del MI Ayuntamiento de Caudete","publisher":{"@id":"https:\/\/www.caudete.org\/ayuntamiento\/#organization"},"potentialAction":[{"@type":"SearchAction","target":{"@type":"EntryPoint","urlTemplate":"https:\/\/www.caudete.org\/ayuntamiento\/?s={search_term_string}"},"query-input":{"@type":"PropertyValueSpecification","valueRequired":true,"valueName":"search_term_string"}}],"inLanguage":"es"},{"@type":"Organization","@id":"https:\/\/www.caudete.org\/ayuntamiento\/#organization","name":"Ayuntamiento de Caudete","url":"https:\/\/www.caudete.org\/ayuntamiento\/","logo":{"@type":"ImageObject","inLanguage":"es","@id":"https:\/\/www.caudete.org\/ayuntamiento\/#\/schema\/logo\/image\/","url":"https:\/\/www.caudete.org\/ayuntamiento\/wp-content\/uploads\/2020\/11\/logo_ayuntamiento_caudete.jpg","contentUrl":"https:\/\/www.caudete.org\/ayuntamiento\/wp-content\/uploads\/2020\/11\/logo_ayuntamiento_caudete.jpg","width":600,"height":150,"caption":"Ayuntamiento de Caudete"},"image":{"@id":"https:\/\/www.caudete.org\/ayuntamiento\/#\/schema\/logo\/image\/"},"sameAs":["https:\/\/www.facebook.com\/ayuntamientocaudete\/","https:\/\/www.youtube.com\/channel\/UC6VztHaooNsGpw-tNoBEFnQ"]}]}},"_links":{"self":[{"href":"https:\/\/www.caudete.org\/ayuntamiento\/wp-json\/wp\/v2\/pages\/23234","targetHints":{"allow":["GET"]}}],"collection":[{"href":"https:\/\/www.caudete.org\/ayuntamiento\/wp-json\/wp\/v2\/pages"}],"about":[{"href":"https:\/\/www.caudete.org\/ayuntamiento\/wp-json\/wp\/v2\/types\/page"}],"author":[{"embeddable":true,"href":"https:\/\/www.caudete.org\/ayuntamiento\/wp-json\/wp\/v2\/users\/1"}],"replies":[{"embeddable":true,"href":"https:\/\/www.caudete.org\/ayuntamiento\/wp-json\/wp\/v2\/comments?post=23234"}],"version-history":[{"count":4,"href":"https:\/\/www.caudete.org\/ayuntamiento\/wp-json\/wp\/v2\/pages\/23234\/revisions"}],"predecessor-version":[{"id":30024,"href":"https:\/\/www.caudete.org\/ayuntamiento\/wp-json\/wp\/v2\/pages\/23234\/revisions\/30024"}],"wp:attachment":[{"href":"https:\/\/www.caudete.org\/ayuntamiento\/wp-json\/wp\/v2\/media?parent=23234"}],"wp:term":[{"taxonomy":"category","embeddable":true,"href":"https:\/\/www.caudete.org\/ayuntamiento\/wp-json\/wp\/v2\/categories?post=23234"},{"taxonomy":"post_tag","embeddable":true,"href":"https:\/\/www.caudete.org\/ayuntamiento\/wp-json\/wp\/v2\/tags?post=23234"}],"curies":[{"name":"wp","href":"https:\/\/api.w.org\/{rel}","templated":true}]}}