{"id":24806,"date":"2024-04-15T19:40:43","date_gmt":"2024-04-15T17:40:43","guid":{"rendered":"https:\/\/www.caudete.org\/ayuntamiento\/?page_id=24806"},"modified":"2024-10-08T09:49:33","modified_gmt":"2024-10-08T07:49:33","slug":"ciclo-integral-del-agua-presentacion","status":"publish","type":"page","link":"https:\/\/www.caudete.org\/ayuntamiento\/ciclo-integral-del-agua-presentacion\/","title":{"rendered":"Ciclo Integral del Agua &#8211; Presentaci\u00f3n"},"content":{"rendered":"\t\t<div data-elementor-type=\"wp-page\" data-elementor-id=\"24806\" class=\"elementor elementor-24806\" data-elementor-post-type=\"page\">\n\t\t\t\t\t\t<section class=\"elementor-section elementor-top-section elementor-element elementor-element-2421690b elementor-section-boxed elementor-section-height-default elementor-section-height-default\" data-id=\"2421690b\" data-element_type=\"section\" data-e-type=\"section\">\n\t\t\t\t\t\t<div class=\"elementor-container elementor-column-gap-default\">\n\t\t\t\t\t<div class=\"elementor-column elementor-col-100 elementor-top-column elementor-element elementor-element-67225596\" data-id=\"67225596\" data-element_type=\"column\" data-e-type=\"column\">\n\t\t\t<div class=\"elementor-widget-wrap elementor-element-populated\">\n\t\t\t\t\t\t<div class=\"elementor-element elementor-element-3fb1a41d elementor-widget elementor-widget-text-editor\" data-id=\"3fb1a41d\" data-element_type=\"widget\" data-e-type=\"widget\" data-widget_type=\"text-editor.default\">\n\t\t\t\t<div class=\"elementor-widget-container\">\n\t\t\t\t\t\t\t\t\t<div class=\"moz-cite-prefix\"><p><a href=\"https:\/\/www.caudete.org\/ayuntamiento\/wp-content\/uploads\/2024\/04\/servicios-tecnicos.jpg\" rel='prettyPhoto'><img fetchpriority=\"high\" decoding=\"async\" class=\"aligncenter size-full wp-image-24812\" src=\"https:\/\/www.caudete.org\/ayuntamiento\/wp-content\/uploads\/2024\/04\/servicios-tecnicos.jpg\" alt=\"\" width=\"960\" height=\"538\" srcset=\"https:\/\/www.caudete.org\/ayuntamiento\/wp-content\/uploads\/2024\/04\/servicios-tecnicos.jpg 960w, https:\/\/www.caudete.org\/ayuntamiento\/wp-content\/uploads\/2024\/04\/servicios-tecnicos-300x168.jpg 300w, https:\/\/www.caudete.org\/ayuntamiento\/wp-content\/uploads\/2024\/04\/servicios-tecnicos-768x430.jpg 768w\" sizes=\"(max-width: 960px) 100vw, 960px\" \/><\/a><\/p><\/div><h1 style=\"text-align: center;\">Ciclo Integral del Agua<\/h1><div class=\"moz-cite-prefix\"><p>La oficina del <strong>Ciclo Integral del Agua<\/strong> est\u00e1 situada en la <a href=\"https:\/\/maps.app.goo.gl\/uic7tQSoADyywwUq9\" target=\"_blank\" rel=\"nofollow\"><strong>Plaza del Carmen, 6<\/strong><\/a> y su horario de atenci\u00f3n presencial es de<strong>\u00a09:00 a 14:00 horas<\/strong>.<\/p><p>Tambi\u00e9n te puedes comunicar por <strong>tel\u00e9fono<\/strong> o <strong>WhatsApp.<\/strong><\/p><p><a href=\"https:\/\/wa.me\/965825869\" target=\"_blank\" rel=\"nofollow\"><img decoding=\"async\" class=\"size-full wp-image-24603 alignright\" src=\"https:\/\/www.caudete.org\/ayuntamiento\/wp-content\/uploads\/2024\/03\/WhatsAppPeq.png\" rel='prettyPhoto' alt=\"\" width=\"80\" height=\"81\" srcset=\"https:\/\/www.caudete.org\/ayuntamiento\/wp-content\/uploads\/2024\/03\/WhatsAppPeq.png 80w, https:\/\/www.caudete.org\/ayuntamiento\/wp-content\/uploads\/2024\/03\/WhatsAppPeq-60x60.png 60w\" sizes=\"(max-width: 80px) 100vw, 80px\" \/><\/a><\/p><ul><li>Tel\u00e9fono y <strong><a href=\"https:\/\/wa.me\/965825869\" target=\"_blank\" rel=\"nofollow\">WhatsApp<\/a>:<\/strong> <span style=\"font-size: 14pt;\"><strong><strong>96 582 58 69<\/strong><\/strong><\/span><\/li><li><p>Correo electr\u00f3nico: <a class=\"moz-txt-link-abbreviated moz-txt-link-freetext\" href=\"mailto:servicioagua@caudete.org\" target=\"_blank\" rel=\"nofollow\">servicioagua@caudete.org<\/a><\/p><\/li><\/ul><p>Te puedes dirigir a la oficina de atenci\u00f3n al cliente para resolver cualquier incidencia y\/o problema que tengas en el suministro del agua:<\/p><ul style=\"list-style-type: square;\"><li>FALTA DE PRESI\u00d3N<\/li><li>ROTURAS<\/li><li>RECLAMACIONES y\/o dudas con la FACTURA<\/li><\/ul><p>Te tendr\u00e1s que dirigir al <strong>SAC<\/strong> si lo que necesitas es:<\/p><ul style=\"list-style-type: square;\"><li>SOLICITAR un <b>alta nueva de contador<\/b>. Para ello tendr\u00e1s que descargarte el <strong>modelo de solicitud<\/strong> que tendr\u00e1s que rellenar y presentar junto con la siguiente documentaci\u00f3n en el SAC:<\/li><\/ul><p>1. Fotocopia DNI\/NIE\/CIF del\/los\/las solicitantes.<br \/>2. En caso de actuar con representante, deber\u00e1 firmar tambi\u00e9n el\/la propio\/a interesado\/a o aportar documento acreditativo de la representaci\u00f3n.<br \/>3. C\u00e9dula o Certificaci\u00f3n Catastral del inmueble a abastecer.<br \/>4. Informe de Inspecci\u00f3n de Instalaciones.<br \/>5. Bolet\u00edn de instalador autorizado de agua.<br \/>6. Licencia de primera\/segunda ocupaci\u00f3n.<br \/>7. Orden de domiciliaci\u00f3n bancaria en su caso.<\/p><ul style=\"list-style-type: square;\"><li>SOLICITAR un <b>cambio de titularidad<\/b>, o un<b> DESPRECINTADO<\/b>. Para ello tendr\u00e1s que descargarte el <strong>modelo de solicitud<\/strong> que tendr\u00e1s que rellenas y presentar junto con la siguiente\u00a0 documentaci\u00f3n en el SAC:<\/li><\/ul><p>1. Fotocopia DNI\/NIE\/CIF del\/los\/las solicitantes.<br \/>2. En caso de actuar con representante, deber\u00e1 firmar tambi\u00e9n el\/la propio\/a interesado\/a o aportar documento acreditativo de la representaci\u00f3n.<br \/>3. C\u00e9dula o Certificaci\u00f3n Catastral del inmueble a abastecer.<br \/>4. Documentaci\u00f3n acreditativa de la propiedad u ocupaci\u00f3n (escritura, certificaci\u00f3n catastral, contrato de compraventa, contrato de alquiler o arrendamiento, declaraci\u00f3n de herederos, etc.)<br \/>5. En caso de desprecintado, copia acreditativa del pago\/autoliquidaci\u00f3n.<br \/>6. Orden de domiciliaci\u00f3n bancaria en su caso.<\/p><\/div>\t\t\t\t\t\t\t\t<\/div>\n\t\t\t\t<\/div>\n\t\t\t\t<div class=\"elementor-element elementor-element-b3d887b elementor-headline--style-highlight elementor-widget elementor-widget-animated-headline\" data-id=\"b3d887b\" data-element_type=\"widget\" data-e-type=\"widget\" data-settings=\"{&quot;marker&quot;:&quot;double&quot;,&quot;highlighted_text&quot;:&quot;Noticias&quot;,&quot;headline_style&quot;:&quot;highlight&quot;,&quot;loop&quot;:&quot;yes&quot;,&quot;highlight_animation_duration&quot;:1200,&quot;highlight_iteration_delay&quot;:8000}\" data-widget_type=\"animated-headline.default\">\n\t\t\t\t<div class=\"elementor-widget-container\">\n\t\t\t\t\t\t\t<h3 class=\"elementor-headline\">\n\t\t\t\t\t<span class=\"elementor-headline-plain-text elementor-headline-text-wrapper\">Nuestras \u00faltimas<\/span>\n\t\t\t\t<span class=\"elementor-headline-dynamic-wrapper elementor-headline-text-wrapper\">\n\t\t\t\t\t<span class=\"elementor-headline-dynamic-text elementor-headline-text-active\">Noticias<\/span>\n\t\t\t\t<\/span>\n\t\t\t\t<\/h3>\n\t\t\t\t\t\t<\/div>\n\t\t\t\t<\/div>\n\t\t\t\t\t<\/div>\n\t\t<\/div>\n\t\t\t\t\t<\/div>\n\t\t<\/section>\n\t\t\t\t<section class=\"elementor-section elementor-top-section elementor-element elementor-element-e10a8a1 elementor-section-boxed elementor-section-height-default elementor-section-height-default\" data-id=\"e10a8a1\" data-element_type=\"section\" data-e-type=\"section\">\n\t\t\t\t\t\t<div class=\"elementor-container elementor-column-gap-default\">\n\t\t\t\t\t<div class=\"elementor-column elementor-col-100 elementor-top-column elementor-element elementor-element-d8be3f4\" data-id=\"d8be3f4\" data-element_type=\"column\" data-e-type=\"column\">\n\t\t\t<div class=\"elementor-widget-wrap elementor-element-populated\">\n\t\t\t\t\t\t<div class=\"elementor-element elementor-element-5837774 elementor-grid-3 elementor-grid-tablet-2 elementor-grid-mobile-1 elementor-posts--thumbnail-top elementor-widget elementor-widget-posts\" data-id=\"5837774\" data-element_type=\"widget\" data-e-type=\"widget\" data-settings=\"{&quot;pagination_type&quot;:&quot;prev_next&quot;,&quot;classic_columns&quot;:&quot;3&quot;,&quot;classic_columns_tablet&quot;:&quot;2&quot;,&quot;classic_columns_mobile&quot;:&quot;1&quot;,&quot;classic_row_gap&quot;:{&quot;unit&quot;:&quot;px&quot;,&quot;size&quot;:35,&quot;sizes&quot;:[]},&quot;classic_row_gap_tablet&quot;:{&quot;unit&quot;:&quot;px&quot;,&quot;size&quot;:&quot;&quot;,&quot;sizes&quot;:[]},&quot;classic_row_gap_mobile&quot;:{&quot;unit&quot;:&quot;px&quot;,&quot;size&quot;:&quot;&quot;,&quot;sizes&quot;:[]}}\" data-widget_type=\"posts.classic\">\n\t\t\t\t<div class=\"elementor-widget-container\">\n\t\t\t\t\t\t\t<div class=\"elementor-posts-container elementor-posts elementor-posts--skin-classic elementor-grid\">\n\t\t\t\t<article class=\"elementor-post elementor-grid-item post-33224 post type-post status-publish format-standard has-post-thumbnail hentry category-ciclo-integral-del-agua\">\n\t\t\t\t<a class=\"elementor-post__thumbnail__link\" href=\"https:\/\/www.caudete.org\/ayuntamiento\/aviso-de-corte-de-suministro-de-agua-25-de-marzo-2026\/\" tabindex=\"-1\" >\n\t\t\t<div class=\"elementor-post__thumbnail\"><img decoding=\"async\" width=\"300\" height=\"161\" src=\"https:\/\/www.caudete.org\/ayuntamiento\/wp-content\/uploads\/2025\/03\/agua-caudete-digital-300x161.jpg\" class=\"attachment-medium size-medium wp-image-27776\" alt=\"\" srcset=\"https:\/\/www.caudete.org\/ayuntamiento\/wp-content\/uploads\/2025\/03\/agua-caudete-digital-300x161.jpg 300w, https:\/\/www.caudete.org\/ayuntamiento\/wp-content\/uploads\/2025\/03\/agua-caudete-digital-768x411.jpg 768w, https:\/\/www.caudete.org\/ayuntamiento\/wp-content\/uploads\/2025\/03\/agua-caudete-digital.jpg 1024w\" sizes=\"(max-width: 300px) 100vw, 300px\" \/><\/div>\n\t\t<\/a>\n\t\t\t\t<div class=\"elementor-post__text\">\n\t\t\t\t<h3 class=\"elementor-post__title\">\n\t\t\t<a href=\"https:\/\/www.caudete.org\/ayuntamiento\/aviso-de-corte-de-suministro-de-agua-25-de-marzo-2026\/\" >\n\t\t\t\tAviso de corte de suministro de agua: 25 de marzo 2026\t\t\t<\/a>\n\t\t<\/h3>\n\t\t\t\t<div class=\"elementor-post__meta-data\">\n\t\t\t\t\t<span class=\"elementor-post-date\">\n\t\t\t24 de marzo de 2026\t\t<\/span>\n\t\t\t\t<\/div>\n\t\t\t\t<div class=\"elementor-post__excerpt\">\n\t\t\t<p>El Ayuntamiento de Caudete informa que, con motivo de las obras de mantenimiento de la red, se llevar\u00e1 a cabo un corte programado en el suministro de agua ma\u00f1ana mi\u00e9rcoles<\/p>\n\t\t<\/div>\n\t\t\t\t<\/div>\n\t\t\t\t<\/article>\n\t\t\t\t<article class=\"elementor-post elementor-grid-item post-33095 post type-post status-publish format-standard has-post-thumbnail hentry category-ciclo-integral-del-agua\">\n\t\t\t\t<a class=\"elementor-post__thumbnail__link\" href=\"https:\/\/www.caudete.org\/ayuntamiento\/aviso-de-corte-de-suministro-de-agua-19-de-marzo-2026\/\" tabindex=\"-1\" >\n\t\t\t<div class=\"elementor-post__thumbnail\"><img decoding=\"async\" width=\"300\" height=\"161\" src=\"https:\/\/www.caudete.org\/ayuntamiento\/wp-content\/uploads\/2025\/03\/agua-caudete-digital-300x161.jpg\" class=\"attachment-medium size-medium wp-image-27776\" alt=\"\" srcset=\"https:\/\/www.caudete.org\/ayuntamiento\/wp-content\/uploads\/2025\/03\/agua-caudete-digital-300x161.jpg 300w, https:\/\/www.caudete.org\/ayuntamiento\/wp-content\/uploads\/2025\/03\/agua-caudete-digital-768x411.jpg 768w, https:\/\/www.caudete.org\/ayuntamiento\/wp-content\/uploads\/2025\/03\/agua-caudete-digital.jpg 1024w\" sizes=\"(max-width: 300px) 100vw, 300px\" \/><\/div>\n\t\t<\/a>\n\t\t\t\t<div class=\"elementor-post__text\">\n\t\t\t\t<h3 class=\"elementor-post__title\">\n\t\t\t<a href=\"https:\/\/www.caudete.org\/ayuntamiento\/aviso-de-corte-de-suministro-de-agua-19-de-marzo-2026\/\" >\n\t\t\t\tAviso de corte de suministro de agua: 19 de marzo 2026\t\t\t<\/a>\n\t\t<\/h3>\n\t\t\t\t<div class=\"elementor-post__meta-data\">\n\t\t\t\t\t<span class=\"elementor-post-date\">\n\t\t\t18 de marzo de 2026\t\t<\/span>\n\t\t\t\t<\/div>\n\t\t\t\t<div class=\"elementor-post__excerpt\">\n\t\t\t<p>El Ayuntamiento de Caudete informa que, con motivo de la continuaci\u00f3n de&nbsp;las obras de mantenimiento de la red, se prolongar\u00e1 el&nbsp;corte programado en el suministro de agua hasta ma\u00f1ana jueves<\/p>\n\t\t<\/div>\n\t\t\t\t<\/div>\n\t\t\t\t<\/article>\n\t\t\t\t<article class=\"elementor-post elementor-grid-item post-33030 post type-post status-publish format-standard has-post-thumbnail hentry category-ciclo-integral-del-agua\">\n\t\t\t\t<a class=\"elementor-post__thumbnail__link\" href=\"https:\/\/www.caudete.org\/ayuntamiento\/aviso-de-corte-de-suministro-de-agua-18-de-marzo-2026\/\" tabindex=\"-1\" >\n\t\t\t<div class=\"elementor-post__thumbnail\"><img decoding=\"async\" width=\"300\" height=\"161\" src=\"https:\/\/www.caudete.org\/ayuntamiento\/wp-content\/uploads\/2025\/03\/agua-caudete-digital-300x161.jpg\" class=\"attachment-medium size-medium wp-image-27776\" alt=\"\" srcset=\"https:\/\/www.caudete.org\/ayuntamiento\/wp-content\/uploads\/2025\/03\/agua-caudete-digital-300x161.jpg 300w, https:\/\/www.caudete.org\/ayuntamiento\/wp-content\/uploads\/2025\/03\/agua-caudete-digital-768x411.jpg 768w, https:\/\/www.caudete.org\/ayuntamiento\/wp-content\/uploads\/2025\/03\/agua-caudete-digital.jpg 1024w\" sizes=\"(max-width: 300px) 100vw, 300px\" \/><\/div>\n\t\t<\/a>\n\t\t\t\t<div class=\"elementor-post__text\">\n\t\t\t\t<h3 class=\"elementor-post__title\">\n\t\t\t<a href=\"https:\/\/www.caudete.org\/ayuntamiento\/aviso-de-corte-de-suministro-de-agua-18-de-marzo-2026\/\" >\n\t\t\t\tAviso de corte de suministro de agua: 18 de marzo 2026\t\t\t<\/a>\n\t\t<\/h3>\n\t\t\t\t<div class=\"elementor-post__meta-data\">\n\t\t\t\t\t<span class=\"elementor-post-date\">\n\t\t\t17 de marzo de 2026\t\t<\/span>\n\t\t\t\t<\/div>\n\t\t\t\t<div class=\"elementor-post__excerpt\">\n\t\t\t<p>El Ayuntamiento de Caudete informa que, con motivo de las obras de mantenimiento de la red, se llevar\u00e1 a cabo un corte programado en el suministro de agua ma\u00f1ana mi\u00e9rcoles<\/p>\n\t\t<\/div>\n\t\t\t\t<\/div>\n\t\t\t\t<\/article>\n\t\t\t\t<article class=\"elementor-post elementor-grid-item post-32886 post type-post status-publish format-standard has-post-thumbnail hentry category-ciclo-integral-del-agua\">\n\t\t\t\t<a class=\"elementor-post__thumbnail__link\" href=\"https:\/\/www.caudete.org\/ayuntamiento\/corte-de-trafico-programado-en-el-camino-de-los-vinales\/\" tabindex=\"-1\" >\n\t\t\t<div class=\"elementor-post__thumbnail\"><img loading=\"lazy\" decoding=\"async\" width=\"300\" height=\"147\" src=\"https:\/\/www.caudete.org\/ayuntamiento\/wp-content\/uploads\/2023\/08\/ayuntamiento_2020_caudete_digital-300x147.jpg\" class=\"attachment-medium size-medium wp-image-23089\" alt=\"\" srcset=\"https:\/\/www.caudete.org\/ayuntamiento\/wp-content\/uploads\/2023\/08\/ayuntamiento_2020_caudete_digital-300x147.jpg 300w, https:\/\/www.caudete.org\/ayuntamiento\/wp-content\/uploads\/2023\/08\/ayuntamiento_2020_caudete_digital.jpg 700w\" sizes=\"(max-width: 300px) 100vw, 300px\" \/><\/div>\n\t\t<\/a>\n\t\t\t\t<div class=\"elementor-post__text\">\n\t\t\t\t<h3 class=\"elementor-post__title\">\n\t\t\t<a href=\"https:\/\/www.caudete.org\/ayuntamiento\/corte-de-trafico-programado-en-el-camino-de-los-vinales\/\" >\n\t\t\t\tCorte de Tr\u00e1fico programado en el Camino de Los Vi\u00f1ales\t\t\t<\/a>\n\t\t<\/h3>\n\t\t\t\t<div class=\"elementor-post__meta-data\">\n\t\t\t\t\t<span class=\"elementor-post-date\">\n\t\t\t6 de marzo de 2026\t\t<\/span>\n\t\t\t\t<\/div>\n\t\t\t\t<div class=\"elementor-post__excerpt\">\n\t\t\t<p>Se informa a todos los vecinos y usuarios que, debido a los trabajos programados para el aforo del pozo, el acceso por el Camino de los Vi\u00f1ales permanecer\u00e1 cerrado al<\/p>\n\t\t<\/div>\n\t\t\t\t<\/div>\n\t\t\t\t<\/article>\n\t\t\t\t<article class=\"elementor-post elementor-grid-item post-32864 post type-post status-publish format-standard has-post-thumbnail hentry category-ciclo-integral-del-agua\">\n\t\t\t\t<a class=\"elementor-post__thumbnail__link\" href=\"https:\/\/www.caudete.org\/ayuntamiento\/reunion-informativa-para-informacion-clara-sobre-el-futuro-del-servicio-de-agua-en-caudete\/\" tabindex=\"-1\" >\n\t\t\t<div class=\"elementor-post__thumbnail\"><img loading=\"lazy\" decoding=\"async\" width=\"300\" height=\"147\" src=\"https:\/\/www.caudete.org\/ayuntamiento\/wp-content\/uploads\/2023\/08\/ayuntamiento_2020_caudete_digital-300x147.jpg\" class=\"attachment-medium size-medium wp-image-23089\" alt=\"\" srcset=\"https:\/\/www.caudete.org\/ayuntamiento\/wp-content\/uploads\/2023\/08\/ayuntamiento_2020_caudete_digital-300x147.jpg 300w, https:\/\/www.caudete.org\/ayuntamiento\/wp-content\/uploads\/2023\/08\/ayuntamiento_2020_caudete_digital.jpg 700w\" sizes=\"(max-width: 300px) 100vw, 300px\" \/><\/div>\n\t\t<\/a>\n\t\t\t\t<div class=\"elementor-post__text\">\n\t\t\t\t<h3 class=\"elementor-post__title\">\n\t\t\t<a href=\"https:\/\/www.caudete.org\/ayuntamiento\/reunion-informativa-para-informacion-clara-sobre-el-futuro-del-servicio-de-agua-en-caudete\/\" >\n\t\t\t\tReuni\u00f3n informativa: una explicaci\u00f3n clara sobre el futuro del SERVICIO de AGUA en Caudete\t\t\t<\/a>\n\t\t<\/h3>\n\t\t\t\t<div class=\"elementor-post__meta-data\">\n\t\t\t\t\t<span class=\"elementor-post-date\">\n\t\t\t5 de marzo de 2026\t\t<\/span>\n\t\t\t\t<\/div>\n\t\t\t\t<div class=\"elementor-post__excerpt\">\n\t\t\t<p>El Ayuntamiento de Caudete informa a todos los vecinos sobre la situaci\u00f3n actual y las alternativas que se est\u00e1n estudiando para la gesti\u00f3n del servicio de agua, con el objetivo<\/p>\n\t\t<\/div>\n\t\t\t\t<\/div>\n\t\t\t\t<\/article>\n\t\t\t\t<article class=\"elementor-post elementor-grid-item post-32269 post type-post status-publish format-standard has-post-thumbnail hentry category-ciclo-integral-del-agua\">\n\t\t\t\t<a class=\"elementor-post__thumbnail__link\" href=\"https:\/\/www.caudete.org\/ayuntamiento\/aviso-de-corte-de-suministro-de-agua-15-de-enero-2026\/\" tabindex=\"-1\" >\n\t\t\t<div class=\"elementor-post__thumbnail\"><img decoding=\"async\" width=\"300\" height=\"161\" src=\"https:\/\/www.caudete.org\/ayuntamiento\/wp-content\/uploads\/2025\/03\/agua-caudete-digital-300x161.jpg\" class=\"attachment-medium size-medium wp-image-27776\" alt=\"\" srcset=\"https:\/\/www.caudete.org\/ayuntamiento\/wp-content\/uploads\/2025\/03\/agua-caudete-digital-300x161.jpg 300w, https:\/\/www.caudete.org\/ayuntamiento\/wp-content\/uploads\/2025\/03\/agua-caudete-digital-768x411.jpg 768w, https:\/\/www.caudete.org\/ayuntamiento\/wp-content\/uploads\/2025\/03\/agua-caudete-digital.jpg 1024w\" sizes=\"(max-width: 300px) 100vw, 300px\" \/><\/div>\n\t\t<\/a>\n\t\t\t\t<div class=\"elementor-post__text\">\n\t\t\t\t<h3 class=\"elementor-post__title\">\n\t\t\t<a href=\"https:\/\/www.caudete.org\/ayuntamiento\/aviso-de-corte-de-suministro-de-agua-15-de-enero-2026\/\" >\n\t\t\t\tAviso de corte de suministro de agua: 15 de enero 2026\t\t\t<\/a>\n\t\t<\/h3>\n\t\t\t\t<div class=\"elementor-post__meta-data\">\n\t\t\t\t\t<span class=\"elementor-post-date\">\n\t\t\t14 de enero de 2026\t\t<\/span>\n\t\t\t\t<\/div>\n\t\t\t\t<div class=\"elementor-post__excerpt\">\n\t\t\t<p>El Ayuntamiento de Caudete informa que, con motivo de las obras de mantenimiento de la red, se llevar\u00e1 a cabo un corte programado en el suministro de agua ma\u00f1ana jueves<\/p>\n\t\t<\/div>\n\t\t\t\t<\/div>\n\t\t\t\t<\/article>\n\t\t\t\t<\/div>\n\t\t\n\t\t\t\t<div class=\"e-load-more-anchor\" data-page=\"1\" data-max-page=\"13\" data-next-page=\"https:\/\/www.caudete.org\/ayuntamiento\/wp-json\/wp\/v2\/pages\/24806\/page\/2\/\"><\/div>\n\t\t\t\t<nav class=\"elementor-pagination\" aria-label=\"Pagination\">\n\t\t\t<span class=\"page-numbers prev\">&laquo; Anteriores<\/span>\n<a class=\"page-numbers next\" href=\"https:\/\/www.caudete.org\/ayuntamiento\/wp-json\/wp\/v2\/pages\/24806\/page\/2\/\">Siguientes &raquo;<\/a>\t\t<\/nav>\n\t\t\t\t\t\t<\/div>\n\t\t\t\t<\/div>\n\t\t\t\t\t<\/div>\n\t\t<\/div>\n\t\t\t\t\t<\/div>\n\t\t<\/section>\n\t\t\t\t<\/div>\n\t\t","protected":false},"excerpt":{"rendered":"<p>Ciclo Integral del Agua La oficina del Ciclo Integral del Agua est\u00e1 situada en la Plaza del Carmen, 6 y su horario de atenci\u00f3n presencial es de\u00a09:00 a 14:00 horas. Tambi\u00e9n te puedes comunicar por tel\u00e9fono o WhatsApp. Tel\u00e9fono y WhatsApp: 96 582 58 69 Correo electr\u00f3nico: servicioagua@caudete.org Te puedes dirigir a la oficina de &hellip;<\/p>\n","protected":false},"author":1,"featured_media":0,"parent":0,"menu_order":0,"comment_status":"closed","ping_status":"closed","template":"","meta":{"ngg_post_thumbnail":0,"footnotes":""},"categories":[49],"tags":[],"class_list":["post-24806","page","type-page","status-publish","hentry","category-ciclo-integral-del-agua"],"yoast_head":"<!-- This site is optimized with the Yoast SEO plugin v27.5 - https:\/\/yoast.com\/product\/yoast-seo-wordpress\/ -->\n<title>Ciclo Integral del Agua - Presentaci\u00f3n - MI Ayuntamiento de Caudete<\/title>\n<meta name=\"description\" content=\"P\u00e1gina Oficial del Ayuntamiento de Caudete (Albacete)\" \/>\n<meta name=\"robots\" content=\"index, follow, max-snippet:-1, max-image-preview:large, max-video-preview:-1\" \/>\n<link rel=\"canonical\" href=\"https:\/\/www.caudete.org\/ayuntamiento\/ciclo-integral-del-agua-presentacion\/\" \/>\n<meta property=\"og:locale\" content=\"es_ES\" \/>\n<meta property=\"og:type\" content=\"article\" \/>\n<meta property=\"og:title\" content=\"Ciclo Integral del Agua - Presentaci\u00f3n - MI Ayuntamiento de Caudete\" \/>\n<meta property=\"og:description\" content=\"P\u00e1gina Oficial del Ayuntamiento de Caudete (Albacete)\" \/>\n<meta property=\"og:url\" content=\"https:\/\/www.caudete.org\/ayuntamiento\/ciclo-integral-del-agua-presentacion\/\" \/>\n<meta property=\"og:site_name\" content=\"MI Ayuntamiento de Caudete\" \/>\n<meta property=\"article:publisher\" content=\"https:\/\/www.facebook.com\/ayuntamientocaudete\/\" \/>\n<meta property=\"article:modified_time\" content=\"2024-10-08T07:49:33+00:00\" \/>\n<meta property=\"og:image\" content=\"https:\/\/www.caudete.org\/ayuntamiento\/wp-content\/uploads\/2024\/04\/servicios-tecnicos.jpg\" \/>\n<meta name=\"twitter:card\" content=\"summary_large_image\" \/>\n<meta name=\"twitter:label1\" content=\"Tiempo de lectura\" \/>\n\t<meta name=\"twitter:data1\" content=\"7 minutos\" \/>\n<script type=\"application\/ld+json\" class=\"yoast-schema-graph\">{\"@context\":\"https:\\\/\\\/schema.org\",\"@graph\":[{\"@type\":\"WebPage\",\"@id\":\"https:\\\/\\\/www.caudete.org\\\/ayuntamiento\\\/ciclo-integral-del-agua-presentacion\\\/\",\"url\":\"https:\\\/\\\/www.caudete.org\\\/ayuntamiento\\\/ciclo-integral-del-agua-presentacion\\\/\",\"name\":\"Ciclo Integral del Agua - Presentaci\u00f3n - MI Ayuntamiento de Caudete\",\"isPartOf\":{\"@id\":\"https:\\\/\\\/www.caudete.org\\\/ayuntamiento\\\/#website\"},\"primaryImageOfPage\":{\"@id\":\"https:\\\/\\\/www.caudete.org\\\/ayuntamiento\\\/ciclo-integral-del-agua-presentacion\\\/#primaryimage\"},\"image\":{\"@id\":\"https:\\\/\\\/www.caudete.org\\\/ayuntamiento\\\/ciclo-integral-del-agua-presentacion\\\/#primaryimage\"},\"thumbnailUrl\":\"https:\\\/\\\/www.caudete.org\\\/ayuntamiento\\\/wp-content\\\/uploads\\\/2024\\\/04\\\/servicios-tecnicos.jpg\",\"datePublished\":\"2024-04-15T17:40:43+00:00\",\"dateModified\":\"2024-10-08T07:49:33+00:00\",\"description\":\"P\u00e1gina Oficial del Ayuntamiento de Caudete (Albacete)\",\"breadcrumb\":{\"@id\":\"https:\\\/\\\/www.caudete.org\\\/ayuntamiento\\\/ciclo-integral-del-agua-presentacion\\\/#breadcrumb\"},\"inLanguage\":\"es\",\"potentialAction\":[{\"@type\":\"ReadAction\",\"target\":[\"https:\\\/\\\/www.caudete.org\\\/ayuntamiento\\\/ciclo-integral-del-agua-presentacion\\\/\"]}]},{\"@type\":\"ImageObject\",\"inLanguage\":\"es\",\"@id\":\"https:\\\/\\\/www.caudete.org\\\/ayuntamiento\\\/ciclo-integral-del-agua-presentacion\\\/#primaryimage\",\"url\":\"https:\\\/\\\/www.caudete.org\\\/ayuntamiento\\\/wp-content\\\/uploads\\\/2024\\\/04\\\/servicios-tecnicos.jpg\",\"contentUrl\":\"https:\\\/\\\/www.caudete.org\\\/ayuntamiento\\\/wp-content\\\/uploads\\\/2024\\\/04\\\/servicios-tecnicos.jpg\",\"width\":960,\"height\":538},{\"@type\":\"BreadcrumbList\",\"@id\":\"https:\\\/\\\/www.caudete.org\\\/ayuntamiento\\\/ciclo-integral-del-agua-presentacion\\\/#breadcrumb\",\"itemListElement\":[{\"@type\":\"ListItem\",\"position\":1,\"name\":\"Inicio\",\"item\":\"https:\\\/\\\/www.caudete.org\\\/ayuntamiento\\\/\"},{\"@type\":\"ListItem\",\"position\":2,\"name\":\"Ciclo Integral del Agua &#8211; Presentaci\u00f3n\"}]},{\"@type\":\"WebSite\",\"@id\":\"https:\\\/\\\/www.caudete.org\\\/ayuntamiento\\\/#website\",\"url\":\"https:\\\/\\\/www.caudete.org\\\/ayuntamiento\\\/\",\"name\":\"MI Ayuntamiento de Caudete\",\"description\":\"P\u00e1gina Oficial del MI Ayuntamiento de Caudete\",\"potentialAction\":[{\"@type\":\"SearchAction\",\"target\":{\"@type\":\"EntryPoint\",\"urlTemplate\":\"https:\\\/\\\/www.caudete.org\\\/ayuntamiento\\\/?s={search_term_string}\"},\"query-input\":{\"@type\":\"PropertyValueSpecification\",\"valueRequired\":true,\"valueName\":\"search_term_string\"}}],\"inLanguage\":\"es\"}]}<\/script>\n<!-- \/ Yoast SEO plugin. -->","yoast_head_json":{"title":"Ciclo Integral del Agua - Presentaci\u00f3n - MI Ayuntamiento de Caudete","description":"P\u00e1gina Oficial del Ayuntamiento de Caudete (Albacete)","robots":{"index":"index","follow":"follow","max-snippet":"max-snippet:-1","max-image-preview":"max-image-preview:large","max-video-preview":"max-video-preview:-1"},"canonical":"https:\/\/www.caudete.org\/ayuntamiento\/ciclo-integral-del-agua-presentacion\/","og_locale":"es_ES","og_type":"article","og_title":"Ciclo Integral del Agua - Presentaci\u00f3n - MI Ayuntamiento de Caudete","og_description":"P\u00e1gina Oficial del Ayuntamiento de Caudete (Albacete)","og_url":"https:\/\/www.caudete.org\/ayuntamiento\/ciclo-integral-del-agua-presentacion\/","og_site_name":"MI Ayuntamiento de Caudete","article_publisher":"https:\/\/www.facebook.com\/ayuntamientocaudete\/","article_modified_time":"2024-10-08T07:49:33+00:00","og_image":[{"url":"https:\/\/www.caudete.org\/ayuntamiento\/wp-content\/uploads\/2024\/04\/servicios-tecnicos.jpg","type":"","width":"","height":""}],"twitter_card":"summary_large_image","twitter_misc":{"Tiempo de lectura":"7 minutos"},"schema":{"@context":"https:\/\/schema.org","@graph":[{"@type":"WebPage","@id":"https:\/\/www.caudete.org\/ayuntamiento\/ciclo-integral-del-agua-presentacion\/","url":"https:\/\/www.caudete.org\/ayuntamiento\/ciclo-integral-del-agua-presentacion\/","name":"Ciclo Integral del Agua - Presentaci\u00f3n - MI Ayuntamiento de Caudete","isPartOf":{"@id":"https:\/\/www.caudete.org\/ayuntamiento\/#website"},"primaryImageOfPage":{"@id":"https:\/\/www.caudete.org\/ayuntamiento\/ciclo-integral-del-agua-presentacion\/#primaryimage"},"image":{"@id":"https:\/\/www.caudete.org\/ayuntamiento\/ciclo-integral-del-agua-presentacion\/#primaryimage"},"thumbnailUrl":"https:\/\/www.caudete.org\/ayuntamiento\/wp-content\/uploads\/2024\/04\/servicios-tecnicos.jpg","datePublished":"2024-04-15T17:40:43+00:00","dateModified":"2024-10-08T07:49:33+00:00","description":"P\u00e1gina Oficial del Ayuntamiento de Caudete (Albacete)","breadcrumb":{"@id":"https:\/\/www.caudete.org\/ayuntamiento\/ciclo-integral-del-agua-presentacion\/#breadcrumb"},"inLanguage":"es","potentialAction":[{"@type":"ReadAction","target":["https:\/\/www.caudete.org\/ayuntamiento\/ciclo-integral-del-agua-presentacion\/"]}]},{"@type":"ImageObject","inLanguage":"es","@id":"https:\/\/www.caudete.org\/ayuntamiento\/ciclo-integral-del-agua-presentacion\/#primaryimage","url":"https:\/\/www.caudete.org\/ayuntamiento\/wp-content\/uploads\/2024\/04\/servicios-tecnicos.jpg","contentUrl":"https:\/\/www.caudete.org\/ayuntamiento\/wp-content\/uploads\/2024\/04\/servicios-tecnicos.jpg","width":960,"height":538},{"@type":"BreadcrumbList","@id":"https:\/\/www.caudete.org\/ayuntamiento\/ciclo-integral-del-agua-presentacion\/#breadcrumb","itemListElement":[{"@type":"ListItem","position":1,"name":"Inicio","item":"https:\/\/www.caudete.org\/ayuntamiento\/"},{"@type":"ListItem","position":2,"name":"Ciclo Integral del Agua &#8211; Presentaci\u00f3n"}]},{"@type":"WebSite","@id":"https:\/\/www.caudete.org\/ayuntamiento\/#website","url":"https:\/\/www.caudete.org\/ayuntamiento\/","name":"MI Ayuntamiento de Caudete","description":"P\u00e1gina Oficial del MI Ayuntamiento de Caudete","potentialAction":[{"@type":"SearchAction","target":{"@type":"EntryPoint","urlTemplate":"https:\/\/www.caudete.org\/ayuntamiento\/?s={search_term_string}"},"query-input":{"@type":"PropertyValueSpecification","valueRequired":true,"valueName":"search_term_string"}}],"inLanguage":"es"}]}},"_links":{"self":[{"href":"https:\/\/www.caudete.org\/ayuntamiento\/wp-json\/wp\/v2\/pages\/24806","targetHints":{"allow":["GET"]}}],"collection":[{"href":"https:\/\/www.caudete.org\/ayuntamiento\/wp-json\/wp\/v2\/pages"}],"about":[{"href":"https:\/\/www.caudete.org\/ayuntamiento\/wp-json\/wp\/v2\/types\/page"}],"author":[{"embeddable":true,"href":"https:\/\/www.caudete.org\/ayuntamiento\/wp-json\/wp\/v2\/users\/1"}],"replies":[{"embeddable":true,"href":"https:\/\/www.caudete.org\/ayuntamiento\/wp-json\/wp\/v2\/comments?post=24806"}],"version-history":[{"count":62,"href":"https:\/\/www.caudete.org\/ayuntamiento\/wp-json\/wp\/v2\/pages\/24806\/revisions"}],"predecessor-version":[{"id":26237,"href":"https:\/\/www.caudete.org\/ayuntamiento\/wp-json\/wp\/v2\/pages\/24806\/revisions\/26237"}],"wp:attachment":[{"href":"https:\/\/www.caudete.org\/ayuntamiento\/wp-json\/wp\/v2\/media?parent=24806"}],"wp:term":[{"taxonomy":"category","embeddable":true,"href":"https:\/\/www.caudete.org\/ayuntamiento\/wp-json\/wp\/v2\/categories?post=24806"},{"taxonomy":"post_tag","embeddable":true,"href":"https:\/\/www.caudete.org\/ayuntamiento\/wp-json\/wp\/v2\/tags?post=24806"}],"curies":[{"name":"wp","href":"https:\/\/api.w.org\/{rel}","templated":true}]}}