{"id":25614,"date":"2024-07-10T10:24:22","date_gmt":"2024-07-10T08:24:22","guid":{"rendered":"https:\/\/www.caudete.org\/ayuntamiento\/?page_id=25614"},"modified":"2025-07-28T11:31:00","modified_gmt":"2025-07-28T09:31:00","slug":"desarrollo-local-erasmus-acreditacion-fp-2023-2025","status":"publish","type":"page","link":"https:\/\/www.caudete.org\/ayuntamiento\/desarrollo-local-erasmus-acreditacion-fp-2023-2025\/","title":{"rendered":"Desarrollo Local &#8211; Erasmus Acreditaci\u00f3n FP 2023-2025"},"content":{"rendered":"<p><img fetchpriority=\"high\" decoding=\"async\" class=\"alignnone wp-image-29953 size-full\" src=\"https:\/\/www.caudete.org\/ayuntamiento\/wp-content\/uploads\/2025\/07\/Logos_cabecera.jpg\" alt=\"\" width=\"1000\" height=\"344\" srcset=\"https:\/\/www.caudete.org\/ayuntamiento\/wp-content\/uploads\/2025\/07\/Logos_cabecera.jpg 1000w, https:\/\/www.caudete.org\/ayuntamiento\/wp-content\/uploads\/2025\/07\/Logos_cabecera-960x330.jpg 960w, https:\/\/www.caudete.org\/ayuntamiento\/wp-content\/uploads\/2025\/07\/Logos_cabecera-350x120.jpg 350w, https:\/\/www.caudete.org\/ayuntamiento\/wp-content\/uploads\/2025\/07\/Logos_cabecera-768x264.jpg 768w\" sizes=\"(max-width: 1000px) 100vw, 1000px\" \/><\/p>\n<p><span style=\"font-size: 12pt; font-family: georgia, palatino, serif;\"><b>PROYECTO ERASMUS ACREDITACI\u00d3N FP 2023-2025<\/b><\/span><\/p>\n<p><span style=\"font-family: georgia, palatino, serif;\">El proyecto desarrollado en el marco de la Acreditaci\u00f3n\u00a0<span style=\"font-size: medium;\">Erasmus+ en el sector de Formaci\u00f3n Profesional\u00a0<\/span>2023-2025\u00a0<span style=\"font-size: medium;\">del Ayuntamiento de Caudete, que ha contado con una financiaci\u00f3n de 57 719,00 \u20ac, ha permitido realizar movilidades formativas a personal, alumnado y reci\u00e9n titulados de los centros socios del proyecto, IES Pintor Rafael Requena, Centro de Formaci\u00f3n Albertina y Meser Center Formaci\u00f3n.\u00a0<\/span><\/span><\/p>\n<p><span style=\"font-family: georgia, palatino, serif;\"><span style=\"font-size: medium;\">Los objetivos de la Acreditaci\u00f3n Erasmus+ FP del consorcio local de centros de FP coordinado por el Ayuntamiento de Caudete son: <\/span><\/span><\/p>\n<ul>\n<li style=\"text-align: justify;\"><span style=\"font-size: 12pt; font-family: georgia, palatino, serif;\">Promover la movilidad europea e internacional de estudiantes y reci\u00e9n titulados de FP de los centros de FP del consorcio.<\/span><\/li>\n<li style=\"text-align: justify;\"><span style=\"font-size: 12pt; font-family: georgia, palatino, serif;\">Promover la movilidad europea e internacional del personal de los centros FP del consorcio.<\/span><\/li>\n<li style=\"text-align: justify;\"><span style=\"font-size: 12pt; font-family: georgia, palatino, serif;\">Facilitar el contacto de los centros con profesionales europeos de los sectores de FP que trabajamos, a trav\u00e9s de movilidades con destino a Espa\u00f1a de profesionales de empresas europeas.<\/span><\/li>\n<li style=\"text-align: justify;\"><span style=\"font-size: 12pt; font-family: georgia, palatino, serif;\">Promoci\u00f3n del aprendizaje de idiomas y el multiling\u00fcismo de alumnado y profesorados, para un disfrute pleno de las posibilidades que ofrece la ciudadan\u00eda europea y el Espacio Europeo de Educaci\u00f3n.<\/span><\/li>\n<li style=\"text-align: justify;\"><span style=\"font-size: 12pt; font-family: georgia, palatino, serif;\">Favorecer la perspectiva europea en la educaci\u00f3n, participando en iniciativas y programas que contribuyan a acercar el concepto de ciudadan\u00eda europea.<\/span><\/li>\n<li style=\"text-align: justify;\"><span style=\"font-size: 12pt; font-family: georgia, palatino, serif;\">Favorecer la transparencia y el reconocimiento de capacidades y cualificaciones a nivel europeo a trav\u00e9s de instrumentos comunes como Europass.<\/span><\/li>\n<li style=\"text-align: justify;\"><span style=\"font-size: 12pt; font-family: georgia, palatino, serif;\">Contribuir a la transici\u00f3n verde y digital, fomentando en nuestros centros el uso de la tecnolog\u00eda digital e intentando realizar movilidades respetando en la medida de lo posible el medioambiente.<\/span><\/li>\n<li style=\"text-align: justify;\"><span style=\"font-size: 12pt; font-family: georgia, palatino, serif;\">Avanzar hacia sociedades m\u00e1s inclusivas, facilitando la participaci\u00f3n en nuestros proyectos de colectivos vulnerables, y utilizando en la medida de lo posible los recursos disponibles en el programa.<\/span><\/li>\n<li style=\"text-align: justify;\"><span style=\"font-size: 12pt; font-family: georgia, palatino, serif;\">Favorecer el desarrollo estrat\u00e9gico de las organizaciones integrantes de nuestro consorcio, tanto en el \u00e1mbito europeo como internacional.<\/span><\/li>\n<li style=\"text-align: justify;\"><span style=\"font-size: 12pt; font-family: georgia, palatino, serif;\">Difundir el programa en nuestro territorio y contexto institucional.<\/span><\/li>\n<\/ul>\n<p style=\"text-align: justify;\"><span style=\"font-family: georgia, palatino, serif; font-size: 12pt;\">En l\u00ednea con estos objetivos, las actividades desarrolladas en el proyecto 2023-1-ES01-KA121-VET-000123559 en el curso 2024-2025 han sido 3 movilidades de reci\u00e9n titulados del centro Meser Center Formaci\u00f3n, que cursaron el Certificado de Profesionalidad en Dinamizaci\u00f3n de Actividades de Tiempo Libre Educativo Infantil y Juvenil y realizaron pr\u00e1cticas en asociaciones sin \u00e1nimo de lucro de Italia y Eslovenia que trabajan con j\u00f3venes en proyectos de voluntariado europeo, colaborando en la organizaci\u00f3n y desarrollo de actividades; 2 movilidades de profesorado del IES Pintor Rafael Requena, en la administraci\u00f3n educativa irlandesa <span lang=\"en-GB\">Cavan and Monaghan Education and Training Board, que incluyeron reuniones con los equipos directivos, visita a las instalaciones, interacci\u00f3n con alumnado y profesorado<\/span><span style=\"color: #333333;\"><span lang=\"en-GB\">, conocimiento de itinerarios formativos y f\u00f3rmulas de compaginar la docencia en el aula y la pr\u00e1ctica en empresas, y <\/span><\/span><span style=\"color: #333333;\"><span lang=\"en-GB\">un sistema de<\/span><\/span><span style=\"color: #333333;\"><span lang=\"en-GB\"> formaci\u00f3n profesional en <\/span><\/span><span style=\"color: #333333;\"><span lang=\"en-GB\">el<\/span><\/span><span style=\"color: #333333;\"><span lang=\"en-GB\"> que abunda <\/span><\/span><span style=\"color: #333333;\"><span lang=\"en-GB\">la<\/span><\/span><span style=\"color: #333333;\"><span lang=\"en-GB\"> versatilidad, la personalizaci\u00f3n, <\/span><\/span><span style=\"color: #333333;\"><span lang=\"en-GB\">la orientaci\u00f3n y<\/span><\/span><span style=\"color: #333333;\"><span lang=\"en-GB\"> el acompa\u00f1amiento al alum<\/span><\/span><span style=\"color: #333333;\"><span lang=\"en-GB\">na<\/span><\/span><span style=\"color: #333333;\"><span lang=\"en-GB\">do y la flexibilidad, con resultados de alta empleabilidad. <\/span><\/span><span style=\"color: #333333;\"><span lang=\"en-GB\">Y, por \u00faltimo <\/span><\/span><span style=\"color: #333333;\"><span lang=\"en-GB\">3 <\/span><\/span><span style=\"color: #333333;\"><span lang=\"en-GB\">movilidades con fines de formaci\u00f3n<\/span><\/span><span style=\"color: #333333;\"><span lang=\"en-GB\"> del personal del Ayuntamiento de Caudete, la coordinadora Erasmus+, la <\/span><\/span><span style=\"color: #333333;\"><span lang=\"en-GB\">responsable<\/span><\/span><span style=\"color: #333333;\"><span lang=\"en-GB\"> de Formaci\u00f3n del ayuntamiento, y la profesora de Certificado<\/span><\/span><span style=\"color: #333333;\"><span lang=\"en-GB\">s<\/span><\/span><span style=\"color: #333333;\"><span lang=\"en-GB\"> de Profesionalidad de <\/span><\/span><span style=\"color: #333333;\"><span lang=\"en-GB\">la Familia Profesional Agraria que se imparten en el centro de formaci\u00f3n municipal, <\/span><\/span><span style=\"color: #333333;\"><span lang=\"en-GB\">que <\/span><\/span><span style=\"color: #333333;\"><span lang=\"en-GB\">realizaron actividades de observaci\u00f3n de pr\u00e1cticas de trabajo en la C\u00e1mara Municipal de Lisboa, pudiendo conocer su centro de formaci\u00f3n, en el que se imparten certificados profesionales de jardiner\u00eda, as\u00ed como las instalaciones centrales de la C\u00e1mara Municipal, y su amplia programaci\u00f3n formativa, con proyectos como la Plataforma Digital Lisboa Ciudad del Aprendizaje; el Pasaporte de Competencias Digitales, o el uso de credenciales digitales.<\/span><\/span><\/span><\/p>\n<p style=\"text-align: justify;\"><span style=\"font-family: georgia, palatino, serif; font-size: 12pt;\">Entre junio de 2023 y julio de 2024, han sido 6 actividades de observaci\u00f3n de pr\u00e1cticas de trabajo por parte de profesorado del Centro de Formaci\u00f3n Albertina Garc\u00eda Llorens, que conocieron el P\u00e4rnumaa Vocational Education Center, en P\u00e4rnu (Estonia) que cuenta con ense\u00f1anzas profesionales de Est\u00e9tica y Peluquer\u00eda; 2 movilidades de alumnado de corta duraci\u00f3n de ese mismo centro de FP de Caudete, que realizaron pr\u00e1cticas en empresas en Sicilia (Italia) correspondientes a sus Certificados de Profesionalidad de la Familia Profesional de Imagen Personal, y 6 movilidades de larga duraci\u00f3n de alumnado del IES Pintor Rafael Requena de Caudete, que han realizado en empresas europeas las pr\u00e1cticas (Formaci\u00f3n en Centros de Trabajo) conducentes a su titulaci\u00f3n de T\u00e9cnicos en Gesti\u00f3n Administrativa y T\u00e9cnicos en Atenci\u00f3n a Personas en Situaci\u00f3n de Dependencia, en Bruselas (B\u00e9lgica) y Perugia y Bolonia (Italia), siendo acompa\u00f1ados durante los primeros d\u00edas por 3 profesores del centro. Los socios del consorcio contaron, asimismo, con la visita como experto invitado de personal t\u00e9cnico procedente de la organizaci\u00f3n belga CATAPA dedicada a la concienciaci\u00f3n sobre el impacto medioambiental de la miner\u00eda met\u00e1lica, y que podr\u00e1 ser centro de acogida de futuros estudiantes de Gesti\u00f3n Administrativa del IES Pintor Rafael Requena. Adem\u00e1s, los centros del consorcio y empresas locales han sido entidades de acogida de profesorado procedente, en concreto, del Lyc\u00e9e La Sagesse de Valenciennes, de Francia, que envi\u00f3 a 3 profesoras a conocer las ense\u00f1anzas profesionales de Atenci\u00f3n a Dependencia en el IES de Caudete. <\/span><\/p>\n<p style=\"text-align: justify;\"><span style=\"font-family: georgia, palatino, serif; font-size: 12pt;\"><span style=\"color: #000000;\"><span lang=\"es-ES\">El programa Erasmus+<\/span><\/span><span style=\"color: #000000;\"><span lang=\"es-ES\"> Formaci\u00f3n Profesional <\/span><\/span><span style=\"color: #000000;\"><span lang=\"es-ES\">promueve la movilidad europea <\/span><\/span><span style=\"color: #000000;\"><span lang=\"es-ES\">para la realizaci\u00f3n de pr\u00e1cticas en empresas <\/span><\/span><span style=\"color: #000000;\"><span lang=\"es-ES\">del alum<\/span><\/span><span style=\"color: #000000;\"><span lang=\"es-ES\">na<\/span><\/span><span style=\"color: #000000;\"><span lang=\"es-ES\">do <\/span><\/span><span style=\"color: #000000;\"><span lang=\"es-ES\">como v\u00eda<\/span><\/span> <span style=\"color: #000000;\"><span lang=\"es-ES\">de<\/span><\/span><span style=\"color: #000000;\"><span lang=\"es-ES\"> mejora <\/span><\/span><span style=\"color: #000000;\"><span lang=\"es-ES\">de <\/span><\/span><span style=\"color: #000000;\"><span lang=\"es-ES\">las competencias interculturales y ling\u00fc\u00edsticas,<\/span><\/span> <span style=\"color: #000000;\"><span lang=\"es-ES\">para <\/span><\/span><span style=\"color: #000000;\"><span lang=\"es-ES\">acercar la escuela al mercado laboral <\/span><\/span><span style=\"color: #000000;\"><span lang=\"es-ES\">y, <\/span><\/span><span style=\"color: #000000;\"><span lang=\"es-ES\">en \u00faltimo t\u00e9rmino, para <\/span><\/span><span style=\"color: #000000;\"><span lang=\"es-ES\">favorecer un<\/span><\/span><span style=\"color: #000000;\"><span lang=\"es-ES\">a<\/span><\/span><span style=\"color: #000000;\"><span lang=\"es-ES\"> mayor c<\/span><\/span><span style=\"color: #000000;\"><span lang=\"es-ES\">ohesi\u00f3n social en toda la <\/span><\/span><span style=\"color: #000000;\"><span lang=\"es-ES\">Uni\u00f3n Europea.<\/span><\/span><\/span><\/p>\n<p style=\"text-align: justify;\"><span style=\"font-size: 12pt; font-family: georgia, palatino, serif;\">Las actividades de este proyecto han sido difundidas en el apartado de noticias de la web municipal, redes sociales y eventos espec\u00edficos como el InfoDay ErasmusDays 2023 y 2024.<\/span><\/p>\n<blockquote class=\"wp-embedded-content\" data-secret=\"0zsPAhHsYN\"><p><a href=\"https:\/\/www.caudete.org\/ayuntamiento\/erasmus-fp-en-el-curso-2024-2025\/\">Actividades finales del consorcio local de centros de FP de Caudete proyecto Erasmus+  2023-2025<\/a><\/p><\/blockquote>\n<p><iframe class=\"wp-embedded-content\" sandbox=\"allow-scripts\" security=\"restricted\" style=\"position: absolute; visibility: hidden;\" title=\"\u00abActividades finales del consorcio local de centros de FP de Caudete proyecto Erasmus+  2023-2025\u00bb \u2014 MI Ayuntamiento de Caudete\" src=\"https:\/\/www.caudete.org\/ayuntamiento\/erasmus-fp-en-el-curso-2024-2025\/embed\/#?secret=QinqS3NWfb#?secret=0zsPAhHsYN\" data-secret=\"0zsPAhHsYN\" width=\"600\" height=\"338\" frameborder=\"0\" marginwidth=\"0\" marginheight=\"0\" scrolling=\"no\"><\/iframe><\/p>\n<blockquote class=\"wp-embedded-content\" data-secret=\"hAAoANVNmI\"><p><a href=\"https:\/\/www.caudete.org\/ayuntamiento\/la-camara-municipal-de-lisboa-acogio-a-personal-de-desarrollo-y-formacion-del-ayuntamiento-de-caudete\/\">La C\u00e1mara Municipal de Lisboa acogi\u00f3 a personal de Desarrollo y Formaci\u00f3n del Ayuntamiento de Caudete<\/a><\/p><\/blockquote>\n<p><iframe class=\"wp-embedded-content\" sandbox=\"allow-scripts\" security=\"restricted\" style=\"position: absolute; visibility: hidden;\" title=\"\u00abLa C\u00e1mara Municipal de Lisboa acogi\u00f3 a personal de Desarrollo y Formaci\u00f3n del Ayuntamiento de Caudete\u00bb \u2014 MI Ayuntamiento de Caudete\" src=\"https:\/\/www.caudete.org\/ayuntamiento\/la-camara-municipal-de-lisboa-acogio-a-personal-de-desarrollo-y-formacion-del-ayuntamiento-de-caudete\/embed\/#?secret=SvFuVebAS6#?secret=hAAoANVNmI\" data-secret=\"hAAoANVNmI\" width=\"600\" height=\"338\" frameborder=\"0\" marginwidth=\"0\" marginheight=\"0\" scrolling=\"no\"><\/iframe><\/p>\n<blockquote class=\"wp-embedded-content\" data-secret=\"B6BJFJLNF7\"><p><a href=\"https:\/\/www.caudete.org\/ayuntamiento\/la-camara-municipal-de-lisboa-acogera-la-visita-de-3-empleados-municipales-por-medio-de-erasmus\/\">La C\u00e1mara Municipal de Lisboa acoger\u00e1 la visita de 3 empleados municipales por medio de Erasmus+<\/a><\/p><\/blockquote>\n<p><iframe class=\"wp-embedded-content\" sandbox=\"allow-scripts\" security=\"restricted\" style=\"position: absolute; visibility: hidden;\" title=\"\u00abLa C\u00e1mara Municipal de Lisboa acoger\u00e1 la visita de 3 empleados municipales por medio de Erasmus+\u00bb \u2014 MI Ayuntamiento de Caudete\" src=\"https:\/\/www.caudete.org\/ayuntamiento\/la-camara-municipal-de-lisboa-acogera-la-visita-de-3-empleados-municipales-por-medio-de-erasmus\/embed\/#?secret=dg5buP6Oeq#?secret=B6BJFJLNF7\" data-secret=\"B6BJFJLNF7\" width=\"600\" height=\"338\" frameborder=\"0\" marginwidth=\"0\" marginheight=\"0\" scrolling=\"no\"><\/iframe><\/p>\n<blockquote class=\"wp-embedded-content\" data-secret=\"asn2KrfovO\"><p><a href=\"https:\/\/www.caudete.org\/ayuntamiento\/participacion-del-ayuntamiento-de-caudete-en-las-jornadas-erasmusdays-organizadas-por-la-consultora-de-proyectos-europeos-skills-divers-en-el-museo-del-vino-de-jumilla\/\">Participaci\u00f3n del Ayuntamiento de Caudete en las Jornadas ErasmusDays organizadas por la consultora de proyectos europeos Skills Divers en el Museo del Vino de Jumilla<\/a><\/p><\/blockquote>\n<p><iframe class=\"wp-embedded-content\" sandbox=\"allow-scripts\" security=\"restricted\" style=\"position: absolute; visibility: hidden;\" title=\"\u00abParticipaci\u00f3n del Ayuntamiento de Caudete en las Jornadas ErasmusDays organizadas por la consultora de proyectos europeos Skills Divers en el Museo del Vino de Jumilla\u00bb \u2014 MI Ayuntamiento de Caudete\" src=\"https:\/\/www.caudete.org\/ayuntamiento\/participacion-del-ayuntamiento-de-caudete-en-las-jornadas-erasmusdays-organizadas-por-la-consultora-de-proyectos-europeos-skills-divers-en-el-museo-del-vino-de-jumilla\/embed\/#?secret=1NIUy6ycFw#?secret=asn2KrfovO\" data-secret=\"asn2KrfovO\" width=\"600\" height=\"338\" frameborder=\"0\" marginwidth=\"0\" marginheight=\"0\" scrolling=\"no\"><\/iframe><\/p>\n<blockquote class=\"wp-embedded-content\" data-secret=\"543dgQBa4H\"><p><a href=\"https:\/\/www.caudete.org\/ayuntamiento\/exito-de-participacion-en-jornadas-erasmusdays-2023\/\">\u00c9xito de participaci\u00f3n en jornadas Erasmusdays 2023<\/a><\/p><\/blockquote>\n<p><iframe class=\"wp-embedded-content\" sandbox=\"allow-scripts\" security=\"restricted\" style=\"position: absolute; visibility: hidden;\" title=\"\u00ab\u00c9xito de participaci\u00f3n en jornadas Erasmusdays 2023\u00bb \u2014 MI Ayuntamiento de Caudete\" src=\"https:\/\/www.caudete.org\/ayuntamiento\/exito-de-participacion-en-jornadas-erasmusdays-2023\/embed\/#?secret=SbZ3j5vmRz#?secret=543dgQBa4H\" data-secret=\"543dgQBa4H\" width=\"600\" height=\"338\" frameborder=\"0\" marginwidth=\"0\" marginheight=\"0\" scrolling=\"no\"><\/iframe><\/p>\n<blockquote class=\"wp-embedded-content\" data-secret=\"pljwnRld8Y\"><p><a href=\"https:\/\/www.caudete.org\/ayuntamiento\/23436-2\/\">CaudetEnEuropa: profesorado del Centro ALBERTINA en P\u00e4rnu (Estonia)<\/a><\/p><\/blockquote>\n<p><iframe class=\"wp-embedded-content\" sandbox=\"allow-scripts\" security=\"restricted\" style=\"position: absolute; visibility: hidden;\" title=\"\u00abCaudetEnEuropa: profesorado del Centro ALBERTINA en P\u00e4rnu (Estonia)\u00bb \u2014 MI Ayuntamiento de Caudete\" src=\"https:\/\/www.caudete.org\/ayuntamiento\/23436-2\/embed\/#?secret=lTx1DjmRV9#?secret=pljwnRld8Y\" data-secret=\"pljwnRld8Y\" width=\"600\" height=\"338\" frameborder=\"0\" marginwidth=\"0\" marginheight=\"0\" scrolling=\"no\"><\/iframe><\/p>\n<blockquote class=\"wp-embedded-content\" data-secret=\"u9HOBjILYH\"><p><a href=\"https:\/\/www.caudete.org\/ayuntamiento\/finalizan-con-exito-las-mobilidades-erasmus-fp-del-ies-pintor-rafael-requena-curso-2023-2024\/\">Finalizan con \u00e9xito las mobilidades Erasmus+ FP del IES Pintor Rafael Requena Curso 2023-2024<\/a><\/p><\/blockquote>\n<p><iframe class=\"wp-embedded-content\" sandbox=\"allow-scripts\" security=\"restricted\" style=\"position: absolute; visibility: hidden;\" title=\"\u00abFinalizan con \u00e9xito las mobilidades Erasmus+ FP del IES Pintor Rafael Requena Curso 2023-2024\u00bb \u2014 MI Ayuntamiento de Caudete\" src=\"https:\/\/www.caudete.org\/ayuntamiento\/finalizan-con-exito-las-mobilidades-erasmus-fp-del-ies-pintor-rafael-requena-curso-2023-2024\/embed\/#?secret=ZOAKLdPALe#?secret=u9HOBjILYH\" data-secret=\"u9HOBjILYH\" width=\"600\" height=\"338\" frameborder=\"0\" marginwidth=\"0\" marginheight=\"0\" scrolling=\"no\"><\/iframe><\/p>\n<p><img decoding=\"async\" class=\"alignnone wp-image-29954 size-full\" src=\"https:\/\/www.caudete.org\/ayuntamiento\/wp-content\/uploads\/2025\/07\/Logos_pie-e1753356770901.jpg\" alt=\"\" width=\"995\" height=\"215\" srcset=\"https:\/\/www.caudete.org\/ayuntamiento\/wp-content\/uploads\/2025\/07\/Logos_pie-e1753356770901.jpg 995w, https:\/\/www.caudete.org\/ayuntamiento\/wp-content\/uploads\/2025\/07\/Logos_pie-e1753356770901-960x207.jpg 960w, https:\/\/www.caudete.org\/ayuntamiento\/wp-content\/uploads\/2025\/07\/Logos_pie-e1753356770901-350x76.jpg 350w, https:\/\/www.caudete.org\/ayuntamiento\/wp-content\/uploads\/2025\/07\/Logos_pie-e1753356770901-768x166.jpg 768w\" sizes=\"(max-width: 995px) 100vw, 995px\" \/><\/p>\n<p>El proyecto Erasmus+ Acreditaci\u00f3n FP 2023-2025 del Ayuntamiento de Caudete 2023-1-ES01-KA121-VET-000123559 est\u00e1 cofinanciado por el programa Erasmus+ de la Uni\u00f3n Europea. El contenido de publicaci\u00f3n es responsabilidad exclusiva del Ayuntamiento de Caudete y ni la Comisi\u00f3n Europea, ni el Servicio Espa\u00f1ol para la Internacionalizaci\u00f3n de la Educaci\u00f3n (SEPIE) son responsables del uso que pueda hacerse de la informaci\u00f3n aqu\u00ed difundida.<\/p>\n","protected":false},"excerpt":{"rendered":"<p>PROYECTO ERASMUS ACREDITACI\u00d3N FP 2023-2025 El proyecto desarrollado en el marco de la Acreditaci\u00f3n\u00a0Erasmus+ en el sector de Formaci\u00f3n Profesional\u00a02023-2025\u00a0del Ayuntamiento de Caudete, que ha contado con una financiaci\u00f3n de 57 719,00 \u20ac, ha permitido realizar movilidades formativas a personal, alumnado y reci\u00e9n titulados de los centros socios del proyecto, IES Pintor Rafael Requena, Centro &hellip;<\/p>\n","protected":false},"author":5,"featured_media":0,"parent":0,"menu_order":0,"comment_status":"closed","ping_status":"closed","template":"","meta":{"ngg_post_thumbnail":0,"footnotes":""},"categories":[87,98],"tags":[],"class_list":["post-25614","page","type-page","status-publish","hentry","category-desarrollo-local","category-desarrollo-local-2"],"yoast_head":"<!-- This site is optimized with the Yoast SEO plugin v27.4 - https:\/\/yoast.com\/product\/yoast-seo-wordpress\/ -->\n<title>Desarrollo Local - Erasmus Acreditaci\u00f3n FP 2023-2025 - MI Ayuntamiento de Caudete<\/title>\n<meta name=\"description\" content=\"P\u00e1gina Oficial del Ayuntamiento de Caudete (Albacete)\" \/>\n<meta name=\"robots\" content=\"index, follow, max-snippet:-1, max-image-preview:large, max-video-preview:-1\" \/>\n<link rel=\"canonical\" href=\"https:\/\/www.caudete.org\/ayuntamiento\/desarrollo-local-erasmus-acreditacion-fp-2023-2025\/\" \/>\n<meta property=\"og:locale\" content=\"es_ES\" \/>\n<meta property=\"og:type\" content=\"article\" \/>\n<meta property=\"og:title\" content=\"Desarrollo Local - Erasmus Acreditaci\u00f3n FP 2023-2025 - MI Ayuntamiento de Caudete\" \/>\n<meta property=\"og:description\" content=\"P\u00e1gina Oficial del Ayuntamiento de Caudete (Albacete)\" \/>\n<meta property=\"og:url\" content=\"https:\/\/www.caudete.org\/ayuntamiento\/desarrollo-local-erasmus-acreditacion-fp-2023-2025\/\" \/>\n<meta property=\"og:site_name\" content=\"MI Ayuntamiento de Caudete\" \/>\n<meta property=\"article:publisher\" content=\"https:\/\/www.facebook.com\/ayuntamientocaudete\/\" \/>\n<meta property=\"article:modified_time\" content=\"2025-07-28T09:31:00+00:00\" \/>\n<meta property=\"og:image\" content=\"https:\/\/www.caudete.org\/ayuntamiento\/wp-content\/uploads\/2025\/07\/Logos_cabecera.jpg\" \/>\n\t<meta property=\"og:image:width\" content=\"1000\" \/>\n\t<meta property=\"og:image:height\" content=\"344\" \/>\n\t<meta property=\"og:image:type\" content=\"image\/jpeg\" \/>\n<meta name=\"twitter:card\" content=\"summary_large_image\" \/>\n<meta name=\"twitter:label1\" content=\"Tiempo de lectura\" \/>\n\t<meta name=\"twitter:data1\" content=\"5 minutos\" \/>\n<script type=\"application\/ld+json\" class=\"yoast-schema-graph\">{\"@context\":\"https:\\\/\\\/schema.org\",\"@graph\":[{\"@type\":\"WebPage\",\"@id\":\"https:\\\/\\\/www.caudete.org\\\/ayuntamiento\\\/desarrollo-local-erasmus-acreditacion-fp-2023-2025\\\/\",\"url\":\"https:\\\/\\\/www.caudete.org\\\/ayuntamiento\\\/desarrollo-local-erasmus-acreditacion-fp-2023-2025\\\/\",\"name\":\"Desarrollo Local - Erasmus Acreditaci\u00f3n FP 2023-2025 - MI Ayuntamiento de Caudete\",\"isPartOf\":{\"@id\":\"https:\\\/\\\/www.caudete.org\\\/ayuntamiento\\\/#website\"},\"primaryImageOfPage\":{\"@id\":\"https:\\\/\\\/www.caudete.org\\\/ayuntamiento\\\/desarrollo-local-erasmus-acreditacion-fp-2023-2025\\\/#primaryimage\"},\"image\":{\"@id\":\"https:\\\/\\\/www.caudete.org\\\/ayuntamiento\\\/desarrollo-local-erasmus-acreditacion-fp-2023-2025\\\/#primaryimage\"},\"thumbnailUrl\":\"https:\\\/\\\/www.caudete.org\\\/ayuntamiento\\\/wp-content\\\/uploads\\\/2025\\\/07\\\/Logos_cabecera.jpg\",\"datePublished\":\"2024-07-10T08:24:22+00:00\",\"dateModified\":\"2025-07-28T09:31:00+00:00\",\"description\":\"P\u00e1gina Oficial del Ayuntamiento de Caudete (Albacete)\",\"breadcrumb\":{\"@id\":\"https:\\\/\\\/www.caudete.org\\\/ayuntamiento\\\/desarrollo-local-erasmus-acreditacion-fp-2023-2025\\\/#breadcrumb\"},\"inLanguage\":\"es\",\"potentialAction\":[{\"@type\":\"ReadAction\",\"target\":[\"https:\\\/\\\/www.caudete.org\\\/ayuntamiento\\\/desarrollo-local-erasmus-acreditacion-fp-2023-2025\\\/\"]}]},{\"@type\":\"ImageObject\",\"inLanguage\":\"es\",\"@id\":\"https:\\\/\\\/www.caudete.org\\\/ayuntamiento\\\/desarrollo-local-erasmus-acreditacion-fp-2023-2025\\\/#primaryimage\",\"url\":\"https:\\\/\\\/www.caudete.org\\\/ayuntamiento\\\/wp-content\\\/uploads\\\/2025\\\/07\\\/Logos_cabecera.jpg\",\"contentUrl\":\"https:\\\/\\\/www.caudete.org\\\/ayuntamiento\\\/wp-content\\\/uploads\\\/2025\\\/07\\\/Logos_cabecera.jpg\",\"width\":1000,\"height\":344},{\"@type\":\"BreadcrumbList\",\"@id\":\"https:\\\/\\\/www.caudete.org\\\/ayuntamiento\\\/desarrollo-local-erasmus-acreditacion-fp-2023-2025\\\/#breadcrumb\",\"itemListElement\":[{\"@type\":\"ListItem\",\"position\":1,\"name\":\"Inicio\",\"item\":\"https:\\\/\\\/www.caudete.org\\\/ayuntamiento\\\/\"},{\"@type\":\"ListItem\",\"position\":2,\"name\":\"Desarrollo Local &#8211; Erasmus Acreditaci\u00f3n FP 2023-2025\"}]},{\"@type\":\"WebSite\",\"@id\":\"https:\\\/\\\/www.caudete.org\\\/ayuntamiento\\\/#website\",\"url\":\"https:\\\/\\\/www.caudete.org\\\/ayuntamiento\\\/\",\"name\":\"MI Ayuntamiento de Caudete\",\"description\":\"P\u00e1gina Oficial del MI Ayuntamiento de Caudete\",\"publisher\":{\"@id\":\"https:\\\/\\\/www.caudete.org\\\/ayuntamiento\\\/#organization\"},\"potentialAction\":[{\"@type\":\"SearchAction\",\"target\":{\"@type\":\"EntryPoint\",\"urlTemplate\":\"https:\\\/\\\/www.caudete.org\\\/ayuntamiento\\\/?s={search_term_string}\"},\"query-input\":{\"@type\":\"PropertyValueSpecification\",\"valueRequired\":true,\"valueName\":\"search_term_string\"}}],\"inLanguage\":\"es\"},{\"@type\":\"Organization\",\"@id\":\"https:\\\/\\\/www.caudete.org\\\/ayuntamiento\\\/#organization\",\"name\":\"Ayuntamiento de Caudete\",\"url\":\"https:\\\/\\\/www.caudete.org\\\/ayuntamiento\\\/\",\"logo\":{\"@type\":\"ImageObject\",\"inLanguage\":\"es\",\"@id\":\"https:\\\/\\\/www.caudete.org\\\/ayuntamiento\\\/#\\\/schema\\\/logo\\\/image\\\/\",\"url\":\"https:\\\/\\\/www.caudete.org\\\/ayuntamiento\\\/wp-content\\\/uploads\\\/2020\\\/11\\\/logo_ayuntamiento_caudete.jpg\",\"contentUrl\":\"https:\\\/\\\/www.caudete.org\\\/ayuntamiento\\\/wp-content\\\/uploads\\\/2020\\\/11\\\/logo_ayuntamiento_caudete.jpg\",\"width\":600,\"height\":150,\"caption\":\"Ayuntamiento de Caudete\"},\"image\":{\"@id\":\"https:\\\/\\\/www.caudete.org\\\/ayuntamiento\\\/#\\\/schema\\\/logo\\\/image\\\/\"},\"sameAs\":[\"https:\\\/\\\/www.facebook.com\\\/ayuntamientocaudete\\\/\",\"https:\\\/\\\/www.youtube.com\\\/channel\\\/UC6VztHaooNsGpw-tNoBEFnQ\"]}]}<\/script>\n<!-- \/ Yoast SEO plugin. -->","yoast_head_json":{"title":"Desarrollo Local - Erasmus Acreditaci\u00f3n FP 2023-2025 - MI Ayuntamiento de Caudete","description":"P\u00e1gina Oficial del Ayuntamiento de Caudete (Albacete)","robots":{"index":"index","follow":"follow","max-snippet":"max-snippet:-1","max-image-preview":"max-image-preview:large","max-video-preview":"max-video-preview:-1"},"canonical":"https:\/\/www.caudete.org\/ayuntamiento\/desarrollo-local-erasmus-acreditacion-fp-2023-2025\/","og_locale":"es_ES","og_type":"article","og_title":"Desarrollo Local - Erasmus Acreditaci\u00f3n FP 2023-2025 - MI Ayuntamiento de Caudete","og_description":"P\u00e1gina Oficial del Ayuntamiento de Caudete (Albacete)","og_url":"https:\/\/www.caudete.org\/ayuntamiento\/desarrollo-local-erasmus-acreditacion-fp-2023-2025\/","og_site_name":"MI Ayuntamiento de Caudete","article_publisher":"https:\/\/www.facebook.com\/ayuntamientocaudete\/","article_modified_time":"2025-07-28T09:31:00+00:00","og_image":[{"width":1000,"height":344,"url":"https:\/\/www.caudete.org\/ayuntamiento\/wp-content\/uploads\/2025\/07\/Logos_cabecera.jpg","type":"image\/jpeg"}],"twitter_card":"summary_large_image","twitter_misc":{"Tiempo de lectura":"5 minutos"},"schema":{"@context":"https:\/\/schema.org","@graph":[{"@type":"WebPage","@id":"https:\/\/www.caudete.org\/ayuntamiento\/desarrollo-local-erasmus-acreditacion-fp-2023-2025\/","url":"https:\/\/www.caudete.org\/ayuntamiento\/desarrollo-local-erasmus-acreditacion-fp-2023-2025\/","name":"Desarrollo Local - Erasmus Acreditaci\u00f3n FP 2023-2025 - MI Ayuntamiento de Caudete","isPartOf":{"@id":"https:\/\/www.caudete.org\/ayuntamiento\/#website"},"primaryImageOfPage":{"@id":"https:\/\/www.caudete.org\/ayuntamiento\/desarrollo-local-erasmus-acreditacion-fp-2023-2025\/#primaryimage"},"image":{"@id":"https:\/\/www.caudete.org\/ayuntamiento\/desarrollo-local-erasmus-acreditacion-fp-2023-2025\/#primaryimage"},"thumbnailUrl":"https:\/\/www.caudete.org\/ayuntamiento\/wp-content\/uploads\/2025\/07\/Logos_cabecera.jpg","datePublished":"2024-07-10T08:24:22+00:00","dateModified":"2025-07-28T09:31:00+00:00","description":"P\u00e1gina Oficial del Ayuntamiento de Caudete (Albacete)","breadcrumb":{"@id":"https:\/\/www.caudete.org\/ayuntamiento\/desarrollo-local-erasmus-acreditacion-fp-2023-2025\/#breadcrumb"},"inLanguage":"es","potentialAction":[{"@type":"ReadAction","target":["https:\/\/www.caudete.org\/ayuntamiento\/desarrollo-local-erasmus-acreditacion-fp-2023-2025\/"]}]},{"@type":"ImageObject","inLanguage":"es","@id":"https:\/\/www.caudete.org\/ayuntamiento\/desarrollo-local-erasmus-acreditacion-fp-2023-2025\/#primaryimage","url":"https:\/\/www.caudete.org\/ayuntamiento\/wp-content\/uploads\/2025\/07\/Logos_cabecera.jpg","contentUrl":"https:\/\/www.caudete.org\/ayuntamiento\/wp-content\/uploads\/2025\/07\/Logos_cabecera.jpg","width":1000,"height":344},{"@type":"BreadcrumbList","@id":"https:\/\/www.caudete.org\/ayuntamiento\/desarrollo-local-erasmus-acreditacion-fp-2023-2025\/#breadcrumb","itemListElement":[{"@type":"ListItem","position":1,"name":"Inicio","item":"https:\/\/www.caudete.org\/ayuntamiento\/"},{"@type":"ListItem","position":2,"name":"Desarrollo Local &#8211; Erasmus Acreditaci\u00f3n FP 2023-2025"}]},{"@type":"WebSite","@id":"https:\/\/www.caudete.org\/ayuntamiento\/#website","url":"https:\/\/www.caudete.org\/ayuntamiento\/","name":"MI Ayuntamiento de Caudete","description":"P\u00e1gina Oficial del MI Ayuntamiento de Caudete","publisher":{"@id":"https:\/\/www.caudete.org\/ayuntamiento\/#organization"},"potentialAction":[{"@type":"SearchAction","target":{"@type":"EntryPoint","urlTemplate":"https:\/\/www.caudete.org\/ayuntamiento\/?s={search_term_string}"},"query-input":{"@type":"PropertyValueSpecification","valueRequired":true,"valueName":"search_term_string"}}],"inLanguage":"es"},{"@type":"Organization","@id":"https:\/\/www.caudete.org\/ayuntamiento\/#organization","name":"Ayuntamiento de Caudete","url":"https:\/\/www.caudete.org\/ayuntamiento\/","logo":{"@type":"ImageObject","inLanguage":"es","@id":"https:\/\/www.caudete.org\/ayuntamiento\/#\/schema\/logo\/image\/","url":"https:\/\/www.caudete.org\/ayuntamiento\/wp-content\/uploads\/2020\/11\/logo_ayuntamiento_caudete.jpg","contentUrl":"https:\/\/www.caudete.org\/ayuntamiento\/wp-content\/uploads\/2020\/11\/logo_ayuntamiento_caudete.jpg","width":600,"height":150,"caption":"Ayuntamiento de Caudete"},"image":{"@id":"https:\/\/www.caudete.org\/ayuntamiento\/#\/schema\/logo\/image\/"},"sameAs":["https:\/\/www.facebook.com\/ayuntamientocaudete\/","https:\/\/www.youtube.com\/channel\/UC6VztHaooNsGpw-tNoBEFnQ"]}]}},"_links":{"self":[{"href":"https:\/\/www.caudete.org\/ayuntamiento\/wp-json\/wp\/v2\/pages\/25614","targetHints":{"allow":["GET"]}}],"collection":[{"href":"https:\/\/www.caudete.org\/ayuntamiento\/wp-json\/wp\/v2\/pages"}],"about":[{"href":"https:\/\/www.caudete.org\/ayuntamiento\/wp-json\/wp\/v2\/types\/page"}],"author":[{"embeddable":true,"href":"https:\/\/www.caudete.org\/ayuntamiento\/wp-json\/wp\/v2\/users\/5"}],"replies":[{"embeddable":true,"href":"https:\/\/www.caudete.org\/ayuntamiento\/wp-json\/wp\/v2\/comments?post=25614"}],"version-history":[{"count":15,"href":"https:\/\/www.caudete.org\/ayuntamiento\/wp-json\/wp\/v2\/pages\/25614\/revisions"}],"predecessor-version":[{"id":29981,"href":"https:\/\/www.caudete.org\/ayuntamiento\/wp-json\/wp\/v2\/pages\/25614\/revisions\/29981"}],"wp:attachment":[{"href":"https:\/\/www.caudete.org\/ayuntamiento\/wp-json\/wp\/v2\/media?parent=25614"}],"wp:term":[{"taxonomy":"category","embeddable":true,"href":"https:\/\/www.caudete.org\/ayuntamiento\/wp-json\/wp\/v2\/categories?post=25614"},{"taxonomy":"post_tag","embeddable":true,"href":"https:\/\/www.caudete.org\/ayuntamiento\/wp-json\/wp\/v2\/tags?post=25614"}],"curies":[{"name":"wp","href":"https:\/\/api.w.org\/{rel}","templated":true}]}}