{"id":25623,"date":"2024-07-12T13:08:16","date_gmt":"2024-07-12T11:08:16","guid":{"rendered":"https:\/\/www.caudete.org\/ayuntamiento\/?page_id=25623"},"modified":"2025-07-22T08:05:45","modified_gmt":"2025-07-22T06:05:45","slug":"programa-apoyo-activo-al-empleo-2024-2025-2026","status":"publish","type":"page","link":"https:\/\/www.caudete.org\/ayuntamiento\/programa-apoyo-activo-al-empleo-2024-2025-2026\/","title":{"rendered":"Desarrollo Local \u2013 Programa Apoyo Activo al Empleo 2024-2025\/2026"},"content":{"rendered":"<p align=\"justify\"><span style=\"color: #000000;\"><span style=\"font-family: Calibri, sans-serif;\"><span style=\"font-size: medium;\">M\u00aa Dolores Requena Azor\u00edn, Concejal de Promoci\u00f3n y Desarrollo Econ\u00f3mico informa que el pasado jueves 17 de julio se iniciaba la incorporaci\u00f3n de participantes seleccionados para trabajar en el Plan de Empleo 2024-2025\/2026.<\/span><\/span><\/span><\/p>\n<p align=\"justify\"><span style=\"color: #000000;\"><span style=\"font-family: Calibri, sans-serif;\"><span style=\"font-size: medium;\">45 personas han sido seleccionadas para contratos de 6 meses, y 1 coordinadora, que apoyar\u00e1 en la gesti\u00f3n del programa, estar\u00e1 contratada durante 9 meses. Los proyectos del Programa de Apoyo Activo al Empleo permitir\u00e1n a los participantes realizar labores en diversas \u00e1reas municipales tales como apoyo en conserjer\u00eda y control de accesos a edificios e instalaciones p\u00fablicas, embellecimiento de zonas ajardinadas, obras y gesti\u00f3n administrativa.<\/span><\/span><\/span><\/p>\n<p align=\"justify\"><span style=\"color: #000000;\"><span style=\"font-family: Calibri, sans-serif;\"><span style=\"font-size: medium;\">Los proyectos son los siguientes: <\/span><\/span><\/span><\/p>\n<ul>\n<li><span style=\"color: #000000;\"><span style=\"font-family: Calibri, sans-serif;\"><span style=\"font-size: medium;\">PROYECTO APOYO TAREAS CONTROL ACCESO EDIFICIOS P\u00daBLICOS<\/span><\/span><\/span><\/li>\n<li><span style=\"color: #000000;\"><span style=\"font-family: Calibri, sans-serif;\"><span style=\"font-size: medium;\">PROYECTO APOYO SERVICIOS ADMINISTRATIVOS MUNICIPALES<\/span><\/span><\/span><\/li>\n<li><span style=\"color: #000000;\"><span style=\"font-family: Calibri, sans-serif;\"><span style=\"font-size: medium;\">PROYECTO APOYO SERVICIOS MEDIOAMBIENTALES <\/span><\/span><\/span><\/li>\n<li><span style=\"color: #000000;\"><span style=\"font-family: Calibri, sans-serif;\"><span style=\"font-size: medium;\">PROYECTO APOYO SERVICIOS OBRAS E INFRAESTRUCTURAS<\/span><\/span><\/span><\/li>\n<\/ul>\n<p align=\"justify\"><span style=\"color: #000000;\"><span style=\"font-family: Calibri, sans-serif;\"><span style=\"font-size: medium;\">14 de las personas seleccionadas realizar\u00e1n una formaci\u00f3n prevista en el marco del programa y se incorporar\u00e1n a partir de enero de 2026.<\/span><\/span><\/span><\/p>\n<p align=\"justify\"><span style=\"color: #000000;\"><span style=\"font-family: Calibri, sans-serif;\"><span style=\"font-size: medium;\">La finalidad de estas subvenciones consiste en crear oportunidades de inserci\u00f3n en el mercado laboral, mediante la formaci\u00f3n y la contrataci\u00f3n de las personas desempleadas, as\u00ed como actualizar o renovar sus competencias profesionales y prevenir las situaciones de exclusi\u00f3n social, posibilitando realizar con ellas acciones de orientaci\u00f3n laboral y de formaci\u00f3n profesional en el \u00e1mbito laboral. <\/span><\/span><\/span><\/p>\n<p align=\"justify\"><span style=\"color: #000000;\"><span style=\"font-family: Calibri, sans-serif;\"><span style=\"font-size: medium;\">Los contratos realizados son objeto de cofinanciaci\u00f3n por el Programa del Fondo Social Europeo Plus (FSE+) de Castilla-La Mancha 2021-2027, con un porcentaje de cofinanciaci\u00f3n del 85 % de los costes totales subvencionables. <\/span><\/span><\/span><\/p>\n<p align=\"justify\"><div id=\"metaslider-id-29886\" style=\"width: 100%; margin: 0 auto;\" class=\"ml-slider-3-108-0 metaslider metaslider-flex metaslider-29886 ml-slider has-dots-nav ms-theme-default-base\" role=\"region\" aria-label=\"Desarrollo banner fondos europeos\" data-height=\"400\" data-width=\"1024\">\n    <div id=\"metaslider_container_29886\">\n        <div id=\"metaslider_29886\">\n            <ul aria-live='off' class='slides'>\n                <li style=\"display: block; width: 100%;\" class=\"slide-29895 ms-image \" aria-roledescription=\"slide\" data-date=\"2025-07-22 09:09:30\" data-filename=\"Logotipos-Fondos-Estructurales.gif\" data-slide-type=\"image\"><img fetchpriority=\"high\" decoding=\"async\" width=\"1128\" height=\"150\" src=\"https:\/\/www.caudete.org\/ayuntamiento\/wp-content\/uploads\/2025\/07\/Logotipos-Fondos-Estructurales.gif\" class=\"slider-29886 slide-29895 msDefaultImage\" alt=\"\" rel=\"\" title=\"Logotipos Fondos Estructurales\" \/><\/li>\n            <\/ul>\n        <\/div>\n        \n    <\/div>\n<\/div>\n","protected":false},"excerpt":{"rendered":"<p>M\u00aa Dolores Requena Azor\u00edn, Concejal de Promoci\u00f3n y Desarrollo Econ\u00f3mico informa que el pasado jueves 17 de julio se iniciaba la incorporaci\u00f3n de participantes seleccionados para trabajar en el Plan de Empleo 2024-2025\/2026. 45 personas han sido seleccionadas para contratos de 6 meses, y 1 coordinadora, que apoyar\u00e1 en la gesti\u00f3n del programa, estar\u00e1 contratada &hellip;<\/p>\n","protected":false},"author":5,"featured_media":0,"parent":0,"menu_order":0,"comment_status":"closed","ping_status":"closed","template":"","meta":{"ngg_post_thumbnail":0,"footnotes":""},"categories":[851],"tags":[],"class_list":["post-25623","page","type-page","status-publish","hentry","category-promocion-y-desarrollo-economico"],"yoast_head":"<!-- This site is optimized with the Yoast SEO plugin v27.4 - https:\/\/yoast.com\/product\/yoast-seo-wordpress\/ -->\n<title>Desarrollo Local \u2013 Programa Apoyo Activo al Empleo 2024-2025\/2026 - MI Ayuntamiento de Caudete<\/title>\n<meta name=\"description\" content=\"P\u00e1gina Oficial del Ayuntamiento de Caudete (Albacete)\" \/>\n<meta name=\"robots\" content=\"index, follow, max-snippet:-1, max-image-preview:large, max-video-preview:-1\" \/>\n<link rel=\"canonical\" href=\"https:\/\/www.caudete.org\/ayuntamiento\/programa-apoyo-activo-al-empleo-2024-2025-2026\/\" \/>\n<meta property=\"og:locale\" content=\"es_ES\" \/>\n<meta property=\"og:type\" content=\"article\" \/>\n<meta property=\"og:title\" content=\"Desarrollo Local \u2013 Programa Apoyo Activo al Empleo 2024-2025\/2026 - MI Ayuntamiento de Caudete\" \/>\n<meta property=\"og:description\" content=\"P\u00e1gina Oficial del Ayuntamiento de Caudete (Albacete)\" \/>\n<meta property=\"og:url\" content=\"https:\/\/www.caudete.org\/ayuntamiento\/programa-apoyo-activo-al-empleo-2024-2025-2026\/\" \/>\n<meta property=\"og:site_name\" content=\"MI Ayuntamiento de Caudete\" \/>\n<meta property=\"article:publisher\" content=\"https:\/\/www.facebook.com\/ayuntamientocaudete\/\" \/>\n<meta property=\"article:modified_time\" content=\"2025-07-22T06:05:45+00:00\" \/>\n<meta name=\"twitter:card\" content=\"summary_large_image\" \/>\n<meta name=\"twitter:label1\" content=\"Tiempo de lectura\" \/>\n\t<meta name=\"twitter:data1\" content=\"2 minutos\" \/>\n<script type=\"application\/ld+json\" class=\"yoast-schema-graph\">{\"@context\":\"https:\\\/\\\/schema.org\",\"@graph\":[{\"@type\":\"WebPage\",\"@id\":\"https:\\\/\\\/www.caudete.org\\\/ayuntamiento\\\/programa-apoyo-activo-al-empleo-2024-2025-2026\\\/\",\"url\":\"https:\\\/\\\/www.caudete.org\\\/ayuntamiento\\\/programa-apoyo-activo-al-empleo-2024-2025-2026\\\/\",\"name\":\"Desarrollo Local \u2013 Programa Apoyo Activo al Empleo 2024-2025\\\/2026 - MI Ayuntamiento de Caudete\",\"isPartOf\":{\"@id\":\"https:\\\/\\\/www.caudete.org\\\/ayuntamiento\\\/#website\"},\"datePublished\":\"2024-07-12T11:08:16+00:00\",\"dateModified\":\"2025-07-22T06:05:45+00:00\",\"description\":\"P\u00e1gina Oficial del Ayuntamiento de Caudete (Albacete)\",\"breadcrumb\":{\"@id\":\"https:\\\/\\\/www.caudete.org\\\/ayuntamiento\\\/programa-apoyo-activo-al-empleo-2024-2025-2026\\\/#breadcrumb\"},\"inLanguage\":\"es\",\"potentialAction\":[{\"@type\":\"ReadAction\",\"target\":[\"https:\\\/\\\/www.caudete.org\\\/ayuntamiento\\\/programa-apoyo-activo-al-empleo-2024-2025-2026\\\/\"]}]},{\"@type\":\"BreadcrumbList\",\"@id\":\"https:\\\/\\\/www.caudete.org\\\/ayuntamiento\\\/programa-apoyo-activo-al-empleo-2024-2025-2026\\\/#breadcrumb\",\"itemListElement\":[{\"@type\":\"ListItem\",\"position\":1,\"name\":\"Inicio\",\"item\":\"https:\\\/\\\/www.caudete.org\\\/ayuntamiento\\\/\"},{\"@type\":\"ListItem\",\"position\":2,\"name\":\"Desarrollo Local \u2013 Programa Apoyo Activo al Empleo 2024-2025\\\/2026\"}]},{\"@type\":\"WebSite\",\"@id\":\"https:\\\/\\\/www.caudete.org\\\/ayuntamiento\\\/#website\",\"url\":\"https:\\\/\\\/www.caudete.org\\\/ayuntamiento\\\/\",\"name\":\"MI Ayuntamiento de Caudete\",\"description\":\"P\u00e1gina Oficial del MI Ayuntamiento de Caudete\",\"publisher\":{\"@id\":\"https:\\\/\\\/www.caudete.org\\\/ayuntamiento\\\/#organization\"},\"potentialAction\":[{\"@type\":\"SearchAction\",\"target\":{\"@type\":\"EntryPoint\",\"urlTemplate\":\"https:\\\/\\\/www.caudete.org\\\/ayuntamiento\\\/?s={search_term_string}\"},\"query-input\":{\"@type\":\"PropertyValueSpecification\",\"valueRequired\":true,\"valueName\":\"search_term_string\"}}],\"inLanguage\":\"es\"},{\"@type\":\"Organization\",\"@id\":\"https:\\\/\\\/www.caudete.org\\\/ayuntamiento\\\/#organization\",\"name\":\"Ayuntamiento de Caudete\",\"url\":\"https:\\\/\\\/www.caudete.org\\\/ayuntamiento\\\/\",\"logo\":{\"@type\":\"ImageObject\",\"inLanguage\":\"es\",\"@id\":\"https:\\\/\\\/www.caudete.org\\\/ayuntamiento\\\/#\\\/schema\\\/logo\\\/image\\\/\",\"url\":\"https:\\\/\\\/www.caudete.org\\\/ayuntamiento\\\/wp-content\\\/uploads\\\/2020\\\/11\\\/logo_ayuntamiento_caudete.jpg\",\"contentUrl\":\"https:\\\/\\\/www.caudete.org\\\/ayuntamiento\\\/wp-content\\\/uploads\\\/2020\\\/11\\\/logo_ayuntamiento_caudete.jpg\",\"width\":600,\"height\":150,\"caption\":\"Ayuntamiento de Caudete\"},\"image\":{\"@id\":\"https:\\\/\\\/www.caudete.org\\\/ayuntamiento\\\/#\\\/schema\\\/logo\\\/image\\\/\"},\"sameAs\":[\"https:\\\/\\\/www.facebook.com\\\/ayuntamientocaudete\\\/\",\"https:\\\/\\\/www.youtube.com\\\/channel\\\/UC6VztHaooNsGpw-tNoBEFnQ\"]}]}<\/script>\n<!-- \/ Yoast SEO plugin. -->","yoast_head_json":{"title":"Desarrollo Local \u2013 Programa Apoyo Activo al Empleo 2024-2025\/2026 - MI Ayuntamiento de Caudete","description":"P\u00e1gina Oficial del Ayuntamiento de Caudete (Albacete)","robots":{"index":"index","follow":"follow","max-snippet":"max-snippet:-1","max-image-preview":"max-image-preview:large","max-video-preview":"max-video-preview:-1"},"canonical":"https:\/\/www.caudete.org\/ayuntamiento\/programa-apoyo-activo-al-empleo-2024-2025-2026\/","og_locale":"es_ES","og_type":"article","og_title":"Desarrollo Local \u2013 Programa Apoyo Activo al Empleo 2024-2025\/2026 - MI Ayuntamiento de Caudete","og_description":"P\u00e1gina Oficial del Ayuntamiento de Caudete (Albacete)","og_url":"https:\/\/www.caudete.org\/ayuntamiento\/programa-apoyo-activo-al-empleo-2024-2025-2026\/","og_site_name":"MI Ayuntamiento de Caudete","article_publisher":"https:\/\/www.facebook.com\/ayuntamientocaudete\/","article_modified_time":"2025-07-22T06:05:45+00:00","twitter_card":"summary_large_image","twitter_misc":{"Tiempo de lectura":"2 minutos"},"schema":{"@context":"https:\/\/schema.org","@graph":[{"@type":"WebPage","@id":"https:\/\/www.caudete.org\/ayuntamiento\/programa-apoyo-activo-al-empleo-2024-2025-2026\/","url":"https:\/\/www.caudete.org\/ayuntamiento\/programa-apoyo-activo-al-empleo-2024-2025-2026\/","name":"Desarrollo Local \u2013 Programa Apoyo Activo al Empleo 2024-2025\/2026 - MI Ayuntamiento de Caudete","isPartOf":{"@id":"https:\/\/www.caudete.org\/ayuntamiento\/#website"},"datePublished":"2024-07-12T11:08:16+00:00","dateModified":"2025-07-22T06:05:45+00:00","description":"P\u00e1gina Oficial del Ayuntamiento de Caudete (Albacete)","breadcrumb":{"@id":"https:\/\/www.caudete.org\/ayuntamiento\/programa-apoyo-activo-al-empleo-2024-2025-2026\/#breadcrumb"},"inLanguage":"es","potentialAction":[{"@type":"ReadAction","target":["https:\/\/www.caudete.org\/ayuntamiento\/programa-apoyo-activo-al-empleo-2024-2025-2026\/"]}]},{"@type":"BreadcrumbList","@id":"https:\/\/www.caudete.org\/ayuntamiento\/programa-apoyo-activo-al-empleo-2024-2025-2026\/#breadcrumb","itemListElement":[{"@type":"ListItem","position":1,"name":"Inicio","item":"https:\/\/www.caudete.org\/ayuntamiento\/"},{"@type":"ListItem","position":2,"name":"Desarrollo Local \u2013 Programa Apoyo Activo al Empleo 2024-2025\/2026"}]},{"@type":"WebSite","@id":"https:\/\/www.caudete.org\/ayuntamiento\/#website","url":"https:\/\/www.caudete.org\/ayuntamiento\/","name":"MI Ayuntamiento de Caudete","description":"P\u00e1gina Oficial del MI Ayuntamiento de Caudete","publisher":{"@id":"https:\/\/www.caudete.org\/ayuntamiento\/#organization"},"potentialAction":[{"@type":"SearchAction","target":{"@type":"EntryPoint","urlTemplate":"https:\/\/www.caudete.org\/ayuntamiento\/?s={search_term_string}"},"query-input":{"@type":"PropertyValueSpecification","valueRequired":true,"valueName":"search_term_string"}}],"inLanguage":"es"},{"@type":"Organization","@id":"https:\/\/www.caudete.org\/ayuntamiento\/#organization","name":"Ayuntamiento de Caudete","url":"https:\/\/www.caudete.org\/ayuntamiento\/","logo":{"@type":"ImageObject","inLanguage":"es","@id":"https:\/\/www.caudete.org\/ayuntamiento\/#\/schema\/logo\/image\/","url":"https:\/\/www.caudete.org\/ayuntamiento\/wp-content\/uploads\/2020\/11\/logo_ayuntamiento_caudete.jpg","contentUrl":"https:\/\/www.caudete.org\/ayuntamiento\/wp-content\/uploads\/2020\/11\/logo_ayuntamiento_caudete.jpg","width":600,"height":150,"caption":"Ayuntamiento de Caudete"},"image":{"@id":"https:\/\/www.caudete.org\/ayuntamiento\/#\/schema\/logo\/image\/"},"sameAs":["https:\/\/www.facebook.com\/ayuntamientocaudete\/","https:\/\/www.youtube.com\/channel\/UC6VztHaooNsGpw-tNoBEFnQ"]}]}},"_links":{"self":[{"href":"https:\/\/www.caudete.org\/ayuntamiento\/wp-json\/wp\/v2\/pages\/25623","targetHints":{"allow":["GET"]}}],"collection":[{"href":"https:\/\/www.caudete.org\/ayuntamiento\/wp-json\/wp\/v2\/pages"}],"about":[{"href":"https:\/\/www.caudete.org\/ayuntamiento\/wp-json\/wp\/v2\/types\/page"}],"author":[{"embeddable":true,"href":"https:\/\/www.caudete.org\/ayuntamiento\/wp-json\/wp\/v2\/users\/5"}],"replies":[{"embeddable":true,"href":"https:\/\/www.caudete.org\/ayuntamiento\/wp-json\/wp\/v2\/comments?post=25623"}],"version-history":[{"count":9,"href":"https:\/\/www.caudete.org\/ayuntamiento\/wp-json\/wp\/v2\/pages\/25623\/revisions"}],"predecessor-version":[{"id":29890,"href":"https:\/\/www.caudete.org\/ayuntamiento\/wp-json\/wp\/v2\/pages\/25623\/revisions\/29890"}],"wp:attachment":[{"href":"https:\/\/www.caudete.org\/ayuntamiento\/wp-json\/wp\/v2\/media?parent=25623"}],"wp:term":[{"taxonomy":"category","embeddable":true,"href":"https:\/\/www.caudete.org\/ayuntamiento\/wp-json\/wp\/v2\/categories?post=25623"},{"taxonomy":"post_tag","embeddable":true,"href":"https:\/\/www.caudete.org\/ayuntamiento\/wp-json\/wp\/v2\/tags?post=25623"}],"curies":[{"name":"wp","href":"https:\/\/api.w.org\/{rel}","templated":true}]}}