{"id":26812,"date":"2024-12-03T12:27:25","date_gmt":"2024-12-03T11:27:25","guid":{"rendered":"https:\/\/www.caudete.org\/ayuntamiento\/?page_id=26812"},"modified":"2025-07-29T14:45:12","modified_gmt":"2025-07-29T12:45:12","slug":"acreditacion-educacion-adultos-2023-2025","status":"publish","type":"page","link":"https:\/\/www.caudete.org\/ayuntamiento\/acreditacion-educacion-adultos-2023-2025\/","title":{"rendered":"Proyecto Erasmus acreditaci\u00f3n educaci\u00f3n adultos 2023-2025"},"content":{"rendered":"<p align=\"justify\"><img fetchpriority=\"high\" decoding=\"async\" class=\"alignnone wp-image-30011 size-full\" src=\"https:\/\/www.caudete.org\/ayuntamiento\/wp-content\/uploads\/2025\/07\/Logos_cabecera_con_escudo.jpg\" alt=\"\" width=\"1267\" height=\"344\" srcset=\"https:\/\/www.caudete.org\/ayuntamiento\/wp-content\/uploads\/2025\/07\/Logos_cabecera_con_escudo.jpg 1267w, https:\/\/www.caudete.org\/ayuntamiento\/wp-content\/uploads\/2025\/07\/Logos_cabecera_con_escudo-960x261.jpg 960w, https:\/\/www.caudete.org\/ayuntamiento\/wp-content\/uploads\/2025\/07\/Logos_cabecera_con_escudo-1200x326.jpg 1200w, https:\/\/www.caudete.org\/ayuntamiento\/wp-content\/uploads\/2025\/07\/Logos_cabecera_con_escudo-350x95.jpg 350w, https:\/\/www.caudete.org\/ayuntamiento\/wp-content\/uploads\/2025\/07\/Logos_cabecera_con_escudo-768x209.jpg 768w\" sizes=\"(max-width: 1267px) 100vw, 1267px\" \/><\/p>\n<p align=\"justify\"><span style=\"font-family: georgia, palatino, serif;\">En el marco de la Acreditaci\u00f3n Erasmus+ en el sector de Educaci\u00f3n de Personas Adultas obtenida en 2020 por el Ayuntamiento de Caudete para avanzar en la estrategia de internacionalizaci\u00f3n de la educaci\u00f3n no formal de adultos que se imparte en el municipio a trav\u00e9s del programa Erasmus+, el ayuntamiento ha gestionado en el periodo 2023-2025, un total de 66.983\u20ac que han permitido trabajar en el desarrollo de los objetivos planteados por la entidad local a largo plazo y para cuya consecuci\u00f3n se solicit\u00f3 y obtuvo la acreditaci\u00f3n, que garantiza una financiaci\u00f3n anual hasta, al menos, 2027: <\/span><\/p>\n<ul>\n<li style=\"text-align: left;\"><span style=\"font-family: georgia, palatino, serif;\">Promover la movilidad europea del personal y alumnado adulto de la Biblioteca Municipal, Universidad Popular (UP), Escuela Municipal de M\u00fasica y Danza, y de cualquier otra ense\u00f1anza para poblaci\u00f3n adulta que pudiera impartirse.<\/span><\/li>\n<li style=\"text-align: left;\"><span style=\"font-family: georgia, palatino, serif;\">Promover el aprendizaje de idiomas y el multiling\u00fcismo de alumnado y profesorado de ense\u00f1anzas no formales de adultos.<\/span><\/li>\n<li style=\"text-align: left;\"><span style=\"font-family: georgia, palatino, serif;\">Favorecer la incorporaci\u00f3n de la perspectiva europea en la educaci\u00f3n.<\/span><\/li>\n<li style=\"text-align: left;\"><span style=\"font-family: georgia, palatino, serif;\">Favorecer la transparencia y el reconocimiento de capacidades y cualificaciones a nivel europeo mediante la utilizaci\u00f3n de instrumentos comunes como Europass.<\/span><\/li>\n<li style=\"text-align: left;\"><span style=\"font-family: georgia, palatino, serif;\">Contribuir a la transici\u00f3n verde y digital, fomentando el uso de tecnolog\u00edas digitales y plataformas de cooperaci\u00f3n puestas a disposici\u00f3n en el marco de Erasmus y medios de transporte sostenibles.<\/span><\/li>\n<li style=\"text-align: left;\"><span style=\"font-family: georgia, palatino, serif;\">Avanzar hacia sociedades m\u00e1s inclusivas, facilitando la participaci\u00f3n en nuestros proyectos de personas con discapacidad o en situaci\u00f3n de vulnerabilidad.<\/span><\/li>\n<li style=\"text-align: left;\"><span style=\"font-family: georgia, palatino, serif;\">Favorecer el desarrollo estrat\u00e9gico de nuestra organizaci\u00f3n en el contexto europeo y en el sector de educaci\u00f3n no formal de adultos.<\/span><\/li>\n<li style=\"text-align: left;\"><span style=\"font-family: georgia, palatino, serif;\">Promover el conocimiento y puesta en valor de la cultura y el patrimonio cultural europeo.<\/span><\/li>\n<li style=\"text-align: left;\"><span style=\"font-family: georgia, palatino, serif;\">Promover el aprendizaje a lo largo de la vida y la adquisici\u00f3n de competencias clave.<\/span><\/li>\n<\/ul>\n<p align=\"justify\"><span style=\"font-family: georgia, palatino, serif;\">En l\u00ednea con estos objetivos, el proyecto 2023-1-ES01-KA121-ADU-000123378, desarrollado entre junio de 2023 y mayo de 2025, ha permitido realizar un total de 88 movilidades, incluyendo 3 actividades de observaci\u00f3n de pr\u00e1cticas de trabajo por parte de personal directivo, docente y de gesti\u00f3n del Ayuntamiento de Caudete, 7 actividades de movilidad de grupo de alumnado adulto, con 72 personas adultas en formaci\u00f3n participantes, que viajaron junto con 9 acompa\u00f1antes, as\u00ed como 1 movilidad de aprendizaje individual de alumnado y 3 expertos invitados. Adem\u00e1s, el ayuntamiento ha sido entidad de acogida de personal y alumnado de socios hom\u00f3logos europeos que trabajan tambi\u00e9n en el marco de la Acreditaci\u00f3n en el sector de Educaci\u00f3n de Adultos.<\/span><\/p>\n<p align=\"justify\"><span style=\"font-family: georgia, palatino, serif;\"><span style=\"font-size: medium;\"><span lang=\"en-GB\">En mayo de 2025, 3 alumnas del Club de Lectura de Franc\u00e9s de la biblioteca de Caudete <\/span><\/span><span style=\"font-size: medium;\"><span lang=\"en-GB\">fueron acogidas en el centro de formaci\u00f3n ELE Estrasburgo (Francia), <\/span><\/span><span style=\"font-size: medium;\"><span lang=\"en-GB\">de<\/span><\/span><span style=\"font-size: medium;\"><span lang=\"en-GB\"> ense\u00f1anza del espa\u00f1ol y compartieron sesiones de intercambio de lengua y cultura con el alumnado franc\u00e9s local de la escuela.<\/span><\/span><\/span><\/p>\n<p align=\"justify\"><span style=\"font-family: georgia, palatino, serif;\"><span style=\"font-size: medium;\"><span lang=\"en-GB\">Asimismo, <\/span><\/span><span style=\"font-size: medium;\"><span lang=\"en-GB\">8 alumnos de los cursos de Cata de Vinos de la UP participaron en talleres formativos en Matera, <\/span><\/span><span style=\"font-size: medium;\"><span lang=\"en-GB\">Italia,<\/span><\/span><span style=\"font-size: medium;\"><span lang=\"en-GB\"> que les permitieron conocer iniciativas y proyectos de participaci\u00f3n ciudadana con impacto en la comunidad loca<\/span><\/span><span style=\"font-size: medium;\"><span lang=\"en-GB\">l<\/span><\/span> <span style=\"font-size: medium;\"><span lang=\"en-GB\">a<\/span><\/span><span style=\"font-size: medium;\"><span lang=\"en-GB\"> trav\u00e9s de la cultura, <\/span><\/span><span style=\"font-size: medium;\"><span lang=\"en-GB\">en un entorno <\/span><\/span><span style=\"font-size: medium;\"><span lang=\"en-GB\">de acogida <\/span><\/span><span style=\"font-size: medium;\"><span lang=\"en-GB\">con un casco antiguo declarado Patrimonio de la Humanidad<\/span><\/span> <span style=\"font-size: medium;\"><span lang=\"en-GB\">por la U<\/span><\/span><span style=\"font-size: medium;\"><span lang=\"en-GB\">NESCO.<\/span><\/span><\/span><\/p>\n<p align=\"justify\"><span style=\"font-family: georgia, palatino, serif;\"><span style=\"font-size: medium;\"><span lang=\"en-GB\">En abril 2025, <\/span><\/span><span style=\"font-size: medium;\"><span lang=\"en-GB\">1<\/span><\/span><span style=\"font-size: medium;\"><span lang=\"en-GB\">2 alumnos de los cursos de Acuarela de la UP de Caudete, participaron en talleres de acuarela al aire libre en Castleblayney, <\/span><\/span><span style=\"font-size: medium;\"><span lang=\"en-GB\">Irlanda, <\/span><\/span><span style=\"font-size: medium;\"><span lang=\"en-GB\">acompa\u00f1ados del alumnado adulto de <\/span><\/span><span style=\"font-size: medium;\"><span lang=\"en-GB\">los <\/span><\/span><span style=\"font-size: medium;\"><span lang=\"en-GB\">cursos de acuarela de nuestr<\/span><\/span><span style=\"font-size: medium;\"><span lang=\"en-GB\">o socio<\/span><\/span><span style=\"font-size: medium;\"><span lang=\"en-GB\">, <\/span><\/span><span style=\"font-size: medium;\"><span lang=\"en-GB\">que a su vez hab\u00edan sido<\/span><\/span><span style=\"font-size: medium;\"><span lang=\"en-GB\"> acogidos en nuestra U<\/span><\/span><span style=\"font-size: medium;\"><span lang=\"en-GB\">niversidad <\/span><\/span><span style=\"font-size: medium;\"><span lang=\"en-GB\">P<\/span><\/span><span style=\"font-size: medium;\"><span lang=\"en-GB\">opular<\/span><\/span><span style=\"font-size: medium;\"><span lang=\"en-GB\"> en el marco de su proyecto <\/span><\/span><span style=\"font-size: medium;\"><span lang=\"en-GB\">Erasmus+ Adultos<\/span><\/span><span style=\"font-size: medium;\"><span lang=\"en-GB\">. <\/span><\/span><span style=\"font-size: medium;\"><span lang=\"en-GB\">T<\/span><\/span><span style=\"font-size: medium;\"><span lang=\"en-GB\">odos pudieron compartir con la comunidad local <\/span><\/span><span style=\"font-size: medium;\"><span lang=\"en-GB\">de este municipio irland\u00e9s<\/span><\/span><span style=\"font-size: medium;\"><span lang=\"en-GB\"> el patrimonio com\u00fan y el arte, a trav\u00e9s de la exposici\u00f3n de las obras elaboradas <\/span><\/span><span style=\"font-size: medium;\"><span lang=\"en-GB\">y enviadas previamente<\/span><\/span><span style=\"font-size: medium;\"><span lang=\"en-GB\"> por nuestro alumnado.<\/span><\/span><\/span><\/p>\n<p align=\"justify\"><span style=\"font-family: georgia, palatino, serif;\"><span style=\"font-size: medium;\"><span lang=\"en-GB\">A<\/span><\/span><span style=\"font-size: medium;\"><span lang=\"en-GB\">simismo, <\/span><\/span><span style=\"font-size: medium;\"><span lang=\"en-GB\">3<\/span><\/span><span style=\"font-size: medium;\"><span lang=\"en-GB\"> alumnas adultas de <\/span><\/span><span style=\"font-size: medium;\"><span lang=\"en-GB\">los cursos de<\/span><\/span> <span style=\"font-size: medium;\"><span lang=\"en-GB\">C<\/span><\/span><span style=\"font-size: medium;\"><span lang=\"en-GB\">anto de la Escuela Municipal de M\u00fasica de Caudete, <\/span><\/span><span style=\"font-size: medium;\"><span lang=\"en-GB\">1 profesor de Viol\u00edn y una alumna de Violochelo <\/span><\/span><span style=\"font-size: medium;\"><span lang=\"en-GB\">compartie<\/span><\/span><span style=\"font-size: medium;\"><span lang=\"en-GB\">ron<\/span><\/span><span style=\"font-size: medium;\"><span lang=\"en-GB\"> sesiones formativas con el alumnado <\/span><\/span><span style=\"font-size: medium;\"><span lang=\"en-GB\">y profesorado<\/span><\/span> <span style=\"font-size: medium;\"><span lang=\"en-GB\">de la escuela Music-Halle de Toulouse, <\/span><\/span><span style=\"font-size: medium;\"><span lang=\"en-GB\">con <\/span><\/span><span style=\"font-size: medium;\"><span lang=\"en-GB\">la <\/span><\/span><span style=\"font-size: medium;\"><span lang=\"en-GB\">que colaboramos desde hace a\u00f1os. <\/span><\/span><span style=\"font-size: medium;\"><span lang=\"en-GB\">A su vez, la escuela de Caudete recibi\u00f3 a un profesor de este centro franc\u00e9s, David Dutech, que dio a conocer en nuestra comunidad educativa <\/span><\/span><span style=\"font-size: medium;\"><span lang=\"en-GB\">metodolog\u00edas<\/span><\/span><span style=\"font-size: medium;\"><span lang=\"en-GB\"> innovador<\/span><\/span><span style=\"font-size: medium;\"><span lang=\"en-GB\">a<\/span><\/span><span style=\"font-size: medium;\"><span lang=\"en-GB\">s <\/span><\/span><span style=\"font-size: medium;\"><span lang=\"en-GB\">como <\/span><\/span><span style=\"font-size: medium;\"><span lang=\"en-GB\">\u201cLas 3 llaves de oro\u201d, basada en la transversalidad art\u00edstica y pedag\u00f3gica, y en la cultura r\u00edtmica.<\/span><\/span><\/span><\/p>\n<p align=\"justify\"><span style=\"font-family: georgia, palatino, serif;\"><span style=\"font-size: medium;\"><span lang=\"en-GB\">En marzo de 2025, <\/span><\/span><span style=\"font-size: medium;\"><span lang=\"en-GB\">18 <\/span><\/span><span style=\"font-size: medium;\"><span lang=\"en-GB\">alumnos del Caf\u00e9 en Italiano \u201c<\/span><\/span><span style=\"font-size: medium;\"><span lang=\"en-GB\">Parlare d\u2019Arte\u201d<\/span><\/span><span style=\"font-size: medium;\"><span lang=\"en-GB\"> de la UP <\/span><\/span><span style=\"font-size: medium;\"><span lang=\"en-GB\">fueron acogidos por el Ayuntamiento de Fabriano en Italia, con el que el Ayuntamiento de Caudete est\u00e1 en proceso de herma<\/span><\/span><span style=\"font-size: medium;\"><span lang=\"en-GB\">nam<\/span><\/span><span style=\"font-size: medium;\"><span lang=\"en-GB\">iento por los v\u00ednculos compartidos en torno al fomento del arte de la Acuarela: pudieron conocer su patrimonio, participar en un taller de fabricaci\u00f3n de papel en el Museo del <\/span><\/span><span style=\"font-size: medium;\"><span lang=\"en-GB\">P<\/span><\/span><span style=\"font-size: medium;\"><span lang=\"en-GB\">apel y la Filigrana y <\/span><\/span><span style=\"font-size: medium;\"><span lang=\"en-GB\">en <\/span><\/span><span style=\"font-size: medium;\"><span lang=\"en-GB\">un laboratorio de acuarela; o asistir a sesiones de la Universidad Popular de Fabriano, practicando en todo momento la lengua italiana.<\/span><\/span><\/span><\/p>\n<p align=\"justify\"><span style=\"font-family: georgia, palatino, serif;\"><span style=\"font-size: medium;\"><span lang=\"en-GB\">Asimismo<\/span><\/span><span style=\"font-size: medium;\"><span lang=\"en-GB\">, <\/span><\/span><span style=\"font-size: medium;\"><span lang=\"en-GB\">20 alumnos de los cursos de Bordado y Restauraci\u00f3n de muebles de la Universidad Popular <\/span><\/span><span style=\"font-size: medium;\"><span lang=\"en-GB\">(UP)<\/span><\/span><span style=\"font-size: medium;\"><span lang=\"en-GB\"> de Caudete, realizaron una formaci\u00f3n <\/span><\/span><span style=\"font-size: medium;\"><span lang=\"en-GB\">en Bruselas<\/span><\/span> <span style=\"font-size: medium;\"><span lang=\"en-GB\">organizada por <\/span><\/span><span style=\"font-size: medium;\"><span lang=\"en-GB\">la Fundaci\u00f3n<\/span><\/span><span style=\"font-size: medium;\"><span lang=\"en-GB\"> Finnova, con la colaboraci\u00f3n de<\/span><\/span><span style=\"font-size: medium;\"><span lang=\"en-GB\"> las Instituciones Europeas, <\/span><\/span><span style=\"font-size: medium;\"><span lang=\"en-GB\">en la que visitaron las sede<\/span><\/span><span style=\"font-size: medium;\"><span lang=\"en-GB\">s<\/span><\/span><span style=\"font-size: medium;\"><span lang=\"en-GB\"> del Comit\u00e9 Econ\u00f3mico y Social, Comit\u00e9 de las Regiones, Parlamento Europeo, Casa de la Historia Europea, <\/span><\/span><span style=\"font-size: medium;\"><span lang=\"en-GB\">o Oficina de Castilla-La Mancha ante la UE, manteniendo reuniones informativas con personal, <\/span><\/span><span style=\"font-size: medium;\"><span lang=\"en-GB\">y asistie<\/span><\/span><span style=\"font-size: medium;\"><span lang=\"en-GB\">ron <\/span><\/span><span style=\"font-size: medium;\"><span lang=\"en-GB\">a talleres sobre proyectos europeos basados en las prioridades medioambientales, digitales y de <\/span><\/span><span style=\"font-size: medium;\"><span lang=\"en-GB\">sostenibilidad.<\/span><\/span><\/span><\/p>\n<p align=\"justify\"><span style=\"font-family: georgia, palatino, serif;\"><span style=\"font-size: medium;\"><span lang=\"en-GB\">Por su parte, la directora de la Biblioteca Ana Mar\u00eda Matute de Caudete y la coordinadora Erasmus+ del ayuntamiento<\/span><\/span><span style=\"font-size: medium;\"><span lang=\"en-GB\"> fueron acogidas por la Biblioteca Municipal de Praga, que cuenta con Acreditaci\u00f3n Erasmus en el sector de Educaci\u00f3n de Personas Adultas, <\/span><\/span><span style=\"font-size: medium;\"><span lang=\"en-GB\">y con la que el ayuntamiento ya planifica futuras colaboraciones en r\u00e9gimen de reciprocidad tanto para personal como para alumnado<\/span><\/span><span style=\"font-size: medium;\"><span lang=\"en-GB\">. Esta actividad, realizada como movilidad combinada, incluy\u00f3 una sesi\u00f3n virtual previa a la movilidad f\u00edsica, en la que la coordinadora Erasmus de la Biblioteca de Praga present\u00f3 la red de bibliotecas de la ciudad, <\/span><\/span><span style=\"font-size: medium;\"><span lang=\"en-GB\">con m\u00e1s de 40 sucursales, <\/span><\/span><span style=\"font-size: medium;\"><span lang=\"en-GB\">y <\/span><\/span><span style=\"font-size: medium;\"><span lang=\"en-GB\">sus servicios y proyectos, que <\/span><\/span><span style=\"font-size: medium;\"><span lang=\"en-GB\">el personal participante <\/span><\/span><span style=\"font-size: medium;\"><span lang=\"en-GB\">pud<\/span><\/span><span style=\"font-size: medium;\"><span lang=\"en-GB\">o<\/span><\/span><span style=\"font-size: medium;\"><span lang=\"en-GB\"> conocer de forma presencial durante la movilidad: <\/span><\/span><span style=\"font-size: medium;\"><span lang=\"en-GB\">la sede central de la biblioteca municipal, con su emblem\u00e1tica propuesta art\u00edstica Idiom, instalaci\u00f3n formada por libros apilados a la entrada del edificio, que representa la importancia del conocimiento, y ante al que hacen cola diariamente cientos de turistas;<\/span><\/span> <span style=\"font-size: medium;\"><span lang=\"en-GB\">el Centro de Asesoramiento Digital en la sucursal de Luziny, biblioteca dentro de un centro comercial que brinda apoyo para la alfabetizaci\u00f3n digital a las personas mayores, gracias a una red de voluntarios en el marco d<\/span><\/span><span style=\"font-size: medium;\"><span lang=\"en-GB\">el proyecto Digital Odys<\/span><\/span><span style=\"font-size: medium;\"><span lang=\"en-GB\">s<\/span><\/span><span style=\"font-size: medium;\"><span lang=\"en-GB\">ey, <\/span><\/span><span style=\"font-size: medium;\"><span lang=\"en-GB\">financiado por la Fundaci\u00f3n Vodafone; <\/span><\/span><span style=\"font-size: medium;\"><span lang=\"en-GB\">la <\/span><\/span><span style=\"font-size: medium;\"><span lang=\"en-GB\">biblioteca Jezerka, <\/span><\/span><span style=\"font-size: medium;\"><span lang=\"en-GB\">en la que se<\/span><\/span><span style=\"font-size: medium;\"><span lang=\"en-GB\"> pudieron conocer proyectos de educaci\u00f3n no formal de personas adultas a trav\u00e9s de talleres que combinan la lectura y labores conjuntas de costura y punto, impartidos por la artista y artesana Eva Blahova, que con su proyecto Knittedsculptures impulsa proyectos comunitarios de tejido en espacios p\u00fablicos, <\/span><\/span><span style=\"font-size: medium;\"><span lang=\"en-GB\">con el objetivo de transformar <\/span><\/span><span style=\"font-size: medium;\"><span lang=\"en-GB\">estos<\/span><\/span><span style=\"font-size: medium;\"><span lang=\"en-GB\"> espacios, <\/span><\/span><span style=\"font-size: medium;\"><span lang=\"en-GB\">poniendo en valor el patrimonio local <\/span><\/span><span style=\"font-size: medium;\"><span lang=\"en-GB\">y el arte,<\/span><\/span><span style=\"font-size: medium;\"><span lang=\"en-GB\"> y creando v\u00ednculos en la comunidad local participante, <\/span><\/span><span style=\"font-size: medium;\"><span lang=\"en-GB\">por ejemplo, entre mujeres rusas y ucranianas; <\/span><\/span><span style=\"font-size: medium;\"><span lang=\"en-GB\">o<\/span><\/span> <span style=\"font-size: medium;\"><span lang=\"en-GB\">la biblioteca <\/span><\/span><span style=\"font-size: medium;\"><span lang=\"en-GB\">y centro cultural <\/span><\/span><span style=\"font-size: medium;\"><span lang=\"en-GB\">Velk\u00fd Ml\u00fdn, <\/span><\/span><span style=\"font-size: medium;\"><span lang=\"en-GB\">ubicada en un antiguo molino restaurado en las afueras de la ciudad, que es un centro social de alta demanda y m\u00faltiples usos culturales, <\/span><\/span><span style=\"font-size: medium;\"><span lang=\"en-GB\">del que conocimos <\/span><\/span><span style=\"font-size: medium;\"><span lang=\"en-GB\">los desaf\u00edos <\/span><\/span><span style=\"font-size: medium;\"><span lang=\"en-GB\">de gesti\u00f3n <\/span><\/span><span style=\"font-size: medium;\"><span lang=\"en-GB\">y<\/span><\/span> <span style=\"font-size: medium;\"><span lang=\"en-GB\">proyectos futuros.<\/span><\/span><\/span><\/p>\n<p align=\"justify\"><span style=\"font-family: georgia, palatino, serif;\"><span style=\"font-size: medium;\"><span lang=\"en-GB\">En febrero de 2025, el t\u00e9cnico de proyectos europeos del Ayuntamiento de Cento, en Italia, Umberto Amoroso, particip\u00f3 en nuestro proyecto como experto invitado, compartiendo con nuestra comunidad educativa informaci\u00f3n sobre el rico patrimonio cultural del municipio italiano, y sobre las actividades y proyectos del ayuntamiento en el sector de la educaci\u00f3n no formal de adultos. Pudimos saber sobre el Carnaval de Cento, <\/span><\/span><span style=\"font-size: medium;\"><span lang=\"en-GB\">que<\/span><\/span><span style=\"font-size: medium;\"><span lang=\"en-GB\"> hermanado con el Carnaval de R\u00edo de Janeiro, es uno de los m\u00e1s antiguos de Europa, con or\u00edgenes que se remontan a 1546 y ha sido reconocido como Patrimonio Inmaterial de la UNESCO en 2022. Tambi\u00e9n conocimos la Officina del Sapere e delle Arti, servicio cultural municipal gestionado por la Fundaci\u00f3n Teatro Borgatti, que ofrece cursos para adultos en idiomas extranjeros, teatro, escenograf\u00eda, m\u00fasica, o arte, entre otros; as\u00ed como la Universidad para el Aprendizaje a lo largo de la <\/span><\/span><span style=\"font-size: medium;\"><span lang=\"en-GB\">v<\/span><\/span><span style=\"font-size: medium;\"><span lang=\"en-GB\">ida, reconocida por la Universidad de Ferrara, o el Family Center, un servicio de formaci\u00f3n a poblaci\u00f3n inmigrante y familias.<\/span><\/span><\/span><\/p>\n<p align=\"justify\"><span style=\"font-family: georgia, palatino, serif;\">En noviembre de 2024, 8 usuarios del Club de Lectura de Ingl\u00e9s de la Biblioteca Ana Mar\u00eda Matute de Caudete realizaron una movilidad de grupo en Irlanda, acogidos por Castleblayney Community Enterprise, entidad sin \u00e1nimo de lucro que promueve iniciativas de formaci\u00f3n y participaci\u00f3n c\u00edvica para la comunidad local de Castleblayney, en Irlanda, pudiendo conocer <span style=\"font-size: medium;\"><span lang=\"en-GB\">la obra del poeta irland\u00e9s <\/span><\/span><span style=\"font-size: medium;\"><span lang=\"en-GB\">Patrick Kavanagh<\/span><\/span><span style=\"font-size: medium;\"><span lang=\"en-GB\">; <\/span><\/span><span style=\"font-size: medium;\"><span lang=\"en-GB\">el<\/span><\/span><span style=\"font-size: medium;\"><span lang=\"en-GB\"> Campus de la Paz de Monaghan, <\/span><\/span><span style=\"font-size: medium;\"><span lang=\"en-GB\">y su legado cultural sobre los tiempos del conflicto norirland\u00e9s<\/span><\/span><span style=\"font-size: medium;\"><span lang=\"en-GB\">; <\/span><\/span><span style=\"font-size: medium;\"><span lang=\"en-GB\">la <\/span><\/span><span style=\"font-size: medium;\"><span lang=\"en-GB\">Monaghan County Council Library, <\/span><\/span><span style=\"font-size: medium;\"><span lang=\"en-GB\">y su<\/span><\/span><span style=\"font-size: medium;\"><span lang=\"en-GB\"> \u201cEurope Direct\u201d, <\/span><\/span><span style=\"font-size: medium;\"><span lang=\"en-GB\">o<\/span><\/span><span style=\"font-size: medium;\"><span lang=\"en-GB\"> la biblioteca local, en la que participaron <\/span><\/span><span style=\"color: #191919;\"><span style=\"font-size: medium;\"><span lang=\"en-GB\">en encuentros con locales <\/span><\/span><\/span><span style=\"color: #191919;\"><span style=\"font-size: medium;\"><span lang=\"en-GB\">para conoce<\/span><\/span><\/span><span style=\"color: #191919;\"><span style=\"font-size: medium;\"><span lang=\"en-GB\">r el patrimonio cultural y el folclore irland\u00e9s, <\/span><\/span><\/span><span style=\"color: #191919;\"><span style=\"font-size: medium;\"><span lang=\"en-GB\">complet\u00e1ndose las actividades<\/span><\/span><\/span><span style=\"color: #191919;\"><span style=\"font-size: medium;\"><span lang=\"en-GB\"> con <\/span><\/span><\/span><span style=\"font-size: medium;\"><span lang=\"en-GB\">sesiones de lectura con el Club de Lectura local, \u201cBlayney Book Worms\u201d.<\/span><\/span><\/span><\/p>\n<p align=\"justify\"><span style=\"font-family: georgia, palatino, serif;\"><span style=\"color: #000000;\"><span style=\"font-size: medium;\"><span lang=\"en-GB\">A su vez, e<\/span><\/span><\/span><span style=\"color: #000000;\"><span style=\"font-size: medium;\"><span lang=\"en-GB\">n <\/span><\/span><\/span><span style=\"color: #000000;\"><span style=\"font-size: medium;\"><span lang=\"en-GB\">mayo y <\/span><\/span><\/span><span style=\"color: #000000;\"><span style=\"font-size: medium;\"><span lang=\"en-GB\">junio de 2024, <\/span><\/span><\/span><span style=\"color: #000000;\"><span style=\"font-size: medium;\"><span lang=\"en-GB\">el Ayuntamiento de Caudete <\/span><\/span><\/span><span style=\"color: #000000;\"><span style=\"font-size: medium;\"><span lang=\"en-GB\">hab\u00eda acogido <\/span><\/span><\/span><span style=\"color: #000000;\"><span style=\"font-size: medium;\"><span lang=\"en-GB\">a miembros de<\/span><\/span><\/span><span style=\"color: #000000;\"><span style=\"font-size: medium;\"><span lang=\"en-GB\">l<\/span><\/span><\/span><span style=\"color: #000000;\"><span style=\"font-size: medium;\"><span lang=\"en-GB\"> personal directivo, <\/span><\/span><\/span><span style=\"color: #000000;\"><span style=\"font-size: medium;\"><span lang=\"en-GB\">formador y<\/span><\/span><\/span><span style=\"color: #000000;\"><span style=\"font-size: medium;\"><span lang=\"en-GB\"> de <\/span><\/span><\/span><span style=\"color: #000000;\"><span style=\"font-size: medium;\"><span lang=\"en-GB\">gesti\u00f3n <\/span><\/span><\/span><span style=\"color: #000000;\"><span style=\"font-size: medium;\"><span lang=\"en-GB\">de <\/span><\/span><\/span><span style=\"color: #000000;\"><span style=\"font-size: medium;\"><span lang=\"en-GB\">esta<\/span><\/span><\/span><span style=\"color: #000000;\"><span style=\"font-size: medium;\"><span lang=\"en-GB\"> entidad socia <\/span><\/span><\/span><span style=\"color: #000000;\"><span style=\"font-size: medium;\"><span lang=\"en-GB\">irlandesa<\/span><\/span><\/span><span style=\"color: #000000;\"><span style=\"font-size: medium;\"><span lang=\"en-GB\">,<\/span><\/span><\/span><span style=\"color: #000000;\"><span style=\"font-size: medium;\"><span lang=\"en-GB\"> en <\/span><\/span><\/span><span style=\"color: #000000;\"><span style=\"font-size: medium;\"><span lang=\"en-GB\">el marco de <\/span><\/span><\/span><span style=\"color: #000000;\"><span style=\"font-size: medium;\"><span lang=\"en-GB\">su proyecto \u201cWidening Horizons\u201d (Ampliando Horizontes) del sector de Educaci\u00f3n Adultos. Durante su estancia, <\/span><\/span><\/span><span style=\"color: #000000;\"><span style=\"font-size: medium;\"><span lang=\"en-GB\">los participantes<\/span><\/span><\/span> <span style=\"color: #000000;\"><span style=\"font-size: medium;\"><span lang=\"en-GB\">pudieron<\/span><\/span><\/span><span style=\"color: #000000;\"><span style=\"font-size: medium;\"><span lang=\"en-GB\"> reunirse con el personal del departamento de Desarrollo Local, Casa de Cultura, Museo Pintor Rafael Requena y Biblioteca Municipal Ana Mar\u00eda Matute, <\/span><\/span><\/span><span style=\"color: #000000;\"><span style=\"font-size: medium;\"><span lang=\"en-GB\">o T<\/span><\/span><\/span><span style=\"color: #000000;\"><span style=\"font-size: medium;\"><span lang=\"en-GB\">aller de Arte Villa de Caudete, <\/span><\/span><\/span><span style=\"color: #000000;\"><span style=\"font-size: medium;\"><span lang=\"en-GB\">lo que <\/span><\/span><\/span><span style=\"color: #000000;\"><span style=\"font-size: medium;\"><span lang=\"en-GB\">permiti\u00f3<\/span><\/span><\/span><span style=\"color: #000000;\"><span style=\"font-size: medium;\"> abundar en las relaciones <\/span><\/span><span style=\"color: #000000;\"><span style=\"font-size: medium;\">entre <\/span><\/span><span style=\"color: #000000;\"><span style=\"font-size: medium;\">nuestros municipio y sus estructuras de educaci\u00f3n, as\u00ed como detectar sinergias y \u00e1mbitos de inter\u00e9s com\u00fan, que ser\u00e1n la base de futuras colaboraciones en el marco del programa, que busca favorecer la redes de contacto entre entidades de educaci\u00f3n y formaci\u00f3n en toda Europa y, en \u00faltimo t\u00e9rmino, afianzar el sentimiento de ciudadan\u00eda europea y avanzar hacia un Espacio Europeo de Educaci\u00f3n. <\/span><\/span><span style=\"color: #000000;\"><span style=\"font-size: medium;\">Asimismo, 7 alumnas adultas <\/span><\/span><span style=\"color: #000000;\"><span style=\"font-size: medium;\">de este centro socio y <\/span><\/span><span style=\"color: #000000;\"><span style=\"font-size: medium;\">una profesora acompa\u00f1ante particip<\/span><\/span><span style=\"color: #000000;\"><span style=\"font-size: medium;\">aron<\/span><\/span><span style=\"color: #000000;\"><span style=\"font-size: medium;\"> en una actividad de grupo en los Cursos de Acuarela de la UP, <\/span><\/span><span style=\"color: #000000;\"><span style=\"font-size: medium;\">tuvieron<\/span><\/span><span style=\"color: #000000;\"><span style=\"font-size: medium;\"> la oportunidad de asistir a <\/span><\/span><span style=\"color: #000000;\"><span style=\"font-size: medium;\">un<\/span><\/span><span style=\"color: #000000;\"><span style=\"font-size: medium;\"> evento internacional acuarel\u00edstico organizado por la Casa de Cultura, presenciando la ejecuci\u00f3n de tres obras de los artistas invitados de Pakist\u00e1n, Ghana y Espa\u00f1a, <\/span><\/span><span style=\"color: #000000;\"><span style=\"font-size: medium;\">pudieron conocer<\/span><\/span><span style=\"color: #000000;\"><span style=\"font-size: medium;\"> el patrimonio hist\u00f3rico y cultural de la ciudad, las obras de Rafael Requena, P\u00e9rez Gil y Torres Cotarelo, as\u00ed como talleres artesanos locales y diferentes t\u00e9cnicas art\u00edsticas en el Taller de Arte. En definitiva, <\/span><\/span><span style=\"color: #000000;\"><span style=\"font-size: medium;\">convivieron <\/span><\/span><span style=\"color: #000000;\"><span style=\"font-size: medium;\">con la comunidad local activa en el sector de educaci\u00f3n de adultos en torno a la acuarela.<\/span><\/span> <\/span><\/p>\n<p align=\"justify\"><span style=\"color: #0d0d0d; font-family: georgia, palatino, serif;\"><span style=\"font-size: medium;\">Tambi\u00e9n e<\/span><span style=\"font-size: medium;\">n el mes de<\/span><span style=\"font-size: medium;\"> mayo <\/span><span style=\"font-size: medium;\">de 2024<\/span><span style=\"font-size: medium;\">, la Escuela Municipal de M\u00fasica y Danza de Caudete tuvo el honor de recibir la visita de la profesora, Isabel Morey Suau, renombrada violinista <\/span><span style=\"font-size: medium;\">afincada en Alemania, <\/span><span style=\"font-size: medium;\">reconocida internacionalmente, que comparti\u00f3 sus conocimientos y experiencia con el personal y profesorado del centro, y realiz\u00f3 un taller sobre el m\u00e9todo Suzuki.<\/span><\/span><\/p>\n<p align=\"justify\"><span style=\"font-family: georgia, palatino, serif;\">En el periodo de ejecuci\u00f3n de este proyecto el Ayuntamiento de Caudete particip\u00f3 en la campa\u00f1a de difusi\u00f3n del programa ErasmusDays, con unas jornadas organizadas en el Museo Pintor Rafael Requena de Caudete, en octubre de 2023, y con la intervenci\u00f3n como ponente de la coordinadora Erasmus+ del ayuntamiento en los ErasmusDays organizados por la consultora de proyectos europeos Skills Divers, que se celebraron en el Museo del Vino de Jumilla, en octubre de 2024, y que tambi\u00e9n contaron con la asistencia de la concejal responsable de proyectos europeos.<\/span><\/p>\n<p align=\"justify\"><span style=\"font-family: georgia, palatino, serif;\">En diciembre de 2024, Salvadora Garc\u00eda Algarra, participante del club de lectura de italiano en el proyecto 2021-2023, recibi\u00f3 en el Teatro Real de Madrid el Reconocimiento a la Calidad Erasmus+ 2024 en el sector de Educaci\u00f3n de Personas Adultas.<\/span><\/p>\n<p align=\"justify\"><span style=\"font-family: georgia, palatino, serif;\">Asimismo, el final de curso 2024-2025 de la Universidad Popular y Biblioteca Municipal, celebrado en el Auditorio Municipal de la Casa de Cultura de Caudete, estuvo dedicado al programa Erasmus+ por el amplio impacto del programa durante este a\u00f1o en nuestra comunidad educativa de educaci\u00f3n de personas adultas.<\/span><\/p>\n<blockquote class=\"wp-embedded-content\" data-secret=\"UcGfTE7crD\"><p><a href=\"https:\/\/www.caudete.org\/ayuntamiento\/10-alumnos-de-cata-de-vinos-de-la-up-visitaron-matera-italia-en-una-enriquecedora-experiencia-erasmus\/\">10 alumnos de Cata de Vinos de la UP visitaron Matera (Italia), en una enriquecedora experiencia Erasmus+<\/a><\/p><\/blockquote>\n<p><iframe class=\"wp-embedded-content\" sandbox=\"allow-scripts\" security=\"restricted\" style=\"position: absolute; visibility: hidden;\" title=\"\u00ab10 alumnos de Cata de Vinos de la UP visitaron Matera (Italia), en una enriquecedora experiencia Erasmus+\u00bb \u2014 MI Ayuntamiento de Caudete\" src=\"https:\/\/www.caudete.org\/ayuntamiento\/10-alumnos-de-cata-de-vinos-de-la-up-visitaron-matera-italia-en-una-enriquecedora-experiencia-erasmus\/embed\/#?secret=zUFabbNKU6#?secret=UcGfTE7crD\" data-secret=\"UcGfTE7crD\" width=\"600\" height=\"338\" frameborder=\"0\" marginwidth=\"0\" marginheight=\"0\" scrolling=\"no\"><\/iframe><\/p>\n<blockquote class=\"wp-embedded-content\" data-secret=\"9Po1peoTdm\"><p><a href=\"https:\/\/www.caudete.org\/ayuntamiento\/innovadora-y-enriquecedora-movilidad-erasmus-de-alumnado-adulto-del-club-de-lectura-de-frances-de-la-biblioteca-ana-maria-matute-de-caudete\/\">Innovadora y enriquecedora movilidad Erasmus+ de alumnado adulto del Club de Lectura de Franc\u00e9s de la Biblioteca Ana Mar\u00eda Matute de Caudete<\/a><\/p><\/blockquote>\n<p><iframe class=\"wp-embedded-content\" sandbox=\"allow-scripts\" security=\"restricted\" style=\"position: absolute; visibility: hidden;\" title=\"\u00abInnovadora y enriquecedora movilidad Erasmus+ de alumnado adulto del Club de Lectura de Franc\u00e9s de la Biblioteca Ana Mar\u00eda Matute de Caudete\u00bb \u2014 MI Ayuntamiento de Caudete\" src=\"https:\/\/www.caudete.org\/ayuntamiento\/innovadora-y-enriquecedora-movilidad-erasmus-de-alumnado-adulto-del-club-de-lectura-de-frances-de-la-biblioteca-ana-maria-matute-de-caudete\/embed\/#?secret=0V5TjJMvPO#?secret=9Po1peoTdm\" data-secret=\"9Po1peoTdm\" width=\"600\" height=\"338\" frameborder=\"0\" marginwidth=\"0\" marginheight=\"0\" scrolling=\"no\"><\/iframe><\/p>\n<blockquote class=\"wp-embedded-content\" data-secret=\"L0QyFtEFxk\"><p><a href=\"https:\/\/www.caudete.org\/ayuntamiento\/enriquecedora-y-amplia-colaboracion-entre-la-escuela-de-musica-musichalle-de-toulouse-y-la-escuela-municipal-de-musica-y-danza-de-caudete-en-el-marco-de-la-acreditacion-erasmus-educacion-de\/\">Contin\u00faa la colaboraci\u00f3n Erasmus+ entre Music\u2019Halle de Toulouse y la Escuela Municipal de M\u00fasica y Danza de Caudete<\/a><\/p><\/blockquote>\n<p><iframe class=\"wp-embedded-content\" sandbox=\"allow-scripts\" security=\"restricted\" style=\"position: absolute; visibility: hidden;\" title=\"\u00abContin\u00faa la colaboraci\u00f3n Erasmus+ entre Music\u2019Halle de Toulouse y la Escuela Municipal de M\u00fasica y Danza de Caudete\u00bb \u2014 MI Ayuntamiento de Caudete\" src=\"https:\/\/www.caudete.org\/ayuntamiento\/enriquecedora-y-amplia-colaboracion-entre-la-escuela-de-musica-musichalle-de-toulouse-y-la-escuela-municipal-de-musica-y-danza-de-caudete-en-el-marco-de-la-acreditacion-erasmus-educacion-de\/embed\/#?secret=8PATx060Jk#?secret=L0QyFtEFxk\" data-secret=\"L0QyFtEFxk\" width=\"600\" height=\"338\" frameborder=\"0\" marginwidth=\"0\" marginheight=\"0\" scrolling=\"no\"><\/iframe><\/p>\n<blockquote class=\"wp-embedded-content\" data-secret=\"BEKIJeDhHO\"><p><a href=\"https:\/\/www.caudete.org\/ayuntamiento\/innovadora-y-exitosa-movilidad-erasmus-de-alumnado-adulto-de-los-cursos-de-acuarela-de-la-universidad-popular-de-caudete-en-castleblayney-irlanda\/\">Innovadora y exitosa movilidad Erasmus+ de alumnado adulto de los Cursos de Acuarela de la Universidad Popular de Caudete en, Castleblayney, Irlanda<\/a><\/p><\/blockquote>\n<p><iframe class=\"wp-embedded-content\" sandbox=\"allow-scripts\" security=\"restricted\" style=\"position: absolute; visibility: hidden;\" title=\"\u00abInnovadora y exitosa movilidad Erasmus+ de alumnado adulto de los Cursos de Acuarela de la Universidad Popular de Caudete en, Castleblayney, Irlanda\u00bb \u2014 MI Ayuntamiento de Caudete\" src=\"https:\/\/www.caudete.org\/ayuntamiento\/innovadora-y-exitosa-movilidad-erasmus-de-alumnado-adulto-de-los-cursos-de-acuarela-de-la-universidad-popular-de-caudete-en-castleblayney-irlanda\/embed\/#?secret=YKgfoa4JvT#?secret=BEKIJeDhHO\" data-secret=\"BEKIJeDhHO\" width=\"600\" height=\"338\" frameborder=\"0\" marginwidth=\"0\" marginheight=\"0\" scrolling=\"no\"><\/iframe><\/p>\n<blockquote class=\"wp-embedded-content\" data-secret=\"AybSs8jJel\"><p><a href=\"https:\/\/www.caudete.org\/ayuntamiento\/alumnos-del-curso-de-la-up-parlare-darte-viajan-con-erasmus-a-fabriano-italia\/\">Alumnos del Curso de la UP &#8220;Parlare D\u00c1rte&#8221; viajan con Erasmus+ a Fabriano (Italia)<\/a><\/p><\/blockquote>\n<p><iframe class=\"wp-embedded-content\" sandbox=\"allow-scripts\" security=\"restricted\" style=\"position: absolute; visibility: hidden;\" title=\"\u00abAlumnos del Curso de la UP &#8220;Parlare D\u00c1rte&#8221; viajan con Erasmus+ a Fabriano (Italia)\u00bb \u2014 MI Ayuntamiento de Caudete\" src=\"https:\/\/www.caudete.org\/ayuntamiento\/alumnos-del-curso-de-la-up-parlare-darte-viajan-con-erasmus-a-fabriano-italia\/embed\/#?secret=4k0evT9vME#?secret=AybSs8jJel\" data-secret=\"AybSs8jJel\" width=\"600\" height=\"338\" frameborder=\"0\" marginwidth=\"0\" marginheight=\"0\" scrolling=\"no\"><\/iframe><\/p>\n<blockquote class=\"wp-embedded-content\" data-secret=\"nfxqHNqFua\"><p><a href=\"https:\/\/www.caudete.org\/ayuntamiento\/movilidad-de-grupo-erasmus-de-alumnado-de-la-universidad-popular-de-caudete-en-bruselas\/\">Movilidad de Grupo Erasmus+ de alumnado de la Universidad Popular de Caudete en Bruselas<\/a><\/p><\/blockquote>\n<p><iframe class=\"wp-embedded-content\" sandbox=\"allow-scripts\" security=\"restricted\" style=\"position: absolute; visibility: hidden;\" title=\"\u00abMovilidad de Grupo Erasmus+ de alumnado de la Universidad Popular de Caudete en Bruselas\u00bb \u2014 MI Ayuntamiento de Caudete\" src=\"https:\/\/www.caudete.org\/ayuntamiento\/movilidad-de-grupo-erasmus-de-alumnado-de-la-universidad-popular-de-caudete-en-bruselas\/embed\/#?secret=jLcDqKGJ5A#?secret=nfxqHNqFua\" data-secret=\"nfxqHNqFua\" width=\"600\" height=\"338\" frameborder=\"0\" marginwidth=\"0\" marginheight=\"0\" scrolling=\"no\"><\/iframe><\/p>\n<blockquote class=\"wp-embedded-content\" data-secret=\"L0KAAwWu5X\"><p><a href=\"https:\/\/www.caudete.org\/ayuntamiento\/conociendo-la-biblioteca-municipal-de-praga-a-traves-de-la-acreditacion-erasmus-educacion-de-adultos-del-ayuntamiento-de-caudete\/\">Descubriendo la Biblioteca Municipal de Praga con Erasmus+ Caudete<\/a><\/p><\/blockquote>\n<p><iframe class=\"wp-embedded-content\" sandbox=\"allow-scripts\" security=\"restricted\" style=\"position: absolute; visibility: hidden;\" title=\"\u00abDescubriendo la Biblioteca Municipal de Praga con Erasmus+ Caudete\u00bb \u2014 MI Ayuntamiento de Caudete\" src=\"https:\/\/www.caudete.org\/ayuntamiento\/conociendo-la-biblioteca-municipal-de-praga-a-traves-de-la-acreditacion-erasmus-educacion-de-adultos-del-ayuntamiento-de-caudete\/embed\/#?secret=OmpbcBrHjH#?secret=L0KAAwWu5X\" data-secret=\"L0KAAwWu5X\" width=\"600\" height=\"338\" frameborder=\"0\" marginwidth=\"0\" marginheight=\"0\" scrolling=\"no\"><\/iframe><\/p>\n<blockquote class=\"wp-embedded-content\" data-secret=\"FWqXrPMpkX\"><p><a href=\"https:\/\/www.caudete.org\/ayuntamiento\/experto-invitado-del-ayuntamiento-de-cento-en-italia-nos-visita-gracias-a-erasmus\/\">Experto Invitado del Ayuntamiento de Cento, en Italia, nos visita gracias a Erasmus+<\/a><\/p><\/blockquote>\n<p><iframe class=\"wp-embedded-content\" sandbox=\"allow-scripts\" security=\"restricted\" style=\"position: absolute; visibility: hidden;\" title=\"\u00abExperto Invitado del Ayuntamiento de Cento, en Italia, nos visita gracias a Erasmus+\u00bb \u2014 MI Ayuntamiento de Caudete\" src=\"https:\/\/www.caudete.org\/ayuntamiento\/experto-invitado-del-ayuntamiento-de-cento-en-italia-nos-visita-gracias-a-erasmus\/embed\/#?secret=XSTscD1U1u#?secret=FWqXrPMpkX\" data-secret=\"FWqXrPMpkX\" width=\"600\" height=\"338\" frameborder=\"0\" marginwidth=\"0\" marginheight=\"0\" scrolling=\"no\"><\/iframe><\/p>\n<blockquote class=\"wp-embedded-content\" data-secret=\"hq6SuOwsYL\"><p><a href=\"https:\/\/www.caudete.org\/ayuntamiento\/movilidad-erasmus-en-irlanda-del-club-de-lectura-de-ingles-de-la-biblioteca-ana-maria-matute-de-caudete\/\">Movilidad Erasmus+ en Irlanda del Club de Lectura de Ingl\u00e9s de la Biblioteca Ana Mar\u00eda Matute de Caudete<\/a><\/p><\/blockquote>\n<p><iframe class=\"wp-embedded-content\" sandbox=\"allow-scripts\" security=\"restricted\" style=\"position: absolute; visibility: hidden;\" title=\"\u00abMovilidad Erasmus+ en Irlanda del Club de Lectura de Ingl\u00e9s de la Biblioteca Ana Mar\u00eda Matute de Caudete\u00bb \u2014 MI Ayuntamiento de Caudete\" src=\"https:\/\/www.caudete.org\/ayuntamiento\/movilidad-erasmus-en-irlanda-del-club-de-lectura-de-ingles-de-la-biblioteca-ana-maria-matute-de-caudete\/embed\/#?secret=CUbKDe0roV#?secret=hq6SuOwsYL\" data-secret=\"hq6SuOwsYL\" width=\"600\" height=\"338\" frameborder=\"0\" marginwidth=\"0\" marginheight=\"0\" scrolling=\"no\"><\/iframe><\/p>\n<blockquote class=\"wp-embedded-content\" data-secret=\"c8fnI7aJbf\"><p><a href=\"https:\/\/www.caudete.org\/ayuntamiento\/acogida-erasmus-irlanda-personal-entidad-social-castleblayney-community-enterprise\/\">Acogida Erasmus+ Irlanda personal entidad social Castleblayney Community Enterprise<\/a><\/p><\/blockquote>\n<p><iframe class=\"wp-embedded-content\" sandbox=\"allow-scripts\" security=\"restricted\" style=\"position: absolute; visibility: hidden;\" title=\"\u00abAcogida Erasmus+ Irlanda personal entidad social Castleblayney Community Enterprise\u00bb \u2014 MI Ayuntamiento de Caudete\" src=\"https:\/\/www.caudete.org\/ayuntamiento\/acogida-erasmus-irlanda-personal-entidad-social-castleblayney-community-enterprise\/embed\/#?secret=PTCTpAZMck#?secret=c8fnI7aJbf\" data-secret=\"c8fnI7aJbf\" width=\"600\" height=\"338\" frameborder=\"0\" marginwidth=\"0\" marginheight=\"0\" scrolling=\"no\"><\/iframe><\/p>\n<blockquote class=\"wp-embedded-content\" data-secret=\"LekeyySHdI\"><p><a href=\"https:\/\/www.caudete.org\/ayuntamiento\/acogida-erasmus-irlanda-personal-entidad-socia-castleblayney-community-enterprise\/\">Acogida Erasmus+ Irlanda personal Entidad Socia Castleblayney Community Enterprise<\/a><\/p><\/blockquote>\n<p><iframe class=\"wp-embedded-content\" sandbox=\"allow-scripts\" security=\"restricted\" style=\"position: absolute; visibility: hidden;\" title=\"\u00abAcogida Erasmus+ Irlanda personal Entidad Socia Castleblayney Community Enterprise\u00bb \u2014 MI Ayuntamiento de Caudete\" src=\"https:\/\/www.caudete.org\/ayuntamiento\/acogida-erasmus-irlanda-personal-entidad-socia-castleblayney-community-enterprise\/embed\/#?secret=8dhgOhSxyP#?secret=LekeyySHdI\" data-secret=\"LekeyySHdI\" width=\"600\" height=\"338\" frameborder=\"0\" marginwidth=\"0\" marginheight=\"0\" scrolling=\"no\"><\/iframe><\/p>\n<blockquote class=\"wp-embedded-content\" data-secret=\"MPndEBsKtd\"><p><a href=\"https:\/\/www.caudete.org\/ayuntamiento\/acogida-de-grupo-eramus-irlanda-en-cursos-acuarela-universidad-popular-y-taller-de-arte-villa-de-caudete\/\">Acogida de grupo Eramus+ Irlanda en cursos acuarela Universidad Popular y Taller de Arte Villa de Caudete<\/a><\/p><\/blockquote>\n<p><iframe class=\"wp-embedded-content\" sandbox=\"allow-scripts\" security=\"restricted\" style=\"position: absolute; visibility: hidden;\" title=\"\u00abAcogida de grupo Eramus+ Irlanda en cursos acuarela Universidad Popular y Taller de Arte Villa de Caudete\u00bb \u2014 MI Ayuntamiento de Caudete\" src=\"https:\/\/www.caudete.org\/ayuntamiento\/acogida-de-grupo-eramus-irlanda-en-cursos-acuarela-universidad-popular-y-taller-de-arte-villa-de-caudete\/embed\/#?secret=COFVOUBjJp#?secret=MPndEBsKtd\" data-secret=\"MPndEBsKtd\" width=\"600\" height=\"338\" frameborder=\"0\" marginwidth=\"0\" marginheight=\"0\" scrolling=\"no\"><\/iframe><\/p>\n<blockquote class=\"wp-embedded-content\" data-secret=\"OKmWZO5eY7\"><p><a href=\"https:\/\/www.caudete.org\/ayuntamiento\/25072-2\/\">Actividad Erasmus+ Acreditaci\u00f3n Adultos Experta Invitada Escuela Municipal de M\u00fasica y Danza<\/a><\/p><\/blockquote>\n<p><iframe class=\"wp-embedded-content\" sandbox=\"allow-scripts\" security=\"restricted\" style=\"position: absolute; visibility: hidden;\" title=\"\u00abActividad Erasmus+ Acreditaci\u00f3n Adultos Experta Invitada Escuela Municipal de M\u00fasica y Danza\u00bb \u2014 MI Ayuntamiento de Caudete\" src=\"https:\/\/www.caudete.org\/ayuntamiento\/25072-2\/embed\/#?secret=LRyyhFTC5V#?secret=OKmWZO5eY7\" data-secret=\"OKmWZO5eY7\" width=\"600\" height=\"338\" frameborder=\"0\" marginwidth=\"0\" marginheight=\"0\" scrolling=\"no\"><\/iframe><\/p>\n<blockquote class=\"wp-embedded-content\" data-secret=\"xAyi80EKl9\"><p><a href=\"https:\/\/www.caudete.org\/ayuntamiento\/el-curso-2024-25-de-la-universidad-popular-y-clubes-de-lectura-lleno-de-pinceladas-de-experiencias\/\">El curso 2024\/25 de la Universidad Popular y Clubes de Lectura lleno de pinceladas de experiencias<\/a><\/p><\/blockquote>\n<p><iframe class=\"wp-embedded-content\" sandbox=\"allow-scripts\" security=\"restricted\" style=\"position: absolute; visibility: hidden;\" title=\"\u00abEl curso 2024\/25 de la Universidad Popular y Clubes de Lectura lleno de pinceladas de experiencias\u00bb \u2014 MI Ayuntamiento de Caudete\" src=\"https:\/\/www.caudete.org\/ayuntamiento\/el-curso-2024-25-de-la-universidad-popular-y-clubes-de-lectura-lleno-de-pinceladas-de-experiencias\/embed\/#?secret=Pr6WQka7Pu#?secret=xAyi80EKl9\" data-secret=\"xAyi80EKl9\" width=\"600\" height=\"338\" frameborder=\"0\" marginwidth=\"0\" marginheight=\"0\" scrolling=\"no\"><\/iframe><\/p>\n<blockquote class=\"wp-embedded-content\" data-secret=\"MJE9xLIn26\"><p><a href=\"https:\/\/www.caudete.org\/ayuntamiento\/reconocimiento-de-la-calidad-erasmus-2024-salvadora-garcia-algarra\/\">Reconocimiento de la Calidad Erasmus+ 2024 Salvadora Garc\u00eda Algarra<\/a><\/p><\/blockquote>\n<p><iframe class=\"wp-embedded-content\" sandbox=\"allow-scripts\" security=\"restricted\" style=\"position: absolute; visibility: hidden;\" title=\"\u00abReconocimiento de la Calidad Erasmus+ 2024 Salvadora Garc\u00eda Algarra\u00bb \u2014 MI Ayuntamiento de Caudete\" src=\"https:\/\/www.caudete.org\/ayuntamiento\/reconocimiento-de-la-calidad-erasmus-2024-salvadora-garcia-algarra\/embed\/#?secret=LAaZiFhhtT#?secret=MJE9xLIn26\" data-secret=\"MJE9xLIn26\" width=\"600\" height=\"338\" frameborder=\"0\" marginwidth=\"0\" marginheight=\"0\" scrolling=\"no\"><\/iframe><\/p>\n<blockquote class=\"wp-embedded-content\" data-secret=\"cnrIo9wegl\"><p><a href=\"https:\/\/www.caudete.org\/ayuntamiento\/participacion-del-ayuntamiento-de-caudete-en-las-jornadas-erasmusdays-organizadas-por-la-consultora-de-proyectos-europeos-skills-divers-en-el-museo-del-vino-de-jumilla\/\">Participaci\u00f3n del Ayuntamiento de Caudete en las Jornadas ErasmusDays organizadas por la consultora de proyectos europeos Skills Divers en el Museo del Vino de Jumilla<\/a><\/p><\/blockquote>\n<p><iframe class=\"wp-embedded-content\" sandbox=\"allow-scripts\" security=\"restricted\" style=\"position: absolute; visibility: hidden;\" title=\"\u00abParticipaci\u00f3n del Ayuntamiento de Caudete en las Jornadas ErasmusDays organizadas por la consultora de proyectos europeos Skills Divers en el Museo del Vino de Jumilla\u00bb \u2014 MI Ayuntamiento de Caudete\" src=\"https:\/\/www.caudete.org\/ayuntamiento\/participacion-del-ayuntamiento-de-caudete-en-las-jornadas-erasmusdays-organizadas-por-la-consultora-de-proyectos-europeos-skills-divers-en-el-museo-del-vino-de-jumilla\/embed\/#?secret=EdaGgGPLYT#?secret=cnrIo9wegl\" data-secret=\"cnrIo9wegl\" width=\"600\" height=\"338\" frameborder=\"0\" marginwidth=\"0\" marginheight=\"0\" scrolling=\"no\"><\/iframe><\/p>\n<blockquote class=\"wp-embedded-content\" data-secret=\"BmJfoc3E9H\"><p><a href=\"https:\/\/www.caudete.org\/ayuntamiento\/exito-de-participacion-en-jornadas-erasmusdays-2023\/\">\u00c9xito de participaci\u00f3n en jornadas Erasmusdays 2023<\/a><\/p><\/blockquote>\n<p><iframe class=\"wp-embedded-content\" sandbox=\"allow-scripts\" security=\"restricted\" style=\"position: absolute; visibility: hidden;\" title=\"\u00ab\u00c9xito de participaci\u00f3n en jornadas Erasmusdays 2023\u00bb \u2014 MI Ayuntamiento de Caudete\" src=\"https:\/\/www.caudete.org\/ayuntamiento\/exito-de-participacion-en-jornadas-erasmusdays-2023\/embed\/#?secret=817821MKtK#?secret=BmJfoc3E9H\" data-secret=\"BmJfoc3E9H\" width=\"600\" height=\"338\" frameborder=\"0\" marginwidth=\"0\" marginheight=\"0\" scrolling=\"no\"><\/iframe><\/p>\n<p style=\"text-align: justify;\"><span style=\"font-family: georgia, palatino, serif;\"><span style=\"font-size: 12pt;\"><i>El proyecto <\/i><i>Erasmus+ Acreditaci\u00f3n Educaci\u00f3n Adultos 202<\/i><i>3<\/i><i>-202<\/i><i>5 <\/i><i>del Ayuntamiento de Caudete <\/i><i>2023-1-ES01-KA121-ADU-000123378<\/i><i> <\/i><i> est\u00e1 cofinanciado por el programa Erasmus+ de la Uni\u00f3n Europea. El contenido de publicaci\u00f3n es responsabilidad exclusiva del <\/i><i>Ayuntamiento de Caudete<\/i><\/span><span style=\"font-size: small;\"><i><span style=\"font-size: 12pt;\"> y ni la Comisi\u00f3n Europea, ni el Servicio Espa\u00f1ol para la Internacionalizaci\u00f3n de la Educaci\u00f3n (SEPIE) son responsables del uso que pueda hacerse de la informaci\u00f3n aqu\u00ed difundida.<\/span> <\/i><\/span><\/span><\/p>\n","protected":false},"excerpt":{"rendered":"<p>En el marco de la Acreditaci\u00f3n Erasmus+ en el sector de Educaci\u00f3n de Personas Adultas obtenida en 2020 por el Ayuntamiento de Caudete para avanzar en la estrategia de internacionalizaci\u00f3n de la educaci\u00f3n no formal de adultos que se imparte en el municipio a trav\u00e9s del programa Erasmus+, el ayuntamiento ha gestionado en el periodo &hellip;<\/p>\n","protected":false},"author":5,"featured_media":0,"parent":0,"menu_order":0,"comment_status":"closed","ping_status":"closed","template":"","meta":{"ngg_post_thumbnail":0,"footnotes":""},"categories":[87],"tags":[],"class_list":["post-26812","page","type-page","status-publish","hentry","category-desarrollo-local"],"yoast_head":"<!-- This site is optimized with the Yoast SEO plugin v27.4 - https:\/\/yoast.com\/product\/yoast-seo-wordpress\/ -->\n<title>Proyecto Erasmus acreditaci\u00f3n educaci\u00f3n adultos 2023-2025 - MI Ayuntamiento de Caudete<\/title>\n<meta name=\"description\" content=\"P\u00e1gina Oficial del Ayuntamiento de Caudete (Albacete)\" \/>\n<meta name=\"robots\" content=\"index, follow, max-snippet:-1, max-image-preview:large, max-video-preview:-1\" \/>\n<link rel=\"canonical\" href=\"https:\/\/www.caudete.org\/ayuntamiento\/acreditacion-educacion-adultos-2023-2025\/\" \/>\n<meta property=\"og:locale\" content=\"es_ES\" \/>\n<meta property=\"og:type\" content=\"article\" \/>\n<meta property=\"og:title\" content=\"Proyecto Erasmus acreditaci\u00f3n educaci\u00f3n adultos 2023-2025 - MI Ayuntamiento de Caudete\" \/>\n<meta property=\"og:description\" content=\"P\u00e1gina Oficial del Ayuntamiento de Caudete (Albacete)\" \/>\n<meta property=\"og:url\" content=\"https:\/\/www.caudete.org\/ayuntamiento\/acreditacion-educacion-adultos-2023-2025\/\" \/>\n<meta property=\"og:site_name\" content=\"MI Ayuntamiento de Caudete\" \/>\n<meta property=\"article:publisher\" content=\"https:\/\/www.facebook.com\/ayuntamientocaudete\/\" \/>\n<meta property=\"article:modified_time\" content=\"2025-07-29T12:45:12+00:00\" \/>\n<meta property=\"og:image\" content=\"https:\/\/www.caudete.org\/ayuntamiento\/wp-content\/uploads\/2025\/07\/Logos_cabecera_con_escudo.jpg\" \/>\n\t<meta property=\"og:image:width\" content=\"1267\" \/>\n\t<meta property=\"og:image:height\" content=\"344\" \/>\n\t<meta property=\"og:image:type\" content=\"image\/jpeg\" \/>\n<meta name=\"twitter:card\" content=\"summary_large_image\" \/>\n<meta name=\"twitter:label1\" content=\"Tiempo de lectura\" \/>\n\t<meta name=\"twitter:data1\" content=\"10 minutos\" \/>\n<script type=\"application\/ld+json\" class=\"yoast-schema-graph\">{\"@context\":\"https:\\\/\\\/schema.org\",\"@graph\":[{\"@type\":\"WebPage\",\"@id\":\"https:\\\/\\\/www.caudete.org\\\/ayuntamiento\\\/acreditacion-educacion-adultos-2023-2025\\\/\",\"url\":\"https:\\\/\\\/www.caudete.org\\\/ayuntamiento\\\/acreditacion-educacion-adultos-2023-2025\\\/\",\"name\":\"Proyecto Erasmus acreditaci\u00f3n educaci\u00f3n adultos 2023-2025 - MI Ayuntamiento de Caudete\",\"isPartOf\":{\"@id\":\"https:\\\/\\\/www.caudete.org\\\/ayuntamiento\\\/#website\"},\"primaryImageOfPage\":{\"@id\":\"https:\\\/\\\/www.caudete.org\\\/ayuntamiento\\\/acreditacion-educacion-adultos-2023-2025\\\/#primaryimage\"},\"image\":{\"@id\":\"https:\\\/\\\/www.caudete.org\\\/ayuntamiento\\\/acreditacion-educacion-adultos-2023-2025\\\/#primaryimage\"},\"thumbnailUrl\":\"https:\\\/\\\/www.caudete.org\\\/ayuntamiento\\\/wp-content\\\/uploads\\\/2025\\\/07\\\/Logos_cabecera_con_escudo.jpg\",\"datePublished\":\"2024-12-03T11:27:25+00:00\",\"dateModified\":\"2025-07-29T12:45:12+00:00\",\"description\":\"P\u00e1gina Oficial del Ayuntamiento de Caudete (Albacete)\",\"breadcrumb\":{\"@id\":\"https:\\\/\\\/www.caudete.org\\\/ayuntamiento\\\/acreditacion-educacion-adultos-2023-2025\\\/#breadcrumb\"},\"inLanguage\":\"es\",\"potentialAction\":[{\"@type\":\"ReadAction\",\"target\":[\"https:\\\/\\\/www.caudete.org\\\/ayuntamiento\\\/acreditacion-educacion-adultos-2023-2025\\\/\"]}]},{\"@type\":\"ImageObject\",\"inLanguage\":\"es\",\"@id\":\"https:\\\/\\\/www.caudete.org\\\/ayuntamiento\\\/acreditacion-educacion-adultos-2023-2025\\\/#primaryimage\",\"url\":\"https:\\\/\\\/www.caudete.org\\\/ayuntamiento\\\/wp-content\\\/uploads\\\/2025\\\/07\\\/Logos_cabecera_con_escudo.jpg\",\"contentUrl\":\"https:\\\/\\\/www.caudete.org\\\/ayuntamiento\\\/wp-content\\\/uploads\\\/2025\\\/07\\\/Logos_cabecera_con_escudo.jpg\",\"width\":1267,\"height\":344},{\"@type\":\"BreadcrumbList\",\"@id\":\"https:\\\/\\\/www.caudete.org\\\/ayuntamiento\\\/acreditacion-educacion-adultos-2023-2025\\\/#breadcrumb\",\"itemListElement\":[{\"@type\":\"ListItem\",\"position\":1,\"name\":\"Inicio\",\"item\":\"https:\\\/\\\/www.caudete.org\\\/ayuntamiento\\\/\"},{\"@type\":\"ListItem\",\"position\":2,\"name\":\"Proyecto Erasmus acreditaci\u00f3n educaci\u00f3n adultos 2023-2025\"}]},{\"@type\":\"WebSite\",\"@id\":\"https:\\\/\\\/www.caudete.org\\\/ayuntamiento\\\/#website\",\"url\":\"https:\\\/\\\/www.caudete.org\\\/ayuntamiento\\\/\",\"name\":\"MI Ayuntamiento de Caudete\",\"description\":\"P\u00e1gina Oficial del MI Ayuntamiento de Caudete\",\"publisher\":{\"@id\":\"https:\\\/\\\/www.caudete.org\\\/ayuntamiento\\\/#organization\"},\"potentialAction\":[{\"@type\":\"SearchAction\",\"target\":{\"@type\":\"EntryPoint\",\"urlTemplate\":\"https:\\\/\\\/www.caudete.org\\\/ayuntamiento\\\/?s={search_term_string}\"},\"query-input\":{\"@type\":\"PropertyValueSpecification\",\"valueRequired\":true,\"valueName\":\"search_term_string\"}}],\"inLanguage\":\"es\"},{\"@type\":\"Organization\",\"@id\":\"https:\\\/\\\/www.caudete.org\\\/ayuntamiento\\\/#organization\",\"name\":\"Ayuntamiento de Caudete\",\"url\":\"https:\\\/\\\/www.caudete.org\\\/ayuntamiento\\\/\",\"logo\":{\"@type\":\"ImageObject\",\"inLanguage\":\"es\",\"@id\":\"https:\\\/\\\/www.caudete.org\\\/ayuntamiento\\\/#\\\/schema\\\/logo\\\/image\\\/\",\"url\":\"https:\\\/\\\/www.caudete.org\\\/ayuntamiento\\\/wp-content\\\/uploads\\\/2020\\\/11\\\/logo_ayuntamiento_caudete.jpg\",\"contentUrl\":\"https:\\\/\\\/www.caudete.org\\\/ayuntamiento\\\/wp-content\\\/uploads\\\/2020\\\/11\\\/logo_ayuntamiento_caudete.jpg\",\"width\":600,\"height\":150,\"caption\":\"Ayuntamiento de Caudete\"},\"image\":{\"@id\":\"https:\\\/\\\/www.caudete.org\\\/ayuntamiento\\\/#\\\/schema\\\/logo\\\/image\\\/\"},\"sameAs\":[\"https:\\\/\\\/www.facebook.com\\\/ayuntamientocaudete\\\/\",\"https:\\\/\\\/www.youtube.com\\\/channel\\\/UC6VztHaooNsGpw-tNoBEFnQ\"]}]}<\/script>\n<!-- \/ Yoast SEO plugin. -->","yoast_head_json":{"title":"Proyecto Erasmus acreditaci\u00f3n educaci\u00f3n adultos 2023-2025 - MI Ayuntamiento de Caudete","description":"P\u00e1gina Oficial del Ayuntamiento de Caudete (Albacete)","robots":{"index":"index","follow":"follow","max-snippet":"max-snippet:-1","max-image-preview":"max-image-preview:large","max-video-preview":"max-video-preview:-1"},"canonical":"https:\/\/www.caudete.org\/ayuntamiento\/acreditacion-educacion-adultos-2023-2025\/","og_locale":"es_ES","og_type":"article","og_title":"Proyecto Erasmus acreditaci\u00f3n educaci\u00f3n adultos 2023-2025 - MI Ayuntamiento de Caudete","og_description":"P\u00e1gina Oficial del Ayuntamiento de Caudete (Albacete)","og_url":"https:\/\/www.caudete.org\/ayuntamiento\/acreditacion-educacion-adultos-2023-2025\/","og_site_name":"MI Ayuntamiento de Caudete","article_publisher":"https:\/\/www.facebook.com\/ayuntamientocaudete\/","article_modified_time":"2025-07-29T12:45:12+00:00","og_image":[{"width":1267,"height":344,"url":"https:\/\/www.caudete.org\/ayuntamiento\/wp-content\/uploads\/2025\/07\/Logos_cabecera_con_escudo.jpg","type":"image\/jpeg"}],"twitter_card":"summary_large_image","twitter_misc":{"Tiempo de lectura":"10 minutos"},"schema":{"@context":"https:\/\/schema.org","@graph":[{"@type":"WebPage","@id":"https:\/\/www.caudete.org\/ayuntamiento\/acreditacion-educacion-adultos-2023-2025\/","url":"https:\/\/www.caudete.org\/ayuntamiento\/acreditacion-educacion-adultos-2023-2025\/","name":"Proyecto Erasmus acreditaci\u00f3n educaci\u00f3n adultos 2023-2025 - MI Ayuntamiento de Caudete","isPartOf":{"@id":"https:\/\/www.caudete.org\/ayuntamiento\/#website"},"primaryImageOfPage":{"@id":"https:\/\/www.caudete.org\/ayuntamiento\/acreditacion-educacion-adultos-2023-2025\/#primaryimage"},"image":{"@id":"https:\/\/www.caudete.org\/ayuntamiento\/acreditacion-educacion-adultos-2023-2025\/#primaryimage"},"thumbnailUrl":"https:\/\/www.caudete.org\/ayuntamiento\/wp-content\/uploads\/2025\/07\/Logos_cabecera_con_escudo.jpg","datePublished":"2024-12-03T11:27:25+00:00","dateModified":"2025-07-29T12:45:12+00:00","description":"P\u00e1gina Oficial del Ayuntamiento de Caudete (Albacete)","breadcrumb":{"@id":"https:\/\/www.caudete.org\/ayuntamiento\/acreditacion-educacion-adultos-2023-2025\/#breadcrumb"},"inLanguage":"es","potentialAction":[{"@type":"ReadAction","target":["https:\/\/www.caudete.org\/ayuntamiento\/acreditacion-educacion-adultos-2023-2025\/"]}]},{"@type":"ImageObject","inLanguage":"es","@id":"https:\/\/www.caudete.org\/ayuntamiento\/acreditacion-educacion-adultos-2023-2025\/#primaryimage","url":"https:\/\/www.caudete.org\/ayuntamiento\/wp-content\/uploads\/2025\/07\/Logos_cabecera_con_escudo.jpg","contentUrl":"https:\/\/www.caudete.org\/ayuntamiento\/wp-content\/uploads\/2025\/07\/Logos_cabecera_con_escudo.jpg","width":1267,"height":344},{"@type":"BreadcrumbList","@id":"https:\/\/www.caudete.org\/ayuntamiento\/acreditacion-educacion-adultos-2023-2025\/#breadcrumb","itemListElement":[{"@type":"ListItem","position":1,"name":"Inicio","item":"https:\/\/www.caudete.org\/ayuntamiento\/"},{"@type":"ListItem","position":2,"name":"Proyecto Erasmus acreditaci\u00f3n educaci\u00f3n adultos 2023-2025"}]},{"@type":"WebSite","@id":"https:\/\/www.caudete.org\/ayuntamiento\/#website","url":"https:\/\/www.caudete.org\/ayuntamiento\/","name":"MI Ayuntamiento de Caudete","description":"P\u00e1gina Oficial del MI Ayuntamiento de Caudete","publisher":{"@id":"https:\/\/www.caudete.org\/ayuntamiento\/#organization"},"potentialAction":[{"@type":"SearchAction","target":{"@type":"EntryPoint","urlTemplate":"https:\/\/www.caudete.org\/ayuntamiento\/?s={search_term_string}"},"query-input":{"@type":"PropertyValueSpecification","valueRequired":true,"valueName":"search_term_string"}}],"inLanguage":"es"},{"@type":"Organization","@id":"https:\/\/www.caudete.org\/ayuntamiento\/#organization","name":"Ayuntamiento de Caudete","url":"https:\/\/www.caudete.org\/ayuntamiento\/","logo":{"@type":"ImageObject","inLanguage":"es","@id":"https:\/\/www.caudete.org\/ayuntamiento\/#\/schema\/logo\/image\/","url":"https:\/\/www.caudete.org\/ayuntamiento\/wp-content\/uploads\/2020\/11\/logo_ayuntamiento_caudete.jpg","contentUrl":"https:\/\/www.caudete.org\/ayuntamiento\/wp-content\/uploads\/2020\/11\/logo_ayuntamiento_caudete.jpg","width":600,"height":150,"caption":"Ayuntamiento de Caudete"},"image":{"@id":"https:\/\/www.caudete.org\/ayuntamiento\/#\/schema\/logo\/image\/"},"sameAs":["https:\/\/www.facebook.com\/ayuntamientocaudete\/","https:\/\/www.youtube.com\/channel\/UC6VztHaooNsGpw-tNoBEFnQ"]}]}},"_links":{"self":[{"href":"https:\/\/www.caudete.org\/ayuntamiento\/wp-json\/wp\/v2\/pages\/26812","targetHints":{"allow":["GET"]}}],"collection":[{"href":"https:\/\/www.caudete.org\/ayuntamiento\/wp-json\/wp\/v2\/pages"}],"about":[{"href":"https:\/\/www.caudete.org\/ayuntamiento\/wp-json\/wp\/v2\/types\/page"}],"author":[{"embeddable":true,"href":"https:\/\/www.caudete.org\/ayuntamiento\/wp-json\/wp\/v2\/users\/5"}],"replies":[{"embeddable":true,"href":"https:\/\/www.caudete.org\/ayuntamiento\/wp-json\/wp\/v2\/comments?post=26812"}],"version-history":[{"count":18,"href":"https:\/\/www.caudete.org\/ayuntamiento\/wp-json\/wp\/v2\/pages\/26812\/revisions"}],"predecessor-version":[{"id":30026,"href":"https:\/\/www.caudete.org\/ayuntamiento\/wp-json\/wp\/v2\/pages\/26812\/revisions\/30026"}],"wp:attachment":[{"href":"https:\/\/www.caudete.org\/ayuntamiento\/wp-json\/wp\/v2\/media?parent=26812"}],"wp:term":[{"taxonomy":"category","embeddable":true,"href":"https:\/\/www.caudete.org\/ayuntamiento\/wp-json\/wp\/v2\/categories?post=26812"},{"taxonomy":"post_tag","embeddable":true,"href":"https:\/\/www.caudete.org\/ayuntamiento\/wp-json\/wp\/v2\/tags?post=26812"}],"curies":[{"name":"wp","href":"https:\/\/api.w.org\/{rel}","templated":true}]}}