{"id":28374,"date":"2025-04-23T19:25:27","date_gmt":"2025-04-23T17:25:27","guid":{"rendered":"https:\/\/www.caudete.org\/ayuntamiento\/?page_id=28374"},"modified":"2025-07-14T10:48:14","modified_gmt":"2025-07-14T08:48:14","slug":"familia-bienestar-e-igualdad-social-servicios-sociales","status":"publish","type":"page","link":"https:\/\/www.caudete.org\/ayuntamiento\/familia-bienestar-e-igualdad-social-servicios-sociales\/","title":{"rendered":"Familia, Bienestar e Igualdad Social &#8211; Servicios Sociales"},"content":{"rendered":"<p><img fetchpriority=\"high\" decoding=\"async\" src=\"https:\/\/www.caudete.org\/ayuntamiento\/wp-content\/uploads\/2025\/04\/dependencia-en-blanco-y-negro-y-ayuda-sicologica.jpeg\" sizes=\"(max-width: 1200px) 100vw, 1200px\" srcset=\"https:\/\/www.caudete.org\/ayuntamiento\/wp-content\/uploads\/2025\/04\/dependencia-en-blanco-y-negro-y-ayuda-sicologica.jpeg 1200w, https:\/\/www.caudete.org\/ayuntamiento\/wp-content\/uploads\/2025\/04\/dependencia-en-blanco-y-negro-y-ayuda-sicologica-600x259.jpeg 600w, https:\/\/www.caudete.org\/ayuntamiento\/wp-content\/uploads\/2025\/04\/dependencia-en-blanco-y-negro-y-ayuda-sicologica-768x332.jpeg 768w\" alt=\"\" width=\"1200\" height=\"518\" \/><\/p>\n<p><a href=\"https:\/\/www.caudete.org\/ayuntamiento\/wp-content\/uploads\/2021\/07\/mod_centro_servicios_sociales.jpg\" rel='prettyPhoto'><img decoding=\"async\" class=\"aligncenter\" src=\"https:\/\/www.caudete.org\/ayuntamiento\/wp-content\/uploads\/2021\/07\/mod_centro_servicios_sociales.jpg\" alt=\"\" width=\"300\" height=\"131\" \/><\/a><\/p>\n<h2>Atenci\u00f3n Social y Psicoterap\u00e9utica<\/h2>\n<p>Asesoramiento y acceso a recursos sociales, as\u00ed como apoyo psicoterap\u00e9utico para personas y familias con dificultades.<br \/>\n\ud83d\udcc5 <strong>Cita previa:<\/strong><br \/>\n\ud83d\udd58 I.V.O. \u2013 Lunes a jueves, de 10:30 a 13:00 h<br \/>\n\ud83d\udd58 Atenci\u00f3n Psicoterap\u00e9utica \u2013 Lunes a jueves, de 8:00 a 14:00 h<\/p>\n<h2>Apoyo a la Familia y la Infancia<\/h2>\n<p>Programa socioeducativo que garantiza un entorno seguro para el desarrollo infantil, en colaboraci\u00f3n con familias, centros educativos y entidades sociales.<\/p>\n<p><strong>Atenci\u00f3n: con cita previa (excepto urgencias sociales)<\/strong><\/p>\n<h2>Ayuda a Domicilio y Teleasistencia<\/h2>\n<p>Servicios destinados a personas con dependencia para facilitar su autonom\u00eda en su entorno.<\/p>\n<p>\u2714 <strong>Ayuda a domicilio<\/strong> \u2013 Tramitaci\u00f3n presencial<br \/>\n\u2714 <strong>Comida a domicilio<\/strong> \u2013 Tramitaci\u00f3n presencial<br \/>\n\u2714 <strong>Teleasistencia<\/strong> \u2013 Tramitaci\u00f3n presencial<\/p>\n<h2>Inclusi\u00f3n Social<\/h2>\n<p>Apoyo a personas en riesgo de exclusi\u00f3n a trav\u00e9s de orientaci\u00f3n, mediaci\u00f3n y colaboraci\u00f3n con entidades del tercer sector.<\/p>\n<p>\u2714 <strong>Intervenciones individuales y grupales<\/strong><br \/>\n\u2714 <strong>Mediaci\u00f3n comunitaria<\/strong><\/p>\n<h2>Participaci\u00f3n Social y Voluntariado<\/h2>\n<p>Colaboramos con asociaciones locales, promoviendo el voluntariado y acciones solidarias en defensa de los Derechos Humanos.<\/p>\n<p style=\"text-align: center;\"><a href=\"https:\/\/www.caudete.org\/ayuntamiento\/wp-content\/uploads\/2025\/03\/PLAN_ESTRATEGICO_DE_SUBVENCIONES_MODIFICADO__-_SEFYCU_5165213.pdf\" class=\"mtli_attachment mtli_pdf\" target=\"_blank\" rel=\"noopener\"><strong>PLAN ESTRAT\u00c9GICO DE SUBVENCIONES DEL M.I. AYUNTAMIENTO <\/strong><\/a><\/p>\n<div id=\"metaslider-id-29743\" style=\"width: 100%; margin: 0 auto;\" class=\"ml-slider-3-108-0 metaslider metaslider-flex metaslider-29743 ml-slider ms-theme-default nav-hidden\" role=\"region\" aria-label=\"Serv.Sociales baner inferior EU\" data-height=\"507\" data-width=\"1100\">\n    <div id=\"metaslider_container_29743\">\n        <div id=\"metaslider_29743\">\n            <ul class='slides'>\n                <li style=\"display: block; width: 100%;\" class=\"slide-29744 ms-image \" aria-roledescription=\"slide\" data-date=\"2025-07-14 10:41:56\" data-filename=\"CUE_JCCM_2s-1100x507.png\" data-slide-type=\"image\"><img decoding=\"async\" src=\"https:\/\/www.caudete.org\/ayuntamiento\/wp-content\/uploads\/2025\/07\/CUE_JCCM_2s-1100x507.png\" height=\"507\" width=\"1100\" alt=\"\" class=\"slider-29743 slide-29744 msDefaultImage\" title=\"CUE_JCCM_2s\" \/><\/li>\n            <\/ul>\n        <\/div>\n        \n    <\/div>\n<\/div>\n","protected":false},"excerpt":{"rendered":"<p>Atenci\u00f3n Social y Psicoterap\u00e9utica Asesoramiento y acceso a recursos sociales, as\u00ed como apoyo psicoterap\u00e9utico para personas y familias con dificultades. \ud83d\udcc5 Cita previa: \ud83d\udd58 I.V.O. \u2013 Lunes a jueves, de 10:30 a 13:00 h \ud83d\udd58 Atenci\u00f3n Psicoterap\u00e9utica \u2013 Lunes a jueves, de 8:00 a 14:00 h Apoyo a la Familia y la Infancia Programa socioeducativo &hellip;<\/p>\n","protected":false},"author":1,"featured_media":0,"parent":0,"menu_order":0,"comment_status":"closed","ping_status":"closed","template":"","meta":{"ngg_post_thumbnail":0,"footnotes":""},"categories":[682],"tags":[],"class_list":["post-28374","page","type-page","status-publish","hentry","category-bienestar-social-2"],"yoast_head":"<!-- This site is optimized with the Yoast SEO plugin v27.5 - https:\/\/yoast.com\/product\/yoast-seo-wordpress\/ -->\n<title>Familia, Bienestar e Igualdad Social - Servicios Sociales - MI Ayuntamiento de Caudete<\/title>\n<meta name=\"description\" content=\"P\u00e1gina Oficial del Ayuntamiento de Caudete (Albacete)\" \/>\n<meta name=\"robots\" content=\"index, follow, max-snippet:-1, max-image-preview:large, max-video-preview:-1\" \/>\n<link rel=\"canonical\" href=\"https:\/\/www.caudete.org\/ayuntamiento\/familia-bienestar-e-igualdad-social-servicios-sociales\/\" \/>\n<meta property=\"og:locale\" content=\"es_ES\" \/>\n<meta property=\"og:type\" content=\"article\" \/>\n<meta property=\"og:title\" content=\"Familia, Bienestar e Igualdad Social - Servicios Sociales - MI Ayuntamiento de Caudete\" \/>\n<meta property=\"og:description\" content=\"P\u00e1gina Oficial del Ayuntamiento de Caudete (Albacete)\" \/>\n<meta property=\"og:url\" content=\"https:\/\/www.caudete.org\/ayuntamiento\/familia-bienestar-e-igualdad-social-servicios-sociales\/\" \/>\n<meta property=\"og:site_name\" content=\"MI Ayuntamiento de Caudete\" \/>\n<meta property=\"article:publisher\" content=\"https:\/\/www.facebook.com\/ayuntamientocaudete\/\" \/>\n<meta property=\"article:modified_time\" content=\"2025-07-14T08:48:14+00:00\" \/>\n<meta property=\"og:image\" content=\"https:\/\/www.caudete.org\/ayuntamiento\/wp-content\/uploads\/2025\/04\/dependencia-en-blanco-y-negro-y-ayuda-sicologica.jpeg\" \/>\n<meta name=\"twitter:card\" content=\"summary_large_image\" \/>\n<meta name=\"twitter:label1\" content=\"Tiempo de lectura\" \/>\n\t<meta name=\"twitter:data1\" content=\"2 minutos\" \/>\n<script type=\"application\/ld+json\" class=\"yoast-schema-graph\">{\"@context\":\"https:\\\/\\\/schema.org\",\"@graph\":[{\"@type\":\"WebPage\",\"@id\":\"https:\\\/\\\/www.caudete.org\\\/ayuntamiento\\\/familia-bienestar-e-igualdad-social-servicios-sociales\\\/\",\"url\":\"https:\\\/\\\/www.caudete.org\\\/ayuntamiento\\\/familia-bienestar-e-igualdad-social-servicios-sociales\\\/\",\"name\":\"Familia, Bienestar e Igualdad Social - Servicios Sociales - MI Ayuntamiento de Caudete\",\"isPartOf\":{\"@id\":\"https:\\\/\\\/www.caudete.org\\\/ayuntamiento\\\/#website\"},\"primaryImageOfPage\":{\"@id\":\"https:\\\/\\\/www.caudete.org\\\/ayuntamiento\\\/familia-bienestar-e-igualdad-social-servicios-sociales\\\/#primaryimage\"},\"image\":{\"@id\":\"https:\\\/\\\/www.caudete.org\\\/ayuntamiento\\\/familia-bienestar-e-igualdad-social-servicios-sociales\\\/#primaryimage\"},\"thumbnailUrl\":\"https:\\\/\\\/www.caudete.org\\\/ayuntamiento\\\/wp-content\\\/uploads\\\/2025\\\/04\\\/dependencia-en-blanco-y-negro-y-ayuda-sicologica.jpeg\",\"datePublished\":\"2025-04-23T17:25:27+00:00\",\"dateModified\":\"2025-07-14T08:48:14+00:00\",\"description\":\"P\u00e1gina Oficial del Ayuntamiento de Caudete (Albacete)\",\"breadcrumb\":{\"@id\":\"https:\\\/\\\/www.caudete.org\\\/ayuntamiento\\\/familia-bienestar-e-igualdad-social-servicios-sociales\\\/#breadcrumb\"},\"inLanguage\":\"es\",\"potentialAction\":[{\"@type\":\"ReadAction\",\"target\":[\"https:\\\/\\\/www.caudete.org\\\/ayuntamiento\\\/familia-bienestar-e-igualdad-social-servicios-sociales\\\/\"]}]},{\"@type\":\"ImageObject\",\"inLanguage\":\"es\",\"@id\":\"https:\\\/\\\/www.caudete.org\\\/ayuntamiento\\\/familia-bienestar-e-igualdad-social-servicios-sociales\\\/#primaryimage\",\"url\":\"https:\\\/\\\/www.caudete.org\\\/ayuntamiento\\\/wp-content\\\/uploads\\\/2025\\\/04\\\/dependencia-en-blanco-y-negro-y-ayuda-sicologica.jpeg\",\"contentUrl\":\"https:\\\/\\\/www.caudete.org\\\/ayuntamiento\\\/wp-content\\\/uploads\\\/2025\\\/04\\\/dependencia-en-blanco-y-negro-y-ayuda-sicologica.jpeg\",\"width\":1200,\"height\":518},{\"@type\":\"BreadcrumbList\",\"@id\":\"https:\\\/\\\/www.caudete.org\\\/ayuntamiento\\\/familia-bienestar-e-igualdad-social-servicios-sociales\\\/#breadcrumb\",\"itemListElement\":[{\"@type\":\"ListItem\",\"position\":1,\"name\":\"Inicio\",\"item\":\"https:\\\/\\\/www.caudete.org\\\/ayuntamiento\\\/\"},{\"@type\":\"ListItem\",\"position\":2,\"name\":\"Familia, Bienestar e Igualdad Social &#8211; Servicios Sociales\"}]},{\"@type\":\"WebSite\",\"@id\":\"https:\\\/\\\/www.caudete.org\\\/ayuntamiento\\\/#website\",\"url\":\"https:\\\/\\\/www.caudete.org\\\/ayuntamiento\\\/\",\"name\":\"MI Ayuntamiento de Caudete\",\"description\":\"P\u00e1gina Oficial del MI Ayuntamiento de Caudete\",\"potentialAction\":[{\"@type\":\"SearchAction\",\"target\":{\"@type\":\"EntryPoint\",\"urlTemplate\":\"https:\\\/\\\/www.caudete.org\\\/ayuntamiento\\\/?s={search_term_string}\"},\"query-input\":{\"@type\":\"PropertyValueSpecification\",\"valueRequired\":true,\"valueName\":\"search_term_string\"}}],\"inLanguage\":\"es\"}]}<\/script>\n<!-- \/ Yoast SEO plugin. -->","yoast_head_json":{"title":"Familia, Bienestar e Igualdad Social - Servicios Sociales - MI Ayuntamiento de Caudete","description":"P\u00e1gina Oficial del Ayuntamiento de Caudete (Albacete)","robots":{"index":"index","follow":"follow","max-snippet":"max-snippet:-1","max-image-preview":"max-image-preview:large","max-video-preview":"max-video-preview:-1"},"canonical":"https:\/\/www.caudete.org\/ayuntamiento\/familia-bienestar-e-igualdad-social-servicios-sociales\/","og_locale":"es_ES","og_type":"article","og_title":"Familia, Bienestar e Igualdad Social - Servicios Sociales - MI Ayuntamiento de Caudete","og_description":"P\u00e1gina Oficial del Ayuntamiento de Caudete (Albacete)","og_url":"https:\/\/www.caudete.org\/ayuntamiento\/familia-bienestar-e-igualdad-social-servicios-sociales\/","og_site_name":"MI Ayuntamiento de Caudete","article_publisher":"https:\/\/www.facebook.com\/ayuntamientocaudete\/","article_modified_time":"2025-07-14T08:48:14+00:00","og_image":[{"url":"https:\/\/www.caudete.org\/ayuntamiento\/wp-content\/uploads\/2025\/04\/dependencia-en-blanco-y-negro-y-ayuda-sicologica.jpeg","type":"","width":"","height":""}],"twitter_card":"summary_large_image","twitter_misc":{"Tiempo de lectura":"2 minutos"},"schema":{"@context":"https:\/\/schema.org","@graph":[{"@type":"WebPage","@id":"https:\/\/www.caudete.org\/ayuntamiento\/familia-bienestar-e-igualdad-social-servicios-sociales\/","url":"https:\/\/www.caudete.org\/ayuntamiento\/familia-bienestar-e-igualdad-social-servicios-sociales\/","name":"Familia, Bienestar e Igualdad Social - Servicios Sociales - MI Ayuntamiento de Caudete","isPartOf":{"@id":"https:\/\/www.caudete.org\/ayuntamiento\/#website"},"primaryImageOfPage":{"@id":"https:\/\/www.caudete.org\/ayuntamiento\/familia-bienestar-e-igualdad-social-servicios-sociales\/#primaryimage"},"image":{"@id":"https:\/\/www.caudete.org\/ayuntamiento\/familia-bienestar-e-igualdad-social-servicios-sociales\/#primaryimage"},"thumbnailUrl":"https:\/\/www.caudete.org\/ayuntamiento\/wp-content\/uploads\/2025\/04\/dependencia-en-blanco-y-negro-y-ayuda-sicologica.jpeg","datePublished":"2025-04-23T17:25:27+00:00","dateModified":"2025-07-14T08:48:14+00:00","description":"P\u00e1gina Oficial del Ayuntamiento de Caudete (Albacete)","breadcrumb":{"@id":"https:\/\/www.caudete.org\/ayuntamiento\/familia-bienestar-e-igualdad-social-servicios-sociales\/#breadcrumb"},"inLanguage":"es","potentialAction":[{"@type":"ReadAction","target":["https:\/\/www.caudete.org\/ayuntamiento\/familia-bienestar-e-igualdad-social-servicios-sociales\/"]}]},{"@type":"ImageObject","inLanguage":"es","@id":"https:\/\/www.caudete.org\/ayuntamiento\/familia-bienestar-e-igualdad-social-servicios-sociales\/#primaryimage","url":"https:\/\/www.caudete.org\/ayuntamiento\/wp-content\/uploads\/2025\/04\/dependencia-en-blanco-y-negro-y-ayuda-sicologica.jpeg","contentUrl":"https:\/\/www.caudete.org\/ayuntamiento\/wp-content\/uploads\/2025\/04\/dependencia-en-blanco-y-negro-y-ayuda-sicologica.jpeg","width":1200,"height":518},{"@type":"BreadcrumbList","@id":"https:\/\/www.caudete.org\/ayuntamiento\/familia-bienestar-e-igualdad-social-servicios-sociales\/#breadcrumb","itemListElement":[{"@type":"ListItem","position":1,"name":"Inicio","item":"https:\/\/www.caudete.org\/ayuntamiento\/"},{"@type":"ListItem","position":2,"name":"Familia, Bienestar e Igualdad Social &#8211; Servicios Sociales"}]},{"@type":"WebSite","@id":"https:\/\/www.caudete.org\/ayuntamiento\/#website","url":"https:\/\/www.caudete.org\/ayuntamiento\/","name":"MI Ayuntamiento de Caudete","description":"P\u00e1gina Oficial del MI Ayuntamiento de Caudete","potentialAction":[{"@type":"SearchAction","target":{"@type":"EntryPoint","urlTemplate":"https:\/\/www.caudete.org\/ayuntamiento\/?s={search_term_string}"},"query-input":{"@type":"PropertyValueSpecification","valueRequired":true,"valueName":"search_term_string"}}],"inLanguage":"es"}]}},"_links":{"self":[{"href":"https:\/\/www.caudete.org\/ayuntamiento\/wp-json\/wp\/v2\/pages\/28374","targetHints":{"allow":["GET"]}}],"collection":[{"href":"https:\/\/www.caudete.org\/ayuntamiento\/wp-json\/wp\/v2\/pages"}],"about":[{"href":"https:\/\/www.caudete.org\/ayuntamiento\/wp-json\/wp\/v2\/types\/page"}],"author":[{"embeddable":true,"href":"https:\/\/www.caudete.org\/ayuntamiento\/wp-json\/wp\/v2\/users\/1"}],"replies":[{"embeddable":true,"href":"https:\/\/www.caudete.org\/ayuntamiento\/wp-json\/wp\/v2\/comments?post=28374"}],"version-history":[{"count":13,"href":"https:\/\/www.caudete.org\/ayuntamiento\/wp-json\/wp\/v2\/pages\/28374\/revisions"}],"predecessor-version":[{"id":29745,"href":"https:\/\/www.caudete.org\/ayuntamiento\/wp-json\/wp\/v2\/pages\/28374\/revisions\/29745"}],"wp:attachment":[{"href":"https:\/\/www.caudete.org\/ayuntamiento\/wp-json\/wp\/v2\/media?parent=28374"}],"wp:term":[{"taxonomy":"category","embeddable":true,"href":"https:\/\/www.caudete.org\/ayuntamiento\/wp-json\/wp\/v2\/categories?post=28374"},{"taxonomy":"post_tag","embeddable":true,"href":"https:\/\/www.caudete.org\/ayuntamiento\/wp-json\/wp\/v2\/tags?post=28374"}],"curies":[{"name":"wp","href":"https:\/\/api.w.org\/{rel}","templated":true}]}}