{"id":29626,"date":"2025-07-09T09:10:39","date_gmt":"2025-07-09T07:10:39","guid":{"rendered":"https:\/\/www.caudete.org\/ayuntamiento\/?page_id=29626"},"modified":"2025-07-11T08:56:03","modified_gmt":"2025-07-11T06:56:03","slug":"saludo-del-alcalde","status":"publish","type":"page","link":"https:\/\/www.caudete.org\/ayuntamiento\/saludo-del-alcalde\/","title":{"rendered":"Saludo del Alcalde"},"content":{"rendered":"<p><img fetchpriority=\"high\" decoding=\"async\" class=\"wp-image-29673 alignleft\" src=\"https:\/\/www.caudete.org\/ayuntamiento\/wp-content\/uploads\/2025\/07\/Foto_saluda_jose_miguel-alcalde-1.png\" alt=\"\" width=\"221\" height=\"234\" srcset=\"https:\/\/www.caudete.org\/ayuntamiento\/wp-content\/uploads\/2025\/07\/Foto_saluda_jose_miguel-alcalde-1.png 436w, https:\/\/www.caudete.org\/ayuntamiento\/wp-content\/uploads\/2025\/07\/Foto_saluda_jose_miguel-alcalde-1-208x220.png 208w\" sizes=\"(max-width: 221px) 100vw, 221px\" \/><\/p>\n<p class=\"western\" style=\"text-align: justify;\"><span style=\"color: #000000;\"><span style=\"font-family: Arial, sans-serif;\"><span style=\"font-size: medium;\">Es un verdadero honor dirigirme a todos vosotros como alcalde de nuestra querida localidad. Caudete es un pueblo con una rica historia, una cultura que preservamos con orgullo. Me siento profundamente agradecido por la confianza que los caudetanos hab\u00e9is depositado en mi equipo y en m\u00ed para dirigir el municipio en los pr\u00f3ximos a\u00f1os. A aquellos que no nos votasteis, tambi\u00e9n os debo mi respeto y dedicaci\u00f3n, pues nuestro compromiso es trabajar para todos, sin distinciones.<\/p>\n<p><\/span><\/span><\/span><\/p>\n<p class=\"western\" style=\"text-align: justify;\"><span style=\"color: #000000;\"><span style=\"font-family: Arial, sans-serif;\"><span style=\"font-size: medium;\">Mi misi\u00f3n como alcalde es clara: gestionar bien vuestro dinero, para mejorar la calidad de vida de todos los vecinos de Caudete y garantizar un futuro pr\u00f3spero para nuestra localidad. Esta es una responsabilidad que asumo con total convencimiento y con la firme intenci\u00f3n de que todos los caudetanos pod\u00e1is sentiros orgullosos de nuestro pueblo.<\/span><\/span><\/span><\/p>\n<p class=\"western\" style=\"text-align: justify;\"><span style=\"color: #000000;\"><span style=\"font-family: Arial, sans-serif;\"><span style=\"font-size: medium;\">Durante este mandato, nos enfrentamos a grandes retos, pero tambi\u00e9n a muchas oportunidades. Entre nuestros principales objetivos se encuentra la finalizaci\u00f3n de la obra del mercado y la rehabilitaci\u00f3n de la fachada de la Casa de Cultura. Tambi\u00e9n nos hemos comprometido a comprar un pozo de agua nuevo y a renovar y modernizar la red de agua potable para garantizar el suministro de agua de calidad, una de las necesidades m\u00e1s urgentes para nuestra comunidad.<\/span><\/span><\/span><\/p>\n<p class=\"western\" style=\"text-align: justify;\"><span style=\"color: #000000;\"><span style=\"font-family: Arial, sans-serif;\"><span style=\"font-size: medium;\">Adem\u00e1s, trabajaremos para atraer nuevas empresas a Caudete. Sabemos que la creaci\u00f3n de nuevas oportunidades laborales es clave para el bienestar de nuestros j\u00f3venes y nuestras familias, y por ello pondremos en marcha un plan de captaci\u00f3n empresarial que impulse nuestra econom\u00eda local.<\/span><\/span><\/span><\/p>\n<p class=\"western\" style=\"text-align: justify;\"><span style=\"color: #000000;\"><span style=\"font-family: Arial, sans-serif;\"><span style=\"font-size: medium;\">Queremos aliviar la carga fiscal de nuestros vecinos, pero sin poner en riesgo los servicios p\u00fablicos que son esenciales para todos.<\/span><\/span><\/span><\/p>\n<p class=\"western\" style=\"text-align: justify;\"><span style=\"color: #000000;\"><span style=\"font-family: Arial, sans-serif;\"><span style=\"font-size: medium;\">Adem\u00e1s de estos proyectos, seguiremos apoyando la actividad social y cultural que tanto caracteriza a nuestro municipio. <\/span><\/span><\/span><\/p>\n<p class=\"western\" style=\"text-align: justify;\"><span style=\"color: #000000;\"><span style=\"font-family: Arial, sans-serif;\"><span style=\"font-size: medium;\">Este trabajo solo ser\u00e1 posible si seguimos trabajando juntos, en colaboraci\u00f3n con todos los grupos pol\u00edticos representados en el Consistorio, especialmente con nuestros socios del Partido Popular y con el apoyo de los trabajadores municipales, que son la base sobre la que se construye el buen funcionamiento de nuestro Ayuntamiento. Tengo plena confianza en ellos, y juntos lograremos avanzar en los proyectos que m\u00e1s importan para Caudete.<\/span><\/span><\/span><\/p>\n<p class=\"western\" style=\"text-align: justify;\"><span style=\"color: #000000;\"><span style=\"font-family: Arial, sans-serif;\"><span style=\"font-size: medium;\">Os invito a ser part\u00edcipes de este proceso de transformaci\u00f3n. Pod\u00e9is contar con mi dedicaci\u00f3n, esfuerzo y transparencia para construir un futuro mejor para nuestras familias, para nuestros j\u00f3venes y para todos los que eligen Caudete como su hogar.<\/span><\/span><\/span><\/p>\n<p class=\"western\" style=\"text-align: justify;\"><span style=\"color: #000000;\"><span style=\"font-family: Arial, sans-serif;\"><span style=\"font-size: medium;\">Gracias por vuestro apoyo continuo y por ser una parte activa de nuestra comunidad. Juntos, podemos hacer de Caud<\/span><\/span><\/span><span style=\"font-family: Arial, sans-serif;\"><span style=\"font-size: medium;\">ete un lugar a\u00fan mejor para vivir, trabajar y prosperar.<\/span><\/span><\/p>\n<p class=\"western\" style=\"text-align: center;\"><strong>Jos\u00e9 Miguel Moll\u00e1 Nieto<\/strong><br \/>\n<strong>Alcalde de Caudete<\/strong><\/p>\n","protected":false},"excerpt":{"rendered":"<p>Es un verdadero honor dirigirme a todos vosotros como alcalde de nuestra querida localidad. Caudete es un pueblo con una rica historia, una cultura que preservamos con orgullo. Me siento profundamente agradecido por la confianza que los caudetanos hab\u00e9is depositado en mi equipo y en m\u00ed para dirigir el municipio en los pr\u00f3ximos a\u00f1os. A &hellip;<\/p>\n","protected":false},"author":6,"featured_media":0,"parent":0,"menu_order":0,"comment_status":"closed","ping_status":"closed","template":"","meta":{"ngg_post_thumbnail":0,"footnotes":""},"categories":[],"tags":[],"class_list":["post-29626","page","type-page","status-publish","hentry"],"yoast_head":"<!-- This site is optimized with the Yoast SEO plugin v27.5 - https:\/\/yoast.com\/product\/yoast-seo-wordpress\/ -->\n<title>Saludo del Alcalde - MI Ayuntamiento de Caudete<\/title>\n<meta name=\"description\" content=\"P\u00e1gina Oficial del Ayuntamiento de Caudete (Albacete)\" \/>\n<meta name=\"robots\" content=\"index, follow, max-snippet:-1, max-image-preview:large, max-video-preview:-1\" \/>\n<link rel=\"canonical\" href=\"https:\/\/www.caudete.org\/ayuntamiento\/saludo-del-alcalde\/\" \/>\n<meta property=\"og:locale\" content=\"es_ES\" \/>\n<meta property=\"og:type\" content=\"article\" \/>\n<meta property=\"og:title\" content=\"Saludo del Alcalde - MI Ayuntamiento de Caudete\" \/>\n<meta property=\"og:description\" content=\"P\u00e1gina Oficial del Ayuntamiento de Caudete (Albacete)\" \/>\n<meta property=\"og:url\" content=\"https:\/\/www.caudete.org\/ayuntamiento\/saludo-del-alcalde\/\" \/>\n<meta property=\"og:site_name\" content=\"MI Ayuntamiento de Caudete\" \/>\n<meta property=\"article:publisher\" content=\"https:\/\/www.facebook.com\/ayuntamientocaudete\/\" \/>\n<meta property=\"article:modified_time\" content=\"2025-07-11T06:56:03+00:00\" \/>\n<meta property=\"og:image\" content=\"https:\/\/www.caudete.org\/ayuntamiento\/wp-content\/uploads\/2025\/07\/Foto_saluda_jose_miguel-alcalde-1.png\" \/>\n\t<meta property=\"og:image:width\" content=\"436\" \/>\n\t<meta property=\"og:image:height\" content=\"461\" \/>\n\t<meta property=\"og:image:type\" content=\"image\/png\" \/>\n<meta name=\"twitter:card\" content=\"summary_large_image\" \/>\n<meta name=\"twitter:label1\" content=\"Tiempo de lectura\" \/>\n\t<meta name=\"twitter:data1\" content=\"3 minutos\" \/>\n<script type=\"application\/ld+json\" class=\"yoast-schema-graph\">{\"@context\":\"https:\\\/\\\/schema.org\",\"@graph\":[{\"@type\":\"WebPage\",\"@id\":\"https:\\\/\\\/www.caudete.org\\\/ayuntamiento\\\/saludo-del-alcalde\\\/\",\"url\":\"https:\\\/\\\/www.caudete.org\\\/ayuntamiento\\\/saludo-del-alcalde\\\/\",\"name\":\"Saludo del Alcalde - MI Ayuntamiento de Caudete\",\"isPartOf\":{\"@id\":\"https:\\\/\\\/www.caudete.org\\\/ayuntamiento\\\/#website\"},\"primaryImageOfPage\":{\"@id\":\"https:\\\/\\\/www.caudete.org\\\/ayuntamiento\\\/saludo-del-alcalde\\\/#primaryimage\"},\"image\":{\"@id\":\"https:\\\/\\\/www.caudete.org\\\/ayuntamiento\\\/saludo-del-alcalde\\\/#primaryimage\"},\"thumbnailUrl\":\"https:\\\/\\\/www.caudete.org\\\/ayuntamiento\\\/wp-content\\\/uploads\\\/2025\\\/07\\\/Foto_saluda_jose_miguel-alcalde-1.png\",\"datePublished\":\"2025-07-09T07:10:39+00:00\",\"dateModified\":\"2025-07-11T06:56:03+00:00\",\"description\":\"P\u00e1gina Oficial del Ayuntamiento de Caudete (Albacete)\",\"breadcrumb\":{\"@id\":\"https:\\\/\\\/www.caudete.org\\\/ayuntamiento\\\/saludo-del-alcalde\\\/#breadcrumb\"},\"inLanguage\":\"es\",\"potentialAction\":[{\"@type\":\"ReadAction\",\"target\":[\"https:\\\/\\\/www.caudete.org\\\/ayuntamiento\\\/saludo-del-alcalde\\\/\"]}]},{\"@type\":\"ImageObject\",\"inLanguage\":\"es\",\"@id\":\"https:\\\/\\\/www.caudete.org\\\/ayuntamiento\\\/saludo-del-alcalde\\\/#primaryimage\",\"url\":\"https:\\\/\\\/www.caudete.org\\\/ayuntamiento\\\/wp-content\\\/uploads\\\/2025\\\/07\\\/Foto_saluda_jose_miguel-alcalde-1.png\",\"contentUrl\":\"https:\\\/\\\/www.caudete.org\\\/ayuntamiento\\\/wp-content\\\/uploads\\\/2025\\\/07\\\/Foto_saluda_jose_miguel-alcalde-1.png\",\"width\":436,\"height\":461},{\"@type\":\"BreadcrumbList\",\"@id\":\"https:\\\/\\\/www.caudete.org\\\/ayuntamiento\\\/saludo-del-alcalde\\\/#breadcrumb\",\"itemListElement\":[{\"@type\":\"ListItem\",\"position\":1,\"name\":\"Inicio\",\"item\":\"https:\\\/\\\/www.caudete.org\\\/ayuntamiento\\\/\"},{\"@type\":\"ListItem\",\"position\":2,\"name\":\"Saludo del Alcalde\"}]},{\"@type\":\"WebSite\",\"@id\":\"https:\\\/\\\/www.caudete.org\\\/ayuntamiento\\\/#website\",\"url\":\"https:\\\/\\\/www.caudete.org\\\/ayuntamiento\\\/\",\"name\":\"MI Ayuntamiento de Caudete\",\"description\":\"P\u00e1gina Oficial del MI Ayuntamiento de Caudete\",\"potentialAction\":[{\"@type\":\"SearchAction\",\"target\":{\"@type\":\"EntryPoint\",\"urlTemplate\":\"https:\\\/\\\/www.caudete.org\\\/ayuntamiento\\\/?s={search_term_string}\"},\"query-input\":{\"@type\":\"PropertyValueSpecification\",\"valueRequired\":true,\"valueName\":\"search_term_string\"}}],\"inLanguage\":\"es\"}]}<\/script>\n<!-- \/ Yoast SEO plugin. -->","yoast_head_json":{"title":"Saludo del Alcalde - MI Ayuntamiento de Caudete","description":"P\u00e1gina Oficial del Ayuntamiento de Caudete (Albacete)","robots":{"index":"index","follow":"follow","max-snippet":"max-snippet:-1","max-image-preview":"max-image-preview:large","max-video-preview":"max-video-preview:-1"},"canonical":"https:\/\/www.caudete.org\/ayuntamiento\/saludo-del-alcalde\/","og_locale":"es_ES","og_type":"article","og_title":"Saludo del Alcalde - MI Ayuntamiento de Caudete","og_description":"P\u00e1gina Oficial del Ayuntamiento de Caudete (Albacete)","og_url":"https:\/\/www.caudete.org\/ayuntamiento\/saludo-del-alcalde\/","og_site_name":"MI Ayuntamiento de Caudete","article_publisher":"https:\/\/www.facebook.com\/ayuntamientocaudete\/","article_modified_time":"2025-07-11T06:56:03+00:00","og_image":[{"width":436,"height":461,"url":"https:\/\/www.caudete.org\/ayuntamiento\/wp-content\/uploads\/2025\/07\/Foto_saluda_jose_miguel-alcalde-1.png","type":"image\/png"}],"twitter_card":"summary_large_image","twitter_misc":{"Tiempo de lectura":"3 minutos"},"schema":{"@context":"https:\/\/schema.org","@graph":[{"@type":"WebPage","@id":"https:\/\/www.caudete.org\/ayuntamiento\/saludo-del-alcalde\/","url":"https:\/\/www.caudete.org\/ayuntamiento\/saludo-del-alcalde\/","name":"Saludo del Alcalde - MI Ayuntamiento de Caudete","isPartOf":{"@id":"https:\/\/www.caudete.org\/ayuntamiento\/#website"},"primaryImageOfPage":{"@id":"https:\/\/www.caudete.org\/ayuntamiento\/saludo-del-alcalde\/#primaryimage"},"image":{"@id":"https:\/\/www.caudete.org\/ayuntamiento\/saludo-del-alcalde\/#primaryimage"},"thumbnailUrl":"https:\/\/www.caudete.org\/ayuntamiento\/wp-content\/uploads\/2025\/07\/Foto_saluda_jose_miguel-alcalde-1.png","datePublished":"2025-07-09T07:10:39+00:00","dateModified":"2025-07-11T06:56:03+00:00","description":"P\u00e1gina Oficial del Ayuntamiento de Caudete (Albacete)","breadcrumb":{"@id":"https:\/\/www.caudete.org\/ayuntamiento\/saludo-del-alcalde\/#breadcrumb"},"inLanguage":"es","potentialAction":[{"@type":"ReadAction","target":["https:\/\/www.caudete.org\/ayuntamiento\/saludo-del-alcalde\/"]}]},{"@type":"ImageObject","inLanguage":"es","@id":"https:\/\/www.caudete.org\/ayuntamiento\/saludo-del-alcalde\/#primaryimage","url":"https:\/\/www.caudete.org\/ayuntamiento\/wp-content\/uploads\/2025\/07\/Foto_saluda_jose_miguel-alcalde-1.png","contentUrl":"https:\/\/www.caudete.org\/ayuntamiento\/wp-content\/uploads\/2025\/07\/Foto_saluda_jose_miguel-alcalde-1.png","width":436,"height":461},{"@type":"BreadcrumbList","@id":"https:\/\/www.caudete.org\/ayuntamiento\/saludo-del-alcalde\/#breadcrumb","itemListElement":[{"@type":"ListItem","position":1,"name":"Inicio","item":"https:\/\/www.caudete.org\/ayuntamiento\/"},{"@type":"ListItem","position":2,"name":"Saludo del Alcalde"}]},{"@type":"WebSite","@id":"https:\/\/www.caudete.org\/ayuntamiento\/#website","url":"https:\/\/www.caudete.org\/ayuntamiento\/","name":"MI Ayuntamiento de Caudete","description":"P\u00e1gina Oficial del MI Ayuntamiento de Caudete","potentialAction":[{"@type":"SearchAction","target":{"@type":"EntryPoint","urlTemplate":"https:\/\/www.caudete.org\/ayuntamiento\/?s={search_term_string}"},"query-input":{"@type":"PropertyValueSpecification","valueRequired":true,"valueName":"search_term_string"}}],"inLanguage":"es"}]}},"_links":{"self":[{"href":"https:\/\/www.caudete.org\/ayuntamiento\/wp-json\/wp\/v2\/pages\/29626","targetHints":{"allow":["GET"]}}],"collection":[{"href":"https:\/\/www.caudete.org\/ayuntamiento\/wp-json\/wp\/v2\/pages"}],"about":[{"href":"https:\/\/www.caudete.org\/ayuntamiento\/wp-json\/wp\/v2\/types\/page"}],"author":[{"embeddable":true,"href":"https:\/\/www.caudete.org\/ayuntamiento\/wp-json\/wp\/v2\/users\/6"}],"replies":[{"embeddable":true,"href":"https:\/\/www.caudete.org\/ayuntamiento\/wp-json\/wp\/v2\/comments?post=29626"}],"version-history":[{"count":15,"href":"https:\/\/www.caudete.org\/ayuntamiento\/wp-json\/wp\/v2\/pages\/29626\/revisions"}],"predecessor-version":[{"id":29669,"href":"https:\/\/www.caudete.org\/ayuntamiento\/wp-json\/wp\/v2\/pages\/29626\/revisions\/29669"}],"wp:attachment":[{"href":"https:\/\/www.caudete.org\/ayuntamiento\/wp-json\/wp\/v2\/media?parent=29626"}],"wp:term":[{"taxonomy":"category","embeddable":true,"href":"https:\/\/www.caudete.org\/ayuntamiento\/wp-json\/wp\/v2\/categories?post=29626"},{"taxonomy":"post_tag","embeddable":true,"href":"https:\/\/www.caudete.org\/ayuntamiento\/wp-json\/wp\/v2\/tags?post=29626"}],"curies":[{"name":"wp","href":"https:\/\/api.w.org\/{rel}","templated":true}]}}