{"id":5153,"date":"2020-03-12T14:10:13","date_gmt":"2020-03-12T14:10:13","guid":{"rendered":"http:\/\/capethemes.com\/demo\/cityofwp\/?page_id=5153"},"modified":"2026-01-23T15:01:53","modified_gmt":"2026-01-23T14:01:53","slug":"inicio","status":"publish","type":"page","link":"https:\/\/www.caudete.org\/ayuntamiento\/","title":{"rendered":"&#8211; Inicio"},"content":{"rendered":"\t\t<div data-elementor-type=\"wp-page\" data-elementor-id=\"5153\" class=\"elementor elementor-5153\" data-elementor-post-type=\"page\">\n\t\t\t\t\t\t<section class=\"elementor-section elementor-top-section elementor-element elementor-element-2457a4f elementor-section-boxed elementor-section-height-default elementor-section-height-default\" data-id=\"2457a4f\" data-element_type=\"section\" data-e-type=\"section\">\n\t\t\t\t\t\t<div class=\"elementor-container elementor-column-gap-default\">\n\t\t\t\t\t<div class=\"elementor-column elementor-col-100 elementor-top-column elementor-element elementor-element-15b4df2\" data-id=\"15b4df2\" data-element_type=\"column\" data-e-type=\"column\">\n\t\t\t<div class=\"elementor-widget-wrap elementor-element-populated\">\n\t\t\t\t\t\t<div class=\"elementor-element elementor-element-57a2a21 elementor-widget elementor-widget-spacer\" data-id=\"57a2a21\" data-element_type=\"widget\" data-e-type=\"widget\" data-widget_type=\"spacer.default\">\n\t\t\t\t<div class=\"elementor-widget-container\">\n\t\t\t\t\t\t\t<div class=\"elementor-spacer\">\n\t\t\t<div class=\"elementor-spacer-inner\"><\/div>\n\t\t<\/div>\n\t\t\t\t\t\t<\/div>\n\t\t\t\t<\/div>\n\t\t\t\t<div class=\"elementor-element elementor-element-2036742 elementor-widget elementor-widget-wp-widget-metaslider_widget\" data-id=\"2036742\" data-element_type=\"widget\" data-e-type=\"widget\" data-settings=\"{&quot;motion_fx_motion_fx_scrolling&quot;:&quot;yes&quot;,&quot;motion_fx_devices&quot;:[&quot;desktop&quot;,&quot;tablet&quot;,&quot;mobile&quot;]}\" data-widget_type=\"wp-widget-metaslider_widget.default\">\n\t\t\t\t<div class=\"elementor-widget-container\">\n\t\t\t\t\t<div id=\"metaslider-id-15055\" style=\"width: 100%; margin: 0 auto;\" class=\"ml-slider-3-108-0 metaslider metaslider-flex metaslider-15055 ml-slider ms-theme-default nav-hidden\" role=\"region\" aria-label=\"Portada\" data-height=\"393\" data-width=\"1920\">\n    <div id=\"metaslider_container_15055\">\n        <div id=\"metaslider_15055\">\n            <ul class='slides'>\n                <li style=\"display: block; width: 100%;\" class=\"slide-15057 ms-image \" aria-roledescription=\"slide\" data-date=\"2021-06-18 17:53:59\" data-filename=\"abril-1920x393.jpg\" data-slide-type=\"image\"><img fetchpriority=\"high\" decoding=\"async\" src=\"https:\/\/www.caudete.org\/ayuntamiento\/wp-content\/uploads\/2021\/06\/abril-1920x393.jpg\" height=\"393\" width=\"1920\" alt=\"\" class=\"slider-15055 slide-15057 msDefaultImage\" title=\"abril\" \/><\/li>\n            <\/ul>\n        <\/div>\n        \n    <\/div>\n<\/div>\t\t\t\t<\/div>\n\t\t\t\t<\/div>\n\t\t\t\t<div class=\"elementor-element elementor-element-674c46e elementor-widget elementor-widget-slider_revolution\" data-id=\"674c46e\" data-element_type=\"widget\" data-e-type=\"widget\" data-widget_type=\"slider_revolution.default\">\n\t\t\t\t<div class=\"elementor-widget-container\">\n\t\t\t\t\t\n\t\t<div class=\"wp-block-themepunch-revslider\">\n\t\t\t<!-- START Portada Ayuntamiento 2026 REVOLUTION SLIDER 6.7.40 --><p class=\"rs-p-wp-fix\"><\/p>\n\t\t\t<rs-module-wrap id=\"rev_slider_19_1_wrapper\" data-source=\"post\" style=\"visibility:hidden;background:transparent;padding:0;margin:0px auto;margin-top:0;margin-bottom:0;\">\n\t\t\t\t<rs-module id=\"rev_slider_19_1\" style=\"\" data-version=\"6.7.40\">\n\t\t\t\t\t<rs-slides style=\"overflow: hidden; position: absolute;\">\n\t\t\t\t\t\t<rs-slide style=\"position: absolute;\" data-key=\"rs-33882\" data-title=\"Convocada la V Edici\u00f3n del Premio de Investigaci\u00f3n \u201cFrancisco Jos\u00e9 Dom\u00e9nech Mira\u201d\" data-thumb=\"\/\/www.caudete.org\/ayuntamiento\/wp-content\/uploads\/2026\/04\/Francisco-Jose-Domenech-Mira_premio-port-160x160.webp\" data-anim=\"p:transparent;\" data-in=\"o:0;\" data-out=\"o:0;\">\n\t\t\t\t\t\t\t<img decoding=\"async\" src=\"\/\/www.caudete.org\/ayuntamiento\/wp-content\/plugins\/revslider\/sr6\/assets\/assets\/dummy.png\" alt=\"\" title=\"Francisco Jos\u00e9 Dom\u00e9nech Mira_premio-port\" width=\"680\" height=\"380\" class=\"rev-slidebg tp-rs-img rs-lazyload\" data-lazyload=\"\/\/www.caudete.org\/ayuntamiento\/wp-content\/uploads\/2026\/04\/Francisco-Jose-Domenech-Mira_premio-port.webp\" data-parallax=\"5\" data-no-retina>\n<!--\n\t\t\t\t\t\t\t--><rs-group\n\t\t\t\t\t\t\t\tid=\"slider-19-slide-33882-layer-0\" \n\t\t\t\t\t\t\t\tdata-type=\"group\"\n\t\t\t\t\t\t\t\tdata-rsp_ch=\"on\"\n\t\t\t\t\t\t\t\tdata-xy=\"x:r;xo:30px,25px,18px,11px;yo:30px,25px,18px,11px;\"\n\t\t\t\t\t\t\t\tdata-text=\"w:normal;s:20,17,12,7;l:0,21,15,9;\"\n\t\t\t\t\t\t\t\tdata-dim=\"w:430px,430px,350px,250px;h:540px,540px,540px,420px;\"\n\t\t\t\t\t\t\t\tdata-frame_0=\"o:1;\"\n\t\t\t\t\t\t\t\tdata-frame_999=\"o:0;st:w;sA:9000;\"\n\t\t\t\t\t\t\t\tstyle=\"z-index:6;\"\n\t\t\t\t\t\t\t><!--\n\t\t\t\t\t\t\t\t--><rs-layer\n\t\t\t\t\t\t\t\t\tid=\"slider-19-slide-33882-layer-3\" \n\t\t\t\t\t\t\t\t\tclass=\"PostSlider-Category\"\n\t\t\t\t\t\t\t\t\tdata-type=\"text\"\n\t\t\t\t\t\t\t\t\tdata-color=\"rgba(0,0,0,1)\"\n\t\t\t\t\t\t\t\t\tdata-rsp_ch=\"on\"\n\t\t\t\t\t\t\t\t\tdata-xy=\"x:r;xo:60px,60px,60px,40px;yo:60px,60px,60px,40px;\"\n\t\t\t\t\t\t\t\t\tdata-pos=\"r\"\n\t\t\t\t\t\t\t\t\tdata-text=\"s:15,15,13,13;l:15,15,13,13;ls:3px;fw:300;\"\n\t\t\t\t\t\t\t\t\tdata-dim=\"w:100%;\"\n\t\t\t\t\t\t\t\t\tdata-basealign=\"group\"\n\t\t\t\t\t\t\t\t\tdata-padding=\"t:20;r:30,30,30,20;b:20;l:30,30,30,20;\"\n\t\t\t\t\t\t\t\t\tdata-frame_0=\"y:20px;\"\n\t\t\t\t\t\t\t\t\tdata-frame_1=\"e:power3.out;st:600;sp:500;\"\n\t\t\t\t\t\t\t\t\tdata-frame_999=\"st:w;sp:1000;auto:true;\"\n\t\t\t\t\t\t\t\t\tstyle=\"z-index:10;font-family:'Roboto';\"\n\t\t\t\t\t\t\t\t>Educaci\u00f3n y Cultura \n\t\t\t\t\t\t\t\t<\/rs-layer><!--\n\n\t\t\t\t\t\t\t\t--><rs-layer\n\t\t\t\t\t\t\t\t\tid=\"slider-19-slide-33882-layer-2\" \n\t\t\t\t\t\t\t\t\tclass=\"PostSlider-Title\"\n\t\t\t\t\t\t\t\t\tdata-type=\"text\"\n\t\t\t\t\t\t\t\t\tdata-color=\"rgba(0,0,0,1)\"\n\t\t\t\t\t\t\t\t\tdata-rsp_ch=\"on\"\n\t\t\t\t\t\t\t\t\tdata-xy=\"x:r;xo:60px,60px,60px,40px;yo:102px,102px,92px,68px;\"\n\t\t\t\t\t\t\t\t\tdata-pos=\"r\"\n\t\t\t\t\t\t\t\t\tdata-text=\"w:normal;s:40,40,30,20;l:40,40,30,20;\"\n\t\t\t\t\t\t\t\t\tdata-dim=\"w:100%;\"\n\t\t\t\t\t\t\t\t\tdata-basealign=\"group\"\n\t\t\t\t\t\t\t\t\tdata-padding=\"r:30,30,30,20;l:30,30,30,20;\"\n\t\t\t\t\t\t\t\t\tdata-frame_0=\"y:20px;\"\n\t\t\t\t\t\t\t\t\tdata-frame_1=\"e:power3.out;st:700;sp:500;\"\n\t\t\t\t\t\t\t\t\tdata-frame_999=\"st:w;sp:1000;auto:true;\"\n\t\t\t\t\t\t\t\t\tstyle=\"z-index:9;font-family:'Playfair Display';\"\n\t\t\t\t\t\t\t\t>Convocada la V Edici\u00f3n del Premio de Investigaci\u00f3n \u201cFrancisco Jos\u00e9 Dom\u00e9nech Mira\u201d \n\t\t\t\t\t\t\t\t<\/rs-layer><!--\n\n\t\t\t\t\t\t\t\t--><rs-layer\n\t\t\t\t\t\t\t\t\tid=\"slider-19-slide-33882-layer-4\" \n\t\t\t\t\t\t\t\t\tclass=\"PostSlider-Content\"\n\t\t\t\t\t\t\t\t\tdata-type=\"text\"\n\t\t\t\t\t\t\t\t\tdata-color=\"rgba(119,119,119,1)\"\n\t\t\t\t\t\t\t\t\tdata-rsp_ch=\"on\"\n\t\t\t\t\t\t\t\t\tdata-xy=\"x:r;xo:60px,60px,60px,40px;yo:265px,265px,215px,154px;\"\n\t\t\t\t\t\t\t\t\tdata-pos=\"r\"\n\t\t\t\t\t\t\t\t\tdata-text=\"w:normal;s:15,15,14,13;l:23,23,21,20;\"\n\t\t\t\t\t\t\t\t\tdata-dim=\"w:100%;\"\n\t\t\t\t\t\t\t\t\tdata-basealign=\"group\"\n\t\t\t\t\t\t\t\t\tdata-margin=\"t:30;\"\n\t\t\t\t\t\t\t\t\tdata-padding=\"r:30,30,30,20;l:30,30,30,20;\"\n\t\t\t\t\t\t\t\t\tdata-frame_0=\"y:20px;\"\n\t\t\t\t\t\t\t\t\tdata-frame_1=\"e:power3.out;st:800;sp:500;\"\n\t\t\t\t\t\t\t\t\tdata-frame_999=\"st:w;sp:1000;auto:true;\"\n\t\t\t\t\t\t\t\t\tstyle=\"z-index:8;font-family:'Roboto';\"\n\t\t\t\t\t\t\t\t>La Concejal de Educaci\u00f3n y Cultura, Manuela Gonz\u00e1lez, anuncia la publicaci\u00f3n de las Bases y apertura de la Convocatoria de la V Edici\u00f3n del Premio de Investigaci\u00f3n \u201cFrancisco Jos\u00e9 Domenech Mira\u201d para el presente ejercicio 2026.\r\nEl Premio busca profundizar en \n\t\t\t\t\t\t\t\t<\/rs-layer><!--\n\n\t\t\t\t\t\t\t\t--><a\n\t\t\t\t\t\t\t\t\tid=\"slider-19-slide-33882-layer-5\" \n\t\t\t\t\t\t\t\t\tclass=\"rs-layer PostSlider-Button rev-btn\"\n\t\t\t\t\t\t\t\t\thref=\"https:\/\/www.caudete.org\/ayuntamiento\/convocada-la-v-edicion-del-premio-de-investigacion-francisco-jose-domenech-mira-caudete\/\" target=\"_self\"\n\t\t\t\t\t\t\t\t\tdata-type=\"button\"\n\t\t\t\t\t\t\t\t\tdata-color=\"rgba(0,0,0,1)\"\n\t\t\t\t\t\t\t\t\tdata-rsp_ch=\"on\"\n\t\t\t\t\t\t\t\t\tdata-xy=\"xo:770px,593px,428px,230px;yo:496px,496px,496px,366px;\"\n\t\t\t\t\t\t\t\t\tdata-pos=\"r\"\n\t\t\t\t\t\t\t\t\tdata-text=\"s:15;l:40;fw:500;\"\n\t\t\t\t\t\t\t\t\tdata-basealign=\"group\"\n\t\t\t\t\t\t\t\t\tdata-disp=\"inline-block\"\n\t\t\t\t\t\t\t\t\tdata-margin=\"t:30;l:30,30,30,20;\"\n\t\t\t\t\t\t\t\t\tdata-padding=\"t:1;r:55,55,35,25;b:1;l:23;\"\n\t\t\t\t\t\t\t\t\tdata-border=\"bos:solid;boc:rgba(0,0,0,1);bow:1px,1px,1px,1px;\"\n\t\t\t\t\t\t\t\t\tdata-frame_0=\"y:10px;\"\n\t\t\t\t\t\t\t\t\tdata-frame_1=\"e:power3.out;st:900;sp:500;\"\n\t\t\t\t\t\t\t\t\tdata-frame_999=\"y:10px;o:0;st:w;sp:1000;\"\n\t\t\t\t\t\t\t\t\tdata-frame_hover=\"c:#000;bgc:#eee;boc:#000;bor:0px,0px,0px,0px;bos:solid;bow:1px,1px,1px,1px;oX:50;oY:50;sp:200;e:power1.inOut;\"\n\t\t\t\t\t\t\t\t\tstyle=\"z-index:7;background-color:rgba(255,255,255,1);font-family:'Roboto';cursor:pointer;display:inline-block;outline:none;box-shadow:none;box-sizing:border-box;-moz-box-sizing:border-box;-webkit-box-sizing:border-box;\"\n\t\t\t\t\t\t\t\t><i class=\"pe-7s-comment\" style=\"font-size:25px; vertical-align: bottom;margin-right:10px;\"><\/i> Continuar leyendo \n\t\t\t\t\t\t\t\t<\/a><!--\n\n\t\t\t\t\t\t\t\t--><rs-layer\n\t\t\t\t\t\t\t\t\tid=\"slider-19-slide-33882-layer-1\" \n\t\t\t\t\t\t\t\t\tclass=\"tp-shape tp-shapewrapper\"\n\t\t\t\t\t\t\t\t\tdata-type=\"shape\"\n\t\t\t\t\t\t\t\t\tdata-rsp_ch=\"on\"\n\t\t\t\t\t\t\t\t\tdata-xy=\"\"\n\t\t\t\t\t\t\t\t\tdata-pos=\"a\"\n\t\t\t\t\t\t\t\t\tdata-text=\"fw:100;\"\n\t\t\t\t\t\t\t\t\tdata-dim=\"w:430px,430px,350px,250px;h:540px,540px,540px,100%;\"\n\t\t\t\t\t\t\t\t\tdata-basealign=\"group\"\n\t\t\t\t\t\t\t\t\tdata-frame_0=\"sX:0.9;sY:0.9;\"\n\t\t\t\t\t\t\t\t\tdata-frame_1=\"e:power4.out;st:500;sp:1400;\"\n\t\t\t\t\t\t\t\t\tdata-frame_999=\"st:w;sp:1000;auto:true;\"\n\t\t\t\t\t\t\t\t\tstyle=\"z-index:6;background-color:rgba(255,255,255,1);\"\n\t\t\t\t\t\t\t\t> \n\t\t\t\t\t\t\t\t<\/rs-layer><!--\n\t\t\t\t\t\t\t--><\/rs-group><!--\n-->\t\t\t\t\t<\/rs-slide>\n\t\t\t\t\t\t<rs-slide style=\"position: absolute;\" data-key=\"rs-33875\" data-title=\"Caudete recupera la tradici\u00f3n de \u201cLa Aurora\u201d por medio de la escuela de m\u00fasica\" data-thumb=\"\/\/www.caudete.org\/ayuntamiento\/wp-content\/uploads\/2026\/04\/LA-AURORA-2026-port-160x160.jpg\" data-anim=\"p:transparent;\" data-in=\"o:0;\" data-out=\"o:0;\">\n\t\t\t\t\t\t\t<img decoding=\"async\" src=\"\/\/www.caudete.org\/ayuntamiento\/wp-content\/plugins\/revslider\/sr6\/assets\/assets\/dummy.png\" alt=\"\" title=\"LA-AURORA-2026-port\" width=\"864\" height=\"380\" class=\"rev-slidebg tp-rs-img rs-lazyload\" data-lazyload=\"\/\/www.caudete.org\/ayuntamiento\/wp-content\/uploads\/2026\/04\/LA-AURORA-2026-port.jpg\" data-parallax=\"5\" data-no-retina>\n<!--\n\t\t\t\t\t\t\t--><rs-group\n\t\t\t\t\t\t\t\tid=\"slider-19-slide-33875-layer-0\" \n\t\t\t\t\t\t\t\tdata-type=\"group\"\n\t\t\t\t\t\t\t\tdata-rsp_ch=\"on\"\n\t\t\t\t\t\t\t\tdata-xy=\"x:r;xo:30px,25px,18px,11px;yo:30px,25px,18px,11px;\"\n\t\t\t\t\t\t\t\tdata-text=\"w:normal;s:20,17,12,7;l:0,21,15,9;\"\n\t\t\t\t\t\t\t\tdata-dim=\"w:430px,430px,350px,250px;h:540px,540px,540px,420px;\"\n\t\t\t\t\t\t\t\tdata-frame_0=\"o:1;\"\n\t\t\t\t\t\t\t\tdata-frame_999=\"o:0;st:w;sA:9000;\"\n\t\t\t\t\t\t\t\tstyle=\"z-index:6;\"\n\t\t\t\t\t\t\t><!--\n\t\t\t\t\t\t\t\t--><rs-layer\n\t\t\t\t\t\t\t\t\tid=\"slider-19-slide-33875-layer-3\" \n\t\t\t\t\t\t\t\t\tclass=\"PostSlider-Category\"\n\t\t\t\t\t\t\t\t\tdata-type=\"text\"\n\t\t\t\t\t\t\t\t\tdata-color=\"rgba(0,0,0,1)\"\n\t\t\t\t\t\t\t\t\tdata-rsp_ch=\"on\"\n\t\t\t\t\t\t\t\t\tdata-xy=\"x:r;xo:60px,60px,60px,40px;yo:60px,60px,60px,40px;\"\n\t\t\t\t\t\t\t\t\tdata-pos=\"r\"\n\t\t\t\t\t\t\t\t\tdata-text=\"s:15,15,13,13;l:15,15,13,13;ls:3px;fw:300;\"\n\t\t\t\t\t\t\t\t\tdata-dim=\"w:100%;\"\n\t\t\t\t\t\t\t\t\tdata-basealign=\"group\"\n\t\t\t\t\t\t\t\t\tdata-padding=\"t:20;r:30,30,30,20;b:20;l:30,30,30,20;\"\n\t\t\t\t\t\t\t\t\tdata-frame_0=\"y:20px;\"\n\t\t\t\t\t\t\t\t\tdata-frame_1=\"e:power3.out;st:600;sp:500;\"\n\t\t\t\t\t\t\t\t\tdata-frame_999=\"st:w;sp:1000;auto:true;\"\n\t\t\t\t\t\t\t\t\tstyle=\"z-index:10;font-family:'Roboto';\"\n\t\t\t\t\t\t\t\t>M\u00fasica \n\t\t\t\t\t\t\t\t<\/rs-layer><!--\n\n\t\t\t\t\t\t\t\t--><rs-layer\n\t\t\t\t\t\t\t\t\tid=\"slider-19-slide-33875-layer-2\" \n\t\t\t\t\t\t\t\t\tclass=\"PostSlider-Title\"\n\t\t\t\t\t\t\t\t\tdata-type=\"text\"\n\t\t\t\t\t\t\t\t\tdata-color=\"rgba(0,0,0,1)\"\n\t\t\t\t\t\t\t\t\tdata-rsp_ch=\"on\"\n\t\t\t\t\t\t\t\t\tdata-xy=\"x:r;xo:60px,60px,60px,40px;yo:102px,102px,92px,68px;\"\n\t\t\t\t\t\t\t\t\tdata-pos=\"r\"\n\t\t\t\t\t\t\t\t\tdata-text=\"w:normal;s:40,40,30,20;l:40,40,30,20;\"\n\t\t\t\t\t\t\t\t\tdata-dim=\"w:100%;\"\n\t\t\t\t\t\t\t\t\tdata-basealign=\"group\"\n\t\t\t\t\t\t\t\t\tdata-padding=\"r:30,30,30,20;l:30,30,30,20;\"\n\t\t\t\t\t\t\t\t\tdata-frame_0=\"y:20px;\"\n\t\t\t\t\t\t\t\t\tdata-frame_1=\"e:power3.out;st:700;sp:500;\"\n\t\t\t\t\t\t\t\t\tdata-frame_999=\"st:w;sp:1000;auto:true;\"\n\t\t\t\t\t\t\t\t\tstyle=\"z-index:9;font-family:'Playfair Display';\"\n\t\t\t\t\t\t\t\t>Caudete recupera la tradici\u00f3n de \u201cLa Aurora\u201d por medio de la escuela de m\u00fasica \n\t\t\t\t\t\t\t\t<\/rs-layer><!--\n\n\t\t\t\t\t\t\t\t--><rs-layer\n\t\t\t\t\t\t\t\t\tid=\"slider-19-slide-33875-layer-4\" \n\t\t\t\t\t\t\t\t\tclass=\"PostSlider-Content\"\n\t\t\t\t\t\t\t\t\tdata-type=\"text\"\n\t\t\t\t\t\t\t\t\tdata-color=\"rgba(119,119,119,1)\"\n\t\t\t\t\t\t\t\t\tdata-rsp_ch=\"on\"\n\t\t\t\t\t\t\t\t\tdata-xy=\"x:r;xo:60px,60px,60px,40px;yo:265px,265px,215px,154px;\"\n\t\t\t\t\t\t\t\t\tdata-pos=\"r\"\n\t\t\t\t\t\t\t\t\tdata-text=\"w:normal;s:15,15,14,13;l:23,23,21,20;\"\n\t\t\t\t\t\t\t\t\tdata-dim=\"w:100%;\"\n\t\t\t\t\t\t\t\t\tdata-basealign=\"group\"\n\t\t\t\t\t\t\t\t\tdata-margin=\"t:30;\"\n\t\t\t\t\t\t\t\t\tdata-padding=\"r:30,30,30,20;l:30,30,30,20;\"\n\t\t\t\t\t\t\t\t\tdata-frame_0=\"y:20px;\"\n\t\t\t\t\t\t\t\t\tdata-frame_1=\"e:power3.out;st:800;sp:500;\"\n\t\t\t\t\t\t\t\t\tdata-frame_999=\"st:w;sp:1000;auto:true;\"\n\t\t\t\t\t\t\t\t\tstyle=\"z-index:8;font-family:'Roboto';\"\n\t\t\t\t\t\t\t\t>La Concejal\u00eda de M\u00fasica y la Escuela Municipal de M\u00fasica y Danza retoman esta emblem\u00e1tica actividad tras varios a\u00f1os sin celebrarse, garantizando as\u00ed la continuidad de una tradici\u00f3n con siglos de historia.\r\nTras varios a\u00f1os de ausencia debido a la pandemia \n\t\t\t\t\t\t\t\t<\/rs-layer><!--\n\n\t\t\t\t\t\t\t\t--><a\n\t\t\t\t\t\t\t\t\tid=\"slider-19-slide-33875-layer-5\" \n\t\t\t\t\t\t\t\t\tclass=\"rs-layer PostSlider-Button rev-btn\"\n\t\t\t\t\t\t\t\t\thref=\"https:\/\/www.caudete.org\/ayuntamiento\/caudete-recupera-la-tradicion-de-la-aurora-por-medio-de-la-escuela-de-musica\/\" target=\"_self\"\n\t\t\t\t\t\t\t\t\tdata-type=\"button\"\n\t\t\t\t\t\t\t\t\tdata-color=\"rgba(0,0,0,1)\"\n\t\t\t\t\t\t\t\t\tdata-rsp_ch=\"on\"\n\t\t\t\t\t\t\t\t\tdata-xy=\"xo:770px,593px,428px,230px;yo:496px,496px,496px,366px;\"\n\t\t\t\t\t\t\t\t\tdata-pos=\"r\"\n\t\t\t\t\t\t\t\t\tdata-text=\"s:15;l:40;fw:500;\"\n\t\t\t\t\t\t\t\t\tdata-basealign=\"group\"\n\t\t\t\t\t\t\t\t\tdata-disp=\"inline-block\"\n\t\t\t\t\t\t\t\t\tdata-margin=\"t:30;l:30,30,30,20;\"\n\t\t\t\t\t\t\t\t\tdata-padding=\"t:1;r:55,55,35,25;b:1;l:23;\"\n\t\t\t\t\t\t\t\t\tdata-border=\"bos:solid;boc:rgba(0,0,0,1);bow:1px,1px,1px,1px;\"\n\t\t\t\t\t\t\t\t\tdata-frame_0=\"y:10px;\"\n\t\t\t\t\t\t\t\t\tdata-frame_1=\"e:power3.out;st:900;sp:500;\"\n\t\t\t\t\t\t\t\t\tdata-frame_999=\"y:10px;o:0;st:w;sp:1000;\"\n\t\t\t\t\t\t\t\t\tdata-frame_hover=\"c:#000;bgc:#eee;boc:#000;bor:0px,0px,0px,0px;bos:solid;bow:1px,1px,1px,1px;oX:50;oY:50;sp:200;e:power1.inOut;\"\n\t\t\t\t\t\t\t\t\tstyle=\"z-index:7;background-color:rgba(255,255,255,1);font-family:'Roboto';cursor:pointer;display:inline-block;outline:none;box-shadow:none;box-sizing:border-box;-moz-box-sizing:border-box;-webkit-box-sizing:border-box;\"\n\t\t\t\t\t\t\t\t><i class=\"pe-7s-comment\" style=\"font-size:25px; vertical-align: bottom;margin-right:10px;\"><\/i> Continuar leyendo \n\t\t\t\t\t\t\t\t<\/a><!--\n\n\t\t\t\t\t\t\t\t--><rs-layer\n\t\t\t\t\t\t\t\t\tid=\"slider-19-slide-33875-layer-1\" \n\t\t\t\t\t\t\t\t\tclass=\"tp-shape tp-shapewrapper\"\n\t\t\t\t\t\t\t\t\tdata-type=\"shape\"\n\t\t\t\t\t\t\t\t\tdata-rsp_ch=\"on\"\n\t\t\t\t\t\t\t\t\tdata-xy=\"\"\n\t\t\t\t\t\t\t\t\tdata-pos=\"a\"\n\t\t\t\t\t\t\t\t\tdata-text=\"fw:100;\"\n\t\t\t\t\t\t\t\t\tdata-dim=\"w:430px,430px,350px,250px;h:540px,540px,540px,100%;\"\n\t\t\t\t\t\t\t\t\tdata-basealign=\"group\"\n\t\t\t\t\t\t\t\t\tdata-frame_0=\"sX:0.9;sY:0.9;\"\n\t\t\t\t\t\t\t\t\tdata-frame_1=\"e:power4.out;st:500;sp:1400;\"\n\t\t\t\t\t\t\t\t\tdata-frame_999=\"st:w;sp:1000;auto:true;\"\n\t\t\t\t\t\t\t\t\tstyle=\"z-index:6;background-color:rgba(255,255,255,1);\"\n\t\t\t\t\t\t\t\t> \n\t\t\t\t\t\t\t\t<\/rs-layer><!--\n\t\t\t\t\t\t\t--><\/rs-group><!--\n-->\t\t\t\t\t<\/rs-slide>\n\t\t\t\t\t\t<rs-slide style=\"position: absolute;\" data-key=\"rs-33868\" data-title=\"El esplendor del oro y la tradici\u00f3n g\u00f3tica regresan a Caudete de la mano del Dr. Xavier Ferragud\" data-thumb=\"\/\/www.caudete.org\/ayuntamiento\/wp-content\/uploads\/2026\/04\/Oro-y-Policromia-port-160x160.webp\" data-anim=\"p:transparent;\" data-in=\"o:0;\" data-out=\"o:0;\">\n\t\t\t\t\t\t\t<img loading=\"lazy\" decoding=\"async\" src=\"\/\/www.caudete.org\/ayuntamiento\/wp-content\/plugins\/revslider\/sr6\/assets\/assets\/dummy.png\" alt=\"\" title=\"Oro y Policromia-port\" width=\"680\" height=\"380\" class=\"rev-slidebg tp-rs-img rs-lazyload\" data-lazyload=\"\/\/www.caudete.org\/ayuntamiento\/wp-content\/uploads\/2026\/04\/Oro-y-Policromia-port.webp\" data-parallax=\"5\" data-no-retina>\n<!--\n\t\t\t\t\t\t\t--><rs-group\n\t\t\t\t\t\t\t\tid=\"slider-19-slide-33868-layer-0\" \n\t\t\t\t\t\t\t\tdata-type=\"group\"\n\t\t\t\t\t\t\t\tdata-rsp_ch=\"on\"\n\t\t\t\t\t\t\t\tdata-xy=\"x:r;xo:30px,25px,18px,11px;yo:30px,25px,18px,11px;\"\n\t\t\t\t\t\t\t\tdata-text=\"w:normal;s:20,17,12,7;l:0,21,15,9;\"\n\t\t\t\t\t\t\t\tdata-dim=\"w:430px,430px,350px,250px;h:540px,540px,540px,420px;\"\n\t\t\t\t\t\t\t\tdata-frame_0=\"o:1;\"\n\t\t\t\t\t\t\t\tdata-frame_999=\"o:0;st:w;sA:9000;\"\n\t\t\t\t\t\t\t\tstyle=\"z-index:6;\"\n\t\t\t\t\t\t\t><!--\n\t\t\t\t\t\t\t\t--><rs-layer\n\t\t\t\t\t\t\t\t\tid=\"slider-19-slide-33868-layer-3\" \n\t\t\t\t\t\t\t\t\tclass=\"PostSlider-Category\"\n\t\t\t\t\t\t\t\t\tdata-type=\"text\"\n\t\t\t\t\t\t\t\t\tdata-color=\"rgba(0,0,0,1)\"\n\t\t\t\t\t\t\t\t\tdata-rsp_ch=\"on\"\n\t\t\t\t\t\t\t\t\tdata-xy=\"x:r;xo:60px,60px,60px,40px;yo:60px,60px,60px,40px;\"\n\t\t\t\t\t\t\t\t\tdata-pos=\"r\"\n\t\t\t\t\t\t\t\t\tdata-text=\"s:15,15,13,13;l:15,15,13,13;ls:3px;fw:300;\"\n\t\t\t\t\t\t\t\t\tdata-dim=\"w:100%;\"\n\t\t\t\t\t\t\t\t\tdata-basealign=\"group\"\n\t\t\t\t\t\t\t\t\tdata-padding=\"t:20;r:30,30,30,20;b:20;l:30,30,30,20;\"\n\t\t\t\t\t\t\t\t\tdata-frame_0=\"y:20px;\"\n\t\t\t\t\t\t\t\t\tdata-frame_1=\"e:power3.out;st:600;sp:500;\"\n\t\t\t\t\t\t\t\t\tdata-frame_999=\"st:w;sp:1000;auto:true;\"\n\t\t\t\t\t\t\t\t\tstyle=\"z-index:10;font-family:'Roboto';\"\n\t\t\t\t\t\t\t\t>Cultura \n\t\t\t\t\t\t\t\t<\/rs-layer><!--\n\n\t\t\t\t\t\t\t\t--><rs-layer\n\t\t\t\t\t\t\t\t\tid=\"slider-19-slide-33868-layer-2\" \n\t\t\t\t\t\t\t\t\tclass=\"PostSlider-Title\"\n\t\t\t\t\t\t\t\t\tdata-type=\"text\"\n\t\t\t\t\t\t\t\t\tdata-color=\"rgba(0,0,0,1)\"\n\t\t\t\t\t\t\t\t\tdata-rsp_ch=\"on\"\n\t\t\t\t\t\t\t\t\tdata-xy=\"x:r;xo:60px,60px,60px,40px;yo:102px,102px,92px,68px;\"\n\t\t\t\t\t\t\t\t\tdata-pos=\"r\"\n\t\t\t\t\t\t\t\t\tdata-text=\"w:normal;s:40,40,30,20;l:40,40,30,20;\"\n\t\t\t\t\t\t\t\t\tdata-dim=\"w:100%;\"\n\t\t\t\t\t\t\t\t\tdata-basealign=\"group\"\n\t\t\t\t\t\t\t\t\tdata-padding=\"r:30,30,30,20;l:30,30,30,20;\"\n\t\t\t\t\t\t\t\t\tdata-frame_0=\"y:20px;\"\n\t\t\t\t\t\t\t\t\tdata-frame_1=\"e:power3.out;st:700;sp:500;\"\n\t\t\t\t\t\t\t\t\tdata-frame_999=\"st:w;sp:1000;auto:true;\"\n\t\t\t\t\t\t\t\t\tstyle=\"z-index:9;font-family:'Playfair Display';\"\n\t\t\t\t\t\t\t\t>El esplendor del oro y la tradici\u00f3n g\u00f3tica regresan a Caudete de la mano del Dr. Xavier Ferragud \n\t\t\t\t\t\t\t\t<\/rs-layer><!--\n\n\t\t\t\t\t\t\t\t--><rs-layer\n\t\t\t\t\t\t\t\t\tid=\"slider-19-slide-33868-layer-4\" \n\t\t\t\t\t\t\t\t\tclass=\"PostSlider-Content\"\n\t\t\t\t\t\t\t\t\tdata-type=\"text\"\n\t\t\t\t\t\t\t\t\tdata-color=\"rgba(119,119,119,1)\"\n\t\t\t\t\t\t\t\t\tdata-rsp_ch=\"on\"\n\t\t\t\t\t\t\t\t\tdata-xy=\"x:r;xo:60px,60px,60px,40px;yo:265px,265px,215px,154px;\"\n\t\t\t\t\t\t\t\t\tdata-pos=\"r\"\n\t\t\t\t\t\t\t\t\tdata-text=\"w:normal;s:15,15,14,13;l:23,23,21,20;\"\n\t\t\t\t\t\t\t\t\tdata-dim=\"w:100%;\"\n\t\t\t\t\t\t\t\t\tdata-basealign=\"group\"\n\t\t\t\t\t\t\t\t\tdata-margin=\"t:30;\"\n\t\t\t\t\t\t\t\t\tdata-padding=\"r:30,30,30,20;l:30,30,30,20;\"\n\t\t\t\t\t\t\t\t\tdata-frame_0=\"y:20px;\"\n\t\t\t\t\t\t\t\t\tdata-frame_1=\"e:power3.out;st:800;sp:500;\"\n\t\t\t\t\t\t\t\t\tdata-frame_999=\"st:w;sp:1000;auto:true;\"\n\t\t\t\t\t\t\t\t\tstyle=\"z-index:8;font-family:'Roboto';\"\n\t\t\t\t\t\t\t\t>La Concejal\u00eda de Cultura, se complace en anunciar la inauguraci\u00f3n de la exposici\u00f3n \u201cOro y policrom\u00eda. Reproducci\u00f3n de la tabla de la Virgen del Rosario de Caudete\u201d, una ambiciosa propuesta del artista y doctor en Conservaci\u00f3n y Restauraci\u00f3n, Xavier Ferragud. \n\t\t\t\t\t\t\t\t<\/rs-layer><!--\n\n\t\t\t\t\t\t\t\t--><a\n\t\t\t\t\t\t\t\t\tid=\"slider-19-slide-33868-layer-5\" \n\t\t\t\t\t\t\t\t\tclass=\"rs-layer PostSlider-Button rev-btn\"\n\t\t\t\t\t\t\t\t\thref=\"https:\/\/www.caudete.org\/ayuntamiento\/el-esplendor-del-oro-y-la-tradicion-gotica-regresan-a-caudete-de-la-mano-del-dr-xavier-ferragud\/\" target=\"_self\"\n\t\t\t\t\t\t\t\t\tdata-type=\"button\"\n\t\t\t\t\t\t\t\t\tdata-color=\"rgba(0,0,0,1)\"\n\t\t\t\t\t\t\t\t\tdata-rsp_ch=\"on\"\n\t\t\t\t\t\t\t\t\tdata-xy=\"xo:770px,593px,428px,230px;yo:496px,496px,496px,366px;\"\n\t\t\t\t\t\t\t\t\tdata-pos=\"r\"\n\t\t\t\t\t\t\t\t\tdata-text=\"s:15;l:40;fw:500;\"\n\t\t\t\t\t\t\t\t\tdata-basealign=\"group\"\n\t\t\t\t\t\t\t\t\tdata-disp=\"inline-block\"\n\t\t\t\t\t\t\t\t\tdata-margin=\"t:30;l:30,30,30,20;\"\n\t\t\t\t\t\t\t\t\tdata-padding=\"t:1;r:55,55,35,25;b:1;l:23;\"\n\t\t\t\t\t\t\t\t\tdata-border=\"bos:solid;boc:rgba(0,0,0,1);bow:1px,1px,1px,1px;\"\n\t\t\t\t\t\t\t\t\tdata-frame_0=\"y:10px;\"\n\t\t\t\t\t\t\t\t\tdata-frame_1=\"e:power3.out;st:900;sp:500;\"\n\t\t\t\t\t\t\t\t\tdata-frame_999=\"y:10px;o:0;st:w;sp:1000;\"\n\t\t\t\t\t\t\t\t\tdata-frame_hover=\"c:#000;bgc:#eee;boc:#000;bor:0px,0px,0px,0px;bos:solid;bow:1px,1px,1px,1px;oX:50;oY:50;sp:200;e:power1.inOut;\"\n\t\t\t\t\t\t\t\t\tstyle=\"z-index:7;background-color:rgba(255,255,255,1);font-family:'Roboto';cursor:pointer;display:inline-block;outline:none;box-shadow:none;box-sizing:border-box;-moz-box-sizing:border-box;-webkit-box-sizing:border-box;\"\n\t\t\t\t\t\t\t\t><i class=\"pe-7s-comment\" style=\"font-size:25px; vertical-align: bottom;margin-right:10px;\"><\/i> Continuar leyendo \n\t\t\t\t\t\t\t\t<\/a><!--\n\n\t\t\t\t\t\t\t\t--><rs-layer\n\t\t\t\t\t\t\t\t\tid=\"slider-19-slide-33868-layer-1\" \n\t\t\t\t\t\t\t\t\tclass=\"tp-shape tp-shapewrapper\"\n\t\t\t\t\t\t\t\t\tdata-type=\"shape\"\n\t\t\t\t\t\t\t\t\tdata-rsp_ch=\"on\"\n\t\t\t\t\t\t\t\t\tdata-xy=\"\"\n\t\t\t\t\t\t\t\t\tdata-pos=\"a\"\n\t\t\t\t\t\t\t\t\tdata-text=\"fw:100;\"\n\t\t\t\t\t\t\t\t\tdata-dim=\"w:430px,430px,350px,250px;h:540px,540px,540px,100%;\"\n\t\t\t\t\t\t\t\t\tdata-basealign=\"group\"\n\t\t\t\t\t\t\t\t\tdata-frame_0=\"sX:0.9;sY:0.9;\"\n\t\t\t\t\t\t\t\t\tdata-frame_1=\"e:power4.out;st:500;sp:1400;\"\n\t\t\t\t\t\t\t\t\tdata-frame_999=\"st:w;sp:1000;auto:true;\"\n\t\t\t\t\t\t\t\t\tstyle=\"z-index:6;background-color:rgba(255,255,255,1);\"\n\t\t\t\t\t\t\t\t> \n\t\t\t\t\t\t\t\t<\/rs-layer><!--\n\t\t\t\t\t\t\t--><\/rs-group><!--\n-->\t\t\t\t\t<\/rs-slide>\n\t\t\t\t\t\t<rs-slide style=\"position: absolute;\" data-key=\"rs-33857\" data-title=\"Abierto el plazo para participar en la V Edici\u00f3n del Premio Conde San Carlos\" data-thumb=\"\/\/www.caudete.org\/ayuntamiento\/wp-content\/uploads\/2024\/04\/premio-conde-san-carlos-caudete-digital-160x160.jpg\" data-anim=\"p:transparent;\" data-in=\"o:0;\" data-out=\"o:0;\">\n\t\t\t\t\t\t\t<img loading=\"lazy\" decoding=\"async\" src=\"\/\/www.caudete.org\/ayuntamiento\/wp-content\/plugins\/revslider\/sr6\/assets\/assets\/dummy.png\" alt=\"\" title=\"premio-conde-san-carlos-caudete-digital\" width=\"1024\" height=\"560\" class=\"rev-slidebg tp-rs-img rs-lazyload\" data-lazyload=\"\/\/www.caudete.org\/ayuntamiento\/wp-content\/uploads\/2024\/04\/premio-conde-san-carlos-caudete-digital.jpg\" data-parallax=\"5\" data-no-retina>\n<!--\n\t\t\t\t\t\t\t--><rs-group\n\t\t\t\t\t\t\t\tid=\"slider-19-slide-33857-layer-0\" \n\t\t\t\t\t\t\t\tdata-type=\"group\"\n\t\t\t\t\t\t\t\tdata-rsp_ch=\"on\"\n\t\t\t\t\t\t\t\tdata-xy=\"x:r;xo:30px,25px,18px,11px;yo:30px,25px,18px,11px;\"\n\t\t\t\t\t\t\t\tdata-text=\"w:normal;s:20,17,12,7;l:0,21,15,9;\"\n\t\t\t\t\t\t\t\tdata-dim=\"w:430px,430px,350px,250px;h:540px,540px,540px,420px;\"\n\t\t\t\t\t\t\t\tdata-frame_0=\"o:1;\"\n\t\t\t\t\t\t\t\tdata-frame_999=\"o:0;st:w;sA:9000;\"\n\t\t\t\t\t\t\t\tstyle=\"z-index:6;\"\n\t\t\t\t\t\t\t><!--\n\t\t\t\t\t\t\t\t--><rs-layer\n\t\t\t\t\t\t\t\t\tid=\"slider-19-slide-33857-layer-3\" \n\t\t\t\t\t\t\t\t\tclass=\"PostSlider-Category\"\n\t\t\t\t\t\t\t\t\tdata-type=\"text\"\n\t\t\t\t\t\t\t\t\tdata-color=\"rgba(0,0,0,1)\"\n\t\t\t\t\t\t\t\t\tdata-rsp_ch=\"on\"\n\t\t\t\t\t\t\t\t\tdata-xy=\"x:r;xo:60px,60px,60px,40px;yo:60px,60px,60px,40px;\"\n\t\t\t\t\t\t\t\t\tdata-pos=\"r\"\n\t\t\t\t\t\t\t\t\tdata-text=\"s:15,15,13,13;l:15,15,13,13;ls:3px;fw:300;\"\n\t\t\t\t\t\t\t\t\tdata-dim=\"w:100%;\"\n\t\t\t\t\t\t\t\t\tdata-basealign=\"group\"\n\t\t\t\t\t\t\t\t\tdata-padding=\"t:20;r:30,30,30,20;b:20;l:30,30,30,20;\"\n\t\t\t\t\t\t\t\t\tdata-frame_0=\"y:20px;\"\n\t\t\t\t\t\t\t\t\tdata-frame_1=\"e:power3.out;st:600;sp:500;\"\n\t\t\t\t\t\t\t\t\tdata-frame_999=\"st:w;sp:1000;auto:true;\"\n\t\t\t\t\t\t\t\t\tstyle=\"z-index:10;font-family:'Roboto';\"\n\t\t\t\t\t\t\t\t>Educaci\u00f3n y Cultura \n\t\t\t\t\t\t\t\t<\/rs-layer><!--\n\n\t\t\t\t\t\t\t\t--><rs-layer\n\t\t\t\t\t\t\t\t\tid=\"slider-19-slide-33857-layer-2\" \n\t\t\t\t\t\t\t\t\tclass=\"PostSlider-Title\"\n\t\t\t\t\t\t\t\t\tdata-type=\"text\"\n\t\t\t\t\t\t\t\t\tdata-color=\"rgba(0,0,0,1)\"\n\t\t\t\t\t\t\t\t\tdata-rsp_ch=\"on\"\n\t\t\t\t\t\t\t\t\tdata-xy=\"x:r;xo:60px,60px,60px,40px;yo:102px,102px,92px,68px;\"\n\t\t\t\t\t\t\t\t\tdata-pos=\"r\"\n\t\t\t\t\t\t\t\t\tdata-text=\"w:normal;s:40,40,30,20;l:40,40,30,20;\"\n\t\t\t\t\t\t\t\t\tdata-dim=\"w:100%;\"\n\t\t\t\t\t\t\t\t\tdata-basealign=\"group\"\n\t\t\t\t\t\t\t\t\tdata-padding=\"r:30,30,30,20;l:30,30,30,20;\"\n\t\t\t\t\t\t\t\t\tdata-frame_0=\"y:20px;\"\n\t\t\t\t\t\t\t\t\tdata-frame_1=\"e:power3.out;st:700;sp:500;\"\n\t\t\t\t\t\t\t\t\tdata-frame_999=\"st:w;sp:1000;auto:true;\"\n\t\t\t\t\t\t\t\t\tstyle=\"z-index:9;font-family:'Playfair Display';\"\n\t\t\t\t\t\t\t\t>Abierto el plazo para participar en la V Edici\u00f3n del Premio Conde San Carlos \n\t\t\t\t\t\t\t\t<\/rs-layer><!--\n\n\t\t\t\t\t\t\t\t--><rs-layer\n\t\t\t\t\t\t\t\t\tid=\"slider-19-slide-33857-layer-4\" \n\t\t\t\t\t\t\t\t\tclass=\"PostSlider-Content\"\n\t\t\t\t\t\t\t\t\tdata-type=\"text\"\n\t\t\t\t\t\t\t\t\tdata-color=\"rgba(119,119,119,1)\"\n\t\t\t\t\t\t\t\t\tdata-rsp_ch=\"on\"\n\t\t\t\t\t\t\t\t\tdata-xy=\"x:r;xo:60px,60px,60px,40px;yo:265px,265px,215px,154px;\"\n\t\t\t\t\t\t\t\t\tdata-pos=\"r\"\n\t\t\t\t\t\t\t\t\tdata-text=\"w:normal;s:15,15,14,13;l:23,23,21,20;\"\n\t\t\t\t\t\t\t\t\tdata-dim=\"w:100%;\"\n\t\t\t\t\t\t\t\t\tdata-basealign=\"group\"\n\t\t\t\t\t\t\t\t\tdata-margin=\"t:30;\"\n\t\t\t\t\t\t\t\t\tdata-padding=\"r:30,30,30,20;l:30,30,30,20;\"\n\t\t\t\t\t\t\t\t\tdata-frame_0=\"y:20px;\"\n\t\t\t\t\t\t\t\t\tdata-frame_1=\"e:power3.out;st:800;sp:500;\"\n\t\t\t\t\t\t\t\t\tdata-frame_999=\"st:w;sp:1000;auto:true;\"\n\t\t\t\t\t\t\t\t\tstyle=\"z-index:8;font-family:'Roboto';\"\n\t\t\t\t\t\t\t\t>Manuela Gonzalez, Concejal de Cultura y Educaci\u00f3n ha informado de la publicaci\u00f3n de las Bases y Convocatoria de la V Edici\u00f3n del Premio Conde San Carlos.\r\nUnos galardones que consiguen afianzarse en el tiempo, y entre los caudetanos, que busca mostrar \n\t\t\t\t\t\t\t\t<\/rs-layer><!--\n\n\t\t\t\t\t\t\t\t--><a\n\t\t\t\t\t\t\t\t\tid=\"slider-19-slide-33857-layer-5\" \n\t\t\t\t\t\t\t\t\tclass=\"rs-layer PostSlider-Button rev-btn\"\n\t\t\t\t\t\t\t\t\thref=\"https:\/\/www.caudete.org\/ayuntamiento\/abierto-el-plazo-para-participar-en-la-v-edicion-del-premio-conde-san-carlos\/\" target=\"_self\"\n\t\t\t\t\t\t\t\t\tdata-type=\"button\"\n\t\t\t\t\t\t\t\t\tdata-color=\"rgba(0,0,0,1)\"\n\t\t\t\t\t\t\t\t\tdata-rsp_ch=\"on\"\n\t\t\t\t\t\t\t\t\tdata-xy=\"xo:770px,593px,428px,230px;yo:496px,496px,496px,366px;\"\n\t\t\t\t\t\t\t\t\tdata-pos=\"r\"\n\t\t\t\t\t\t\t\t\tdata-text=\"s:15;l:40;fw:500;\"\n\t\t\t\t\t\t\t\t\tdata-basealign=\"group\"\n\t\t\t\t\t\t\t\t\tdata-disp=\"inline-block\"\n\t\t\t\t\t\t\t\t\tdata-margin=\"t:30;l:30,30,30,20;\"\n\t\t\t\t\t\t\t\t\tdata-padding=\"t:1;r:55,55,35,25;b:1;l:23;\"\n\t\t\t\t\t\t\t\t\tdata-border=\"bos:solid;boc:rgba(0,0,0,1);bow:1px,1px,1px,1px;\"\n\t\t\t\t\t\t\t\t\tdata-frame_0=\"y:10px;\"\n\t\t\t\t\t\t\t\t\tdata-frame_1=\"e:power3.out;st:900;sp:500;\"\n\t\t\t\t\t\t\t\t\tdata-frame_999=\"y:10px;o:0;st:w;sp:1000;\"\n\t\t\t\t\t\t\t\t\tdata-frame_hover=\"c:#000;bgc:#eee;boc:#000;bor:0px,0px,0px,0px;bos:solid;bow:1px,1px,1px,1px;oX:50;oY:50;sp:200;e:power1.inOut;\"\n\t\t\t\t\t\t\t\t\tstyle=\"z-index:7;background-color:rgba(255,255,255,1);font-family:'Roboto';cursor:pointer;display:inline-block;outline:none;box-shadow:none;box-sizing:border-box;-moz-box-sizing:border-box;-webkit-box-sizing:border-box;\"\n\t\t\t\t\t\t\t\t><i class=\"pe-7s-comment\" style=\"font-size:25px; vertical-align: bottom;margin-right:10px;\"><\/i> Continuar leyendo \n\t\t\t\t\t\t\t\t<\/a><!--\n\n\t\t\t\t\t\t\t\t--><rs-layer\n\t\t\t\t\t\t\t\t\tid=\"slider-19-slide-33857-layer-1\" \n\t\t\t\t\t\t\t\t\tclass=\"tp-shape tp-shapewrapper\"\n\t\t\t\t\t\t\t\t\tdata-type=\"shape\"\n\t\t\t\t\t\t\t\t\tdata-rsp_ch=\"on\"\n\t\t\t\t\t\t\t\t\tdata-xy=\"\"\n\t\t\t\t\t\t\t\t\tdata-pos=\"a\"\n\t\t\t\t\t\t\t\t\tdata-text=\"fw:100;\"\n\t\t\t\t\t\t\t\t\tdata-dim=\"w:430px,430px,350px,250px;h:540px,540px,540px,100%;\"\n\t\t\t\t\t\t\t\t\tdata-basealign=\"group\"\n\t\t\t\t\t\t\t\t\tdata-frame_0=\"sX:0.9;sY:0.9;\"\n\t\t\t\t\t\t\t\t\tdata-frame_1=\"e:power4.out;st:500;sp:1400;\"\n\t\t\t\t\t\t\t\t\tdata-frame_999=\"st:w;sp:1000;auto:true;\"\n\t\t\t\t\t\t\t\t\tstyle=\"z-index:6;background-color:rgba(255,255,255,1);\"\n\t\t\t\t\t\t\t\t> \n\t\t\t\t\t\t\t\t<\/rs-layer><!--\n\t\t\t\t\t\t\t--><\/rs-group><!--\n-->\t\t\t\t\t<\/rs-slide>\n\t\t\t\t\t\t<rs-slide style=\"position: absolute;\" data-key=\"rs-33627\" data-title=\"El despertar fotogr\u00e1fico: una exposici\u00f3n que invita a detener la mirada en lo cotidiano\" data-thumb=\"\/\/www.caudete.org\/ayuntamiento\/wp-content\/uploads\/2026\/04\/cartel-miradas-port-160x160.jpg\" data-anim=\"p:transparent;\" data-in=\"o:0;\" data-out=\"o:0;\">\n\t\t\t\t\t\t\t<img loading=\"lazy\" decoding=\"async\" src=\"\/\/www.caudete.org\/ayuntamiento\/wp-content\/plugins\/revslider\/sr6\/assets\/assets\/dummy.png\" alt=\"\" title=\"cartel miradas-port\" width=\"1000\" height=\"523\" class=\"rev-slidebg tp-rs-img rs-lazyload\" data-lazyload=\"\/\/www.caudete.org\/ayuntamiento\/wp-content\/uploads\/2026\/04\/cartel-miradas-port.jpg\" data-parallax=\"5\" data-no-retina>\n<!--\n\t\t\t\t\t\t\t--><rs-group\n\t\t\t\t\t\t\t\tid=\"slider-19-slide-33627-layer-0\" \n\t\t\t\t\t\t\t\tdata-type=\"group\"\n\t\t\t\t\t\t\t\tdata-rsp_ch=\"on\"\n\t\t\t\t\t\t\t\tdata-xy=\"x:r;xo:30px,25px,18px,11px;yo:30px,25px,18px,11px;\"\n\t\t\t\t\t\t\t\tdata-text=\"w:normal;s:20,17,12,7;l:0,21,15,9;\"\n\t\t\t\t\t\t\t\tdata-dim=\"w:430px,430px,350px,250px;h:540px,540px,540px,420px;\"\n\t\t\t\t\t\t\t\tdata-frame_0=\"o:1;\"\n\t\t\t\t\t\t\t\tdata-frame_999=\"o:0;st:w;sA:9000;\"\n\t\t\t\t\t\t\t\tstyle=\"z-index:6;\"\n\t\t\t\t\t\t\t><!--\n\t\t\t\t\t\t\t\t--><rs-layer\n\t\t\t\t\t\t\t\t\tid=\"slider-19-slide-33627-layer-3\" \n\t\t\t\t\t\t\t\t\tclass=\"PostSlider-Category\"\n\t\t\t\t\t\t\t\t\tdata-type=\"text\"\n\t\t\t\t\t\t\t\t\tdata-color=\"rgba(0,0,0,1)\"\n\t\t\t\t\t\t\t\t\tdata-rsp_ch=\"on\"\n\t\t\t\t\t\t\t\t\tdata-xy=\"x:r;xo:60px,60px,60px,40px;yo:60px,60px,60px,40px;\"\n\t\t\t\t\t\t\t\t\tdata-pos=\"r\"\n\t\t\t\t\t\t\t\t\tdata-text=\"s:15,15,13,13;l:15,15,13,13;ls:3px;fw:300;\"\n\t\t\t\t\t\t\t\t\tdata-dim=\"w:100%;\"\n\t\t\t\t\t\t\t\t\tdata-basealign=\"group\"\n\t\t\t\t\t\t\t\t\tdata-padding=\"t:20;r:30,30,30,20;b:20;l:30,30,30,20;\"\n\t\t\t\t\t\t\t\t\tdata-frame_0=\"y:20px;\"\n\t\t\t\t\t\t\t\t\tdata-frame_1=\"e:power3.out;st:600;sp:500;\"\n\t\t\t\t\t\t\t\t\tdata-frame_999=\"st:w;sp:1000;auto:true;\"\n\t\t\t\t\t\t\t\t\tstyle=\"z-index:10;font-family:'Roboto';\"\n\t\t\t\t\t\t\t\t>Cultura \n\t\t\t\t\t\t\t\t<\/rs-layer><!--\n\n\t\t\t\t\t\t\t\t--><rs-layer\n\t\t\t\t\t\t\t\t\tid=\"slider-19-slide-33627-layer-2\" \n\t\t\t\t\t\t\t\t\tclass=\"PostSlider-Title\"\n\t\t\t\t\t\t\t\t\tdata-type=\"text\"\n\t\t\t\t\t\t\t\t\tdata-color=\"rgba(0,0,0,1)\"\n\t\t\t\t\t\t\t\t\tdata-rsp_ch=\"on\"\n\t\t\t\t\t\t\t\t\tdata-xy=\"x:r;xo:60px,60px,60px,40px;yo:102px,102px,92px,68px;\"\n\t\t\t\t\t\t\t\t\tdata-pos=\"r\"\n\t\t\t\t\t\t\t\t\tdata-text=\"w:normal;s:40,40,30,20;l:40,40,30,20;\"\n\t\t\t\t\t\t\t\t\tdata-dim=\"w:100%;\"\n\t\t\t\t\t\t\t\t\tdata-basealign=\"group\"\n\t\t\t\t\t\t\t\t\tdata-padding=\"r:30,30,30,20;l:30,30,30,20;\"\n\t\t\t\t\t\t\t\t\tdata-frame_0=\"y:20px;\"\n\t\t\t\t\t\t\t\t\tdata-frame_1=\"e:power3.out;st:700;sp:500;\"\n\t\t\t\t\t\t\t\t\tdata-frame_999=\"st:w;sp:1000;auto:true;\"\n\t\t\t\t\t\t\t\t\tstyle=\"z-index:9;font-family:'Playfair Display';\"\n\t\t\t\t\t\t\t\t>El despertar fotogr\u00e1fico: una exposici\u00f3n que invita a detener la mirada en lo cotidiano \n\t\t\t\t\t\t\t\t<\/rs-layer><!--\n\n\t\t\t\t\t\t\t\t--><rs-layer\n\t\t\t\t\t\t\t\t\tid=\"slider-19-slide-33627-layer-4\" \n\t\t\t\t\t\t\t\t\tclass=\"PostSlider-Content\"\n\t\t\t\t\t\t\t\t\tdata-type=\"text\"\n\t\t\t\t\t\t\t\t\tdata-color=\"rgba(119,119,119,1)\"\n\t\t\t\t\t\t\t\t\tdata-rsp_ch=\"on\"\n\t\t\t\t\t\t\t\t\tdata-xy=\"x:r;xo:60px,60px,60px,40px;yo:265px,265px,215px,154px;\"\n\t\t\t\t\t\t\t\t\tdata-pos=\"r\"\n\t\t\t\t\t\t\t\t\tdata-text=\"w:normal;s:15,15,14,13;l:23,23,21,20;\"\n\t\t\t\t\t\t\t\t\tdata-dim=\"w:100%;\"\n\t\t\t\t\t\t\t\t\tdata-basealign=\"group\"\n\t\t\t\t\t\t\t\t\tdata-margin=\"t:30;\"\n\t\t\t\t\t\t\t\t\tdata-padding=\"r:30,30,30,20;l:30,30,30,20;\"\n\t\t\t\t\t\t\t\t\tdata-frame_0=\"y:20px;\"\n\t\t\t\t\t\t\t\t\tdata-frame_1=\"e:power3.out;st:800;sp:500;\"\n\t\t\t\t\t\t\t\t\tdata-frame_999=\"st:w;sp:1000;auto:true;\"\n\t\t\t\t\t\t\t\t\tstyle=\"z-index:8;font-family:'Roboto';\"\n\t\t\t\t\t\t\t\t>La Concejal\u00eda de Cultura, Manuela Gonz\u00e1lez, a trav\u00e9s de la Universidad Popular de Caudete presenta la exposici\u00f3n colectiva \u201cEl despertar fotogr\u00e1fico\u201d, realizada por el alumnado del curso de fotograf\u00eda con m\u00f3vil impartido por la artista visual Andrea Torres, dentro del \n\t\t\t\t\t\t\t\t<\/rs-layer><!--\n\n\t\t\t\t\t\t\t\t--><a\n\t\t\t\t\t\t\t\t\tid=\"slider-19-slide-33627-layer-5\" \n\t\t\t\t\t\t\t\t\tclass=\"rs-layer PostSlider-Button rev-btn\"\n\t\t\t\t\t\t\t\t\thref=\"https:\/\/www.caudete.org\/ayuntamiento\/el-despertar-fotografico-una-exposicion-que-invita-a-detener-la-mirada-en-lo-cotidiano\/\" target=\"_self\"\n\t\t\t\t\t\t\t\t\tdata-type=\"button\"\n\t\t\t\t\t\t\t\t\tdata-color=\"rgba(0,0,0,1)\"\n\t\t\t\t\t\t\t\t\tdata-rsp_ch=\"on\"\n\t\t\t\t\t\t\t\t\tdata-xy=\"xo:770px,593px,428px,230px;yo:496px,496px,496px,366px;\"\n\t\t\t\t\t\t\t\t\tdata-pos=\"r\"\n\t\t\t\t\t\t\t\t\tdata-text=\"s:15;l:40;fw:500;\"\n\t\t\t\t\t\t\t\t\tdata-basealign=\"group\"\n\t\t\t\t\t\t\t\t\tdata-disp=\"inline-block\"\n\t\t\t\t\t\t\t\t\tdata-margin=\"t:30;l:30,30,30,20;\"\n\t\t\t\t\t\t\t\t\tdata-padding=\"t:1;r:55,55,35,25;b:1;l:23;\"\n\t\t\t\t\t\t\t\t\tdata-border=\"bos:solid;boc:rgba(0,0,0,1);bow:1px,1px,1px,1px;\"\n\t\t\t\t\t\t\t\t\tdata-frame_0=\"y:10px;\"\n\t\t\t\t\t\t\t\t\tdata-frame_1=\"e:power3.out;st:900;sp:500;\"\n\t\t\t\t\t\t\t\t\tdata-frame_999=\"y:10px;o:0;st:w;sp:1000;\"\n\t\t\t\t\t\t\t\t\tdata-frame_hover=\"c:#000;bgc:#eee;boc:#000;bor:0px,0px,0px,0px;bos:solid;bow:1px,1px,1px,1px;oX:50;oY:50;sp:200;e:power1.inOut;\"\n\t\t\t\t\t\t\t\t\tstyle=\"z-index:7;background-color:rgba(255,255,255,1);font-family:'Roboto';cursor:pointer;display:inline-block;outline:none;box-shadow:none;box-sizing:border-box;-moz-box-sizing:border-box;-webkit-box-sizing:border-box;\"\n\t\t\t\t\t\t\t\t><i class=\"pe-7s-comment\" style=\"font-size:25px; vertical-align: bottom;margin-right:10px;\"><\/i> Continuar leyendo \n\t\t\t\t\t\t\t\t<\/a><!--\n\n\t\t\t\t\t\t\t\t--><rs-layer\n\t\t\t\t\t\t\t\t\tid=\"slider-19-slide-33627-layer-1\" \n\t\t\t\t\t\t\t\t\tclass=\"tp-shape tp-shapewrapper\"\n\t\t\t\t\t\t\t\t\tdata-type=\"shape\"\n\t\t\t\t\t\t\t\t\tdata-rsp_ch=\"on\"\n\t\t\t\t\t\t\t\t\tdata-xy=\"\"\n\t\t\t\t\t\t\t\t\tdata-pos=\"a\"\n\t\t\t\t\t\t\t\t\tdata-text=\"fw:100;\"\n\t\t\t\t\t\t\t\t\tdata-dim=\"w:430px,430px,350px,250px;h:540px,540px,540px,100%;\"\n\t\t\t\t\t\t\t\t\tdata-basealign=\"group\"\n\t\t\t\t\t\t\t\t\tdata-frame_0=\"sX:0.9;sY:0.9;\"\n\t\t\t\t\t\t\t\t\tdata-frame_1=\"e:power4.out;st:500;sp:1400;\"\n\t\t\t\t\t\t\t\t\tdata-frame_999=\"st:w;sp:1000;auto:true;\"\n\t\t\t\t\t\t\t\t\tstyle=\"z-index:6;background-color:rgba(255,255,255,1);\"\n\t\t\t\t\t\t\t\t> \n\t\t\t\t\t\t\t\t<\/rs-layer><!--\n\t\t\t\t\t\t\t--><\/rs-group><!--\n-->\t\t\t\t\t<\/rs-slide>\n\t\t\t\t\t<\/rs-slides>\n\t\t\t\t<\/rs-module>\n\t\t\t\t<script>\n\t\t\t\t\tsetREVStartSize({c: 'rev_slider_19_1',rl:[1240,1024,778,480],el:[600,600,600,450],gw:[1200,1024,778,480],gh:[600,600,600,450],type:'standard',justify:'',layout:'fullwidth',mh:\"0\"});if (window.RS_MODULES!==undefined && window.RS_MODULES.modules!==undefined && window.RS_MODULES.modules[\"revslider191\"]!==undefined) {window.RS_MODULES.modules[\"revslider191\"].once = false;window.revapi19 = undefined;if (window.RS_MODULES.checkMinimal!==undefined) window.RS_MODULES.checkMinimal()}\n\t\t\t\t<\/script>\n\t\t\t<\/rs-module-wrap>\n\t\t\t<!-- END REVOLUTION SLIDER -->\n<\/div>\n\n\t\t\t\t\t\t<\/div>\n\t\t\t\t<\/div>\n\t\t\t\t\t<\/div>\n\t\t<\/div>\n\t\t\t\t\t<\/div>\n\t\t<\/section>\n\t\t\t\t<section class=\"elementor-section elementor-top-section elementor-element elementor-element-adfe464 elementor-section-boxed elementor-section-height-default elementor-section-height-default\" data-id=\"adfe464\" data-element_type=\"section\" data-e-type=\"section\">\n\t\t\t\t\t\t<div class=\"elementor-container elementor-column-gap-wide\">\n\t\t\t\t\t<div class=\"elementor-column elementor-col-50 elementor-top-column elementor-element elementor-element-f9f5c3f\" data-id=\"f9f5c3f\" data-element_type=\"column\" data-e-type=\"column\">\n\t\t\t<div class=\"elementor-widget-wrap elementor-element-populated\">\n\t\t\t\t\t\t<div class=\"elementor-element elementor-element-f9858da elementor-hidden-phone elementor-widget elementor-widget-sidebar\" data-id=\"f9858da\" data-element_type=\"widget\" data-e-type=\"widget\" data-widget_type=\"sidebar.default\">\n\t\t\t\t<div class=\"elementor-widget-container\">\n\t\t\t\t\t<div class=\"widget_text widgetable p-border ghost\"><div class=\"textwidget custom-html-widget\"><script type='text\/javascript' src='http:\/\/www.aemet.es\/es\/eltiempo\/prediccion\/municipios\/launchwidget\/caudete-id02025?w=g2p01110011ohmffffffw248z265x4f86d9t95b6e9r1s8n2'><\/script><noscript><a target='_blank' style='font-weight: bold;font-size: 1.20em;' href='http:\/\/www.aemet.es\/es\/eltiempo\/prediccion\/municipios\/caudete-id02025' target=\"_blank\" rel=\"nofollow\">El Tiempo. Consulte la predicci\u00f3n de la AEMET para Caudete<\/a><\/noscript><\/div><\/div><div class=\"widgetable p-border ghost\"><h2 class=\"widget\"><span>CIUDADANOS<\/span><\/h2><div class=\"menu-portada-lateral-izquierdo-container\"><ul id=\"menu-portada-lateral-izquierdo\" class=\"menu\"><li id=\"menu-item-9005\" class=\"menu-item menu-item-type-custom menu-item-object-custom menu-item-9005\"><a target=\"_blank\" href=\"https:\/\/caudete.sedipualba.es\/tablondeanuncios\/default.aspx\" rel=\"nofollow\"><i class=\"_mi _before dashicons dashicons-welcome-write-blog\" aria-hidden=\"true\"><\/i><span>Tabl\u00f3n de Anuncios Municipal<\/span><\/a><\/li>\n<li id=\"menu-item-10518\" class=\"menu-item menu-item-type-custom menu-item-object-custom menu-item-10518\"><a target=\"_blank\" href=\"https:\/\/ovtcaudete.eadministracion.es\/\" rel=\"nofollow\"><i class=\"_mi _before dashicons dashicons-welcome-write-blog\" aria-hidden=\"true\"><\/i><span>Pago de tributos y sanciones<\/span><\/a><\/li>\n<li id=\"menu-item-10519\" class=\"menu-item menu-item-type-custom menu-item-object-custom menu-item-10519\"><a target=\"_blank\" href=\"https:\/\/ovtcaudete.eadministracion.es\/\" rel=\"nofollow\"><i class=\"_mi _before dashicons dashicons-welcome-write-blog\" aria-hidden=\"true\"><\/i><span>Domiciliaci\u00f3n de recibos<\/span><\/a><\/li>\n<li id=\"menu-item-10517\" class=\"menu-item menu-item-type-custom menu-item-object-custom menu-item-10517\"><a target=\"_blank\" href=\"https:\/\/caudete.sedipualba.es\/segex\/tramite.aspx?idtramite=674\" rel=\"nofollow\"><i class=\"_mi _before dashicons dashicons-welcome-write-blog\" aria-hidden=\"true\"><\/i><span>Reclamaciones y quejas<\/span><\/a><\/li>\n<\/ul><\/div><\/div><div class=\"widgetable p-border ghost\"><a href=\"https:\/\/turismo.caudete.org\" target=\"_blank\" rel=\"nofollow\"><img loading=\"lazy\" decoding=\"async\" width=\"300\" height=\"136\" src=\"https:\/\/www.caudete.org\/ayuntamiento\/wp-content\/uploads\/2023\/03\/caudete_turismo_texto_derecha-300x136.jpg\" rel='prettyPhoto' class=\"image wp-image-21881  attachment-medium size-medium\" alt=\"\" style=\"max-width: 100%; height: auto;\" srcset=\"https:\/\/www.caudete.org\/ayuntamiento\/wp-content\/uploads\/2023\/03\/caudete_turismo_texto_derecha-300x136.jpg 300w, https:\/\/www.caudete.org\/ayuntamiento\/wp-content\/uploads\/2023\/03\/caudete_turismo_texto_derecha.jpg 424w\" sizes=\"(max-width: 300px) 100vw, 300px\" \/><\/a><\/div><div class=\"widgetable p-border ghost\"><a href=\"https:\/\/farmacias365.com\/farmacias-de-guardia\/caudete\" target=\"_blank\" rel=\"nofollow\"><img loading=\"lazy\" decoding=\"async\" width=\"301\" height=\"151\" src=\"https:\/\/www.caudete.org\/ayuntamiento\/wp-content\/uploads\/2025\/06\/farmacia-guardia.jpg\" rel='prettyPhoto' class=\"image wp-image-29140  attachment-full size-full\" alt=\"\" style=\"max-width: 100%; height: auto;\" \/><\/a><\/div><div class=\"widgetable p-border ghost\"><a href=\"https:\/\/www.caudete.org\/ayuntamiento\/localizar-los-desfibriladores-de-caudete\/\"><img loading=\"lazy\" decoding=\"async\" width=\"300\" height=\"150\" src=\"https:\/\/www.caudete.org\/ayuntamiento\/wp-content\/uploads\/2022\/04\/desfibriladores-300x150.jpg\" rel='prettyPhoto' class=\"image wp-image-18901  attachment-medium size-medium\" alt=\"\" style=\"max-width: 100%; height: auto;\" srcset=\"https:\/\/www.caudete.org\/ayuntamiento\/wp-content\/uploads\/2022\/04\/desfibriladores-300x150.jpg 300w, https:\/\/www.caudete.org\/ayuntamiento\/wp-content\/uploads\/2022\/04\/desfibriladores.jpg 350w\" sizes=\"(max-width: 300px) 100vw, 300px\" \/><\/a><\/div><div class=\"widgetable p-border ghost\"><a href=\"tel:+34606547517\" target=\"_blank\" rel=\"nofollow\"><img loading=\"lazy\" decoding=\"async\" width=\"300\" height=\"159\" src=\"https:\/\/www.caudete.org\/ayuntamiento\/wp-content\/uploads\/2020\/12\/alumbrado.jpg\" rel='prettyPhoto' class=\"image wp-image-11140  attachment-full size-full\" alt=\"\" style=\"max-width: 100%; height: auto;\" \/><\/a><\/div><div class=\"widgetable p-border ghost\"><a href=\"https:\/\/bienalinternacionalcaudete.com\" target=\"_blank\" rel=\"nofollow\"><img loading=\"lazy\" decoding=\"async\" width=\"400\" height=\"210\" src=\"https:\/\/www.caudete.org\/ayuntamiento\/wp-content\/uploads\/2026\/03\/bic2026ayuntamiento.jpg\" rel='prettyPhoto' class=\"image wp-image-33037  attachment-full size-full\" alt=\"\" style=\"max-width: 100%; height: auto;\" srcset=\"https:\/\/www.caudete.org\/ayuntamiento\/wp-content\/uploads\/2026\/03\/bic2026ayuntamiento.jpg 400w, https:\/\/www.caudete.org\/ayuntamiento\/wp-content\/uploads\/2026\/03\/bic2026ayuntamiento-350x184.jpg 350w\" sizes=\"(max-width: 400px) 100vw, 400px\" \/><\/a><\/div><div class=\"widgetable p-border ghost\"><img loading=\"lazy\" decoding=\"async\" width=\"350\" height=\"200\" src=\"https:\/\/www.caudete.org\/ayuntamiento\/wp-content\/uploads\/2024\/12\/atencion-telefonica-2024.jpg\" class=\"image wp-image-27005  attachment-full size-full\" alt=\"\" style=\"max-width: 100%; height: auto;\" srcset=\"https:\/\/www.caudete.org\/ayuntamiento\/wp-content\/uploads\/2024\/12\/atencion-telefonica-2024.jpg 350w, https:\/\/www.caudete.org\/ayuntamiento\/wp-content\/uploads\/2024\/12\/atencion-telefonica-2024-300x171.jpg 300w\" sizes=\"(max-width: 350px) 100vw, 350px\" \/><\/div><div class=\"widget_text widgetable p-border ghost\"><h2 class=\"widget\"><span>Comercio y Empresas<\/span><\/h2><div class=\"textwidget custom-html-widget\"><a href=\"https:\/\/caudeteesmas.com\" target=\"_blank\" rel=\"nofollow\"><img decoding=\"async\" src=\"http:\/\/www.caudete.org\/ayuntamiento\/wp-content\/uploads\/2020\/12\/caudeteesmas_2020.jpg\" rel='prettyPhoto'><\/a><\/div><\/div><div class=\"widgetable p-border ghost\"><h2 class=\"widget\"><span>ADOPCI\u00d3N DE ANIMALES<\/span><\/h2><a href=\"https:\/\/www.facebook.com\/people\/Esprineco-animales-de-Caudete\/100093228465990\/?sfnsn=scwspwa\" target=\"_blank\" rel=\"nofollow\"><img loading=\"lazy\" decoding=\"async\" width=\"300\" height=\"136\" src=\"https:\/\/www.caudete.org\/ayuntamiento\/wp-content\/uploads\/2024\/02\/adopciones.jpg\" rel='prettyPhoto' class=\"image wp-image-24313  attachment-full size-full\" alt=\"\" style=\"max-width: 100%; height: auto;\" \/><\/a><\/div><div class=\"widget_text widgetable p-border ghost\"><h2 class=\"widget\"><span>EVENTOS DESTACADOS<\/span><\/h2><div class=\"textwidget custom-html-widget\"><a href=\"http:\/\/deportes.caudete.org\/cross\/\" target=\"_blank\" rel=\"nofollow\"><img decoding=\"async\" src=\"http:\/\/www.caudete.org\/ayuntamiento\/wp-content\/uploads\/2020\/12\/cross.jpg\" rel='prettyPhoto'><\/a><\/div><\/div><div class=\"widget_text widgetable p-border ghost\"><h2 class=\"widget\"><span>Televisi\u00f3n Local<\/span><\/h2><div class=\"textwidget custom-html-widget\"><a href=\"https:\/\/zonacliente.almatelecom.es\/videos\/canalimagen\" target=\"_blank\" rel=\"nofollow\"><img decoding=\"async\" src=\"http:\/\/www.caudete.org\/ayuntamiento\/wp-content\/uploads\/2020\/12\/canal_imagen.jpg\" rel='prettyPhoto'><\/a><\/div><\/div><div class=\"widgetable p-border ghost\"><a href=\"https:\/\/www.caudete.org\/ayuntamiento\/erasmus\/\"><img loading=\"lazy\" decoding=\"async\" width=\"400\" height=\"148\" src=\"https:\/\/www.caudete.org\/ayuntamiento\/wp-content\/uploads\/2025\/10\/SEPIE_erasmus_plus.gif\" rel='prettyPhoto' class=\"image wp-image-30834  attachment-full size-full\" alt=\"\" style=\"max-width: 100%; height: auto;\" \/><\/a><\/div>\t\t\t\t<\/div>\n\t\t\t\t<\/div>\n\t\t\t\t\t<\/div>\n\t\t<\/div>\n\t\t\t\t<div class=\"elementor-column elementor-col-50 elementor-top-column elementor-element elementor-element-ee66368\" data-id=\"ee66368\" data-element_type=\"column\" data-e-type=\"column\">\n\t\t\t<div class=\"elementor-widget-wrap elementor-element-populated\">\n\t\t\t\t\t\t<div class=\"elementor-element elementor-element-1812d9d elementor-headline--style-highlight elementor-widget elementor-widget-animated-headline\" data-id=\"1812d9d\" data-element_type=\"widget\" data-e-type=\"widget\" data-settings=\"{&quot;marker&quot;:&quot;underline&quot;,&quot;highlighted_text&quot;:&quot;Municipales&quot;,&quot;headline_style&quot;:&quot;highlight&quot;,&quot;loop&quot;:&quot;yes&quot;,&quot;highlight_animation_duration&quot;:1200,&quot;highlight_iteration_delay&quot;:8000}\" data-widget_type=\"animated-headline.default\">\n\t\t\t\t<div class=\"elementor-widget-container\">\n\t\t\t\t\t\t\t<h3 class=\"elementor-headline\">\n\t\t\t\t\t<span class=\"elementor-headline-plain-text elementor-headline-text-wrapper\">Noticias<\/span>\n\t\t\t\t<span class=\"elementor-headline-dynamic-wrapper elementor-headline-text-wrapper\">\n\t\t\t\t\t<span class=\"elementor-headline-dynamic-text elementor-headline-text-active\">Municipales<\/span>\n\t\t\t\t<\/span>\n\t\t\t\t<\/h3>\n\t\t\t\t\t\t<\/div>\n\t\t\t\t<\/div>\n\t\t\t\t<div class=\"elementor-element elementor-element-fffc734 elementor-grid-3 elementor-grid-tablet-2 elementor-grid-mobile-1 elementor-posts--thumbnail-top elementor-card-shadow-yes elementor-posts__hover-gradient elementor-widget elementor-widget-posts\" data-id=\"fffc734\" data-element_type=\"widget\" data-e-type=\"widget\" data-settings=\"{&quot;pagination_type&quot;:&quot;numbers_and_prev_next&quot;,&quot;cards_columns&quot;:&quot;3&quot;,&quot;cards_columns_tablet&quot;:&quot;2&quot;,&quot;cards_columns_mobile&quot;:&quot;1&quot;,&quot;cards_row_gap&quot;:{&quot;unit&quot;:&quot;px&quot;,&quot;size&quot;:35,&quot;sizes&quot;:[]},&quot;cards_row_gap_tablet&quot;:{&quot;unit&quot;:&quot;px&quot;,&quot;size&quot;:&quot;&quot;,&quot;sizes&quot;:[]},&quot;cards_row_gap_mobile&quot;:{&quot;unit&quot;:&quot;px&quot;,&quot;size&quot;:&quot;&quot;,&quot;sizes&quot;:[]}}\" data-widget_type=\"posts.cards\">\n\t\t\t\t<div class=\"elementor-widget-container\">\n\t\t\t\t\t\t\t<div class=\"elementor-posts-container elementor-posts elementor-posts--skin-cards elementor-grid\">\n\t\t\t\t<article class=\"elementor-post elementor-grid-item post-33912 post type-post status-publish format-standard has-post-thumbnail hentry category-ayuntamiento\">\n\t\t\t<div class=\"elementor-post__card\">\n\t\t\t\t<a class=\"elementor-post__thumbnail__link\" href=\"https:\/\/www.caudete.org\/ayuntamiento\/borrador-el-ayuntamiento-pone-en-marcha-un-nuevo-servicio-de-expedicion-de-certificados-digitales-para-facilitar-los-tramites-electronicos\/\" tabindex=\"-1\" ><div class=\"elementor-post__thumbnail\"><img loading=\"lazy\" decoding=\"async\" width=\"300\" height=\"147\" src=\"https:\/\/www.caudete.org\/ayuntamiento\/wp-content\/uploads\/2023\/08\/ayuntamiento_2020_caudete_digital-300x147.jpg\" rel='prettyPhoto' class=\"attachment-medium size-medium wp-image-23089\" alt=\"\" srcset=\"https:\/\/www.caudete.org\/ayuntamiento\/wp-content\/uploads\/2023\/08\/ayuntamiento_2020_caudete_digital-300x147.jpg 300w, https:\/\/www.caudete.org\/ayuntamiento\/wp-content\/uploads\/2023\/08\/ayuntamiento_2020_caudete_digital.jpg 700w\" sizes=\"(max-width: 300px) 100vw, 300px\" \/><\/div><\/a>\n\t\t\t\t<div class=\"elementor-post__badge\">Ayuntamiento<\/div>\n\t\t\t\t<div class=\"elementor-post__text\">\n\t\t\t\t<h3 class=\"elementor-post__title\">\n\t\t\t<a href=\"https:\/\/www.caudete.org\/ayuntamiento\/borrador-el-ayuntamiento-pone-en-marcha-un-nuevo-servicio-de-expedicion-de-certificados-digitales-para-facilitar-los-tramites-electronicos\/\" >\n\t\t\t\tEl Ayuntamiento pone en marcha un nuevo servicio de expedici\u00f3n de certificados digitales para facilitar los tr\u00e1mites electr\u00f3nicos\t\t\t<\/a>\n\t\t<\/h3>\n\t\t\t\t<div class=\"elementor-post__excerpt\">\n\t\t\t<p>El Ayuntamiento ha anunciado la puesta en marcha de un nuevo servicio de expedici\u00f3n de certificados<\/p>\n\t\t<\/div>\n\t\t\n\t\t<a class=\"elementor-post__read-more\" href=\"https:\/\/www.caudete.org\/ayuntamiento\/borrador-el-ayuntamiento-pone-en-marcha-un-nuevo-servicio-de-expedicion-de-certificados-digitales-para-facilitar-los-tramites-electronicos\/\" aria-label=\"Read more about El Ayuntamiento pone en marcha un nuevo servicio de expedici\u00f3n de certificados digitales para facilitar los tr\u00e1mites electr\u00f3nicos\" tabindex=\"-1\" >\n\t\t\tLeer m\u00e1s\t\t<\/a>\n\n\t\t\t\t<\/div>\n\t\t\t\t<div class=\"elementor-post__meta-data\">\n\t\t\t\t\t<span class=\"elementor-post-date\">\n\t\t\t29 de abril de 2026\t\t<\/span>\n\t\t\t\t<\/div>\n\t\t\t\t\t<\/div>\n\t\t<\/article>\n\t\t\t\t<article class=\"elementor-post elementor-grid-item post-33949 post type-post status-publish format-standard has-post-thumbnail hentry category-cultura\">\n\t\t\t<div class=\"elementor-post__card\">\n\t\t\t\t<a class=\"elementor-post__thumbnail__link\" href=\"https:\/\/www.caudete.org\/ayuntamiento\/caudete-celebra-la-gala-de-entrega-de-premios-del-xxix-certamen-literario-evaristo-banon\/\" tabindex=\"-1\" ><div class=\"elementor-post__thumbnail\"><img loading=\"lazy\" decoding=\"async\" width=\"300\" height=\"212\" src=\"https:\/\/www.caudete.org\/ayuntamiento\/wp-content\/uploads\/2024\/03\/Logo-Evaristo-Banon-4-300x212.jpg\" rel='prettyPhoto' class=\"attachment-medium size-medium wp-image-24486\" alt=\"\" srcset=\"https:\/\/www.caudete.org\/ayuntamiento\/wp-content\/uploads\/2024\/03\/Logo-Evaristo-Banon-4-300x212.jpg 300w, https:\/\/www.caudete.org\/ayuntamiento\/wp-content\/uploads\/2024\/03\/Logo-Evaristo-Banon-4-768x543.jpg 768w, https:\/\/www.caudete.org\/ayuntamiento\/wp-content\/uploads\/2024\/03\/Logo-Evaristo-Banon-4.jpg 800w\" sizes=\"(max-width: 300px) 100vw, 300px\" \/><\/div><\/a>\n\t\t\t\t<div class=\"elementor-post__badge\">Cultura<\/div>\n\t\t\t\t<div class=\"elementor-post__text\">\n\t\t\t\t<h3 class=\"elementor-post__title\">\n\t\t\t<a href=\"https:\/\/www.caudete.org\/ayuntamiento\/caudete-celebra-la-gala-de-entrega-de-premios-del-xxix-certamen-literario-evaristo-banon\/\" >\n\t\t\t\tCaudete celebra la gala de entrega de premios del XXIX Certamen Literario \u201cEvaristo Ba\u00f1\u00f3n\u201d\t\t\t<\/a>\n\t\t<\/h3>\n\t\t\t\t<div class=\"elementor-post__excerpt\">\n\t\t\t<p>El Ayuntamiento de Caudete ha celebrado la gala de entrega de premios del XXIX Certamen Literario<\/p>\n\t\t<\/div>\n\t\t\n\t\t<a class=\"elementor-post__read-more\" href=\"https:\/\/www.caudete.org\/ayuntamiento\/caudete-celebra-la-gala-de-entrega-de-premios-del-xxix-certamen-literario-evaristo-banon\/\" aria-label=\"Read more about Caudete celebra la gala de entrega de premios del XXIX Certamen Literario \u201cEvaristo Ba\u00f1\u00f3n\u201d\" tabindex=\"-1\" >\n\t\t\tLeer m\u00e1s\t\t<\/a>\n\n\t\t\t\t<\/div>\n\t\t\t\t<div class=\"elementor-post__meta-data\">\n\t\t\t\t\t<span class=\"elementor-post-date\">\n\t\t\t29 de abril de 2026\t\t<\/span>\n\t\t\t\t<\/div>\n\t\t\t\t\t<\/div>\n\t\t<\/article>\n\t\t\t\t<article class=\"elementor-post elementor-grid-item post-33917 post type-post status-publish format-standard has-post-thumbnail hentry category-medio-rural\">\n\t\t\t<div class=\"elementor-post__card\">\n\t\t\t\t<a class=\"elementor-post__thumbnail__link\" href=\"https:\/\/www.caudete.org\/ayuntamiento\/caudete-obtiene-34-090-euros-para-el-mantenimiento-de-caminos-rurales\/\" tabindex=\"-1\" ><div class=\"elementor-post__thumbnail\"><img loading=\"lazy\" decoding=\"async\" width=\"640\" height=\"480\" src=\"https:\/\/www.caudete.org\/ayuntamiento\/wp-content\/uploads\/2026\/04\/FullSizeRender3.jpg\" rel='prettyPhoto' class=\"attachment-medium size-medium wp-image-33920\" alt=\"\" srcset=\"https:\/\/www.caudete.org\/ayuntamiento\/wp-content\/uploads\/2026\/04\/FullSizeRender3.jpg 640w, https:\/\/www.caudete.org\/ayuntamiento\/wp-content\/uploads\/2026\/04\/FullSizeRender3-293x220.jpg 293w\" sizes=\"(max-width: 640px) 100vw, 640px\" \/><\/div><\/a>\n\t\t\t\t<div class=\"elementor-post__badge\">Medio Rural<\/div>\n\t\t\t\t<div class=\"elementor-post__text\">\n\t\t\t\t<h3 class=\"elementor-post__title\">\n\t\t\t<a href=\"https:\/\/www.caudete.org\/ayuntamiento\/caudete-obtiene-34-090-euros-para-el-mantenimiento-de-caminos-rurales\/\" >\n\t\t\t\tCaudete obtiene 34.090 euros para el mantenimiento de caminos rurales\t\t\t<\/a>\n\t\t<\/h3>\n\t\t\t\t<div class=\"elementor-post__excerpt\">\n\t\t\t<p>El concejal de Medio Rural del Muy Ilustre Ayuntamiento de Caudete, Francisco Jos\u00e9 Castell\u00f3, ha informado<\/p>\n\t\t<\/div>\n\t\t\n\t\t<a class=\"elementor-post__read-more\" href=\"https:\/\/www.caudete.org\/ayuntamiento\/caudete-obtiene-34-090-euros-para-el-mantenimiento-de-caminos-rurales\/\" aria-label=\"Read more about Caudete obtiene 34.090 euros para el mantenimiento de caminos rurales\" tabindex=\"-1\" >\n\t\t\tLeer m\u00e1s\t\t<\/a>\n\n\t\t\t\t<\/div>\n\t\t\t\t<div class=\"elementor-post__meta-data\">\n\t\t\t\t\t<span class=\"elementor-post-date\">\n\t\t\t28 de abril de 2026\t\t<\/span>\n\t\t\t\t<\/div>\n\t\t\t\t\t<\/div>\n\t\t<\/article>\n\t\t\t\t<article class=\"elementor-post elementor-grid-item post-33897 post type-post status-publish format-standard has-post-thumbnail hentry category-comercio\">\n\t\t\t<div class=\"elementor-post__card\">\n\t\t\t\t<a class=\"elementor-post__thumbnail__link\" href=\"https:\/\/www.caudete.org\/ayuntamiento\/el-mercadillo-ambulante-del-1-de-mayo-se-mantiene-en-su-fecha-habitual-a-pesar-de-ser-festivo\/\" tabindex=\"-1\" ><div class=\"elementor-post__thumbnail\"><img loading=\"lazy\" decoding=\"async\" width=\"300\" height=\"150\" src=\"https:\/\/www.caudete.org\/ayuntamiento\/wp-content\/uploads\/2024\/03\/mercadillo2-300x150.jpg\" rel='prettyPhoto' class=\"attachment-medium size-medium wp-image-24714\" alt=\"\" srcset=\"https:\/\/www.caudete.org\/ayuntamiento\/wp-content\/uploads\/2024\/03\/mercadillo2-300x150.jpg 300w, https:\/\/www.caudete.org\/ayuntamiento\/wp-content\/uploads\/2024\/03\/mercadillo2-1024x511.jpg 1024w, https:\/\/www.caudete.org\/ayuntamiento\/wp-content\/uploads\/2024\/03\/mercadillo2-768x383.jpg 768w, https:\/\/www.caudete.org\/ayuntamiento\/wp-content\/uploads\/2024\/03\/mercadillo2-1536x766.jpg 1536w, https:\/\/www.caudete.org\/ayuntamiento\/wp-content\/uploads\/2024\/03\/mercadillo2.jpg 1920w\" sizes=\"(max-width: 300px) 100vw, 300px\" \/><\/div><\/a>\n\t\t\t\t<div class=\"elementor-post__badge\">Comercio<\/div>\n\t\t\t\t<div class=\"elementor-post__text\">\n\t\t\t\t<h3 class=\"elementor-post__title\">\n\t\t\t<a href=\"https:\/\/www.caudete.org\/ayuntamiento\/el-mercadillo-ambulante-del-1-de-mayo-se-mantiene-en-su-fecha-habitual-a-pesar-de-ser-festivo\/\" >\n\t\t\t\tEl mercadillo ambulante del viernes 1 de mayo se mantiene en su fecha habitual, a pesar de ser festivo\t\t\t<\/a>\n\t\t<\/h3>\n\t\t\t\t<div class=\"elementor-post__excerpt\">\n\t\t\t<p>Desde la Concejal\u00eda de Comercio y Mercados informa a la ciudadan\u00eda que el mercadillo ambulante previsto<\/p>\n\t\t<\/div>\n\t\t\n\t\t<a class=\"elementor-post__read-more\" href=\"https:\/\/www.caudete.org\/ayuntamiento\/el-mercadillo-ambulante-del-1-de-mayo-se-mantiene-en-su-fecha-habitual-a-pesar-de-ser-festivo\/\" aria-label=\"Read more about El mercadillo ambulante del viernes 1 de mayo se mantiene en su fecha habitual, a pesar de ser festivo\" tabindex=\"-1\" >\n\t\t\tLeer m\u00e1s\t\t<\/a>\n\n\t\t\t\t<\/div>\n\t\t\t\t<div class=\"elementor-post__meta-data\">\n\t\t\t\t\t<span class=\"elementor-post-date\">\n\t\t\t28 de abril de 2026\t\t<\/span>\n\t\t\t\t<\/div>\n\t\t\t\t\t<\/div>\n\t\t<\/article>\n\t\t\t\t<article class=\"elementor-post elementor-grid-item post-33882 post type-post status-publish format-standard has-post-thumbnail hentry category-educacion-y-cultura tag-banner\">\n\t\t\t<div class=\"elementor-post__card\">\n\t\t\t\t<a class=\"elementor-post__thumbnail__link\" href=\"https:\/\/www.caudete.org\/ayuntamiento\/convocada-la-v-edicion-del-premio-de-investigacion-francisco-jose-domenech-mira-caudete\/\" tabindex=\"-1\" ><div class=\"elementor-post__thumbnail\"><img loading=\"lazy\" decoding=\"async\" width=\"680\" height=\"380\" src=\"https:\/\/www.caudete.org\/ayuntamiento\/wp-content\/uploads\/2026\/04\/Francisco-Jose-Domenech-Mira_premio-port.webp\" class=\"attachment-medium size-medium wp-image-33942\" alt=\"\" srcset=\"https:\/\/www.caudete.org\/ayuntamiento\/wp-content\/uploads\/2026\/04\/Francisco-Jose-Domenech-Mira_premio-port.webp 680w, https:\/\/www.caudete.org\/ayuntamiento\/wp-content\/uploads\/2026\/04\/Francisco-Jose-Domenech-Mira_premio-port-350x196.webp 350w\" sizes=\"(max-width: 680px) 100vw, 680px\" \/><\/div><\/a>\n\t\t\t\t<div class=\"elementor-post__badge\">Educaci\u00f3n y Cultura<\/div>\n\t\t\t\t<div class=\"elementor-post__text\">\n\t\t\t\t<h3 class=\"elementor-post__title\">\n\t\t\t<a href=\"https:\/\/www.caudete.org\/ayuntamiento\/convocada-la-v-edicion-del-premio-de-investigacion-francisco-jose-domenech-mira-caudete\/\" >\n\t\t\t\tConvocada la V Edici\u00f3n del Premio de Investigaci\u00f3n \u201cFrancisco Jos\u00e9 Dom\u00e9nech Mira\u201d\t\t\t<\/a>\n\t\t<\/h3>\n\t\t\t\t<div class=\"elementor-post__excerpt\">\n\t\t\t<p>La Concejal de Educaci\u00f3n y Cultura, Manuela Gonz\u00e1lez, anuncia la publicaci\u00f3n de las Bases y apertura<\/p>\n\t\t<\/div>\n\t\t\n\t\t<a class=\"elementor-post__read-more\" href=\"https:\/\/www.caudete.org\/ayuntamiento\/convocada-la-v-edicion-del-premio-de-investigacion-francisco-jose-domenech-mira-caudete\/\" aria-label=\"Read more about Convocada la V Edici\u00f3n del Premio de Investigaci\u00f3n \u201cFrancisco Jos\u00e9 Dom\u00e9nech Mira\u201d\" tabindex=\"-1\" >\n\t\t\tLeer m\u00e1s\t\t<\/a>\n\n\t\t\t\t<\/div>\n\t\t\t\t<div class=\"elementor-post__meta-data\">\n\t\t\t\t\t<span class=\"elementor-post-date\">\n\t\t\t25 de abril de 2026\t\t<\/span>\n\t\t\t\t<\/div>\n\t\t\t\t\t<\/div>\n\t\t<\/article>\n\t\t\t\t<article class=\"elementor-post elementor-grid-item post-33886 post type-post status-publish format-standard has-post-thumbnail hentry category-deportes\">\n\t\t\t<div class=\"elementor-post__card\">\n\t\t\t\t<a class=\"elementor-post__thumbnail__link\" href=\"https:\/\/www.caudete.org\/ayuntamiento\/sale-a-licitacion-la-vigilancia-de-la-piscina-de-verano\/\" tabindex=\"-1\" ><div class=\"elementor-post__thumbnail\"><img loading=\"lazy\" decoding=\"async\" width=\"600\" height=\"350\" src=\"https:\/\/www.caudete.org\/ayuntamiento\/wp-content\/uploads\/2025\/06\/piscina-caudete-digital-600x350.jpg\" rel='prettyPhoto' class=\"attachment-medium size-medium wp-image-29134\" alt=\"\" srcset=\"https:\/\/www.caudete.org\/ayuntamiento\/wp-content\/uploads\/2025\/06\/piscina-caudete-digital-600x350.jpg 600w, https:\/\/www.caudete.org\/ayuntamiento\/wp-content\/uploads\/2025\/06\/piscina-caudete-digital-768x449.jpg 768w, https:\/\/www.caudete.org\/ayuntamiento\/wp-content\/uploads\/2025\/06\/piscina-caudete-digital.jpg 1024w\" sizes=\"(max-width: 600px) 100vw, 600px\" \/><\/div><\/a>\n\t\t\t\t<div class=\"elementor-post__badge\">Deportes<\/div>\n\t\t\t\t<div class=\"elementor-post__text\">\n\t\t\t\t<h3 class=\"elementor-post__title\">\n\t\t\t<a href=\"https:\/\/www.caudete.org\/ayuntamiento\/sale-a-licitacion-la-vigilancia-de-la-piscina-de-verano\/\" >\n\t\t\t\tSale a licitaci\u00f3n la Vigilancia de la Piscina de Verano\t\t\t<\/a>\n\t\t<\/h3>\n\t\t\t\t<div class=\"elementor-post__excerpt\">\n\t\t\t<p>El Concejal Mois\u00e9s L\u00f3pez, como Presidente de la Mesa de Contrataci\u00f3n, informa de la licitaci\u00f3n abierta<\/p>\n\t\t<\/div>\n\t\t\n\t\t<a class=\"elementor-post__read-more\" href=\"https:\/\/www.caudete.org\/ayuntamiento\/sale-a-licitacion-la-vigilancia-de-la-piscina-de-verano\/\" aria-label=\"Read more about Sale a licitaci\u00f3n la Vigilancia de la Piscina de Verano\" tabindex=\"-1\" >\n\t\t\tLeer m\u00e1s\t\t<\/a>\n\n\t\t\t\t<\/div>\n\t\t\t\t<div class=\"elementor-post__meta-data\">\n\t\t\t\t\t<span class=\"elementor-post-date\">\n\t\t\t24 de abril de 2026\t\t<\/span>\n\t\t\t\t<\/div>\n\t\t\t\t\t<\/div>\n\t\t<\/article>\n\t\t\t\t<article class=\"elementor-post elementor-grid-item post-33875 post type-post status-publish format-standard has-post-thumbnail hentry category-musica tag-banner\">\n\t\t\t<div class=\"elementor-post__card\">\n\t\t\t\t<a class=\"elementor-post__thumbnail__link\" href=\"https:\/\/www.caudete.org\/ayuntamiento\/caudete-recupera-la-tradicion-de-la-aurora-por-medio-de-la-escuela-de-musica\/\" tabindex=\"-1\" ><div class=\"elementor-post__thumbnail\"><img loading=\"lazy\" decoding=\"async\" width=\"864\" height=\"380\" src=\"https:\/\/www.caudete.org\/ayuntamiento\/wp-content\/uploads\/2026\/04\/LA-AURORA-2026-port.jpg\" rel='prettyPhoto' class=\"attachment-medium size-medium wp-image-33879\" alt=\"\" srcset=\"https:\/\/www.caudete.org\/ayuntamiento\/wp-content\/uploads\/2026\/04\/LA-AURORA-2026-port.jpg 864w, https:\/\/www.caudete.org\/ayuntamiento\/wp-content\/uploads\/2026\/04\/LA-AURORA-2026-port-350x154.jpg 350w, https:\/\/www.caudete.org\/ayuntamiento\/wp-content\/uploads\/2026\/04\/LA-AURORA-2026-port-768x338.jpg 768w, https:\/\/www.caudete.org\/ayuntamiento\/wp-content\/uploads\/2026\/04\/LA-AURORA-2026-port-411x180.jpg 411w\" sizes=\"(max-width: 864px) 100vw, 864px\" \/><\/div><\/a>\n\t\t\t\t<div class=\"elementor-post__badge\">M\u00fasica<\/div>\n\t\t\t\t<div class=\"elementor-post__text\">\n\t\t\t\t<h3 class=\"elementor-post__title\">\n\t\t\t<a href=\"https:\/\/www.caudete.org\/ayuntamiento\/caudete-recupera-la-tradicion-de-la-aurora-por-medio-de-la-escuela-de-musica\/\" >\n\t\t\t\tCaudete recupera la tradici\u00f3n de \u201cLa Aurora\u201d por medio de la escuela de m\u00fasica\t\t\t<\/a>\n\t\t<\/h3>\n\t\t\t\t<div class=\"elementor-post__excerpt\">\n\t\t\t<p>La Concejal\u00eda de M\u00fasica y la Escuela Municipal de M\u00fasica y Danza retoman esta emblem\u00e1tica actividad<\/p>\n\t\t<\/div>\n\t\t\n\t\t<a class=\"elementor-post__read-more\" href=\"https:\/\/www.caudete.org\/ayuntamiento\/caudete-recupera-la-tradicion-de-la-aurora-por-medio-de-la-escuela-de-musica\/\" aria-label=\"Read more about Caudete recupera la tradici\u00f3n de \u201cLa Aurora\u201d por medio de la escuela de m\u00fasica\" tabindex=\"-1\" >\n\t\t\tLeer m\u00e1s\t\t<\/a>\n\n\t\t\t\t<\/div>\n\t\t\t\t<div class=\"elementor-post__meta-data\">\n\t\t\t\t\t<span class=\"elementor-post-date\">\n\t\t\t24 de abril de 2026\t\t<\/span>\n\t\t\t\t<\/div>\n\t\t\t\t\t<\/div>\n\t\t<\/article>\n\t\t\t\t<article class=\"elementor-post elementor-grid-item post-33868 post type-post status-publish format-standard has-post-thumbnail hentry category-cultura tag-banner\">\n\t\t\t<div class=\"elementor-post__card\">\n\t\t\t\t<a class=\"elementor-post__thumbnail__link\" href=\"https:\/\/www.caudete.org\/ayuntamiento\/el-esplendor-del-oro-y-la-tradicion-gotica-regresan-a-caudete-de-la-mano-del-dr-xavier-ferragud\/\" tabindex=\"-1\" ><div class=\"elementor-post__thumbnail\"><img loading=\"lazy\" decoding=\"async\" width=\"680\" height=\"380\" src=\"https:\/\/www.caudete.org\/ayuntamiento\/wp-content\/uploads\/2026\/04\/Oro-y-Policromia-port.webp\" class=\"attachment-medium size-medium wp-image-33948\" alt=\"\" srcset=\"https:\/\/www.caudete.org\/ayuntamiento\/wp-content\/uploads\/2026\/04\/Oro-y-Policromia-port.webp 680w, https:\/\/www.caudete.org\/ayuntamiento\/wp-content\/uploads\/2026\/04\/Oro-y-Policromia-port-350x196.webp 350w\" sizes=\"(max-width: 680px) 100vw, 680px\" \/><\/div><\/a>\n\t\t\t\t<div class=\"elementor-post__badge\">Cultura<\/div>\n\t\t\t\t<div class=\"elementor-post__text\">\n\t\t\t\t<h3 class=\"elementor-post__title\">\n\t\t\t<a href=\"https:\/\/www.caudete.org\/ayuntamiento\/el-esplendor-del-oro-y-la-tradicion-gotica-regresan-a-caudete-de-la-mano-del-dr-xavier-ferragud\/\" >\n\t\t\t\tEl esplendor del oro y la tradici\u00f3n g\u00f3tica regresan a Caudete de la mano del Dr. Xavier Ferragud\t\t\t<\/a>\n\t\t<\/h3>\n\t\t\t\t<div class=\"elementor-post__excerpt\">\n\t\t\t<p>La Concejal\u00eda de Cultura, se complace en anunciar la inauguraci\u00f3n de la exposici\u00f3n \u201cOro y policrom\u00eda.<\/p>\n\t\t<\/div>\n\t\t\n\t\t<a class=\"elementor-post__read-more\" href=\"https:\/\/www.caudete.org\/ayuntamiento\/el-esplendor-del-oro-y-la-tradicion-gotica-regresan-a-caudete-de-la-mano-del-dr-xavier-ferragud\/\" aria-label=\"Read more about El esplendor del oro y la tradici\u00f3n g\u00f3tica regresan a Caudete de la mano del Dr. Xavier Ferragud\" tabindex=\"-1\" >\n\t\t\tLeer m\u00e1s\t\t<\/a>\n\n\t\t\t\t<\/div>\n\t\t\t\t<div class=\"elementor-post__meta-data\">\n\t\t\t\t\t<span class=\"elementor-post-date\">\n\t\t\t24 de abril de 2026\t\t<\/span>\n\t\t\t\t<\/div>\n\t\t\t\t\t<\/div>\n\t\t<\/article>\n\t\t\t\t<article class=\"elementor-post elementor-grid-item post-33863 post type-post status-publish format-standard has-post-thumbnail hentry category-sanidad\">\n\t\t\t<div class=\"elementor-post__card\">\n\t\t\t\t<a class=\"elementor-post__thumbnail__link\" href=\"https:\/\/www.caudete.org\/ayuntamiento\/comision-de-sanidad-para-analizar-la-informacion-de-la-reunion-con-la-gerencia-de-almansa\/\" tabindex=\"-1\" ><div class=\"elementor-post__thumbnail\"><img loading=\"lazy\" decoding=\"async\" width=\"731\" height=\"344\" src=\"https:\/\/www.caudete.org\/ayuntamiento\/wp-content\/uploads\/2026\/04\/Ayuntamiento-AytoAlmansa.jpg\" rel='prettyPhoto' class=\"attachment-medium size-medium wp-image-33866\" alt=\"\" srcset=\"https:\/\/www.caudete.org\/ayuntamiento\/wp-content\/uploads\/2026\/04\/Ayuntamiento-AytoAlmansa.jpg 731w, https:\/\/www.caudete.org\/ayuntamiento\/wp-content\/uploads\/2026\/04\/Ayuntamiento-AytoAlmansa-350x165.jpg 350w\" sizes=\"(max-width: 731px) 100vw, 731px\" \/><\/div><\/a>\n\t\t\t\t<div class=\"elementor-post__badge\">Sanidad<\/div>\n\t\t\t\t<div class=\"elementor-post__text\">\n\t\t\t\t<h3 class=\"elementor-post__title\">\n\t\t\t<a href=\"https:\/\/www.caudete.org\/ayuntamiento\/comision-de-sanidad-para-analizar-la-informacion-de-la-reunion-con-la-gerencia-de-almansa\/\" >\n\t\t\t\tComisi\u00f3n de Sanidad para analizar la informaci\u00f3n de la reuni\u00f3n con la Gerencia de Almansa\t\t\t<\/a>\n\t\t<\/h3>\n\t\t\t\t<div class=\"elementor-post__excerpt\">\n\t\t\t<p>La Concejal\u00eda de Sanidad dirigida por Mar\u00eda Mart\u00ednez Garc\u00eda, convocar\u00e1 en los pr\u00f3ximos d\u00edas la Comisi\u00f3n<\/p>\n\t\t<\/div>\n\t\t\n\t\t<a class=\"elementor-post__read-more\" href=\"https:\/\/www.caudete.org\/ayuntamiento\/comision-de-sanidad-para-analizar-la-informacion-de-la-reunion-con-la-gerencia-de-almansa\/\" aria-label=\"Read more about Comisi\u00f3n de Sanidad para analizar la informaci\u00f3n de la reuni\u00f3n con la Gerencia de Almansa\" tabindex=\"-1\" >\n\t\t\tLeer m\u00e1s\t\t<\/a>\n\n\t\t\t\t<\/div>\n\t\t\t\t<div class=\"elementor-post__meta-data\">\n\t\t\t\t\t<span class=\"elementor-post-date\">\n\t\t\t24 de abril de 2026\t\t<\/span>\n\t\t\t\t<\/div>\n\t\t\t\t\t<\/div>\n\t\t<\/article>\n\t\t\t\t<article class=\"elementor-post elementor-grid-item post-33857 post type-post status-publish format-standard has-post-thumbnail hentry category-educacion-y-cultura tag-banner\">\n\t\t\t<div class=\"elementor-post__card\">\n\t\t\t\t<a class=\"elementor-post__thumbnail__link\" href=\"https:\/\/www.caudete.org\/ayuntamiento\/abierto-el-plazo-para-participar-en-la-v-edicion-del-premio-conde-san-carlos\/\" tabindex=\"-1\" ><div class=\"elementor-post__thumbnail\"><img loading=\"lazy\" decoding=\"async\" width=\"300\" height=\"164\" src=\"https:\/\/www.caudete.org\/ayuntamiento\/wp-content\/uploads\/2024\/04\/premio-conde-san-carlos-caudete-digital-300x164.jpg\" rel='prettyPhoto' class=\"attachment-medium size-medium wp-image-24999\" alt=\"\" srcset=\"https:\/\/www.caudete.org\/ayuntamiento\/wp-content\/uploads\/2024\/04\/premio-conde-san-carlos-caudete-digital-300x164.jpg 300w, https:\/\/www.caudete.org\/ayuntamiento\/wp-content\/uploads\/2024\/04\/premio-conde-san-carlos-caudete-digital-768x420.jpg 768w, https:\/\/www.caudete.org\/ayuntamiento\/wp-content\/uploads\/2024\/04\/premio-conde-san-carlos-caudete-digital.jpg 1024w\" sizes=\"(max-width: 300px) 100vw, 300px\" \/><\/div><\/a>\n\t\t\t\t<div class=\"elementor-post__badge\">Educaci\u00f3n y Cultura<\/div>\n\t\t\t\t<div class=\"elementor-post__text\">\n\t\t\t\t<h3 class=\"elementor-post__title\">\n\t\t\t<a href=\"https:\/\/www.caudete.org\/ayuntamiento\/abierto-el-plazo-para-participar-en-la-v-edicion-del-premio-conde-san-carlos\/\" >\n\t\t\t\tAbierto el plazo para participar en la V Edici\u00f3n del Premio Conde San Carlos\t\t\t<\/a>\n\t\t<\/h3>\n\t\t\t\t<div class=\"elementor-post__excerpt\">\n\t\t\t<p>Manuela Gonzalez, Concejal de Cultura y Educaci\u00f3n ha informado de la publicaci\u00f3n de las Bases y<\/p>\n\t\t<\/div>\n\t\t\n\t\t<a class=\"elementor-post__read-more\" href=\"https:\/\/www.caudete.org\/ayuntamiento\/abierto-el-plazo-para-participar-en-la-v-edicion-del-premio-conde-san-carlos\/\" aria-label=\"Read more about Abierto el plazo para participar en la V Edici\u00f3n del Premio Conde San Carlos\" tabindex=\"-1\" >\n\t\t\tLeer m\u00e1s\t\t<\/a>\n\n\t\t\t\t<\/div>\n\t\t\t\t<div class=\"elementor-post__meta-data\">\n\t\t\t\t\t<span class=\"elementor-post-date\">\n\t\t\t24 de abril de 2026\t\t<\/span>\n\t\t\t\t<\/div>\n\t\t\t\t\t<\/div>\n\t\t<\/article>\n\t\t\t\t<article class=\"elementor-post elementor-grid-item post-33848 post type-post status-publish format-standard has-post-thumbnail hentry category-contratacion\">\n\t\t\t<div class=\"elementor-post__card\">\n\t\t\t\t<a class=\"elementor-post__thumbnail__link\" href=\"https:\/\/www.caudete.org\/ayuntamiento\/el-ayuntamiento-saca-a-licitacion-los-seguros-de-responsabilidad-civil-patrimonial-y-accidentes-por-56-000e\/\" tabindex=\"-1\" ><div class=\"elementor-post__thumbnail\"><img loading=\"lazy\" decoding=\"async\" width=\"300\" height=\"147\" src=\"https:\/\/www.caudete.org\/ayuntamiento\/wp-content\/uploads\/2023\/08\/ayuntamiento_2020_caudete_digital-300x147.jpg\" rel='prettyPhoto' class=\"attachment-medium size-medium wp-image-23089\" alt=\"\" srcset=\"https:\/\/www.caudete.org\/ayuntamiento\/wp-content\/uploads\/2023\/08\/ayuntamiento_2020_caudete_digital-300x147.jpg 300w, https:\/\/www.caudete.org\/ayuntamiento\/wp-content\/uploads\/2023\/08\/ayuntamiento_2020_caudete_digital.jpg 700w\" sizes=\"(max-width: 300px) 100vw, 300px\" \/><\/div><\/a>\n\t\t\t\t<div class=\"elementor-post__badge\">Contrataci\u00f3n<\/div>\n\t\t\t\t<div class=\"elementor-post__text\">\n\t\t\t\t<h3 class=\"elementor-post__title\">\n\t\t\t<a href=\"https:\/\/www.caudete.org\/ayuntamiento\/el-ayuntamiento-saca-a-licitacion-los-seguros-de-responsabilidad-civil-patrimonial-y-accidentes-por-56-000e\/\" >\n\t\t\t\tEl Ayuntamiento saca a licitaci\u00f3n los Seguros de Responsabilidad Civil, Patrimonial y Accidentes por 56.000\u20ac\t\t\t<\/a>\n\t\t<\/h3>\n\t\t\t\t<div class=\"elementor-post__excerpt\">\n\t\t\t<p>El Concejal Mois\u00e9s L\u00f3pez, como Presidente de la Mesa de Contrataci\u00f3n, informa de la licitaci\u00f3n abierta<\/p>\n\t\t<\/div>\n\t\t\n\t\t<a class=\"elementor-post__read-more\" href=\"https:\/\/www.caudete.org\/ayuntamiento\/el-ayuntamiento-saca-a-licitacion-los-seguros-de-responsabilidad-civil-patrimonial-y-accidentes-por-56-000e\/\" aria-label=\"Read more about El Ayuntamiento saca a licitaci\u00f3n los Seguros de Responsabilidad Civil, Patrimonial y Accidentes por 56.000\u20ac\" tabindex=\"-1\" >\n\t\t\tLeer m\u00e1s\t\t<\/a>\n\n\t\t\t\t<\/div>\n\t\t\t\t<div class=\"elementor-post__meta-data\">\n\t\t\t\t\t<span class=\"elementor-post-date\">\n\t\t\t23 de abril de 2026\t\t<\/span>\n\t\t\t\t<\/div>\n\t\t\t\t\t<\/div>\n\t\t<\/article>\n\t\t\t\t<article class=\"elementor-post elementor-grid-item post-33843 post type-post status-publish format-standard has-post-thumbnail hentry category-medio-ambiente\">\n\t\t\t<div class=\"elementor-post__card\">\n\t\t\t\t<a class=\"elementor-post__thumbnail__link\" href=\"https:\/\/www.caudete.org\/ayuntamiento\/adjudicado-el-nuevo-contrato-de-control-de-palomas-con-mejoras-y-mayor-eficacia-en-caudete\/\" tabindex=\"-1\" ><div class=\"elementor-post__thumbnail\"><img loading=\"lazy\" decoding=\"async\" width=\"1067\" height=\"800\" src=\"https:\/\/www.caudete.org\/ayuntamiento\/wp-content\/uploads\/2026\/04\/1a14b48c-d392-4d2f-86ce-f1e4b173b5e9-1067x800.jpg\" rel='prettyPhoto' class=\"attachment-medium size-medium wp-image-33844\" alt=\"\" srcset=\"https:\/\/www.caudete.org\/ayuntamiento\/wp-content\/uploads\/2026\/04\/1a14b48c-d392-4d2f-86ce-f1e4b173b5e9-1067x800.jpg 1067w, https:\/\/www.caudete.org\/ayuntamiento\/wp-content\/uploads\/2026\/04\/1a14b48c-d392-4d2f-86ce-f1e4b173b5e9-1200x900.jpg 1200w, https:\/\/www.caudete.org\/ayuntamiento\/wp-content\/uploads\/2026\/04\/1a14b48c-d392-4d2f-86ce-f1e4b173b5e9-293x220.jpg 293w, https:\/\/www.caudete.org\/ayuntamiento\/wp-content\/uploads\/2026\/04\/1a14b48c-d392-4d2f-86ce-f1e4b173b5e9-768x576.jpg 768w, https:\/\/www.caudete.org\/ayuntamiento\/wp-content\/uploads\/2026\/04\/1a14b48c-d392-4d2f-86ce-f1e4b173b5e9-1536x1152.jpg 1536w, https:\/\/www.caudete.org\/ayuntamiento\/wp-content\/uploads\/2026\/04\/1a14b48c-d392-4d2f-86ce-f1e4b173b5e9.jpg 1600w\" sizes=\"(max-width: 1067px) 100vw, 1067px\" \/><\/div><\/a>\n\t\t\t\t<div class=\"elementor-post__badge\">Medio Ambiente<\/div>\n\t\t\t\t<div class=\"elementor-post__text\">\n\t\t\t\t<h3 class=\"elementor-post__title\">\n\t\t\t<a href=\"https:\/\/www.caudete.org\/ayuntamiento\/adjudicado-el-nuevo-contrato-de-control-de-palomas-con-mejoras-y-mayor-eficacia-en-caudete\/\" >\n\t\t\t\tAdjudicado el nuevo contrato de control de palomas con mejoras y mayor eficacia en Caudete\t\t\t<\/a>\n\t\t<\/h3>\n\t\t\t\t<div class=\"elementor-post__excerpt\">\n\t\t\t<p>El concejal de Medio Ambiente, Francisco Jos\u00e9 Castell\u00f3, informa de la adjudicaci\u00f3n del nuevo contrato para<\/p>\n\t\t<\/div>\n\t\t\n\t\t<a class=\"elementor-post__read-more\" href=\"https:\/\/www.caudete.org\/ayuntamiento\/adjudicado-el-nuevo-contrato-de-control-de-palomas-con-mejoras-y-mayor-eficacia-en-caudete\/\" aria-label=\"Read more about Adjudicado el nuevo contrato de control de palomas con mejoras y mayor eficacia en Caudete\" tabindex=\"-1\" >\n\t\t\tLeer m\u00e1s\t\t<\/a>\n\n\t\t\t\t<\/div>\n\t\t\t\t<div class=\"elementor-post__meta-data\">\n\t\t\t\t\t<span class=\"elementor-post-date\">\n\t\t\t22 de abril de 2026\t\t<\/span>\n\t\t\t\t<\/div>\n\t\t\t\t\t<\/div>\n\t\t<\/article>\n\t\t\t\t<\/div>\n\t\t\n\t\t\t\t<div class=\"e-load-more-anchor\" data-page=\"1\" data-max-page=\"238\" data-next-page=\"https:\/\/www.caudete.org\/ayuntamiento\/wp-json\/wp\/v2\/pages\/5153\/page\/2\/\"><\/div>\n\t\t\t\t<nav class=\"elementor-pagination\" aria-label=\"Pagination\">\n\t\t\t<span class=\"page-numbers prev\"><<\/span>\n<span aria-current=\"page\" class=\"page-numbers current\"><span class=\"elementor-screen-only\">Page<\/span>1<\/span>\n<a class=\"page-numbers\" href=\"https:\/\/www.caudete.org\/ayuntamiento\/wp-json\/wp\/v2\/pages\/5153\/page\/2\/\"><span class=\"elementor-screen-only\">Page<\/span>2<\/a>\n<a class=\"page-numbers\" href=\"https:\/\/www.caudete.org\/ayuntamiento\/wp-json\/wp\/v2\/pages\/5153\/page\/3\/\"><span class=\"elementor-screen-only\">Page<\/span>3<\/a>\n<a class=\"page-numbers\" href=\"https:\/\/www.caudete.org\/ayuntamiento\/wp-json\/wp\/v2\/pages\/5153\/page\/4\/\"><span class=\"elementor-screen-only\">Page<\/span>4<\/a>\n<a class=\"page-numbers next\" href=\"https:\/\/www.caudete.org\/ayuntamiento\/wp-json\/wp\/v2\/pages\/5153\/page\/2\/\">><\/a>\t\t<\/nav>\n\t\t\t\t\t\t<\/div>\n\t\t\t\t<\/div>\n\t\t\t\t<section class=\"elementor-section elementor-inner-section elementor-element elementor-element-6e74984 elementor-section-boxed elementor-section-height-default elementor-section-height-default\" data-id=\"6e74984\" data-element_type=\"section\" data-e-type=\"section\">\n\t\t\t\t\t\t<div class=\"elementor-container elementor-column-gap-default\">\n\t\t\t\t\t<div class=\"elementor-column elementor-col-50 elementor-inner-column elementor-element elementor-element-0454ccf\" data-id=\"0454ccf\" data-element_type=\"column\" data-e-type=\"column\">\n\t\t\t<div class=\"elementor-widget-wrap elementor-element-populated\">\n\t\t\t\t\t\t<div class=\"elementor-element elementor-element-1d612e6 elementor-widget elementor-widget-wp-widget-archives\" data-id=\"1d612e6\" data-element_type=\"widget\" data-e-type=\"widget\" data-widget_type=\"wp-widget-archives.default\">\n\t\t\t\t<div class=\"elementor-widget-container\">\n\t\t\t\t\t<h5>Buscar noticias por fechas<\/h5>\t\t<label class=\"screen-reader-text\" for=\"archives-dropdown-REPLACE_TO_ID\">Buscar noticias por fechas<\/label>\n\t\t<select id=\"archives-dropdown-REPLACE_TO_ID\" name=\"archive-dropdown\">\n\t\t\t\n\t\t\t<option value=\"\">Elegir el mes<\/option>\n\t\t\t\t<option value='https:\/\/www.caudete.org\/ayuntamiento\/2026\/04\/'> abril 2026 &nbsp;(42)<\/option>\n\t<option value='https:\/\/www.caudete.org\/ayuntamiento\/2026\/03\/'> marzo 2026 &nbsp;(53)<\/option>\n\t<option value='https:\/\/www.caudete.org\/ayuntamiento\/2026\/02\/'> febrero 2026 &nbsp;(49)<\/option>\n\t<option value='https:\/\/www.caudete.org\/ayuntamiento\/2026\/01\/'> enero 2026 &nbsp;(40)<\/option>\n\t<option value='https:\/\/www.caudete.org\/ayuntamiento\/2025\/12\/'> diciembre 2025 &nbsp;(43)<\/option>\n\t<option value='https:\/\/www.caudete.org\/ayuntamiento\/2025\/11\/'> noviembre 2025 &nbsp;(28)<\/option>\n\t<option value='https:\/\/www.caudete.org\/ayuntamiento\/2025\/10\/'> octubre 2025 &nbsp;(67)<\/option>\n\t<option value='https:\/\/www.caudete.org\/ayuntamiento\/2025\/09\/'> septiembre 2025 &nbsp;(36)<\/option>\n\t<option value='https:\/\/www.caudete.org\/ayuntamiento\/2025\/08\/'> agosto 2025 &nbsp;(38)<\/option>\n\t<option value='https:\/\/www.caudete.org\/ayuntamiento\/2025\/07\/'> julio 2025 &nbsp;(48)<\/option>\n\t<option value='https:\/\/www.caudete.org\/ayuntamiento\/2025\/06\/'> junio 2025 &nbsp;(58)<\/option>\n\t<option value='https:\/\/www.caudete.org\/ayuntamiento\/2025\/05\/'> mayo 2025 &nbsp;(64)<\/option>\n\t<option value='https:\/\/www.caudete.org\/ayuntamiento\/2025\/04\/'> abril 2025 &nbsp;(48)<\/option>\n\t<option value='https:\/\/www.caudete.org\/ayuntamiento\/2025\/03\/'> marzo 2025 &nbsp;(57)<\/option>\n\t<option value='https:\/\/www.caudete.org\/ayuntamiento\/2025\/02\/'> febrero 2025 &nbsp;(51)<\/option>\n\t<option value='https:\/\/www.caudete.org\/ayuntamiento\/2025\/01\/'> enero 2025 &nbsp;(37)<\/option>\n\t<option value='https:\/\/www.caudete.org\/ayuntamiento\/2024\/12\/'> diciembre 2024 &nbsp;(46)<\/option>\n\t<option value='https:\/\/www.caudete.org\/ayuntamiento\/2024\/11\/'> noviembre 2024 &nbsp;(37)<\/option>\n\t<option value='https:\/\/www.caudete.org\/ayuntamiento\/2024\/10\/'> octubre 2024 &nbsp;(53)<\/option>\n\t<option value='https:\/\/www.caudete.org\/ayuntamiento\/2024\/09\/'> septiembre 2024 &nbsp;(40)<\/option>\n\t<option value='https:\/\/www.caudete.org\/ayuntamiento\/2024\/08\/'> agosto 2024 &nbsp;(26)<\/option>\n\t<option value='https:\/\/www.caudete.org\/ayuntamiento\/2024\/07\/'> julio 2024 &nbsp;(26)<\/option>\n\t<option value='https:\/\/www.caudete.org\/ayuntamiento\/2024\/06\/'> junio 2024 &nbsp;(32)<\/option>\n\t<option value='https:\/\/www.caudete.org\/ayuntamiento\/2024\/05\/'> mayo 2024 &nbsp;(35)<\/option>\n\t<option value='https:\/\/www.caudete.org\/ayuntamiento\/2024\/04\/'> abril 2024 &nbsp;(27)<\/option>\n\t<option value='https:\/\/www.caudete.org\/ayuntamiento\/2024\/03\/'> marzo 2024 &nbsp;(48)<\/option>\n\t<option value='https:\/\/www.caudete.org\/ayuntamiento\/2024\/02\/'> febrero 2024 &nbsp;(31)<\/option>\n\t<option value='https:\/\/www.caudete.org\/ayuntamiento\/2024\/01\/'> enero 2024 &nbsp;(36)<\/option>\n\t<option value='https:\/\/www.caudete.org\/ayuntamiento\/2023\/12\/'> diciembre 2023 &nbsp;(34)<\/option>\n\t<option value='https:\/\/www.caudete.org\/ayuntamiento\/2023\/11\/'> noviembre 2023 &nbsp;(37)<\/option>\n\t<option value='https:\/\/www.caudete.org\/ayuntamiento\/2023\/10\/'> octubre 2023 &nbsp;(32)<\/option>\n\t<option value='https:\/\/www.caudete.org\/ayuntamiento\/2023\/09\/'> septiembre 2023 &nbsp;(26)<\/option>\n\t<option value='https:\/\/www.caudete.org\/ayuntamiento\/2023\/08\/'> agosto 2023 &nbsp;(39)<\/option>\n\t<option value='https:\/\/www.caudete.org\/ayuntamiento\/2023\/07\/'> julio 2023 &nbsp;(45)<\/option>\n\t<option value='https:\/\/www.caudete.org\/ayuntamiento\/2023\/06\/'> junio 2023 &nbsp;(42)<\/option>\n\t<option value='https:\/\/www.caudete.org\/ayuntamiento\/2023\/05\/'> mayo 2023 &nbsp;(32)<\/option>\n\t<option value='https:\/\/www.caudete.org\/ayuntamiento\/2023\/04\/'> abril 2023 &nbsp;(23)<\/option>\n\t<option value='https:\/\/www.caudete.org\/ayuntamiento\/2023\/03\/'> marzo 2023 &nbsp;(57)<\/option>\n\t<option value='https:\/\/www.caudete.org\/ayuntamiento\/2023\/02\/'> febrero 2023 &nbsp;(36)<\/option>\n\t<option value='https:\/\/www.caudete.org\/ayuntamiento\/2023\/01\/'> enero 2023 &nbsp;(39)<\/option>\n\t<option value='https:\/\/www.caudete.org\/ayuntamiento\/2022\/12\/'> diciembre 2022 &nbsp;(45)<\/option>\n\t<option value='https:\/\/www.caudete.org\/ayuntamiento\/2022\/11\/'> noviembre 2022 &nbsp;(49)<\/option>\n\t<option value='https:\/\/www.caudete.org\/ayuntamiento\/2022\/10\/'> octubre 2022 &nbsp;(40)<\/option>\n\t<option value='https:\/\/www.caudete.org\/ayuntamiento\/2022\/09\/'> septiembre 2022 &nbsp;(31)<\/option>\n\t<option value='https:\/\/www.caudete.org\/ayuntamiento\/2022\/08\/'> agosto 2022 &nbsp;(40)<\/option>\n\t<option value='https:\/\/www.caudete.org\/ayuntamiento\/2022\/07\/'> julio 2022 &nbsp;(42)<\/option>\n\t<option value='https:\/\/www.caudete.org\/ayuntamiento\/2022\/06\/'> junio 2022 &nbsp;(39)<\/option>\n\t<option value='https:\/\/www.caudete.org\/ayuntamiento\/2022\/05\/'> mayo 2022 &nbsp;(42)<\/option>\n\t<option value='https:\/\/www.caudete.org\/ayuntamiento\/2022\/04\/'> abril 2022 &nbsp;(47)<\/option>\n\t<option value='https:\/\/www.caudete.org\/ayuntamiento\/2022\/03\/'> marzo 2022 &nbsp;(40)<\/option>\n\t<option value='https:\/\/www.caudete.org\/ayuntamiento\/2022\/02\/'> febrero 2022 &nbsp;(38)<\/option>\n\t<option value='https:\/\/www.caudete.org\/ayuntamiento\/2022\/01\/'> enero 2022 &nbsp;(45)<\/option>\n\t<option value='https:\/\/www.caudete.org\/ayuntamiento\/2021\/12\/'> diciembre 2021 &nbsp;(65)<\/option>\n\t<option value='https:\/\/www.caudete.org\/ayuntamiento\/2021\/11\/'> noviembre 2021 &nbsp;(51)<\/option>\n\t<option value='https:\/\/www.caudete.org\/ayuntamiento\/2021\/10\/'> octubre 2021 &nbsp;(46)<\/option>\n\t<option value='https:\/\/www.caudete.org\/ayuntamiento\/2021\/09\/'> septiembre 2021 &nbsp;(40)<\/option>\n\t<option value='https:\/\/www.caudete.org\/ayuntamiento\/2021\/08\/'> agosto 2021 &nbsp;(38)<\/option>\n\t<option value='https:\/\/www.caudete.org\/ayuntamiento\/2021\/07\/'> julio 2021 &nbsp;(43)<\/option>\n\t<option value='https:\/\/www.caudete.org\/ayuntamiento\/2021\/06\/'> junio 2021 &nbsp;(63)<\/option>\n\t<option value='https:\/\/www.caudete.org\/ayuntamiento\/2021\/05\/'> mayo 2021 &nbsp;(71)<\/option>\n\t<option value='https:\/\/www.caudete.org\/ayuntamiento\/2021\/04\/'> abril 2021 &nbsp;(55)<\/option>\n\t<option value='https:\/\/www.caudete.org\/ayuntamiento\/2021\/03\/'> marzo 2021 &nbsp;(74)<\/option>\n\t<option value='https:\/\/www.caudete.org\/ayuntamiento\/2021\/02\/'> febrero 2021 &nbsp;(66)<\/option>\n\t<option value='https:\/\/www.caudete.org\/ayuntamiento\/2021\/01\/'> enero 2021 &nbsp;(51)<\/option>\n\t<option value='https:\/\/www.caudete.org\/ayuntamiento\/2020\/12\/'> diciembre 2020 &nbsp;(132)<\/option>\n\t<option value='https:\/\/www.caudete.org\/ayuntamiento\/2020\/11\/'> noviembre 2020 &nbsp;(27)<\/option>\n\t<option value='https:\/\/www.caudete.org\/ayuntamiento\/2020\/10\/'> octubre 2020 &nbsp;(4)<\/option>\n\t<option value='https:\/\/www.caudete.org\/ayuntamiento\/2020\/09\/'> septiembre 2020 &nbsp;(1)<\/option>\n\t<option value='https:\/\/www.caudete.org\/ayuntamiento\/2020\/08\/'> agosto 2020 &nbsp;(5)<\/option>\n\t<option value='https:\/\/www.caudete.org\/ayuntamiento\/2020\/07\/'> julio 2020 &nbsp;(12)<\/option>\n\t<option value='https:\/\/www.caudete.org\/ayuntamiento\/2020\/06\/'> junio 2020 &nbsp;(7)<\/option>\n\t<option value='https:\/\/www.caudete.org\/ayuntamiento\/2020\/05\/'> mayo 2020 &nbsp;(5)<\/option>\n\t<option value='https:\/\/www.caudete.org\/ayuntamiento\/2020\/04\/'> abril 2020 &nbsp;(1)<\/option>\n\t<option value='https:\/\/www.caudete.org\/ayuntamiento\/2020\/03\/'> marzo 2020 &nbsp;(5)<\/option>\n\t<option value='https:\/\/www.caudete.org\/ayuntamiento\/2020\/02\/'> febrero 2020 &nbsp;(6)<\/option>\n\t<option value='https:\/\/www.caudete.org\/ayuntamiento\/2020\/01\/'> enero 2020 &nbsp;(3)<\/option>\n\t<option value='https:\/\/www.caudete.org\/ayuntamiento\/2019\/06\/'> junio 2019 &nbsp;(9)<\/option>\n\t<option value='https:\/\/www.caudete.org\/ayuntamiento\/2019\/05\/'> mayo 2019 &nbsp;(6)<\/option>\n\t<option value='https:\/\/www.caudete.org\/ayuntamiento\/2019\/04\/'> abril 2019 &nbsp;(24)<\/option>\n\t<option value='https:\/\/www.caudete.org\/ayuntamiento\/2019\/03\/'> marzo 2019 &nbsp;(12)<\/option>\n\t<option value='https:\/\/www.caudete.org\/ayuntamiento\/2019\/02\/'> febrero 2019 &nbsp;(4)<\/option>\n\t<option value='https:\/\/www.caudete.org\/ayuntamiento\/2019\/01\/'> enero 2019 &nbsp;(10)<\/option>\n\t<option value='https:\/\/www.caudete.org\/ayuntamiento\/2018\/12\/'> diciembre 2018 &nbsp;(3)<\/option>\n\t<option value='https:\/\/www.caudete.org\/ayuntamiento\/2018\/11\/'> noviembre 2018 &nbsp;(25)<\/option>\n\t<option value='https:\/\/www.caudete.org\/ayuntamiento\/2018\/10\/'> octubre 2018 &nbsp;(5)<\/option>\n\n\t\t<\/select>\n\n\t\t\t<script type=\"text\/javascript\">\n\/* <![CDATA[ *\/\n\n( ( dropdownId ) => {\n\tconst dropdown = document.getElementById( dropdownId );\n\tfunction onSelectChange() {\n\t\tsetTimeout( () => {\n\t\t\tif ( 'escape' === dropdown.dataset.lastkey ) {\n\t\t\t\treturn;\n\t\t\t}\n\t\t\tif ( dropdown.value ) {\n\t\t\t\tdocument.location.href = dropdown.value;\n\t\t\t}\n\t\t}, 250 );\n\t}\n\tfunction onKeyUp( event ) {\n\t\tif ( 'Escape' === event.key ) {\n\t\t\tdropdown.dataset.lastkey = 'escape';\n\t\t} else {\n\t\t\tdelete dropdown.dataset.lastkey;\n\t\t}\n\t}\n\tfunction onClick() {\n\t\tdelete dropdown.dataset.lastkey;\n\t}\n\tdropdown.addEventListener( 'keyup', onKeyUp );\n\tdropdown.addEventListener( 'click', onClick );\n\tdropdown.addEventListener( 'change', onSelectChange );\n})( \"archives-dropdown-REPLACE_TO_ID\" );\n\n\/\/# sourceURL=WP_Widget_Archives%3A%3Awidget\n\/* ]]&gt; *\/\n<\/script>\n\t\t\t\t<\/div>\n\t\t\t\t<\/div>\n\t\t\t\t\t<\/div>\n\t\t<\/div>\n\t\t\t\t<div class=\"elementor-column elementor-col-50 elementor-inner-column elementor-element elementor-element-69e7ac1\" data-id=\"69e7ac1\" data-element_type=\"column\" data-e-type=\"column\">\n\t\t\t<div class=\"elementor-widget-wrap elementor-element-populated\">\n\t\t\t\t\t\t<div class=\"elementor-element elementor-element-fdb0211 elementor-widget elementor-widget-wp-widget-search\" data-id=\"fdb0211\" data-element_type=\"widget\" data-e-type=\"widget\" data-widget_type=\"wp-widget-search.default\">\n\t\t\t\t<div class=\"elementor-widget-container\">\n\t\t\t\t\t<h5>Buscar noticias por palabras<\/h5><form class=\"searchform\" method=\"get\" action=\"https:\/\/www.caudete.org\/ayuntamiento\/\">\r\n<input type=\"text\" name=\"s\" class=\"s ghost p-border rad\" size=\"30\" value=\"Buscar...\" onfocus=\"if (this.value = '') {this.value = '';}\" onblur=\"if (this.value == '') {this.value = 'Buscar...';}\" \/>\r\n<button class='searchSubmit ribbon rad' ><i class=\"fa fa-search\"><\/i><\/button>\r\n<\/form>\t\t\t\t<\/div>\n\t\t\t\t<\/div>\n\t\t\t\t\t<\/div>\n\t\t<\/div>\n\t\t\t\t\t<\/div>\n\t\t<\/section>\n\t\t\t\t<section class=\"elementor-section elementor-inner-section elementor-element elementor-element-55230f4 elementor-section-boxed elementor-section-height-default elementor-section-height-default\" data-id=\"55230f4\" data-element_type=\"section\" data-e-type=\"section\">\n\t\t\t\t\t\t<div class=\"elementor-container elementor-column-gap-default\">\n\t\t\t\t\t<div class=\"elementor-column elementor-col-50 elementor-inner-column elementor-element elementor-element-99af53a\" data-id=\"99af53a\" data-element_type=\"column\" data-e-type=\"column\">\n\t\t\t<div class=\"elementor-widget-wrap elementor-element-populated\">\n\t\t\t\t\t\t<div class=\"elementor-element elementor-element-c12dd0c elementor-widget elementor-widget-wp-widget-categories\" data-id=\"c12dd0c\" data-element_type=\"widget\" data-e-type=\"widget\" data-widget_type=\"wp-widget-categories.default\">\n\t\t\t\t<div class=\"elementor-widget-container\">\n\t\t\t\t\t<h5>B\u00fasqueda por categor\u00edas<\/h5><form action=\"https:\/\/www.caudete.org\/ayuntamiento\" method=\"get\"><label class=\"screen-reader-text\" for=\"cat\">B\u00fasqueda por categor\u00edas<\/label><select  name='cat' id='cat' class='postform'>\n\t<option value='-1'>Elegir la categor\u00eda<\/option>\n\t<option class=\"level-0\" value=\"47\">Accesibilidad&nbsp;&nbsp;(10)<\/option>\n\t<option class=\"level-0\" value=\"904\">Actividades&nbsp;&nbsp;(1)<\/option>\n\t<option class=\"level-0\" value=\"36\">Archivo Municipal&nbsp;&nbsp;(2)<\/option>\n\t<option class=\"level-0\" value=\"60\">Asociaciones&nbsp;&nbsp;(25)<\/option>\n\t<option class=\"level-0\" value=\"20\">Ayuntamiento&nbsp;&nbsp;(267)<\/option>\n\t<option class=\"level-0\" value=\"105\">Biblioteca &#8211;&nbsp;&nbsp;(34)<\/option>\n\t<option class=\"level-0\" value=\"854\">Bienestar e Igualdad&nbsp;&nbsp;(23)<\/option>\n\t<option class=\"level-0\" value=\"898\">Bienestar e Igualdad Social&nbsp;&nbsp;(4)<\/option>\n\t<option class=\"level-0\" value=\"51\">Bienestar Social&nbsp;&nbsp;(29)<\/option>\n\t<option class=\"level-0\" value=\"682\">Bienestar Social &#8211;&nbsp;&nbsp;(8)<\/option>\n\t<option class=\"level-0\" value=\"753\">Bienestar Social &#8211; Sanidad &#8211; Juventud&nbsp;&nbsp;(1)<\/option>\n\t<option class=\"level-0\" value=\"856\">Bienestar Social y Sanidad&nbsp;&nbsp;(7)<\/option>\n\t<option class=\"level-0\" value=\"103\">Casa de Cultura &#8211;&nbsp;&nbsp;(1)<\/option>\n\t<option class=\"level-0\" value=\"30\">Cementerio&nbsp;&nbsp;(51)<\/option>\n\t<option class=\"level-0\" value=\"49\">Ciclo Integral del Agua&nbsp;&nbsp;(75)<\/option>\n\t<option class=\"level-0\" value=\"42\">Comercio&nbsp;&nbsp;(119)<\/option>\n\t<option class=\"level-0\" value=\"44\">Comunicaci\u00f3n y Prensa&nbsp;&nbsp;(4)<\/option>\n\t<option class=\"level-0\" value=\"873\">Consumo&nbsp;&nbsp;(3)<\/option>\n\t<option class=\"level-0\" value=\"447\">Contrataci\u00f3n&nbsp;&nbsp;(7)<\/option>\n\t<option class=\"level-0\" value=\"14\">Cultura&nbsp;&nbsp;(341)<\/option>\n\t<option class=\"level-0\" value=\"104\">Cultura &#8211;&nbsp;&nbsp;(10)<\/option>\n\t<option class=\"level-0\" value=\"802\">Cultura &#8211; Archivo Municipal&nbsp;&nbsp;(1)<\/option>\n\t<option class=\"level-0\" value=\"879\">Cultura e Igualdad&nbsp;&nbsp;(1)<\/option>\n\t<option class=\"level-0\" value=\"845\">Cultura y Biblioteca&nbsp;&nbsp;(3)<\/option>\n\t<option class=\"level-0\" value=\"835\">Cultura y Desarrollo local&nbsp;&nbsp;(1)<\/option>\n\t<option class=\"level-0\" value=\"741\">Cultura y Juventud&nbsp;&nbsp;(38)<\/option>\n\t<option class=\"level-0\" value=\"859\">Cultura y Turismo&nbsp;&nbsp;(2)<\/option>\n\t<option class=\"level-0\" value=\"23\">Deportes&nbsp;&nbsp;(192)<\/option>\n\t<option class=\"level-0\" value=\"122\">Deportes &#8211;&nbsp;&nbsp;(90)<\/option>\n\t<option class=\"level-0\" value=\"875\">Deportes y Turismo&nbsp;&nbsp;(3)<\/option>\n\t<option class=\"level-0\" value=\"87\">Desarrollo Local&nbsp;&nbsp;(67)<\/option>\n\t<option class=\"level-0\" value=\"98\">Desarrollo Local &#8211;&nbsp;&nbsp;(22)<\/option>\n\t<option class=\"level-0\" value=\"903\">Desarrollo Local e Igualdad&nbsp;&nbsp;(1)<\/option>\n\t<option class=\"level-0\" value=\"28\">Econom\u00eda&nbsp;&nbsp;(24)<\/option>\n\t<option class=\"level-0\" value=\"25\">Educaci\u00f3n&nbsp;&nbsp;(67)<\/option>\n\t<option class=\"level-0\" value=\"751\">Educaci\u00f3n e Igualdad&nbsp;&nbsp;(7)<\/option>\n\t<option class=\"level-0\" value=\"738\">Educaci\u00f3n y Cultura&nbsp;&nbsp;(5)<\/option>\n\t<option class=\"level-0\" value=\"850\">Educaci\u00f3n y Formaci\u00f3n&nbsp;&nbsp;(2)<\/option>\n\t<option class=\"level-0\" value=\"734\">Educaci\u00f3n y Juventud&nbsp;&nbsp;(9)<\/option>\n\t<option class=\"level-0\" value=\"849\">Educaci\u00f3n y Participaci\u00f3n&nbsp;&nbsp;(1)<\/option>\n\t<option class=\"level-0\" value=\"772\">Educaci\u00f3n y Sanidad&nbsp;&nbsp;(1)<\/option>\n\t<option class=\"level-0\" value=\"41\">Emergencias&nbsp;&nbsp;(51)<\/option>\n\t<option class=\"level-0\" value=\"37\">Empleo y Formaci\u00f3n&nbsp;&nbsp;(81)<\/option>\n\t<option class=\"level-0\" value=\"112\">Escuela Municipal de M\u00fasica y Danza&nbsp;&nbsp;(1)<\/option>\n\t<option class=\"level-0\" value=\"111\">Escuela Municipal de M\u00fasica y Danza &#8211;&nbsp;&nbsp;(7)<\/option>\n\t<option class=\"level-0\" value=\"853\">Familia&nbsp;&nbsp;(4)<\/option>\n\t<option class=\"level-0\" value=\"881\">Familia e Igualdad&nbsp;&nbsp;(3)<\/option>\n\t<option class=\"level-0\" value=\"897\">Familia y Bienestar Social&nbsp;&nbsp;(1)<\/option>\n\t<option class=\"level-0\" value=\"883\">Familia y Educaci\u00f3n&nbsp;&nbsp;(1)<\/option>\n\t<option class=\"level-0\" value=\"31\">Fiestas&nbsp;&nbsp;(61)<\/option>\n\t<option class=\"level-0\" value=\"769\">Fiestas y Juventud&nbsp;&nbsp;(4)<\/option>\n\t<option class=\"level-0\" value=\"855\">Fiestas y Participaci\u00f3n Ciudadana&nbsp;&nbsp;(2)<\/option>\n\t<option class=\"level-0\" value=\"857\">Fiestas y Turismo&nbsp;&nbsp;(3)<\/option>\n\t<option class=\"level-0\" value=\"677\">General&nbsp;&nbsp;(2)<\/option>\n\t<option class=\"level-0\" value=\"27\">Hacienda&nbsp;&nbsp;(2)<\/option>\n\t<option class=\"level-0\" value=\"522\">Igualdad&nbsp;&nbsp;(59)<\/option>\n\t<option class=\"level-0\" value=\"32\">Industria y Empresas&nbsp;&nbsp;(15)<\/option>\n\t<option class=\"level-0\" value=\"34\">Interior&nbsp;&nbsp;(36)<\/option>\n\t<option class=\"level-0\" value=\"121\">Juventud&nbsp;&nbsp;(79)<\/option>\n\t<option class=\"level-0\" value=\"22\">Juventud &#8211;&nbsp;&nbsp;(26)<\/option>\n\t<option class=\"level-0\" value=\"801\">Juventud y Comercio&nbsp;&nbsp;(2)<\/option>\n\t<option class=\"level-0\" value=\"667\">Juventud y Cultura&nbsp;&nbsp;(7)<\/option>\n\t<option class=\"level-0\" value=\"872\">Juventud y Desarrollo Local&nbsp;&nbsp;(2)<\/option>\n\t<option class=\"level-0\" value=\"768\">Juventud y Educaci\u00f3n&nbsp;&nbsp;(2)<\/option>\n\t<option class=\"level-0\" value=\"862\">Juventud y Fiestas&nbsp;&nbsp;(1)<\/option>\n\t<option class=\"level-0\" value=\"861\">Juventud y M\u00fasica&nbsp;&nbsp;(5)<\/option>\n\t<option class=\"level-0\" value=\"39\">Mayores&nbsp;&nbsp;(31)<\/option>\n\t<option class=\"level-0\" value=\"29\">Medio Ambiente&nbsp;&nbsp;(141)<\/option>\n\t<option class=\"level-0\" value=\"129\">Medio Ambiente &#8211;&nbsp;&nbsp;(8)<\/option>\n\t<option class=\"level-0\" value=\"846\">Medio Ambiente y Servicios&nbsp;&nbsp;(7)<\/option>\n\t<option class=\"level-0\" value=\"50\">Medio Rural&nbsp;&nbsp;(26)<\/option>\n\t<option class=\"level-0\" value=\"858\">Medios de Comunicaci\u00f3n y Prensa&nbsp;&nbsp;(1)<\/option>\n\t<option class=\"level-0\" value=\"46\">Movilidad Urbana&nbsp;&nbsp;(89)<\/option>\n\t<option class=\"level-0\" value=\"24\">Mujer&nbsp;&nbsp;(5)<\/option>\n\t<option class=\"level-0\" value=\"40\">M\u00fasica&nbsp;&nbsp;(20)<\/option>\n\t<option class=\"level-0\" value=\"675\">Obras&nbsp;&nbsp;(23)<\/option>\n\t<option class=\"level-0\" value=\"893\">Obras &#8211; Promoci\u00f3n y Desarrollo&nbsp;&nbsp;(2)<\/option>\n\t<option class=\"level-0\" value=\"800\">Obras y Movilidad&nbsp;&nbsp;(2)<\/option>\n\t<option class=\"level-0\" value=\"26\">Obras y Servicios&nbsp;&nbsp;(11)<\/option>\n\t<option class=\"level-0\" value=\"92\">Obras y Urbanismo&nbsp;&nbsp;(31)<\/option>\n\t<option class=\"level-0\" value=\"99\">Obras y Urbanismo &#8211;&nbsp;&nbsp;(4)<\/option>\n\t<option class=\"level-0\" value=\"93\">OMIC&nbsp;&nbsp;(7)<\/option>\n\t<option class=\"level-0\" value=\"109\">OMIC &#8211;&nbsp;&nbsp;(1)<\/option>\n\t<option class=\"level-0\" value=\"110\">omic-noticias&nbsp;&nbsp;(57)<\/option>\n\t<option class=\"level-0\" value=\"38\">Participaci\u00f3n Ciudadana&nbsp;&nbsp;(30)<\/option>\n\t<option class=\"level-0\" value=\"894\">Participaci\u00f3n Ciudadana y Fiestas&nbsp;&nbsp;(1)<\/option>\n\t<option class=\"level-0\" value=\"45\">Patrimonio&nbsp;&nbsp;(54)<\/option>\n\t<option class=\"level-0\" value=\"847\">Patrimonio y Cultura&nbsp;&nbsp;(5)<\/option>\n\t<option class=\"level-0\" value=\"905\">Patrimonio y Urbanismo&nbsp;&nbsp;(2)<\/option>\n\t<option class=\"level-0\" value=\"35\">Polic\u00eda Local&nbsp;&nbsp;(47)<\/option>\n\t<option class=\"level-0\" value=\"97\">Polic\u00eda Local &#8211;&nbsp;&nbsp;(6)<\/option>\n\t<option class=\"level-0\" value=\"52\">Pol\u00edticas de Igualdad&nbsp;&nbsp;(2)<\/option>\n\t<option class=\"level-0\" value=\"523\">Politicas de Igualdad&nbsp;&nbsp;(1)<\/option>\n\t<option class=\"level-0\" value=\"528\">Presupuestos Municipales&nbsp;&nbsp;(8)<\/option>\n\t<option class=\"level-0\" value=\"851\">Promoci\u00f3n y Desarrollo Econ\u00f3mico&nbsp;&nbsp;(75)<\/option>\n\t<option class=\"level-0\" value=\"89\">Protecci\u00f3n Civil&nbsp;&nbsp;(9)<\/option>\n\t<option class=\"level-0\" value=\"100\">Protecci\u00f3n Civil &#8211;&nbsp;&nbsp;(5)<\/option>\n\t<option class=\"level-0\" value=\"88\">PTEC&nbsp;&nbsp;(5)<\/option>\n\t<option class=\"level-0\" value=\"101\">PTEC &#8211;&nbsp;&nbsp;(5)<\/option>\n\t<option class=\"level-0\" value=\"33\">Recursos Humanos&nbsp;&nbsp;(58)<\/option>\n\t<option class=\"level-0\" value=\"16\">Sanidad&nbsp;&nbsp;(159)<\/option>\n\t<option class=\"level-0\" value=\"868\">Sanidad &#8211;&nbsp;&nbsp;(9)<\/option>\n\t<option class=\"level-0\" value=\"902\">Sanidad y Bienestar Social&nbsp;&nbsp;(2)<\/option>\n\t<option class=\"level-0\" value=\"752\">Sanidad y Juventud&nbsp;&nbsp;(1)<\/option>\n\t<option class=\"level-0\" value=\"899\">Sanidad y Servicios Sociales&nbsp;&nbsp;(1)<\/option>\n\t<option class=\"level-0\" value=\"901\">Seguridad&nbsp;&nbsp;(1)<\/option>\n\t<option class=\"level-0\" value=\"852\">Seguridad Ciudadana&nbsp;&nbsp;(22)<\/option>\n\t<option class=\"level-0\" value=\"896\">Seguridad Ciudadana y Polic\u00eda Local&nbsp;&nbsp;(1)<\/option>\n\t<option class=\"level-0\" value=\"895\">Seguridad y Emergencias&nbsp;&nbsp;(1)<\/option>\n\t<option class=\"level-0\" value=\"880\">Seguridad y Movilidad&nbsp;&nbsp;(1)<\/option>\n\t<option class=\"level-0\" value=\"910\">Seguridad, Movilidad y Educaci\u00f3n&nbsp;&nbsp;(1)<\/option>\n\t<option class=\"level-0\" value=\"270\">Servicios&nbsp;&nbsp;(51)<\/option>\n\t<option class=\"level-0\" value=\"21\">Servicios Sociales&nbsp;&nbsp;(6)<\/option>\n\t<option class=\"level-0\" value=\"134\">Servicios Sociales &#8211;&nbsp;&nbsp;(10)<\/option>\n\t<option class=\"level-0\" value=\"1\">Sin categor\u00eda&nbsp;&nbsp;(9)<\/option>\n\t<option class=\"level-0\" value=\"676\">Subvenciones&nbsp;&nbsp;(3)<\/option>\n\t<option class=\"level-0\" value=\"90\">Tabl\u00f3n informativo (Desarrollo local)&nbsp;&nbsp;(244)<\/option>\n\t<option class=\"level-0\" value=\"844\">Tabl\u00f3n Informativo (OMIC)&nbsp;&nbsp;(4)<\/option>\n\t<option class=\"level-0\" value=\"43\">Turismo&nbsp;&nbsp;(69)<\/option>\n\t<option class=\"level-0\" value=\"135\">Turismo &#8211;&nbsp;&nbsp;(21)<\/option>\n\t<option class=\"level-0\" value=\"900\">Turismo e Igualdad&nbsp;&nbsp;(1)<\/option>\n\t<option class=\"level-0\" value=\"890\">Turismo, Cultura y Juventud&nbsp;&nbsp;(1)<\/option>\n\t<option class=\"level-0\" value=\"48\">Urbanismo&nbsp;&nbsp;(19)<\/option>\n\t<option class=\"level-0\" value=\"848\">Urbanismo y Accesibilidad&nbsp;&nbsp;(2)<\/option>\n\t<option class=\"level-0\" value=\"911\">Urbanismo y Desarrollo Econ\u00f3mico&nbsp;&nbsp;(1)<\/option>\n<\/select>\n<\/form><script type=\"text\/javascript\">\n\/* <![CDATA[ *\/\n\n( ( dropdownId ) => {\n\tconst dropdown = document.getElementById( dropdownId );\n\tfunction onSelectChange() {\n\t\tsetTimeout( () => {\n\t\t\tif ( 'escape' === dropdown.dataset.lastkey ) {\n\t\t\t\treturn;\n\t\t\t}\n\t\t\tif ( dropdown.value && parseInt( dropdown.value ) > 0 && dropdown instanceof HTMLSelectElement ) {\n\t\t\t\tdropdown.parentElement.submit();\n\t\t\t}\n\t\t}, 250 );\n\t}\n\tfunction onKeyUp( event ) {\n\t\tif ( 'Escape' === event.key ) {\n\t\t\tdropdown.dataset.lastkey = 'escape';\n\t\t} else {\n\t\t\tdelete dropdown.dataset.lastkey;\n\t\t}\n\t}\n\tfunction onClick() {\n\t\tdelete dropdown.dataset.lastkey;\n\t}\n\tdropdown.addEventListener( 'keyup', onKeyUp );\n\tdropdown.addEventListener( 'click', onClick );\n\tdropdown.addEventListener( 'change', onSelectChange );\n})( \"cat\" );\n\n\/\/# sourceURL=WP_Widget_Categories%3A%3Awidget\n\/* ]]&gt; *\/\n<\/script>\n\t\t\t\t<\/div>\n\t\t\t\t<\/div>\n\t\t\t\t\t<\/div>\n\t\t<\/div>\n\t\t\t\t<div class=\"elementor-column elementor-col-50 elementor-inner-column elementor-element elementor-element-3dbcefe\" data-id=\"3dbcefe\" data-element_type=\"column\" data-e-type=\"column\">\n\t\t\t<div class=\"elementor-widget-wrap\">\n\t\t\t\t\t\t\t<\/div>\n\t\t<\/div>\n\t\t\t\t\t<\/div>\n\t\t<\/section>\n\t\t\t\t<section class=\"elementor-section elementor-inner-section elementor-element elementor-element-790931f elementor-section-boxed elementor-section-height-default elementor-section-height-default\" data-id=\"790931f\" data-element_type=\"section\" data-e-type=\"section\">\n\t\t\t\t\t\t<div class=\"elementor-container elementor-column-gap-default\">\n\t\t\t\t\t<div class=\"elementor-column elementor-col-100 elementor-inner-column elementor-element elementor-element-db8766c\" data-id=\"db8766c\" data-element_type=\"column\" data-e-type=\"column\">\n\t\t\t<div class=\"elementor-widget-wrap elementor-element-populated\">\n\t\t\t\t\t\t<div class=\"elementor-element elementor-element-935203b elementor-hidden-desktop elementor-widget elementor-widget-sidebar\" data-id=\"935203b\" data-element_type=\"widget\" data-e-type=\"widget\" data-widget_type=\"sidebar.default\">\n\t\t\t\t<div class=\"elementor-widget-container\">\n\t\t\t\t\t<div class=\"widget_text widgetable p-border ghost\"><div class=\"textwidget custom-html-widget\"><script type='text\/javascript' src='http:\/\/www.aemet.es\/es\/eltiempo\/prediccion\/municipios\/launchwidget\/caudete-id02025?w=g2p01110011ohmffffffw248z265x4f86d9t95b6e9r1s8n2'><\/script><noscript><a target='_blank' style='font-weight: bold;font-size: 1.20em;' href='http:\/\/www.aemet.es\/es\/eltiempo\/prediccion\/municipios\/caudete-id02025' target=\"_blank\" rel=\"nofollow\">El Tiempo. Consulte la predicci\u00f3n de la AEMET para Caudete<\/a><\/noscript><\/div><\/div><div class=\"widgetable p-border ghost\"><h2 class=\"widget\"><span>CIUDADANOS<\/span><\/h2><div class=\"menu-portada-lateral-izquierdo-container\"><ul id=\"menu-portada-lateral-izquierdo-1\" class=\"menu\"><li class=\"menu-item menu-item-type-custom menu-item-object-custom menu-item-9005\"><a target=\"_blank\" href=\"https:\/\/caudete.sedipualba.es\/tablondeanuncios\/default.aspx\" rel=\"nofollow\"><i class=\"_mi _before dashicons dashicons-welcome-write-blog\" aria-hidden=\"true\"><\/i><span>Tabl\u00f3n de Anuncios Municipal<\/span><\/a><\/li>\n<li class=\"menu-item menu-item-type-custom menu-item-object-custom menu-item-10518\"><a target=\"_blank\" href=\"https:\/\/ovtcaudete.eadministracion.es\/\" rel=\"nofollow\"><i class=\"_mi _before dashicons dashicons-welcome-write-blog\" aria-hidden=\"true\"><\/i><span>Pago de tributos y sanciones<\/span><\/a><\/li>\n<li class=\"menu-item menu-item-type-custom menu-item-object-custom menu-item-10519\"><a target=\"_blank\" href=\"https:\/\/ovtcaudete.eadministracion.es\/\" rel=\"nofollow\"><i class=\"_mi _before dashicons dashicons-welcome-write-blog\" aria-hidden=\"true\"><\/i><span>Domiciliaci\u00f3n de recibos<\/span><\/a><\/li>\n<li class=\"menu-item menu-item-type-custom menu-item-object-custom menu-item-10517\"><a target=\"_blank\" href=\"https:\/\/caudete.sedipualba.es\/segex\/tramite.aspx?idtramite=674\" rel=\"nofollow\"><i class=\"_mi _before dashicons dashicons-welcome-write-blog\" aria-hidden=\"true\"><\/i><span>Reclamaciones y quejas<\/span><\/a><\/li>\n<\/ul><\/div><\/div><div class=\"widgetable p-border ghost\"><a href=\"https:\/\/turismo.caudete.org\" target=\"_blank\" rel=\"nofollow\"><img loading=\"lazy\" decoding=\"async\" width=\"300\" height=\"136\" src=\"https:\/\/www.caudete.org\/ayuntamiento\/wp-content\/uploads\/2023\/03\/caudete_turismo_texto_derecha-300x136.jpg\" rel='prettyPhoto' class=\"image wp-image-21881  attachment-medium size-medium\" alt=\"\" style=\"max-width: 100%; height: auto;\" srcset=\"https:\/\/www.caudete.org\/ayuntamiento\/wp-content\/uploads\/2023\/03\/caudete_turismo_texto_derecha-300x136.jpg 300w, https:\/\/www.caudete.org\/ayuntamiento\/wp-content\/uploads\/2023\/03\/caudete_turismo_texto_derecha.jpg 424w\" sizes=\"(max-width: 300px) 100vw, 300px\" \/><\/a><\/div><div class=\"widgetable p-border ghost\"><a href=\"https:\/\/farmacias365.com\/farmacias-de-guardia\/caudete\" target=\"_blank\" rel=\"nofollow\"><img loading=\"lazy\" decoding=\"async\" width=\"301\" height=\"151\" src=\"https:\/\/www.caudete.org\/ayuntamiento\/wp-content\/uploads\/2025\/06\/farmacia-guardia.jpg\" rel='prettyPhoto' class=\"image wp-image-29140  attachment-full size-full\" alt=\"\" style=\"max-width: 100%; height: auto;\" \/><\/a><\/div><div class=\"widgetable p-border ghost\"><a href=\"https:\/\/www.caudete.org\/ayuntamiento\/localizar-los-desfibriladores-de-caudete\/\"><img loading=\"lazy\" decoding=\"async\" width=\"300\" height=\"150\" src=\"https:\/\/www.caudete.org\/ayuntamiento\/wp-content\/uploads\/2022\/04\/desfibriladores-300x150.jpg\" rel='prettyPhoto' class=\"image wp-image-18901  attachment-medium size-medium\" alt=\"\" style=\"max-width: 100%; height: auto;\" srcset=\"https:\/\/www.caudete.org\/ayuntamiento\/wp-content\/uploads\/2022\/04\/desfibriladores-300x150.jpg 300w, https:\/\/www.caudete.org\/ayuntamiento\/wp-content\/uploads\/2022\/04\/desfibriladores.jpg 350w\" sizes=\"(max-width: 300px) 100vw, 300px\" \/><\/a><\/div><div class=\"widgetable p-border ghost\"><a href=\"tel:+34606547517\" target=\"_blank\" rel=\"nofollow\"><img loading=\"lazy\" decoding=\"async\" width=\"300\" height=\"159\" src=\"https:\/\/www.caudete.org\/ayuntamiento\/wp-content\/uploads\/2020\/12\/alumbrado.jpg\" rel='prettyPhoto' class=\"image wp-image-11140  attachment-full size-full\" alt=\"\" style=\"max-width: 100%; height: auto;\" \/><\/a><\/div><div class=\"widgetable p-border ghost\"><a href=\"https:\/\/bienalinternacionalcaudete.com\" target=\"_blank\" rel=\"nofollow\"><img loading=\"lazy\" decoding=\"async\" width=\"400\" height=\"210\" src=\"https:\/\/www.caudete.org\/ayuntamiento\/wp-content\/uploads\/2026\/03\/bic2026ayuntamiento.jpg\" rel='prettyPhoto' class=\"image wp-image-33037  attachment-full size-full\" alt=\"\" style=\"max-width: 100%; height: auto;\" srcset=\"https:\/\/www.caudete.org\/ayuntamiento\/wp-content\/uploads\/2026\/03\/bic2026ayuntamiento.jpg 400w, https:\/\/www.caudete.org\/ayuntamiento\/wp-content\/uploads\/2026\/03\/bic2026ayuntamiento-350x184.jpg 350w\" sizes=\"(max-width: 400px) 100vw, 400px\" \/><\/a><\/div><div class=\"widgetable p-border ghost\"><img loading=\"lazy\" decoding=\"async\" width=\"350\" height=\"200\" src=\"https:\/\/www.caudete.org\/ayuntamiento\/wp-content\/uploads\/2024\/12\/atencion-telefonica-2024.jpg\" class=\"image wp-image-27005  attachment-full size-full\" alt=\"\" style=\"max-width: 100%; height: auto;\" srcset=\"https:\/\/www.caudete.org\/ayuntamiento\/wp-content\/uploads\/2024\/12\/atencion-telefonica-2024.jpg 350w, https:\/\/www.caudete.org\/ayuntamiento\/wp-content\/uploads\/2024\/12\/atencion-telefonica-2024-300x171.jpg 300w\" sizes=\"(max-width: 350px) 100vw, 350px\" \/><\/div><div class=\"widget_text widgetable p-border ghost\"><h2 class=\"widget\"><span>Comercio y Empresas<\/span><\/h2><div class=\"textwidget custom-html-widget\"><a href=\"https:\/\/caudeteesmas.com\" target=\"_blank\" rel=\"nofollow\"><img decoding=\"async\" src=\"http:\/\/www.caudete.org\/ayuntamiento\/wp-content\/uploads\/2020\/12\/caudeteesmas_2020.jpg\" rel='prettyPhoto'><\/a><\/div><\/div><div class=\"widgetable p-border ghost\"><h2 class=\"widget\"><span>ADOPCI\u00d3N DE ANIMALES<\/span><\/h2><a href=\"https:\/\/www.facebook.com\/people\/Esprineco-animales-de-Caudete\/100093228465990\/?sfnsn=scwspwa\" target=\"_blank\" rel=\"nofollow\"><img loading=\"lazy\" decoding=\"async\" width=\"300\" height=\"136\" src=\"https:\/\/www.caudete.org\/ayuntamiento\/wp-content\/uploads\/2024\/02\/adopciones.jpg\" rel='prettyPhoto' class=\"image wp-image-24313  attachment-full size-full\" alt=\"\" style=\"max-width: 100%; height: auto;\" \/><\/a><\/div><div class=\"widget_text widgetable p-border ghost\"><h2 class=\"widget\"><span>EVENTOS DESTACADOS<\/span><\/h2><div class=\"textwidget custom-html-widget\"><a href=\"http:\/\/deportes.caudete.org\/cross\/\" target=\"_blank\" rel=\"nofollow\"><img decoding=\"async\" src=\"http:\/\/www.caudete.org\/ayuntamiento\/wp-content\/uploads\/2020\/12\/cross.jpg\" rel='prettyPhoto'><\/a><\/div><\/div><div class=\"widget_text widgetable p-border ghost\"><h2 class=\"widget\"><span>Televisi\u00f3n Local<\/span><\/h2><div class=\"textwidget custom-html-widget\"><a href=\"https:\/\/zonacliente.almatelecom.es\/videos\/canalimagen\" target=\"_blank\" rel=\"nofollow\"><img decoding=\"async\" src=\"http:\/\/www.caudete.org\/ayuntamiento\/wp-content\/uploads\/2020\/12\/canal_imagen.jpg\" rel='prettyPhoto'><\/a><\/div><\/div><div class=\"widgetable p-border ghost\"><a href=\"https:\/\/www.caudete.org\/ayuntamiento\/erasmus\/\"><img loading=\"lazy\" decoding=\"async\" width=\"400\" height=\"148\" src=\"https:\/\/www.caudete.org\/ayuntamiento\/wp-content\/uploads\/2025\/10\/SEPIE_erasmus_plus.gif\" rel='prettyPhoto' class=\"image wp-image-30834  attachment-full size-full\" alt=\"\" style=\"max-width: 100%; height: auto;\" \/><\/a><\/div>\t\t\t\t<\/div>\n\t\t\t\t<\/div>\n\t\t\t\t\t<\/div>\n\t\t<\/div>\n\t\t\t\t\t<\/div>\n\t\t<\/section>\n\t\t\t\t\t<\/div>\n\t\t<\/div>\n\t\t\t\t\t<\/div>\n\t\t<\/section>\n\t\t\t\t<section class=\"elementor-section elementor-top-section elementor-element elementor-element-afb7f44 elementor-section-full_width elementor-section-height-full elementor-section-height-default elementor-section-items-middle\" data-id=\"afb7f44\" data-element_type=\"section\" data-e-type=\"section\" data-settings=\"{&quot;background_background&quot;:&quot;classic&quot;}\">\n\t\t\t\t\t\t<div class=\"elementor-container elementor-column-gap-wide\">\n\t\t\t\t\t<div class=\"elementor-column elementor-col-100 elementor-top-column elementor-element elementor-element-f3e146e\" data-id=\"f3e146e\" data-element_type=\"column\" data-e-type=\"column\">\n\t\t\t<div class=\"elementor-widget-wrap\">\n\t\t\t\t\t\t\t<\/div>\n\t\t<\/div>\n\t\t\t\t\t<\/div>\n\t\t<\/section>\n\t\t\t\t<section class=\"elementor-section elementor-top-section elementor-element elementor-element-0fce8ba elementor-section-boxed elementor-section-height-default elementor-section-height-default\" data-id=\"0fce8ba\" data-element_type=\"section\" data-e-type=\"section\">\n\t\t\t\t\t\t<div class=\"elementor-container elementor-column-gap-wide\">\n\t\t\t\t\t<div class=\"elementor-column elementor-col-100 elementor-top-column elementor-element elementor-element-416f128\" data-id=\"416f128\" data-element_type=\"column\" data-e-type=\"column\">\n\t\t\t<div class=\"elementor-widget-wrap elementor-element-populated\">\n\t\t\t\t\t\t<div class=\"elementor-element elementor-element-47f7cbb elementor-headline--style-highlight elementor-widget elementor-widget-animated-headline\" data-id=\"47f7cbb\" data-element_type=\"widget\" data-e-type=\"widget\" data-settings=\"{&quot;highlighted_text&quot;:&quot;Caudete...&quot;,&quot;headline_style&quot;:&quot;highlight&quot;,&quot;marker&quot;:&quot;circle&quot;,&quot;loop&quot;:&quot;yes&quot;,&quot;highlight_animation_duration&quot;:1200,&quot;highlight_iteration_delay&quot;:8000}\" data-widget_type=\"animated-headline.default\">\n\t\t\t\t<div class=\"elementor-widget-container\">\n\t\t\t\t\t\t\t<h3 class=\"elementor-headline\">\n\t\t\t\t\t<span class=\"elementor-headline-plain-text elementor-headline-text-wrapper\">Un lugar llamado<\/span>\n\t\t\t\t<span class=\"elementor-headline-dynamic-wrapper elementor-headline-text-wrapper\">\n\t\t\t\t\t<span class=\"elementor-headline-dynamic-text elementor-headline-text-active\">Caudete...<\/span>\n\t\t\t\t<\/span>\n\t\t\t\t<\/h3>\n\t\t\t\t\t\t<\/div>\n\t\t\t\t<\/div>\n\t\t\t\t<section class=\"elementor-section elementor-inner-section elementor-element elementor-element-3ba562a elementor-section-boxed elementor-section-height-default elementor-section-height-default\" data-id=\"3ba562a\" data-element_type=\"section\" data-e-type=\"section\">\n\t\t\t\t\t\t<div class=\"elementor-container elementor-column-gap-default\">\n\t\t\t\t\t<div class=\"elementor-column elementor-col-25 elementor-inner-column elementor-element elementor-element-347bb8b\" data-id=\"347bb8b\" data-element_type=\"column\" data-e-type=\"column\">\n\t\t\t<div class=\"elementor-widget-wrap elementor-element-populated\">\n\t\t\t\t\t\t<div class=\"elementor-element elementor-element-eadafe0 elementor-flip-box--effect-flip elementor-flip-box--direction-up elementor-widget elementor-widget-flip-box\" data-id=\"eadafe0\" data-element_type=\"widget\" data-e-type=\"widget\" data-widget_type=\"flip-box.default\">\n\t\t\t\t<div class=\"elementor-widget-container\">\n\t\t\t\t\t\t\t<div class=\"elementor-flip-box\" tabindex=\"0\">\n\t\t\t<div class=\"elementor-flip-box__layer elementor-flip-box__front\">\n\t\t\t\t<div class=\"elementor-flip-box__layer__overlay\">\n\t\t\t\t\t<div class=\"elementor-flip-box__layer__inner\">\n\t\t\t\t\t\t\n\t\t\t\t\t\t\t\t\t\t\t\t\t<h3 class=\"elementor-flip-box__layer__title\">\n\t\t\t\t\t\t\t\tMoros y Cristianos\t\t\t\t\t\t\t<\/h3>\n\t\t\t\t\t\t\n\t\t\t\t\t\t\t\t\t\t\t<\/div>\n\t\t\t\t<\/div>\n\t\t\t<\/div>\n\t\t\t<div class=\"elementor-flip-box__layer elementor-flip-box__back\">\n\t\t\t<div class=\"elementor-flip-box__layer__overlay\">\n\t\t\t\t<div class=\"elementor-flip-box__layer__inner\">\n\t\t\t\t\t\t\t\t\t\t\t<h3 class=\"elementor-flip-box__layer__title\">\n\t\t\t\t\t\t\tMoros y Cristianos\t\t\t\t\t\t<\/h3>\n\t\t\t\t\t\n\t\t\t\t\t\t\t\t\t\t\t<div class=\"elementor-flip-box__layer__description\">\n\t\t\t\t\t\t\tFiestas Patronales en honor a Ntra. Sra. la Virgen de Gracia\nDel 6 al 10 de septiembre\t\t\t\t\t\t<\/div>\n\t\t\t\t\t\n\t\t\t\t\t\t\t\t\t\t\t<a class=\"elementor-flip-box__button elementor-button elementor-size-sm\" href=\"http:\/\/www.caudete.org\/ayuntamiento\/turismo-fiestas-de-moros-y-cristianos\/\">\n\t\t\t\t\t\t\tLeer m\u00e1s\t\t\t\t\t\t<\/a>\n\t\t\t\t\t\t\t\t<\/div>\n\t\t<\/div>\n\t\t<\/div>\n\t\t<\/div>\n\t\t\t\t\t\t<\/div>\n\t\t\t\t<\/div>\n\t\t\t\t\t<\/div>\n\t\t<\/div>\n\t\t\t\t<div class=\"elementor-column elementor-col-25 elementor-inner-column elementor-element elementor-element-2d820d1\" data-id=\"2d820d1\" data-element_type=\"column\" data-e-type=\"column\">\n\t\t\t<div class=\"elementor-widget-wrap elementor-element-populated\">\n\t\t\t\t\t\t<div class=\"elementor-element elementor-element-3812f66 elementor-flip-box--effect-flip elementor-flip-box--direction-up elementor-widget elementor-widget-flip-box\" data-id=\"3812f66\" data-element_type=\"widget\" data-e-type=\"widget\" data-widget_type=\"flip-box.default\">\n\t\t\t\t<div class=\"elementor-widget-container\">\n\t\t\t\t\t\t\t<div class=\"elementor-flip-box\" tabindex=\"0\">\n\t\t\t<div class=\"elementor-flip-box__layer elementor-flip-box__front\">\n\t\t\t\t<div class=\"elementor-flip-box__layer__overlay\">\n\t\t\t\t\t<div class=\"elementor-flip-box__layer__inner\">\n\t\t\t\t\t\t\n\t\t\t\t\t\t\t\t\t\t\t\t\t<h3 class=\"elementor-flip-box__layer__title\">\n\t\t\t\t\t\t\t\tHistoria\t\t\t\t\t\t\t<\/h3>\n\t\t\t\t\t\t\n\t\t\t\t\t\t\t\t\t\t\t<\/div>\n\t\t\t\t<\/div>\n\t\t\t<\/div>\n\t\t\t<div class=\"elementor-flip-box__layer elementor-flip-box__back\">\n\t\t\t<div class=\"elementor-flip-box__layer__overlay\">\n\t\t\t\t<div class=\"elementor-flip-box__layer__inner\">\n\t\t\t\t\t\t\t\t\t\t\t<h3 class=\"elementor-flip-box__layer__title\">\n\t\t\t\t\t\t\tHistoria\t\t\t\t\t\t<\/h3>\n\t\t\t\t\t\n\t\t\t\t\t\t\t\t\t\t\t<div class=\"elementor-flip-box__layer__description\">\n\t\t\t\t\t\t\tCaudete cuenta con una rica historia. Muchas culturas poblaron estas tierras\t\t\t\t\t\t<\/div>\n\t\t\t\t\t\n\t\t\t\t\t\t\t\t\t\t\t<a class=\"elementor-flip-box__button elementor-button elementor-size-sm\" href=\"http:\/\/www.caudete.org\/ayuntamiento\/turismo-caudete-monumental\/\">\n\t\t\t\t\t\t\tLeer m\u00e1s\t\t\t\t\t\t<\/a>\n\t\t\t\t\t\t\t\t<\/div>\n\t\t<\/div>\n\t\t<\/div>\n\t\t<\/div>\n\t\t\t\t\t\t<\/div>\n\t\t\t\t<\/div>\n\t\t\t\t\t<\/div>\n\t\t<\/div>\n\t\t\t\t<div class=\"elementor-column elementor-col-25 elementor-inner-column elementor-element elementor-element-80cbea8\" data-id=\"80cbea8\" data-element_type=\"column\" data-e-type=\"column\">\n\t\t\t<div class=\"elementor-widget-wrap elementor-element-populated\">\n\t\t\t\t\t\t<div class=\"elementor-element elementor-element-2a0afe8 elementor-flip-box--effect-flip elementor-flip-box--direction-up elementor-widget elementor-widget-flip-box\" data-id=\"2a0afe8\" data-element_type=\"widget\" data-e-type=\"widget\" data-widget_type=\"flip-box.default\">\n\t\t\t\t<div class=\"elementor-widget-container\">\n\t\t\t\t\t\t\t<div class=\"elementor-flip-box\" tabindex=\"0\">\n\t\t\t<div class=\"elementor-flip-box__layer elementor-flip-box__front\">\n\t\t\t\t<div class=\"elementor-flip-box__layer__overlay\">\n\t\t\t\t\t<div class=\"elementor-flip-box__layer__inner\">\n\t\t\t\t\t\t\n\t\t\t\t\t\t\t\t\t\t\t\t\t<h3 class=\"elementor-flip-box__layer__title\">\n\t\t\t\t\t\t\t\tDescubre Caudete\t\t\t\t\t\t\t<\/h3>\n\t\t\t\t\t\t\n\t\t\t\t\t\t\t\t\t\t\t<\/div>\n\t\t\t\t<\/div>\n\t\t\t<\/div>\n\t\t\t<div class=\"elementor-flip-box__layer elementor-flip-box__back\">\n\t\t\t<div class=\"elementor-flip-box__layer__overlay\">\n\t\t\t\t<div class=\"elementor-flip-box__layer__inner\">\n\t\t\t\t\t\t\t\t\t\t\t<h3 class=\"elementor-flip-box__layer__title\">\n\t\t\t\t\t\t\tDescubre Caudete\t\t\t\t\t\t<\/h3>\n\t\t\t\t\t\n\t\t\t\t\t\t\t\t\t\t\t<div class=\"elementor-flip-box__layer__description\">\n\t\t\t\t\t\t\tVen conocer nuestro patrimonio, cultura y costumbres\t\t\t\t\t\t<\/div>\n\t\t\t\t\t\n\t\t\t\t\t\t\t\t\t\t\t<a class=\"elementor-flip-box__button elementor-button elementor-size-sm\" href=\"http:\/\/www.caudete.org\/ayuntamiento\/turismo-visita-por-caudete\/\">\n\t\t\t\t\t\t\tLeer m\u00e1s\t\t\t\t\t\t<\/a>\n\t\t\t\t\t\t\t\t<\/div>\n\t\t<\/div>\n\t\t<\/div>\n\t\t<\/div>\n\t\t\t\t\t\t<\/div>\n\t\t\t\t<\/div>\n\t\t\t\t\t<\/div>\n\t\t<\/div>\n\t\t\t\t<div class=\"elementor-column elementor-col-25 elementor-inner-column elementor-element elementor-element-0dbbe93\" data-id=\"0dbbe93\" data-element_type=\"column\" data-e-type=\"column\">\n\t\t\t<div class=\"elementor-widget-wrap elementor-element-populated\">\n\t\t\t\t\t\t<div class=\"elementor-element elementor-element-24b03f5 elementor-flip-box--effect-flip elementor-flip-box--direction-up elementor-widget elementor-widget-flip-box\" data-id=\"24b03f5\" data-element_type=\"widget\" data-e-type=\"widget\" data-widget_type=\"flip-box.default\">\n\t\t\t\t<div class=\"elementor-widget-container\">\n\t\t\t\t\t\t\t<div class=\"elementor-flip-box\" tabindex=\"0\">\n\t\t\t<div class=\"elementor-flip-box__layer elementor-flip-box__front\">\n\t\t\t\t<div class=\"elementor-flip-box__layer__overlay\">\n\t\t\t\t\t<div class=\"elementor-flip-box__layer__inner\">\n\t\t\t\t\t\t\n\t\t\t\t\t\t\t\t\t\t\t\t\t<h3 class=\"elementor-flip-box__layer__title\">\n\t\t\t\t\t\t\t\tDeporte sin l\u00edmite\t\t\t\t\t\t\t<\/h3>\n\t\t\t\t\t\t\n\t\t\t\t\t\t\t\t\t\t\t<\/div>\n\t\t\t\t<\/div>\n\t\t\t<\/div>\n\t\t\t<div class=\"elementor-flip-box__layer elementor-flip-box__back\">\n\t\t\t<div class=\"elementor-flip-box__layer__overlay\">\n\t\t\t\t<div class=\"elementor-flip-box__layer__inner\">\n\t\t\t\t\t\t\t\t\t\t\t<h3 class=\"elementor-flip-box__layer__title\">\n\t\t\t\t\t\t\tDeporte sin l\u00edmites\t\t\t\t\t\t<\/h3>\n\t\t\t\t\t\n\t\t\t\t\t\t\t\t\t\t\t<div class=\"elementor-flip-box__layer__description\">\n\t\t\t\t\t\t\tPor aficionados y por instalaciones, Caudete siente pasi\u00f3n por el deporte\t\t\t\t\t\t<\/div>\n\t\t\t\t\t\n\t\t\t\t\t\t\t\t\t\t\t<a class=\"elementor-flip-box__button elementor-button elementor-size-sm\" href=\"http:\/\/www.caudete.org\/ayuntamiento\/presentacion-deportes\/\">\n\t\t\t\t\t\t\tLeer m\u00e1s\t\t\t\t\t\t<\/a>\n\t\t\t\t\t\t\t\t<\/div>\n\t\t<\/div>\n\t\t<\/div>\n\t\t<\/div>\n\t\t\t\t\t\t<\/div>\n\t\t\t\t<\/div>\n\t\t\t\t\t<\/div>\n\t\t<\/div>\n\t\t\t\t\t<\/div>\n\t\t<\/section>\n\t\t\t\t\t<\/div>\n\t\t<\/div>\n\t\t\t\t\t<\/div>\n\t\t<\/section>\n\t\t\t\t<section class=\"elementor-section elementor-top-section elementor-element elementor-element-8870b0f elementor-section-boxed elementor-section-height-default elementor-section-height-default\" data-id=\"8870b0f\" data-element_type=\"section\" data-e-type=\"section\">\n\t\t\t\t\t\t<div class=\"elementor-container elementor-column-gap-default\">\n\t\t\t\t\t<div class=\"elementor-column elementor-col-100 elementor-top-column elementor-element elementor-element-9fd04d1\" data-id=\"9fd04d1\" data-element_type=\"column\" data-e-type=\"column\">\n\t\t\t<div class=\"elementor-widget-wrap elementor-element-populated\">\n\t\t\t\t\t\t<div class=\"elementor-element elementor-element-27365da elementor-widget elementor-widget-spacer\" data-id=\"27365da\" data-element_type=\"widget\" data-e-type=\"widget\" data-widget_type=\"spacer.default\">\n\t\t\t\t<div class=\"elementor-widget-container\">\n\t\t\t\t\t\t\t<div class=\"elementor-spacer\">\n\t\t\t<div class=\"elementor-spacer-inner\"><\/div>\n\t\t<\/div>\n\t\t\t\t\t\t<\/div>\n\t\t\t\t<\/div>\n\t\t\t\t<div class=\"elementor-element elementor-element-771bfaf elementor-hidden-phone elementor-widget elementor-widget-heading\" data-id=\"771bfaf\" data-element_type=\"widget\" data-e-type=\"widget\" data-widget_type=\"heading.default\">\n\t\t\t\t<div class=\"elementor-widget-container\">\n\t\t\t\t\t<h1 class=\"elementor-heading-title elementor-size-default\">Localizaci\u00f3n<\/h1>\t\t\t\t<\/div>\n\t\t\t\t<\/div>\n\t\t\t\t<div class=\"elementor-element elementor-element-9defe76 elementor-hidden-phone elementor-widget elementor-widget-google_maps\" data-id=\"9defe76\" data-element_type=\"widget\" data-e-type=\"widget\" data-widget_type=\"google_maps.default\">\n\t\t\t\t<div class=\"elementor-widget-container\">\n\t\t\t\t\t\t\t<div class=\"elementor-custom-embed\">\n\t\t\t<iframe loading=\"lazy\"\n\t\t\t\t\tsrc=\"https:\/\/maps.google.com\/maps?q=caudete%2Calbacete%2Cespa%C3%B1a&#038;t=m&#038;z=8&#038;output=embed&#038;iwloc=near\"\n\t\t\t\t\ttitle=\"caudete,albacete,espa\u00f1a\"\n\t\t\t\t\taria-label=\"caudete,albacete,espa\u00f1a\"\n\t\t\t><\/iframe>\n\t\t<\/div>\n\t\t\t\t\t\t<\/div>\n\t\t\t\t<\/div>\n\t\t\t\t\t<\/div>\n\t\t<\/div>\n\t\t\t\t\t<\/div>\n\t\t<\/section>\n\t\t\t\t<section class=\"elementor-section elementor-top-section elementor-element elementor-element-af7c8b0 elementor-section-boxed elementor-section-height-default elementor-section-height-default\" data-id=\"af7c8b0\" data-element_type=\"section\" data-e-type=\"section\">\n\t\t\t\t\t\t<div class=\"elementor-container elementor-column-gap-default\">\n\t\t\t\t\t<div class=\"elementor-column elementor-col-100 elementor-top-column elementor-element elementor-element-15ec9ee\" data-id=\"15ec9ee\" data-element_type=\"column\" data-e-type=\"column\">\n\t\t\t<div class=\"elementor-widget-wrap\">\n\t\t\t\t\t\t\t<\/div>\n\t\t<\/div>\n\t\t\t\t\t<\/div>\n\t\t<\/section>\n\t\t\t\t<\/div>\n\t\t","protected":false},"excerpt":{"rendered":"<p>Noticias Municipales Un lugar llamado Caudete&#8230; Moros y Cristianos Moros y Cristianos Fiestas Patronales en honor a Ntra. Sra. la Virgen de Gracia Del 6 al 10 de septiembre Leer m\u00e1s Historia Historia Caudete cuenta con una rica historia. Muchas culturas poblaron estas tierras Leer m\u00e1s Descubre Caudete Descubre Caudete Ven conocer nuestro patrimonio, cultura &hellip;<\/p>\n","protected":false},"author":1,"featured_media":0,"parent":0,"menu_order":0,"comment_status":"closed","ping_status":"closed","template":"elementor_header_footer","meta":{"ngg_post_thumbnail":0,"footnotes":""},"categories":[],"tags":[],"class_list":["post-5153","page","type-page","status-publish","hentry"],"yoast_head":"<!-- This site is optimized with the Yoast SEO plugin v27.5 - https:\/\/yoast.com\/product\/yoast-seo-wordpress\/ -->\n<title>- Inicio - MI Ayuntamiento de Caudete<\/title>\n<meta name=\"description\" content=\"P\u00e1gina Oficial del Ayuntamiento de Caudete (Albacete)\" \/>\n<meta name=\"robots\" content=\"index, follow, max-snippet:-1, max-image-preview:large, max-video-preview:-1\" \/>\n<link rel=\"canonical\" href=\"https:\/\/www.caudete.org\/ayuntamiento\/\" \/>\n<meta property=\"og:locale\" content=\"es_ES\" \/>\n<meta property=\"og:type\" content=\"article\" \/>\n<meta property=\"og:title\" content=\"- Inicio - MI Ayuntamiento de Caudete\" \/>\n<meta property=\"og:description\" content=\"P\u00e1gina Oficial del Ayuntamiento de Caudete (Albacete)\" \/>\n<meta property=\"og:url\" content=\"https:\/\/www.caudete.org\/ayuntamiento\/\" \/>\n<meta property=\"og:site_name\" content=\"MI Ayuntamiento de Caudete\" \/>\n<meta property=\"article:publisher\" content=\"https:\/\/www.facebook.com\/ayuntamientocaudete\/\" \/>\n<meta property=\"article:modified_time\" content=\"2026-01-23T14:01:53+00:00\" \/>\n<meta name=\"twitter:card\" content=\"summary_large_image\" \/>\n<meta name=\"twitter:label1\" content=\"Tiempo de lectura\" \/>\n\t<meta name=\"twitter:data1\" content=\"19 minutos\" \/>\n<script type=\"application\/ld+json\" class=\"yoast-schema-graph\">{\"@context\":\"https:\\\/\\\/schema.org\",\"@graph\":[{\"@type\":\"WebPage\",\"@id\":\"https:\\\/\\\/www.caudete.org\\\/ayuntamiento\\\/\",\"url\":\"https:\\\/\\\/www.caudete.org\\\/ayuntamiento\\\/\",\"name\":\"- Inicio - MI Ayuntamiento de Caudete\",\"isPartOf\":{\"@id\":\"https:\\\/\\\/www.caudete.org\\\/ayuntamiento\\\/#website\"},\"datePublished\":\"2020-03-12T14:10:13+00:00\",\"dateModified\":\"2026-01-23T14:01:53+00:00\",\"description\":\"P\u00e1gina Oficial del Ayuntamiento de Caudete (Albacete)\",\"breadcrumb\":{\"@id\":\"https:\\\/\\\/www.caudete.org\\\/ayuntamiento\\\/#breadcrumb\"},\"inLanguage\":\"es\",\"potentialAction\":[{\"@type\":\"ReadAction\",\"target\":[\"https:\\\/\\\/www.caudete.org\\\/ayuntamiento\\\/\"]}]},{\"@type\":\"BreadcrumbList\",\"@id\":\"https:\\\/\\\/www.caudete.org\\\/ayuntamiento\\\/#breadcrumb\",\"itemListElement\":[{\"@type\":\"ListItem\",\"position\":1,\"name\":\"Inicio\",\"item\":\"https:\\\/\\\/www.caudete.org\\\/ayuntamiento\\\/\"},{\"@type\":\"ListItem\",\"position\":2,\"name\":\"&#8211; Inicio\"}]},{\"@type\":\"WebSite\",\"@id\":\"https:\\\/\\\/www.caudete.org\\\/ayuntamiento\\\/#website\",\"url\":\"https:\\\/\\\/www.caudete.org\\\/ayuntamiento\\\/\",\"name\":\"MI Ayuntamiento de Caudete\",\"description\":\"P\u00e1gina Oficial del MI Ayuntamiento de Caudete\",\"potentialAction\":[{\"@type\":\"SearchAction\",\"target\":{\"@type\":\"EntryPoint\",\"urlTemplate\":\"https:\\\/\\\/www.caudete.org\\\/ayuntamiento\\\/?s={search_term_string}\"},\"query-input\":{\"@type\":\"PropertyValueSpecification\",\"valueRequired\":true,\"valueName\":\"search_term_string\"}}],\"inLanguage\":\"es\"}]}<\/script>\n<!-- \/ Yoast SEO plugin. -->","yoast_head_json":{"title":"- Inicio - MI Ayuntamiento de Caudete","description":"P\u00e1gina Oficial del Ayuntamiento de Caudete (Albacete)","robots":{"index":"index","follow":"follow","max-snippet":"max-snippet:-1","max-image-preview":"max-image-preview:large","max-video-preview":"max-video-preview:-1"},"canonical":"https:\/\/www.caudete.org\/ayuntamiento\/","og_locale":"es_ES","og_type":"article","og_title":"- Inicio - MI Ayuntamiento de Caudete","og_description":"P\u00e1gina Oficial del Ayuntamiento de Caudete (Albacete)","og_url":"https:\/\/www.caudete.org\/ayuntamiento\/","og_site_name":"MI Ayuntamiento de Caudete","article_publisher":"https:\/\/www.facebook.com\/ayuntamientocaudete\/","article_modified_time":"2026-01-23T14:01:53+00:00","twitter_card":"summary_large_image","twitter_misc":{"Tiempo de lectura":"19 minutos"},"schema":{"@context":"https:\/\/schema.org","@graph":[{"@type":"WebPage","@id":"https:\/\/www.caudete.org\/ayuntamiento\/","url":"https:\/\/www.caudete.org\/ayuntamiento\/","name":"- Inicio - MI Ayuntamiento de Caudete","isPartOf":{"@id":"https:\/\/www.caudete.org\/ayuntamiento\/#website"},"datePublished":"2020-03-12T14:10:13+00:00","dateModified":"2026-01-23T14:01:53+00:00","description":"P\u00e1gina Oficial del Ayuntamiento de Caudete (Albacete)","breadcrumb":{"@id":"https:\/\/www.caudete.org\/ayuntamiento\/#breadcrumb"},"inLanguage":"es","potentialAction":[{"@type":"ReadAction","target":["https:\/\/www.caudete.org\/ayuntamiento\/"]}]},{"@type":"BreadcrumbList","@id":"https:\/\/www.caudete.org\/ayuntamiento\/#breadcrumb","itemListElement":[{"@type":"ListItem","position":1,"name":"Inicio","item":"https:\/\/www.caudete.org\/ayuntamiento\/"},{"@type":"ListItem","position":2,"name":"&#8211; Inicio"}]},{"@type":"WebSite","@id":"https:\/\/www.caudete.org\/ayuntamiento\/#website","url":"https:\/\/www.caudete.org\/ayuntamiento\/","name":"MI Ayuntamiento de Caudete","description":"P\u00e1gina Oficial del MI Ayuntamiento de Caudete","potentialAction":[{"@type":"SearchAction","target":{"@type":"EntryPoint","urlTemplate":"https:\/\/www.caudete.org\/ayuntamiento\/?s={search_term_string}"},"query-input":{"@type":"PropertyValueSpecification","valueRequired":true,"valueName":"search_term_string"}}],"inLanguage":"es"}]}},"_links":{"self":[{"href":"https:\/\/www.caudete.org\/ayuntamiento\/wp-json\/wp\/v2\/pages\/5153","targetHints":{"allow":["GET"]}}],"collection":[{"href":"https:\/\/www.caudete.org\/ayuntamiento\/wp-json\/wp\/v2\/pages"}],"about":[{"href":"https:\/\/www.caudete.org\/ayuntamiento\/wp-json\/wp\/v2\/types\/page"}],"author":[{"embeddable":true,"href":"https:\/\/www.caudete.org\/ayuntamiento\/wp-json\/wp\/v2\/users\/1"}],"replies":[{"embeddable":true,"href":"https:\/\/www.caudete.org\/ayuntamiento\/wp-json\/wp\/v2\/comments?post=5153"}],"version-history":[{"count":459,"href":"https:\/\/www.caudete.org\/ayuntamiento\/wp-json\/wp\/v2\/pages\/5153\/revisions"}],"predecessor-version":[{"id":32410,"href":"https:\/\/www.caudete.org\/ayuntamiento\/wp-json\/wp\/v2\/pages\/5153\/revisions\/32410"}],"wp:attachment":[{"href":"https:\/\/www.caudete.org\/ayuntamiento\/wp-json\/wp\/v2\/media?parent=5153"}],"wp:term":[{"taxonomy":"category","embeddable":true,"href":"https:\/\/www.caudete.org\/ayuntamiento\/wp-json\/wp\/v2\/categories?post=5153"},{"taxonomy":"post_tag","embeddable":true,"href":"https:\/\/www.caudete.org\/ayuntamiento\/wp-json\/wp\/v2\/tags?post=5153"}],"curies":[{"name":"wp","href":"https:\/\/api.w.org\/{rel}","templated":true}]}}