{"id":5882,"date":"2020-11-30T14:32:30","date_gmt":"2020-11-30T13:32:30","guid":{"rendered":"http:\/\/www.caudete.org\/ayuntamiento\/?page_id=5882"},"modified":"2023-01-23T09:54:15","modified_gmt":"2023-01-23T08:54:15","slug":"erasmus-cross","status":"publish","type":"page","link":"https:\/\/www.caudete.org\/ayuntamiento\/erasmus-cross\/","title":{"rendered":"Desarrollo Local &#8211; Erasmus+ Cross"},"content":{"rendered":"<p><strong>Creando Otros Entornos de Aprendizaje<\/strong><\/p>\n<p style=\"text-align: justify;\"><img fetchpriority=\"high\" decoding=\"async\" class=\"aligncenter wp-image-5884 size-full\" src=\"http:\/\/www.caudete.org\/ayuntamiento\/wp-content\/uploads\/2020\/11\/erasmus_cross_2.jpg\" alt=\"\" width=\"800\" height=\"421\" srcset=\"https:\/\/www.caudete.org\/ayuntamiento\/wp-content\/uploads\/2020\/11\/erasmus_cross_2.jpg 800w, https:\/\/www.caudete.org\/ayuntamiento\/wp-content\/uploads\/2020\/11\/erasmus_cross_2-300x158.jpg 300w, https:\/\/www.caudete.org\/ayuntamiento\/wp-content\/uploads\/2020\/11\/erasmus_cross_2-768x404.jpg 768w\" sizes=\"(max-width: 800px) 100vw, 800px\" \/><\/p>\n<p style=\"text-align: justify;\">La Biblioteca P\u00fablica Municipal Ana Mar\u00eda Matute y la Casa de Cultura del Ayuntamiento de Caudete, con la colaboraci\u00f3n de la Agencia de Desarrollo Local de la entidad, participan en el proyecto Erasmus+ <a href=\"https:\/\/www.iserlohn.de\/kultur\/volkshochschule\/projekte\/projekt-cross\" target=\"_blank\" rel=\"nofollow\">\u201cCROSS-Creando Otros Entornos de Aprendizaje\u201d<\/a>.<\/p>\n<p style=\"text-align: justify;\">El proyecto, que se extiende desde septiembre de 2019 hasta agosto de 2021, es una asociaci\u00f3n estrat\u00e9gica financiada por el programa Erasmus + de la Uni\u00f3n Europea para el intercambio de buenas pr\u00e1cticas, en la que participan un total de 7 instituciones (bibliotecas p\u00fablicas europeas y entidades p\u00fablicas y privadas activas en la educaci\u00f3n no formal de adultos).<\/p>\n<p style=\"text-align: justify;\">El Ayuntamiento de Iserlohn (Alemania) a trav\u00e9s de la Volkshochschule der Stadt Iserlohn (Centro de Educaci\u00f3n de Adultos del municipio) y la Stadtb\u00fccherei (Biblioteca Municipal) es el socio promotor y coordinador de la iniciativa.<\/p>\n<p style=\"text-align: justify;\">El objetivo del proyecto es el intercambio de buenas pr\u00e1cticas en la educaci\u00f3n no formal de adultos en entornos culturales como los ofrecidos por las bibliotecas p\u00fablicas, as\u00ed como el an\u00e1lisis de las posibles v\u00edas de cooperaci\u00f3n entre estas instituciones y otros proveedores de educaci\u00f3n de adultos, y todo ello en el actual contexto social de cambio demogr\u00e1fico, individualismo en el aprendizaje, digitalizaci\u00f3n y procesos migratorios.<\/p>\n<p style=\"text-align: justify;\">Se pretende abundar en el concepto de &#8220;Tercer Lugar&#8221; (Ray Oldenburg) como lugar de esparcimiento, socializaci\u00f3n y aprendizaje informal, con el objetivo de llegar a personas que nunca usan las bibliotecas p\u00fablicas o las instalaciones que ofrecen educaci\u00f3n de adultos para mejorar sus conocimientos o habilidades.<\/p>\n<p style=\"text-align: justify;\">La primera reuni\u00f3n transnacional del proyecto (Kick-off Meeting) que tuvo lugar los d\u00edas 4 a 6 de septiembre de 2019 en Iserlohn (Alemania), permiti\u00f3 a los t\u00e9cnicos asistentes de las distintas entidades socias presentar a sus respectivas organizaciones y dise\u00f1ar el plan de trabajo para los pr\u00f3ximos dos a\u00f1os.<\/p>\n<p style=\"text-align: justify;\">Adem\u00e1s de la entidad coordinadora del proyecto CROSS, que es el Ayuntamiento de Iserlohn en Alemania, el resto de socios participantes son el Ayuntamiento de Ny\u00edregyh\u00e1za a trav\u00e9s de su Centro de Educaci\u00f3n de Adultos y Biblioteca en Hungr\u00eda; la Biblioteca Judeteana \u201cOctavian Goga\u201d en la ciudad de Cluj Rumania; la Biblioteca de la ciudad Kranj en Eslovenia; el \u201cR.B.S. Center fir Altersfroen\u201d (Instituto Nacional para el Envejecimiento) en Luxemburgo; la consultora de formaci\u00f3n Stichting Werken &amp; Leren en los Pa\u00edses Bajos y el Ayuntamiento de Caudete, a trav\u00e9s de su Biblioteca P\u00fablica y Casa de Cultura, en Espa\u00f1a.<\/p>\n<p><a href=\"https:\/\/www.caudete.org\/ayuntamiento\/erasmus-cross\/1-0_cross_projekt_dokumentation_2022_final\/\" rel=\"attachment wp-att-21176\">1.0_CROSS_Projekt_Dokumentation_2022<\/a><br \/>\n<a href=\"https:\/\/www.caudete.org\/ayuntamiento\/erasmus-cross\/cross_projekt_toolbox\/\" rel=\"attachment wp-att-21177\">CROSS_Projekt_ToolBox<\/a><\/p>\n<p><img decoding=\"async\" class=\"aligncenter size-full wp-image-5883\" src=\"http:\/\/www.caudete.org\/ayuntamiento\/wp-content\/uploads\/2020\/11\/cross_erasmus.jpg\" alt=\"\" width=\"650\" height=\"97\" srcset=\"https:\/\/www.caudete.org\/ayuntamiento\/wp-content\/uploads\/2020\/11\/cross_erasmus.jpg 650w, https:\/\/www.caudete.org\/ayuntamiento\/wp-content\/uploads\/2020\/11\/cross_erasmus-300x45.jpg 300w\" sizes=\"(max-width: 650px) 100vw, 650px\" \/><\/p>\n<p style=\"text-align: justify;\">Este proyecto est\u00e1 cofinanciado por el programa Erasmus+ de la Uni\u00f3n Europea. El contenido de las publicaciones de este apartado es responsabilidad exclusiva del Ayuntamiento de Caudete y la Comisi\u00f3n Europea no es responsable del uso que pueda hacerse de la informaci\u00f3n aqu\u00ed difundida.<\/p>\n","protected":false},"excerpt":{"rendered":"<p>Creando Otros Entornos de Aprendizaje La Biblioteca P\u00fablica Municipal Ana Mar\u00eda Matute y la Casa de Cultura del Ayuntamiento de Caudete, con la colaboraci\u00f3n de la Agencia de Desarrollo Local de la entidad, participan en el proyecto Erasmus+ \u201cCROSS-Creando Otros Entornos de Aprendizaje\u201d. El proyecto, que se extiende desde septiembre de 2019 hasta agosto de &hellip;<\/p>\n","protected":false},"author":1,"featured_media":0,"parent":0,"menu_order":0,"comment_status":"closed","ping_status":"closed","template":"","meta":{"ngg_post_thumbnail":0,"footnotes":""},"categories":[87,98],"tags":[],"class_list":["post-5882","page","type-page","status-publish","hentry","category-desarrollo-local","category-desarrollo-local-2"],"yoast_head":"<!-- This site is optimized with the Yoast SEO plugin v27.4 - https:\/\/yoast.com\/product\/yoast-seo-wordpress\/ -->\n<title>Desarrollo Local - Erasmus+ Cross - MI Ayuntamiento de Caudete<\/title>\n<meta name=\"description\" content=\"P\u00e1gina Oficial del Ayuntamiento de Caudete (Albacete)\" \/>\n<meta name=\"robots\" content=\"index, follow, max-snippet:-1, max-image-preview:large, max-video-preview:-1\" \/>\n<link rel=\"canonical\" href=\"https:\/\/www.caudete.org\/ayuntamiento\/erasmus-cross\/\" \/>\n<meta property=\"og:locale\" content=\"es_ES\" \/>\n<meta property=\"og:type\" content=\"article\" \/>\n<meta property=\"og:title\" content=\"Desarrollo Local - Erasmus+ Cross - MI Ayuntamiento de Caudete\" \/>\n<meta property=\"og:description\" content=\"P\u00e1gina Oficial del Ayuntamiento de Caudete (Albacete)\" \/>\n<meta property=\"og:url\" content=\"https:\/\/www.caudete.org\/ayuntamiento\/erasmus-cross\/\" \/>\n<meta property=\"og:site_name\" content=\"MI Ayuntamiento de Caudete\" \/>\n<meta property=\"article:publisher\" content=\"https:\/\/www.facebook.com\/ayuntamientocaudete\/\" \/>\n<meta property=\"article:modified_time\" content=\"2023-01-23T08:54:15+00:00\" \/>\n<meta property=\"og:image\" content=\"http:\/\/www.caudete.org\/ayuntamiento\/wp-content\/uploads\/2020\/11\/erasmus_cross_2.jpg\" \/>\n<meta name=\"twitter:card\" content=\"summary_large_image\" \/>\n<meta name=\"twitter:label1\" content=\"Tiempo de lectura\" \/>\n\t<meta name=\"twitter:data1\" content=\"3 minutos\" \/>\n<script type=\"application\/ld+json\" class=\"yoast-schema-graph\">{\"@context\":\"https:\\\/\\\/schema.org\",\"@graph\":[{\"@type\":\"WebPage\",\"@id\":\"https:\\\/\\\/www.caudete.org\\\/ayuntamiento\\\/erasmus-cross\\\/\",\"url\":\"https:\\\/\\\/www.caudete.org\\\/ayuntamiento\\\/erasmus-cross\\\/\",\"name\":\"Desarrollo Local - Erasmus+ Cross - MI Ayuntamiento de Caudete\",\"isPartOf\":{\"@id\":\"https:\\\/\\\/www.caudete.org\\\/ayuntamiento\\\/#website\"},\"primaryImageOfPage\":{\"@id\":\"https:\\\/\\\/www.caudete.org\\\/ayuntamiento\\\/erasmus-cross\\\/#primaryimage\"},\"image\":{\"@id\":\"https:\\\/\\\/www.caudete.org\\\/ayuntamiento\\\/erasmus-cross\\\/#primaryimage\"},\"thumbnailUrl\":\"http:\\\/\\\/www.caudete.org\\\/ayuntamiento\\\/wp-content\\\/uploads\\\/2020\\\/11\\\/erasmus_cross_2.jpg\",\"datePublished\":\"2020-11-30T13:32:30+00:00\",\"dateModified\":\"2023-01-23T08:54:15+00:00\",\"description\":\"P\u00e1gina Oficial del Ayuntamiento de Caudete (Albacete)\",\"breadcrumb\":{\"@id\":\"https:\\\/\\\/www.caudete.org\\\/ayuntamiento\\\/erasmus-cross\\\/#breadcrumb\"},\"inLanguage\":\"es\",\"potentialAction\":[{\"@type\":\"ReadAction\",\"target\":[\"https:\\\/\\\/www.caudete.org\\\/ayuntamiento\\\/erasmus-cross\\\/\"]}]},{\"@type\":\"ImageObject\",\"inLanguage\":\"es\",\"@id\":\"https:\\\/\\\/www.caudete.org\\\/ayuntamiento\\\/erasmus-cross\\\/#primaryimage\",\"url\":\"https:\\\/\\\/www.caudete.org\\\/ayuntamiento\\\/wp-content\\\/uploads\\\/2020\\\/11\\\/erasmus_cross_2.jpg\",\"contentUrl\":\"https:\\\/\\\/www.caudete.org\\\/ayuntamiento\\\/wp-content\\\/uploads\\\/2020\\\/11\\\/erasmus_cross_2.jpg\",\"width\":800,\"height\":421},{\"@type\":\"BreadcrumbList\",\"@id\":\"https:\\\/\\\/www.caudete.org\\\/ayuntamiento\\\/erasmus-cross\\\/#breadcrumb\",\"itemListElement\":[{\"@type\":\"ListItem\",\"position\":1,\"name\":\"Inicio\",\"item\":\"https:\\\/\\\/www.caudete.org\\\/ayuntamiento\\\/\"},{\"@type\":\"ListItem\",\"position\":2,\"name\":\"Desarrollo Local &#8211; Erasmus+ Cross\"}]},{\"@type\":\"WebSite\",\"@id\":\"https:\\\/\\\/www.caudete.org\\\/ayuntamiento\\\/#website\",\"url\":\"https:\\\/\\\/www.caudete.org\\\/ayuntamiento\\\/\",\"name\":\"MI Ayuntamiento de Caudete\",\"description\":\"P\u00e1gina Oficial del MI Ayuntamiento de Caudete\",\"publisher\":{\"@id\":\"https:\\\/\\\/www.caudete.org\\\/ayuntamiento\\\/#organization\"},\"potentialAction\":[{\"@type\":\"SearchAction\",\"target\":{\"@type\":\"EntryPoint\",\"urlTemplate\":\"https:\\\/\\\/www.caudete.org\\\/ayuntamiento\\\/?s={search_term_string}\"},\"query-input\":{\"@type\":\"PropertyValueSpecification\",\"valueRequired\":true,\"valueName\":\"search_term_string\"}}],\"inLanguage\":\"es\"},{\"@type\":\"Organization\",\"@id\":\"https:\\\/\\\/www.caudete.org\\\/ayuntamiento\\\/#organization\",\"name\":\"Ayuntamiento de Caudete\",\"url\":\"https:\\\/\\\/www.caudete.org\\\/ayuntamiento\\\/\",\"logo\":{\"@type\":\"ImageObject\",\"inLanguage\":\"es\",\"@id\":\"https:\\\/\\\/www.caudete.org\\\/ayuntamiento\\\/#\\\/schema\\\/logo\\\/image\\\/\",\"url\":\"https:\\\/\\\/www.caudete.org\\\/ayuntamiento\\\/wp-content\\\/uploads\\\/2020\\\/11\\\/logo_ayuntamiento_caudete.jpg\",\"contentUrl\":\"https:\\\/\\\/www.caudete.org\\\/ayuntamiento\\\/wp-content\\\/uploads\\\/2020\\\/11\\\/logo_ayuntamiento_caudete.jpg\",\"width\":600,\"height\":150,\"caption\":\"Ayuntamiento de Caudete\"},\"image\":{\"@id\":\"https:\\\/\\\/www.caudete.org\\\/ayuntamiento\\\/#\\\/schema\\\/logo\\\/image\\\/\"},\"sameAs\":[\"https:\\\/\\\/www.facebook.com\\\/ayuntamientocaudete\\\/\",\"https:\\\/\\\/www.youtube.com\\\/channel\\\/UC6VztHaooNsGpw-tNoBEFnQ\"]}]}<\/script>\n<!-- \/ Yoast SEO plugin. -->","yoast_head_json":{"title":"Desarrollo Local - Erasmus+ Cross - MI Ayuntamiento de Caudete","description":"P\u00e1gina Oficial del Ayuntamiento de Caudete (Albacete)","robots":{"index":"index","follow":"follow","max-snippet":"max-snippet:-1","max-image-preview":"max-image-preview:large","max-video-preview":"max-video-preview:-1"},"canonical":"https:\/\/www.caudete.org\/ayuntamiento\/erasmus-cross\/","og_locale":"es_ES","og_type":"article","og_title":"Desarrollo Local - Erasmus+ Cross - MI Ayuntamiento de Caudete","og_description":"P\u00e1gina Oficial del Ayuntamiento de Caudete (Albacete)","og_url":"https:\/\/www.caudete.org\/ayuntamiento\/erasmus-cross\/","og_site_name":"MI Ayuntamiento de Caudete","article_publisher":"https:\/\/www.facebook.com\/ayuntamientocaudete\/","article_modified_time":"2023-01-23T08:54:15+00:00","og_image":[{"url":"http:\/\/www.caudete.org\/ayuntamiento\/wp-content\/uploads\/2020\/11\/erasmus_cross_2.jpg","type":"","width":"","height":""}],"twitter_card":"summary_large_image","twitter_misc":{"Tiempo de lectura":"3 minutos"},"schema":{"@context":"https:\/\/schema.org","@graph":[{"@type":"WebPage","@id":"https:\/\/www.caudete.org\/ayuntamiento\/erasmus-cross\/","url":"https:\/\/www.caudete.org\/ayuntamiento\/erasmus-cross\/","name":"Desarrollo Local - Erasmus+ Cross - MI Ayuntamiento de Caudete","isPartOf":{"@id":"https:\/\/www.caudete.org\/ayuntamiento\/#website"},"primaryImageOfPage":{"@id":"https:\/\/www.caudete.org\/ayuntamiento\/erasmus-cross\/#primaryimage"},"image":{"@id":"https:\/\/www.caudete.org\/ayuntamiento\/erasmus-cross\/#primaryimage"},"thumbnailUrl":"http:\/\/www.caudete.org\/ayuntamiento\/wp-content\/uploads\/2020\/11\/erasmus_cross_2.jpg","datePublished":"2020-11-30T13:32:30+00:00","dateModified":"2023-01-23T08:54:15+00:00","description":"P\u00e1gina Oficial del Ayuntamiento de Caudete (Albacete)","breadcrumb":{"@id":"https:\/\/www.caudete.org\/ayuntamiento\/erasmus-cross\/#breadcrumb"},"inLanguage":"es","potentialAction":[{"@type":"ReadAction","target":["https:\/\/www.caudete.org\/ayuntamiento\/erasmus-cross\/"]}]},{"@type":"ImageObject","inLanguage":"es","@id":"https:\/\/www.caudete.org\/ayuntamiento\/erasmus-cross\/#primaryimage","url":"https:\/\/www.caudete.org\/ayuntamiento\/wp-content\/uploads\/2020\/11\/erasmus_cross_2.jpg","contentUrl":"https:\/\/www.caudete.org\/ayuntamiento\/wp-content\/uploads\/2020\/11\/erasmus_cross_2.jpg","width":800,"height":421},{"@type":"BreadcrumbList","@id":"https:\/\/www.caudete.org\/ayuntamiento\/erasmus-cross\/#breadcrumb","itemListElement":[{"@type":"ListItem","position":1,"name":"Inicio","item":"https:\/\/www.caudete.org\/ayuntamiento\/"},{"@type":"ListItem","position":2,"name":"Desarrollo Local &#8211; Erasmus+ Cross"}]},{"@type":"WebSite","@id":"https:\/\/www.caudete.org\/ayuntamiento\/#website","url":"https:\/\/www.caudete.org\/ayuntamiento\/","name":"MI Ayuntamiento de Caudete","description":"P\u00e1gina Oficial del MI Ayuntamiento de Caudete","publisher":{"@id":"https:\/\/www.caudete.org\/ayuntamiento\/#organization"},"potentialAction":[{"@type":"SearchAction","target":{"@type":"EntryPoint","urlTemplate":"https:\/\/www.caudete.org\/ayuntamiento\/?s={search_term_string}"},"query-input":{"@type":"PropertyValueSpecification","valueRequired":true,"valueName":"search_term_string"}}],"inLanguage":"es"},{"@type":"Organization","@id":"https:\/\/www.caudete.org\/ayuntamiento\/#organization","name":"Ayuntamiento de Caudete","url":"https:\/\/www.caudete.org\/ayuntamiento\/","logo":{"@type":"ImageObject","inLanguage":"es","@id":"https:\/\/www.caudete.org\/ayuntamiento\/#\/schema\/logo\/image\/","url":"https:\/\/www.caudete.org\/ayuntamiento\/wp-content\/uploads\/2020\/11\/logo_ayuntamiento_caudete.jpg","contentUrl":"https:\/\/www.caudete.org\/ayuntamiento\/wp-content\/uploads\/2020\/11\/logo_ayuntamiento_caudete.jpg","width":600,"height":150,"caption":"Ayuntamiento de Caudete"},"image":{"@id":"https:\/\/www.caudete.org\/ayuntamiento\/#\/schema\/logo\/image\/"},"sameAs":["https:\/\/www.facebook.com\/ayuntamientocaudete\/","https:\/\/www.youtube.com\/channel\/UC6VztHaooNsGpw-tNoBEFnQ"]}]}},"_links":{"self":[{"href":"https:\/\/www.caudete.org\/ayuntamiento\/wp-json\/wp\/v2\/pages\/5882","targetHints":{"allow":["GET"]}}],"collection":[{"href":"https:\/\/www.caudete.org\/ayuntamiento\/wp-json\/wp\/v2\/pages"}],"about":[{"href":"https:\/\/www.caudete.org\/ayuntamiento\/wp-json\/wp\/v2\/types\/page"}],"author":[{"embeddable":true,"href":"https:\/\/www.caudete.org\/ayuntamiento\/wp-json\/wp\/v2\/users\/1"}],"replies":[{"embeddable":true,"href":"https:\/\/www.caudete.org\/ayuntamiento\/wp-json\/wp\/v2\/comments?post=5882"}],"version-history":[{"count":8,"href":"https:\/\/www.caudete.org\/ayuntamiento\/wp-json\/wp\/v2\/pages\/5882\/revisions"}],"predecessor-version":[{"id":21179,"href":"https:\/\/www.caudete.org\/ayuntamiento\/wp-json\/wp\/v2\/pages\/5882\/revisions\/21179"}],"wp:attachment":[{"href":"https:\/\/www.caudete.org\/ayuntamiento\/wp-json\/wp\/v2\/media?parent=5882"}],"wp:term":[{"taxonomy":"category","embeddable":true,"href":"https:\/\/www.caudete.org\/ayuntamiento\/wp-json\/wp\/v2\/categories?post=5882"},{"taxonomy":"post_tag","embeddable":true,"href":"https:\/\/www.caudete.org\/ayuntamiento\/wp-json\/wp\/v2\/tags?post=5882"}],"curies":[{"name":"wp","href":"https:\/\/api.w.org\/{rel}","templated":true}]}}