{"id":5897,"date":"2020-11-30T14:43:51","date_gmt":"2020-11-30T13:43:51","guid":{"rendered":"http:\/\/www.caudete.org\/ayuntamiento\/?page_id=5897"},"modified":"2020-12-05T13:46:33","modified_gmt":"2020-12-05T12:46:33","slug":"cultura-inclusion-2018","status":"publish","type":"page","link":"https:\/\/www.caudete.org\/ayuntamiento\/cultura-inclusion-2018\/","title":{"rendered":"Desarrollo Local &#8211; +Cultura +Inclusi\u00f3n 2018"},"content":{"rendered":"<p style=\"text-align: justify;\"><strong>+Cultura +Inclusi\u00f3n<\/strong>, ha sido un proyecto Erasmus+ de movilidad con fines de formaci\u00f3n dirigido a personal que trabaja en la educaci\u00f3n de adultos.<\/p>\n<p style=\"text-align: justify;\">El proyecto se present\u00f3 por un consorcio que agrupa a tres organizaciones sin \u00e1nimo de lucro (Fundaci\u00f3n Diagrama Intervenci\u00f3n Psicosocial, Asprona Plena Inclusi\u00f3n y Acafem) que trabajan en la atenci\u00f3n y formaci\u00f3n ocupacional de personas con discapacidad f\u00edsica o mental, o afectadas de enfermedad mental, adem\u00e1s del Ayuntamiento de Caudete, coordinador del proyecto y entidad de env\u00edo de personal del \u00e1rea de cultura y desarrollo estrat\u00e9gico de la entidad.<\/p>\n<p style=\"text-align: justify;\">El proyecto surge a partir de la participaci\u00f3n del coordinador del consorcio en un Seminario de Contacto Internacional organizado por la Agencia Nacional Italia (INAPP), &#8220;Erasmus+ por la Equidad y la Inclusi\u00f3n&#8221;, en Roma los d\u00edas 23 y 24 de noviembre de 2017.<\/p>\n<p style=\"text-align: justify;\">Este encuentro facilit\u00f3 el contacto con entidades italianas que trabajan con personas con discapacidad f\u00edsica o mental, o afectadas de enfermedad mental, desarrollando programas de formaci\u00f3n ocupacional o metodolog\u00edas innovadoras aplicables a estos colectivos.<\/p>\n<p style=\"text-align: justify;\">El proyecto ha permitido que 14 profesionales que trabajan en la educaci\u00f3n de personas con discapacidad f\u00edsica o mental, o afectadas de enfermedad mental, incluido personal del \u00e1rea de cultura del Ayuntamiento de Caudete, realicen actividades de observaci\u00f3n de 3 d\u00edas de duraci\u00f3n en entidades hom\u00f3logas de Italia:<\/p>\n<p style=\"text-align: justify;\">-Un centro educativo de formaci\u00f3n profesional inclusivo que cuenta entre su alumnado con j\u00f3venes mayores de edad con discapacidad, para cuya plena inclusi\u00f3n el centro se sirve de estructuras externas de apoyo que facilitan programas de formaci\u00f3n y trabajo protegido que posibilitan la formaci\u00f3n reglada de personas con discapacidad en una pol\u00edtica de no exclusi\u00f3n.<br \/>\n-Una entidad sin \u00e1nimo de lucro que trabaja en el desarrollo y aplicaci\u00f3n de metodolog\u00edas innovadoras dirigidas a la atenci\u00f3n, tratamiento y formaci\u00f3n de personas con discapacidad o enfermedad mental, a trav\u00e9s de la arte-terapia o la estimulaci\u00f3n sensorial.<br \/>\n-Una cooperativa social que cuenta con centros socio-ocupacionales para la formaci\u00f3n de personas con discapacidad o enfermedad mental.<\/p>\n<p style=\"text-align: justify;\">Otros 2 profesionales de una de las entidades socias del consorcio han realizado un curso estructurado de 5 d\u00edas de duraci\u00f3n en una consultora de formaci\u00f3n italiana sobre una metodolog\u00eda innovadora dirigida a la formaci\u00f3n ocupacional de personas con discapacidad en el \u00e1mbito agrario (PROFARM), que ha sido desarrollada en el marco de un proyecto Erasmus+ KA3 coordinado por el gobierno de la regi\u00f3n de Umbria.<\/p>\n<p style=\"text-align: justify;\">Por \u00faltimo, 2 t\u00e9cnicos del Ayuntamiento de Caudete vinculados a las \u00e1reas de cultura, educaci\u00f3n de adultos y desarrollo estrat\u00e9gico de la organizaci\u00f3n han podido conocer las instalaciones, metodolog\u00edas y amplia oferta formativa del Instituto de Educaci\u00f3n de Adultos del Ayuntamiento de Iserlohn (Alemania), as\u00ed como su biblioteca municipal y galer\u00eda de arte, en pleno proceso de reestructuraci\u00f3n en cuanto a sus programaciones y actividades culturales para dar respuesta a las demandas de la ciudadan\u00eda adulta en tiempos de cambio y necesidad de formaci\u00f3n permanente.<\/p>\n<p style=\"text-align: justify;\">El proyecto ha permitido el contacto de las entidades socias y su personal con entidades hom\u00f3logas de otros pa\u00edses activas en los \u00e1mbitos de la cultura, la educaci\u00f3n de adultos y la formaci\u00f3n de personas con discapacidad y\/o enfermedad mental, seg\u00fan el caso, como forma de innovar en dichas entidades, favoreciendo el aprendizaje y la formaci\u00f3n continua de su personal, el intercambio de buenas pr\u00e1cticas, la mejora de las competencias ling\u00fc\u00edsticas, y el conocimiento de metodolog\u00edas aplicables a los colectivos con los que trabajan, que redunden en una formaci\u00f3n de mayor calidad y en un desarrollo estrat\u00e9gico de las organizaciones, facilitando colaboraciones futuras en proyectos de asociaciones estrat\u00e9gicas que incluyan movilidades de los educandos de estas organizaciones.<\/p>\n<p style=\"text-align: justify;\">Las entidades socias del consorcio cuentan con centros de trabajo o sede en el municipio de Caudete, pero algunas de ellas tienen implantaci\u00f3n a nivel provincial o regional y han participado en el proyecto con personal de centros de trabajo de diferentes municipios de la provincia de Albacete y de la Regi\u00f3n de Murcia, lo que ha favorecido que el proyecto tenga un impacto m\u00e1s all\u00e1 del municipio de Caudete, promotor de la iniciativa.<\/p>\n<p style=\"text-align: justify;\"><img fetchpriority=\"high\" decoding=\"async\" class=\"aligncenter size-full wp-image-5898\" src=\"http:\/\/www.caudete.org\/ayuntamiento\/wp-content\/uploads\/2020\/11\/cultura-inclusion.jpg\" alt=\"\" width=\"650\" height=\"83\" srcset=\"https:\/\/www.caudete.org\/ayuntamiento\/wp-content\/uploads\/2020\/11\/cultura-inclusion.jpg 650w, https:\/\/www.caudete.org\/ayuntamiento\/wp-content\/uploads\/2020\/11\/cultura-inclusion-300x38.jpg 300w\" sizes=\"(max-width: 650px) 100vw, 650px\" \/><\/p>\n<p style=\"text-align: justify;\">El proyecto \u201c+CULTURA +INCLUSI\u00d3N\u201d est\u00e1 cofinanciado por el programa Erasmus+ de la Uni\u00f3n Europea. El contenido de las publicaciones de este apartado es responsabilidad exclusiva del Ayuntamiento de Caudete y ni la Comisi\u00f3n Europea, ni el Servicio Espa\u00f1ol para la Internacionalizaci\u00f3n de la Educaci\u00f3n (SEPIE) son responsables del uso que pueda hacerse de la informaci\u00f3n aqu\u00ed difundida.<\/p>\n","protected":false},"excerpt":{"rendered":"<p>+Cultura +Inclusi\u00f3n, ha sido un proyecto Erasmus+ de movilidad con fines de formaci\u00f3n dirigido a personal que trabaja en la educaci\u00f3n de adultos. El proyecto se present\u00f3 por un consorcio que agrupa a tres organizaciones sin \u00e1nimo de lucro (Fundaci\u00f3n Diagrama Intervenci\u00f3n Psicosocial, Asprona Plena Inclusi\u00f3n y Acafem) que trabajan en la atenci\u00f3n y formaci\u00f3n &hellip;<\/p>\n","protected":false},"author":1,"featured_media":0,"parent":0,"menu_order":0,"comment_status":"closed","ping_status":"closed","template":"","meta":{"ngg_post_thumbnail":0,"footnotes":""},"categories":[87,98],"tags":[],"class_list":["post-5897","page","type-page","status-publish","hentry","category-desarrollo-local","category-desarrollo-local-2"],"yoast_head":"<!-- This site is optimized with the Yoast SEO plugin v27.4 - https:\/\/yoast.com\/product\/yoast-seo-wordpress\/ -->\n<title>Desarrollo Local - +Cultura +Inclusi\u00f3n 2018 - MI Ayuntamiento de Caudete<\/title>\n<meta name=\"description\" content=\"P\u00e1gina Oficial del Ayuntamiento de Caudete (Albacete)\" \/>\n<meta name=\"robots\" content=\"index, follow, max-snippet:-1, max-image-preview:large, max-video-preview:-1\" \/>\n<link rel=\"canonical\" href=\"https:\/\/www.caudete.org\/ayuntamiento\/cultura-inclusion-2018\/\" \/>\n<meta property=\"og:locale\" content=\"es_ES\" \/>\n<meta property=\"og:type\" content=\"article\" \/>\n<meta property=\"og:title\" content=\"Desarrollo Local - +Cultura +Inclusi\u00f3n 2018 - MI Ayuntamiento de Caudete\" \/>\n<meta property=\"og:description\" content=\"P\u00e1gina Oficial del Ayuntamiento de Caudete (Albacete)\" \/>\n<meta property=\"og:url\" content=\"https:\/\/www.caudete.org\/ayuntamiento\/cultura-inclusion-2018\/\" \/>\n<meta property=\"og:site_name\" content=\"MI Ayuntamiento de Caudete\" \/>\n<meta property=\"article:publisher\" content=\"https:\/\/www.facebook.com\/ayuntamientocaudete\/\" \/>\n<meta property=\"article:modified_time\" content=\"2020-12-05T12:46:33+00:00\" \/>\n<meta property=\"og:image\" content=\"http:\/\/www.caudete.org\/ayuntamiento\/wp-content\/uploads\/2020\/11\/cultura-inclusion.jpg\" \/>\n<meta name=\"twitter:card\" content=\"summary_large_image\" \/>\n<meta name=\"twitter:label1\" content=\"Tiempo de lectura\" \/>\n\t<meta name=\"twitter:data1\" content=\"4 minutos\" \/>\n<script type=\"application\/ld+json\" class=\"yoast-schema-graph\">{\"@context\":\"https:\\\/\\\/schema.org\",\"@graph\":[{\"@type\":\"WebPage\",\"@id\":\"https:\\\/\\\/www.caudete.org\\\/ayuntamiento\\\/cultura-inclusion-2018\\\/\",\"url\":\"https:\\\/\\\/www.caudete.org\\\/ayuntamiento\\\/cultura-inclusion-2018\\\/\",\"name\":\"Desarrollo Local - +Cultura +Inclusi\u00f3n 2018 - MI Ayuntamiento de Caudete\",\"isPartOf\":{\"@id\":\"https:\\\/\\\/www.caudete.org\\\/ayuntamiento\\\/#website\"},\"primaryImageOfPage\":{\"@id\":\"https:\\\/\\\/www.caudete.org\\\/ayuntamiento\\\/cultura-inclusion-2018\\\/#primaryimage\"},\"image\":{\"@id\":\"https:\\\/\\\/www.caudete.org\\\/ayuntamiento\\\/cultura-inclusion-2018\\\/#primaryimage\"},\"thumbnailUrl\":\"http:\\\/\\\/www.caudete.org\\\/ayuntamiento\\\/wp-content\\\/uploads\\\/2020\\\/11\\\/cultura-inclusion.jpg\",\"datePublished\":\"2020-11-30T13:43:51+00:00\",\"dateModified\":\"2020-12-05T12:46:33+00:00\",\"description\":\"P\u00e1gina Oficial del Ayuntamiento de Caudete (Albacete)\",\"breadcrumb\":{\"@id\":\"https:\\\/\\\/www.caudete.org\\\/ayuntamiento\\\/cultura-inclusion-2018\\\/#breadcrumb\"},\"inLanguage\":\"es\",\"potentialAction\":[{\"@type\":\"ReadAction\",\"target\":[\"https:\\\/\\\/www.caudete.org\\\/ayuntamiento\\\/cultura-inclusion-2018\\\/\"]}]},{\"@type\":\"ImageObject\",\"inLanguage\":\"es\",\"@id\":\"https:\\\/\\\/www.caudete.org\\\/ayuntamiento\\\/cultura-inclusion-2018\\\/#primaryimage\",\"url\":\"https:\\\/\\\/www.caudete.org\\\/ayuntamiento\\\/wp-content\\\/uploads\\\/2020\\\/11\\\/cultura-inclusion.jpg\",\"contentUrl\":\"https:\\\/\\\/www.caudete.org\\\/ayuntamiento\\\/wp-content\\\/uploads\\\/2020\\\/11\\\/cultura-inclusion.jpg\",\"width\":650,\"height\":83},{\"@type\":\"BreadcrumbList\",\"@id\":\"https:\\\/\\\/www.caudete.org\\\/ayuntamiento\\\/cultura-inclusion-2018\\\/#breadcrumb\",\"itemListElement\":[{\"@type\":\"ListItem\",\"position\":1,\"name\":\"Inicio\",\"item\":\"https:\\\/\\\/www.caudete.org\\\/ayuntamiento\\\/\"},{\"@type\":\"ListItem\",\"position\":2,\"name\":\"Desarrollo Local &#8211; +Cultura +Inclusi\u00f3n 2018\"}]},{\"@type\":\"WebSite\",\"@id\":\"https:\\\/\\\/www.caudete.org\\\/ayuntamiento\\\/#website\",\"url\":\"https:\\\/\\\/www.caudete.org\\\/ayuntamiento\\\/\",\"name\":\"MI Ayuntamiento de Caudete\",\"description\":\"P\u00e1gina Oficial del MI Ayuntamiento de Caudete\",\"publisher\":{\"@id\":\"https:\\\/\\\/www.caudete.org\\\/ayuntamiento\\\/#organization\"},\"potentialAction\":[{\"@type\":\"SearchAction\",\"target\":{\"@type\":\"EntryPoint\",\"urlTemplate\":\"https:\\\/\\\/www.caudete.org\\\/ayuntamiento\\\/?s={search_term_string}\"},\"query-input\":{\"@type\":\"PropertyValueSpecification\",\"valueRequired\":true,\"valueName\":\"search_term_string\"}}],\"inLanguage\":\"es\"},{\"@type\":\"Organization\",\"@id\":\"https:\\\/\\\/www.caudete.org\\\/ayuntamiento\\\/#organization\",\"name\":\"Ayuntamiento de Caudete\",\"url\":\"https:\\\/\\\/www.caudete.org\\\/ayuntamiento\\\/\",\"logo\":{\"@type\":\"ImageObject\",\"inLanguage\":\"es\",\"@id\":\"https:\\\/\\\/www.caudete.org\\\/ayuntamiento\\\/#\\\/schema\\\/logo\\\/image\\\/\",\"url\":\"https:\\\/\\\/www.caudete.org\\\/ayuntamiento\\\/wp-content\\\/uploads\\\/2020\\\/11\\\/logo_ayuntamiento_caudete.jpg\",\"contentUrl\":\"https:\\\/\\\/www.caudete.org\\\/ayuntamiento\\\/wp-content\\\/uploads\\\/2020\\\/11\\\/logo_ayuntamiento_caudete.jpg\",\"width\":600,\"height\":150,\"caption\":\"Ayuntamiento de Caudete\"},\"image\":{\"@id\":\"https:\\\/\\\/www.caudete.org\\\/ayuntamiento\\\/#\\\/schema\\\/logo\\\/image\\\/\"},\"sameAs\":[\"https:\\\/\\\/www.facebook.com\\\/ayuntamientocaudete\\\/\",\"https:\\\/\\\/www.youtube.com\\\/channel\\\/UC6VztHaooNsGpw-tNoBEFnQ\"]}]}<\/script>\n<!-- \/ Yoast SEO plugin. -->","yoast_head_json":{"title":"Desarrollo Local - +Cultura +Inclusi\u00f3n 2018 - MI Ayuntamiento de Caudete","description":"P\u00e1gina Oficial del Ayuntamiento de Caudete (Albacete)","robots":{"index":"index","follow":"follow","max-snippet":"max-snippet:-1","max-image-preview":"max-image-preview:large","max-video-preview":"max-video-preview:-1"},"canonical":"https:\/\/www.caudete.org\/ayuntamiento\/cultura-inclusion-2018\/","og_locale":"es_ES","og_type":"article","og_title":"Desarrollo Local - +Cultura +Inclusi\u00f3n 2018 - MI Ayuntamiento de Caudete","og_description":"P\u00e1gina Oficial del Ayuntamiento de Caudete (Albacete)","og_url":"https:\/\/www.caudete.org\/ayuntamiento\/cultura-inclusion-2018\/","og_site_name":"MI Ayuntamiento de Caudete","article_publisher":"https:\/\/www.facebook.com\/ayuntamientocaudete\/","article_modified_time":"2020-12-05T12:46:33+00:00","og_image":[{"url":"http:\/\/www.caudete.org\/ayuntamiento\/wp-content\/uploads\/2020\/11\/cultura-inclusion.jpg","type":"","width":"","height":""}],"twitter_card":"summary_large_image","twitter_misc":{"Tiempo de lectura":"4 minutos"},"schema":{"@context":"https:\/\/schema.org","@graph":[{"@type":"WebPage","@id":"https:\/\/www.caudete.org\/ayuntamiento\/cultura-inclusion-2018\/","url":"https:\/\/www.caudete.org\/ayuntamiento\/cultura-inclusion-2018\/","name":"Desarrollo Local - +Cultura +Inclusi\u00f3n 2018 - MI Ayuntamiento de Caudete","isPartOf":{"@id":"https:\/\/www.caudete.org\/ayuntamiento\/#website"},"primaryImageOfPage":{"@id":"https:\/\/www.caudete.org\/ayuntamiento\/cultura-inclusion-2018\/#primaryimage"},"image":{"@id":"https:\/\/www.caudete.org\/ayuntamiento\/cultura-inclusion-2018\/#primaryimage"},"thumbnailUrl":"http:\/\/www.caudete.org\/ayuntamiento\/wp-content\/uploads\/2020\/11\/cultura-inclusion.jpg","datePublished":"2020-11-30T13:43:51+00:00","dateModified":"2020-12-05T12:46:33+00:00","description":"P\u00e1gina Oficial del Ayuntamiento de Caudete (Albacete)","breadcrumb":{"@id":"https:\/\/www.caudete.org\/ayuntamiento\/cultura-inclusion-2018\/#breadcrumb"},"inLanguage":"es","potentialAction":[{"@type":"ReadAction","target":["https:\/\/www.caudete.org\/ayuntamiento\/cultura-inclusion-2018\/"]}]},{"@type":"ImageObject","inLanguage":"es","@id":"https:\/\/www.caudete.org\/ayuntamiento\/cultura-inclusion-2018\/#primaryimage","url":"https:\/\/www.caudete.org\/ayuntamiento\/wp-content\/uploads\/2020\/11\/cultura-inclusion.jpg","contentUrl":"https:\/\/www.caudete.org\/ayuntamiento\/wp-content\/uploads\/2020\/11\/cultura-inclusion.jpg","width":650,"height":83},{"@type":"BreadcrumbList","@id":"https:\/\/www.caudete.org\/ayuntamiento\/cultura-inclusion-2018\/#breadcrumb","itemListElement":[{"@type":"ListItem","position":1,"name":"Inicio","item":"https:\/\/www.caudete.org\/ayuntamiento\/"},{"@type":"ListItem","position":2,"name":"Desarrollo Local &#8211; +Cultura +Inclusi\u00f3n 2018"}]},{"@type":"WebSite","@id":"https:\/\/www.caudete.org\/ayuntamiento\/#website","url":"https:\/\/www.caudete.org\/ayuntamiento\/","name":"MI Ayuntamiento de Caudete","description":"P\u00e1gina Oficial del MI Ayuntamiento de Caudete","publisher":{"@id":"https:\/\/www.caudete.org\/ayuntamiento\/#organization"},"potentialAction":[{"@type":"SearchAction","target":{"@type":"EntryPoint","urlTemplate":"https:\/\/www.caudete.org\/ayuntamiento\/?s={search_term_string}"},"query-input":{"@type":"PropertyValueSpecification","valueRequired":true,"valueName":"search_term_string"}}],"inLanguage":"es"},{"@type":"Organization","@id":"https:\/\/www.caudete.org\/ayuntamiento\/#organization","name":"Ayuntamiento de Caudete","url":"https:\/\/www.caudete.org\/ayuntamiento\/","logo":{"@type":"ImageObject","inLanguage":"es","@id":"https:\/\/www.caudete.org\/ayuntamiento\/#\/schema\/logo\/image\/","url":"https:\/\/www.caudete.org\/ayuntamiento\/wp-content\/uploads\/2020\/11\/logo_ayuntamiento_caudete.jpg","contentUrl":"https:\/\/www.caudete.org\/ayuntamiento\/wp-content\/uploads\/2020\/11\/logo_ayuntamiento_caudete.jpg","width":600,"height":150,"caption":"Ayuntamiento de Caudete"},"image":{"@id":"https:\/\/www.caudete.org\/ayuntamiento\/#\/schema\/logo\/image\/"},"sameAs":["https:\/\/www.facebook.com\/ayuntamientocaudete\/","https:\/\/www.youtube.com\/channel\/UC6VztHaooNsGpw-tNoBEFnQ"]}]}},"_links":{"self":[{"href":"https:\/\/www.caudete.org\/ayuntamiento\/wp-json\/wp\/v2\/pages\/5897","targetHints":{"allow":["GET"]}}],"collection":[{"href":"https:\/\/www.caudete.org\/ayuntamiento\/wp-json\/wp\/v2\/pages"}],"about":[{"href":"https:\/\/www.caudete.org\/ayuntamiento\/wp-json\/wp\/v2\/types\/page"}],"author":[{"embeddable":true,"href":"https:\/\/www.caudete.org\/ayuntamiento\/wp-json\/wp\/v2\/users\/1"}],"replies":[{"embeddable":true,"href":"https:\/\/www.caudete.org\/ayuntamiento\/wp-json\/wp\/v2\/comments?post=5897"}],"version-history":[{"count":3,"href":"https:\/\/www.caudete.org\/ayuntamiento\/wp-json\/wp\/v2\/pages\/5897\/revisions"}],"predecessor-version":[{"id":6174,"href":"https:\/\/www.caudete.org\/ayuntamiento\/wp-json\/wp\/v2\/pages\/5897\/revisions\/6174"}],"wp:attachment":[{"href":"https:\/\/www.caudete.org\/ayuntamiento\/wp-json\/wp\/v2\/media?parent=5897"}],"wp:term":[{"taxonomy":"category","embeddable":true,"href":"https:\/\/www.caudete.org\/ayuntamiento\/wp-json\/wp\/v2\/categories?post=5897"},{"taxonomy":"post_tag","embeddable":true,"href":"https:\/\/www.caudete.org\/ayuntamiento\/wp-json\/wp\/v2\/tags?post=5897"}],"curies":[{"name":"wp","href":"https:\/\/api.w.org\/{rel}","templated":true}]}}