{"id":5914,"date":"2020-11-30T21:44:13","date_gmt":"2020-11-30T20:44:13","guid":{"rendered":"http:\/\/www.caudete.org\/ayuntamiento\/?page_id=5914"},"modified":"2020-12-05T13:46:33","modified_gmt":"2020-12-05T12:46:33","slug":"asumiendo-retos-aprovechando-oportunidades-erasmus-fp-caudete","status":"publish","type":"page","link":"https:\/\/www.caudete.org\/ayuntamiento\/asumiendo-retos-aprovechando-oportunidades-erasmus-fp-caudete\/","title":{"rendered":"Desarrollo Local &#8211; Asumiendo retos, aprovechando oportunidades. Erasmus + FP Caudete"},"content":{"rendered":"<p style=\"text-align: justify;\"><img fetchpriority=\"high\" decoding=\"async\" class=\"aligncenter size-full wp-image-5917\" src=\"http:\/\/www.caudete.org\/ayuntamiento\/wp-content\/uploads\/2020\/11\/erasmus4.jpg\" alt=\"\" width=\"640\" height=\"480\" srcset=\"https:\/\/www.caudete.org\/ayuntamiento\/wp-content\/uploads\/2020\/11\/erasmus4.jpg 640w, https:\/\/www.caudete.org\/ayuntamiento\/wp-content\/uploads\/2020\/11\/erasmus4-300x225.jpg 300w\" sizes=\"(max-width: 640px) 100vw, 640px\" \/><\/p>\n<p>&nbsp;<\/p>\n<p style=\"text-align: justify;\">El proyecto &#8220;Asumiendo retos, aprovechando oportunidades: Erasmus+ FP Caudete&#8221; ha sido promovido por un consorcio de 4 socios, que re\u00fane a un Instituto de Formaci\u00f3n Profesional del Sector Educativo, a dos Centros de Formaci\u00f3n Profesional para el Empleo que imparten Certificados de Profesionalidad, de todos los niveles, y a una Administraci\u00f3n Local, con el objetivo compartido de mejorar las competencias profesionales, ling\u00fc\u00edsticas y personales de sus estudiantes reci\u00e9n titulados, a trav\u00e9s de 22 movilidades de estudiantes para pr\u00e1cticas de corta duraci\u00f3n (30&gt;63 d\u00edas) en empresas en Italia, Portugal, Polonia y Reino Unido; as\u00ed como de su personal, a trav\u00e9s de 4 movilidades de personal con fines de formaci\u00f3n (Job-Shadowing) en entidades hom\u00f3logas de Italia y Portugal.<\/p>\n<p style=\"text-align: justify;\">El proyecto ha sido una continuaci\u00f3n del que fuera aprobado en la convocatoria 2016 &#8220;Caudete en Europa: Juntos Somos+&#8221;, y ha supuesto la consolidaci\u00f3n del partenariado local e internacional iniciado en ese primer proyecto, as\u00ed como la incorporaci\u00f3n de nuevas actividades, destinos y socios; y la ampliaci\u00f3n de la duraci\u00f3n de las estancias de los reci\u00e9n titulados.<\/p>\n<p style=\"text-align: justify;\">Las edades de los estudiantes participantes ha estado comprendidas entre los 18 y los 57 a\u00f1os, ya que los Certificados de Profesionalidad son cursados por personas adultas desempleadas, que intentan seguir aprendiendo y mejorar sus competencias para volver al mercado laboral. Asimismo, algunos de los participantes han sido j\u00f3venes inscritos en el Fichero de Garant\u00eda Juvenil, siendo el impacto de las actividades del proyecto particularmente interesante para estos colectivos.<\/p>\n<p style=\"text-align: justify;\">Los estudios cursados por los estudiantes participantes en el proyecto han sido: T\u00e9cnico en Gesti\u00f3n Administrativa, T\u00e9cnico en Atenci\u00f3n a Personas en Situaci\u00f3n de Dependencia, Certificado de Profesionalidad, nivel 2, Agricultura Ecol\u00f3gica, Certificado de Profesionalidad, nivel 3, Masajes Est\u00e9ticos y T\u00e9cnicas Sensoriales Asociadas, y Certificado de Profesionalidad, nivel 2, Cuidados Est\u00e9ticos de Manos y Pies; y han podido, en el marco del proyecto, poner en pr\u00e1ctica en una empresa de otro pa\u00eds europeo, los conocimientos adquiridos en su formaci\u00f3n profesional, en l\u00ednea con los objetivos de la &#8220;Nueva Agenda de Capacidades para Europa&#8221;, que pretende hacer de la formaci\u00f3n profesional una primera opci\u00f3n a trav\u00e9s de potenciar las oportunidades de que los estudiantes tengan una experiencia en contacto con el mundo laboral.<\/p>\n<p style=\"text-align: justify;\">Adem\u00e1s, los participantes han podido mejorar sus competencias ling\u00fc\u00edsticas y las llamadas &#8220;habilidades blandas&#8221;, es decir, personales y sociales, al haber afrontado el reto de una experiencia laboral y social en otro pa\u00eds europeo, utilizando un idioma extranjero.<\/p>\n<p style=\"text-align: justify;\">Tras las movilidades, los participantes han tenido a su disposici\u00f3n el servicio de la Agencia de Empleo y Desarrollo Local del Ayuntamiento de Caudete para orientarles, en caso necesario, sobre c\u00f3mo trasladar su experiencia de movilidad al curriculum vitae o c\u00f3mo tener opci\u00f3n a otras experiencias de trabajo o voluntariado en el extranjero.<\/p>\n<p style=\"text-align: justify;\">En el caso del personal participante en actividades de formaci\u00f3n, el objetivo ha sido la mejora de la calidad de la formaci\u00f3n profesional que se imparte en los centros, a trav\u00e9s de la formaci\u00f3n del profesorado y personal de los mismos en actividades de observaci\u00f3n, de metodolog\u00edas docentes innovadoras (gamificaci\u00f3n, aprendizaje colaborativo, aprendizaje espaciado), del sistema docente italiano (Alternanza Scuola Lavoro) o de proyectos docentes de inter\u00e9s en los centros hom\u00f3logos, por lo que tiene que ver con el personal del centro educativo socio del consorcio; o de pr\u00e1cticas y t\u00e9cnicas de trabajo en centros hom\u00f3logos de otros pa\u00edses, en el caso de personal de uno de los centros de formaci\u00f3n profesional para el empleo socio del consorcio.<\/p>\n<p style=\"text-align: justify;\">El proyecto ha utilizado Europass para el reconocimiento de las competencias y del aprendizaje adquirido por los participantes durante las movilidades.<\/p>\n<p style=\"text-align: justify;\">El proyecto ha contado con 28 socios internacionales, siendo algunos de ellos ya colaboradores del consorcio en el proyecto anterior, y a nivel local re\u00fane a entidades de distintos sectores: educativo, de la formaci\u00f3n profesional para el empleo y de la administraci\u00f3n, lo que facilita un trabajo colaborativo enriquecedor y la aparici\u00f3n de sinergias.<\/p>\n<p style=\"text-align: justify;\">El consorcio tambi\u00e9n ha recibido a alumnado y profesorado de centros educativos italianos socios, tanto en el marco del proyecto anterior de 2016, como en este proyecto 2017-2019, y ello est\u00e1 contribuyendo a la implicaci\u00f3n de empresas locales en la acogida de alumnado extranjero para pr\u00e1cticas, lo que supone un resultado muy positivo de nuestros proyectos.<\/p>\n<p style=\"text-align: justify;\">El proyecto y sus resultados han sido difundidos a trav\u00e9s de prensa escrita y digital, boletines, webs y redes sociales, talleres de trabajo dirigidos a profesionales de la formaci\u00f3n profesional para el empleo, y en dos Jornadas de Difusi\u00f3n celebradas en mayo de 2018 y 2019 en el Museo Rafael Requena de Caudete.<\/p>\n<p><center><iframe src=\"https:\/\/www.youtube.com\/embed\/awZPDyNWYMg\" allowfullscreen=\"allowfullscreen\" width=\"560\" height=\"315\" frameborder=\"0\"><\/iframe><\/center><img decoding=\"async\" class=\"aligncenter size-full wp-image-5892\" src=\"http:\/\/www.caudete.org\/ayuntamiento\/wp-content\/uploads\/2020\/11\/fp3.jpg\" alt=\"\" width=\"622\" height=\"85\" srcset=\"https:\/\/www.caudete.org\/ayuntamiento\/wp-content\/uploads\/2020\/11\/fp3.jpg 622w, https:\/\/www.caudete.org\/ayuntamiento\/wp-content\/uploads\/2020\/11\/fp3-300x41.jpg 300w\" sizes=\"(max-width: 622px) 100vw, 622px\" \/><\/p>\n<p style=\"text-align: justify;\">Este proyecto est\u00e1 cofinanciado por el programa Erasmus+ de la Uni\u00f3n Europea. El contenido de las publicaciones de este apartado es responsabilidad exclusiva del Ayuntamiento de Caudete y ni la Comisi\u00f3n Europea, ni el Servicio Espa\u00f1ol para la Internacionalizaci\u00f3n de la Educaci\u00f3n (SEPIE) son responsables del uso que pueda hacerse de la informaci\u00f3n aqu\u00ed difundida.<\/p>\n<p><img decoding=\"async\" class=\"aligncenter wp-image-5918 size-medium\" src=\"http:\/\/www.caudete.org\/ayuntamiento\/wp-content\/uploads\/2020\/11\/erasmus5-300x73.jpg\" alt=\"\" width=\"300\" height=\"73\" srcset=\"https:\/\/www.caudete.org\/ayuntamiento\/wp-content\/uploads\/2020\/11\/erasmus5-300x73.jpg 300w, https:\/\/www.caudete.org\/ayuntamiento\/wp-content\/uploads\/2020\/11\/erasmus5-768x186.jpg 768w, https:\/\/www.caudete.org\/ayuntamiento\/wp-content\/uploads\/2020\/11\/erasmus5.jpg 800w\" sizes=\"(max-width: 300px) 100vw, 300px\" \/><\/p>\n<p><strong>Ficheros adjuntos<\/strong><\/p>\n<p><a href=\"http:\/\/www.caudete.org\/ayuntamiento\/eniusimg\/enius146\/2017\/04\/adjuntos_fichero_f97b720530891fac.pdf\" class=\"mtli_attachment mtli_pdf\">Jornada Erasmus + 17 de mayo 2018 &#8211; PROGRAMA<\/a><br \/>\n<a href=\"http:\/\/www.caudete.org\/ayuntamiento\/eniusimg\/enius146\/2017\/04\/adjuntos_fichero_b35be40700ae4122.pdf\" class=\"mtli_attachment mtli_pdf\">Jornada Erasmus + 17 de mayo de 2018- CARTEL<\/a><br \/>\n<a href=\"http:\/\/www.caudete.org\/ayuntamiento\/eniusimg\/enius146\/2019\/06\/adjuntos_fichero_fe3c05bc956843b5.pdf\" class=\"mtli_attachment mtli_pdf\">Boletin Castilla-La Mancha Region de Europa Octubre 2018<\/a><br \/>\n<a href=\"http:\/\/www.caudete.org\/ayuntamiento\/eniusimg\/enius146\/2019\/06\/adjuntos_fichero_91ef5051a47a5f24.pdf\" class=\"mtli_attachment mtli_pdf\">LA TRIBUNA DE ALBACETE_03.11.2017_020_LA TRIBUNA DE ALBACETE_1760491<\/a><br \/>\n<a href=\"http:\/\/www.caudete.org\/ayuntamiento\/eniusimg\/enius146\/2019\/06\/adjuntos_fichero_3188113b4125bd9d.pdf\" class=\"mtli_attachment mtli_pdf\">Post Europe Direct Albacete<\/a><br \/>\n<a href=\"http:\/\/www.caudete.org\/ayuntamiento\/eniusimg\/enius146\/2019\/06\/adjuntos_fichero_279a7490d46223ce.pdf\" class=\"mtli_attachment mtli_pdf\">NOTA PRENSA CONCURSO LOGO <\/a><br \/>\n<a href=\"http:\/\/www.caudete.org\/ayuntamiento\/eniusimg\/enius146\/2019\/06\/adjuntos_fichero_ede1f6040a592312.pdf\" class=\"mtli_attachment mtli_pdf\">Publicaci\u00f3n aprobaci\u00f3n proyecto La Tribuna Albacete<\/a><\/p>\n","protected":false},"excerpt":{"rendered":"<p>&nbsp; El proyecto &#8220;Asumiendo retos, aprovechando oportunidades: Erasmus+ FP Caudete&#8221; ha sido promovido por un consorcio de 4 socios, que re\u00fane a un Instituto de Formaci\u00f3n Profesional del Sector Educativo, a dos Centros de Formaci\u00f3n Profesional para el Empleo que imparten Certificados de Profesionalidad, de todos los niveles, y a una Administraci\u00f3n Local, con el &hellip;<\/p>\n","protected":false},"author":1,"featured_media":0,"parent":0,"menu_order":0,"comment_status":"closed","ping_status":"closed","template":"","meta":{"ngg_post_thumbnail":0,"footnotes":""},"categories":[87,98],"tags":[],"class_list":["post-5914","page","type-page","status-publish","hentry","category-desarrollo-local","category-desarrollo-local-2"],"yoast_head":"<!-- This site is optimized with the Yoast SEO plugin v27.4 - https:\/\/yoast.com\/product\/yoast-seo-wordpress\/ -->\n<title>Desarrollo Local - Asumiendo retos, aprovechando oportunidades. Erasmus + FP Caudete - MI Ayuntamiento de Caudete<\/title>\n<meta name=\"description\" content=\"P\u00e1gina Oficial del Ayuntamiento de Caudete (Albacete)\" \/>\n<meta name=\"robots\" content=\"index, follow, max-snippet:-1, max-image-preview:large, max-video-preview:-1\" \/>\n<link rel=\"canonical\" href=\"https:\/\/www.caudete.org\/ayuntamiento\/asumiendo-retos-aprovechando-oportunidades-erasmus-fp-caudete\/\" \/>\n<meta property=\"og:locale\" content=\"es_ES\" \/>\n<meta property=\"og:type\" content=\"article\" \/>\n<meta property=\"og:title\" content=\"Desarrollo Local - Asumiendo retos, aprovechando oportunidades. Erasmus + FP Caudete - MI Ayuntamiento de Caudete\" \/>\n<meta property=\"og:description\" content=\"P\u00e1gina Oficial del Ayuntamiento de Caudete (Albacete)\" \/>\n<meta property=\"og:url\" content=\"https:\/\/www.caudete.org\/ayuntamiento\/asumiendo-retos-aprovechando-oportunidades-erasmus-fp-caudete\/\" \/>\n<meta property=\"og:site_name\" content=\"MI Ayuntamiento de Caudete\" \/>\n<meta property=\"article:publisher\" content=\"https:\/\/www.facebook.com\/ayuntamientocaudete\/\" \/>\n<meta property=\"article:modified_time\" content=\"2020-12-05T12:46:33+00:00\" \/>\n<meta property=\"og:image\" content=\"http:\/\/www.caudete.org\/ayuntamiento\/wp-content\/uploads\/2020\/11\/erasmus4.jpg\" \/>\n<meta name=\"twitter:card\" content=\"summary_large_image\" \/>\n<meta name=\"twitter:label1\" content=\"Tiempo de lectura\" \/>\n\t<meta name=\"twitter:data1\" content=\"5 minutos\" \/>\n<script type=\"application\/ld+json\" class=\"yoast-schema-graph\">{\"@context\":\"https:\\\/\\\/schema.org\",\"@graph\":[{\"@type\":\"WebPage\",\"@id\":\"https:\\\/\\\/www.caudete.org\\\/ayuntamiento\\\/asumiendo-retos-aprovechando-oportunidades-erasmus-fp-caudete\\\/\",\"url\":\"https:\\\/\\\/www.caudete.org\\\/ayuntamiento\\\/asumiendo-retos-aprovechando-oportunidades-erasmus-fp-caudete\\\/\",\"name\":\"Desarrollo Local - Asumiendo retos, aprovechando oportunidades. Erasmus + FP Caudete - MI Ayuntamiento de Caudete\",\"isPartOf\":{\"@id\":\"https:\\\/\\\/www.caudete.org\\\/ayuntamiento\\\/#website\"},\"primaryImageOfPage\":{\"@id\":\"https:\\\/\\\/www.caudete.org\\\/ayuntamiento\\\/asumiendo-retos-aprovechando-oportunidades-erasmus-fp-caudete\\\/#primaryimage\"},\"image\":{\"@id\":\"https:\\\/\\\/www.caudete.org\\\/ayuntamiento\\\/asumiendo-retos-aprovechando-oportunidades-erasmus-fp-caudete\\\/#primaryimage\"},\"thumbnailUrl\":\"http:\\\/\\\/www.caudete.org\\\/ayuntamiento\\\/wp-content\\\/uploads\\\/2020\\\/11\\\/erasmus4.jpg\",\"datePublished\":\"2020-11-30T20:44:13+00:00\",\"dateModified\":\"2020-12-05T12:46:33+00:00\",\"description\":\"P\u00e1gina Oficial del Ayuntamiento de Caudete (Albacete)\",\"breadcrumb\":{\"@id\":\"https:\\\/\\\/www.caudete.org\\\/ayuntamiento\\\/asumiendo-retos-aprovechando-oportunidades-erasmus-fp-caudete\\\/#breadcrumb\"},\"inLanguage\":\"es\",\"potentialAction\":[{\"@type\":\"ReadAction\",\"target\":[\"https:\\\/\\\/www.caudete.org\\\/ayuntamiento\\\/asumiendo-retos-aprovechando-oportunidades-erasmus-fp-caudete\\\/\"]}]},{\"@type\":\"ImageObject\",\"inLanguage\":\"es\",\"@id\":\"https:\\\/\\\/www.caudete.org\\\/ayuntamiento\\\/asumiendo-retos-aprovechando-oportunidades-erasmus-fp-caudete\\\/#primaryimage\",\"url\":\"https:\\\/\\\/www.caudete.org\\\/ayuntamiento\\\/wp-content\\\/uploads\\\/2020\\\/11\\\/erasmus4.jpg\",\"contentUrl\":\"https:\\\/\\\/www.caudete.org\\\/ayuntamiento\\\/wp-content\\\/uploads\\\/2020\\\/11\\\/erasmus4.jpg\",\"width\":640,\"height\":480},{\"@type\":\"BreadcrumbList\",\"@id\":\"https:\\\/\\\/www.caudete.org\\\/ayuntamiento\\\/asumiendo-retos-aprovechando-oportunidades-erasmus-fp-caudete\\\/#breadcrumb\",\"itemListElement\":[{\"@type\":\"ListItem\",\"position\":1,\"name\":\"Inicio\",\"item\":\"https:\\\/\\\/www.caudete.org\\\/ayuntamiento\\\/\"},{\"@type\":\"ListItem\",\"position\":2,\"name\":\"Desarrollo Local &#8211; Asumiendo retos, aprovechando oportunidades. Erasmus + FP Caudete\"}]},{\"@type\":\"WebSite\",\"@id\":\"https:\\\/\\\/www.caudete.org\\\/ayuntamiento\\\/#website\",\"url\":\"https:\\\/\\\/www.caudete.org\\\/ayuntamiento\\\/\",\"name\":\"MI Ayuntamiento de Caudete\",\"description\":\"P\u00e1gina Oficial del MI Ayuntamiento de Caudete\",\"publisher\":{\"@id\":\"https:\\\/\\\/www.caudete.org\\\/ayuntamiento\\\/#organization\"},\"potentialAction\":[{\"@type\":\"SearchAction\",\"target\":{\"@type\":\"EntryPoint\",\"urlTemplate\":\"https:\\\/\\\/www.caudete.org\\\/ayuntamiento\\\/?s={search_term_string}\"},\"query-input\":{\"@type\":\"PropertyValueSpecification\",\"valueRequired\":true,\"valueName\":\"search_term_string\"}}],\"inLanguage\":\"es\"},{\"@type\":\"Organization\",\"@id\":\"https:\\\/\\\/www.caudete.org\\\/ayuntamiento\\\/#organization\",\"name\":\"Ayuntamiento de Caudete\",\"url\":\"https:\\\/\\\/www.caudete.org\\\/ayuntamiento\\\/\",\"logo\":{\"@type\":\"ImageObject\",\"inLanguage\":\"es\",\"@id\":\"https:\\\/\\\/www.caudete.org\\\/ayuntamiento\\\/#\\\/schema\\\/logo\\\/image\\\/\",\"url\":\"https:\\\/\\\/www.caudete.org\\\/ayuntamiento\\\/wp-content\\\/uploads\\\/2020\\\/11\\\/logo_ayuntamiento_caudete.jpg\",\"contentUrl\":\"https:\\\/\\\/www.caudete.org\\\/ayuntamiento\\\/wp-content\\\/uploads\\\/2020\\\/11\\\/logo_ayuntamiento_caudete.jpg\",\"width\":600,\"height\":150,\"caption\":\"Ayuntamiento de Caudete\"},\"image\":{\"@id\":\"https:\\\/\\\/www.caudete.org\\\/ayuntamiento\\\/#\\\/schema\\\/logo\\\/image\\\/\"},\"sameAs\":[\"https:\\\/\\\/www.facebook.com\\\/ayuntamientocaudete\\\/\",\"https:\\\/\\\/www.youtube.com\\\/channel\\\/UC6VztHaooNsGpw-tNoBEFnQ\"]}]}<\/script>\n<!-- \/ Yoast SEO plugin. -->","yoast_head_json":{"title":"Desarrollo Local - Asumiendo retos, aprovechando oportunidades. Erasmus + FP Caudete - MI Ayuntamiento de Caudete","description":"P\u00e1gina Oficial del Ayuntamiento de Caudete (Albacete)","robots":{"index":"index","follow":"follow","max-snippet":"max-snippet:-1","max-image-preview":"max-image-preview:large","max-video-preview":"max-video-preview:-1"},"canonical":"https:\/\/www.caudete.org\/ayuntamiento\/asumiendo-retos-aprovechando-oportunidades-erasmus-fp-caudete\/","og_locale":"es_ES","og_type":"article","og_title":"Desarrollo Local - Asumiendo retos, aprovechando oportunidades. Erasmus + FP Caudete - MI Ayuntamiento de Caudete","og_description":"P\u00e1gina Oficial del Ayuntamiento de Caudete (Albacete)","og_url":"https:\/\/www.caudete.org\/ayuntamiento\/asumiendo-retos-aprovechando-oportunidades-erasmus-fp-caudete\/","og_site_name":"MI Ayuntamiento de Caudete","article_publisher":"https:\/\/www.facebook.com\/ayuntamientocaudete\/","article_modified_time":"2020-12-05T12:46:33+00:00","og_image":[{"url":"http:\/\/www.caudete.org\/ayuntamiento\/wp-content\/uploads\/2020\/11\/erasmus4.jpg","type":"","width":"","height":""}],"twitter_card":"summary_large_image","twitter_misc":{"Tiempo de lectura":"5 minutos"},"schema":{"@context":"https:\/\/schema.org","@graph":[{"@type":"WebPage","@id":"https:\/\/www.caudete.org\/ayuntamiento\/asumiendo-retos-aprovechando-oportunidades-erasmus-fp-caudete\/","url":"https:\/\/www.caudete.org\/ayuntamiento\/asumiendo-retos-aprovechando-oportunidades-erasmus-fp-caudete\/","name":"Desarrollo Local - Asumiendo retos, aprovechando oportunidades. Erasmus + FP Caudete - MI Ayuntamiento de Caudete","isPartOf":{"@id":"https:\/\/www.caudete.org\/ayuntamiento\/#website"},"primaryImageOfPage":{"@id":"https:\/\/www.caudete.org\/ayuntamiento\/asumiendo-retos-aprovechando-oportunidades-erasmus-fp-caudete\/#primaryimage"},"image":{"@id":"https:\/\/www.caudete.org\/ayuntamiento\/asumiendo-retos-aprovechando-oportunidades-erasmus-fp-caudete\/#primaryimage"},"thumbnailUrl":"http:\/\/www.caudete.org\/ayuntamiento\/wp-content\/uploads\/2020\/11\/erasmus4.jpg","datePublished":"2020-11-30T20:44:13+00:00","dateModified":"2020-12-05T12:46:33+00:00","description":"P\u00e1gina Oficial del Ayuntamiento de Caudete (Albacete)","breadcrumb":{"@id":"https:\/\/www.caudete.org\/ayuntamiento\/asumiendo-retos-aprovechando-oportunidades-erasmus-fp-caudete\/#breadcrumb"},"inLanguage":"es","potentialAction":[{"@type":"ReadAction","target":["https:\/\/www.caudete.org\/ayuntamiento\/asumiendo-retos-aprovechando-oportunidades-erasmus-fp-caudete\/"]}]},{"@type":"ImageObject","inLanguage":"es","@id":"https:\/\/www.caudete.org\/ayuntamiento\/asumiendo-retos-aprovechando-oportunidades-erasmus-fp-caudete\/#primaryimage","url":"https:\/\/www.caudete.org\/ayuntamiento\/wp-content\/uploads\/2020\/11\/erasmus4.jpg","contentUrl":"https:\/\/www.caudete.org\/ayuntamiento\/wp-content\/uploads\/2020\/11\/erasmus4.jpg","width":640,"height":480},{"@type":"BreadcrumbList","@id":"https:\/\/www.caudete.org\/ayuntamiento\/asumiendo-retos-aprovechando-oportunidades-erasmus-fp-caudete\/#breadcrumb","itemListElement":[{"@type":"ListItem","position":1,"name":"Inicio","item":"https:\/\/www.caudete.org\/ayuntamiento\/"},{"@type":"ListItem","position":2,"name":"Desarrollo Local &#8211; Asumiendo retos, aprovechando oportunidades. Erasmus + FP Caudete"}]},{"@type":"WebSite","@id":"https:\/\/www.caudete.org\/ayuntamiento\/#website","url":"https:\/\/www.caudete.org\/ayuntamiento\/","name":"MI Ayuntamiento de Caudete","description":"P\u00e1gina Oficial del MI Ayuntamiento de Caudete","publisher":{"@id":"https:\/\/www.caudete.org\/ayuntamiento\/#organization"},"potentialAction":[{"@type":"SearchAction","target":{"@type":"EntryPoint","urlTemplate":"https:\/\/www.caudete.org\/ayuntamiento\/?s={search_term_string}"},"query-input":{"@type":"PropertyValueSpecification","valueRequired":true,"valueName":"search_term_string"}}],"inLanguage":"es"},{"@type":"Organization","@id":"https:\/\/www.caudete.org\/ayuntamiento\/#organization","name":"Ayuntamiento de Caudete","url":"https:\/\/www.caudete.org\/ayuntamiento\/","logo":{"@type":"ImageObject","inLanguage":"es","@id":"https:\/\/www.caudete.org\/ayuntamiento\/#\/schema\/logo\/image\/","url":"https:\/\/www.caudete.org\/ayuntamiento\/wp-content\/uploads\/2020\/11\/logo_ayuntamiento_caudete.jpg","contentUrl":"https:\/\/www.caudete.org\/ayuntamiento\/wp-content\/uploads\/2020\/11\/logo_ayuntamiento_caudete.jpg","width":600,"height":150,"caption":"Ayuntamiento de Caudete"},"image":{"@id":"https:\/\/www.caudete.org\/ayuntamiento\/#\/schema\/logo\/image\/"},"sameAs":["https:\/\/www.facebook.com\/ayuntamientocaudete\/","https:\/\/www.youtube.com\/channel\/UC6VztHaooNsGpw-tNoBEFnQ"]}]}},"_links":{"self":[{"href":"https:\/\/www.caudete.org\/ayuntamiento\/wp-json\/wp\/v2\/pages\/5914","targetHints":{"allow":["GET"]}}],"collection":[{"href":"https:\/\/www.caudete.org\/ayuntamiento\/wp-json\/wp\/v2\/pages"}],"about":[{"href":"https:\/\/www.caudete.org\/ayuntamiento\/wp-json\/wp\/v2\/types\/page"}],"author":[{"embeddable":true,"href":"https:\/\/www.caudete.org\/ayuntamiento\/wp-json\/wp\/v2\/users\/1"}],"replies":[{"embeddable":true,"href":"https:\/\/www.caudete.org\/ayuntamiento\/wp-json\/wp\/v2\/comments?post=5914"}],"version-history":[{"count":4,"href":"https:\/\/www.caudete.org\/ayuntamiento\/wp-json\/wp\/v2\/pages\/5914\/revisions"}],"predecessor-version":[{"id":6175,"href":"https:\/\/www.caudete.org\/ayuntamiento\/wp-json\/wp\/v2\/pages\/5914\/revisions\/6175"}],"wp:attachment":[{"href":"https:\/\/www.caudete.org\/ayuntamiento\/wp-json\/wp\/v2\/media?parent=5914"}],"wp:term":[{"taxonomy":"category","embeddable":true,"href":"https:\/\/www.caudete.org\/ayuntamiento\/wp-json\/wp\/v2\/categories?post=5914"},{"taxonomy":"post_tag","embeddable":true,"href":"https:\/\/www.caudete.org\/ayuntamiento\/wp-json\/wp\/v2\/tags?post=5914"}],"curies":[{"name":"wp","href":"https:\/\/api.w.org\/{rel}","templated":true}]}}