{"id":5921,"date":"2020-11-30T22:02:45","date_gmt":"2020-11-30T21:02:45","guid":{"rendered":"http:\/\/www.caudete.org\/ayuntamiento\/?page_id=5921"},"modified":"2020-12-05T13:46:33","modified_gmt":"2020-12-05T12:46:33","slug":"jornada-22-de-mayo-de-2019","status":"publish","type":"page","link":"https:\/\/www.caudete.org\/ayuntamiento\/jornada-22-de-mayo-de-2019\/","title":{"rendered":"Desarrollo Local &#8211; Jornada 22 de mayo de 2019"},"content":{"rendered":"<p style=\"text-align: justify;\"><span style=\"font-size: 12pt;\"><b><big>Programa<\/big><\/b><\/span><\/p>\n<p style=\"text-align: justify;\">9.00-9.30.- Recepci\u00f3n de Asistentes. Entrega de documentaci\u00f3n informativa.<br \/>\n9.30-9.45.- Apertura de la jornada. D. Mois\u00e9s L\u00f3pez Mart\u00ednez. Alcalde M.I. Ayuntamiento de Caudete.<br \/>\n9.45-10:30.- Programa Erasmus+. Caracter\u00edsticas de los proyecto KA1 de movilidad de las personas por motivos de aprendizaje, en el sector de Formaci\u00f3n Profesional (KA102) y en el sector de Educaci\u00f3n de Personas Adultas (KA104).<br \/>\nD\u00aa M\u00aa Elia Lac\u00e1rcel Meg\u00edas. Agente de Empleo y Desarrollo Local. Coordinadora Proyectos Erasmus+ Ayuntamiento de Caudete.<br \/>\n10.30-11.45.- Proyecto KA104 +Cultura+Inclusi\u00f3n. Experiencias Movilidad Personal T\u00e9cnico participante de las organizaciones socias en el proyecto:<\/p>\n<p style=\"text-align: justify;\">\u25cf ACAFEM (Asociaci\u00f3n Caudetana de Amigos y Familiares de Enfermos Mentales)<br \/>\n\u25cf ASPRONA Plena Inclusi\u00f3n (Asociaci\u00f3n para la Atenci\u00f3n a Personas con Discapacidad Intelectual o del Desarrollo y sus Familias de la provincia de Albacete).<br \/>\n\u25cf Fundaci\u00f3n Diagrama Intervenci\u00f3n Psicosocial<br \/>\n\u25cf Ayuntamiento de Caudete<\/p>\n<p style=\"text-align: justify;\">11.45-12.15.- Pausa Caf\u00e9<br \/>\n12.15-12:45.- Proyecto KA102 Asumiendo Retos, Aprovechando Oportunidades: Erasmus+ FP Caudete. Experiencias Movilidad Personal Docente de las organizaciones de env\u00edo socias en el proyecto:<\/p>\n<p style=\"text-align: justify;\">\u25cf IES Pintor Rafael Requena de Caudete<br \/>\n\u25cf Centro de Formaci\u00f3n Albertina Garc\u00eda Llorens de Caudete<br \/>\n\u25cf Centro de Formaci\u00f3n Agron\u00f3micas La Alcoraya de Caudete<br \/>\n12:45-13:30.- Mesa Redonda estudiantes y reci\u00e9n titulados participantes Proyecto KA102 Asumiendo retos, aprovechando oportunidades: Erasmus+ FP Caudete.<br \/>\n13.30-14.00.- Turno de Preguntas.<br \/>\n14.00.- Despedida y cierre de la jornada.<\/p>\n<p style=\"text-align: justify;\">DIRIGIDA A: Personal t\u00e9cnico, directivo y docente de organizaciones p\u00fablicas y privadas activas en la educaci\u00f3n no formal de adultos y en la formaci\u00f3n profesional, tanto del sector educativo como de la formaci\u00f3n profesional para el empleo, estudiantes de estas \u00e1reas, asociaciones sin \u00e1nimo de lucro dedicadas a la formaci\u00f3n de personas con distintas capacidades, t\u00e9cnicos de desarrollo local, personal servicios culturales ayuntamientos, responsables de entidades locales, ciudadan\u00eda en general.<\/p>\n<p><img fetchpriority=\"high\" decoding=\"async\" class=\"aligncenter size-full wp-image-5892\" src=\"http:\/\/www.caudete.org\/ayuntamiento\/wp-content\/uploads\/2020\/11\/fp3.jpg\" alt=\"\" width=\"622\" height=\"85\" srcset=\"https:\/\/www.caudete.org\/ayuntamiento\/wp-content\/uploads\/2020\/11\/fp3.jpg 622w, https:\/\/www.caudete.org\/ayuntamiento\/wp-content\/uploads\/2020\/11\/fp3-300x41.jpg 300w\" sizes=\"(max-width: 622px) 100vw, 622px\" \/><\/p>\n<p style=\"text-align: justify;\">Este proyecto est\u00e1 cofinanciado por el programa Erasmus+ de la Uni\u00f3n Europea. El contenido de las publicaciones de este apartado es responsabilidad exclusiva del Ayuntamiento de Caudete y ni la Comisi\u00f3n Europea, ni el Servicio Espa\u00f1ol para la Internacionalizaci\u00f3n de la Educaci\u00f3n (SEPIE) son responsables del uso que pueda hacerse de la informaci\u00f3n aqu\u00ed difundida.<\/p>\n<p style=\"text-align: justify;\"><strong>Ficheros adjuntos<\/strong><\/p>\n<p style=\"text-align: justify;\"><a href=\"http:\/\/www.caudete.org\/ayuntamiento\/eniusimg\/enius146\/2019\/06\/adjuntos_fichero_4738694131a3f88a.pdf\" class=\"mtli_attachment mtli_pdf\" target=\"_blank\" rel=\"noopener noreferrer\">Ponencia actividad Job-Shadowing IES<\/a><\/p>\n<p style=\"text-align: justify;\"><a href=\"http:\/\/www.caudete.org\/ayuntamiento\/eniusimg\/enius146\/2019\/06\/adjuntos_fichero_b4755e248136fcd3.pdf\" class=\"mtli_attachment mtli_pdf\" target=\"_blank\" rel=\"noopener noreferrer\">Ponencia Proyectos Erasmus<\/a><\/p>\n<p>&nbsp;<\/p>\nngg_shortcode_0_placeholder<strong>Enlaces<\/strong><\/p>\n<p><a href=\"https:\/\/www.fundaciondiagrama.es\/comunicacion-y-sensibilizacion\/noticias\/profesionales-de-fundacion-diagrama-participan-en-la-jornada\" target=\"_blank\" rel=\"noopener noreferrer nofollow\">Fundaci\u00f3n Diagrama<\/a><\/p>\n","protected":false},"excerpt":{"rendered":"<p>Programa 9.00-9.30.- Recepci\u00f3n de Asistentes. Entrega de documentaci\u00f3n informativa. 9.30-9.45.- Apertura de la jornada. D. Mois\u00e9s L\u00f3pez Mart\u00ednez. Alcalde M.I. Ayuntamiento de Caudete. 9.45-10:30.- Programa Erasmus+. Caracter\u00edsticas de los proyecto KA1 de movilidad de las personas por motivos de aprendizaje, en el sector de Formaci\u00f3n Profesional (KA102) y en el sector de Educaci\u00f3n de Personas &hellip;<\/p>\n","protected":false},"author":1,"featured_media":0,"parent":0,"menu_order":0,"comment_status":"closed","ping_status":"closed","template":"","meta":{"ngg_post_thumbnail":0,"footnotes":""},"categories":[87,98],"tags":[],"class_list":["post-5921","page","type-page","status-publish","hentry","category-desarrollo-local","category-desarrollo-local-2"],"yoast_head":"<!-- This site is optimized with the Yoast SEO plugin v27.4 - https:\/\/yoast.com\/product\/yoast-seo-wordpress\/ -->\n<title>Desarrollo Local - Jornada 22 de mayo de 2019 - MI Ayuntamiento de Caudete<\/title>\n<meta name=\"description\" content=\"P\u00e1gina Oficial del Ayuntamiento de Caudete (Albacete)\" \/>\n<meta name=\"robots\" content=\"index, follow, max-snippet:-1, max-image-preview:large, max-video-preview:-1\" \/>\n<link rel=\"canonical\" href=\"https:\/\/www.caudete.org\/ayuntamiento\/jornada-22-de-mayo-de-2019\/\" \/>\n<meta property=\"og:locale\" content=\"es_ES\" \/>\n<meta property=\"og:type\" content=\"article\" \/>\n<meta property=\"og:title\" content=\"Desarrollo Local - Jornada 22 de mayo de 2019 - MI Ayuntamiento de Caudete\" \/>\n<meta property=\"og:description\" content=\"P\u00e1gina Oficial del Ayuntamiento de Caudete (Albacete)\" \/>\n<meta property=\"og:url\" content=\"https:\/\/www.caudete.org\/ayuntamiento\/jornada-22-de-mayo-de-2019\/\" \/>\n<meta property=\"og:site_name\" content=\"MI Ayuntamiento de Caudete\" \/>\n<meta property=\"article:publisher\" content=\"https:\/\/www.facebook.com\/ayuntamientocaudete\/\" \/>\n<meta property=\"article:modified_time\" content=\"2020-12-05T12:46:33+00:00\" \/>\n<meta property=\"og:image\" content=\"http:\/\/www.caudete.org\/ayuntamiento\/wp-content\/uploads\/2020\/11\/fp3.jpg\" \/>\n<meta name=\"twitter:card\" content=\"summary_large_image\" \/>\n<meta name=\"twitter:label1\" content=\"Tiempo de lectura\" \/>\n\t<meta name=\"twitter:data1\" content=\"2 minutos\" \/>\n<script type=\"application\/ld+json\" class=\"yoast-schema-graph\">{\"@context\":\"https:\\\/\\\/schema.org\",\"@graph\":[{\"@type\":\"WebPage\",\"@id\":\"https:\\\/\\\/www.caudete.org\\\/ayuntamiento\\\/jornada-22-de-mayo-de-2019\\\/\",\"url\":\"https:\\\/\\\/www.caudete.org\\\/ayuntamiento\\\/jornada-22-de-mayo-de-2019\\\/\",\"name\":\"Desarrollo Local - Jornada 22 de mayo de 2019 - MI Ayuntamiento de Caudete\",\"isPartOf\":{\"@id\":\"https:\\\/\\\/www.caudete.org\\\/ayuntamiento\\\/#website\"},\"primaryImageOfPage\":{\"@id\":\"https:\\\/\\\/www.caudete.org\\\/ayuntamiento\\\/jornada-22-de-mayo-de-2019\\\/#primaryimage\"},\"image\":{\"@id\":\"https:\\\/\\\/www.caudete.org\\\/ayuntamiento\\\/jornada-22-de-mayo-de-2019\\\/#primaryimage\"},\"thumbnailUrl\":\"http:\\\/\\\/www.caudete.org\\\/ayuntamiento\\\/wp-content\\\/uploads\\\/2020\\\/11\\\/fp3.jpg\",\"datePublished\":\"2020-11-30T21:02:45+00:00\",\"dateModified\":\"2020-12-05T12:46:33+00:00\",\"description\":\"P\u00e1gina Oficial del Ayuntamiento de Caudete (Albacete)\",\"breadcrumb\":{\"@id\":\"https:\\\/\\\/www.caudete.org\\\/ayuntamiento\\\/jornada-22-de-mayo-de-2019\\\/#breadcrumb\"},\"inLanguage\":\"es\",\"potentialAction\":[{\"@type\":\"ReadAction\",\"target\":[\"https:\\\/\\\/www.caudete.org\\\/ayuntamiento\\\/jornada-22-de-mayo-de-2019\\\/\"]}]},{\"@type\":\"ImageObject\",\"inLanguage\":\"es\",\"@id\":\"https:\\\/\\\/www.caudete.org\\\/ayuntamiento\\\/jornada-22-de-mayo-de-2019\\\/#primaryimage\",\"url\":\"https:\\\/\\\/www.caudete.org\\\/ayuntamiento\\\/wp-content\\\/uploads\\\/2020\\\/11\\\/fp3.jpg\",\"contentUrl\":\"https:\\\/\\\/www.caudete.org\\\/ayuntamiento\\\/wp-content\\\/uploads\\\/2020\\\/11\\\/fp3.jpg\",\"width\":622,\"height\":85},{\"@type\":\"BreadcrumbList\",\"@id\":\"https:\\\/\\\/www.caudete.org\\\/ayuntamiento\\\/jornada-22-de-mayo-de-2019\\\/#breadcrumb\",\"itemListElement\":[{\"@type\":\"ListItem\",\"position\":1,\"name\":\"Inicio\",\"item\":\"https:\\\/\\\/www.caudete.org\\\/ayuntamiento\\\/\"},{\"@type\":\"ListItem\",\"position\":2,\"name\":\"Desarrollo Local &#8211; Jornada 22 de mayo de 2019\"}]},{\"@type\":\"WebSite\",\"@id\":\"https:\\\/\\\/www.caudete.org\\\/ayuntamiento\\\/#website\",\"url\":\"https:\\\/\\\/www.caudete.org\\\/ayuntamiento\\\/\",\"name\":\"MI Ayuntamiento de Caudete\",\"description\":\"P\u00e1gina Oficial del MI Ayuntamiento de Caudete\",\"publisher\":{\"@id\":\"https:\\\/\\\/www.caudete.org\\\/ayuntamiento\\\/#organization\"},\"potentialAction\":[{\"@type\":\"SearchAction\",\"target\":{\"@type\":\"EntryPoint\",\"urlTemplate\":\"https:\\\/\\\/www.caudete.org\\\/ayuntamiento\\\/?s={search_term_string}\"},\"query-input\":{\"@type\":\"PropertyValueSpecification\",\"valueRequired\":true,\"valueName\":\"search_term_string\"}}],\"inLanguage\":\"es\"},{\"@type\":\"Organization\",\"@id\":\"https:\\\/\\\/www.caudete.org\\\/ayuntamiento\\\/#organization\",\"name\":\"Ayuntamiento de Caudete\",\"url\":\"https:\\\/\\\/www.caudete.org\\\/ayuntamiento\\\/\",\"logo\":{\"@type\":\"ImageObject\",\"inLanguage\":\"es\",\"@id\":\"https:\\\/\\\/www.caudete.org\\\/ayuntamiento\\\/#\\\/schema\\\/logo\\\/image\\\/\",\"url\":\"https:\\\/\\\/www.caudete.org\\\/ayuntamiento\\\/wp-content\\\/uploads\\\/2020\\\/11\\\/logo_ayuntamiento_caudete.jpg\",\"contentUrl\":\"https:\\\/\\\/www.caudete.org\\\/ayuntamiento\\\/wp-content\\\/uploads\\\/2020\\\/11\\\/logo_ayuntamiento_caudete.jpg\",\"width\":600,\"height\":150,\"caption\":\"Ayuntamiento de Caudete\"},\"image\":{\"@id\":\"https:\\\/\\\/www.caudete.org\\\/ayuntamiento\\\/#\\\/schema\\\/logo\\\/image\\\/\"},\"sameAs\":[\"https:\\\/\\\/www.facebook.com\\\/ayuntamientocaudete\\\/\",\"https:\\\/\\\/www.youtube.com\\\/channel\\\/UC6VztHaooNsGpw-tNoBEFnQ\"]}]}<\/script>\n<!-- \/ Yoast SEO plugin. -->","yoast_head_json":{"title":"Desarrollo Local - Jornada 22 de mayo de 2019 - MI Ayuntamiento de Caudete","description":"P\u00e1gina Oficial del Ayuntamiento de Caudete (Albacete)","robots":{"index":"index","follow":"follow","max-snippet":"max-snippet:-1","max-image-preview":"max-image-preview:large","max-video-preview":"max-video-preview:-1"},"canonical":"https:\/\/www.caudete.org\/ayuntamiento\/jornada-22-de-mayo-de-2019\/","og_locale":"es_ES","og_type":"article","og_title":"Desarrollo Local - Jornada 22 de mayo de 2019 - MI Ayuntamiento de Caudete","og_description":"P\u00e1gina Oficial del Ayuntamiento de Caudete (Albacete)","og_url":"https:\/\/www.caudete.org\/ayuntamiento\/jornada-22-de-mayo-de-2019\/","og_site_name":"MI Ayuntamiento de Caudete","article_publisher":"https:\/\/www.facebook.com\/ayuntamientocaudete\/","article_modified_time":"2020-12-05T12:46:33+00:00","og_image":[{"url":"http:\/\/www.caudete.org\/ayuntamiento\/wp-content\/uploads\/2020\/11\/fp3.jpg","type":"","width":"","height":""}],"twitter_card":"summary_large_image","twitter_misc":{"Tiempo de lectura":"2 minutos"},"schema":{"@context":"https:\/\/schema.org","@graph":[{"@type":"WebPage","@id":"https:\/\/www.caudete.org\/ayuntamiento\/jornada-22-de-mayo-de-2019\/","url":"https:\/\/www.caudete.org\/ayuntamiento\/jornada-22-de-mayo-de-2019\/","name":"Desarrollo Local - Jornada 22 de mayo de 2019 - MI Ayuntamiento de Caudete","isPartOf":{"@id":"https:\/\/www.caudete.org\/ayuntamiento\/#website"},"primaryImageOfPage":{"@id":"https:\/\/www.caudete.org\/ayuntamiento\/jornada-22-de-mayo-de-2019\/#primaryimage"},"image":{"@id":"https:\/\/www.caudete.org\/ayuntamiento\/jornada-22-de-mayo-de-2019\/#primaryimage"},"thumbnailUrl":"http:\/\/www.caudete.org\/ayuntamiento\/wp-content\/uploads\/2020\/11\/fp3.jpg","datePublished":"2020-11-30T21:02:45+00:00","dateModified":"2020-12-05T12:46:33+00:00","description":"P\u00e1gina Oficial del Ayuntamiento de Caudete (Albacete)","breadcrumb":{"@id":"https:\/\/www.caudete.org\/ayuntamiento\/jornada-22-de-mayo-de-2019\/#breadcrumb"},"inLanguage":"es","potentialAction":[{"@type":"ReadAction","target":["https:\/\/www.caudete.org\/ayuntamiento\/jornada-22-de-mayo-de-2019\/"]}]},{"@type":"ImageObject","inLanguage":"es","@id":"https:\/\/www.caudete.org\/ayuntamiento\/jornada-22-de-mayo-de-2019\/#primaryimage","url":"https:\/\/www.caudete.org\/ayuntamiento\/wp-content\/uploads\/2020\/11\/fp3.jpg","contentUrl":"https:\/\/www.caudete.org\/ayuntamiento\/wp-content\/uploads\/2020\/11\/fp3.jpg","width":622,"height":85},{"@type":"BreadcrumbList","@id":"https:\/\/www.caudete.org\/ayuntamiento\/jornada-22-de-mayo-de-2019\/#breadcrumb","itemListElement":[{"@type":"ListItem","position":1,"name":"Inicio","item":"https:\/\/www.caudete.org\/ayuntamiento\/"},{"@type":"ListItem","position":2,"name":"Desarrollo Local &#8211; Jornada 22 de mayo de 2019"}]},{"@type":"WebSite","@id":"https:\/\/www.caudete.org\/ayuntamiento\/#website","url":"https:\/\/www.caudete.org\/ayuntamiento\/","name":"MI Ayuntamiento de Caudete","description":"P\u00e1gina Oficial del MI Ayuntamiento de Caudete","publisher":{"@id":"https:\/\/www.caudete.org\/ayuntamiento\/#organization"},"potentialAction":[{"@type":"SearchAction","target":{"@type":"EntryPoint","urlTemplate":"https:\/\/www.caudete.org\/ayuntamiento\/?s={search_term_string}"},"query-input":{"@type":"PropertyValueSpecification","valueRequired":true,"valueName":"search_term_string"}}],"inLanguage":"es"},{"@type":"Organization","@id":"https:\/\/www.caudete.org\/ayuntamiento\/#organization","name":"Ayuntamiento de Caudete","url":"https:\/\/www.caudete.org\/ayuntamiento\/","logo":{"@type":"ImageObject","inLanguage":"es","@id":"https:\/\/www.caudete.org\/ayuntamiento\/#\/schema\/logo\/image\/","url":"https:\/\/www.caudete.org\/ayuntamiento\/wp-content\/uploads\/2020\/11\/logo_ayuntamiento_caudete.jpg","contentUrl":"https:\/\/www.caudete.org\/ayuntamiento\/wp-content\/uploads\/2020\/11\/logo_ayuntamiento_caudete.jpg","width":600,"height":150,"caption":"Ayuntamiento de Caudete"},"image":{"@id":"https:\/\/www.caudete.org\/ayuntamiento\/#\/schema\/logo\/image\/"},"sameAs":["https:\/\/www.facebook.com\/ayuntamientocaudete\/","https:\/\/www.youtube.com\/channel\/UC6VztHaooNsGpw-tNoBEFnQ"]}]}},"_links":{"self":[{"href":"https:\/\/www.caudete.org\/ayuntamiento\/wp-json\/wp\/v2\/pages\/5921","targetHints":{"allow":["GET"]}}],"collection":[{"href":"https:\/\/www.caudete.org\/ayuntamiento\/wp-json\/wp\/v2\/pages"}],"about":[{"href":"https:\/\/www.caudete.org\/ayuntamiento\/wp-json\/wp\/v2\/types\/page"}],"author":[{"embeddable":true,"href":"https:\/\/www.caudete.org\/ayuntamiento\/wp-json\/wp\/v2\/users\/1"}],"replies":[{"embeddable":true,"href":"https:\/\/www.caudete.org\/ayuntamiento\/wp-json\/wp\/v2\/comments?post=5921"}],"version-history":[{"count":11,"href":"https:\/\/www.caudete.org\/ayuntamiento\/wp-json\/wp\/v2\/pages\/5921\/revisions"}],"predecessor-version":[{"id":6232,"href":"https:\/\/www.caudete.org\/ayuntamiento\/wp-json\/wp\/v2\/pages\/5921\/revisions\/6232"}],"wp:attachment":[{"href":"https:\/\/www.caudete.org\/ayuntamiento\/wp-json\/wp\/v2\/media?parent=5921"}],"wp:term":[{"taxonomy":"category","embeddable":true,"href":"https:\/\/www.caudete.org\/ayuntamiento\/wp-json\/wp\/v2\/categories?post=5921"},{"taxonomy":"post_tag","embeddable":true,"href":"https:\/\/www.caudete.org\/ayuntamiento\/wp-json\/wp\/v2\/tags?post=5921"}],"curies":[{"name":"wp","href":"https:\/\/api.w.org\/{rel}","templated":true}]}}