{"id":6263,"date":"2020-12-04T18:18:51","date_gmt":"2020-12-04T17:18:51","guid":{"rendered":"http:\/\/www.caudete.org\/ayuntamiento\/?page_id=6263"},"modified":"2020-12-05T13:46:33","modified_gmt":"2020-12-05T12:46:33","slug":"desarrollo-local-erasmus-casa-de-cultura-2017-2","status":"publish","type":"page","link":"https:\/\/www.caudete.org\/ayuntamiento\/desarrollo-local-erasmus-casa-de-cultura-2017-2\/","title":{"rendered":"Desarrollo Local &#8211; Erasmus + Casa de Cultura 2017"},"content":{"rendered":"<p style=\"text-align: justify;\">El proyecto Erasmus+ Casa de Cultura Caudete ha permitido que personal directivo y docente de la Universidad Popular del Ayuntamiento de Caudete realizase un actividad de observaci\u00f3n de pr\u00e1cticas de trabajo, de 3 d\u00edas de duraci\u00f3n, en una organizaci\u00f3n cultural italiana, la Sociedad Dante Alighieri Comit\u00e9 del Salento, dedicada, desde 1889, a la promoci\u00f3n de la lengua y cultura italianas, y que, con una red de m\u00e1s de quinientos comit\u00e9s en todo el mundo, trabaja en colaboraci\u00f3n con centros de ense\u00f1anza de adultos, institutos de arte, universidades, y administraciones locales y regionales, entre otros.<\/p>\n<p style=\"text-align: justify;\">En l\u00ednea con los objetivos de la Nueva Agenda Europea para la Cultura, personal directivo y docente de la Universidad Popular de Caudete ha podido conocer actividades, formas de organizaci\u00f3n y m\u00e9todos para fomentar la participaci\u00f3n ciudadana en actividades culturales que incluyen teatro, literatura, poes\u00eda, m\u00fasica y danza, as\u00ed como el conocimiento del patrimonio cultural muse\u00edstico y arquitect\u00f3nico de Lecce (Italia).<br \/>\nEl programa de actividades ha permitido a los participantes conocer la iniciativa cultural &#8220;Aspettando i Cortili Aperti&#8221;, que incluye actuaciones musicales y teatrales en el hist\u00f3rico Palazzo Tamburino Cezzi Rosso Pompeiano, como forma de recuperar y proteger el patrimonio cultural en riesgo de abandono, a trav\u00e9s de conciertos y representaciones para disfrute del gran p\u00fablico.<\/p>\n<p style=\"text-align: justify;\">Se ha conocido, asimismo, el proyecto &#8220;In Viaggio con Dante&#8221; que desarrolla la Sociedad Dante Alighieri, en torno a la obra cumbre de la literatura italiana, &#8220;La Divina Comedia&#8221; de Dante Alighieri: 100 pel\u00edculas que vinculan la obra literaria con el arte, el folclore, la historia y la geograf\u00eda, en un viaje por el pa\u00eds, el presente y el pasado, en una reivindicaci\u00f3n del patrimonio cultural italiano.<\/p>\n<p style=\"text-align: justify;\">Los participantes han asistido, adem\u00e1s, a actividades organizadas por centros de educaci\u00f3n de adultos, como la Asociaci\u00f3n Aldo Vallone, la Universidad Popular de Galatina, la Societ\u00e0 Operaia di Mutuo Soccorso de Lecce, la escuela de baile popular Pizzica de Serena d&#8217;Amato, o el Centro Polivalente de la provincia de Lecce; han participado en recitales po\u00e9ticos, han observado clases de danza, y han conocido muestras de artes pl\u00e1sticas y folclore popular local, como la festividad de &#8220;San Giuseppe&#8221; en San Marzano, y el baile tradicional &#8220;Tarantella&#8221;.<br \/>\nLa Comisi\u00f3n Europea ha reconocido la contribuci\u00f3n del proyecto a la puesta en valor del patrimonio cultural europeo concedi\u00e9ndole el derecho a usar la imagen visual de la campa\u00f1a \u201c2018 A\u00f1o Europeo del Patrimonio Cultural\u201d en la Jornada de Difusi\u00f3n del proyecto celebrada el 23 de mayo de 2018 en el Museo Pintor Rafael Requena de la Casa de Cultura del Ayuntamiento de Caudete.<\/p>\n<p style=\"text-align: justify;\">Los participantes han mejorado sus competencias profesionales a trav\u00e9s del contacto con entidades dedicadas a actividades culturales y de educaci\u00f3n no formal de adultos, ampliando su conocimiento de otras culturas y pr\u00e1cticas de trabajo, mejorando sus competencias ling\u00fc\u00edsticas y estableciendo las bases de una futura colaboraci\u00f3n en proyectos de asociaciones estrat\u00e9gicas con las entidades involucradas en el proyecto.<\/p>\n<p style=\"text-align: justify;\">Su experiencia de movilidad europea ha sido reconocida a trav\u00e9s del Documento de Movilidad Europass.<\/p>\n<p style=\"text-align: justify;\">El proyecto, difundido a trav\u00e9s de cert\u00e1menes, publicaciones en prensa local, provincial, redes y p\u00e1gina web municipal, ha tenido un impacto relevante tanto en las organizaciones de env\u00edo y acogida, que seguir\u00e1n colaborando, como en otros municipios y otras entidades del \u00e1rea de influencia del municipio que han participado en las actividades de difusi\u00f3n del proyecto y que son socias en un nuevo proyecto de consorcio coordinado por el Ayuntamiento de Caudete en el sector Educaci\u00f3n de Adultos, que ha sido aprobado en la convocatoria 2018.<\/p>\n<p>&nbsp;<\/p>\nngg_shortcode_0_placeholder\n<p><center><iframe src=\"https:\/\/www.youtube.com\/embed\/iPUxtpgDFN4\" allowfullscreen=\"allowfullscreen\" width=\"560\" height=\"315\" frameborder=\"0\"><\/iframe><\/center>&nbsp;<\/p>\n<div id=\"adjuntos\">\n<p><strong>Ficheros adjuntos<\/strong><\/p>\n<p><a href=\"http:\/\/www.caudete.org\/ayuntamiento\/eniusimg\/enius146\/2017\/09\/adjuntos_fichero_e3a94d810ebfad0d.pdf\" class=\"mtli_attachment mtli_pdf\">Ponencia KA1 Adultos<\/a><\/p>\n<p><a href=\"http:\/\/www.caudete.org\/ayuntamiento\/eniusimg\/enius146\/2017\/09\/adjuntos_fichero_40e9ecac2b10bc69.pdf\" class=\"mtli_attachment mtli_pdf\">Jornada Difusion Erasmus Plus 17 mayo 2017 PROGRAMA<\/a><\/p>\n<p><a href=\"http:\/\/www.caudete.org\/ayuntamiento\/eniusimg\/enius146\/2017\/09\/adjuntos_fichero_d557b9b8288f93ab.pdf\" class=\"mtli_attachment mtli_pdf\">Jornada Difusion Erasmus Plus 17 mayo 2017 CARTEL<\/a><\/p>\n<p><a href=\"http:\/\/www.caudete.org\/ayuntamiento\/eniusimg\/enius146\/2017\/09\/adjuntos_fichero_5f2d48117fbc2f77.pdf\" class=\"mtli_attachment mtli_pdf\">Bases publicadas selecci\u00f3n personal<\/a><\/p>\n<p><a href=\"http:\/\/www.caudete.org\/ayuntamiento\/eniusimg\/enius146\/2018\/07\/adjuntos_fichero_cb4a96657f5cd87a.pdf\" class=\"mtli_attachment mtli_pdf\">Programa Jornada de Difusi\u00f3n &#8211; 23\/05\/2018<\/a><\/p>\n<p><a href=\"http:\/\/www.caudete.org\/ayuntamiento\/eniusimg\/enius146\/2018\/07\/adjuntos_fichero_ef44c3bd82740c70.pdf\" class=\"mtli_attachment mtli_pdf\">Ponencia KA104 Erasmus + Casa de Cultura 23-05-2018<\/a><\/p>\n<p><a href=\"http:\/\/www.caudete.org\/ayuntamiento\/eniusimg\/enius146\/2018\/07\/adjuntos_fichero_225c691c6a5fee1f.pdf\" class=\"mtli_attachment mtli_pdf\">Recortes de prensa provincial<\/a><\/p>\n<p>&nbsp;<\/p>\n<\/div>\n<p><img fetchpriority=\"high\" decoding=\"async\" class=\"aligncenter size-full wp-image-6199\" src=\"http:\/\/www.caudete.org\/ayuntamiento\/wp-content\/uploads\/2020\/12\/erasmus.jpg\" alt=\"\" width=\"452\" height=\"199\" srcset=\"https:\/\/www.caudete.org\/ayuntamiento\/wp-content\/uploads\/2020\/12\/erasmus.jpg 452w, https:\/\/www.caudete.org\/ayuntamiento\/wp-content\/uploads\/2020\/12\/erasmus-300x132.jpg 300w, https:\/\/www.caudete.org\/ayuntamiento\/wp-content\/uploads\/2020\/12\/erasmus-411x180.jpg 411w\" sizes=\"(max-width: 452px) 100vw, 452px\" \/><\/p>\n","protected":false},"excerpt":{"rendered":"<p>El proyecto Erasmus+ Casa de Cultura Caudete ha permitido que personal directivo y docente de la Universidad Popular del Ayuntamiento de Caudete realizase un actividad de observaci\u00f3n de pr\u00e1cticas de trabajo, de 3 d\u00edas de duraci\u00f3n, en una organizaci\u00f3n cultural italiana, la Sociedad Dante Alighieri Comit\u00e9 del Salento, dedicada, desde 1889, a la promoci\u00f3n de &hellip;<\/p>\n","protected":false},"author":1,"featured_media":0,"parent":0,"menu_order":0,"comment_status":"closed","ping_status":"closed","template":"","meta":{"ngg_post_thumbnail":0,"footnotes":""},"categories":[87,98],"tags":[],"class_list":["post-6263","page","type-page","status-publish","hentry","category-desarrollo-local","category-desarrollo-local-2"],"yoast_head":"<!-- This site is optimized with the Yoast SEO plugin v27.4 - https:\/\/yoast.com\/product\/yoast-seo-wordpress\/ -->\n<title>Desarrollo Local - Erasmus + Casa de Cultura 2017 - MI Ayuntamiento de Caudete<\/title>\n<meta name=\"description\" content=\"P\u00e1gina Oficial del Ayuntamiento de Caudete (Albacete)\" \/>\n<meta name=\"robots\" content=\"index, follow, max-snippet:-1, max-image-preview:large, max-video-preview:-1\" \/>\n<link rel=\"canonical\" href=\"https:\/\/www.caudete.org\/ayuntamiento\/desarrollo-local-erasmus-casa-de-cultura-2017-2\/\" \/>\n<meta property=\"og:locale\" content=\"es_ES\" \/>\n<meta property=\"og:type\" content=\"article\" \/>\n<meta property=\"og:title\" content=\"Desarrollo Local - Erasmus + Casa de Cultura 2017 - MI Ayuntamiento de Caudete\" \/>\n<meta property=\"og:description\" content=\"P\u00e1gina Oficial del Ayuntamiento de Caudete (Albacete)\" \/>\n<meta property=\"og:url\" content=\"https:\/\/www.caudete.org\/ayuntamiento\/desarrollo-local-erasmus-casa-de-cultura-2017-2\/\" \/>\n<meta property=\"og:site_name\" content=\"MI Ayuntamiento de Caudete\" \/>\n<meta property=\"article:publisher\" content=\"https:\/\/www.facebook.com\/ayuntamientocaudete\/\" \/>\n<meta property=\"article:modified_time\" content=\"2020-12-05T12:46:33+00:00\" \/>\n<meta property=\"og:image\" content=\"http:\/\/www.caudete.org\/ayuntamiento\/wp-content\/uploads\/2020\/12\/erasmus.jpg\" \/>\n<meta name=\"twitter:card\" content=\"summary_large_image\" \/>\n<meta name=\"twitter:label1\" content=\"Tiempo de lectura\" \/>\n\t<meta name=\"twitter:data1\" content=\"3 minutos\" \/>\n<script type=\"application\/ld+json\" class=\"yoast-schema-graph\">{\"@context\":\"https:\\\/\\\/schema.org\",\"@graph\":[{\"@type\":\"WebPage\",\"@id\":\"https:\\\/\\\/www.caudete.org\\\/ayuntamiento\\\/desarrollo-local-erasmus-casa-de-cultura-2017-2\\\/\",\"url\":\"https:\\\/\\\/www.caudete.org\\\/ayuntamiento\\\/desarrollo-local-erasmus-casa-de-cultura-2017-2\\\/\",\"name\":\"Desarrollo Local - Erasmus + Casa de Cultura 2017 - MI Ayuntamiento de Caudete\",\"isPartOf\":{\"@id\":\"https:\\\/\\\/www.caudete.org\\\/ayuntamiento\\\/#website\"},\"primaryImageOfPage\":{\"@id\":\"https:\\\/\\\/www.caudete.org\\\/ayuntamiento\\\/desarrollo-local-erasmus-casa-de-cultura-2017-2\\\/#primaryimage\"},\"image\":{\"@id\":\"https:\\\/\\\/www.caudete.org\\\/ayuntamiento\\\/desarrollo-local-erasmus-casa-de-cultura-2017-2\\\/#primaryimage\"},\"thumbnailUrl\":\"http:\\\/\\\/www.caudete.org\\\/ayuntamiento\\\/wp-content\\\/uploads\\\/2020\\\/12\\\/erasmus.jpg\",\"datePublished\":\"2020-12-04T17:18:51+00:00\",\"dateModified\":\"2020-12-05T12:46:33+00:00\",\"description\":\"P\u00e1gina Oficial del Ayuntamiento de Caudete (Albacete)\",\"breadcrumb\":{\"@id\":\"https:\\\/\\\/www.caudete.org\\\/ayuntamiento\\\/desarrollo-local-erasmus-casa-de-cultura-2017-2\\\/#breadcrumb\"},\"inLanguage\":\"es\",\"potentialAction\":[{\"@type\":\"ReadAction\",\"target\":[\"https:\\\/\\\/www.caudete.org\\\/ayuntamiento\\\/desarrollo-local-erasmus-casa-de-cultura-2017-2\\\/\"]}]},{\"@type\":\"ImageObject\",\"inLanguage\":\"es\",\"@id\":\"https:\\\/\\\/www.caudete.org\\\/ayuntamiento\\\/desarrollo-local-erasmus-casa-de-cultura-2017-2\\\/#primaryimage\",\"url\":\"https:\\\/\\\/www.caudete.org\\\/ayuntamiento\\\/wp-content\\\/uploads\\\/2020\\\/12\\\/erasmus.jpg\",\"contentUrl\":\"https:\\\/\\\/www.caudete.org\\\/ayuntamiento\\\/wp-content\\\/uploads\\\/2020\\\/12\\\/erasmus.jpg\",\"width\":452,\"height\":199},{\"@type\":\"BreadcrumbList\",\"@id\":\"https:\\\/\\\/www.caudete.org\\\/ayuntamiento\\\/desarrollo-local-erasmus-casa-de-cultura-2017-2\\\/#breadcrumb\",\"itemListElement\":[{\"@type\":\"ListItem\",\"position\":1,\"name\":\"Inicio\",\"item\":\"https:\\\/\\\/www.caudete.org\\\/ayuntamiento\\\/\"},{\"@type\":\"ListItem\",\"position\":2,\"name\":\"Desarrollo Local &#8211; Erasmus + Casa de Cultura 2017\"}]},{\"@type\":\"WebSite\",\"@id\":\"https:\\\/\\\/www.caudete.org\\\/ayuntamiento\\\/#website\",\"url\":\"https:\\\/\\\/www.caudete.org\\\/ayuntamiento\\\/\",\"name\":\"MI Ayuntamiento de Caudete\",\"description\":\"P\u00e1gina Oficial del MI Ayuntamiento de Caudete\",\"publisher\":{\"@id\":\"https:\\\/\\\/www.caudete.org\\\/ayuntamiento\\\/#organization\"},\"potentialAction\":[{\"@type\":\"SearchAction\",\"target\":{\"@type\":\"EntryPoint\",\"urlTemplate\":\"https:\\\/\\\/www.caudete.org\\\/ayuntamiento\\\/?s={search_term_string}\"},\"query-input\":{\"@type\":\"PropertyValueSpecification\",\"valueRequired\":true,\"valueName\":\"search_term_string\"}}],\"inLanguage\":\"es\"},{\"@type\":\"Organization\",\"@id\":\"https:\\\/\\\/www.caudete.org\\\/ayuntamiento\\\/#organization\",\"name\":\"Ayuntamiento de Caudete\",\"url\":\"https:\\\/\\\/www.caudete.org\\\/ayuntamiento\\\/\",\"logo\":{\"@type\":\"ImageObject\",\"inLanguage\":\"es\",\"@id\":\"https:\\\/\\\/www.caudete.org\\\/ayuntamiento\\\/#\\\/schema\\\/logo\\\/image\\\/\",\"url\":\"https:\\\/\\\/www.caudete.org\\\/ayuntamiento\\\/wp-content\\\/uploads\\\/2020\\\/11\\\/logo_ayuntamiento_caudete.jpg\",\"contentUrl\":\"https:\\\/\\\/www.caudete.org\\\/ayuntamiento\\\/wp-content\\\/uploads\\\/2020\\\/11\\\/logo_ayuntamiento_caudete.jpg\",\"width\":600,\"height\":150,\"caption\":\"Ayuntamiento de Caudete\"},\"image\":{\"@id\":\"https:\\\/\\\/www.caudete.org\\\/ayuntamiento\\\/#\\\/schema\\\/logo\\\/image\\\/\"},\"sameAs\":[\"https:\\\/\\\/www.facebook.com\\\/ayuntamientocaudete\\\/\",\"https:\\\/\\\/www.youtube.com\\\/channel\\\/UC6VztHaooNsGpw-tNoBEFnQ\"]}]}<\/script>\n<!-- \/ Yoast SEO plugin. -->","yoast_head_json":{"title":"Desarrollo Local - Erasmus + Casa de Cultura 2017 - MI Ayuntamiento de Caudete","description":"P\u00e1gina Oficial del Ayuntamiento de Caudete (Albacete)","robots":{"index":"index","follow":"follow","max-snippet":"max-snippet:-1","max-image-preview":"max-image-preview:large","max-video-preview":"max-video-preview:-1"},"canonical":"https:\/\/www.caudete.org\/ayuntamiento\/desarrollo-local-erasmus-casa-de-cultura-2017-2\/","og_locale":"es_ES","og_type":"article","og_title":"Desarrollo Local - Erasmus + Casa de Cultura 2017 - MI Ayuntamiento de Caudete","og_description":"P\u00e1gina Oficial del Ayuntamiento de Caudete (Albacete)","og_url":"https:\/\/www.caudete.org\/ayuntamiento\/desarrollo-local-erasmus-casa-de-cultura-2017-2\/","og_site_name":"MI Ayuntamiento de Caudete","article_publisher":"https:\/\/www.facebook.com\/ayuntamientocaudete\/","article_modified_time":"2020-12-05T12:46:33+00:00","og_image":[{"url":"http:\/\/www.caudete.org\/ayuntamiento\/wp-content\/uploads\/2020\/12\/erasmus.jpg","type":"","width":"","height":""}],"twitter_card":"summary_large_image","twitter_misc":{"Tiempo de lectura":"3 minutos"},"schema":{"@context":"https:\/\/schema.org","@graph":[{"@type":"WebPage","@id":"https:\/\/www.caudete.org\/ayuntamiento\/desarrollo-local-erasmus-casa-de-cultura-2017-2\/","url":"https:\/\/www.caudete.org\/ayuntamiento\/desarrollo-local-erasmus-casa-de-cultura-2017-2\/","name":"Desarrollo Local - Erasmus + Casa de Cultura 2017 - MI Ayuntamiento de Caudete","isPartOf":{"@id":"https:\/\/www.caudete.org\/ayuntamiento\/#website"},"primaryImageOfPage":{"@id":"https:\/\/www.caudete.org\/ayuntamiento\/desarrollo-local-erasmus-casa-de-cultura-2017-2\/#primaryimage"},"image":{"@id":"https:\/\/www.caudete.org\/ayuntamiento\/desarrollo-local-erasmus-casa-de-cultura-2017-2\/#primaryimage"},"thumbnailUrl":"http:\/\/www.caudete.org\/ayuntamiento\/wp-content\/uploads\/2020\/12\/erasmus.jpg","datePublished":"2020-12-04T17:18:51+00:00","dateModified":"2020-12-05T12:46:33+00:00","description":"P\u00e1gina Oficial del Ayuntamiento de Caudete (Albacete)","breadcrumb":{"@id":"https:\/\/www.caudete.org\/ayuntamiento\/desarrollo-local-erasmus-casa-de-cultura-2017-2\/#breadcrumb"},"inLanguage":"es","potentialAction":[{"@type":"ReadAction","target":["https:\/\/www.caudete.org\/ayuntamiento\/desarrollo-local-erasmus-casa-de-cultura-2017-2\/"]}]},{"@type":"ImageObject","inLanguage":"es","@id":"https:\/\/www.caudete.org\/ayuntamiento\/desarrollo-local-erasmus-casa-de-cultura-2017-2\/#primaryimage","url":"https:\/\/www.caudete.org\/ayuntamiento\/wp-content\/uploads\/2020\/12\/erasmus.jpg","contentUrl":"https:\/\/www.caudete.org\/ayuntamiento\/wp-content\/uploads\/2020\/12\/erasmus.jpg","width":452,"height":199},{"@type":"BreadcrumbList","@id":"https:\/\/www.caudete.org\/ayuntamiento\/desarrollo-local-erasmus-casa-de-cultura-2017-2\/#breadcrumb","itemListElement":[{"@type":"ListItem","position":1,"name":"Inicio","item":"https:\/\/www.caudete.org\/ayuntamiento\/"},{"@type":"ListItem","position":2,"name":"Desarrollo Local &#8211; Erasmus + Casa de Cultura 2017"}]},{"@type":"WebSite","@id":"https:\/\/www.caudete.org\/ayuntamiento\/#website","url":"https:\/\/www.caudete.org\/ayuntamiento\/","name":"MI Ayuntamiento de Caudete","description":"P\u00e1gina Oficial del MI Ayuntamiento de Caudete","publisher":{"@id":"https:\/\/www.caudete.org\/ayuntamiento\/#organization"},"potentialAction":[{"@type":"SearchAction","target":{"@type":"EntryPoint","urlTemplate":"https:\/\/www.caudete.org\/ayuntamiento\/?s={search_term_string}"},"query-input":{"@type":"PropertyValueSpecification","valueRequired":true,"valueName":"search_term_string"}}],"inLanguage":"es"},{"@type":"Organization","@id":"https:\/\/www.caudete.org\/ayuntamiento\/#organization","name":"Ayuntamiento de Caudete","url":"https:\/\/www.caudete.org\/ayuntamiento\/","logo":{"@type":"ImageObject","inLanguage":"es","@id":"https:\/\/www.caudete.org\/ayuntamiento\/#\/schema\/logo\/image\/","url":"https:\/\/www.caudete.org\/ayuntamiento\/wp-content\/uploads\/2020\/11\/logo_ayuntamiento_caudete.jpg","contentUrl":"https:\/\/www.caudete.org\/ayuntamiento\/wp-content\/uploads\/2020\/11\/logo_ayuntamiento_caudete.jpg","width":600,"height":150,"caption":"Ayuntamiento de Caudete"},"image":{"@id":"https:\/\/www.caudete.org\/ayuntamiento\/#\/schema\/logo\/image\/"},"sameAs":["https:\/\/www.facebook.com\/ayuntamientocaudete\/","https:\/\/www.youtube.com\/channel\/UC6VztHaooNsGpw-tNoBEFnQ"]}]}},"_links":{"self":[{"href":"https:\/\/www.caudete.org\/ayuntamiento\/wp-json\/wp\/v2\/pages\/6263","targetHints":{"allow":["GET"]}}],"collection":[{"href":"https:\/\/www.caudete.org\/ayuntamiento\/wp-json\/wp\/v2\/pages"}],"about":[{"href":"https:\/\/www.caudete.org\/ayuntamiento\/wp-json\/wp\/v2\/types\/page"}],"author":[{"embeddable":true,"href":"https:\/\/www.caudete.org\/ayuntamiento\/wp-json\/wp\/v2\/users\/1"}],"replies":[{"embeddable":true,"href":"https:\/\/www.caudete.org\/ayuntamiento\/wp-json\/wp\/v2\/comments?post=6263"}],"version-history":[{"count":5,"href":"https:\/\/www.caudete.org\/ayuntamiento\/wp-json\/wp\/v2\/pages\/6263\/revisions"}],"predecessor-version":[{"id":6280,"href":"https:\/\/www.caudete.org\/ayuntamiento\/wp-json\/wp\/v2\/pages\/6263\/revisions\/6280"}],"wp:attachment":[{"href":"https:\/\/www.caudete.org\/ayuntamiento\/wp-json\/wp\/v2\/media?parent=6263"}],"wp:term":[{"taxonomy":"category","embeddable":true,"href":"https:\/\/www.caudete.org\/ayuntamiento\/wp-json\/wp\/v2\/categories?post=6263"},{"taxonomy":"post_tag","embeddable":true,"href":"https:\/\/www.caudete.org\/ayuntamiento\/wp-json\/wp\/v2\/tags?post=6263"}],"curies":[{"name":"wp","href":"https:\/\/api.w.org\/{rel}","templated":true}]}}