{"id":6281,"date":"2020-12-04T18:37:50","date_gmt":"2020-12-04T17:37:50","guid":{"rendered":"http:\/\/www.caudete.org\/ayuntamiento\/?page_id=6281"},"modified":"2020-12-05T13:46:33","modified_gmt":"2020-12-05T12:46:33","slug":"desarrollo-local-actividad-cooperativa-ovile","status":"publish","type":"page","link":"https:\/\/www.caudete.org\/ayuntamiento\/desarrollo-local-actividad-cooperativa-ovile\/","title":{"rendered":"Desarrollo Local &#8211; Actividad Cooperativa OVILE"},"content":{"rendered":"<p style=\"text-align: justify;\">La actividad prevista en la Cooperativa Social L\u2019Ovile https:\/\/www.ovile.coop\/ , ha permitido a los 5 t\u00e9cnicos participantes, procedentes de Asprona Plena Inclusi\u00f3n y Fundaci\u00f3n Diagrama Intervenci\u00f3n Psicosocial, conocer los centros que gestiona la entidad, y que ofrecen actividades socio-ocupacionales y rehabilitaci\u00f3n terap\u00e9utica para lograr la autonom\u00eda e inclusi\u00f3n de personas con discapacidad y\/o enfermedad mental. La cooperativa colabora con varias instituciones p\u00fablicas y otras organizaciones sin \u00e1nimo de lucro en la provincia de Reggio Emilia. Sus actividades se enmarcan en el proyecto \u201cReggio Emilia Citt\u00e0 Senza Barriere\u201d, promovido por el Ayuntamiento de Reggio Emilia en 2017, y que supone una iniciativa marco en la lucha por superar las barreras f\u00edsicas y mentales en la comunidad local.<\/p>\n<p style=\"text-align: justify;\">7th \/11\/2018<br \/>\nCTO \u2013 Centro Terapeutico Occupazionale \u2013 Viale Ramazzini 33: Servicio local de D\u00eda con asistencia de baja intensidad para personas con discapacidad de nivel medio, que no est\u00e1n preparadas para asumir el desempe\u00f1o de una actividad laboral en un ambiente de trabajo real, pero que tienen una autonom\u00eda personal superior a la de otros colectivos atendidos por la cooperativa). La actividad del centro consiste en intervenci\u00f3n consistente en formaci\u00f3n ocupacional en un entorno protegido, preparatorio o sustitutorio del trabajo en empresa y dirigido a fortalecer y desarrollar competencias relacionales y operativas.<\/p>\n<p style=\"text-align: justify;\">Centro socio-occupazionale I \u2013 Lab \u2013 Via De Pisis 9 Reggio Emilia: Servicio dirigido al seguimiento y evaluaci\u00f3n de personas con discapacidad a los efectos de su ubicaci\u00f3n en el servicio o actividad m\u00e1s adecuada en el territorio. Es un servicio ocupacional innovador, dirigido a las personas con discapacidad y sus familias, que da apoyo a diferentes servicios y estructuras de rehabilitaci\u00f3n del territorio, en la definici\u00f3n y redefinici\u00f3n de los proyectos individuales de las personas atendidas. Pretende la consideraci\u00f3n de la circunstancia de \u201cNecesidades Especiales\u201d como una oportunidad y no como un problema. Se gestiona por L\u2019Ovile, en colaboraci\u00f3n con otras dos cooperativas: \u201cCo.re.s.s.\u201d y \u201cAnemos\u201d.<\/p>\n<p style=\"text-align: justify;\">8th\/ 11\/2018<br \/>\nCentro socio-occupazionale Nessuno Escluso at La Polveriera \u2013 Via Terrachini 18 Reggio Emilia: Proyecto de la Cooperativa L\u2019Ovile desarrollado en estrecha colaboraci\u00f3n con el Ayuntamiento de Reggio Emilia, el servicio local de salud-AUSL y la \u201cFarmacie Comunali Riunite\u201d. Se dirige a una treintena de personas adultas con discapacidad apoy\u00e1ndolas en proyectos de autonom\u00eda e inclusi\u00f3n social, gracias al trabajo de un equipo de educadores. El centro crea oportunidades de inclusi\u00f3n en \u00e1reas como la fotograf\u00eda, el autodescubrimiento personal y las manualidades.<br \/>\nCentro socio-occupazionale Ecocreativo \u2013 Via Salerno 9 Rubiera (RE): Laboratorio creativo especializado en artes gr\u00e1ficas e ilustraci\u00f3n, destinado a adultos con discapacidades que no permiten la inclusi\u00f3n laboral ya sea de forma permanente o temporal. El proyecto se desarrolla en colaboraci\u00f3n con el servicio de salud local (AUSL), el Ayuntamiento de Reggio Emilia, el Ayuntamiento de Rubiera, los servicios sociales de Scandiano y Corregio y varias organizaciones.<\/p>\n<p style=\"text-align: justify;\">9th \/11\/2018<br \/>\nProyectos Inclusivos: Orti Spallanzani, progetto collettivo Pigal, progetto Team: Estos proyectos son itinerarios de inclusi\u00f3n social que bajo la f\u00f3rmula de grupos de ciudadan\u00eda activa y con la supervisi\u00f3n de personal educativo, permiten a personas condiscapacidad comprobar por ellos mismos su capacidad de socializaci\u00f3n en entornos reales en el territorio.<\/p>\n<p>&nbsp;<\/p>\n<p><img fetchpriority=\"high\" decoding=\"async\" class=\"aligncenter size-full wp-image-6239\" src=\"http:\/\/www.caudete.org\/ayuntamiento\/wp-content\/uploads\/2020\/12\/graficos_pie.jpg\" alt=\"\" width=\"650\" height=\"83\" srcset=\"https:\/\/www.caudete.org\/ayuntamiento\/wp-content\/uploads\/2020\/12\/graficos_pie.jpg 650w, https:\/\/www.caudete.org\/ayuntamiento\/wp-content\/uploads\/2020\/12\/graficos_pie-300x38.jpg 300w\" sizes=\"(max-width: 650px) 100vw, 650px\" \/><\/p>\n<p style=\"text-align: justify;\"><span style=\"font-size: 10pt;\">El proyecto \u201c+CULTURA +INCLUSI\u00d3N\u201d est\u00e1 cofinanciado por el programa Erasmus+ de la Uni\u00f3n Europea. El contenido de las publicaciones de este apartado es responsabilidad exclusiva del Ayuntamiento de Caudete y ni la Comisi\u00f3n Europea, ni el Servicio Espa\u00f1ol para la Internacionalizaci\u00f3n de la Educaci\u00f3n (SEPIE) son responsables del uso que pueda hacerse de la informaci\u00f3n aqu\u00ed difundida.<\/span><\/p>\n<p><strong>Ficheros adjuntos<\/strong><\/p>\n<p><a href=\"http:\/\/www.caudete.org\/ayuntamiento\/eniusimg\/enius146\/2019\/07\/adjuntos_fichero_56dc3c84d4d40493.pdf\" class=\"mtli_attachment mtli_pdf\" target=\"_blank\" rel=\"noopener noreferrer\">PRESENTACI\u00d3N ACTIVIDAD<\/a><\/p>\n<p><a href=\"http:\/\/www.caudete.org\/ayuntamiento\/eniusimg\/enius146\/2019\/07\/adjuntos_fichero_fb441d7dc7d393ff.pdf\" class=\"mtli_attachment mtli_pdf\" target=\"_blank\" rel=\"noopener noreferrer\">RESUMEN MOVILIDAD ERASMUS<\/a><\/p>\n<p>&nbsp;<\/p>\n<p><strong>Enlaces relacionados<\/strong><\/p>\n<ul>\n<li><a href=\"http:\/\/www.asprona.org\/profesionales-de-asprona-visitan-italia-gracias-al-proyecto-erasmus-para-observar-y-compartir-aspectos-relacionados-con-la-discapacidad-intelectual\/\" target=\"_blank\" rel=\"noopener noreferrer nofollow\">Asprona Plena inclusi\u00f3n<\/a><\/li>\n<li><a href=\"https:\/\/www.fundaciondiagrama.es\/m\/mascultura-masinclusion\/noticias\" target=\"_blank\" rel=\"noopener noreferrer nofollow\">Fundaci\u00f3n Diagrama<\/a><\/li>\n<\/ul>\n","protected":false},"excerpt":{"rendered":"<p>La actividad prevista en la Cooperativa Social L\u2019Ovile https:\/\/www.ovile.coop\/ , ha permitido a los 5 t\u00e9cnicos participantes, procedentes de Asprona Plena Inclusi\u00f3n y Fundaci\u00f3n Diagrama Intervenci\u00f3n Psicosocial, conocer los centros que gestiona la entidad, y que ofrecen actividades socio-ocupacionales y rehabilitaci\u00f3n terap\u00e9utica para lograr la autonom\u00eda e inclusi\u00f3n de personas con discapacidad y\/o enfermedad mental. &hellip;<\/p>\n","protected":false},"author":1,"featured_media":0,"parent":0,"menu_order":0,"comment_status":"closed","ping_status":"closed","template":"","meta":{"ngg_post_thumbnail":0,"footnotes":""},"categories":[87,98],"tags":[],"class_list":["post-6281","page","type-page","status-publish","hentry","category-desarrollo-local","category-desarrollo-local-2"],"yoast_head":"<!-- This site is optimized with the Yoast SEO plugin v27.4 - https:\/\/yoast.com\/product\/yoast-seo-wordpress\/ -->\n<title>Desarrollo Local - Actividad Cooperativa OVILE - MI Ayuntamiento de Caudete<\/title>\n<meta name=\"description\" content=\"P\u00e1gina Oficial del Ayuntamiento de Caudete (Albacete)\" \/>\n<meta name=\"robots\" content=\"index, follow, max-snippet:-1, max-image-preview:large, max-video-preview:-1\" \/>\n<link rel=\"canonical\" href=\"https:\/\/www.caudete.org\/ayuntamiento\/desarrollo-local-actividad-cooperativa-ovile\/\" \/>\n<meta property=\"og:locale\" content=\"es_ES\" \/>\n<meta property=\"og:type\" content=\"article\" \/>\n<meta property=\"og:title\" content=\"Desarrollo Local - Actividad Cooperativa OVILE - MI Ayuntamiento de Caudete\" \/>\n<meta property=\"og:description\" content=\"P\u00e1gina Oficial del Ayuntamiento de Caudete (Albacete)\" \/>\n<meta property=\"og:url\" content=\"https:\/\/www.caudete.org\/ayuntamiento\/desarrollo-local-actividad-cooperativa-ovile\/\" \/>\n<meta property=\"og:site_name\" content=\"MI Ayuntamiento de Caudete\" \/>\n<meta property=\"article:publisher\" content=\"https:\/\/www.facebook.com\/ayuntamientocaudete\/\" \/>\n<meta property=\"article:modified_time\" content=\"2020-12-05T12:46:33+00:00\" \/>\n<meta property=\"og:image\" content=\"http:\/\/www.caudete.org\/ayuntamiento\/wp-content\/uploads\/2020\/12\/graficos_pie.jpg\" \/>\n<meta name=\"twitter:card\" content=\"summary_large_image\" \/>\n<meta name=\"twitter:label1\" content=\"Tiempo de lectura\" \/>\n\t<meta name=\"twitter:data1\" content=\"3 minutos\" \/>\n<script type=\"application\/ld+json\" class=\"yoast-schema-graph\">{\"@context\":\"https:\\\/\\\/schema.org\",\"@graph\":[{\"@type\":\"WebPage\",\"@id\":\"https:\\\/\\\/www.caudete.org\\\/ayuntamiento\\\/desarrollo-local-actividad-cooperativa-ovile\\\/\",\"url\":\"https:\\\/\\\/www.caudete.org\\\/ayuntamiento\\\/desarrollo-local-actividad-cooperativa-ovile\\\/\",\"name\":\"Desarrollo Local - Actividad Cooperativa OVILE - MI Ayuntamiento de Caudete\",\"isPartOf\":{\"@id\":\"https:\\\/\\\/www.caudete.org\\\/ayuntamiento\\\/#website\"},\"primaryImageOfPage\":{\"@id\":\"https:\\\/\\\/www.caudete.org\\\/ayuntamiento\\\/desarrollo-local-actividad-cooperativa-ovile\\\/#primaryimage\"},\"image\":{\"@id\":\"https:\\\/\\\/www.caudete.org\\\/ayuntamiento\\\/desarrollo-local-actividad-cooperativa-ovile\\\/#primaryimage\"},\"thumbnailUrl\":\"http:\\\/\\\/www.caudete.org\\\/ayuntamiento\\\/wp-content\\\/uploads\\\/2020\\\/12\\\/graficos_pie.jpg\",\"datePublished\":\"2020-12-04T17:37:50+00:00\",\"dateModified\":\"2020-12-05T12:46:33+00:00\",\"description\":\"P\u00e1gina Oficial del Ayuntamiento de Caudete (Albacete)\",\"breadcrumb\":{\"@id\":\"https:\\\/\\\/www.caudete.org\\\/ayuntamiento\\\/desarrollo-local-actividad-cooperativa-ovile\\\/#breadcrumb\"},\"inLanguage\":\"es\",\"potentialAction\":[{\"@type\":\"ReadAction\",\"target\":[\"https:\\\/\\\/www.caudete.org\\\/ayuntamiento\\\/desarrollo-local-actividad-cooperativa-ovile\\\/\"]}]},{\"@type\":\"ImageObject\",\"inLanguage\":\"es\",\"@id\":\"https:\\\/\\\/www.caudete.org\\\/ayuntamiento\\\/desarrollo-local-actividad-cooperativa-ovile\\\/#primaryimage\",\"url\":\"https:\\\/\\\/www.caudete.org\\\/ayuntamiento\\\/wp-content\\\/uploads\\\/2020\\\/12\\\/graficos_pie.jpg\",\"contentUrl\":\"https:\\\/\\\/www.caudete.org\\\/ayuntamiento\\\/wp-content\\\/uploads\\\/2020\\\/12\\\/graficos_pie.jpg\",\"width\":650,\"height\":83},{\"@type\":\"BreadcrumbList\",\"@id\":\"https:\\\/\\\/www.caudete.org\\\/ayuntamiento\\\/desarrollo-local-actividad-cooperativa-ovile\\\/#breadcrumb\",\"itemListElement\":[{\"@type\":\"ListItem\",\"position\":1,\"name\":\"Inicio\",\"item\":\"https:\\\/\\\/www.caudete.org\\\/ayuntamiento\\\/\"},{\"@type\":\"ListItem\",\"position\":2,\"name\":\"Desarrollo Local &#8211; Actividad Cooperativa OVILE\"}]},{\"@type\":\"WebSite\",\"@id\":\"https:\\\/\\\/www.caudete.org\\\/ayuntamiento\\\/#website\",\"url\":\"https:\\\/\\\/www.caudete.org\\\/ayuntamiento\\\/\",\"name\":\"MI Ayuntamiento de Caudete\",\"description\":\"P\u00e1gina Oficial del MI Ayuntamiento de Caudete\",\"publisher\":{\"@id\":\"https:\\\/\\\/www.caudete.org\\\/ayuntamiento\\\/#organization\"},\"potentialAction\":[{\"@type\":\"SearchAction\",\"target\":{\"@type\":\"EntryPoint\",\"urlTemplate\":\"https:\\\/\\\/www.caudete.org\\\/ayuntamiento\\\/?s={search_term_string}\"},\"query-input\":{\"@type\":\"PropertyValueSpecification\",\"valueRequired\":true,\"valueName\":\"search_term_string\"}}],\"inLanguage\":\"es\"},{\"@type\":\"Organization\",\"@id\":\"https:\\\/\\\/www.caudete.org\\\/ayuntamiento\\\/#organization\",\"name\":\"Ayuntamiento de Caudete\",\"url\":\"https:\\\/\\\/www.caudete.org\\\/ayuntamiento\\\/\",\"logo\":{\"@type\":\"ImageObject\",\"inLanguage\":\"es\",\"@id\":\"https:\\\/\\\/www.caudete.org\\\/ayuntamiento\\\/#\\\/schema\\\/logo\\\/image\\\/\",\"url\":\"https:\\\/\\\/www.caudete.org\\\/ayuntamiento\\\/wp-content\\\/uploads\\\/2020\\\/11\\\/logo_ayuntamiento_caudete.jpg\",\"contentUrl\":\"https:\\\/\\\/www.caudete.org\\\/ayuntamiento\\\/wp-content\\\/uploads\\\/2020\\\/11\\\/logo_ayuntamiento_caudete.jpg\",\"width\":600,\"height\":150,\"caption\":\"Ayuntamiento de Caudete\"},\"image\":{\"@id\":\"https:\\\/\\\/www.caudete.org\\\/ayuntamiento\\\/#\\\/schema\\\/logo\\\/image\\\/\"},\"sameAs\":[\"https:\\\/\\\/www.facebook.com\\\/ayuntamientocaudete\\\/\",\"https:\\\/\\\/www.youtube.com\\\/channel\\\/UC6VztHaooNsGpw-tNoBEFnQ\"]}]}<\/script>\n<!-- \/ Yoast SEO plugin. -->","yoast_head_json":{"title":"Desarrollo Local - Actividad Cooperativa OVILE - MI Ayuntamiento de Caudete","description":"P\u00e1gina Oficial del Ayuntamiento de Caudete (Albacete)","robots":{"index":"index","follow":"follow","max-snippet":"max-snippet:-1","max-image-preview":"max-image-preview:large","max-video-preview":"max-video-preview:-1"},"canonical":"https:\/\/www.caudete.org\/ayuntamiento\/desarrollo-local-actividad-cooperativa-ovile\/","og_locale":"es_ES","og_type":"article","og_title":"Desarrollo Local - Actividad Cooperativa OVILE - MI Ayuntamiento de Caudete","og_description":"P\u00e1gina Oficial del Ayuntamiento de Caudete (Albacete)","og_url":"https:\/\/www.caudete.org\/ayuntamiento\/desarrollo-local-actividad-cooperativa-ovile\/","og_site_name":"MI Ayuntamiento de Caudete","article_publisher":"https:\/\/www.facebook.com\/ayuntamientocaudete\/","article_modified_time":"2020-12-05T12:46:33+00:00","og_image":[{"url":"http:\/\/www.caudete.org\/ayuntamiento\/wp-content\/uploads\/2020\/12\/graficos_pie.jpg","type":"","width":"","height":""}],"twitter_card":"summary_large_image","twitter_misc":{"Tiempo de lectura":"3 minutos"},"schema":{"@context":"https:\/\/schema.org","@graph":[{"@type":"WebPage","@id":"https:\/\/www.caudete.org\/ayuntamiento\/desarrollo-local-actividad-cooperativa-ovile\/","url":"https:\/\/www.caudete.org\/ayuntamiento\/desarrollo-local-actividad-cooperativa-ovile\/","name":"Desarrollo Local - Actividad Cooperativa OVILE - MI Ayuntamiento de Caudete","isPartOf":{"@id":"https:\/\/www.caudete.org\/ayuntamiento\/#website"},"primaryImageOfPage":{"@id":"https:\/\/www.caudete.org\/ayuntamiento\/desarrollo-local-actividad-cooperativa-ovile\/#primaryimage"},"image":{"@id":"https:\/\/www.caudete.org\/ayuntamiento\/desarrollo-local-actividad-cooperativa-ovile\/#primaryimage"},"thumbnailUrl":"http:\/\/www.caudete.org\/ayuntamiento\/wp-content\/uploads\/2020\/12\/graficos_pie.jpg","datePublished":"2020-12-04T17:37:50+00:00","dateModified":"2020-12-05T12:46:33+00:00","description":"P\u00e1gina Oficial del Ayuntamiento de Caudete (Albacete)","breadcrumb":{"@id":"https:\/\/www.caudete.org\/ayuntamiento\/desarrollo-local-actividad-cooperativa-ovile\/#breadcrumb"},"inLanguage":"es","potentialAction":[{"@type":"ReadAction","target":["https:\/\/www.caudete.org\/ayuntamiento\/desarrollo-local-actividad-cooperativa-ovile\/"]}]},{"@type":"ImageObject","inLanguage":"es","@id":"https:\/\/www.caudete.org\/ayuntamiento\/desarrollo-local-actividad-cooperativa-ovile\/#primaryimage","url":"https:\/\/www.caudete.org\/ayuntamiento\/wp-content\/uploads\/2020\/12\/graficos_pie.jpg","contentUrl":"https:\/\/www.caudete.org\/ayuntamiento\/wp-content\/uploads\/2020\/12\/graficos_pie.jpg","width":650,"height":83},{"@type":"BreadcrumbList","@id":"https:\/\/www.caudete.org\/ayuntamiento\/desarrollo-local-actividad-cooperativa-ovile\/#breadcrumb","itemListElement":[{"@type":"ListItem","position":1,"name":"Inicio","item":"https:\/\/www.caudete.org\/ayuntamiento\/"},{"@type":"ListItem","position":2,"name":"Desarrollo Local &#8211; Actividad Cooperativa OVILE"}]},{"@type":"WebSite","@id":"https:\/\/www.caudete.org\/ayuntamiento\/#website","url":"https:\/\/www.caudete.org\/ayuntamiento\/","name":"MI Ayuntamiento de Caudete","description":"P\u00e1gina Oficial del MI Ayuntamiento de Caudete","publisher":{"@id":"https:\/\/www.caudete.org\/ayuntamiento\/#organization"},"potentialAction":[{"@type":"SearchAction","target":{"@type":"EntryPoint","urlTemplate":"https:\/\/www.caudete.org\/ayuntamiento\/?s={search_term_string}"},"query-input":{"@type":"PropertyValueSpecification","valueRequired":true,"valueName":"search_term_string"}}],"inLanguage":"es"},{"@type":"Organization","@id":"https:\/\/www.caudete.org\/ayuntamiento\/#organization","name":"Ayuntamiento de Caudete","url":"https:\/\/www.caudete.org\/ayuntamiento\/","logo":{"@type":"ImageObject","inLanguage":"es","@id":"https:\/\/www.caudete.org\/ayuntamiento\/#\/schema\/logo\/image\/","url":"https:\/\/www.caudete.org\/ayuntamiento\/wp-content\/uploads\/2020\/11\/logo_ayuntamiento_caudete.jpg","contentUrl":"https:\/\/www.caudete.org\/ayuntamiento\/wp-content\/uploads\/2020\/11\/logo_ayuntamiento_caudete.jpg","width":600,"height":150,"caption":"Ayuntamiento de Caudete"},"image":{"@id":"https:\/\/www.caudete.org\/ayuntamiento\/#\/schema\/logo\/image\/"},"sameAs":["https:\/\/www.facebook.com\/ayuntamientocaudete\/","https:\/\/www.youtube.com\/channel\/UC6VztHaooNsGpw-tNoBEFnQ"]}]}},"_links":{"self":[{"href":"https:\/\/www.caudete.org\/ayuntamiento\/wp-json\/wp\/v2\/pages\/6281","targetHints":{"allow":["GET"]}}],"collection":[{"href":"https:\/\/www.caudete.org\/ayuntamiento\/wp-json\/wp\/v2\/pages"}],"about":[{"href":"https:\/\/www.caudete.org\/ayuntamiento\/wp-json\/wp\/v2\/types\/page"}],"author":[{"embeddable":true,"href":"https:\/\/www.caudete.org\/ayuntamiento\/wp-json\/wp\/v2\/users\/1"}],"replies":[{"embeddable":true,"href":"https:\/\/www.caudete.org\/ayuntamiento\/wp-json\/wp\/v2\/comments?post=6281"}],"version-history":[{"count":3,"href":"https:\/\/www.caudete.org\/ayuntamiento\/wp-json\/wp\/v2\/pages\/6281\/revisions"}],"predecessor-version":[{"id":6284,"href":"https:\/\/www.caudete.org\/ayuntamiento\/wp-json\/wp\/v2\/pages\/6281\/revisions\/6284"}],"wp:attachment":[{"href":"https:\/\/www.caudete.org\/ayuntamiento\/wp-json\/wp\/v2\/media?parent=6281"}],"wp:term":[{"taxonomy":"category","embeddable":true,"href":"https:\/\/www.caudete.org\/ayuntamiento\/wp-json\/wp\/v2\/categories?post=6281"},{"taxonomy":"post_tag","embeddable":true,"href":"https:\/\/www.caudete.org\/ayuntamiento\/wp-json\/wp\/v2\/tags?post=6281"}],"curies":[{"name":"wp","href":"https:\/\/api.w.org\/{rel}","templated":true}]}}