{"id":6290,"date":"2020-12-04T18:49:12","date_gmt":"2020-12-04T17:49:12","guid":{"rendered":"http:\/\/www.caudete.org\/ayuntamiento\/?page_id=6290"},"modified":"2020-12-05T13:46:33","modified_gmt":"2020-12-05T12:46:33","slug":"actividad-asociacion-sementera","status":"publish","type":"page","link":"https:\/\/www.caudete.org\/ayuntamiento\/actividad-asociacion-sementera\/","title":{"rendered":"Desarrollo Local &#8211; Actividad Asociaci\u00f3n Sementera"},"content":{"rendered":"<p><img fetchpriority=\"high\" decoding=\"async\" class=\"aligncenter size-full wp-image-6291\" src=\"http:\/\/www.caudete.org\/ayuntamiento\/wp-content\/uploads\/2020\/12\/sementera.jpg\" alt=\"\" width=\"800\" height=\"519\" srcset=\"https:\/\/www.caudete.org\/ayuntamiento\/wp-content\/uploads\/2020\/12\/sementera.jpg 800w, https:\/\/www.caudete.org\/ayuntamiento\/wp-content\/uploads\/2020\/12\/sementera-300x195.jpg 300w, https:\/\/www.caudete.org\/ayuntamiento\/wp-content\/uploads\/2020\/12\/sementera-768x498.jpg 768w\" sizes=\"(max-width: 800px) 100vw, 800px\" \/><\/p>\n<p>&nbsp;<\/p>\n<p style=\"text-align: justify;\">La actividad en Asociaci\u00f3n Sementera http:\/\/www.sementera.org\/ ha permitido a los participantes mejorar sus competencias profesionales al conocer metodolog\u00edas de arteterapia, y t\u00e9cnicas de intervenci\u00f3n basadas en el uso de nuevas tecnolog\u00edas que favorecen la comunicaci\u00f3n con las personas con enfermedad mental o discapacidades sensoriales.<\/p>\n<p style=\"text-align: justify;\">\u2022 21\/11\/2018: Actividad de observaci\u00f3n de pr\u00e1cticas de trabajo en Centro de D\u00eda Forabosco. Observaci\u00f3n de formaci\u00f3n ofrecida a personal del centro que atiende a personas con autismo, por parte de Simone Donnari, especialista en arteterapia.<\/p>\n<p style=\"text-align: justify;\">\u2022 22\/11\/2018: Observaci\u00f3n de metodolog\u00edas de arteterapia y nuevas tecnolog\u00edas aplicadas al trabajo con usuarios con discapacidad o enfermedad mental, en Centro Atlas. Se podr\u00e1 observar la utilizaci\u00f3n de la metodolog\u00eda con determinados usuarios.<\/p>\n<p style=\"text-align: justify;\">\u2022 23\/11\/2018: Observaci\u00f3n de pr\u00e1cticas de trabajo en reuni\u00f3n semanal del equipo t\u00e9cnico de Atlas, eje del trabajo conjunto del personal de la organizaci\u00f3n.<\/p>\n<p><strong>Ficheros adjuntos<\/strong><\/p>\n<p><a href=\"http:\/\/www.caudete.org\/ayuntamiento\/eniusimg\/enius146\/2019\/07\/adjuntos_fichero_71ccb052fedea669.pdf\" class=\"mtli_attachment mtli_pdf\" target=\"_blank\" rel=\"noopener noreferrer\">PRESENTACI\u00d3N ACTIVIDAD<\/a><\/p>\n<p><a href=\"http:\/\/www.caudete.org\/ayuntamiento\/eniusimg\/enius146\/2019\/07\/adjuntos_fichero_24a66dfa86079ff1.pdf\" class=\"mtli_attachment mtli_pdf\" target=\"_blank\" rel=\"noopener noreferrer\">REVISTA ACAFEM 2018<\/a><\/p>\n<p><a href=\"http:\/\/www.caudete.org\/ayuntamiento\/eniusimg\/enius146\/2019\/07\/adjuntos_fichero_0cdcc2eb0caa2045.pdf\" class=\"mtli_attachment mtli_pdf\" target=\"_blank\" rel=\"noopener noreferrer\">TALLER ACAFEM ARTETERAPIA ESCRITURA CREATIVA<\/a><\/p>\n<p>&nbsp;<\/p>\n<p><center><iframe src=\"https:\/\/www.youtube.com\/embed\/4b42sXVvx00\" allowfullscreen=\"allowfullscreen\" width=\"560\" height=\"315\" frameborder=\"0\"><\/iframe><\/center><center><\/center><center><\/center><center><\/center><center><\/center><center><img decoding=\"async\" class=\"aligncenter size-full wp-image-6239\" src=\"http:\/\/www.caudete.org\/ayuntamiento\/wp-content\/uploads\/2020\/12\/graficos_pie.jpg\" alt=\"\" width=\"650\" height=\"83\" srcset=\"https:\/\/www.caudete.org\/ayuntamiento\/wp-content\/uploads\/2020\/12\/graficos_pie.jpg 650w, https:\/\/www.caudete.org\/ayuntamiento\/wp-content\/uploads\/2020\/12\/graficos_pie-300x38.jpg 300w\" sizes=\"(max-width: 650px) 100vw, 650px\" \/><\/center><\/p>\n<p style=\"text-align: justify;\"><span style=\"font-size: 10pt;\">El proyecto \u201c+CULTURA +INCLUSI\u00d3N\u201d est\u00e1 cofinanciado por el programa Erasmus+ de la Uni\u00f3n Europea. El contenido de las publicaciones de este apartado es responsabilidad exclusiva del Ayuntamiento de Caudete y ni la Comisi\u00f3n Europea, ni el Servicio Espa\u00f1ol para la Internacionalizaci\u00f3n de la Educaci\u00f3n (SEPIE) son responsables del uso que pueda hacerse de la informaci\u00f3n aqu\u00ed difundida.<\/span><\/p>\n","protected":false},"excerpt":{"rendered":"<p>&nbsp; La actividad en Asociaci\u00f3n Sementera http:\/\/www.sementera.org\/ ha permitido a los participantes mejorar sus competencias profesionales al conocer metodolog\u00edas de arteterapia, y t\u00e9cnicas de intervenci\u00f3n basadas en el uso de nuevas tecnolog\u00edas que favorecen la comunicaci\u00f3n con las personas con enfermedad mental o discapacidades sensoriales. \u2022 21\/11\/2018: Actividad de observaci\u00f3n de pr\u00e1cticas de trabajo en &hellip;<\/p>\n","protected":false},"author":1,"featured_media":0,"parent":0,"menu_order":0,"comment_status":"closed","ping_status":"closed","template":"","meta":{"ngg_post_thumbnail":0,"footnotes":""},"categories":[87,98],"tags":[],"class_list":["post-6290","page","type-page","status-publish","hentry","category-desarrollo-local","category-desarrollo-local-2"],"yoast_head":"<!-- This site is optimized with the Yoast SEO plugin v27.4 - https:\/\/yoast.com\/product\/yoast-seo-wordpress\/ -->\n<title>Desarrollo Local - Actividad Asociaci\u00f3n Sementera - MI Ayuntamiento de Caudete<\/title>\n<meta name=\"description\" content=\"P\u00e1gina Oficial del Ayuntamiento de Caudete (Albacete)\" \/>\n<meta name=\"robots\" content=\"index, follow, max-snippet:-1, max-image-preview:large, max-video-preview:-1\" \/>\n<link rel=\"canonical\" href=\"https:\/\/www.caudete.org\/ayuntamiento\/actividad-asociacion-sementera\/\" \/>\n<meta property=\"og:locale\" content=\"es_ES\" \/>\n<meta property=\"og:type\" content=\"article\" \/>\n<meta property=\"og:title\" content=\"Desarrollo Local - Actividad Asociaci\u00f3n Sementera - MI Ayuntamiento de Caudete\" \/>\n<meta property=\"og:description\" content=\"P\u00e1gina Oficial del Ayuntamiento de Caudete (Albacete)\" \/>\n<meta property=\"og:url\" content=\"https:\/\/www.caudete.org\/ayuntamiento\/actividad-asociacion-sementera\/\" \/>\n<meta property=\"og:site_name\" content=\"MI Ayuntamiento de Caudete\" \/>\n<meta property=\"article:publisher\" content=\"https:\/\/www.facebook.com\/ayuntamientocaudete\/\" \/>\n<meta property=\"article:modified_time\" content=\"2020-12-05T12:46:33+00:00\" \/>\n<meta property=\"og:image\" content=\"http:\/\/www.caudete.org\/ayuntamiento\/wp-content\/uploads\/2020\/12\/sementera.jpg\" \/>\n<meta name=\"twitter:card\" content=\"summary_large_image\" \/>\n<meta name=\"twitter:label1\" content=\"Tiempo de lectura\" \/>\n\t<meta name=\"twitter:data1\" content=\"1 minuto\" \/>\n<script type=\"application\/ld+json\" class=\"yoast-schema-graph\">{\"@context\":\"https:\\\/\\\/schema.org\",\"@graph\":[{\"@type\":\"WebPage\",\"@id\":\"https:\\\/\\\/www.caudete.org\\\/ayuntamiento\\\/actividad-asociacion-sementera\\\/\",\"url\":\"https:\\\/\\\/www.caudete.org\\\/ayuntamiento\\\/actividad-asociacion-sementera\\\/\",\"name\":\"Desarrollo Local - Actividad Asociaci\u00f3n Sementera - MI Ayuntamiento de Caudete\",\"isPartOf\":{\"@id\":\"https:\\\/\\\/www.caudete.org\\\/ayuntamiento\\\/#website\"},\"primaryImageOfPage\":{\"@id\":\"https:\\\/\\\/www.caudete.org\\\/ayuntamiento\\\/actividad-asociacion-sementera\\\/#primaryimage\"},\"image\":{\"@id\":\"https:\\\/\\\/www.caudete.org\\\/ayuntamiento\\\/actividad-asociacion-sementera\\\/#primaryimage\"},\"thumbnailUrl\":\"http:\\\/\\\/www.caudete.org\\\/ayuntamiento\\\/wp-content\\\/uploads\\\/2020\\\/12\\\/sementera.jpg\",\"datePublished\":\"2020-12-04T17:49:12+00:00\",\"dateModified\":\"2020-12-05T12:46:33+00:00\",\"description\":\"P\u00e1gina Oficial del Ayuntamiento de Caudete (Albacete)\",\"breadcrumb\":{\"@id\":\"https:\\\/\\\/www.caudete.org\\\/ayuntamiento\\\/actividad-asociacion-sementera\\\/#breadcrumb\"},\"inLanguage\":\"es\",\"potentialAction\":[{\"@type\":\"ReadAction\",\"target\":[\"https:\\\/\\\/www.caudete.org\\\/ayuntamiento\\\/actividad-asociacion-sementera\\\/\"]}]},{\"@type\":\"ImageObject\",\"inLanguage\":\"es\",\"@id\":\"https:\\\/\\\/www.caudete.org\\\/ayuntamiento\\\/actividad-asociacion-sementera\\\/#primaryimage\",\"url\":\"https:\\\/\\\/www.caudete.org\\\/ayuntamiento\\\/wp-content\\\/uploads\\\/2020\\\/12\\\/sementera.jpg\",\"contentUrl\":\"https:\\\/\\\/www.caudete.org\\\/ayuntamiento\\\/wp-content\\\/uploads\\\/2020\\\/12\\\/sementera.jpg\",\"width\":800,\"height\":519},{\"@type\":\"BreadcrumbList\",\"@id\":\"https:\\\/\\\/www.caudete.org\\\/ayuntamiento\\\/actividad-asociacion-sementera\\\/#breadcrumb\",\"itemListElement\":[{\"@type\":\"ListItem\",\"position\":1,\"name\":\"Inicio\",\"item\":\"https:\\\/\\\/www.caudete.org\\\/ayuntamiento\\\/\"},{\"@type\":\"ListItem\",\"position\":2,\"name\":\"Desarrollo Local &#8211; Actividad Asociaci\u00f3n Sementera\"}]},{\"@type\":\"WebSite\",\"@id\":\"https:\\\/\\\/www.caudete.org\\\/ayuntamiento\\\/#website\",\"url\":\"https:\\\/\\\/www.caudete.org\\\/ayuntamiento\\\/\",\"name\":\"MI Ayuntamiento de Caudete\",\"description\":\"P\u00e1gina Oficial del MI Ayuntamiento de Caudete\",\"publisher\":{\"@id\":\"https:\\\/\\\/www.caudete.org\\\/ayuntamiento\\\/#organization\"},\"potentialAction\":[{\"@type\":\"SearchAction\",\"target\":{\"@type\":\"EntryPoint\",\"urlTemplate\":\"https:\\\/\\\/www.caudete.org\\\/ayuntamiento\\\/?s={search_term_string}\"},\"query-input\":{\"@type\":\"PropertyValueSpecification\",\"valueRequired\":true,\"valueName\":\"search_term_string\"}}],\"inLanguage\":\"es\"},{\"@type\":\"Organization\",\"@id\":\"https:\\\/\\\/www.caudete.org\\\/ayuntamiento\\\/#organization\",\"name\":\"Ayuntamiento de Caudete\",\"url\":\"https:\\\/\\\/www.caudete.org\\\/ayuntamiento\\\/\",\"logo\":{\"@type\":\"ImageObject\",\"inLanguage\":\"es\",\"@id\":\"https:\\\/\\\/www.caudete.org\\\/ayuntamiento\\\/#\\\/schema\\\/logo\\\/image\\\/\",\"url\":\"https:\\\/\\\/www.caudete.org\\\/ayuntamiento\\\/wp-content\\\/uploads\\\/2020\\\/11\\\/logo_ayuntamiento_caudete.jpg\",\"contentUrl\":\"https:\\\/\\\/www.caudete.org\\\/ayuntamiento\\\/wp-content\\\/uploads\\\/2020\\\/11\\\/logo_ayuntamiento_caudete.jpg\",\"width\":600,\"height\":150,\"caption\":\"Ayuntamiento de Caudete\"},\"image\":{\"@id\":\"https:\\\/\\\/www.caudete.org\\\/ayuntamiento\\\/#\\\/schema\\\/logo\\\/image\\\/\"},\"sameAs\":[\"https:\\\/\\\/www.facebook.com\\\/ayuntamientocaudete\\\/\",\"https:\\\/\\\/www.youtube.com\\\/channel\\\/UC6VztHaooNsGpw-tNoBEFnQ\"]}]}<\/script>\n<!-- \/ Yoast SEO plugin. -->","yoast_head_json":{"title":"Desarrollo Local - Actividad Asociaci\u00f3n Sementera - MI Ayuntamiento de Caudete","description":"P\u00e1gina Oficial del Ayuntamiento de Caudete (Albacete)","robots":{"index":"index","follow":"follow","max-snippet":"max-snippet:-1","max-image-preview":"max-image-preview:large","max-video-preview":"max-video-preview:-1"},"canonical":"https:\/\/www.caudete.org\/ayuntamiento\/actividad-asociacion-sementera\/","og_locale":"es_ES","og_type":"article","og_title":"Desarrollo Local - Actividad Asociaci\u00f3n Sementera - MI Ayuntamiento de Caudete","og_description":"P\u00e1gina Oficial del Ayuntamiento de Caudete (Albacete)","og_url":"https:\/\/www.caudete.org\/ayuntamiento\/actividad-asociacion-sementera\/","og_site_name":"MI Ayuntamiento de Caudete","article_publisher":"https:\/\/www.facebook.com\/ayuntamientocaudete\/","article_modified_time":"2020-12-05T12:46:33+00:00","og_image":[{"url":"http:\/\/www.caudete.org\/ayuntamiento\/wp-content\/uploads\/2020\/12\/sementera.jpg","type":"","width":"","height":""}],"twitter_card":"summary_large_image","twitter_misc":{"Tiempo de lectura":"1 minuto"},"schema":{"@context":"https:\/\/schema.org","@graph":[{"@type":"WebPage","@id":"https:\/\/www.caudete.org\/ayuntamiento\/actividad-asociacion-sementera\/","url":"https:\/\/www.caudete.org\/ayuntamiento\/actividad-asociacion-sementera\/","name":"Desarrollo Local - Actividad Asociaci\u00f3n Sementera - MI Ayuntamiento de Caudete","isPartOf":{"@id":"https:\/\/www.caudete.org\/ayuntamiento\/#website"},"primaryImageOfPage":{"@id":"https:\/\/www.caudete.org\/ayuntamiento\/actividad-asociacion-sementera\/#primaryimage"},"image":{"@id":"https:\/\/www.caudete.org\/ayuntamiento\/actividad-asociacion-sementera\/#primaryimage"},"thumbnailUrl":"http:\/\/www.caudete.org\/ayuntamiento\/wp-content\/uploads\/2020\/12\/sementera.jpg","datePublished":"2020-12-04T17:49:12+00:00","dateModified":"2020-12-05T12:46:33+00:00","description":"P\u00e1gina Oficial del Ayuntamiento de Caudete (Albacete)","breadcrumb":{"@id":"https:\/\/www.caudete.org\/ayuntamiento\/actividad-asociacion-sementera\/#breadcrumb"},"inLanguage":"es","potentialAction":[{"@type":"ReadAction","target":["https:\/\/www.caudete.org\/ayuntamiento\/actividad-asociacion-sementera\/"]}]},{"@type":"ImageObject","inLanguage":"es","@id":"https:\/\/www.caudete.org\/ayuntamiento\/actividad-asociacion-sementera\/#primaryimage","url":"https:\/\/www.caudete.org\/ayuntamiento\/wp-content\/uploads\/2020\/12\/sementera.jpg","contentUrl":"https:\/\/www.caudete.org\/ayuntamiento\/wp-content\/uploads\/2020\/12\/sementera.jpg","width":800,"height":519},{"@type":"BreadcrumbList","@id":"https:\/\/www.caudete.org\/ayuntamiento\/actividad-asociacion-sementera\/#breadcrumb","itemListElement":[{"@type":"ListItem","position":1,"name":"Inicio","item":"https:\/\/www.caudete.org\/ayuntamiento\/"},{"@type":"ListItem","position":2,"name":"Desarrollo Local &#8211; Actividad Asociaci\u00f3n Sementera"}]},{"@type":"WebSite","@id":"https:\/\/www.caudete.org\/ayuntamiento\/#website","url":"https:\/\/www.caudete.org\/ayuntamiento\/","name":"MI Ayuntamiento de Caudete","description":"P\u00e1gina Oficial del MI Ayuntamiento de Caudete","publisher":{"@id":"https:\/\/www.caudete.org\/ayuntamiento\/#organization"},"potentialAction":[{"@type":"SearchAction","target":{"@type":"EntryPoint","urlTemplate":"https:\/\/www.caudete.org\/ayuntamiento\/?s={search_term_string}"},"query-input":{"@type":"PropertyValueSpecification","valueRequired":true,"valueName":"search_term_string"}}],"inLanguage":"es"},{"@type":"Organization","@id":"https:\/\/www.caudete.org\/ayuntamiento\/#organization","name":"Ayuntamiento de Caudete","url":"https:\/\/www.caudete.org\/ayuntamiento\/","logo":{"@type":"ImageObject","inLanguage":"es","@id":"https:\/\/www.caudete.org\/ayuntamiento\/#\/schema\/logo\/image\/","url":"https:\/\/www.caudete.org\/ayuntamiento\/wp-content\/uploads\/2020\/11\/logo_ayuntamiento_caudete.jpg","contentUrl":"https:\/\/www.caudete.org\/ayuntamiento\/wp-content\/uploads\/2020\/11\/logo_ayuntamiento_caudete.jpg","width":600,"height":150,"caption":"Ayuntamiento de Caudete"},"image":{"@id":"https:\/\/www.caudete.org\/ayuntamiento\/#\/schema\/logo\/image\/"},"sameAs":["https:\/\/www.facebook.com\/ayuntamientocaudete\/","https:\/\/www.youtube.com\/channel\/UC6VztHaooNsGpw-tNoBEFnQ"]}]}},"_links":{"self":[{"href":"https:\/\/www.caudete.org\/ayuntamiento\/wp-json\/wp\/v2\/pages\/6290","targetHints":{"allow":["GET"]}}],"collection":[{"href":"https:\/\/www.caudete.org\/ayuntamiento\/wp-json\/wp\/v2\/pages"}],"about":[{"href":"https:\/\/www.caudete.org\/ayuntamiento\/wp-json\/wp\/v2\/types\/page"}],"author":[{"embeddable":true,"href":"https:\/\/www.caudete.org\/ayuntamiento\/wp-json\/wp\/v2\/users\/1"}],"replies":[{"embeddable":true,"href":"https:\/\/www.caudete.org\/ayuntamiento\/wp-json\/wp\/v2\/comments?post=6290"}],"version-history":[{"count":3,"href":"https:\/\/www.caudete.org\/ayuntamiento\/wp-json\/wp\/v2\/pages\/6290\/revisions"}],"predecessor-version":[{"id":6296,"href":"https:\/\/www.caudete.org\/ayuntamiento\/wp-json\/wp\/v2\/pages\/6290\/revisions\/6296"}],"wp:attachment":[{"href":"https:\/\/www.caudete.org\/ayuntamiento\/wp-json\/wp\/v2\/media?parent=6290"}],"wp:term":[{"taxonomy":"category","embeddable":true,"href":"https:\/\/www.caudete.org\/ayuntamiento\/wp-json\/wp\/v2\/categories?post=6290"},{"taxonomy":"post_tag","embeddable":true,"href":"https:\/\/www.caudete.org\/ayuntamiento\/wp-json\/wp\/v2\/tags?post=6290"}],"curies":[{"name":"wp","href":"https:\/\/api.w.org\/{rel}","templated":true}]}}