{"id":6481,"date":"2020-12-05T14:23:31","date_gmt":"2020-12-05T13:23:31","guid":{"rendered":"http:\/\/www.caudete.org\/ayuntamiento\/?page_id=6481"},"modified":"2020-12-05T14:34:06","modified_gmt":"2020-12-05T13:34:06","slug":"policia-local-menores","status":"publish","type":"page","link":"https:\/\/www.caudete.org\/ayuntamiento\/policia-local-menores\/","title":{"rendered":"Polic\u00eda Local &#8211; Menores"},"content":{"rendered":"<h2 style=\"text-align: justify;\">ACOGIMIENTO FAMILIAR<\/h2>\n<p style=\"text-align: justify;\"><strong>\u00bfQue es un acogimiento familiar ?<\/strong><\/p>\n<p style=\"text-align: justify;\">Es un recurso social que proporciona una familia alternativa a la de origen a aquellos menores que por distintas razones no pueden convivir con la suya propia. El acogimiento familiar ofrece al ni\u00f1o\/a la posibilidad de vivir un tiempo en un ambiente familiar complementario al suyo, en donde puede recibir el cuidado, la atenci\u00f3n y educaci\u00f3n que le facilite un desarrollo arm\u00f3nico de su personalidad.<\/p>\n<p style=\"text-align: justify;\">Existen dos tipolog\u00edas de acogimiento familiar:<\/p>\n<p style=\"text-align: justify;\">\u2022 Acogimiento familiar en familia extensa , esto es , con familiares.<\/p>\n<p style=\"text-align: justify;\">\u2022 Acogimiento familiar en familia ajena, mediante la colaboraci\u00f3n de familias dispuestas a asumir el cuidado de estos ni\u00f1os\/as de manera temporal.<\/p>\n<p style=\"text-align: justify;\"><strong>\u00bfD\u00f3nde pueden acudir las personas interesadas en llevar a cabo un acogimiento?<\/strong><\/p>\n<p style=\"text-align: justify;\">A los Servicios Sociales de su localidad y\/o a los Servicios Sociales Perif\u00e9ricos de Sanidad y Asuntos Sociales correspondientes a su lugar de residencia:<\/p>\n<p style=\"text-align: justify;\">\u2022 SERVICIOS SOCIALES DE CAUDETE: C\/ PARACUELLOS DE LA VEGA, 3- Telf: 965827933<\/p>\n<p style=\"text-align: justify;\">\u2022 SERVICIOS PERIFERICOS DE SALUD Y BIENESTAR SOCIAL DE ALBACETE : Avda. Pedro Sim\u00f3n Abril, 10 \u2013 Telfno: 967557900<\/p>\n<p style=\"text-align: justify;\">Deber\u00e1n rellenar una solicitud de colaboraci\u00f3n con el programa a trav\u00e9s del modelo normalizado establecido por la Consejer\u00eda de Sanidad y Asuntos Sociales. Esta solicitud deber\u00e1 ir acompa\u00f1ada de :<\/p>\n<p style=\"text-align: justify;\">\u2022 Fotocopia compulsada del DNI de cada uno de los solicitantes<\/p>\n<p style=\"text-align: justify;\">\u2022 Libro de familia o certificado de convivencia.<\/p>\n<p style=\"text-align: justify;\">Una vez entregada a los Servicios Sociales Perif\u00e9ricos la solicitud se concertar\u00e1 una cita con los interesados con el objetivo de proporcionar informaci\u00f3n y aproximaci\u00f3n al programa, a los conceptos legales y resolver dudas.<\/p>\n<p style=\"text-align: justify;\">Los solicitantes deber\u00e1n realizar unas sesiones de formaci\u00f3n con el objetivo de proporcionarles conocimientos y habilidades necesarias para afrontar las posibles dificultades que pueden surgir en el proceso. Consta de 4 sesiones.<\/p>\n<p style=\"text-align: justify;\"><strong>\u00bfQu\u00e9 apoyo reciben las familias acogedoras?<\/strong><\/p>\n<p style=\"text-align: justify;\">\u2022 Informaci\u00f3n y asesoramiento<\/p>\n<p style=\"text-align: justify;\">\u2022 Curso de formaci\u00f3n te\u00f3rico-pr\u00e1ctico sobre diferentes aspectos : legales,modalidades,implicaciones de la separaci\u00f3n del ni\u00f1o respecto de su familia de origen,proceso de adaptaci\u00f3n al nuevo \u00e1mbito familiar, las visitas y la posibilidad de retorno.<\/p>\n<p style=\"text-align: justify;\">\u2022 Apoyo t\u00e9cnico y supervisi\u00f3n durante todo el proceso.<\/p>\n<p style=\"text-align: justify;\">\u2022 Apoyo econ\u00f3mico. Todos los acogimientos que est\u00e9n formalizados por la Direcci\u00f3n General de Familia, Menores, Promoci\u00f3n Social y Voluntariado de la Consejer\u00eda de Sanidad y Asuntos Sociales percibir\u00e1n una ayuda econ\u00f3mica destinada a sufragar los gastos derivados del acogimiento del menor\/es acogidos\/as dentro de la familia<\/p>\n<h2 style=\"text-align: justify;\">MALTRATO INFANTIL<\/h2>\n<p style=\"text-align: justify;\"><strong>\u00bfQu\u00e9 es el maltrato infantil?<\/strong><\/p>\n<p style=\"text-align: justify;\">\u2022 Maltrato infantil : Se define como cualquier acci\u00f3n, omisi\u00f3n o trato negligente no accidental que priva al menor de sus derechos y su bienestar y\/o interfiere su ordenado desarrollo f\u00edsico o social; quienes lo infligen pueden ser personas, instituciones o la propia sociedad.<\/p>\n<p style=\"text-align: justify;\">\u2022 Desprotecci\u00f3n. Se define una situaci\u00f3n como desprotecci\u00f3n cuando la insatisfacci\u00f3n de las necesidades b\u00e1sicas del ni\u00f1o\/a, joven o adolescente, genera un da\u00f1o o riesgo que dificulta o impide su desarrollo integral.<\/p>\n<p style=\"text-align: justify;\">El maltrato infantil, en sus diferentes modalidades, constituye uno de los problemas m\u00e1s graves a los que se enfrenta un sector de la poblaci\u00f3n tan vulnerable como son los ni\u00f1os. Los menores que sufren maltrato, en cualquiera de su formas, en las mayor\u00eda de casos , no piden ayuda y esto hecho los sit\u00faa en una posici\u00f3n a\u00fan m\u00e1s vulnerable ante la persona que ejerce el maltrato.<\/p>\n<p style=\"text-align: justify;\">La protecci\u00f3n a los menores es un objetivo b\u00e1sico de cualquier actuaci\u00f3n que tenga como finalidad la detecci\u00f3n, investigaci\u00f3n e intervenci\u00f3n de las situaciones de maltrato infantil.<\/p>\n<p style=\"text-align: justify;\"><strong>TIPOS DE MALTRATO<\/strong><\/p>\n<table cellspacing=\"0\" cellpadding=\"2\" border=\"1\">\n<tbody>\n<tr>\n<td>&nbsp;<\/td>\n<td>FISICO<\/td>\n<td>EMOCIONAL<\/td>\n<\/tr>\n<tr>\n<td>MALOS TRATOS ACTIVOS<\/td>\n<td>Abuso sexual<br \/>\nAbuso f\u00edsico<\/td>\n<td>Abuso emocional<\/td>\n<\/tr>\n<tr>\n<td>MALOS TRATOS PASIVOS<\/td>\n<td>Negligencia F\u00edsica<\/td>\n<td>Negligencia emocional<\/td>\n<\/tr>\n<\/tbody>\n<\/table>\n<p style=\"text-align: justify;\"><strong>Otros tipos de maltrato:<\/strong><\/p>\n<div id=\"cen_sec_not\">\n<div id=\"noticia\">\n<div id=\"recuadro_not\" style=\"text-align: justify;\">\u2022 Maltrato institucional<br \/>\n\u2022 S\u00edndrome de Muncha\u00fcsen por poderes<br \/>\n\u2022 Explotaci\u00f3n laboral<br \/>\n\u2022 Mendicidad<br \/>\n\u2022 Explotaci\u00f3n sexual<br \/>\n\u2022 Inducci\u00f3n a la delincuencia<\/div>\n<div>&nbsp;<\/div>\n<div style=\"text-align: justify;\"><b>\u00bfD\u00f3nde puedo llamar y\/o acudir en caso de tener conocimiento o sospechas de un maltrato infantil ?<\/b><\/div>\n<div>&nbsp;<\/div>\n<div style=\"text-align: justify;\">\u2022 A los <strong>Servicios Sociales<\/strong> del municipio :<b>TEL\u00c9FONO : 965 827 933 (Trabajadora Social y\/o Educadora Familiar)<br \/>\nC\/ Paracuellos de la Vega, 3<\/b>\u2022 TEL\u00c9FONO NACIONAL GRATUITO 24 HORAS :\u2022 PARA MENORES DE 18 A\u00d1OS que sufran o quieran comunicar una situaci\u00f3n de maltrato infantil : 900 202 010<br \/>\n\u2022 PARA MAYORES DE 18 A\u00d1OS que quieran comunicar una situaci\u00f3n de maltrato infantil : 917 260 101 \/ 600 505 152<b>\u00bfQUIEN NOTIFICA O COMUNICA UNA SITUACI\u00d3N DE MALTRATO? <\/b>Partiendo de la Ley org\u00e1nica 1\/1996, de 15 de enero, de Protecci\u00f3n Jur\u00eddica del Menor, de modificaci\u00f3n parcial del C\u00f3digo Civ\u00edl y de la Ley de Enjuiciamiento Civ\u00edl, en su art\u00edculo 13, &#8220;Toda persona o autoridad y, especialmente, aquellos que por su profesi\u00f3n o funci\u00f3n detecten una situaci\u00f3n de riesgo o posible desamparo de un menor, lo comunicar\u00e1n a la autoridad o sus agentes m\u00e1s pr\u00f3ximos, sin perjuicio de prestarles el auxilio inmediato que precisen&#8221;.<\/p>\n<ul>\n<li>Servicios Sociales B\u00e1sicos<\/li>\n<li>\u00c1mbito escolar \/ Centros escolares<br \/>\n\u00c1mbito sanitario \/ M\u00e9dicos<\/li>\n<li>\u00c1mbito policial\/ Polic\u00eda y o Guardia Civil<\/li>\n<li>Fiscal\u00eda<\/li>\n<li>Ciudadanos en general ( a trav\u00e9s de la polic\u00eda o directamente a la Secci\u00f3n de Menores de la Delegaci\u00f3n o Servicios Sociales B\u00e1sicos )<\/li>\n<li>Otros<\/li>\n<\/ul>\n<div><u>En caso de que la notificaci\u00f3n venga dada por cualquier ciudadano( tanto si se lleva a cabo por medio de una llamada, como si se personan en la Delegaci\u00f3n Provincial), se har\u00e1 una diligencia informativa del caso con la informaci\u00f3n que se ha recibido ( se recoger\u00e1n datos m\u00ednimos de identificaci\u00f3n y tel\u00e9fono para evitar denuncias an\u00f3nimas ).<\/u><b>\u00bfC\u00d3MO SE NOTIFICA? <\/b>\u2022 A trav\u00e9s de las hojas de notificaci\u00f3n de los diferentes \u00e1mbitos ( seg\u00fan unos modelos )<\/div>\n<div>&nbsp;<\/div>\n<div>\u2022 Fiscal\u00eda notifica mediante diligencia y oficio acompa\u00f1ado de denuncia o parte de lesiones.<br \/>\n\u2022 La v\u00eda de notificaci\u00f3n ser\u00e1 por fax o correo ordinario, con acuse de recibo.<\/div>\n<div>\n<p style=\"text-align: justify;\"><b>\u00bfA QUIEN SE NOTIFICA? <\/b><\/p>\n<p style=\"text-align: justify;\">En general estos estamentos notificar\u00e1n la situaci\u00f3n a :<\/p>\n<p style=\"text-align: justify;\">\u2022 Servicios Sociales B\u00e1sicos, quienes a su vez lo comunicaran a la Secci\u00f3n de Menores de la Delegaci\u00f3n Provincial correspondiente.<br \/>\n\u2022 Secci\u00f3n de Menores de la Delegaci\u00f3n Provincial correspondiente<\/p>\n<hr>\n<h2 style=\"text-align: justify;\">SITUACI\u00d3N DE RIESGO<\/h2>\n<p style=\"text-align: justify;\"><b>\u00bfQu\u00e9 es una situaci\u00f3n de riesgo? <\/b><\/p>\n<p style=\"text-align: justify;\">El Art.27 de la Ley 3\/1999, de 31 de marzo, del Menor de Castilla- La Mancha dice:<\/p>\n<p style=\"text-align: justify;\">Son aquellas que, como consecuencia de circunstancias de car\u00e1cter personal, familiar o de su entorno:<br \/>\n\u2022 perjudican el desarrollo personal o social del menor<br \/>\n\u2022 los padres, tutores o guardadores de los menores no asumen o puedan asumir completamente sus responsabilidades para mitigarlas,<br \/>\n\u2022 dichas situaciones no requieren la asunci\u00f3n de la tutela por el ministerio de la Ley.<\/p>\n<p style=\"text-align: justify;\"><strong>Situaciones que definen el riesgo<\/strong><\/p>\n<p style=\"text-align: justify;\">Seg\u00fan el Art.28 de la Ley3\/1999, de 31 de marzo, del menor de Castilla- La Mancha, las situaciones que definen el riesgo son:<\/p>\n<p style=\"text-align: justify;\">a) La negligencia en la atenci\u00f3n f\u00edsica, ps\u00edquica o educativa al menor por parte de sus padres, tutores o guardadores, de acuerdo con cualquiera de los siguientes criter\u00edos:<\/p>\n<p style=\"text-align: justify;\">\u2022 Que existan omisiones de car\u00e1cter leve en el cuidado del menor, con una responsabilidad reducida de producirse un episodio severo de forma inmediata, sin que tal\u00e9s omisiones supongan un grave perjuicio para su salud f\u00edsica y emocional.<\/p>\n<p style=\"text-align: justify;\">\u2022 Que el menor este sometido a un patr\u00f3n o a episodios aislados de descuido de car\u00e1cter leve que inciden en var\u00edas \u00e1reas concernientes a sus necesidades principales.<\/p>\n<p style=\"text-align: justify;\">b) La utilizaci\u00f3n del castigo f\u00edsico o emocional que perjudique el desarrollo del menor, sin que se produzcan episodios severos ni aparezca un patr\u00f3n cr\u00f3nico de violencia.<\/p>\n<p style=\"text-align: justify;\">c) Cualesquiera otras que deriven en unas situaci\u00f3n de riesgo, conforme al concepto expresado por la ley.<\/p>\n<p style=\"text-align: justify;\"><b>\u00bfD\u00d3NDE ACUDIR EN CASO DE TENER CONOCIMIENTO DE UNA POSIBLE SITUACI\u00d3N DE RIESGO? <\/b><\/p>\n<p style=\"text-align: justify;\">A los Servicios Sociales de zona.<\/p>\n<p style=\"text-align: justify;\">Direcci\u00f3n : C\/ PARACUELLOS DE LA VEGA, 3 &#8211; CAUDETE ( ALBACETE )<br \/>\nTel\u00e9fono: 965827933<\/p>\n<hr>\n<h2 style=\"text-align: justify;\">MENORES INFRACTORES<\/h2>\n<p style=\"text-align: justify;\">FUNDAMENTAL PARA RECLAMAR POSIBLES PERJUICIOS DENUNCIAR ANTE GUARDIA CIVIL Y\/O POLICIA LOCAL<\/p>\n<p style=\"text-align: justify;\">TEL\u00c9FONO GUARDIA CIVIL : 965 827 004<br \/>\nTEL\u00c9FONO POLICIA LOCAL : 965 827 034<\/p>\n<p style=\"text-align: justify;\"><b><u>Normativa reguladora <\/u><\/b><\/p>\n<p style=\"text-align: justify;\"><u>La L.O, 5\/2000, de 12 de enero , reguladora de la responsabilidad penal de los menores<\/u>,establece que corresponde a las entidades p\u00fablicas de protecci\u00f3n y reforma de menores de las Comunidades Auton\u00f3mas la ejecuci\u00f3n de las medidas impuestas judicialmente, bajo el control del Juez de Menores.<\/p>\n<p style=\"text-align: justify;\">Esta Ley se aplica para exigir la responsabilidad de las personas mayores de 14 a\u00f1os y menores de 18 por la comisi\u00f3n de hechos tipificados como delitos o faltas en el C\u00f3digo Penal. Cuando el autor de los hechos es un menor de 14 a\u00f1os no se le exige responsabilidad penal, sino que se le aplica lo dispuesto en las normas sobre protecci\u00f3n de menores impuesta en el C\u00f3digo Civil, la L.O 1\/ 1995, de 15 de enero y la Ley 3\/1999, de 31 de marzo, del Menor de Castilla \u2013 La Mancha.<\/p>\n<p style=\"text-align: justify;\"><u>La Ley 3\/1999, de 31 de marzo, del Menor de Castilla \u2013 La Mancha<\/u>, regula tanto la definici\u00f3n y actuaciones dirigidas a los Menores en Conflicto Social, estableciendo una serie de medidas de actuaci\u00f3n, de car\u00e1cter preventivo y de apoyo ( Titulo II, capitulo IX), como la ejecuci\u00f3n de las medidas judiciales ( Titulo III ).<\/p>\n<hr>\n<h2 style=\"text-align: justify;\">ABSENTISMO ESCOLAR<\/h2>\n<p style=\"text-align: justify;\">El absentismo escolar es la ausencia injustificada,sistem\u00e1tica y reiterada del alumno\/a en edad de escolarizaci\u00f3n obligatoria ( 6-16 a\u00f1os ), ya sea por voluntad propia o de su padre y\/o madre o tutor legal.<\/p>\n<p style=\"text-align: justify;\">CUALQUIER PERSONA QUE TENGA CONOCIMIENTO DE QUE UN MENOR DE 6 A 16 A\u00d1OS SE ENCUENTRA EN HORARIO ESCOLAR FUERA DEL CENTRO EDUCATIVO LO DEBER\u00c1 COMUNICAR A LA POLICIA LOCAL DE CAUDETE QUE REALIZARA LA ACTUACIONES OPORTUNAS.<\/p>\n<p style=\"text-align: justify;\">TEL\u00c9FONO POLICIA LOCAL : 965827034<\/p>\n<p style=\"text-align: justify;\">Con el objetivo de garantizar el derecho a la educaci\u00f3n y la protecci\u00f3n de menores que pudieran ser victimas de desinter\u00e9s , descuido o negligencia en este sentido contamos con los siguientes instrumentos en el municipio :<\/p>\n<p style=\"text-align: justify;\"><b>* Protocolo de absentismo escolar : <\/b><\/p>\n<p style=\"text-align: justify;\">En el marco de la Orden de 09-03-2007, de las Consejer\u00edas de Educaci\u00f3n, Ciencia y Cultura y de Salud y Bienestar Social, por la que se establecen los criterios y procedimientos para la prevenci\u00f3n, intervenci\u00f3n y seguimiento sobre absentismo escolar, ambas Consejer\u00edas establecieron un Protocolo de Absentismo Escolar, aprobado por la Comisi\u00f3n Regional para la evaluaci\u00f3n y seguimiento de lo establecido en la orden con fecha 29 de octubre de 2008.<\/p>\n<p style=\"text-align: justify;\">La Orden define el absentismo escolar como la falta de asistencia regular y continuada a clase del alumnado en edad de escolaridad obligatoria, sin motivo que lo justifique.<\/p>\n<\/div>\n<\/div>\n<\/div>\n<\/div>\n","protected":false},"excerpt":{"rendered":"<p>ACOGIMIENTO FAMILIAR \u00bfQue es un acogimiento familiar ? Es un recurso social que proporciona una familia alternativa a la de origen a aquellos menores que por distintas razones no pueden convivir con la suya propia. El acogimiento familiar ofrece al ni\u00f1o\/a la posibilidad de vivir un tiempo en un ambiente familiar complementario al suyo, en &hellip;<\/p>\n","protected":false},"author":1,"featured_media":0,"parent":0,"menu_order":0,"comment_status":"closed","ping_status":"closed","template":"","meta":{"ngg_post_thumbnail":0,"footnotes":""},"categories":[97],"tags":[],"class_list":["post-6481","page","type-page","status-publish","hentry","category-policia-local-2"],"yoast_head":"<!-- This site is optimized with the Yoast SEO plugin v27.4 - https:\/\/yoast.com\/product\/yoast-seo-wordpress\/ -->\n<title>Polic\u00eda Local - Menores - MI Ayuntamiento de Caudete<\/title>\n<meta name=\"description\" content=\"P\u00e1gina Oficial del Ayuntamiento de Caudete (Albacete)\" \/>\n<meta name=\"robots\" content=\"index, follow, max-snippet:-1, max-image-preview:large, max-video-preview:-1\" \/>\n<link rel=\"canonical\" href=\"https:\/\/www.caudete.org\/ayuntamiento\/policia-local-menores\/\" \/>\n<meta property=\"og:locale\" content=\"es_ES\" \/>\n<meta property=\"og:type\" content=\"article\" \/>\n<meta property=\"og:title\" content=\"Polic\u00eda Local - Menores - MI Ayuntamiento de Caudete\" \/>\n<meta property=\"og:description\" content=\"P\u00e1gina Oficial del Ayuntamiento de Caudete (Albacete)\" \/>\n<meta property=\"og:url\" content=\"https:\/\/www.caudete.org\/ayuntamiento\/policia-local-menores\/\" \/>\n<meta property=\"og:site_name\" content=\"MI Ayuntamiento de Caudete\" \/>\n<meta property=\"article:publisher\" content=\"https:\/\/www.facebook.com\/ayuntamientocaudete\/\" \/>\n<meta property=\"article:modified_time\" content=\"2020-12-05T13:34:06+00:00\" \/>\n<meta name=\"twitter:card\" content=\"summary_large_image\" \/>\n<meta name=\"twitter:label1\" content=\"Tiempo de lectura\" \/>\n\t<meta name=\"twitter:data1\" content=\"9 minutos\" \/>\n<script type=\"application\/ld+json\" class=\"yoast-schema-graph\">{\"@context\":\"https:\\\/\\\/schema.org\",\"@graph\":[{\"@type\":\"WebPage\",\"@id\":\"https:\\\/\\\/www.caudete.org\\\/ayuntamiento\\\/policia-local-menores\\\/\",\"url\":\"https:\\\/\\\/www.caudete.org\\\/ayuntamiento\\\/policia-local-menores\\\/\",\"name\":\"Polic\u00eda Local - Menores - MI Ayuntamiento de Caudete\",\"isPartOf\":{\"@id\":\"https:\\\/\\\/www.caudete.org\\\/ayuntamiento\\\/#website\"},\"datePublished\":\"2020-12-05T13:23:31+00:00\",\"dateModified\":\"2020-12-05T13:34:06+00:00\",\"description\":\"P\u00e1gina Oficial del Ayuntamiento de Caudete (Albacete)\",\"breadcrumb\":{\"@id\":\"https:\\\/\\\/www.caudete.org\\\/ayuntamiento\\\/policia-local-menores\\\/#breadcrumb\"},\"inLanguage\":\"es\",\"potentialAction\":[{\"@type\":\"ReadAction\",\"target\":[\"https:\\\/\\\/www.caudete.org\\\/ayuntamiento\\\/policia-local-menores\\\/\"]}]},{\"@type\":\"BreadcrumbList\",\"@id\":\"https:\\\/\\\/www.caudete.org\\\/ayuntamiento\\\/policia-local-menores\\\/#breadcrumb\",\"itemListElement\":[{\"@type\":\"ListItem\",\"position\":1,\"name\":\"Inicio\",\"item\":\"https:\\\/\\\/www.caudete.org\\\/ayuntamiento\\\/\"},{\"@type\":\"ListItem\",\"position\":2,\"name\":\"Polic\u00eda Local &#8211; Menores\"}]},{\"@type\":\"WebSite\",\"@id\":\"https:\\\/\\\/www.caudete.org\\\/ayuntamiento\\\/#website\",\"url\":\"https:\\\/\\\/www.caudete.org\\\/ayuntamiento\\\/\",\"name\":\"MI Ayuntamiento de Caudete\",\"description\":\"P\u00e1gina Oficial del MI Ayuntamiento de Caudete\",\"publisher\":{\"@id\":\"https:\\\/\\\/www.caudete.org\\\/ayuntamiento\\\/#organization\"},\"potentialAction\":[{\"@type\":\"SearchAction\",\"target\":{\"@type\":\"EntryPoint\",\"urlTemplate\":\"https:\\\/\\\/www.caudete.org\\\/ayuntamiento\\\/?s={search_term_string}\"},\"query-input\":{\"@type\":\"PropertyValueSpecification\",\"valueRequired\":true,\"valueName\":\"search_term_string\"}}],\"inLanguage\":\"es\"},{\"@type\":\"Organization\",\"@id\":\"https:\\\/\\\/www.caudete.org\\\/ayuntamiento\\\/#organization\",\"name\":\"Ayuntamiento de Caudete\",\"url\":\"https:\\\/\\\/www.caudete.org\\\/ayuntamiento\\\/\",\"logo\":{\"@type\":\"ImageObject\",\"inLanguage\":\"es\",\"@id\":\"https:\\\/\\\/www.caudete.org\\\/ayuntamiento\\\/#\\\/schema\\\/logo\\\/image\\\/\",\"url\":\"https:\\\/\\\/www.caudete.org\\\/ayuntamiento\\\/wp-content\\\/uploads\\\/2020\\\/11\\\/logo_ayuntamiento_caudete.jpg\",\"contentUrl\":\"https:\\\/\\\/www.caudete.org\\\/ayuntamiento\\\/wp-content\\\/uploads\\\/2020\\\/11\\\/logo_ayuntamiento_caudete.jpg\",\"width\":600,\"height\":150,\"caption\":\"Ayuntamiento de Caudete\"},\"image\":{\"@id\":\"https:\\\/\\\/www.caudete.org\\\/ayuntamiento\\\/#\\\/schema\\\/logo\\\/image\\\/\"},\"sameAs\":[\"https:\\\/\\\/www.facebook.com\\\/ayuntamientocaudete\\\/\",\"https:\\\/\\\/www.youtube.com\\\/channel\\\/UC6VztHaooNsGpw-tNoBEFnQ\"]}]}<\/script>\n<!-- \/ Yoast SEO plugin. -->","yoast_head_json":{"title":"Polic\u00eda Local - Menores - MI Ayuntamiento de Caudete","description":"P\u00e1gina Oficial del Ayuntamiento de Caudete (Albacete)","robots":{"index":"index","follow":"follow","max-snippet":"max-snippet:-1","max-image-preview":"max-image-preview:large","max-video-preview":"max-video-preview:-1"},"canonical":"https:\/\/www.caudete.org\/ayuntamiento\/policia-local-menores\/","og_locale":"es_ES","og_type":"article","og_title":"Polic\u00eda Local - Menores - MI Ayuntamiento de Caudete","og_description":"P\u00e1gina Oficial del Ayuntamiento de Caudete (Albacete)","og_url":"https:\/\/www.caudete.org\/ayuntamiento\/policia-local-menores\/","og_site_name":"MI Ayuntamiento de Caudete","article_publisher":"https:\/\/www.facebook.com\/ayuntamientocaudete\/","article_modified_time":"2020-12-05T13:34:06+00:00","twitter_card":"summary_large_image","twitter_misc":{"Tiempo de lectura":"9 minutos"},"schema":{"@context":"https:\/\/schema.org","@graph":[{"@type":"WebPage","@id":"https:\/\/www.caudete.org\/ayuntamiento\/policia-local-menores\/","url":"https:\/\/www.caudete.org\/ayuntamiento\/policia-local-menores\/","name":"Polic\u00eda Local - Menores - MI Ayuntamiento de Caudete","isPartOf":{"@id":"https:\/\/www.caudete.org\/ayuntamiento\/#website"},"datePublished":"2020-12-05T13:23:31+00:00","dateModified":"2020-12-05T13:34:06+00:00","description":"P\u00e1gina Oficial del Ayuntamiento de Caudete (Albacete)","breadcrumb":{"@id":"https:\/\/www.caudete.org\/ayuntamiento\/policia-local-menores\/#breadcrumb"},"inLanguage":"es","potentialAction":[{"@type":"ReadAction","target":["https:\/\/www.caudete.org\/ayuntamiento\/policia-local-menores\/"]}]},{"@type":"BreadcrumbList","@id":"https:\/\/www.caudete.org\/ayuntamiento\/policia-local-menores\/#breadcrumb","itemListElement":[{"@type":"ListItem","position":1,"name":"Inicio","item":"https:\/\/www.caudete.org\/ayuntamiento\/"},{"@type":"ListItem","position":2,"name":"Polic\u00eda Local &#8211; Menores"}]},{"@type":"WebSite","@id":"https:\/\/www.caudete.org\/ayuntamiento\/#website","url":"https:\/\/www.caudete.org\/ayuntamiento\/","name":"MI Ayuntamiento de Caudete","description":"P\u00e1gina Oficial del MI Ayuntamiento de Caudete","publisher":{"@id":"https:\/\/www.caudete.org\/ayuntamiento\/#organization"},"potentialAction":[{"@type":"SearchAction","target":{"@type":"EntryPoint","urlTemplate":"https:\/\/www.caudete.org\/ayuntamiento\/?s={search_term_string}"},"query-input":{"@type":"PropertyValueSpecification","valueRequired":true,"valueName":"search_term_string"}}],"inLanguage":"es"},{"@type":"Organization","@id":"https:\/\/www.caudete.org\/ayuntamiento\/#organization","name":"Ayuntamiento de Caudete","url":"https:\/\/www.caudete.org\/ayuntamiento\/","logo":{"@type":"ImageObject","inLanguage":"es","@id":"https:\/\/www.caudete.org\/ayuntamiento\/#\/schema\/logo\/image\/","url":"https:\/\/www.caudete.org\/ayuntamiento\/wp-content\/uploads\/2020\/11\/logo_ayuntamiento_caudete.jpg","contentUrl":"https:\/\/www.caudete.org\/ayuntamiento\/wp-content\/uploads\/2020\/11\/logo_ayuntamiento_caudete.jpg","width":600,"height":150,"caption":"Ayuntamiento de Caudete"},"image":{"@id":"https:\/\/www.caudete.org\/ayuntamiento\/#\/schema\/logo\/image\/"},"sameAs":["https:\/\/www.facebook.com\/ayuntamientocaudete\/","https:\/\/www.youtube.com\/channel\/UC6VztHaooNsGpw-tNoBEFnQ"]}]}},"_links":{"self":[{"href":"https:\/\/www.caudete.org\/ayuntamiento\/wp-json\/wp\/v2\/pages\/6481","targetHints":{"allow":["GET"]}}],"collection":[{"href":"https:\/\/www.caudete.org\/ayuntamiento\/wp-json\/wp\/v2\/pages"}],"about":[{"href":"https:\/\/www.caudete.org\/ayuntamiento\/wp-json\/wp\/v2\/types\/page"}],"author":[{"embeddable":true,"href":"https:\/\/www.caudete.org\/ayuntamiento\/wp-json\/wp\/v2\/users\/1"}],"replies":[{"embeddable":true,"href":"https:\/\/www.caudete.org\/ayuntamiento\/wp-json\/wp\/v2\/comments?post=6481"}],"version-history":[{"count":7,"href":"https:\/\/www.caudete.org\/ayuntamiento\/wp-json\/wp\/v2\/pages\/6481\/revisions"}],"predecessor-version":[{"id":6488,"href":"https:\/\/www.caudete.org\/ayuntamiento\/wp-json\/wp\/v2\/pages\/6481\/revisions\/6488"}],"wp:attachment":[{"href":"https:\/\/www.caudete.org\/ayuntamiento\/wp-json\/wp\/v2\/media?parent=6481"}],"wp:term":[{"taxonomy":"category","embeddable":true,"href":"https:\/\/www.caudete.org\/ayuntamiento\/wp-json\/wp\/v2\/categories?post=6481"},{"taxonomy":"post_tag","embeddable":true,"href":"https:\/\/www.caudete.org\/ayuntamiento\/wp-json\/wp\/v2\/tags?post=6481"}],"curies":[{"name":"wp","href":"https:\/\/api.w.org\/{rel}","templated":true}]}}