{"id":6490,"date":"2020-12-05T14:38:52","date_gmt":"2020-12-05T13:38:52","guid":{"rendered":"http:\/\/www.caudete.org\/ayuntamiento\/?page_id=6490"},"modified":"2020-12-05T14:42:09","modified_gmt":"2020-12-05T13:42:09","slug":"policia-local-violencia-de-genero","status":"publish","type":"page","link":"https:\/\/www.caudete.org\/ayuntamiento\/policia-local-violencia-de-genero\/","title":{"rendered":"Polic\u00eda Local &#8211; Violencia de G\u00e9nero"},"content":{"rendered":"<p style=\"text-align: justify;\">La violencia dom\u00e9stica, violencia familiar o violencia intrafamiliar comprende todos aquellos actos violentos, desde el empleo de la fuerza f\u00edsica, hasta el acoso o la intimidaci\u00f3n, que se producen en el seno de un hogar y que perpetra un miembro de la familia contra alg\u00fan otro familiar. Dichas conductas vienen recogidas y tipificadas en el C\u00f3digo Penal y por tanto la ley intenta proteger la integridad f\u00edsica y psicol\u00f3gica de las personas, castigando los malos tratos tanto de obra como de palabra, as\u00ed como la violencia habitual dentro de la familia.<\/p>\n<p style=\"text-align: justify;\">La violencia dom\u00e9stica puede afectar no s\u00f3lo a la pareja, sino tambi\u00e9n a ni\u00f1os\/as y personas mayores,&nbsp; es decir, a los miembros m\u00e1s d\u00e9biles que conviven bajo el mismo techo.<\/p>\n<h2 style=\"text-align: justify;\">QU\u00c9 ES LA VIOLENCIA DE G\u00c9NERO<\/h2>\n<p style=\"text-align: justify;\">De acuerdo con la Ley 13\/2007 de 26 de Noviembre, de Medidas de Prevenci\u00f3n y Protecci\u00f3n Integral contra la Violencia de G\u00e9nero, se&nbsp; define esta como:<\/p>\n<p style=\"text-align: justify;\">&#8220;Toda conducta que atenta contra la dignidad e integridad f\u00edsica y moral de las mujeres por el hecho de serlo, como manifestaci\u00f3n de la discriminaci\u00f3n, la situaci\u00f3n de desigualdad y las relaciones de poder de los hombres sobre las mujeres\u201d.<\/p>\n<p style=\"text-align: justify;\">Comprende cualquier acto de violencia basada en el g\u00e9nero que tenga o pueda tener como consecuencia perjuicio o sufrimiento en la salud f\u00edsica, sexual o psicol\u00f3gica de la mujer, incluyendo amenazas de dichos actos, coerci\u00f3n o privaciones arbitrarias de su libertad, tanto si se producen en la vida p\u00fablica como privada.<\/p>\n<p style=\"text-align: justify;\"><strong>Tipos de violencia:<\/strong><\/p>\n<p style=\"text-align: justify;\">\u2022 Violencia f\u00edsica. Atenta contra la integridad de la mujer: golpes, heridas, empujones, bofetadas, mordeduras, tirones de pelo, quemaduras, pellizcos, fracturas, apu\u00f1alamientos y asesinato.<br \/>\n\u2022 Violencia psicol\u00f3gica. Su objetivo es minusvalorar a la mujer y se manifiesta mediante descalificaciones, burlas, desprecio, exigencia de obediencia, humillaciones, insulto, omisi\u00f3n de responsabilidades, aislamiento, culpabilizaci\u00f3n, limitaci\u00f3n de su \u00e1mbito de libertad, etc.<br \/>\n\u2022 Violencia econ\u00f3mica. Significa limitar a la mujer el acceso a los recursos econ\u00f3micos, el trabajo y\/o a la educaci\u00f3n, as\u00ed como la privaci\u00f3n intencionada y no justificada legalmente de recursos para el bienestar f\u00edsico o psicol\u00f3gico de la mujer y de sus hijos\/as.<br \/>\n\u2022 Violencia sexual. Cualquier acto de naturaleza sexual forzada por el agresor o no consentida por la mujer, abarcando la imposici\u00f3n mediante la fuerza o intimidaci\u00f3n de relaciones sexuales no consentidas y el abuso sexual.<\/p>\n<p style=\"text-align: justify;\"><b>\u00bfERES V\u00cdCTIMA DE VIOLENCIA DE G\u00c9NERO?<\/b><\/p>\n<p style=\"text-align: justify;\">Eres una mujer maltratada si tu novio, marido o compa\u00f1ero te golpea, te insulta, te amenaza, te hace sentir humillada, est\u00fapida e in\u00fatil. Si te impide ver a tu familia o tener contacto con tus amigos o vecinos. Si no te deja trabajar o estudiar. Si te quita el dinero que ganas o no te da lo que precisas para las necesidades b\u00e1sicas de tu familia. Si te controla, te acosa y decide por ti. Si te descalifica o se mofa de tus actuaciones. Si te castiga con la incomunicaci\u00f3n verbal. Si te desautoriza constantemente en presencia de los hijos\/as, invit\u00e1ndoles a no tenerte en cuenta. Si te impone el acto sexual.<\/p>\n<p style=\"text-align: justify;\"><b>QU\u00c9 HACER SI SUFRES VIOLENCIA DE G\u00c9NERO<\/b><\/p>\n<p style=\"text-align: justify;\">El maltrato no es inherente a la vida en pareja y tienes derecho a vivir sin violencia. Lo que te ocurre no es un hecho aislado, miles de mujeres en todo el mundo son v\u00edctimas de la violencia de g\u00e9nero.<\/p>\n<p style=\"text-align: justify;\"><b>SOLICITA AYUDA<\/b><\/p>\n<p style=\"text-align: justify;\">El Ayuntamiento de Caudete, a trav\u00e9s del Centro de la Mujer, te ofrece de forma totalmente gratuita una atenci\u00f3n personalizada y especializada que te facilite las medidas sociales de apoyo a las que tienen derecho las v\u00edctimas de violencia de g\u00e9nero.<\/p>\n<p style=\"text-align: justify;\">Los servicios que ofrece incluyen:<\/p>\n<p style=\"text-align: justify;\">\u2022 Atenci\u00f3n psicol\u00f3gica para la mujer y sus hijos\/as que faciliten la recuperaci\u00f3n emocional y social.<br \/>\n\u2022 Informaci\u00f3n de los recursos existentes a los que puedes acceder.<br \/>\n\u2022 Orientaci\u00f3n y asesoramiento jur\u00eddico: tr\u00e1mites legales necesarios para interponer denuncias por malos tratos, para la tramitaci\u00f3n de separaci\u00f3n y divorcio, medidas sobre hijos\/as comunes, patria potestad, tutelas, etc<br \/>\n\u2022 Acompa\u00f1amiento para poner la denuncia.<br \/>\n\u2022 Gesti\u00f3n de recursos de acogimiento y dispositivos de localizaci\u00f3n inmediata (para la protecci\u00f3n de mujeres que sufren o han sufrido malos tratos).<br \/>\n\u2022 Apoyo y orientaci\u00f3n laboral y empresarial.<\/p>\n<p style=\"text-align: justify;\">El Centro de la Mujer est\u00e1 situado en el edificio de Servicios Sociales, en la calle Paracuellos de la Vega n\u00ba 3. Tel\u00e9fono 965 82 55 17<\/span><\/p>\n<p style=\"text-align: justify;\">Tambi\u00e9n puedes utilizar el Tel\u00e9fono de Urgencia Malos Tratos de Castilla la Mancha: 900 100 114 Es gratuito y funciona las 24 horas.<\/p>\n<p style=\"text-align: justify;\"><b>C\u00d3MO ACTUAR ANTE UNA AGRESI\u00d3N<\/b><\/p>\n<p style=\"text-align: justify;\">Si puedes salir vete a la Polic\u00eda o a la Guardia Civil y denuncia lo sucedido.<\/p>\n<p style=\"text-align: justify;\">Si el ataque es inevitable procura convertirte en un blanco peque\u00f1o. Prot\u00e9gete con los brazos la cara y la cabeza.<\/p>\n<p style=\"text-align: justify;\">Si no puedes llamar a la polic\u00eda o salir de casa, abre puertas y ventanas, grita, pide socorro. Haz todo el esc\u00e1ndalo posible, en ello est\u00e1 tu salvaci\u00f3n.<\/p>\n<p style=\"text-align: justify;\">112 Tel\u00e9fono de Emergencias 24 horas. Gratuito.<\/p>\n<p style=\"text-align: justify;\">Tel\u00e9fono Polic\u00eda Local Caudete 965 82 70 34<\/p>\n<p style=\"text-align: justify;\">Tel\u00e9fono Guardia Civil Caudete 965 82 70 04<\/p>\n<p style=\"text-align: justify;\"><b>SI EXISTEN LESIONES<\/b><\/p>\n<p style=\"text-align: justify;\">Acude al Centro de Salud o al servicio de Urgencia del hospital. Solicita copia del informe m\u00e9dico o del parte de lesiones. No olvides que las lesiones pueden ser tanto f\u00edsicas como psicol\u00f3gicas. Si has sufrido agresi\u00f3n sexual has de solicitar adem\u00e1s, revisi\u00f3n espec\u00edfica por si existiese riesgo de embarazo y\/o enfermedad de transmisi\u00f3n sexual.<\/p>\n<p style=\"text-align: justify;\"><b>DENUNCIA LOS HECHOS<\/b><\/p>\n<p style=\"text-align: justify;\">La denuncia se puede presentar en las dependencias Policiales, en el cuartel de la Guardia Civil o en el Juzgado. Facilita todos los datos posibles sobre las circunstancias en las que se produjo la agresi\u00f3n, sin ocultar ni omitir detalles. Haz constar si has sufrido antes malos tratos y si ha habido testigos. Informa si el agresor tiene permiso y\/o arma para que procedan a retir\u00e1rsela. Es muy importante que especifiques si t\u00fa o tus hijos\/as est\u00e1is en situaci\u00f3n de riesgo o peligro. Lee atentamente la denuncia antes de firmarla y pide una copia.<\/p>\n<p style=\"text-align: justify;\">La denuncia da lugar a un procedimiento judicial ante el Juzgado de Violencia sobre la Mujer, con el objetivo de aclarar los&nbsp; hechos y en su caso, condenar al culpable. Los malos tratos son perseguibles de oficio, es decir, que no es necesario que haya denuncia por&nbsp; parte de la mujer agredida ya que, tanto los familiares como los recursos p\u00fablicos y toda persona que tenga&nbsp; conocimiento de la existencia de este tipo de agresiones, puede ponerlo en conocimiento tanto del Juzgado como del Ministerio Fiscal para que&nbsp; puedan actuar de oficio e investigar los hechos.&nbsp;<\/p>\n<p style=\"text-align: justify;\"><b>SOLICITA UNA ORDEN DE PROTECCI\u00d3N<\/b><\/p>\n<p style=\"text-align: justify;\">Una vez solicitada, el Juez recibe a la mujer y al agresor por separado y, en un m\u00e1ximo de 72 horas, decide si es necesario adoptar alguna medida, que pueden ser:<\/p>\n<p style=\"text-align: justify;\">Medidas Civiles: se refieren al uso y disfrute de la vivienda, al r\u00e9gimen de custodia, visitas y comunicaci\u00f3n con los hijos e hijas, a la&nbsp; prestaci\u00f3n de alimentos y a la protecci\u00f3n de los menores. Tienen una duraci\u00f3n de 30 d\u00edas y hay que solicitarlas expresamente.&nbsp;<\/p>\n<p style=\"text-align: justify;\">Medidas Penales: est\u00e1n destinadas a evitar que el agresor pueda ponerse en contacto contigo y eludir as\u00ed nuevas agresiones. Entre ellas,&nbsp; est\u00e1 la prisi\u00f3n provisional, la orden de alejamiento, la prohibici\u00f3n de comunicaci\u00f3n, la prohibici\u00f3n de residir o acudir al lugar donde se produjo el&nbsp; delito o residencia de la v\u00edctima, la retirada de armas y otros objetos peligrosos.&nbsp;<\/p>\n<p style=\"text-align: justify;\">Medidas de Asistencia y Protecci\u00f3n Social: se trata de servicios destinados a ofrecerte asistencia y atenci\u00f3n psicol\u00f3gica, jur\u00eddica o social.<\/p>\n<p style=\"text-align: justify;\">SI TRAS LA DENUNCIA PERMANECES EN CASA. Toma las medidas de seguridad necesarias, cambia la cerradura, el n\u00famero de tel\u00e9fono, etc y denuncia cualquier acoso por parte del agresor. Y si acudes a casa de familiares, amigos o a un Centro de Acogida, no facilites direcciones ni conf\u00edes en los &#8220;intentos de reconciliaci\u00f3n\u201d tras el arrepentimiento.<\/p>\n<p style=\"text-align: justify;\"><b>INFORMACI\u00d3N IMPORTANTE <\/b><\/p>\n<p style=\"text-align: justify;\"><u>Si tienes hijos\/as<\/u>, los malos tratos tambi\u00e9n les afectan. El personal que te atiende ha de valorar el estado en que se encuentran (de salud f\u00edsica y emocional, de atenci\u00f3n, de escolaridad). Igualmente les repercuten las medidas legales que se deriven de tu situaci\u00f3n familiar: establecimiento de visitas del padre o prohibici\u00f3n de las mismas, derecho a pensiones por alimentos, protecci\u00f3n social, etc.<\/p>\n<p style=\"text-align: justify;\"><u>Si corres peligro<\/u>, puedes abandonar el domicilio familiar sin que te suponga p\u00e9rdida de derechos, siempre que en el plazo de 30 d\u00edas se soliciten medidas provisionales o demanda de separaci\u00f3n en el juzgado. No existe el delito de \u201cabandono de hogar\u201d.<\/p>\n<p style=\"text-align: justify;\"><u>Si no puedes regresar a tu domicilio <\/u>y no tienes a d\u00f3nde ir, pide ayuda. La Polic\u00eda o la Guardia Civil te acompa\u00f1ar\u00e1n a recoger tus cosas personales y te derivar\u00e1n al Centro de la Mujer para que seas atendida.<\/p>\n<p style=\"text-align: justify;\"><u>Si vas a irte del domicilio <\/u>es importante que lleves contigo al menos: libro de familia, DNI o pasaporte tuyo y de tus hijos\/as, permiso de trabajo (si no tienes nacionalidad espa\u00f1ola), cartilla y tarjetas de asistencia sanitaria, informes m\u00e9dicos, documentaci\u00f3n bancaria y tarjetas de cr\u00e9dito.<\/p>\n<p style=\"text-align: justify;\">Adem\u00e1s, si puedes recoge tambi\u00e9n tu n\u00f3mina y la de las persona con las que convives o la \u00faltima declaraci\u00f3n de renta, dinero, llaves, informes m\u00e9dicos, algo de ropa, medicamentos, libro de escolaridad tuyo o\/y de tus hijos\/as, agenda de direcciones, escrituras de propiedad, permiso de conducir&#8230; No te preocupes si olvidas algo, la Polic\u00eda puede acompa\u00f1arte en cualquier momento si necesitas recoger cosas de tu domicilio.<\/p>\n<p style=\"text-align: justify;\">Ten siempre a mano los tel\u00e9fonos de Polic\u00eda Local y Guardia Civil.<\/p>\n<p style=\"text-align: justify;\"><strong>Enlaces relacionados<\/strong><\/p>\n<div id=\"enlaces\">\n<hr>\n<ul>\n<li style=\"text-align: justify;\"><a href=\"http:\/\/www.institutomujer.jccm.es\/\" target=\"_blank\" rel=\"noopener noreferrer nofollow\">Instituto de la Mujer<\/a><\/li>\n<\/ul>\n<\/div>\n","protected":false},"excerpt":{"rendered":"<p>La violencia dom\u00e9stica, violencia familiar o violencia intrafamiliar comprende todos aquellos actos violentos, desde el empleo de la fuerza f\u00edsica, hasta el acoso o la intimidaci\u00f3n, que se producen en el seno de un hogar y que perpetra un miembro de la familia contra alg\u00fan otro familiar. Dichas conductas vienen recogidas y tipificadas en el &hellip;<\/p>\n","protected":false},"author":1,"featured_media":0,"parent":0,"menu_order":0,"comment_status":"closed","ping_status":"closed","template":"","meta":{"ngg_post_thumbnail":0,"footnotes":""},"categories":[97],"tags":[],"class_list":["post-6490","page","type-page","status-publish","hentry","category-policia-local-2"],"yoast_head":"<!-- This site is optimized with the Yoast SEO plugin v27.5 - https:\/\/yoast.com\/product\/yoast-seo-wordpress\/ -->\n<title>Polic\u00eda Local - Violencia de G\u00e9nero - MI Ayuntamiento de Caudete<\/title>\n<meta name=\"description\" content=\"P\u00e1gina Oficial del Ayuntamiento de Caudete (Albacete)\" \/>\n<meta name=\"robots\" content=\"index, follow, max-snippet:-1, max-image-preview:large, max-video-preview:-1\" \/>\n<link rel=\"canonical\" href=\"https:\/\/www.caudete.org\/ayuntamiento\/policia-local-violencia-de-genero\/\" \/>\n<meta property=\"og:locale\" content=\"es_ES\" \/>\n<meta property=\"og:type\" content=\"article\" \/>\n<meta property=\"og:title\" content=\"Polic\u00eda Local - Violencia de G\u00e9nero - MI Ayuntamiento de Caudete\" \/>\n<meta property=\"og:description\" content=\"P\u00e1gina Oficial del Ayuntamiento de Caudete (Albacete)\" \/>\n<meta property=\"og:url\" content=\"https:\/\/www.caudete.org\/ayuntamiento\/policia-local-violencia-de-genero\/\" \/>\n<meta property=\"og:site_name\" content=\"MI Ayuntamiento de Caudete\" \/>\n<meta property=\"article:publisher\" content=\"https:\/\/www.facebook.com\/ayuntamientocaudete\/\" \/>\n<meta property=\"article:modified_time\" content=\"2020-12-05T13:42:09+00:00\" \/>\n<meta name=\"twitter:card\" content=\"summary_large_image\" \/>\n<meta name=\"twitter:label1\" content=\"Tiempo de lectura\" \/>\n\t<meta name=\"twitter:data1\" content=\"9 minutos\" \/>\n<script type=\"application\/ld+json\" class=\"yoast-schema-graph\">{\"@context\":\"https:\\\/\\\/schema.org\",\"@graph\":[{\"@type\":\"WebPage\",\"@id\":\"https:\\\/\\\/www.caudete.org\\\/ayuntamiento\\\/policia-local-violencia-de-genero\\\/\",\"url\":\"https:\\\/\\\/www.caudete.org\\\/ayuntamiento\\\/policia-local-violencia-de-genero\\\/\",\"name\":\"Polic\u00eda Local - Violencia de G\u00e9nero - MI Ayuntamiento de Caudete\",\"isPartOf\":{\"@id\":\"https:\\\/\\\/www.caudete.org\\\/ayuntamiento\\\/#website\"},\"datePublished\":\"2020-12-05T13:38:52+00:00\",\"dateModified\":\"2020-12-05T13:42:09+00:00\",\"description\":\"P\u00e1gina Oficial del Ayuntamiento de Caudete (Albacete)\",\"breadcrumb\":{\"@id\":\"https:\\\/\\\/www.caudete.org\\\/ayuntamiento\\\/policia-local-violencia-de-genero\\\/#breadcrumb\"},\"inLanguage\":\"es\",\"potentialAction\":[{\"@type\":\"ReadAction\",\"target\":[\"https:\\\/\\\/www.caudete.org\\\/ayuntamiento\\\/policia-local-violencia-de-genero\\\/\"]}]},{\"@type\":\"BreadcrumbList\",\"@id\":\"https:\\\/\\\/www.caudete.org\\\/ayuntamiento\\\/policia-local-violencia-de-genero\\\/#breadcrumb\",\"itemListElement\":[{\"@type\":\"ListItem\",\"position\":1,\"name\":\"Inicio\",\"item\":\"https:\\\/\\\/www.caudete.org\\\/ayuntamiento\\\/\"},{\"@type\":\"ListItem\",\"position\":2,\"name\":\"Polic\u00eda Local &#8211; Violencia de G\u00e9nero\"}]},{\"@type\":\"WebSite\",\"@id\":\"https:\\\/\\\/www.caudete.org\\\/ayuntamiento\\\/#website\",\"url\":\"https:\\\/\\\/www.caudete.org\\\/ayuntamiento\\\/\",\"name\":\"MI Ayuntamiento de Caudete\",\"description\":\"P\u00e1gina Oficial del MI Ayuntamiento de Caudete\",\"publisher\":{\"@id\":\"https:\\\/\\\/www.caudete.org\\\/ayuntamiento\\\/#organization\"},\"potentialAction\":[{\"@type\":\"SearchAction\",\"target\":{\"@type\":\"EntryPoint\",\"urlTemplate\":\"https:\\\/\\\/www.caudete.org\\\/ayuntamiento\\\/?s={search_term_string}\"},\"query-input\":{\"@type\":\"PropertyValueSpecification\",\"valueRequired\":true,\"valueName\":\"search_term_string\"}}],\"inLanguage\":\"es\"},{\"@type\":\"Organization\",\"@id\":\"https:\\\/\\\/www.caudete.org\\\/ayuntamiento\\\/#organization\",\"name\":\"Ayuntamiento de Caudete\",\"url\":\"https:\\\/\\\/www.caudete.org\\\/ayuntamiento\\\/\",\"logo\":{\"@type\":\"ImageObject\",\"inLanguage\":\"es\",\"@id\":\"https:\\\/\\\/www.caudete.org\\\/ayuntamiento\\\/#\\\/schema\\\/logo\\\/image\\\/\",\"url\":\"https:\\\/\\\/www.caudete.org\\\/ayuntamiento\\\/wp-content\\\/uploads\\\/2020\\\/11\\\/logo_ayuntamiento_caudete.jpg\",\"contentUrl\":\"https:\\\/\\\/www.caudete.org\\\/ayuntamiento\\\/wp-content\\\/uploads\\\/2020\\\/11\\\/logo_ayuntamiento_caudete.jpg\",\"width\":600,\"height\":150,\"caption\":\"Ayuntamiento de Caudete\"},\"image\":{\"@id\":\"https:\\\/\\\/www.caudete.org\\\/ayuntamiento\\\/#\\\/schema\\\/logo\\\/image\\\/\"},\"sameAs\":[\"https:\\\/\\\/www.facebook.com\\\/ayuntamientocaudete\\\/\",\"https:\\\/\\\/www.youtube.com\\\/channel\\\/UC6VztHaooNsGpw-tNoBEFnQ\"]}]}<\/script>\n<!-- \/ Yoast SEO plugin. -->","yoast_head_json":{"title":"Polic\u00eda Local - Violencia de G\u00e9nero - MI Ayuntamiento de Caudete","description":"P\u00e1gina Oficial del Ayuntamiento de Caudete (Albacete)","robots":{"index":"index","follow":"follow","max-snippet":"max-snippet:-1","max-image-preview":"max-image-preview:large","max-video-preview":"max-video-preview:-1"},"canonical":"https:\/\/www.caudete.org\/ayuntamiento\/policia-local-violencia-de-genero\/","og_locale":"es_ES","og_type":"article","og_title":"Polic\u00eda Local - Violencia de G\u00e9nero - MI Ayuntamiento de Caudete","og_description":"P\u00e1gina Oficial del Ayuntamiento de Caudete (Albacete)","og_url":"https:\/\/www.caudete.org\/ayuntamiento\/policia-local-violencia-de-genero\/","og_site_name":"MI Ayuntamiento de Caudete","article_publisher":"https:\/\/www.facebook.com\/ayuntamientocaudete\/","article_modified_time":"2020-12-05T13:42:09+00:00","twitter_card":"summary_large_image","twitter_misc":{"Tiempo de lectura":"9 minutos"},"schema":{"@context":"https:\/\/schema.org","@graph":[{"@type":"WebPage","@id":"https:\/\/www.caudete.org\/ayuntamiento\/policia-local-violencia-de-genero\/","url":"https:\/\/www.caudete.org\/ayuntamiento\/policia-local-violencia-de-genero\/","name":"Polic\u00eda Local - Violencia de G\u00e9nero - MI Ayuntamiento de Caudete","isPartOf":{"@id":"https:\/\/www.caudete.org\/ayuntamiento\/#website"},"datePublished":"2020-12-05T13:38:52+00:00","dateModified":"2020-12-05T13:42:09+00:00","description":"P\u00e1gina Oficial del Ayuntamiento de Caudete (Albacete)","breadcrumb":{"@id":"https:\/\/www.caudete.org\/ayuntamiento\/policia-local-violencia-de-genero\/#breadcrumb"},"inLanguage":"es","potentialAction":[{"@type":"ReadAction","target":["https:\/\/www.caudete.org\/ayuntamiento\/policia-local-violencia-de-genero\/"]}]},{"@type":"BreadcrumbList","@id":"https:\/\/www.caudete.org\/ayuntamiento\/policia-local-violencia-de-genero\/#breadcrumb","itemListElement":[{"@type":"ListItem","position":1,"name":"Inicio","item":"https:\/\/www.caudete.org\/ayuntamiento\/"},{"@type":"ListItem","position":2,"name":"Polic\u00eda Local &#8211; Violencia de G\u00e9nero"}]},{"@type":"WebSite","@id":"https:\/\/www.caudete.org\/ayuntamiento\/#website","url":"https:\/\/www.caudete.org\/ayuntamiento\/","name":"MI Ayuntamiento de Caudete","description":"P\u00e1gina Oficial del MI Ayuntamiento de Caudete","publisher":{"@id":"https:\/\/www.caudete.org\/ayuntamiento\/#organization"},"potentialAction":[{"@type":"SearchAction","target":{"@type":"EntryPoint","urlTemplate":"https:\/\/www.caudete.org\/ayuntamiento\/?s={search_term_string}"},"query-input":{"@type":"PropertyValueSpecification","valueRequired":true,"valueName":"search_term_string"}}],"inLanguage":"es"},{"@type":"Organization","@id":"https:\/\/www.caudete.org\/ayuntamiento\/#organization","name":"Ayuntamiento de Caudete","url":"https:\/\/www.caudete.org\/ayuntamiento\/","logo":{"@type":"ImageObject","inLanguage":"es","@id":"https:\/\/www.caudete.org\/ayuntamiento\/#\/schema\/logo\/image\/","url":"https:\/\/www.caudete.org\/ayuntamiento\/wp-content\/uploads\/2020\/11\/logo_ayuntamiento_caudete.jpg","contentUrl":"https:\/\/www.caudete.org\/ayuntamiento\/wp-content\/uploads\/2020\/11\/logo_ayuntamiento_caudete.jpg","width":600,"height":150,"caption":"Ayuntamiento de Caudete"},"image":{"@id":"https:\/\/www.caudete.org\/ayuntamiento\/#\/schema\/logo\/image\/"},"sameAs":["https:\/\/www.facebook.com\/ayuntamientocaudete\/","https:\/\/www.youtube.com\/channel\/UC6VztHaooNsGpw-tNoBEFnQ"]}]}},"_links":{"self":[{"href":"https:\/\/www.caudete.org\/ayuntamiento\/wp-json\/wp\/v2\/pages\/6490","targetHints":{"allow":["GET"]}}],"collection":[{"href":"https:\/\/www.caudete.org\/ayuntamiento\/wp-json\/wp\/v2\/pages"}],"about":[{"href":"https:\/\/www.caudete.org\/ayuntamiento\/wp-json\/wp\/v2\/types\/page"}],"author":[{"embeddable":true,"href":"https:\/\/www.caudete.org\/ayuntamiento\/wp-json\/wp\/v2\/users\/1"}],"replies":[{"embeddable":true,"href":"https:\/\/www.caudete.org\/ayuntamiento\/wp-json\/wp\/v2\/comments?post=6490"}],"version-history":[{"count":5,"href":"https:\/\/www.caudete.org\/ayuntamiento\/wp-json\/wp\/v2\/pages\/6490\/revisions"}],"predecessor-version":[{"id":6492,"href":"https:\/\/www.caudete.org\/ayuntamiento\/wp-json\/wp\/v2\/pages\/6490\/revisions\/6492"}],"wp:attachment":[{"href":"https:\/\/www.caudete.org\/ayuntamiento\/wp-json\/wp\/v2\/media?parent=6490"}],"wp:term":[{"taxonomy":"category","embeddable":true,"href":"https:\/\/www.caudete.org\/ayuntamiento\/wp-json\/wp\/v2\/categories?post=6490"},{"taxonomy":"post_tag","embeddable":true,"href":"https:\/\/www.caudete.org\/ayuntamiento\/wp-json\/wp\/v2\/tags?post=6490"}],"curies":[{"name":"wp","href":"https:\/\/api.w.org\/{rel}","templated":true}]}}