{"id":6762,"date":"2020-12-06T11:54:08","date_gmt":"2020-12-06T10:54:08","guid":{"rendered":"http:\/\/www.caudete.org\/ayuntamiento\/?page_id=6762"},"modified":"2025-08-22T13:13:53","modified_gmt":"2025-08-22T11:13:53","slug":"casa-de-cultura-auditorio-municipal","status":"publish","type":"page","link":"https:\/\/www.caudete.org\/ayuntamiento\/casa-de-cultura-auditorio-municipal\/","title":{"rendered":"Casa de Cultura &#8211; Auditorio Municipal"},"content":{"rendered":"<h2><img fetchpriority=\"high\" decoding=\"async\" class=\"aligncenter wp-image-30345 size-medium\" src=\"https:\/\/www.caudete.org\/ayuntamiento\/wp-content\/uploads\/2025\/08\/foto-auditorio-e1755861178863-723x800.jpg\" alt=\"\" width=\"723\" height=\"800\" srcset=\"https:\/\/www.caudete.org\/ayuntamiento\/wp-content\/uploads\/2025\/08\/foto-auditorio-e1755861178863-723x800.jpg 723w, https:\/\/www.caudete.org\/ayuntamiento\/wp-content\/uploads\/2025\/08\/foto-auditorio-e1755861178863-813x900.jpg 813w, https:\/\/www.caudete.org\/ayuntamiento\/wp-content\/uploads\/2025\/08\/foto-auditorio-e1755861178863-199x220.jpg 199w, https:\/\/www.caudete.org\/ayuntamiento\/wp-content\/uploads\/2025\/08\/foto-auditorio-e1755861178863-768x850.jpg 768w, https:\/\/www.caudete.org\/ayuntamiento\/wp-content\/uploads\/2025\/08\/foto-auditorio-e1755861178863.jpg 974w\" sizes=\"(max-width: 723px) 100vw, 723px\" \/><\/h2>\n<hr \/>\n<h2 style=\"text-align: justify;\">HISTORIA<\/h2>\n<p style=\"text-align: justify;\">El <strong>Auditorio Municipal de Caudete<\/strong> abre sus puertas el 29 de mayo de 1998 para dar respuesta a la demanda progresiva de actividades culturales de la ciudadan\u00eda caudetana.<\/p>\n<p style=\"text-align: justify;\">Concebido como lugar de encuentro y disfrute, el espacio alberga todo tipo de particularidades esc\u00e9nicas: teatro, m\u00fasica, danza, proyecciones, congresos&#8230;<\/p>\n<p style=\"text-align: justify;\">Miembro de la Red de Teatros de Castilla \u2013 La Mancha, ofrece una programaci\u00f3n estable y renovada a lo largo de todo el a\u00f1o.<\/p>\n<hr \/>\n<h2 style=\"text-align: justify;\">AFORO<\/h2>\n<p style=\"text-align: justify;\">El aforo actual de Auditorio Municipal es de 424 butacas fijas, distribuidas en dos segmentos de 24 filas con amplio pasillo central. La concepci\u00f3n del teatro es a la italiana, con un foso de orquesta cubierto que ampl\u00eda la corbata.<\/p>\n<hr \/>\n<h2 style=\"text-align: justify;\">FICHA T\u00c9CNICA<\/h2>\n<p style=\"text-align: justify;\">MEDIDAS DEL ESCENARIO. Ancho entre paredes: 14 m. Embocadura: 9,65 m. Fondo: 8,50 m. Alto: 7,50 m.<\/p>\n<p style=\"text-align: justify;\">C\u00c1MARA NEGRA: S\u00ed.<\/p>\n<p style=\"text-align: justify;\">N\u00ba\u00a0 VARAS: 4 electrificadas \u2013 4 sin electrificar.<\/p>\n<p style=\"text-align: justify;\">POTENCIA EL\u00c9CTRICA: 100 Kw &#8211; TIPO DE ENGANCHE: Bornas 70 mm2<\/p>\n<p style=\"text-align: justify;\">N\u00ba DE DIMMERS: 4 Dimmer Strong 6-3 DMX &#8211; N\u00ba DE CANALES: 24<\/p>\n<p style=\"text-align: justify;\">MESA DE LUCES: A FOM 24\/48 &#8211; N\u00ba DE CANALES: 48<\/p>\n<p style=\"text-align: justify;\">FOCOS: 12 FRESNEL &#8211; 12 PC &#8211; 6 RECORTES &#8211; ETAPAS DE POTENCIA: S\u00ed.<\/p>\n<p style=\"text-align: justify;\">MESA DE SONIDO: SPIRIT LINE 4, 24 CANALES &#8211; N\u00ba DE CANALES: 24<\/p>\n<p style=\"text-align: justify;\">POTENCIA DE SONIDO: 2.000 W &#8211; CAJAS AC\u00daSTICAS: 4 &#8211; MONITORES: 2<\/p>\n<p style=\"text-align: justify;\">DIMENSIONES (EN METROS)<\/p>\n<p style=\"text-align: justify;\">ALTURAS<\/p>\n<p style=\"text-align: justify;\">A. Embocadura: 5&#8217;75m<br \/>\nB. De escenario a peine: 7&#8217;50m<br \/>\nB2. Fondo de peine: 8&#8217;50m<br \/>\nC. De platea a escenario: 0&#8217;45m<br \/>\nFoso de orquesta: s\u00ed.<br \/>\nTel\u00f3n de boca: s\u00ed.<\/p>\n<p style=\"text-align: justify;\">ANCHOS<\/p>\n<p style=\"text-align: justify;\">D. Embocadura: 9&#8217;65m<br \/>\nE. Hombro: 1&#8217;30m<br \/>\nF.Hombro: 1&#8217;300m<br \/>\nG. Entre paredes: 14&#8217;60m<\/p>\n<p style=\"text-align: justify;\">FONDOS<\/p>\n<p style=\"text-align: justify;\">O. Centro de la corbata: 1&#8217;50m<br \/>\nO&#8217;. Laterales corbata: 7&#8217;50m<br \/>\nJ. Centro escenario: 8&#8217;50m<br \/>\nL. Hombro: 8&#8217;50m<br \/>\nK. Hombre: 8&#8217;50m<br \/>\nP. Foso orquesta: 2&#8217;50m<\/p>\n<p>&nbsp;<\/p>\n<hr \/>\n<div id=\"adjuntos\">\n<p><strong>Ficheros adjuntos<br \/>\n<\/strong><a href=\"http:\/\/caudete.org\/ayuntamiento\/eniusimg\/enius146\/2013\/05\/adjuntos_fichero_2292191_f8e3ef34b0c2231a.pdf\" class=\"mtli_attachment mtli_pdf\" target=\"_blank\" rel=\"nofollow\">Solicitud utilizaci\u00f3n Auditorio Municipal<\/a><\/p>\n<\/div>\n","protected":false},"excerpt":{"rendered":"<p>HISTORIA El Auditorio Municipal de Caudete abre sus puertas el 29 de mayo de 1998 para dar respuesta a la demanda progresiva de actividades culturales de la ciudadan\u00eda caudetana. Concebido como lugar de encuentro y disfrute, el espacio alberga todo tipo de particularidades esc\u00e9nicas: teatro, m\u00fasica, danza, proyecciones, congresos&#8230; Miembro de la Red de Teatros &hellip;<\/p>\n","protected":false},"author":1,"featured_media":0,"parent":0,"menu_order":0,"comment_status":"closed","ping_status":"closed","template":"","meta":{"ngg_post_thumbnail":0,"footnotes":""},"categories":[104],"tags":[],"class_list":["post-6762","page","type-page","status-publish","hentry","category-cultura-2"],"yoast_head":"<!-- This site is optimized with the Yoast SEO plugin v27.5 - https:\/\/yoast.com\/product\/yoast-seo-wordpress\/ -->\n<title>Casa de Cultura - Auditorio Municipal - MI Ayuntamiento de Caudete<\/title>\n<meta name=\"description\" content=\"P\u00e1gina Oficial del Ayuntamiento de Caudete (Albacete)\" \/>\n<meta name=\"robots\" content=\"index, follow, max-snippet:-1, max-image-preview:large, max-video-preview:-1\" \/>\n<link rel=\"canonical\" href=\"https:\/\/www.caudete.org\/ayuntamiento\/casa-de-cultura-auditorio-municipal\/\" \/>\n<meta property=\"og:locale\" content=\"es_ES\" \/>\n<meta property=\"og:type\" content=\"article\" \/>\n<meta property=\"og:title\" content=\"Casa de Cultura - Auditorio Municipal - MI Ayuntamiento de Caudete\" \/>\n<meta property=\"og:description\" content=\"P\u00e1gina Oficial del Ayuntamiento de Caudete (Albacete)\" \/>\n<meta property=\"og:url\" content=\"https:\/\/www.caudete.org\/ayuntamiento\/casa-de-cultura-auditorio-municipal\/\" \/>\n<meta property=\"og:site_name\" content=\"MI Ayuntamiento de Caudete\" \/>\n<meta property=\"article:publisher\" content=\"https:\/\/www.facebook.com\/ayuntamientocaudete\/\" \/>\n<meta property=\"article:modified_time\" content=\"2025-08-22T11:13:53+00:00\" \/>\n<meta property=\"og:image\" content=\"https:\/\/www.caudete.org\/ayuntamiento\/wp-content\/uploads\/2025\/08\/foto-auditorio-e1755861178863.jpg\" \/>\n\t<meta property=\"og:image:width\" content=\"974\" \/>\n\t<meta property=\"og:image:height\" content=\"1078\" \/>\n\t<meta property=\"og:image:type\" content=\"image\/jpeg\" \/>\n<meta name=\"twitter:card\" content=\"summary_large_image\" \/>\n<meta name=\"twitter:label1\" content=\"Tiempo de lectura\" \/>\n\t<meta name=\"twitter:data1\" content=\"2 minutos\" \/>\n<script type=\"application\/ld+json\" class=\"yoast-schema-graph\">{\"@context\":\"https:\\\/\\\/schema.org\",\"@graph\":[{\"@type\":\"WebPage\",\"@id\":\"https:\\\/\\\/www.caudete.org\\\/ayuntamiento\\\/casa-de-cultura-auditorio-municipal\\\/\",\"url\":\"https:\\\/\\\/www.caudete.org\\\/ayuntamiento\\\/casa-de-cultura-auditorio-municipal\\\/\",\"name\":\"Casa de Cultura - Auditorio Municipal - MI Ayuntamiento de Caudete\",\"isPartOf\":{\"@id\":\"https:\\\/\\\/www.caudete.org\\\/ayuntamiento\\\/#website\"},\"primaryImageOfPage\":{\"@id\":\"https:\\\/\\\/www.caudete.org\\\/ayuntamiento\\\/casa-de-cultura-auditorio-municipal\\\/#primaryimage\"},\"image\":{\"@id\":\"https:\\\/\\\/www.caudete.org\\\/ayuntamiento\\\/casa-de-cultura-auditorio-municipal\\\/#primaryimage\"},\"thumbnailUrl\":\"https:\\\/\\\/www.caudete.org\\\/ayuntamiento\\\/wp-content\\\/uploads\\\/2025\\\/08\\\/foto-auditorio-e1755861178863-723x800.jpg\",\"datePublished\":\"2020-12-06T10:54:08+00:00\",\"dateModified\":\"2025-08-22T11:13:53+00:00\",\"description\":\"P\u00e1gina Oficial del Ayuntamiento de Caudete (Albacete)\",\"breadcrumb\":{\"@id\":\"https:\\\/\\\/www.caudete.org\\\/ayuntamiento\\\/casa-de-cultura-auditorio-municipal\\\/#breadcrumb\"},\"inLanguage\":\"es\",\"potentialAction\":[{\"@type\":\"ReadAction\",\"target\":[\"https:\\\/\\\/www.caudete.org\\\/ayuntamiento\\\/casa-de-cultura-auditorio-municipal\\\/\"]}]},{\"@type\":\"ImageObject\",\"inLanguage\":\"es\",\"@id\":\"https:\\\/\\\/www.caudete.org\\\/ayuntamiento\\\/casa-de-cultura-auditorio-municipal\\\/#primaryimage\",\"url\":\"https:\\\/\\\/www.caudete.org\\\/ayuntamiento\\\/wp-content\\\/uploads\\\/2025\\\/08\\\/foto-auditorio-e1755861178863.jpg\",\"contentUrl\":\"https:\\\/\\\/www.caudete.org\\\/ayuntamiento\\\/wp-content\\\/uploads\\\/2025\\\/08\\\/foto-auditorio-e1755861178863.jpg\",\"width\":974,\"height\":1078},{\"@type\":\"BreadcrumbList\",\"@id\":\"https:\\\/\\\/www.caudete.org\\\/ayuntamiento\\\/casa-de-cultura-auditorio-municipal\\\/#breadcrumb\",\"itemListElement\":[{\"@type\":\"ListItem\",\"position\":1,\"name\":\"Inicio\",\"item\":\"https:\\\/\\\/www.caudete.org\\\/ayuntamiento\\\/\"},{\"@type\":\"ListItem\",\"position\":2,\"name\":\"Casa de Cultura &#8211; Auditorio Municipal\"}]},{\"@type\":\"WebSite\",\"@id\":\"https:\\\/\\\/www.caudete.org\\\/ayuntamiento\\\/#website\",\"url\":\"https:\\\/\\\/www.caudete.org\\\/ayuntamiento\\\/\",\"name\":\"MI Ayuntamiento de Caudete\",\"description\":\"P\u00e1gina Oficial del MI Ayuntamiento de Caudete\",\"publisher\":{\"@id\":\"https:\\\/\\\/www.caudete.org\\\/ayuntamiento\\\/#organization\"},\"potentialAction\":[{\"@type\":\"SearchAction\",\"target\":{\"@type\":\"EntryPoint\",\"urlTemplate\":\"https:\\\/\\\/www.caudete.org\\\/ayuntamiento\\\/?s={search_term_string}\"},\"query-input\":{\"@type\":\"PropertyValueSpecification\",\"valueRequired\":true,\"valueName\":\"search_term_string\"}}],\"inLanguage\":\"es\"},{\"@type\":\"Organization\",\"@id\":\"https:\\\/\\\/www.caudete.org\\\/ayuntamiento\\\/#organization\",\"name\":\"Ayuntamiento de Caudete\",\"url\":\"https:\\\/\\\/www.caudete.org\\\/ayuntamiento\\\/\",\"logo\":{\"@type\":\"ImageObject\",\"inLanguage\":\"es\",\"@id\":\"https:\\\/\\\/www.caudete.org\\\/ayuntamiento\\\/#\\\/schema\\\/logo\\\/image\\\/\",\"url\":\"https:\\\/\\\/www.caudete.org\\\/ayuntamiento\\\/wp-content\\\/uploads\\\/2020\\\/11\\\/logo_ayuntamiento_caudete.jpg\",\"contentUrl\":\"https:\\\/\\\/www.caudete.org\\\/ayuntamiento\\\/wp-content\\\/uploads\\\/2020\\\/11\\\/logo_ayuntamiento_caudete.jpg\",\"width\":600,\"height\":150,\"caption\":\"Ayuntamiento de Caudete\"},\"image\":{\"@id\":\"https:\\\/\\\/www.caudete.org\\\/ayuntamiento\\\/#\\\/schema\\\/logo\\\/image\\\/\"},\"sameAs\":[\"https:\\\/\\\/www.facebook.com\\\/ayuntamientocaudete\\\/\",\"https:\\\/\\\/www.youtube.com\\\/channel\\\/UC6VztHaooNsGpw-tNoBEFnQ\"]}]}<\/script>\n<!-- \/ Yoast SEO plugin. -->","yoast_head_json":{"title":"Casa de Cultura - Auditorio Municipal - MI Ayuntamiento de Caudete","description":"P\u00e1gina Oficial del Ayuntamiento de Caudete (Albacete)","robots":{"index":"index","follow":"follow","max-snippet":"max-snippet:-1","max-image-preview":"max-image-preview:large","max-video-preview":"max-video-preview:-1"},"canonical":"https:\/\/www.caudete.org\/ayuntamiento\/casa-de-cultura-auditorio-municipal\/","og_locale":"es_ES","og_type":"article","og_title":"Casa de Cultura - Auditorio Municipal - MI Ayuntamiento de Caudete","og_description":"P\u00e1gina Oficial del Ayuntamiento de Caudete (Albacete)","og_url":"https:\/\/www.caudete.org\/ayuntamiento\/casa-de-cultura-auditorio-municipal\/","og_site_name":"MI Ayuntamiento de Caudete","article_publisher":"https:\/\/www.facebook.com\/ayuntamientocaudete\/","article_modified_time":"2025-08-22T11:13:53+00:00","og_image":[{"width":974,"height":1078,"url":"https:\/\/www.caudete.org\/ayuntamiento\/wp-content\/uploads\/2025\/08\/foto-auditorio-e1755861178863.jpg","type":"image\/jpeg"}],"twitter_card":"summary_large_image","twitter_misc":{"Tiempo de lectura":"2 minutos"},"schema":{"@context":"https:\/\/schema.org","@graph":[{"@type":"WebPage","@id":"https:\/\/www.caudete.org\/ayuntamiento\/casa-de-cultura-auditorio-municipal\/","url":"https:\/\/www.caudete.org\/ayuntamiento\/casa-de-cultura-auditorio-municipal\/","name":"Casa de Cultura - Auditorio Municipal - MI Ayuntamiento de Caudete","isPartOf":{"@id":"https:\/\/www.caudete.org\/ayuntamiento\/#website"},"primaryImageOfPage":{"@id":"https:\/\/www.caudete.org\/ayuntamiento\/casa-de-cultura-auditorio-municipal\/#primaryimage"},"image":{"@id":"https:\/\/www.caudete.org\/ayuntamiento\/casa-de-cultura-auditorio-municipal\/#primaryimage"},"thumbnailUrl":"https:\/\/www.caudete.org\/ayuntamiento\/wp-content\/uploads\/2025\/08\/foto-auditorio-e1755861178863-723x800.jpg","datePublished":"2020-12-06T10:54:08+00:00","dateModified":"2025-08-22T11:13:53+00:00","description":"P\u00e1gina Oficial del Ayuntamiento de Caudete (Albacete)","breadcrumb":{"@id":"https:\/\/www.caudete.org\/ayuntamiento\/casa-de-cultura-auditorio-municipal\/#breadcrumb"},"inLanguage":"es","potentialAction":[{"@type":"ReadAction","target":["https:\/\/www.caudete.org\/ayuntamiento\/casa-de-cultura-auditorio-municipal\/"]}]},{"@type":"ImageObject","inLanguage":"es","@id":"https:\/\/www.caudete.org\/ayuntamiento\/casa-de-cultura-auditorio-municipal\/#primaryimage","url":"https:\/\/www.caudete.org\/ayuntamiento\/wp-content\/uploads\/2025\/08\/foto-auditorio-e1755861178863.jpg","contentUrl":"https:\/\/www.caudete.org\/ayuntamiento\/wp-content\/uploads\/2025\/08\/foto-auditorio-e1755861178863.jpg","width":974,"height":1078},{"@type":"BreadcrumbList","@id":"https:\/\/www.caudete.org\/ayuntamiento\/casa-de-cultura-auditorio-municipal\/#breadcrumb","itemListElement":[{"@type":"ListItem","position":1,"name":"Inicio","item":"https:\/\/www.caudete.org\/ayuntamiento\/"},{"@type":"ListItem","position":2,"name":"Casa de Cultura &#8211; Auditorio Municipal"}]},{"@type":"WebSite","@id":"https:\/\/www.caudete.org\/ayuntamiento\/#website","url":"https:\/\/www.caudete.org\/ayuntamiento\/","name":"MI Ayuntamiento de Caudete","description":"P\u00e1gina Oficial del MI Ayuntamiento de Caudete","publisher":{"@id":"https:\/\/www.caudete.org\/ayuntamiento\/#organization"},"potentialAction":[{"@type":"SearchAction","target":{"@type":"EntryPoint","urlTemplate":"https:\/\/www.caudete.org\/ayuntamiento\/?s={search_term_string}"},"query-input":{"@type":"PropertyValueSpecification","valueRequired":true,"valueName":"search_term_string"}}],"inLanguage":"es"},{"@type":"Organization","@id":"https:\/\/www.caudete.org\/ayuntamiento\/#organization","name":"Ayuntamiento de Caudete","url":"https:\/\/www.caudete.org\/ayuntamiento\/","logo":{"@type":"ImageObject","inLanguage":"es","@id":"https:\/\/www.caudete.org\/ayuntamiento\/#\/schema\/logo\/image\/","url":"https:\/\/www.caudete.org\/ayuntamiento\/wp-content\/uploads\/2020\/11\/logo_ayuntamiento_caudete.jpg","contentUrl":"https:\/\/www.caudete.org\/ayuntamiento\/wp-content\/uploads\/2020\/11\/logo_ayuntamiento_caudete.jpg","width":600,"height":150,"caption":"Ayuntamiento de Caudete"},"image":{"@id":"https:\/\/www.caudete.org\/ayuntamiento\/#\/schema\/logo\/image\/"},"sameAs":["https:\/\/www.facebook.com\/ayuntamientocaudete\/","https:\/\/www.youtube.com\/channel\/UC6VztHaooNsGpw-tNoBEFnQ"]}]}},"_links":{"self":[{"href":"https:\/\/www.caudete.org\/ayuntamiento\/wp-json\/wp\/v2\/pages\/6762","targetHints":{"allow":["GET"]}}],"collection":[{"href":"https:\/\/www.caudete.org\/ayuntamiento\/wp-json\/wp\/v2\/pages"}],"about":[{"href":"https:\/\/www.caudete.org\/ayuntamiento\/wp-json\/wp\/v2\/types\/page"}],"author":[{"embeddable":true,"href":"https:\/\/www.caudete.org\/ayuntamiento\/wp-json\/wp\/v2\/users\/1"}],"replies":[{"embeddable":true,"href":"https:\/\/www.caudete.org\/ayuntamiento\/wp-json\/wp\/v2\/comments?post=6762"}],"version-history":[{"count":15,"href":"https:\/\/www.caudete.org\/ayuntamiento\/wp-json\/wp\/v2\/pages\/6762\/revisions"}],"predecessor-version":[{"id":30373,"href":"https:\/\/www.caudete.org\/ayuntamiento\/wp-json\/wp\/v2\/pages\/6762\/revisions\/30373"}],"wp:attachment":[{"href":"https:\/\/www.caudete.org\/ayuntamiento\/wp-json\/wp\/v2\/media?parent=6762"}],"wp:term":[{"taxonomy":"category","embeddable":true,"href":"https:\/\/www.caudete.org\/ayuntamiento\/wp-json\/wp\/v2\/categories?post=6762"},{"taxonomy":"post_tag","embeddable":true,"href":"https:\/\/www.caudete.org\/ayuntamiento\/wp-json\/wp\/v2\/tags?post=6762"}],"curies":[{"name":"wp","href":"https:\/\/api.w.org\/{rel}","templated":true}]}}