{"id":6785,"date":"2020-12-06T11:59:07","date_gmt":"2020-12-06T10:59:07","guid":{"rendered":"http:\/\/www.caudete.org\/ayuntamiento\/?page_id=6785"},"modified":"2026-02-13T12:19:39","modified_gmt":"2026-02-13T11:19:39","slug":"casa-de-cultura-universidad-popular","status":"publish","type":"page","link":"https:\/\/www.caudete.org\/ayuntamiento\/casa-de-cultura-universidad-popular\/","title":{"rendered":"Casa de Cultura &#8211; Universidad Popular"},"content":{"rendered":"<p><img fetchpriority=\"high\" decoding=\"async\" class=\"alignnone wp-image-30348 size-full\" src=\"https:\/\/www.caudete.org\/ayuntamiento\/wp-content\/uploads\/2025\/08\/foto-up.jpg\" alt=\"\" width=\"1000\" height=\"428\" srcset=\"https:\/\/www.caudete.org\/ayuntamiento\/wp-content\/uploads\/2025\/08\/foto-up.jpg 1000w, https:\/\/www.caudete.org\/ayuntamiento\/wp-content\/uploads\/2025\/08\/foto-up-960x411.jpg 960w, https:\/\/www.caudete.org\/ayuntamiento\/wp-content\/uploads\/2025\/08\/foto-up-350x150.jpg 350w, https:\/\/www.caudete.org\/ayuntamiento\/wp-content\/uploads\/2025\/08\/foto-up-768x329.jpg 768w\" sizes=\"(max-width: 1000px) 100vw, 1000px\" \/><\/p>\n<p>&nbsp;<\/p>\n<p style=\"text-align: justify;\">La<strong> Universidad Popular<\/strong> es un proyecto de desarrollo cultural dirigido a promover la participaci\u00f3n social y la educaci\u00f3n continua para mejorar la calidad de vida de los caudetanos y caudetanas.<\/p>\n<p>Su objetivo principal es la dinamizaci\u00f3n de la vida social, cultural y asociativa del municipio y la capacitaci\u00f3n para la participaci\u00f3n social.<\/p>\n<p>En Caudete la Universidad Popular surge como respuesta a un antiguo compromiso de creaci\u00f3n cultural en marzo de 2001 y, desde entonces, la evoluci\u00f3n ha sido continua intentando adaptar la oferta formativa en cada momento a las nuevas realidades sociales.<\/p>\n<p><span style=\"font-family: Georgia, serif;\"><span style=\"font-size: medium;\">Los <u><b>cursos anuales<\/b><\/u> que actualmente se est\u00e1n impartiendo son:<\/span><\/span><\/p>\n<ul>\n<li><span style=\"font-family: Georgia, serif;\"><span style=\"font-size: medium;\">Acuarela Iniciaci\u00f3n y Perfeccionamiento.<\/span><\/span><\/li>\n<li><span style=\"font-family: Georgia, serif;\"><span style=\"font-size: medium;\">Bailes de Sal\u00f3n Iniciaci\u00f3n y Perfeccionamiento; Sevillanas, Danza del Vientre y Baile en L\u00ednea.<\/span><\/span><\/li>\n<li><span style=\"font-family: Georgia, serif;\"><span style=\"font-size: medium;\">Bordado.<\/span><\/span><\/li>\n<li><span style=\"font-family: Georgia, serif;\"><span style=\"font-size: medium;\">Cata de Vinos.<\/span><\/span><\/li>\n<li><span style=\"font-family: Georgia, serif;\"><span style=\"font-size: medium;\">Corte y Confecci\u00f3n.<\/span><\/span><\/li>\n<li><span style=\"font-family: Georgia, serif;\"><span style=\"font-size: medium;\">Restauraci\u00f3n de Muebles Ma\u00f1anas y Noches.<\/span><\/span><\/li>\n<li><span style=\"font-family: Georgia, serif;\"><span style=\"font-size: medium;\">Hatha Yoga Ma\u00f1anas y Tardes<\/span><\/span><\/li>\n<li><span style=\"font-family: Georgia, serif;\"><span style=\"font-size: medium;\">Yoga Ma\u00f1anas y Tardes.<\/span><\/span><\/li>\n<\/ul>\n<p><span style=\"font-family: Georgia, serif;\"><span style=\"font-size: medium;\">Los <u><b>talleres breves<\/b><\/u> que este curso 2025-2026 oferta son: <\/span><\/span><\/p>\n<ul>\n<li><span style=\"font-family: Georgia, serif;\"><span style=\"font-size: medium;\">Taller de Historia Local<\/span><\/span><\/li>\n<li><span style=\"font-family: Georgia, serif;\"><span style=\"font-size: medium;\">Casta\u00f1uelas Iniciaci\u00f3n<\/span><\/span><\/li>\n<li><span style=\"font-family: Georgia, serif;\"><span style=\"font-size: medium;\">Descubre la Naturaleza de Caudete (oto\u00f1o y primavera)<\/span><\/span><\/li>\n<li><span style=\"font-family: Georgia, serif;\"><span style=\"font-size: medium;\">Estilismo Navide\u00f1o para el Hogar<\/span><\/span><\/li>\n<li><span style=\"font-family: Georgia, serif;\"><span style=\"font-size: medium;\">Estilismo Decorativo: Eleva tu hogar sin reformas<\/span><\/span><\/li>\n<li><span style=\"font-family: Georgia, serif;\"><span style=\"font-size: medium;\">Define tu Estilo<\/span><\/span><\/li>\n<li><span style=\"font-family: Georgia, serif;\"><span style=\"font-size: medium;\">Iniciaci\u00f3n a Mindfulness<\/span><\/span><\/li>\n<li><span style=\"font-family: Georgia, serif;\"><span style=\"font-size: medium;\">Cocina de Navidad<\/span><\/span><\/li>\n<li><span style=\"font-family: Georgia, serif;\"><span style=\"font-size: medium;\">Cocina Internacional<\/span><\/span><\/li>\n<li><span style=\"font-family: Georgia, serif;\"><span style=\"font-size: medium;\">Cocina con la Huerta <\/span><\/span><\/li>\n<li><span style=\"font-family: Georgia, serif;\"><span style=\"font-size: medium;\">Taller de Alimentaci\u00f3n infantil<\/span><\/span><\/li>\n<li><span style=\"font-family: Georgia, serif;\"><span style=\"font-size: medium;\">Cata de quesos<\/span><\/span><\/li>\n<li><span style=\"font-family: Georgia, serif;\"><span style=\"font-size: medium;\">Cata de Cervezas Internacionales <\/span><\/span><\/li>\n<li><span style=\"font-family: Georgia, serif;\"><span style=\"font-size: medium;\">Original Cinema &amp; Conversation I y II (curso de ingl\u00e9s)<\/span><\/span><\/li>\n<li><span style=\"font-family: Georgia, serif;\"><span style=\"font-size: medium;\">Parlare D\u2019Arte I y II(curso de italiano)<\/span><\/span><\/li>\n<li><span style=\"font-family: Georgia, serif;\"><span style=\"font-size: medium;\">Yoga para Beb\u00e9s &amp; Mam\u00e1s<\/span><\/span><\/li>\n<li><span style=\"font-family: Georgia, serif;\"><span style=\"font-size: medium;\">T\u00e9cnicas Respiratorias y Relajaci\u00f3n <\/span><\/span><\/li>\n<li><span style=\"font-family: Georgia, serif;\"><span style=\"font-size: medium;\">Elaboraci\u00f3n de Joyas en Cer\u00e1mica<\/span><\/span><\/li>\n<li><span style=\"font-family: Georgia, serif;\"><span style=\"font-size: medium;\">Fabricaci\u00f3n de Acuarela<\/span><\/span><\/li>\n<li><span style=\"font-family: Georgia, serif;\"><span style=\"font-size: medium;\">Trabaja con Pan de Oro<\/span><\/span><\/li>\n<li><span style=\"font-family: Georgia, serif;\"><span style=\"font-size: medium;\">Fotograf\u00eda con M\u00f3vil I y II<\/span><\/span><\/li>\n<li><span style=\"font-family: Georgia, serif;\"><span style=\"font-size: medium;\">Creaci\u00f3n de Fotolibro<\/span><\/span><\/li>\n<\/ul>\n<p><span style=\"color: #000000;\"><span style=\"font-family: Georgia, serif;\"><span style=\"font-size: medium;\">Tel\u00e9fono de consultas: 965 82 81 30<\/span><\/span><\/span><\/p>\n<hr>\n<p><strong>Ficheros adjuntos<\/strong><\/p>\n<p><a href=\"https:\/\/www.caudete.org\/ayuntamiento\/wp-content\/uploads\/2025\/08\/250273-Cuadriptico-Casa-de-Cultura-Ventana-3-DEFINITIVO.pdf\" class=\"mtli_attachment mtli_pdf\">CUADR\u00cdPTICO CASA DE CULTURA 2025\/2026<\/a><br \/>\n<a href=\"https:\/\/www.caudete.org\/ayuntamiento\/wp-content\/uploads\/2025\/08\/boletin-de-inscripcion-2025-26.pdf\" class=\"mtli_attachment mtli_pdf\">IMPRESO DE MATRICULACION UNIVERSIDAD POPULAR 2025\/2026<\/a><\/p>\n<p>&nbsp;<\/p>\n","protected":false},"excerpt":{"rendered":"<p>&nbsp; La Universidad Popular es un proyecto de desarrollo cultural dirigido a promover la participaci\u00f3n social y la educaci\u00f3n continua para mejorar la calidad de vida de los caudetanos y caudetanas. Su objetivo principal es la dinamizaci\u00f3n de la vida social, cultural y asociativa del municipio y la capacitaci\u00f3n para la participaci\u00f3n social. En Caudete &hellip;<\/p>\n","protected":false},"author":1,"featured_media":0,"parent":0,"menu_order":0,"comment_status":"closed","ping_status":"closed","template":"","meta":{"ngg_post_thumbnail":0,"footnotes":""},"categories":[104],"tags":[],"class_list":["post-6785","page","type-page","status-publish","hentry","category-cultura-2"],"yoast_head":"<!-- This site is optimized with the Yoast SEO plugin v27.5 - https:\/\/yoast.com\/product\/yoast-seo-wordpress\/ -->\n<title>Casa de Cultura - Universidad Popular - MI Ayuntamiento de Caudete<\/title>\n<meta name=\"description\" content=\"P\u00e1gina Oficial del Ayuntamiento de Caudete (Albacete)\" \/>\n<meta name=\"robots\" content=\"index, follow, max-snippet:-1, max-image-preview:large, max-video-preview:-1\" \/>\n<link rel=\"canonical\" href=\"https:\/\/www.caudete.org\/ayuntamiento\/casa-de-cultura-universidad-popular\/\" \/>\n<meta property=\"og:locale\" content=\"es_ES\" \/>\n<meta property=\"og:type\" content=\"article\" \/>\n<meta property=\"og:title\" content=\"Casa de Cultura - Universidad Popular - MI Ayuntamiento de Caudete\" \/>\n<meta property=\"og:description\" content=\"P\u00e1gina Oficial del Ayuntamiento de Caudete (Albacete)\" \/>\n<meta property=\"og:url\" content=\"https:\/\/www.caudete.org\/ayuntamiento\/casa-de-cultura-universidad-popular\/\" \/>\n<meta property=\"og:site_name\" content=\"MI Ayuntamiento de Caudete\" \/>\n<meta property=\"article:publisher\" content=\"https:\/\/www.facebook.com\/ayuntamientocaudete\/\" \/>\n<meta property=\"article:modified_time\" content=\"2026-02-13T11:19:39+00:00\" \/>\n<meta property=\"og:image\" content=\"https:\/\/www.caudete.org\/ayuntamiento\/wp-content\/uploads\/2025\/08\/foto-up.jpg\" \/>\n\t<meta property=\"og:image:width\" content=\"1000\" \/>\n\t<meta property=\"og:image:height\" content=\"428\" \/>\n\t<meta property=\"og:image:type\" content=\"image\/jpeg\" \/>\n<meta name=\"twitter:card\" content=\"summary_large_image\" \/>\n<meta name=\"twitter:label1\" content=\"Tiempo de lectura\" \/>\n\t<meta name=\"twitter:data1\" content=\"2 minutos\" \/>\n<script type=\"application\/ld+json\" class=\"yoast-schema-graph\">{\"@context\":\"https:\\\/\\\/schema.org\",\"@graph\":[{\"@type\":\"WebPage\",\"@id\":\"https:\\\/\\\/www.caudete.org\\\/ayuntamiento\\\/casa-de-cultura-universidad-popular\\\/\",\"url\":\"https:\\\/\\\/www.caudete.org\\\/ayuntamiento\\\/casa-de-cultura-universidad-popular\\\/\",\"name\":\"Casa de Cultura - Universidad Popular - MI Ayuntamiento de Caudete\",\"isPartOf\":{\"@id\":\"https:\\\/\\\/www.caudete.org\\\/ayuntamiento\\\/#website\"},\"primaryImageOfPage\":{\"@id\":\"https:\\\/\\\/www.caudete.org\\\/ayuntamiento\\\/casa-de-cultura-universidad-popular\\\/#primaryimage\"},\"image\":{\"@id\":\"https:\\\/\\\/www.caudete.org\\\/ayuntamiento\\\/casa-de-cultura-universidad-popular\\\/#primaryimage\"},\"thumbnailUrl\":\"https:\\\/\\\/www.caudete.org\\\/ayuntamiento\\\/wp-content\\\/uploads\\\/2025\\\/08\\\/foto-up.jpg\",\"datePublished\":\"2020-12-06T10:59:07+00:00\",\"dateModified\":\"2026-02-13T11:19:39+00:00\",\"description\":\"P\u00e1gina Oficial del Ayuntamiento de Caudete (Albacete)\",\"breadcrumb\":{\"@id\":\"https:\\\/\\\/www.caudete.org\\\/ayuntamiento\\\/casa-de-cultura-universidad-popular\\\/#breadcrumb\"},\"inLanguage\":\"es\",\"potentialAction\":[{\"@type\":\"ReadAction\",\"target\":[\"https:\\\/\\\/www.caudete.org\\\/ayuntamiento\\\/casa-de-cultura-universidad-popular\\\/\"]}]},{\"@type\":\"ImageObject\",\"inLanguage\":\"es\",\"@id\":\"https:\\\/\\\/www.caudete.org\\\/ayuntamiento\\\/casa-de-cultura-universidad-popular\\\/#primaryimage\",\"url\":\"https:\\\/\\\/www.caudete.org\\\/ayuntamiento\\\/wp-content\\\/uploads\\\/2025\\\/08\\\/foto-up.jpg\",\"contentUrl\":\"https:\\\/\\\/www.caudete.org\\\/ayuntamiento\\\/wp-content\\\/uploads\\\/2025\\\/08\\\/foto-up.jpg\",\"width\":1000,\"height\":428},{\"@type\":\"BreadcrumbList\",\"@id\":\"https:\\\/\\\/www.caudete.org\\\/ayuntamiento\\\/casa-de-cultura-universidad-popular\\\/#breadcrumb\",\"itemListElement\":[{\"@type\":\"ListItem\",\"position\":1,\"name\":\"Inicio\",\"item\":\"https:\\\/\\\/www.caudete.org\\\/ayuntamiento\\\/\"},{\"@type\":\"ListItem\",\"position\":2,\"name\":\"Casa de Cultura &#8211; Universidad Popular\"}]},{\"@type\":\"WebSite\",\"@id\":\"https:\\\/\\\/www.caudete.org\\\/ayuntamiento\\\/#website\",\"url\":\"https:\\\/\\\/www.caudete.org\\\/ayuntamiento\\\/\",\"name\":\"MI Ayuntamiento de Caudete\",\"description\":\"P\u00e1gina Oficial del MI Ayuntamiento de Caudete\",\"publisher\":{\"@id\":\"https:\\\/\\\/www.caudete.org\\\/ayuntamiento\\\/#organization\"},\"potentialAction\":[{\"@type\":\"SearchAction\",\"target\":{\"@type\":\"EntryPoint\",\"urlTemplate\":\"https:\\\/\\\/www.caudete.org\\\/ayuntamiento\\\/?s={search_term_string}\"},\"query-input\":{\"@type\":\"PropertyValueSpecification\",\"valueRequired\":true,\"valueName\":\"search_term_string\"}}],\"inLanguage\":\"es\"},{\"@type\":\"Organization\",\"@id\":\"https:\\\/\\\/www.caudete.org\\\/ayuntamiento\\\/#organization\",\"name\":\"Ayuntamiento de Caudete\",\"url\":\"https:\\\/\\\/www.caudete.org\\\/ayuntamiento\\\/\",\"logo\":{\"@type\":\"ImageObject\",\"inLanguage\":\"es\",\"@id\":\"https:\\\/\\\/www.caudete.org\\\/ayuntamiento\\\/#\\\/schema\\\/logo\\\/image\\\/\",\"url\":\"https:\\\/\\\/www.caudete.org\\\/ayuntamiento\\\/wp-content\\\/uploads\\\/2020\\\/11\\\/logo_ayuntamiento_caudete.jpg\",\"contentUrl\":\"https:\\\/\\\/www.caudete.org\\\/ayuntamiento\\\/wp-content\\\/uploads\\\/2020\\\/11\\\/logo_ayuntamiento_caudete.jpg\",\"width\":600,\"height\":150,\"caption\":\"Ayuntamiento de Caudete\"},\"image\":{\"@id\":\"https:\\\/\\\/www.caudete.org\\\/ayuntamiento\\\/#\\\/schema\\\/logo\\\/image\\\/\"},\"sameAs\":[\"https:\\\/\\\/www.facebook.com\\\/ayuntamientocaudete\\\/\",\"https:\\\/\\\/www.youtube.com\\\/channel\\\/UC6VztHaooNsGpw-tNoBEFnQ\"]}]}<\/script>\n<!-- \/ Yoast SEO plugin. -->","yoast_head_json":{"title":"Casa de Cultura - Universidad Popular - MI Ayuntamiento de Caudete","description":"P\u00e1gina Oficial del Ayuntamiento de Caudete (Albacete)","robots":{"index":"index","follow":"follow","max-snippet":"max-snippet:-1","max-image-preview":"max-image-preview:large","max-video-preview":"max-video-preview:-1"},"canonical":"https:\/\/www.caudete.org\/ayuntamiento\/casa-de-cultura-universidad-popular\/","og_locale":"es_ES","og_type":"article","og_title":"Casa de Cultura - Universidad Popular - MI Ayuntamiento de Caudete","og_description":"P\u00e1gina Oficial del Ayuntamiento de Caudete (Albacete)","og_url":"https:\/\/www.caudete.org\/ayuntamiento\/casa-de-cultura-universidad-popular\/","og_site_name":"MI Ayuntamiento de Caudete","article_publisher":"https:\/\/www.facebook.com\/ayuntamientocaudete\/","article_modified_time":"2026-02-13T11:19:39+00:00","og_image":[{"width":1000,"height":428,"url":"https:\/\/www.caudete.org\/ayuntamiento\/wp-content\/uploads\/2025\/08\/foto-up.jpg","type":"image\/jpeg"}],"twitter_card":"summary_large_image","twitter_misc":{"Tiempo de lectura":"2 minutos"},"schema":{"@context":"https:\/\/schema.org","@graph":[{"@type":"WebPage","@id":"https:\/\/www.caudete.org\/ayuntamiento\/casa-de-cultura-universidad-popular\/","url":"https:\/\/www.caudete.org\/ayuntamiento\/casa-de-cultura-universidad-popular\/","name":"Casa de Cultura - Universidad Popular - MI Ayuntamiento de Caudete","isPartOf":{"@id":"https:\/\/www.caudete.org\/ayuntamiento\/#website"},"primaryImageOfPage":{"@id":"https:\/\/www.caudete.org\/ayuntamiento\/casa-de-cultura-universidad-popular\/#primaryimage"},"image":{"@id":"https:\/\/www.caudete.org\/ayuntamiento\/casa-de-cultura-universidad-popular\/#primaryimage"},"thumbnailUrl":"https:\/\/www.caudete.org\/ayuntamiento\/wp-content\/uploads\/2025\/08\/foto-up.jpg","datePublished":"2020-12-06T10:59:07+00:00","dateModified":"2026-02-13T11:19:39+00:00","description":"P\u00e1gina Oficial del Ayuntamiento de Caudete (Albacete)","breadcrumb":{"@id":"https:\/\/www.caudete.org\/ayuntamiento\/casa-de-cultura-universidad-popular\/#breadcrumb"},"inLanguage":"es","potentialAction":[{"@type":"ReadAction","target":["https:\/\/www.caudete.org\/ayuntamiento\/casa-de-cultura-universidad-popular\/"]}]},{"@type":"ImageObject","inLanguage":"es","@id":"https:\/\/www.caudete.org\/ayuntamiento\/casa-de-cultura-universidad-popular\/#primaryimage","url":"https:\/\/www.caudete.org\/ayuntamiento\/wp-content\/uploads\/2025\/08\/foto-up.jpg","contentUrl":"https:\/\/www.caudete.org\/ayuntamiento\/wp-content\/uploads\/2025\/08\/foto-up.jpg","width":1000,"height":428},{"@type":"BreadcrumbList","@id":"https:\/\/www.caudete.org\/ayuntamiento\/casa-de-cultura-universidad-popular\/#breadcrumb","itemListElement":[{"@type":"ListItem","position":1,"name":"Inicio","item":"https:\/\/www.caudete.org\/ayuntamiento\/"},{"@type":"ListItem","position":2,"name":"Casa de Cultura &#8211; Universidad Popular"}]},{"@type":"WebSite","@id":"https:\/\/www.caudete.org\/ayuntamiento\/#website","url":"https:\/\/www.caudete.org\/ayuntamiento\/","name":"MI Ayuntamiento de Caudete","description":"P\u00e1gina Oficial del MI Ayuntamiento de Caudete","publisher":{"@id":"https:\/\/www.caudete.org\/ayuntamiento\/#organization"},"potentialAction":[{"@type":"SearchAction","target":{"@type":"EntryPoint","urlTemplate":"https:\/\/www.caudete.org\/ayuntamiento\/?s={search_term_string}"},"query-input":{"@type":"PropertyValueSpecification","valueRequired":true,"valueName":"search_term_string"}}],"inLanguage":"es"},{"@type":"Organization","@id":"https:\/\/www.caudete.org\/ayuntamiento\/#organization","name":"Ayuntamiento de Caudete","url":"https:\/\/www.caudete.org\/ayuntamiento\/","logo":{"@type":"ImageObject","inLanguage":"es","@id":"https:\/\/www.caudete.org\/ayuntamiento\/#\/schema\/logo\/image\/","url":"https:\/\/www.caudete.org\/ayuntamiento\/wp-content\/uploads\/2020\/11\/logo_ayuntamiento_caudete.jpg","contentUrl":"https:\/\/www.caudete.org\/ayuntamiento\/wp-content\/uploads\/2020\/11\/logo_ayuntamiento_caudete.jpg","width":600,"height":150,"caption":"Ayuntamiento de Caudete"},"image":{"@id":"https:\/\/www.caudete.org\/ayuntamiento\/#\/schema\/logo\/image\/"},"sameAs":["https:\/\/www.facebook.com\/ayuntamientocaudete\/","https:\/\/www.youtube.com\/channel\/UC6VztHaooNsGpw-tNoBEFnQ"]}]}},"_links":{"self":[{"href":"https:\/\/www.caudete.org\/ayuntamiento\/wp-json\/wp\/v2\/pages\/6785","targetHints":{"allow":["GET"]}}],"collection":[{"href":"https:\/\/www.caudete.org\/ayuntamiento\/wp-json\/wp\/v2\/pages"}],"about":[{"href":"https:\/\/www.caudete.org\/ayuntamiento\/wp-json\/wp\/v2\/types\/page"}],"author":[{"embeddable":true,"href":"https:\/\/www.caudete.org\/ayuntamiento\/wp-json\/wp\/v2\/users\/1"}],"replies":[{"embeddable":true,"href":"https:\/\/www.caudete.org\/ayuntamiento\/wp-json\/wp\/v2\/comments?post=6785"}],"version-history":[{"count":18,"href":"https:\/\/www.caudete.org\/ayuntamiento\/wp-json\/wp\/v2\/pages\/6785\/revisions"}],"predecessor-version":[{"id":32655,"href":"https:\/\/www.caudete.org\/ayuntamiento\/wp-json\/wp\/v2\/pages\/6785\/revisions\/32655"}],"wp:attachment":[{"href":"https:\/\/www.caudete.org\/ayuntamiento\/wp-json\/wp\/v2\/media?parent=6785"}],"wp:term":[{"taxonomy":"category","embeddable":true,"href":"https:\/\/www.caudete.org\/ayuntamiento\/wp-json\/wp\/v2\/categories?post=6785"},{"taxonomy":"post_tag","embeddable":true,"href":"https:\/\/www.caudete.org\/ayuntamiento\/wp-json\/wp\/v2\/tags?post=6785"}],"curies":[{"name":"wp","href":"https:\/\/api.w.org\/{rel}","templated":true}]}}