{"id":6808,"date":"2020-12-06T12:08:02","date_gmt":"2020-12-06T11:08:02","guid":{"rendered":"http:\/\/www.caudete.org\/ayuntamiento\/?page_id=6808"},"modified":"2025-08-22T13:10:22","modified_gmt":"2025-08-22T11:10:22","slug":"casa-de-cultura-sala-de-exposiciones-jose-perezgil","status":"publish","type":"page","link":"https:\/\/www.caudete.org\/ayuntamiento\/casa-de-cultura-sala-de-exposiciones-jose-perezgil\/","title":{"rendered":"Casa de Cultura &#8211; Sala de Exposiciones &#8220;Jos\u00e9 P\u00e9rezgil&#8221;"},"content":{"rendered":"<p><img fetchpriority=\"high\" decoding=\"async\" class=\"alignnone wp-image-30347 size-full\" src=\"https:\/\/www.caudete.org\/ayuntamiento\/wp-content\/uploads\/2025\/08\/foto-sala-exposiciones.jpg\" alt=\"\" width=\"1000\" height=\"563\" srcset=\"https:\/\/www.caudete.org\/ayuntamiento\/wp-content\/uploads\/2025\/08\/foto-sala-exposiciones.jpg 1000w, https:\/\/www.caudete.org\/ayuntamiento\/wp-content\/uploads\/2025\/08\/foto-sala-exposiciones-960x540.jpg 960w, https:\/\/www.caudete.org\/ayuntamiento\/wp-content\/uploads\/2025\/08\/foto-sala-exposiciones-350x197.jpg 350w, https:\/\/www.caudete.org\/ayuntamiento\/wp-content\/uploads\/2025\/08\/foto-sala-exposiciones-768x432.jpg 768w\" sizes=\"(max-width: 1000px) 100vw, 1000px\" \/><\/p>\n<hr \/>\n<p style=\"text-align: justify;\"><span style=\"font-family: Georgia, serif;\"><span style=\"font-size: medium;\">Situada en la planta baja de la Casa de Cultura, la <\/span><\/span><strong><span style=\"font-family: Georgia, serif;\"><span style=\"font-size: medium;\">Sala de Exposiciones \u201cJos\u00e9 P\u00e9rezg<\/span><\/span><\/strong><strong><span style=\"font-family: Georgia, serif;\"><span style=\"font-size: medium;\">il\u201d <\/span><\/span><\/strong><span style=\"font-family: Georgia, serif;\"><span style=\"font-size: medium;\">es una moderna y c\u00e1lida sala que acoge todo tipo de manifestaciones pl\u00e1sticas.<\/span><\/span><\/p>\n<p style=\"text-align: justify;\"><span style=\"font-family: Georgia, serif;\"><span style=\"font-size: medium;\">HORARIO: <\/span><\/span><\/p>\n<p style=\"text-align: justify;\"><span style=\"font-family: Georgia, serif;\"><span style=\"font-size: medium;\">De lunes a viernes por la ma\u00f1ana 10:00 a 13:30 horas y por la tarde de 18:00 a 21:00 horas. <\/span><\/span><\/p>\n<p style=\"text-align: justify;\"><span style=\"font-family: Georgia, serif;\"><span style=\"font-size: medium;\">S\u00e1bados de 10:00 a 13:00 horas.<\/span><\/span><\/p>\n<p style=\"text-align: justify;\"><span style=\"font-family: Georgia, serif;\"><span style=\"font-size: medium;\">Agosto cerrado. <\/span><\/span><\/p>\n<p>&nbsp;<\/p>\n<p style=\"text-align: center;\"><span style=\"font-family: Georgia, serif;\"><span style=\"font-size: medium;\">Si desea ampliar informaci\u00f3n le atenderemos con mucho gusto en la siguiente direcci\u00f3n, tel\u00e9fono o email: <\/span><\/span><\/p>\n<p style=\"text-align: center;\"><span style=\"font-family: Georgia, serif;\"><span style=\"font-size: medium;\">C\/ Las Eras 33<br \/>\n02660 Caudete (Albacete)<br \/>\nTfno: 965 82 81 30 <\/span><\/span><\/p>\n<p style=\"text-align: center;\"><span style=\"font-family: Arial, sans-serif;\"><span style=\"font-family: Georgia, serif;\"><span style=\"font-size: medium;\">Email: <a href=\"mailto:informacion@casadecultura.caudete.org\" target=\"_blank\" rel=\"nofollow\">informacion@casadecultura.caudete.org<\/a> <\/span><\/span><\/span><\/p>\n<hr \/>\n<h2 style=\"text-align: justify;\">NORMAS DE UTILIZACI\u00d3N<\/h2>\n<p style=\"text-align: justify;\">Podr\u00e1n solicitar la Sala de Exposiciones de la Casa de Cultura para la realizaci\u00f3n de exposiciones de pintura, escultura, grabados, cer\u00e1mica, fotograf\u00eda, etc., todos los artistas espa\u00f1oles o extranjeros que lo deseen.<\/p>\n<p style=\"text-align: justify;\">Los artistas solicitantes formular\u00e1n sus peticiones en el modelo de solicitud que se adjunta, acompa\u00f1ada de un dossier con fotograf\u00edas de su obra reciente y los cat\u00e1logos de sus \u00faltimas exposiciones.<\/p>\n<p style=\"text-align: justify;\">La Concejal\u00eda de Cultura del M. I. Ayuntamiento de Caudete editar\u00e1 los cat\u00e1logos de las exposiciones programadas, a cuyo efecto los artistas deber\u00e1n enviar su curr\u00edculum actualizado, cr\u00edticas, relaci\u00f3n de obras a exponer, fotograf\u00edas o diapositivas, etc., con una antelaci\u00f3n m\u00ednima de tres meses a la fecha se\u00f1alada para el comienzo de la exposici\u00f3n.<\/p>\n<p style=\"text-align: justify;\">Ser\u00e1n de cuenta exclusiva del artista los gastos relativos al transporte, montaje y desmontaje de la exposici\u00f3n, y los relativos al seguro de las obras, que deber\u00e1 cubrir en todo caso el riesgo de deterioro o destrucci\u00f3n de aquellas por causa de incendio, cat\u00e1strofes, robo, hurto o actos delictivos.<\/p>\n<p style=\"text-align: justify;\">El acto de inauguraci\u00f3n de la exposici\u00f3n ser\u00e1 programado de com\u00fan acuerdo por el artista y la direcci\u00f3n de la Casa de Cultura.<\/p>\n<p style=\"text-align: justify;\">El artista donar\u00e1 a la Casa de Cultura una de las obras expuestas (cuya elecci\u00f3n se realizar\u00e1 antes del comienzo de la exposici\u00f3n y de acuerdo entre ambas partes) como contraprestaci\u00f3n de la colaboraci\u00f3n de esta Casa de Cultura.<\/p>\n<p style=\"text-align: justify;\">El artista se compromete a hacer constar la colaboraci\u00f3n de la Casa de Cultura de Caudete en los medios de difusi\u00f3n que pudiera utilizar al margen del cat\u00e1logo oficial.<\/p>\n<h2 style=\"text-align: justify;\">CARACTER\u00cdSTICAS T\u00c9CNICAS<\/h2>\n<p style=\"text-align: justify;\">Esta Sala de Exposiciones tiene en la actualidad 149 m<sup>2<\/sup> en la planta baja y 62 m<sup>2<\/sup> en la entreplanta, con una cuidada iluminaci\u00f3n y sistema de montaje mediante anclajes fijos de barras que permiten colgar diferentes tama\u00f1os. Posee un circuito cerrado de seguridad, de televisi\u00f3n y sistema de detecci\u00f3n de incendios adem\u00e1s de medios t\u00e9cnicos necesarios para el control medioambiental de la sala.<\/p>\n<div id=\"adjuntos\">\n<p>&nbsp;<\/p>\n<hr \/>\n<p><strong>Ficheros adjuntos<br \/>\n<a href=\"http:\/\/caudete.org\/ayuntamiento\/eniusimg\/enius146\/2013\/05\/adjuntos_fichero_2292190_4a7633b5acf68f03.pdf\" class=\"mtli_attachment mtli_pdf\" target=\"_blank\" rel=\"nofollow\">SOLICITUD DE RESERVA para la Sala de Exposiciones<\/a><\/strong><\/p>\n<hr \/>\n<p>&nbsp;<\/p>\n<p><strong><span style=\"font-size: 24pt;\">ACTIVIDADES<\/span><\/strong><\/p>\n<hr \/>\n<p><span style=\"font-size: 14pt;\"><strong>CAT\u00c1LOGOS DE LAS EXPOSICIONES 2020\/2021.\u00a0 (Clic en la imagen)<\/strong><\/span><\/p>\n<table style=\"border-collapse: collapse; width: 100%;\">\n<tbody>\n<tr>\n<td style=\"width: 20%;\"><a href=\"https:\/\/www.caudete.org\/ayuntamiento\/wp-content\/uploads\/2021\/11\/Catalogo-Mito-y-Logica-2021.pdf\" class=\"mtli_attachment mtli_pdf\"><img decoding=\"async\" class=\"alignnone wp-image-16923 size-medium\" src=\"https:\/\/www.caudete.org\/ayuntamiento\/wp-content\/uploads\/2021\/11\/Catalogo-Mito-y-Logica-2021_001-300x300.jpg\" rel='prettyPhoto' alt=\"\" width=\"300\" height=\"300\" srcset=\"https:\/\/www.caudete.org\/ayuntamiento\/wp-content\/uploads\/2021\/11\/Catalogo-Mito-y-Logica-2021_001-300x300.jpg 300w, https:\/\/www.caudete.org\/ayuntamiento\/wp-content\/uploads\/2021\/11\/Catalogo-Mito-y-Logica-2021_001-1024x1024.jpg 1024w, https:\/\/www.caudete.org\/ayuntamiento\/wp-content\/uploads\/2021\/11\/Catalogo-Mito-y-Logica-2021_001-150x150.jpg 150w, https:\/\/www.caudete.org\/ayuntamiento\/wp-content\/uploads\/2021\/11\/Catalogo-Mito-y-Logica-2021_001-768x768.jpg 768w, https:\/\/www.caudete.org\/ayuntamiento\/wp-content\/uploads\/2021\/11\/Catalogo-Mito-y-Logica-2021_001-60x60.jpg 60w, https:\/\/www.caudete.org\/ayuntamiento\/wp-content\/uploads\/2021\/11\/Catalogo-Mito-y-Logica-2021_001.jpg 1190w\" sizes=\"(max-width: 300px) 100vw, 300px\" \/><\/a><\/td>\n<td style=\"width: 20%;\"><a href=\"https:\/\/www.caudete.org\/ayuntamiento\/wp-content\/uploads\/2021\/11\/Catalogo-MIRANDO-HACIA-OTRO-LADO.pdf\" class=\"mtli_attachment mtli_pdf\"><img decoding=\"async\" class=\"alignnone wp-image-16919 size-medium\" src=\"https:\/\/www.caudete.org\/ayuntamiento\/wp-content\/uploads\/2021\/11\/Catalogo-MIRANDO-HACIA-OTRO-LADO_001-300x300.jpg\" rel='prettyPhoto' alt=\"\" width=\"300\" height=\"300\" srcset=\"https:\/\/www.caudete.org\/ayuntamiento\/wp-content\/uploads\/2021\/11\/Catalogo-MIRANDO-HACIA-OTRO-LADO_001-300x300.jpg 300w, https:\/\/www.caudete.org\/ayuntamiento\/wp-content\/uploads\/2021\/11\/Catalogo-MIRANDO-HACIA-OTRO-LADO_001-1024x1024.jpg 1024w, https:\/\/www.caudete.org\/ayuntamiento\/wp-content\/uploads\/2021\/11\/Catalogo-MIRANDO-HACIA-OTRO-LADO_001-150x150.jpg 150w, https:\/\/www.caudete.org\/ayuntamiento\/wp-content\/uploads\/2021\/11\/Catalogo-MIRANDO-HACIA-OTRO-LADO_001-768x768.jpg 768w, https:\/\/www.caudete.org\/ayuntamiento\/wp-content\/uploads\/2021\/11\/Catalogo-MIRANDO-HACIA-OTRO-LADO_001-1536x1536.jpg 1536w, https:\/\/www.caudete.org\/ayuntamiento\/wp-content\/uploads\/2021\/11\/Catalogo-MIRANDO-HACIA-OTRO-LADO_001-2048x2048.jpg 2048w, https:\/\/www.caudete.org\/ayuntamiento\/wp-content\/uploads\/2021\/11\/Catalogo-MIRANDO-HACIA-OTRO-LADO_001-60x60.jpg 60w\" sizes=\"(max-width: 300px) 100vw, 300px\" \/><\/a><\/td>\n<td style=\"width: 20%;\"><a href=\"https:\/\/www.caudete.org\/ayuntamiento\/wp-content\/uploads\/2021\/11\/LOS-COLORES-Y-SIMBOLOS-DEL-MEDITERRANEO-2020-21.pdf\" class=\"mtli_attachment mtli_pdf\"><img loading=\"lazy\" decoding=\"async\" class=\"alignnone wp-image-16915 size-medium\" src=\"https:\/\/www.caudete.org\/ayuntamiento\/wp-content\/uploads\/2021\/11\/LOS-COLORES-Y-SIMBOLOS-DEL-MEDITERRANEO-2020-21_001-300x300.jpg\" rel='prettyPhoto' alt=\"\" width=\"300\" height=\"300\" srcset=\"https:\/\/www.caudete.org\/ayuntamiento\/wp-content\/uploads\/2021\/11\/LOS-COLORES-Y-SIMBOLOS-DEL-MEDITERRANEO-2020-21_001-300x300.jpg 300w, https:\/\/www.caudete.org\/ayuntamiento\/wp-content\/uploads\/2021\/11\/LOS-COLORES-Y-SIMBOLOS-DEL-MEDITERRANEO-2020-21_001-1024x1024.jpg 1024w, https:\/\/www.caudete.org\/ayuntamiento\/wp-content\/uploads\/2021\/11\/LOS-COLORES-Y-SIMBOLOS-DEL-MEDITERRANEO-2020-21_001-150x150.jpg 150w, https:\/\/www.caudete.org\/ayuntamiento\/wp-content\/uploads\/2021\/11\/LOS-COLORES-Y-SIMBOLOS-DEL-MEDITERRANEO-2020-21_001-768x768.jpg 768w, https:\/\/www.caudete.org\/ayuntamiento\/wp-content\/uploads\/2021\/11\/LOS-COLORES-Y-SIMBOLOS-DEL-MEDITERRANEO-2020-21_001-1536x1536.jpg 1536w, https:\/\/www.caudete.org\/ayuntamiento\/wp-content\/uploads\/2021\/11\/LOS-COLORES-Y-SIMBOLOS-DEL-MEDITERRANEO-2020-21_001-2048x2048.jpg 2048w, https:\/\/www.caudete.org\/ayuntamiento\/wp-content\/uploads\/2021\/11\/LOS-COLORES-Y-SIMBOLOS-DEL-MEDITERRANEO-2020-21_001-60x60.jpg 60w\" sizes=\"(max-width: 300px) 100vw, 300px\" \/><\/a><\/td>\n<td style=\"width: 20%;\"><a href=\"https:\/\/www.caudete.org\/ayuntamiento\/wp-content\/uploads\/2021\/11\/CATALOGO-DEL-CINE-Y-ALGO-MAS-Mary-Caerols-2020.pdf\" class=\"mtli_attachment mtli_pdf\"><img loading=\"lazy\" decoding=\"async\" class=\"alignnone wp-image-16911 size-medium\" src=\"https:\/\/www.caudete.org\/ayuntamiento\/wp-content\/uploads\/2021\/11\/CATALOGO-DEL-CINE-Y-ALGO-MAS-Mary-Caerols-2020_001-300x300.jpg\" rel='prettyPhoto' alt=\"\" width=\"300\" height=\"300\" srcset=\"https:\/\/www.caudete.org\/ayuntamiento\/wp-content\/uploads\/2021\/11\/CATALOGO-DEL-CINE-Y-ALGO-MAS-Mary-Caerols-2020_001-300x300.jpg 300w, https:\/\/www.caudete.org\/ayuntamiento\/wp-content\/uploads\/2021\/11\/CATALOGO-DEL-CINE-Y-ALGO-MAS-Mary-Caerols-2020_001-1024x1024.jpg 1024w, https:\/\/www.caudete.org\/ayuntamiento\/wp-content\/uploads\/2021\/11\/CATALOGO-DEL-CINE-Y-ALGO-MAS-Mary-Caerols-2020_001-150x150.jpg 150w, https:\/\/www.caudete.org\/ayuntamiento\/wp-content\/uploads\/2021\/11\/CATALOGO-DEL-CINE-Y-ALGO-MAS-Mary-Caerols-2020_001-768x768.jpg 768w, https:\/\/www.caudete.org\/ayuntamiento\/wp-content\/uploads\/2021\/11\/CATALOGO-DEL-CINE-Y-ALGO-MAS-Mary-Caerols-2020_001-1536x1536.jpg 1536w, https:\/\/www.caudete.org\/ayuntamiento\/wp-content\/uploads\/2021\/11\/CATALOGO-DEL-CINE-Y-ALGO-MAS-Mary-Caerols-2020_001-2048x2048.jpg 2048w, https:\/\/www.caudete.org\/ayuntamiento\/wp-content\/uploads\/2021\/11\/CATALOGO-DEL-CINE-Y-ALGO-MAS-Mary-Caerols-2020_001-60x60.jpg 60w\" sizes=\"(max-width: 300px) 100vw, 300px\" \/><\/a><\/td>\n<td style=\"width: 20%;\"><a href=\"https:\/\/www.caudete.org\/ayuntamiento\/wp-content\/uploads\/2021\/11\/CATALOGO-PANUELOS-RAFAEL-2020.pdf\" class=\"mtli_attachment mtli_pdf\"><img loading=\"lazy\" decoding=\"async\" class=\"alignnone wp-image-16906 size-medium\" src=\"https:\/\/www.caudete.org\/ayuntamiento\/wp-content\/uploads\/2021\/11\/CATALOGO-PANUELOS-RAFAEL-2020_001-300x212.jpg\" rel='prettyPhoto' alt=\"\" width=\"300\" height=\"212\" srcset=\"https:\/\/www.caudete.org\/ayuntamiento\/wp-content\/uploads\/2021\/11\/CATALOGO-PANUELOS-RAFAEL-2020_001-300x212.jpg 300w, https:\/\/www.caudete.org\/ayuntamiento\/wp-content\/uploads\/2021\/11\/CATALOGO-PANUELOS-RAFAEL-2020_001-1024x724.jpg 1024w, https:\/\/www.caudete.org\/ayuntamiento\/wp-content\/uploads\/2021\/11\/CATALOGO-PANUELOS-RAFAEL-2020_001-768x543.jpg 768w, https:\/\/www.caudete.org\/ayuntamiento\/wp-content\/uploads\/2021\/11\/CATALOGO-PANUELOS-RAFAEL-2020_001-1536x1085.jpg 1536w, https:\/\/www.caudete.org\/ayuntamiento\/wp-content\/uploads\/2021\/11\/CATALOGO-PANUELOS-RAFAEL-2020_001-2048x1447.jpg 2048w\" sizes=\"(max-width: 300px) 100vw, 300px\" \/><\/a><\/td>\n<\/tr>\n<\/tbody>\n<\/table>\n<p>&nbsp;<\/p>\n<p><span style=\"font-size: 14pt;\"><strong>V\u00cdDEOS DE LAS EXPOSICIONES 2020\/2021.\u00a0 (Clic en la imagen)<\/strong><\/span><\/p>\n<table style=\"border-collapse: collapse; width: 100%;\">\n<tbody>\n<tr>\n<td style=\"width: 20%;\"><a href=\"https:\/\/youtu.be\/LAc2pTn1LpI\" target=\"_blank\" rel=\"nofollow\"><img decoding=\"async\" class=\"alignnone wp-image-16919 size-medium\" src=\"https:\/\/www.caudete.org\/ayuntamiento\/wp-content\/uploads\/2021\/11\/Catalogo-MIRANDO-HACIA-OTRO-LADO_001-300x300.jpg\" rel='prettyPhoto' alt=\"\" width=\"300\" height=\"300\" srcset=\"https:\/\/www.caudete.org\/ayuntamiento\/wp-content\/uploads\/2021\/11\/Catalogo-MIRANDO-HACIA-OTRO-LADO_001-300x300.jpg 300w, https:\/\/www.caudete.org\/ayuntamiento\/wp-content\/uploads\/2021\/11\/Catalogo-MIRANDO-HACIA-OTRO-LADO_001-1024x1024.jpg 1024w, https:\/\/www.caudete.org\/ayuntamiento\/wp-content\/uploads\/2021\/11\/Catalogo-MIRANDO-HACIA-OTRO-LADO_001-150x150.jpg 150w, https:\/\/www.caudete.org\/ayuntamiento\/wp-content\/uploads\/2021\/11\/Catalogo-MIRANDO-HACIA-OTRO-LADO_001-768x768.jpg 768w, https:\/\/www.caudete.org\/ayuntamiento\/wp-content\/uploads\/2021\/11\/Catalogo-MIRANDO-HACIA-OTRO-LADO_001-1536x1536.jpg 1536w, https:\/\/www.caudete.org\/ayuntamiento\/wp-content\/uploads\/2021\/11\/Catalogo-MIRANDO-HACIA-OTRO-LADO_001-2048x2048.jpg 2048w, https:\/\/www.caudete.org\/ayuntamiento\/wp-content\/uploads\/2021\/11\/Catalogo-MIRANDO-HACIA-OTRO-LADO_001-60x60.jpg 60w\" sizes=\"(max-width: 300px) 100vw, 300px\" \/><\/a><\/td>\n<td style=\"width: 20%;\"><a href=\"https:\/\/youtu.be\/wqP_UB0VtrE\" target=\"_blank\" rel=\"nofollow\"><img loading=\"lazy\" decoding=\"async\" class=\"alignnone wp-image-16937 size-medium\" src=\"https:\/\/www.caudete.org\/ayuntamiento\/wp-content\/uploads\/2021\/11\/Flores-para-una-pandemia-5075x5075px-300x300.jpg\" rel='prettyPhoto' alt=\"\" width=\"300\" height=\"300\" srcset=\"https:\/\/www.caudete.org\/ayuntamiento\/wp-content\/uploads\/2021\/11\/Flores-para-una-pandemia-5075x5075px-300x300.jpg 300w, https:\/\/www.caudete.org\/ayuntamiento\/wp-content\/uploads\/2021\/11\/Flores-para-una-pandemia-5075x5075px-1024x1024.jpg 1024w, https:\/\/www.caudete.org\/ayuntamiento\/wp-content\/uploads\/2021\/11\/Flores-para-una-pandemia-5075x5075px-150x150.jpg 150w, https:\/\/www.caudete.org\/ayuntamiento\/wp-content\/uploads\/2021\/11\/Flores-para-una-pandemia-5075x5075px-768x768.jpg 768w, https:\/\/www.caudete.org\/ayuntamiento\/wp-content\/uploads\/2021\/11\/Flores-para-una-pandemia-5075x5075px-1536x1536.jpg 1536w, https:\/\/www.caudete.org\/ayuntamiento\/wp-content\/uploads\/2021\/11\/Flores-para-una-pandemia-5075x5075px-2048x2048.jpg 2048w, https:\/\/www.caudete.org\/ayuntamiento\/wp-content\/uploads\/2021\/11\/Flores-para-una-pandemia-5075x5075px-60x60.jpg 60w\" sizes=\"(max-width: 300px) 100vw, 300px\" \/><\/a><\/td>\n<td style=\"width: 20%;\"><a href=\"https:\/\/youtu.be\/hbUxVALETVU\" target=\"_blank\" rel=\"nofollow\"><img loading=\"lazy\" decoding=\"async\" class=\"alignnone wp-image-16911 size-medium\" src=\"https:\/\/www.caudete.org\/ayuntamiento\/wp-content\/uploads\/2021\/11\/CATALOGO-DEL-CINE-Y-ALGO-MAS-Mary-Caerols-2020_001-300x300.jpg\" rel='prettyPhoto' alt=\"\" width=\"300\" height=\"300\" srcset=\"https:\/\/www.caudete.org\/ayuntamiento\/wp-content\/uploads\/2021\/11\/CATALOGO-DEL-CINE-Y-ALGO-MAS-Mary-Caerols-2020_001-300x300.jpg 300w, https:\/\/www.caudete.org\/ayuntamiento\/wp-content\/uploads\/2021\/11\/CATALOGO-DEL-CINE-Y-ALGO-MAS-Mary-Caerols-2020_001-1024x1024.jpg 1024w, https:\/\/www.caudete.org\/ayuntamiento\/wp-content\/uploads\/2021\/11\/CATALOGO-DEL-CINE-Y-ALGO-MAS-Mary-Caerols-2020_001-150x150.jpg 150w, https:\/\/www.caudete.org\/ayuntamiento\/wp-content\/uploads\/2021\/11\/CATALOGO-DEL-CINE-Y-ALGO-MAS-Mary-Caerols-2020_001-768x768.jpg 768w, https:\/\/www.caudete.org\/ayuntamiento\/wp-content\/uploads\/2021\/11\/CATALOGO-DEL-CINE-Y-ALGO-MAS-Mary-Caerols-2020_001-1536x1536.jpg 1536w, https:\/\/www.caudete.org\/ayuntamiento\/wp-content\/uploads\/2021\/11\/CATALOGO-DEL-CINE-Y-ALGO-MAS-Mary-Caerols-2020_001-2048x2048.jpg 2048w, https:\/\/www.caudete.org\/ayuntamiento\/wp-content\/uploads\/2021\/11\/CATALOGO-DEL-CINE-Y-ALGO-MAS-Mary-Caerols-2020_001-60x60.jpg 60w\" sizes=\"(max-width: 300px) 100vw, 300px\" \/><\/a><\/td>\n<td style=\"width: 20%;\"><a href=\"https:\/\/youtu.be\/DurkZsThe-0\" target=\"_blank\" rel=\"nofollow\"><img loading=\"lazy\" decoding=\"async\" class=\"alignnone wp-image-16906 size-medium\" src=\"https:\/\/www.caudete.org\/ayuntamiento\/wp-content\/uploads\/2021\/11\/CATALOGO-PANUELOS-RAFAEL-2020_001-300x212.jpg\" rel='prettyPhoto' alt=\"\" width=\"300\" height=\"212\" srcset=\"https:\/\/www.caudete.org\/ayuntamiento\/wp-content\/uploads\/2021\/11\/CATALOGO-PANUELOS-RAFAEL-2020_001-300x212.jpg 300w, https:\/\/www.caudete.org\/ayuntamiento\/wp-content\/uploads\/2021\/11\/CATALOGO-PANUELOS-RAFAEL-2020_001-1024x724.jpg 1024w, https:\/\/www.caudete.org\/ayuntamiento\/wp-content\/uploads\/2021\/11\/CATALOGO-PANUELOS-RAFAEL-2020_001-768x543.jpg 768w, https:\/\/www.caudete.org\/ayuntamiento\/wp-content\/uploads\/2021\/11\/CATALOGO-PANUELOS-RAFAEL-2020_001-1536x1085.jpg 1536w, https:\/\/www.caudete.org\/ayuntamiento\/wp-content\/uploads\/2021\/11\/CATALOGO-PANUELOS-RAFAEL-2020_001-2048x1447.jpg 2048w\" sizes=\"(max-width: 300px) 100vw, 300px\" \/><\/a><\/td>\n<td style=\"width: 20%;\"><img loading=\"lazy\" decoding=\"async\" class=\"alignnone size-medium wp-image-16957\" src=\"https:\/\/www.caudete.org\/ayuntamiento\/wp-content\/uploads\/2021\/11\/BLANCO-5075x5075px-300x300.jpg\" alt=\"\" width=\"300\" height=\"300\" srcset=\"https:\/\/www.caudete.org\/ayuntamiento\/wp-content\/uploads\/2021\/11\/BLANCO-5075x5075px-300x300.jpg 300w, https:\/\/www.caudete.org\/ayuntamiento\/wp-content\/uploads\/2021\/11\/BLANCO-5075x5075px-1024x1024.jpg 1024w, https:\/\/www.caudete.org\/ayuntamiento\/wp-content\/uploads\/2021\/11\/BLANCO-5075x5075px-150x150.jpg 150w, https:\/\/www.caudete.org\/ayuntamiento\/wp-content\/uploads\/2021\/11\/BLANCO-5075x5075px-768x768.jpg 768w, https:\/\/www.caudete.org\/ayuntamiento\/wp-content\/uploads\/2021\/11\/BLANCO-5075x5075px-1536x1536.jpg 1536w, https:\/\/www.caudete.org\/ayuntamiento\/wp-content\/uploads\/2021\/11\/BLANCO-5075x5075px-2048x2048.jpg 2048w, https:\/\/www.caudete.org\/ayuntamiento\/wp-content\/uploads\/2021\/11\/BLANCO-5075x5075px-60x60.jpg 60w\" sizes=\"(max-width: 300px) 100vw, 300px\" \/><\/td>\n<\/tr>\n<\/tbody>\n<\/table>\n<\/div>\n<p>&nbsp;<\/p>\n<hr \/>\n<p><span style=\"font-size: 18pt;\"><strong>GALERIA DE IM\u00c1GENES SALA DE EXPOSICIONES &#8220;Jos\u00e9 P\u00e9rezgil&#8221;<\/strong><\/span><\/p>\nngg_shortcode_0_placeholder\n","protected":false},"excerpt":{"rendered":"<p>Situada en la planta baja de la Casa de Cultura, la Sala de Exposiciones \u201cJos\u00e9 P\u00e9rezgil\u201d es una moderna y c\u00e1lida sala que acoge todo tipo de manifestaciones pl\u00e1sticas. HORARIO: De lunes a viernes por la ma\u00f1ana 10:00 a 13:30 horas y por la tarde de 18:00 a 21:00 horas. S\u00e1bados de 10:00 a 13:00 &hellip;<\/p>\n","protected":false},"author":1,"featured_media":0,"parent":0,"menu_order":0,"comment_status":"closed","ping_status":"closed","template":"","meta":{"ngg_post_thumbnail":0,"footnotes":""},"categories":[104],"tags":[],"class_list":["post-6808","page","type-page","status-publish","hentry","category-cultura-2"],"yoast_head":"<!-- This site is optimized with the Yoast SEO plugin v27.5 - https:\/\/yoast.com\/product\/yoast-seo-wordpress\/ -->\n<title>Casa de Cultura - Sala de Exposiciones &quot;Jos\u00e9 P\u00e9rezgil&quot; - MI Ayuntamiento de Caudete<\/title>\n<meta name=\"description\" content=\"P\u00e1gina Oficial del Ayuntamiento de Caudete (Albacete)\" \/>\n<meta name=\"robots\" content=\"index, follow, max-snippet:-1, max-image-preview:large, max-video-preview:-1\" \/>\n<link rel=\"canonical\" href=\"https:\/\/www.caudete.org\/ayuntamiento\/casa-de-cultura-sala-de-exposiciones-jose-perezgil\/\" \/>\n<meta property=\"og:locale\" content=\"es_ES\" \/>\n<meta property=\"og:type\" content=\"article\" \/>\n<meta property=\"og:title\" content=\"Casa de Cultura - Sala de Exposiciones &quot;Jos\u00e9 P\u00e9rezgil&quot; - MI Ayuntamiento de Caudete\" \/>\n<meta property=\"og:description\" content=\"P\u00e1gina Oficial del Ayuntamiento de Caudete (Albacete)\" \/>\n<meta property=\"og:url\" content=\"https:\/\/www.caudete.org\/ayuntamiento\/casa-de-cultura-sala-de-exposiciones-jose-perezgil\/\" \/>\n<meta property=\"og:site_name\" content=\"MI Ayuntamiento de Caudete\" \/>\n<meta property=\"article:publisher\" content=\"https:\/\/www.facebook.com\/ayuntamientocaudete\/\" \/>\n<meta property=\"article:modified_time\" content=\"2025-08-22T11:10:22+00:00\" \/>\n<meta property=\"og:image\" content=\"https:\/\/www.caudete.org\/ayuntamiento\/wp-content\/uploads\/2025\/08\/foto-sala-exposiciones.jpg\" \/>\n\t<meta property=\"og:image:width\" content=\"1000\" \/>\n\t<meta property=\"og:image:height\" content=\"563\" \/>\n\t<meta property=\"og:image:type\" content=\"image\/jpeg\" \/>\n<meta name=\"twitter:card\" content=\"summary_large_image\" \/>\n<meta name=\"twitter:label1\" content=\"Tiempo de lectura\" \/>\n\t<meta name=\"twitter:data1\" content=\"5 minutos\" \/>\n<script type=\"application\/ld+json\" class=\"yoast-schema-graph\">{\"@context\":\"https:\\\/\\\/schema.org\",\"@graph\":[{\"@type\":\"WebPage\",\"@id\":\"https:\\\/\\\/www.caudete.org\\\/ayuntamiento\\\/casa-de-cultura-sala-de-exposiciones-jose-perezgil\\\/\",\"url\":\"https:\\\/\\\/www.caudete.org\\\/ayuntamiento\\\/casa-de-cultura-sala-de-exposiciones-jose-perezgil\\\/\",\"name\":\"Casa de Cultura - Sala de Exposiciones \\\"Jos\u00e9 P\u00e9rezgil\\\" - MI Ayuntamiento de Caudete\",\"isPartOf\":{\"@id\":\"https:\\\/\\\/www.caudete.org\\\/ayuntamiento\\\/#website\"},\"primaryImageOfPage\":{\"@id\":\"https:\\\/\\\/www.caudete.org\\\/ayuntamiento\\\/casa-de-cultura-sala-de-exposiciones-jose-perezgil\\\/#primaryimage\"},\"image\":{\"@id\":\"https:\\\/\\\/www.caudete.org\\\/ayuntamiento\\\/casa-de-cultura-sala-de-exposiciones-jose-perezgil\\\/#primaryimage\"},\"thumbnailUrl\":\"https:\\\/\\\/www.caudete.org\\\/ayuntamiento\\\/wp-content\\\/uploads\\\/2025\\\/08\\\/foto-sala-exposiciones.jpg\",\"datePublished\":\"2020-12-06T11:08:02+00:00\",\"dateModified\":\"2025-08-22T11:10:22+00:00\",\"description\":\"P\u00e1gina Oficial del Ayuntamiento de Caudete (Albacete)\",\"breadcrumb\":{\"@id\":\"https:\\\/\\\/www.caudete.org\\\/ayuntamiento\\\/casa-de-cultura-sala-de-exposiciones-jose-perezgil\\\/#breadcrumb\"},\"inLanguage\":\"es\",\"potentialAction\":[{\"@type\":\"ReadAction\",\"target\":[\"https:\\\/\\\/www.caudete.org\\\/ayuntamiento\\\/casa-de-cultura-sala-de-exposiciones-jose-perezgil\\\/\"]}]},{\"@type\":\"ImageObject\",\"inLanguage\":\"es\",\"@id\":\"https:\\\/\\\/www.caudete.org\\\/ayuntamiento\\\/casa-de-cultura-sala-de-exposiciones-jose-perezgil\\\/#primaryimage\",\"url\":\"https:\\\/\\\/www.caudete.org\\\/ayuntamiento\\\/wp-content\\\/uploads\\\/2025\\\/08\\\/foto-sala-exposiciones.jpg\",\"contentUrl\":\"https:\\\/\\\/www.caudete.org\\\/ayuntamiento\\\/wp-content\\\/uploads\\\/2025\\\/08\\\/foto-sala-exposiciones.jpg\",\"width\":1000,\"height\":563},{\"@type\":\"BreadcrumbList\",\"@id\":\"https:\\\/\\\/www.caudete.org\\\/ayuntamiento\\\/casa-de-cultura-sala-de-exposiciones-jose-perezgil\\\/#breadcrumb\",\"itemListElement\":[{\"@type\":\"ListItem\",\"position\":1,\"name\":\"Inicio\",\"item\":\"https:\\\/\\\/www.caudete.org\\\/ayuntamiento\\\/\"},{\"@type\":\"ListItem\",\"position\":2,\"name\":\"Casa de Cultura &#8211; Sala de Exposiciones &#8220;Jos\u00e9 P\u00e9rezgil&#8221;\"}]},{\"@type\":\"WebSite\",\"@id\":\"https:\\\/\\\/www.caudete.org\\\/ayuntamiento\\\/#website\",\"url\":\"https:\\\/\\\/www.caudete.org\\\/ayuntamiento\\\/\",\"name\":\"MI Ayuntamiento de Caudete\",\"description\":\"P\u00e1gina Oficial del MI Ayuntamiento de Caudete\",\"publisher\":{\"@id\":\"https:\\\/\\\/www.caudete.org\\\/ayuntamiento\\\/#organization\"},\"potentialAction\":[{\"@type\":\"SearchAction\",\"target\":{\"@type\":\"EntryPoint\",\"urlTemplate\":\"https:\\\/\\\/www.caudete.org\\\/ayuntamiento\\\/?s={search_term_string}\"},\"query-input\":{\"@type\":\"PropertyValueSpecification\",\"valueRequired\":true,\"valueName\":\"search_term_string\"}}],\"inLanguage\":\"es\"},{\"@type\":\"Organization\",\"@id\":\"https:\\\/\\\/www.caudete.org\\\/ayuntamiento\\\/#organization\",\"name\":\"Ayuntamiento de Caudete\",\"url\":\"https:\\\/\\\/www.caudete.org\\\/ayuntamiento\\\/\",\"logo\":{\"@type\":\"ImageObject\",\"inLanguage\":\"es\",\"@id\":\"https:\\\/\\\/www.caudete.org\\\/ayuntamiento\\\/#\\\/schema\\\/logo\\\/image\\\/\",\"url\":\"https:\\\/\\\/www.caudete.org\\\/ayuntamiento\\\/wp-content\\\/uploads\\\/2020\\\/11\\\/logo_ayuntamiento_caudete.jpg\",\"contentUrl\":\"https:\\\/\\\/www.caudete.org\\\/ayuntamiento\\\/wp-content\\\/uploads\\\/2020\\\/11\\\/logo_ayuntamiento_caudete.jpg\",\"width\":600,\"height\":150,\"caption\":\"Ayuntamiento de Caudete\"},\"image\":{\"@id\":\"https:\\\/\\\/www.caudete.org\\\/ayuntamiento\\\/#\\\/schema\\\/logo\\\/image\\\/\"},\"sameAs\":[\"https:\\\/\\\/www.facebook.com\\\/ayuntamientocaudete\\\/\",\"https:\\\/\\\/www.youtube.com\\\/channel\\\/UC6VztHaooNsGpw-tNoBEFnQ\"]}]}<\/script>\n<!-- \/ Yoast SEO plugin. -->","yoast_head_json":{"title":"Casa de Cultura - Sala de Exposiciones \"Jos\u00e9 P\u00e9rezgil\" - MI Ayuntamiento de Caudete","description":"P\u00e1gina Oficial del Ayuntamiento de Caudete (Albacete)","robots":{"index":"index","follow":"follow","max-snippet":"max-snippet:-1","max-image-preview":"max-image-preview:large","max-video-preview":"max-video-preview:-1"},"canonical":"https:\/\/www.caudete.org\/ayuntamiento\/casa-de-cultura-sala-de-exposiciones-jose-perezgil\/","og_locale":"es_ES","og_type":"article","og_title":"Casa de Cultura - Sala de Exposiciones \"Jos\u00e9 P\u00e9rezgil\" - MI Ayuntamiento de Caudete","og_description":"P\u00e1gina Oficial del Ayuntamiento de Caudete (Albacete)","og_url":"https:\/\/www.caudete.org\/ayuntamiento\/casa-de-cultura-sala-de-exposiciones-jose-perezgil\/","og_site_name":"MI Ayuntamiento de Caudete","article_publisher":"https:\/\/www.facebook.com\/ayuntamientocaudete\/","article_modified_time":"2025-08-22T11:10:22+00:00","og_image":[{"width":1000,"height":563,"url":"https:\/\/www.caudete.org\/ayuntamiento\/wp-content\/uploads\/2025\/08\/foto-sala-exposiciones.jpg","type":"image\/jpeg"}],"twitter_card":"summary_large_image","twitter_misc":{"Tiempo de lectura":"5 minutos"},"schema":{"@context":"https:\/\/schema.org","@graph":[{"@type":"WebPage","@id":"https:\/\/www.caudete.org\/ayuntamiento\/casa-de-cultura-sala-de-exposiciones-jose-perezgil\/","url":"https:\/\/www.caudete.org\/ayuntamiento\/casa-de-cultura-sala-de-exposiciones-jose-perezgil\/","name":"Casa de Cultura - Sala de Exposiciones \"Jos\u00e9 P\u00e9rezgil\" - MI Ayuntamiento de Caudete","isPartOf":{"@id":"https:\/\/www.caudete.org\/ayuntamiento\/#website"},"primaryImageOfPage":{"@id":"https:\/\/www.caudete.org\/ayuntamiento\/casa-de-cultura-sala-de-exposiciones-jose-perezgil\/#primaryimage"},"image":{"@id":"https:\/\/www.caudete.org\/ayuntamiento\/casa-de-cultura-sala-de-exposiciones-jose-perezgil\/#primaryimage"},"thumbnailUrl":"https:\/\/www.caudete.org\/ayuntamiento\/wp-content\/uploads\/2025\/08\/foto-sala-exposiciones.jpg","datePublished":"2020-12-06T11:08:02+00:00","dateModified":"2025-08-22T11:10:22+00:00","description":"P\u00e1gina Oficial del Ayuntamiento de Caudete (Albacete)","breadcrumb":{"@id":"https:\/\/www.caudete.org\/ayuntamiento\/casa-de-cultura-sala-de-exposiciones-jose-perezgil\/#breadcrumb"},"inLanguage":"es","potentialAction":[{"@type":"ReadAction","target":["https:\/\/www.caudete.org\/ayuntamiento\/casa-de-cultura-sala-de-exposiciones-jose-perezgil\/"]}]},{"@type":"ImageObject","inLanguage":"es","@id":"https:\/\/www.caudete.org\/ayuntamiento\/casa-de-cultura-sala-de-exposiciones-jose-perezgil\/#primaryimage","url":"https:\/\/www.caudete.org\/ayuntamiento\/wp-content\/uploads\/2025\/08\/foto-sala-exposiciones.jpg","contentUrl":"https:\/\/www.caudete.org\/ayuntamiento\/wp-content\/uploads\/2025\/08\/foto-sala-exposiciones.jpg","width":1000,"height":563},{"@type":"BreadcrumbList","@id":"https:\/\/www.caudete.org\/ayuntamiento\/casa-de-cultura-sala-de-exposiciones-jose-perezgil\/#breadcrumb","itemListElement":[{"@type":"ListItem","position":1,"name":"Inicio","item":"https:\/\/www.caudete.org\/ayuntamiento\/"},{"@type":"ListItem","position":2,"name":"Casa de Cultura &#8211; Sala de Exposiciones &#8220;Jos\u00e9 P\u00e9rezgil&#8221;"}]},{"@type":"WebSite","@id":"https:\/\/www.caudete.org\/ayuntamiento\/#website","url":"https:\/\/www.caudete.org\/ayuntamiento\/","name":"MI Ayuntamiento de Caudete","description":"P\u00e1gina Oficial del MI Ayuntamiento de Caudete","publisher":{"@id":"https:\/\/www.caudete.org\/ayuntamiento\/#organization"},"potentialAction":[{"@type":"SearchAction","target":{"@type":"EntryPoint","urlTemplate":"https:\/\/www.caudete.org\/ayuntamiento\/?s={search_term_string}"},"query-input":{"@type":"PropertyValueSpecification","valueRequired":true,"valueName":"search_term_string"}}],"inLanguage":"es"},{"@type":"Organization","@id":"https:\/\/www.caudete.org\/ayuntamiento\/#organization","name":"Ayuntamiento de Caudete","url":"https:\/\/www.caudete.org\/ayuntamiento\/","logo":{"@type":"ImageObject","inLanguage":"es","@id":"https:\/\/www.caudete.org\/ayuntamiento\/#\/schema\/logo\/image\/","url":"https:\/\/www.caudete.org\/ayuntamiento\/wp-content\/uploads\/2020\/11\/logo_ayuntamiento_caudete.jpg","contentUrl":"https:\/\/www.caudete.org\/ayuntamiento\/wp-content\/uploads\/2020\/11\/logo_ayuntamiento_caudete.jpg","width":600,"height":150,"caption":"Ayuntamiento de Caudete"},"image":{"@id":"https:\/\/www.caudete.org\/ayuntamiento\/#\/schema\/logo\/image\/"},"sameAs":["https:\/\/www.facebook.com\/ayuntamientocaudete\/","https:\/\/www.youtube.com\/channel\/UC6VztHaooNsGpw-tNoBEFnQ"]}]}},"_links":{"self":[{"href":"https:\/\/www.caudete.org\/ayuntamiento\/wp-json\/wp\/v2\/pages\/6808","targetHints":{"allow":["GET"]}}],"collection":[{"href":"https:\/\/www.caudete.org\/ayuntamiento\/wp-json\/wp\/v2\/pages"}],"about":[{"href":"https:\/\/www.caudete.org\/ayuntamiento\/wp-json\/wp\/v2\/types\/page"}],"author":[{"embeddable":true,"href":"https:\/\/www.caudete.org\/ayuntamiento\/wp-json\/wp\/v2\/users\/1"}],"replies":[{"embeddable":true,"href":"https:\/\/www.caudete.org\/ayuntamiento\/wp-json\/wp\/v2\/comments?post=6808"}],"version-history":[{"count":51,"href":"https:\/\/www.caudete.org\/ayuntamiento\/wp-json\/wp\/v2\/pages\/6808\/revisions"}],"predecessor-version":[{"id":30371,"href":"https:\/\/www.caudete.org\/ayuntamiento\/wp-json\/wp\/v2\/pages\/6808\/revisions\/30371"}],"wp:attachment":[{"href":"https:\/\/www.caudete.org\/ayuntamiento\/wp-json\/wp\/v2\/media?parent=6808"}],"wp:term":[{"taxonomy":"category","embeddable":true,"href":"https:\/\/www.caudete.org\/ayuntamiento\/wp-json\/wp\/v2\/categories?post=6808"},{"taxonomy":"post_tag","embeddable":true,"href":"https:\/\/www.caudete.org\/ayuntamiento\/wp-json\/wp\/v2\/tags?post=6808"}],"curies":[{"name":"wp","href":"https:\/\/api.w.org\/{rel}","templated":true}]}}