{"id":6832,"date":"2020-12-06T12:20:33","date_gmt":"2020-12-06T11:20:33","guid":{"rendered":"http:\/\/www.caudete.org\/ayuntamiento\/?page_id=6832"},"modified":"2026-02-16T11:57:24","modified_gmt":"2026-02-16T10:57:24","slug":"casa-de-cultura-programacion-auditorio-municipal","status":"publish","type":"page","link":"https:\/\/www.caudete.org\/ayuntamiento\/casa-de-cultura-programacion-auditorio-municipal\/","title":{"rendered":"Casa de Cultura &#8211; Programaci\u00f3n Auditorio Municipal"},"content":{"rendered":"<p style=\"text-align: justify;\">El <strong>Auditorio Municipal<\/strong> va a acoger durante los pr\u00f3ximos meses muy diversas manifestaciones culturales: conciertos de m\u00fasica, danza, teatro&#8230; que supondr\u00e1n la puesta en escena en Caudete de las mejores representaciones culturales que se est\u00e1n desarrollando en la actualidad en el panorama nacional.<\/p>\n<p><strong>Ficheros adjuntos<\/strong><\/p>\n<hr>\n<p><a href=\"https:\/\/www.caudete.org\/ayuntamiento\/wp-content\/uploads\/2026\/02\/260041-Programacion-Primavera-2026-final_compressed.pdf\" class=\"mtli_attachment mtli_pdf\">Programaci\u00f3n Auditorio Municipal Primavera 2026<\/a><\/p>\n<p>&nbsp;<a href=\"https:\/\/www.caudete.org\/ayuntamiento\/wp-content\/uploads\/2026\/02\/260041-Programacion-Primavera-2026-final_compressed.pdf\" class=\"mtli_attachment mtli_pdf\"><img fetchpriority=\"high\" decoding=\"async\" class=\"alignnone wp-image-32652\" src=\"https:\/\/www.caudete.org\/ayuntamiento\/wp-content\/uploads\/2026\/02\/260041-Programacion-Primavera-2026-version-2-1-979x800.jpg\" rel='prettyPhoto' alt=\"\" width=\"454\" height=\"371\" srcset=\"https:\/\/www.caudete.org\/ayuntamiento\/wp-content\/uploads\/2026\/02\/260041-Programacion-Primavera-2026-version-2-1-979x800.jpg 979w, https:\/\/www.caudete.org\/ayuntamiento\/wp-content\/uploads\/2026\/02\/260041-Programacion-Primavera-2026-version-2-1-269x220.jpg 269w, https:\/\/www.caudete.org\/ayuntamiento\/wp-content\/uploads\/2026\/02\/260041-Programacion-Primavera-2026-version-2-1-768x627.jpg 768w, https:\/\/www.caudete.org\/ayuntamiento\/wp-content\/uploads\/2026\/02\/260041-Programacion-Primavera-2026-version-2-1.jpg 999w\" sizes=\"(max-width: 454px) 100vw, 454px\" \/><\/a><\/p>\n<hr>\n<p><a href=\"https:\/\/www.caudete.org\/ayuntamiento\/wp-content\/uploads\/2025\/09\/250273-Revista-Programacion-Otono.pdf\" class=\"mtli_attachment mtli_pdf\">Programaci\u00f3n Auditorio Municipal Oto\u00f1o 2025<\/a><\/p>\n<p><a href=\"https:\/\/www.caudete.org\/ayuntamiento\/wp-content\/uploads\/2025\/09\/250273-Revista-Programacion-Otono.pdf\" class=\"mtli_attachment mtli_pdf\"><img decoding=\"async\" class=\"alignnone wp-image-30637\" src=\"https:\/\/www.caudete.org\/ayuntamiento\/wp-content\/uploads\/2025\/09\/Captura-de-pantalla-2025-09-16-111528-312x220.jpg\" rel='prettyPhoto' alt=\"\" width=\"454\" height=\"320\" srcset=\"https:\/\/www.caudete.org\/ayuntamiento\/wp-content\/uploads\/2025\/09\/Captura-de-pantalla-2025-09-16-111528-312x220.jpg 312w, https:\/\/www.caudete.org\/ayuntamiento\/wp-content\/uploads\/2025\/09\/Captura-de-pantalla-2025-09-16-111528-768x542.jpg 768w, https:\/\/www.caudete.org\/ayuntamiento\/wp-content\/uploads\/2025\/09\/Captura-de-pantalla-2025-09-16-111528.jpg 927w\" sizes=\"(max-width: 454px) 100vw, 454px\" \/><\/a><\/p>\n<hr>\n<p><a href=\"https:\/\/www.caudete.org\/ayuntamiento\/wp-content\/uploads\/2025\/02\/250047-PROGRAMACION-CULTURA-PRIMAVERA-2025-Final.pdf\" class=\"mtli_attachment mtli_pdf\">Programaci\u00f3n Auditorio Municipal Primavera 2025<\/a><\/p>\n<p><a href=\"https:\/\/www.caudete.org\/ayuntamiento\/wp-content\/uploads\/2025\/02\/250047-PROGRAMACION-CULTURA-PRIMAVERA-2025-Final.pdf\" class=\"mtli_attachment mtli_pdf\"><img decoding=\"async\" class=\"alignnone wp-image-27353 size-full\" src=\"https:\/\/www.caudete.org\/ayuntamiento\/wp-content\/uploads\/2025\/02\/ProgramacionPrivamera2025peq.jpg\" rel='prettyPhoto' alt=\"\" width=\"454\" height=\"320\" srcset=\"https:\/\/www.caudete.org\/ayuntamiento\/wp-content\/uploads\/2025\/02\/ProgramacionPrivamera2025peq.jpg 454w, https:\/\/www.caudete.org\/ayuntamiento\/wp-content\/uploads\/2025\/02\/ProgramacionPrivamera2025peq-300x211.jpg 300w\" sizes=\"(max-width: 454px) 100vw, 454px\" \/><\/a><\/p>\n<hr>\n<p><a href=\"https:\/\/www.caudete.org\/ayuntamiento\/wp-content\/uploads\/2024\/10\/240332-Revista-Programacion-Otono.pdf\" class=\"mtli_attachment mtli_pdf\">Revista Programaci\u00f3n Oto\u00f1o 2024<\/a><\/p>\n<p><a href=\"https:\/\/www.caudete.org\/ayuntamiento\/wp-content\/uploads\/2024\/10\/240332-Revista-Programacion-Otono.pdf\" class=\"mtli_attachment mtli_pdf\"><img loading=\"lazy\" decoding=\"async\" class=\"alignnone wp-image-27355\" src=\"https:\/\/www.caudete.org\/ayuntamiento\/wp-content\/uploads\/2025\/02\/Revista-Programacion-Cultura-Otono-2024.jpg\" rel='prettyPhoto' alt=\"\" width=\"450\" height=\"317\" srcset=\"https:\/\/www.caudete.org\/ayuntamiento\/wp-content\/uploads\/2025\/02\/Revista-Programacion-Cultura-Otono-2024.jpg 826w, https:\/\/www.caudete.org\/ayuntamiento\/wp-content\/uploads\/2025\/02\/Revista-Programacion-Cultura-Otono-2024-300x211.jpg 300w, https:\/\/www.caudete.org\/ayuntamiento\/wp-content\/uploads\/2025\/02\/Revista-Programacion-Cultura-Otono-2024-768x541.jpg 768w\" sizes=\"(max-width: 450px) 100vw, 450px\" \/><\/a><\/p>\n<hr>\n<p><a href=\"https:\/\/www.caudete.org\/ayuntamiento\/wp-content\/uploads\/2024\/02\/230526-PROGRAMACION-CULTURA-2024-3.pdf\" class=\"mtli_attachment mtli_pdf\">Programaci\u00f3n Auditorio Municipal Primavera 2024<\/a><\/p>\n<p><a href=\"https:\/\/www.caudete.org\/ayuntamiento\/wp-content\/uploads\/2024\/02\/230526-PROGRAMACION-CULTURA-2024-3.pdf\" class=\"mtli_attachment mtli_pdf\"><img loading=\"lazy\" decoding=\"async\" class=\"alignnone wp-image-24331\" src=\"https:\/\/www.caudete.org\/ayuntamiento\/wp-content\/uploads\/2024\/02\/230526-PROGRAMACION-CULTURA-2024-3.jpg\" rel='prettyPhoto' alt=\"\" width=\"450\" height=\"317\" srcset=\"https:\/\/www.caudete.org\/ayuntamiento\/wp-content\/uploads\/2024\/02\/230526-PROGRAMACION-CULTURA-2024-3.jpg 826w, https:\/\/www.caudete.org\/ayuntamiento\/wp-content\/uploads\/2024\/02\/230526-PROGRAMACION-CULTURA-2024-3-300x211.jpg 300w, https:\/\/www.caudete.org\/ayuntamiento\/wp-content\/uploads\/2024\/02\/230526-PROGRAMACION-CULTURA-2024-3-768x541.jpg 768w\" sizes=\"(max-width: 450px) 100vw, 450px\" \/><\/a><\/p>\n<p><a href=\"https:\/\/www.caudete.org\/ayuntamiento\/wp-content\/uploads\/2023\/10\/Programacion-Auditorio-Municipal-Otono-2023.pdf\" class=\"mtli_attachment mtli_pdf\">Programaci\u00f3n Auditorio Municipal Oto\u00f1o 2023<\/a><\/p>\n<p><a href=\"https:\/\/www.caudete.org\/ayuntamiento\/wp-content\/uploads\/2023\/10\/Programacion-Auditorio-Municipal-Otono-2023.pdf\" class=\"mtli_attachment mtli_pdf\"><img loading=\"lazy\" decoding=\"async\" class=\"wp-image-23596 alignnone\" src=\"https:\/\/www.caudete.org\/ayuntamiento\/wp-content\/uploads\/2023\/10\/Portada-Programacion-Auditorio-Municipal-Otono-2023.jpg\" rel='prettyPhoto' alt=\"\" width=\"423\" height=\"423\" srcset=\"https:\/\/www.caudete.org\/ayuntamiento\/wp-content\/uploads\/2023\/10\/Portada-Programacion-Auditorio-Municipal-Otono-2023.jpg 826w, https:\/\/www.caudete.org\/ayuntamiento\/wp-content\/uploads\/2023\/10\/Portada-Programacion-Auditorio-Municipal-Otono-2023-300x300.jpg 300w, https:\/\/www.caudete.org\/ayuntamiento\/wp-content\/uploads\/2023\/10\/Portada-Programacion-Auditorio-Municipal-Otono-2023-150x150.jpg 150w, https:\/\/www.caudete.org\/ayuntamiento\/wp-content\/uploads\/2023\/10\/Portada-Programacion-Auditorio-Municipal-Otono-2023-768x768.jpg 768w, https:\/\/www.caudete.org\/ayuntamiento\/wp-content\/uploads\/2023\/10\/Portada-Programacion-Auditorio-Municipal-Otono-2023-60x60.jpg 60w\" sizes=\"(max-width: 423px) 100vw, 423px\" \/><\/a><\/p>\n<p><a href=\"https:\/\/www.caudete.org\/ayuntamiento\/casa-de-cultura-programacion-auditorio-municipal\/programacion-cultura-2023-3\/\" rel=\"attachment wp-att-21893\"><img loading=\"lazy\" decoding=\"async\" class=\"wp-image-21893 alignnone\" src=\"https:\/\/www.caudete.org\/ayuntamiento\/wp-content\/uploads\/2023\/03\/PROGRAMACION-CULTURAL-PRIM-2023.jpg\" rel='prettyPhoto' alt=\"\" width=\"298\" height=\"210\" srcset=\"https:\/\/www.caudete.org\/ayuntamiento\/wp-content\/uploads\/2023\/03\/PROGRAMACION-CULTURAL-PRIM-2023.jpg 800w, https:\/\/www.caudete.org\/ayuntamiento\/wp-content\/uploads\/2023\/03\/PROGRAMACION-CULTURAL-PRIM-2023-300x212.jpg 300w, https:\/\/www.caudete.org\/ayuntamiento\/wp-content\/uploads\/2023\/03\/PROGRAMACION-CULTURAL-PRIM-2023-768x541.jpg 768w\" sizes=\"(max-width: 298px) 100vw, 298px\" \/><\/a><\/p>\n<p><a href=\"https:\/\/www.caudete.org\/ayuntamiento\/casa-de-cultura-programacion-auditorio-municipal\/programacion-cultura-2023-3\/\" rel=\"attachment wp-att-21890\">Auditorio Municipal Programaci\u00f3n Primavera 2023 <\/a><\/p>\n<p><a href=\"https:\/\/www.caudete.org\/ayuntamiento\/wp-content\/uploads\/2022\/02\/FOLLETO-PROGRAMACION-CULTURA-2022-1.pdf\" class=\"mtli_attachment mtli_pdf\"><img loading=\"lazy\" decoding=\"async\" class=\"alignnone size-medium wp-image-18158\" src=\"https:\/\/www.caudete.org\/ayuntamiento\/wp-content\/uploads\/2022\/02\/FOLLETO-PROGRAMACION-CULTURA-2022_001-300x212.jpg\" rel='prettyPhoto' alt=\"\" width=\"300\" height=\"212\" srcset=\"https:\/\/www.caudete.org\/ayuntamiento\/wp-content\/uploads\/2022\/02\/FOLLETO-PROGRAMACION-CULTURA-2022_001-300x212.jpg 300w, https:\/\/www.caudete.org\/ayuntamiento\/wp-content\/uploads\/2022\/02\/FOLLETO-PROGRAMACION-CULTURA-2022_001-1024x723.jpg 1024w, https:\/\/www.caudete.org\/ayuntamiento\/wp-content\/uploads\/2022\/02\/FOLLETO-PROGRAMACION-CULTURA-2022_001-768x542.jpg 768w, https:\/\/www.caudete.org\/ayuntamiento\/wp-content\/uploads\/2022\/02\/FOLLETO-PROGRAMACION-CULTURA-2022_001-1536x1084.jpg 1536w, https:\/\/www.caudete.org\/ayuntamiento\/wp-content\/uploads\/2022\/02\/FOLLETO-PROGRAMACION-CULTURA-2022_001-2048x1446.jpg 2048w\" sizes=\"(max-width: 300px) 100vw, 300px\" \/><\/a><\/p>\n<p><a href=\"https:\/\/www.caudete.org\/ayuntamiento\/wp-content\/uploads\/2022\/02\/FOLLETO-PROGRAMACION-CULTURA-2022-1.pdf\" class=\"mtli_attachment mtli_pdf\">Auditorio Municipal Programaci\u00f3n Primavera 2022<\/a><\/p>\n<p>&nbsp;<\/p>\n<p><a href=\"https:\/\/www.caudete.org\/ayuntamiento\/wp-content\/uploads\/2021\/11\/PROGRAMACION-AUDITORIO-MUNICIPAL-Otono-2021.pdf\" class=\"mtli_attachment mtli_pdf\"><img loading=\"lazy\" decoding=\"async\" class=\"alignnone size-medium wp-image-16881\" src=\"https:\/\/www.caudete.org\/ayuntamiento\/wp-content\/uploads\/2021\/11\/PROGRAMACION-AUDITORIO-MUNICIPAL-Otono-2021_001-300x212.jpg\" rel='prettyPhoto' alt=\"\" width=\"300\" height=\"212\" srcset=\"https:\/\/www.caudete.org\/ayuntamiento\/wp-content\/uploads\/2021\/11\/PROGRAMACION-AUDITORIO-MUNICIPAL-Otono-2021_001-300x212.jpg 300w, https:\/\/www.caudete.org\/ayuntamiento\/wp-content\/uploads\/2021\/11\/PROGRAMACION-AUDITORIO-MUNICIPAL-Otono-2021_001-1024x724.jpg 1024w, https:\/\/www.caudete.org\/ayuntamiento\/wp-content\/uploads\/2021\/11\/PROGRAMACION-AUDITORIO-MUNICIPAL-Otono-2021_001-768x543.jpg 768w, https:\/\/www.caudete.org\/ayuntamiento\/wp-content\/uploads\/2021\/11\/PROGRAMACION-AUDITORIO-MUNICIPAL-Otono-2021_001-1536x1085.jpg 1536w, https:\/\/www.caudete.org\/ayuntamiento\/wp-content\/uploads\/2021\/11\/PROGRAMACION-AUDITORIO-MUNICIPAL-Otono-2021_001-2048x1447.jpg 2048w\" sizes=\"(max-width: 300px) 100vw, 300px\" \/><\/a><\/p>\n<p style=\"text-align: left;\"><a href=\"https:\/\/www.caudete.org\/ayuntamiento\/wp-content\/uploads\/2021\/11\/PROGRAMACION-AUDITORIO-MUNICIPAL-Otono-2021.pdf\" class=\"mtli_attachment mtli_pdf\">Auditorio Municipal Programaci\u00f3n Oto\u00f1o 2021<\/a><\/p>\n<p>&nbsp;<\/p>\n<p><a href=\"http:\/\/caudete.org\/ayuntamiento\/eniusimg\/enius146\/2019\/10\/adjuntos_fichero_e966e7ac65ca7a78.pdf\" class=\"mtli_attachment mtli_pdf\" target=\"_blank\" rel=\"nofollow\"><img loading=\"lazy\" decoding=\"async\" class=\"alignnone size-medium wp-image-16878\" src=\"https:\/\/www.caudete.org\/ayuntamiento\/wp-content\/uploads\/2021\/11\/PROGRAMACION-AUDITORIO-PRIMAVERA-2020_001-300x231.jpg\" rel='prettyPhoto' alt=\"\" width=\"300\" height=\"231\" srcset=\"https:\/\/www.caudete.org\/ayuntamiento\/wp-content\/uploads\/2021\/11\/PROGRAMACION-AUDITORIO-PRIMAVERA-2020_001-300x231.jpg 300w, https:\/\/www.caudete.org\/ayuntamiento\/wp-content\/uploads\/2021\/11\/PROGRAMACION-AUDITORIO-PRIMAVERA-2020_001-1024x788.jpg 1024w, https:\/\/www.caudete.org\/ayuntamiento\/wp-content\/uploads\/2021\/11\/PROGRAMACION-AUDITORIO-PRIMAVERA-2020_001-768x591.jpg 768w, https:\/\/www.caudete.org\/ayuntamiento\/wp-content\/uploads\/2021\/11\/PROGRAMACION-AUDITORIO-PRIMAVERA-2020_001-1536x1182.jpg 1536w, https:\/\/www.caudete.org\/ayuntamiento\/wp-content\/uploads\/2021\/11\/PROGRAMACION-AUDITORIO-PRIMAVERA-2020_001-2048x1576.jpg 2048w\" sizes=\"(max-width: 300px) 100vw, 300px\" \/><\/a><\/p>\n<p style=\"text-align: left;\"><a href=\"http:\/\/caudete.org\/ayuntamiento\/eniusimg\/enius146\/2019\/10\/adjuntos_fichero_e966e7ac65ca7a78.pdf\" class=\"mtli_attachment mtli_pdf\" target=\"_blank\" rel=\"noopener noreferrer nofollow\">Auditorio Municipal Programaci\u00f3n Primavera 2020<\/a><\/p>\n<p>&nbsp;<\/p>\n","protected":false},"excerpt":{"rendered":"<p>El Auditorio Municipal va a acoger durante los pr\u00f3ximos meses muy diversas manifestaciones culturales: conciertos de m\u00fasica, danza, teatro&#8230; que supondr\u00e1n la puesta en escena en Caudete de las mejores representaciones culturales que se est\u00e1n desarrollando en la actualidad en el panorama nacional. Ficheros adjuntos Programaci\u00f3n Auditorio Municipal Primavera 2026 &nbsp; Programaci\u00f3n Auditorio Municipal Oto\u00f1o &hellip;<\/p>\n","protected":false},"author":1,"featured_media":0,"parent":0,"menu_order":0,"comment_status":"closed","ping_status":"closed","template":"","meta":{"ngg_post_thumbnail":0,"footnotes":""},"categories":[104],"tags":[],"class_list":["post-6832","page","type-page","status-publish","hentry","category-cultura-2"],"yoast_head":"<!-- This site is optimized with the Yoast SEO plugin v27.5 - https:\/\/yoast.com\/product\/yoast-seo-wordpress\/ -->\n<title>Casa de Cultura - Programaci\u00f3n Auditorio Municipal - MI Ayuntamiento de Caudete<\/title>\n<meta name=\"description\" content=\"P\u00e1gina Oficial del Ayuntamiento de Caudete (Albacete)\" \/>\n<meta name=\"robots\" content=\"index, follow, max-snippet:-1, max-image-preview:large, max-video-preview:-1\" \/>\n<link rel=\"canonical\" href=\"https:\/\/www.caudete.org\/ayuntamiento\/casa-de-cultura-programacion-auditorio-municipal\/\" \/>\n<meta property=\"og:locale\" content=\"es_ES\" \/>\n<meta property=\"og:type\" content=\"article\" \/>\n<meta property=\"og:title\" content=\"Casa de Cultura - Programaci\u00f3n Auditorio Municipal - MI Ayuntamiento de Caudete\" \/>\n<meta property=\"og:description\" content=\"P\u00e1gina Oficial del Ayuntamiento de Caudete (Albacete)\" \/>\n<meta property=\"og:url\" content=\"https:\/\/www.caudete.org\/ayuntamiento\/casa-de-cultura-programacion-auditorio-municipal\/\" \/>\n<meta property=\"og:site_name\" content=\"MI Ayuntamiento de Caudete\" \/>\n<meta property=\"article:publisher\" content=\"https:\/\/www.facebook.com\/ayuntamientocaudete\/\" \/>\n<meta property=\"article:modified_time\" content=\"2026-02-16T10:57:24+00:00\" \/>\n<meta property=\"og:image\" content=\"https:\/\/www.caudete.org\/ayuntamiento\/wp-content\/uploads\/2026\/02\/260041-Programacion-Primavera-2026-version-2-1.jpg\" \/>\n\t<meta property=\"og:image:width\" content=\"999\" \/>\n\t<meta property=\"og:image:height\" content=\"816\" \/>\n\t<meta property=\"og:image:type\" content=\"image\/jpeg\" \/>\n<meta name=\"twitter:card\" content=\"summary_large_image\" \/>\n<meta name=\"twitter:label1\" content=\"Tiempo de lectura\" \/>\n\t<meta name=\"twitter:data1\" content=\"3 minutos\" \/>\n<script type=\"application\/ld+json\" class=\"yoast-schema-graph\">{\"@context\":\"https:\\\/\\\/schema.org\",\"@graph\":[{\"@type\":\"WebPage\",\"@id\":\"https:\\\/\\\/www.caudete.org\\\/ayuntamiento\\\/casa-de-cultura-programacion-auditorio-municipal\\\/\",\"url\":\"https:\\\/\\\/www.caudete.org\\\/ayuntamiento\\\/casa-de-cultura-programacion-auditorio-municipal\\\/\",\"name\":\"Casa de Cultura - Programaci\u00f3n Auditorio Municipal - MI Ayuntamiento de Caudete\",\"isPartOf\":{\"@id\":\"https:\\\/\\\/www.caudete.org\\\/ayuntamiento\\\/#website\"},\"primaryImageOfPage\":{\"@id\":\"https:\\\/\\\/www.caudete.org\\\/ayuntamiento\\\/casa-de-cultura-programacion-auditorio-municipal\\\/#primaryimage\"},\"image\":{\"@id\":\"https:\\\/\\\/www.caudete.org\\\/ayuntamiento\\\/casa-de-cultura-programacion-auditorio-municipal\\\/#primaryimage\"},\"thumbnailUrl\":\"https:\\\/\\\/www.caudete.org\\\/ayuntamiento\\\/wp-content\\\/uploads\\\/2026\\\/02\\\/260041-Programacion-Primavera-2026-version-2-1-979x800.jpg\",\"datePublished\":\"2020-12-06T11:20:33+00:00\",\"dateModified\":\"2026-02-16T10:57:24+00:00\",\"description\":\"P\u00e1gina Oficial del Ayuntamiento de Caudete (Albacete)\",\"breadcrumb\":{\"@id\":\"https:\\\/\\\/www.caudete.org\\\/ayuntamiento\\\/casa-de-cultura-programacion-auditorio-municipal\\\/#breadcrumb\"},\"inLanguage\":\"es\",\"potentialAction\":[{\"@type\":\"ReadAction\",\"target\":[\"https:\\\/\\\/www.caudete.org\\\/ayuntamiento\\\/casa-de-cultura-programacion-auditorio-municipal\\\/\"]}]},{\"@type\":\"ImageObject\",\"inLanguage\":\"es\",\"@id\":\"https:\\\/\\\/www.caudete.org\\\/ayuntamiento\\\/casa-de-cultura-programacion-auditorio-municipal\\\/#primaryimage\",\"url\":\"https:\\\/\\\/www.caudete.org\\\/ayuntamiento\\\/wp-content\\\/uploads\\\/2026\\\/02\\\/260041-Programacion-Primavera-2026-version-2-1.jpg\",\"contentUrl\":\"https:\\\/\\\/www.caudete.org\\\/ayuntamiento\\\/wp-content\\\/uploads\\\/2026\\\/02\\\/260041-Programacion-Primavera-2026-version-2-1.jpg\",\"width\":999,\"height\":816},{\"@type\":\"BreadcrumbList\",\"@id\":\"https:\\\/\\\/www.caudete.org\\\/ayuntamiento\\\/casa-de-cultura-programacion-auditorio-municipal\\\/#breadcrumb\",\"itemListElement\":[{\"@type\":\"ListItem\",\"position\":1,\"name\":\"Inicio\",\"item\":\"https:\\\/\\\/www.caudete.org\\\/ayuntamiento\\\/\"},{\"@type\":\"ListItem\",\"position\":2,\"name\":\"Casa de Cultura &#8211; Programaci\u00f3n Auditorio Municipal\"}]},{\"@type\":\"WebSite\",\"@id\":\"https:\\\/\\\/www.caudete.org\\\/ayuntamiento\\\/#website\",\"url\":\"https:\\\/\\\/www.caudete.org\\\/ayuntamiento\\\/\",\"name\":\"MI Ayuntamiento de Caudete\",\"description\":\"P\u00e1gina Oficial del MI Ayuntamiento de Caudete\",\"publisher\":{\"@id\":\"https:\\\/\\\/www.caudete.org\\\/ayuntamiento\\\/#organization\"},\"potentialAction\":[{\"@type\":\"SearchAction\",\"target\":{\"@type\":\"EntryPoint\",\"urlTemplate\":\"https:\\\/\\\/www.caudete.org\\\/ayuntamiento\\\/?s={search_term_string}\"},\"query-input\":{\"@type\":\"PropertyValueSpecification\",\"valueRequired\":true,\"valueName\":\"search_term_string\"}}],\"inLanguage\":\"es\"},{\"@type\":\"Organization\",\"@id\":\"https:\\\/\\\/www.caudete.org\\\/ayuntamiento\\\/#organization\",\"name\":\"Ayuntamiento de Caudete\",\"url\":\"https:\\\/\\\/www.caudete.org\\\/ayuntamiento\\\/\",\"logo\":{\"@type\":\"ImageObject\",\"inLanguage\":\"es\",\"@id\":\"https:\\\/\\\/www.caudete.org\\\/ayuntamiento\\\/#\\\/schema\\\/logo\\\/image\\\/\",\"url\":\"https:\\\/\\\/www.caudete.org\\\/ayuntamiento\\\/wp-content\\\/uploads\\\/2020\\\/11\\\/logo_ayuntamiento_caudete.jpg\",\"contentUrl\":\"https:\\\/\\\/www.caudete.org\\\/ayuntamiento\\\/wp-content\\\/uploads\\\/2020\\\/11\\\/logo_ayuntamiento_caudete.jpg\",\"width\":600,\"height\":150,\"caption\":\"Ayuntamiento de Caudete\"},\"image\":{\"@id\":\"https:\\\/\\\/www.caudete.org\\\/ayuntamiento\\\/#\\\/schema\\\/logo\\\/image\\\/\"},\"sameAs\":[\"https:\\\/\\\/www.facebook.com\\\/ayuntamientocaudete\\\/\",\"https:\\\/\\\/www.youtube.com\\\/channel\\\/UC6VztHaooNsGpw-tNoBEFnQ\"]}]}<\/script>\n<!-- \/ Yoast SEO plugin. -->","yoast_head_json":{"title":"Casa de Cultura - Programaci\u00f3n Auditorio Municipal - MI Ayuntamiento de Caudete","description":"P\u00e1gina Oficial del Ayuntamiento de Caudete (Albacete)","robots":{"index":"index","follow":"follow","max-snippet":"max-snippet:-1","max-image-preview":"max-image-preview:large","max-video-preview":"max-video-preview:-1"},"canonical":"https:\/\/www.caudete.org\/ayuntamiento\/casa-de-cultura-programacion-auditorio-municipal\/","og_locale":"es_ES","og_type":"article","og_title":"Casa de Cultura - Programaci\u00f3n Auditorio Municipal - MI Ayuntamiento de Caudete","og_description":"P\u00e1gina Oficial del Ayuntamiento de Caudete (Albacete)","og_url":"https:\/\/www.caudete.org\/ayuntamiento\/casa-de-cultura-programacion-auditorio-municipal\/","og_site_name":"MI Ayuntamiento de Caudete","article_publisher":"https:\/\/www.facebook.com\/ayuntamientocaudete\/","article_modified_time":"2026-02-16T10:57:24+00:00","og_image":[{"width":999,"height":816,"url":"https:\/\/www.caudete.org\/ayuntamiento\/wp-content\/uploads\/2026\/02\/260041-Programacion-Primavera-2026-version-2-1.jpg","type":"image\/jpeg"}],"twitter_card":"summary_large_image","twitter_misc":{"Tiempo de lectura":"3 minutos"},"schema":{"@context":"https:\/\/schema.org","@graph":[{"@type":"WebPage","@id":"https:\/\/www.caudete.org\/ayuntamiento\/casa-de-cultura-programacion-auditorio-municipal\/","url":"https:\/\/www.caudete.org\/ayuntamiento\/casa-de-cultura-programacion-auditorio-municipal\/","name":"Casa de Cultura - Programaci\u00f3n Auditorio Municipal - MI Ayuntamiento de Caudete","isPartOf":{"@id":"https:\/\/www.caudete.org\/ayuntamiento\/#website"},"primaryImageOfPage":{"@id":"https:\/\/www.caudete.org\/ayuntamiento\/casa-de-cultura-programacion-auditorio-municipal\/#primaryimage"},"image":{"@id":"https:\/\/www.caudete.org\/ayuntamiento\/casa-de-cultura-programacion-auditorio-municipal\/#primaryimage"},"thumbnailUrl":"https:\/\/www.caudete.org\/ayuntamiento\/wp-content\/uploads\/2026\/02\/260041-Programacion-Primavera-2026-version-2-1-979x800.jpg","datePublished":"2020-12-06T11:20:33+00:00","dateModified":"2026-02-16T10:57:24+00:00","description":"P\u00e1gina Oficial del Ayuntamiento de Caudete (Albacete)","breadcrumb":{"@id":"https:\/\/www.caudete.org\/ayuntamiento\/casa-de-cultura-programacion-auditorio-municipal\/#breadcrumb"},"inLanguage":"es","potentialAction":[{"@type":"ReadAction","target":["https:\/\/www.caudete.org\/ayuntamiento\/casa-de-cultura-programacion-auditorio-municipal\/"]}]},{"@type":"ImageObject","inLanguage":"es","@id":"https:\/\/www.caudete.org\/ayuntamiento\/casa-de-cultura-programacion-auditorio-municipal\/#primaryimage","url":"https:\/\/www.caudete.org\/ayuntamiento\/wp-content\/uploads\/2026\/02\/260041-Programacion-Primavera-2026-version-2-1.jpg","contentUrl":"https:\/\/www.caudete.org\/ayuntamiento\/wp-content\/uploads\/2026\/02\/260041-Programacion-Primavera-2026-version-2-1.jpg","width":999,"height":816},{"@type":"BreadcrumbList","@id":"https:\/\/www.caudete.org\/ayuntamiento\/casa-de-cultura-programacion-auditorio-municipal\/#breadcrumb","itemListElement":[{"@type":"ListItem","position":1,"name":"Inicio","item":"https:\/\/www.caudete.org\/ayuntamiento\/"},{"@type":"ListItem","position":2,"name":"Casa de Cultura &#8211; Programaci\u00f3n Auditorio Municipal"}]},{"@type":"WebSite","@id":"https:\/\/www.caudete.org\/ayuntamiento\/#website","url":"https:\/\/www.caudete.org\/ayuntamiento\/","name":"MI Ayuntamiento de Caudete","description":"P\u00e1gina Oficial del MI Ayuntamiento de Caudete","publisher":{"@id":"https:\/\/www.caudete.org\/ayuntamiento\/#organization"},"potentialAction":[{"@type":"SearchAction","target":{"@type":"EntryPoint","urlTemplate":"https:\/\/www.caudete.org\/ayuntamiento\/?s={search_term_string}"},"query-input":{"@type":"PropertyValueSpecification","valueRequired":true,"valueName":"search_term_string"}}],"inLanguage":"es"},{"@type":"Organization","@id":"https:\/\/www.caudete.org\/ayuntamiento\/#organization","name":"Ayuntamiento de Caudete","url":"https:\/\/www.caudete.org\/ayuntamiento\/","logo":{"@type":"ImageObject","inLanguage":"es","@id":"https:\/\/www.caudete.org\/ayuntamiento\/#\/schema\/logo\/image\/","url":"https:\/\/www.caudete.org\/ayuntamiento\/wp-content\/uploads\/2020\/11\/logo_ayuntamiento_caudete.jpg","contentUrl":"https:\/\/www.caudete.org\/ayuntamiento\/wp-content\/uploads\/2020\/11\/logo_ayuntamiento_caudete.jpg","width":600,"height":150,"caption":"Ayuntamiento de Caudete"},"image":{"@id":"https:\/\/www.caudete.org\/ayuntamiento\/#\/schema\/logo\/image\/"},"sameAs":["https:\/\/www.facebook.com\/ayuntamientocaudete\/","https:\/\/www.youtube.com\/channel\/UC6VztHaooNsGpw-tNoBEFnQ"]}]}},"_links":{"self":[{"href":"https:\/\/www.caudete.org\/ayuntamiento\/wp-json\/wp\/v2\/pages\/6832","targetHints":{"allow":["GET"]}}],"collection":[{"href":"https:\/\/www.caudete.org\/ayuntamiento\/wp-json\/wp\/v2\/pages"}],"about":[{"href":"https:\/\/www.caudete.org\/ayuntamiento\/wp-json\/wp\/v2\/types\/page"}],"author":[{"embeddable":true,"href":"https:\/\/www.caudete.org\/ayuntamiento\/wp-json\/wp\/v2\/users\/1"}],"replies":[{"embeddable":true,"href":"https:\/\/www.caudete.org\/ayuntamiento\/wp-json\/wp\/v2\/comments?post=6832"}],"version-history":[{"count":32,"href":"https:\/\/www.caudete.org\/ayuntamiento\/wp-json\/wp\/v2\/pages\/6832\/revisions"}],"predecessor-version":[{"id":32679,"href":"https:\/\/www.caudete.org\/ayuntamiento\/wp-json\/wp\/v2\/pages\/6832\/revisions\/32679"}],"wp:attachment":[{"href":"https:\/\/www.caudete.org\/ayuntamiento\/wp-json\/wp\/v2\/media?parent=6832"}],"wp:term":[{"taxonomy":"category","embeddable":true,"href":"https:\/\/www.caudete.org\/ayuntamiento\/wp-json\/wp\/v2\/categories?post=6832"},{"taxonomy":"post_tag","embeddable":true,"href":"https:\/\/www.caudete.org\/ayuntamiento\/wp-json\/wp\/v2\/tags?post=6832"}],"curies":[{"name":"wp","href":"https:\/\/api.w.org\/{rel}","templated":true}]}}