{"id":6937,"date":"2020-12-06T13:32:57","date_gmt":"2020-12-06T12:32:57","guid":{"rendered":"http:\/\/www.caudete.org\/ayuntamiento\/?page_id=6937"},"modified":"2024-06-21T19:17:24","modified_gmt":"2024-06-21T17:17:24","slug":"biblioteca-informacion","status":"publish","type":"page","link":"https:\/\/www.caudete.org\/ayuntamiento\/biblioteca-informacion\/","title":{"rendered":"Biblioteca &#8211; Informaci\u00f3n"},"content":{"rendered":"<div id=\"recuadro_not\">\n<p style=\"text-align: justify;\"><strong>HORARIO PARA LA REAPERTURA DE LA BIBLIOTECA P\u00daBLICA MUNICIPAL ANA MAR\u00cdA MATUTE<\/strong><\/p>\n<p style=\"text-align: justify;\">DE LUNES A VIERNES: Ma\u00f1anas de 9:00 a 13:30 horas y de 16:30 a 20:30 horas.<\/p>\n<hr \/>\n<p style=\"text-align: justify;\">Desde la Concejal\u00eda de Cultura de este Ayuntamiento se informa que la Biblioteca P\u00fablica Municipal \u201cAna Mar\u00eda Matute\u201d ha ampliado servicios para adaptarse a las medidas de la Fase de nueva normalidad.<\/p>\n<p style=\"text-align: justify;\">La biblioteca estar\u00e1 abierta al p\u00fablico de lunes a viernes de 9:00 horas a 13:30 horas de acuerdo con las condiciones para la nueva Fase que adoptan las bibliotecas de la Red de Bibliotecas P\u00fablicas de Castilla La Mancha.<\/p>\n<p style=\"text-align: justify;\">Los servicios que se prestar\u00e1n a los usuarios de nuestra Red en esta Fase de desescalada son:<\/p>\n<p style=\"text-align: justify;\">\u25aa Acceso a las biblioteca con aforo limitado, excepto la Sala Infantil<br \/>\n\u25aa Lectura en sala y hemeroteca.<br \/>\n\u25aa Sala de estudio con aforo limitado<br \/>\n\u25aa Servicio de Internet<br \/>\n\u25aa Devoluci\u00f3n de fondos prestados y pr\u00e9stamo de nuevos fondos sin cita previa<br \/>\n\u25aa Servicio de informaci\u00f3n y referencia virtual y telef\u00f3nica.<br \/>\n\u25aa Servicio de pr\u00e9stamo interbibliotecario y desideratas<\/p>\n<p style=\"text-align: justify;\">El bibliotecario le atender\u00e1 con las correspondientes medidas de protecci\u00f3n e higiene.<\/p>\n<p style=\"text-align: justify;\">Los fondos que se devuelvan estar\u00e1n en cuarentena 72 horas, para garantizar la seguridad del personal y usuarios.<\/p>\n<p style=\"text-align: justify;\">As\u00ed mismo, entre los deberes de los usuarios est\u00e1n el mantener las medidas de higiene tales como utilizar los geles hidroalcoh\u00f3licos que se le proporcionar\u00e1 en las instalaciones, llevar mascarilla, mantener la distancia de seguridad y seguir en todo momento las recomendaciones del personal de la biblioteca.<\/p>\n<p style=\"text-align: justify;\"><b>USO DEL CAT\u00c1LOGO COLECTIVO<\/b><\/p>\n<p style=\"text-align: justify;\">&#8211; En este v\u00eddeo te explicamos c\u00f3mo usar el Cat\u00e1logo Colectivo <a href=\"https:\/\/www.youtube.com\/watch?v=0VdZkA7PftI&amp;feature=youtu.be\" target=\"_blank\" rel=\"nofollow\">VIDEO YOUTUBE EXPLICATIVO DE ACCESO AL CAT\u00c1LOGO <\/a>.<\/p>\n<p style=\"text-align: justify;\">&#8211; En este enlace tienes el folleto con las instrucciones Se buscar\u00e1 potenciar el uso del servicio de reserva telem\u00e1tica, con acceso al cat\u00e1logo de nuestra Biblioteca, <a href=\"https:\/\/issuu.com\/home\/published\/folleto_cat_logo_colectivo\" target=\"_blank\" rel=\"nofollow\">ISSU FOLLETO CAT\u00c1LOGO<\/a><\/p>\n<p style=\"text-align: justify;\"><b>CONTACTO<\/b><\/p>\n<p style=\"text-align: justify;\">Pueden contactarnos por correo electr\u00f3nico a <a href=\"mailto:biblioteca@caudete.org\" target=\"_blank\" rel=\"noopener noreferrer nofollow\">biblioteca@caudete.org<\/a>, por tel\u00e9fono al 965828131 o por WhatsApp al n\u00famero 695298284<\/p>\n<hr \/>\n<p style=\"text-align: justify;\"><b>\u00bfD\u00f3nde estamos?:<\/b><\/p>\n<p style=\"text-align: justify;\">Nos puedes encontrar en C\/ Las eras, 33 &#8211; Caudete<br \/>\nTel\u00e9fono y Whatsapp: 96 582 81 31<\/p>\n<hr \/>\n<p style=\"text-align: justify;\"><b>\u00bfPor qu\u00e9 hacerse socio?:<\/b><\/p>\n<p style=\"text-align: justify;\">Si eres socio de la Biblioteca Ana Mar\u00eda Matute podr\u00e1s disfrutar, de entre otros servicios, del pr\u00e9stamo domiciliario de documentos a casa ( libros, revistas, cd\u00b4s de m\u00fasica, cd-rom y dvd\u00b4s) y de conexi\u00f3n a internet. \u00a1H\u00e1zte el carn\u00e9 de socio de la Biblioteca, \u00a1es gratis!<\/p>\n<p style=\"text-align: justify;\">Ahora puedes consultar desde casa el cat\u00e1logo de nuestra Biblioteca, <a href=\"http:\/\/reddebibliotecas.jccm.es\/cgi-bin\/abnetopac?SUBC=AB\/AB0254\" target=\"_blank\" rel=\"noopener noreferrer nofollow\">http:\/\/reddebibliotecas.jccm.es<\/a>.<\/p>\n<hr \/>\n<p style=\"text-align: justify;\"><b>\u00bfC\u00f3mo hacerse socio?:<\/b><\/p>\n<p style=\"text-align: justify;\">Para hacerse socio de la biblioteca Ana Mar\u00eda Matute deber\u00e1s de rellenar una solicitud que encontrar\u00e1s en el mostrador de la Biblioteca o bien te la puedes descargar desde el enlace de m\u00e1s abajo. Una vez completada la solicitud deber\u00e1s pasar por la Biblioteca para cargar tus datos en nuestro programa inform\u00e1tico. A partir de entonces ya podr\u00e1s disfrutar de todos nuestro servicios. Si deseas tener el carn\u00e9 de socio f\u00edsicamente, deber\u00e1s traer una foto tama\u00f1a carn\u00e9.<\/p>\n<p style=\"text-align: justify;\">Existen diferentes modalidades de carn\u00e9s:<\/p>\n<p style=\"text-align: justify;\">1.- <b>CARN\u00c9 DE LECTOR INDIVIDUAL<\/b>. Dentro de esta modalidad est\u00e1 el <b>carnet infantil <\/b>y el <b>carnet adulto<\/b>.<\/p>\n<p style=\"text-align: justify;\"><b>Carn\u00e9 Infantil : Para menores de 14 a\u00f1os.<\/b><br \/>\nDestinado a ni\u00f1os\/ y ni\u00f1as que quieran hacer uso de la Biblioteca para el pr\u00e9stamo domiciliario, acceso a Internet,&#8230;<\/p>\n<p style=\"text-align: justify;\">Las normas que rigen la obtenci\u00f3n del carn\u00e9 de lector son las siguientes:<br \/>\n&#8211; Solicitar y entregar en el mostrador de la Biblioteca el impreso para formalizar el carn\u00e9. En este caso, al ser socios infantiles, el impreso deber\u00e1 ser cumplimentado por el padre, madre o tutor y firmado por alguno de ellos.<br \/>\n&#8211; Fotocopia del D.N.I. o pasaporte, (los extranjeros necesitan aportar certificado de empadronamiento), del padre, madre o tutor.<br \/>\n&#8211; El carn\u00e9 es personal e intransferible. Su robo o p\u00e9rdida debe ser comunicado a la biblioteca con el fin de evitar problemas.<br \/>\n&#8211; Los carn\u00e9s tiene una duraci\u00f3n de cuatro a\u00f1os, per\u00edodo tras el cu\u00e1l deber\u00e1 ser renovado.<br \/>\n&#8211; Cuando cumplas 14 a\u00f1os av\u00edsanos en la Biblioteca para que te cambiemos al carn\u00e9 de lector adulto.<\/p>\n<p style=\"text-align: justify;\"><b>Carn\u00e9 de lector adulto: A partir de 14 a\u00f1os.<\/b><br \/>\nDestinado a personas mayores de 14 a\u00f1os, quieran hacer uso de la Biblioteca para el pr\u00e9stamo domiciliario, acceso a Internet,&#8230;<\/p>\n<p style=\"text-align: justify;\">Las normas que rigen la obtenci\u00f3n del carn\u00e9 de lector son las siguientes:<\/p>\n<p style=\"text-align: justify;\">&#8211; Solicitar en el mostrador de la Biblioteca el impreso para formalizar el carn\u00e9, cumplimentarlo y firmarlo.<br \/>\n&#8211; Presentaci\u00f3n del D.N.I. o pasaporte.<br \/>\n&#8211; Los menores de edad deber\u00e1n tambi\u00e9n traer fotocopia del DNI, o pasaporte del padre, madre o tutor.<br \/>\n&#8211; El carn\u00e9 es personal e intransferible. Su robo o p\u00e9rdida debe ser comunicado a la biblioteca con el fin de evitar problemas.<br \/>\n&#8211; Los carn\u00e9s tienen una duraci\u00f3n de cuatro a\u00f1os, periodo tras el cu\u00e1l deber\u00e1 ser renovado.<\/p>\n<p style=\"text-align: justify;\">2.- <b>CARN\u00c9 INSTITUCIONAL<\/b>:<\/p>\n<p style=\"text-align: justify;\">&#8211; <b>Destinado a instituciones, asociaciones, centros educativos, &#8230;<\/b><br \/>\nPara su obtenci\u00f3n es necesario rellenar un impreso de solicitud por la persona responsable de la misma.<br \/>\nPermite sacar un lote de libros por carn\u00e9 por un per\u00edodo de 2 meses.<\/p>\n<p style=\"text-align: justify;\">El carn\u00e9 da derecho a:<br \/>\n&#8211; Retirar materiales en pr\u00e9stamo.<br \/>\n&#8211; Hacer una reserva de materiales prestados.<\/p>\n<hr \/>\n<p style=\"text-align: justify;\"><b>Secciones de la Biblioteca:<\/b><\/p>\n<p style=\"text-align: justify;\">&#8211; Planta primera: Secci\u00f3n Infantil y Juvenil. Secci\u00f3n Adultos. Secci\u00f3n Local. Hemeroteca, Mediateca, (con fonoteca, videoteca , secci\u00f3n de cd-rom y dvd-rom y acceso a Internet) , Dep\u00f3sito de publicaciones peri\u00f3dicas, Zona de estudio. Secci\u00f3n de Informaci\u00f3n y Pr\u00e9stamo.<\/p>\n<p style=\"text-align: justify;\">&#8211; Planta segunda: Dep\u00f3sito, Zona de Fondos Antiguos y Proceso&#8221;&gt;, por tel\u00e9fono al 965 828 131 o por WhatsApp al n\u00famero 695 298 284<\/p>\n<div>\n<div id=\"enlaces\">\n<p style=\"text-align: justify;\">\n<p style=\"text-align: justify;\"><strong>Enlaces relacionados<\/strong><\/p>\n<hr \/>\n<ul>\n<li style=\"text-align: justify;\"><a href=\"http:\/\/reddebibliotecas.jccm.es\/cgi-bin\/abnetopac?SUBC=AB\/AB0254\" target=\"_blank\" rel=\"noopener noreferrer nofollow\">Enlace cat\u00e1logo Caudete<\/a><\/li>\n<li style=\"text-align: justify;\"><a href=\"https:\/\/www.youtube.com\/watch?v=0VdZkA7PftI&amp;feature=youtu.be\" target=\"_blank\" rel=\"noopener noreferrer nofollow\">Buscar en el cat\u00e1logo<\/a><\/li>\n<li style=\"text-align: justify;\"><a href=\"http:\/\/www.facebook.com\/pages\/Biblioteca-P%C3%BAblica-Municipal-Ana-Mar%C3%ADa-Matute\/256819264363250\" target=\"_blank\" rel=\"noopener noreferrer nofollow\">S\u00edguenos en facebook<\/a><\/li>\n<\/ul>\n<hr \/>\n<p><strong>Ficheros adjuntos<\/strong><\/p>\n<p><a href=\"http:\/\/caudete.org\/ayuntamiento\/eniusimg\/enius146\/2011\/02\/adjuntos_fichero_128155_c335c1c179ca6d39.pdf\" class=\"mtli_attachment mtli_pdf\" target=\"_blank\" rel=\"noopener noreferrer nofollow\">Solicitud carn\u00e9 usuario<\/a><\/p>\n<p><a href=\"http:\/\/caudete.org\/ayuntamiento\/eniusimg\/enius146\/2011\/02\/adjuntos_fichero_128156_70176c48b17c47c9.pdf\" class=\"mtli_attachment mtli_pdf\" target=\"_blank\" rel=\"noopener noreferrer nofollow\">Solicitud carn\u00e9 entidad<\/a><\/p>\n<p><a href=\"http:\/\/caudete.org\/ayuntamiento\/eniusimg\/enius146\/2012\/03\/adjuntos_fichero_198369_41b8ddbce47bc95b.pdf\" class=\"mtli_attachment mtli_pdf\" target=\"_blank\" rel=\"noopener noreferrer nofollow\">FOLLETO INFORMATIVO PR\u00c9STAMOS<\/a><\/p>\n<p><a href=\"http:\/\/caudete.org\/ayuntamiento\/eniusimg\/enius146\/2016\/06\/adjuntos_fichero_015816ac58a8a98a.pdf\" class=\"mtli_attachment mtli_pdf\" target=\"_blank\" rel=\"noopener noreferrer nofollow\">Folleto uso opac caudete<\/a><\/p>\n<p><a href=\"http:\/\/caudete.org\/ayuntamiento\/eniusimg\/enius146\/2016\/06\/adjuntos_fichero_4ee665e55f141582.pdf\" class=\"mtli_attachment mtli_pdf\" target=\"_blank\" rel=\"noopener noreferrer nofollow\">Servicio biblioteca bebes<\/a><\/p>\n<p><a href=\"http:\/\/caudete.org\/ayuntamiento\/eniusimg\/enius146\/2016\/06\/adjuntos_fichero_cb75b1442ea3a85e.pdf\" class=\"mtli_attachment mtli_pdf\" target=\"_blank\" rel=\"noopener noreferrer nofollow\">Servicio biblioteca prelectores<\/a><\/p>\n<p><a href=\"http:\/\/caudete.org\/ayuntamiento\/eniusimg\/enius146\/2020\/05\/adjuntos_fichero_1b5fc1853b06b356.pdf\" class=\"mtli_attachment mtli_pdf\" target=\"_blank\" rel=\"noopener noreferrer nofollow\">Cartel Biblioteca Caudete Fase1<\/a><\/p>\n<p><a href=\"http:\/\/caudete.org\/ayuntamiento\/eniusimg\/enius146\/2020\/05\/adjuntos_fichero_dda8a1792f2470a0.pdf\" class=\"mtli_attachment mtli_pdf\" target=\"_blank\" rel=\"noopener noreferrer nofollow\">Solicitud autorizaci\u00f3n a otro usuario<\/a><\/p>\n<p>&nbsp;<\/p>\nngg_shortcode_0_placeholder\n<\/div>\n<\/div>\n<\/div>\n","protected":false},"excerpt":{"rendered":"<p>HORARIO PARA LA REAPERTURA DE LA BIBLIOTECA P\u00daBLICA MUNICIPAL ANA MAR\u00cdA MATUTE DE LUNES A VIERNES: Ma\u00f1anas de 9:00 a 13:30 horas y de 16:30 a 20:30 horas. Desde la Concejal\u00eda de Cultura de este Ayuntamiento se informa que la Biblioteca P\u00fablica Municipal \u201cAna Mar\u00eda Matute\u201d ha ampliado servicios para adaptarse a las medidas de &hellip;<\/p>\n","protected":false},"author":1,"featured_media":0,"parent":0,"menu_order":0,"comment_status":"closed","ping_status":"closed","template":"","meta":{"ngg_post_thumbnail":0,"footnotes":""},"categories":[105],"tags":[],"class_list":["post-6937","page","type-page","status-publish","hentry","category-biblioteca"],"yoast_head":"<!-- This site is optimized with the Yoast SEO plugin v27.5 - https:\/\/yoast.com\/product\/yoast-seo-wordpress\/ -->\n<title>Biblioteca - Informaci\u00f3n - MI Ayuntamiento de Caudete<\/title>\n<meta name=\"description\" content=\"P\u00e1gina Oficial del Ayuntamiento de Caudete (Albacete)\" \/>\n<meta name=\"robots\" content=\"index, follow, max-snippet:-1, max-image-preview:large, max-video-preview:-1\" \/>\n<link rel=\"canonical\" href=\"https:\/\/www.caudete.org\/ayuntamiento\/biblioteca-informacion\/\" \/>\n<meta property=\"og:locale\" content=\"es_ES\" \/>\n<meta property=\"og:type\" content=\"article\" \/>\n<meta property=\"og:title\" content=\"Biblioteca - Informaci\u00f3n - MI Ayuntamiento de Caudete\" \/>\n<meta property=\"og:description\" content=\"P\u00e1gina Oficial del Ayuntamiento de Caudete (Albacete)\" \/>\n<meta property=\"og:url\" content=\"https:\/\/www.caudete.org\/ayuntamiento\/biblioteca-informacion\/\" \/>\n<meta property=\"og:site_name\" content=\"MI Ayuntamiento de Caudete\" \/>\n<meta property=\"article:publisher\" content=\"https:\/\/www.facebook.com\/ayuntamientocaudete\/\" \/>\n<meta property=\"article:modified_time\" content=\"2024-06-21T17:17:24+00:00\" \/>\n<meta name=\"twitter:card\" content=\"summary_large_image\" \/>\n<meta name=\"twitter:label1\" content=\"Tiempo de lectura\" \/>\n\t<meta name=\"twitter:data1\" content=\"5 minutos\" \/>\n<script type=\"application\/ld+json\" class=\"yoast-schema-graph\">{\"@context\":\"https:\\\/\\\/schema.org\",\"@graph\":[{\"@type\":\"WebPage\",\"@id\":\"https:\\\/\\\/www.caudete.org\\\/ayuntamiento\\\/biblioteca-informacion\\\/\",\"url\":\"https:\\\/\\\/www.caudete.org\\\/ayuntamiento\\\/biblioteca-informacion\\\/\",\"name\":\"Biblioteca - Informaci\u00f3n - MI Ayuntamiento de Caudete\",\"isPartOf\":{\"@id\":\"https:\\\/\\\/www.caudete.org\\\/ayuntamiento\\\/#website\"},\"datePublished\":\"2020-12-06T12:32:57+00:00\",\"dateModified\":\"2024-06-21T17:17:24+00:00\",\"description\":\"P\u00e1gina Oficial del Ayuntamiento de Caudete (Albacete)\",\"breadcrumb\":{\"@id\":\"https:\\\/\\\/www.caudete.org\\\/ayuntamiento\\\/biblioteca-informacion\\\/#breadcrumb\"},\"inLanguage\":\"es\",\"potentialAction\":[{\"@type\":\"ReadAction\",\"target\":[\"https:\\\/\\\/www.caudete.org\\\/ayuntamiento\\\/biblioteca-informacion\\\/\"]}]},{\"@type\":\"BreadcrumbList\",\"@id\":\"https:\\\/\\\/www.caudete.org\\\/ayuntamiento\\\/biblioteca-informacion\\\/#breadcrumb\",\"itemListElement\":[{\"@type\":\"ListItem\",\"position\":1,\"name\":\"Inicio\",\"item\":\"https:\\\/\\\/www.caudete.org\\\/ayuntamiento\\\/\"},{\"@type\":\"ListItem\",\"position\":2,\"name\":\"Biblioteca &#8211; Informaci\u00f3n\"}]},{\"@type\":\"WebSite\",\"@id\":\"https:\\\/\\\/www.caudete.org\\\/ayuntamiento\\\/#website\",\"url\":\"https:\\\/\\\/www.caudete.org\\\/ayuntamiento\\\/\",\"name\":\"MI Ayuntamiento de Caudete\",\"description\":\"P\u00e1gina Oficial del MI Ayuntamiento de Caudete\",\"potentialAction\":[{\"@type\":\"SearchAction\",\"target\":{\"@type\":\"EntryPoint\",\"urlTemplate\":\"https:\\\/\\\/www.caudete.org\\\/ayuntamiento\\\/?s={search_term_string}\"},\"query-input\":{\"@type\":\"PropertyValueSpecification\",\"valueRequired\":true,\"valueName\":\"search_term_string\"}}],\"inLanguage\":\"es\"}]}<\/script>\n<!-- \/ Yoast SEO plugin. -->","yoast_head_json":{"title":"Biblioteca - Informaci\u00f3n - MI Ayuntamiento de Caudete","description":"P\u00e1gina Oficial del Ayuntamiento de Caudete (Albacete)","robots":{"index":"index","follow":"follow","max-snippet":"max-snippet:-1","max-image-preview":"max-image-preview:large","max-video-preview":"max-video-preview:-1"},"canonical":"https:\/\/www.caudete.org\/ayuntamiento\/biblioteca-informacion\/","og_locale":"es_ES","og_type":"article","og_title":"Biblioteca - Informaci\u00f3n - MI Ayuntamiento de Caudete","og_description":"P\u00e1gina Oficial del Ayuntamiento de Caudete (Albacete)","og_url":"https:\/\/www.caudete.org\/ayuntamiento\/biblioteca-informacion\/","og_site_name":"MI Ayuntamiento de Caudete","article_publisher":"https:\/\/www.facebook.com\/ayuntamientocaudete\/","article_modified_time":"2024-06-21T17:17:24+00:00","twitter_card":"summary_large_image","twitter_misc":{"Tiempo de lectura":"5 minutos"},"schema":{"@context":"https:\/\/schema.org","@graph":[{"@type":"WebPage","@id":"https:\/\/www.caudete.org\/ayuntamiento\/biblioteca-informacion\/","url":"https:\/\/www.caudete.org\/ayuntamiento\/biblioteca-informacion\/","name":"Biblioteca - Informaci\u00f3n - MI Ayuntamiento de Caudete","isPartOf":{"@id":"https:\/\/www.caudete.org\/ayuntamiento\/#website"},"datePublished":"2020-12-06T12:32:57+00:00","dateModified":"2024-06-21T17:17:24+00:00","description":"P\u00e1gina Oficial del Ayuntamiento de Caudete (Albacete)","breadcrumb":{"@id":"https:\/\/www.caudete.org\/ayuntamiento\/biblioteca-informacion\/#breadcrumb"},"inLanguage":"es","potentialAction":[{"@type":"ReadAction","target":["https:\/\/www.caudete.org\/ayuntamiento\/biblioteca-informacion\/"]}]},{"@type":"BreadcrumbList","@id":"https:\/\/www.caudete.org\/ayuntamiento\/biblioteca-informacion\/#breadcrumb","itemListElement":[{"@type":"ListItem","position":1,"name":"Inicio","item":"https:\/\/www.caudete.org\/ayuntamiento\/"},{"@type":"ListItem","position":2,"name":"Biblioteca &#8211; Informaci\u00f3n"}]},{"@type":"WebSite","@id":"https:\/\/www.caudete.org\/ayuntamiento\/#website","url":"https:\/\/www.caudete.org\/ayuntamiento\/","name":"MI Ayuntamiento de Caudete","description":"P\u00e1gina Oficial del MI Ayuntamiento de Caudete","potentialAction":[{"@type":"SearchAction","target":{"@type":"EntryPoint","urlTemplate":"https:\/\/www.caudete.org\/ayuntamiento\/?s={search_term_string}"},"query-input":{"@type":"PropertyValueSpecification","valueRequired":true,"valueName":"search_term_string"}}],"inLanguage":"es"}]}},"_links":{"self":[{"href":"https:\/\/www.caudete.org\/ayuntamiento\/wp-json\/wp\/v2\/pages\/6937","targetHints":{"allow":["GET"]}}],"collection":[{"href":"https:\/\/www.caudete.org\/ayuntamiento\/wp-json\/wp\/v2\/pages"}],"about":[{"href":"https:\/\/www.caudete.org\/ayuntamiento\/wp-json\/wp\/v2\/types\/page"}],"author":[{"embeddable":true,"href":"https:\/\/www.caudete.org\/ayuntamiento\/wp-json\/wp\/v2\/users\/1"}],"replies":[{"embeddable":true,"href":"https:\/\/www.caudete.org\/ayuntamiento\/wp-json\/wp\/v2\/comments?post=6937"}],"version-history":[{"count":14,"href":"https:\/\/www.caudete.org\/ayuntamiento\/wp-json\/wp\/v2\/pages\/6937\/revisions"}],"predecessor-version":[{"id":24398,"href":"https:\/\/www.caudete.org\/ayuntamiento\/wp-json\/wp\/v2\/pages\/6937\/revisions\/24398"}],"wp:attachment":[{"href":"https:\/\/www.caudete.org\/ayuntamiento\/wp-json\/wp\/v2\/media?parent=6937"}],"wp:term":[{"taxonomy":"category","embeddable":true,"href":"https:\/\/www.caudete.org\/ayuntamiento\/wp-json\/wp\/v2\/categories?post=6937"},{"taxonomy":"post_tag","embeddable":true,"href":"https:\/\/www.caudete.org\/ayuntamiento\/wp-json\/wp\/v2\/tags?post=6937"}],"curies":[{"name":"wp","href":"https:\/\/api.w.org\/{rel}","templated":true}]}}