{"id":6987,"date":"2020-12-06T14:09:10","date_gmt":"2020-12-06T13:09:10","guid":{"rendered":"http:\/\/www.caudete.org\/ayuntamiento\/?page_id=6987"},"modified":"2024-06-21T19:18:14","modified_gmt":"2024-06-21T17:18:14","slug":"biblioteca-prestamo","status":"publish","type":"page","link":"https:\/\/www.caudete.org\/ayuntamiento\/biblioteca-prestamo\/","title":{"rendered":"Biblioteca &#8211; Pr\u00e9stamo"},"content":{"rendered":"<div id=\"recuadro_not\">\n<p>El <strong>Pr\u00e9stamo<\/strong> es un servicio p\u00fablico y gratuito que permite usar los libros y otros materiales especiales fuera del local de la biblioteca.<\/p>\n<p>Cualquier usuario que est\u00e9 en posesi\u00f3n del <a href=\"http:\/\/www.caudete.telemaco.es\/seccion.asp?idseccion=6892\" target=\"_blank\" rel=\"nofollow\">Carn\u00e9 del Lector<\/a>, puede llevarse en pr\u00e9stamo los materiales que la Biblioteca pone a su disposici\u00f3n, conforme a las siguientes normas:<\/p>\n<p>&#8211; El pr\u00e9stamo y devoluci\u00f3n del material s<strong>e realizar\u00e1 en el mostrador<\/strong> de la Biblioteca.<\/p>\n<p>&#8211; Es <strong>imprescindible presentar el carn\u00e9 de lector<\/strong> para realizar el pr\u00e9stamo.<\/p>\n<p>&#8211; <strong>No se prestar\u00e1n documentos con el carn\u00e9 de lector de otra persona<\/strong>, entiende que el carn\u00e9 es personal e intransferible.<\/p>\n<p>&#8211; El per\u00edodo de pr\u00e9stamo de libros ser\u00e1 de <strong>21 d\u00edas renovables<\/strong>, el de materiales multimedia (V\u00eddeos, DVD, CD-m\u00fasica, CD-ROM) y publicaciones peri\u00f3dicas, es de 7 d\u00edas renovables una vez. Existen tambi\u00e9n otros libros, que por su car\u00e1cter especial, como manuales de referencia y otros, s\u00f3lo se prestan en per\u00edodos de fin de semana durante dos d\u00edas.<\/p>\n<p>&#8211; Renovaciones. Los libros s<strong>e podr\u00e1n renovar por otros dos per\u00edodos de 21 d\u00edas<\/strong>, siempre que \u00e9stos no hayan sido reservados por otros usuarios. Los materiales multimedia y las publicaciones peri\u00f3dicas se podr\u00e1n renovar por otro per\u00edodo de 7 d\u00edas.<\/p>\n<p>La renovaci\u00f3n podr\u00e1 hacerse personalmente, por tel\u00e9fono al 965828131, o bien por internet a trav\u00e9s de la nueva web de la red de bibliotecas <a href=\"http:\/\/reddebibliotecas.jccm.es\/cgi-bin\/abnetopac?SUBC=AB\/AB0254\" target=\"_blank\" rel=\"noopener noreferrer nofollow\">http:\/\/reddebibliotecas.jccm.es.<\/a><br \/>\nHemos colgado un documento en pdf en esta p\u00e1gina que explica todo lo que puedes hacer desde la web del cat\u00e1logo colectivo. Se llama &#8220;folleto uso OPAC&#8221; Esperamos que te sea de utilidad<\/p>\n<p>&#8211; <b>Retrasos en las devoluciones. <\/b>El no cumplimiento de los plazos de pr\u00e9stamo ser\u00e1 sancionado con la suspensi\u00f3n del servicio de pr\u00e9stamo a raz\u00f3n de un d\u00edas por cada d\u00eda de retraso.<\/p>\n<p>&#8211; <b>P\u00e9rdida o deterioro. <\/b>El prestatario est\u00e1 obligado a reponer la obra perdida o deteriorada. En caso de no cumplir esta norma, se le retirar\u00e1 el carn\u00e9 de lector, no pudiendo disfrutar de los servicios de la biblioteca.<\/p>\n<p>&#8211; <b>Cualquier lector puede proponer a la biblioteca la adquisici\u00f3n de los libros que considere necesarios solicit\u00e1ndolos al bibliotecario, este servicio se llama desiderata <\/b>. Desde la Biblioteca estudiaremos la petici\u00f3n y veremos la posiblidad de incorporar al fondo la obra solicitada. En caso de aceptar la desiderata avisaremos al usuario de la incorporaci\u00f3n de la desiderata al fondo de la Biblioteca.<\/p>\n<p>&#8211; <b>Adem\u00e1s los usuarios pueden acudir en cualquier momento al personal de la biblioteca para solicitar ayuda en la b\u00fasqueda de un libro en la sala de pr\u00e9stamo.<\/b><\/p>\n<p>&#8211; <b>La colecci\u00f3n de libros destinada al pr\u00e9stamo, est\u00e1 ordenada en las estanter\u00edas por grandes grupos de materia, de acuerdo con el esquema de la Clasificaci\u00f3n Decimal Universal (C.D.U.). Por otro lado los g\u00e9neros literarios est\u00e1n organizados por grandes secciones: Narrativa, Poes\u00eda, Teatro, Biograf\u00eda.<\/b><\/p>\n<h2 style=\"text-align: center;\">MODALIDADES DE PR\u00c9STAMO<\/h2>\n<p><b>1.- PR\u00c9STAMO INDIVIDUAL.<\/b><\/p>\n<p><u>Pr\u00e9stamo Infantil<\/u>. Destinado a ni\u00f1os de 0 a 13 a\u00f1os en posesi\u00f3n del carn\u00e9 de lector infantil .<br \/>\nLos ni\u00f1os s\u00f3lo pueden llevar en pr\u00e9stamo documentos librarios (se except\u00faa el material multimedia). C\u00f3mo m\u00e1ximo podr\u00e1n llevarse en pr\u00e9stamo 7 libros y 2 revistas. Entre los libros est\u00e1 la siguiente tipolog\u00eda:<\/p>\n<p>\u2022Libros de ficci\u00f3n: novela, poes\u00eda, teatro, biograf\u00eda, cuento, c\u00f3mic e im\u00e1genes.<br \/>\n\u2022Libros de conocimiento de diversos temas.<br \/>\n\u2022Revistas adquiridas por la Biblioteca de meses anteriores al mes en curso, entre los t\u00edtulos infantiles tenemos: Caracola y Okapi.<\/p>\n<table cellspacing=\"2\" cellpadding=\"2\" border=\"1\">\n<tbody>\n<tr>\n<td>Documentos<\/td>\n<td>N\u00ba M\u00e1ximo<\/td>\n<td>Duraci\u00f3n<\/td>\n<td>Renovaci\u00f3n<\/td>\n<td>Sanci\u00f3n<\/td>\n<\/tr>\n<tr>\n<td>Revistas infantiles<\/td>\n<td>2 documentos<\/td>\n<td>7 d\u00edas<\/td>\n<td>S\u00ed<\/td>\n<td>1 d\u00eda\/doc<\/td>\n<\/tr>\n<tr>\n<td>Libros<\/td>\n<td>7 documentos<\/td>\n<td>21 d\u00edas<\/td>\n<td>S\u00ed<\/td>\n<td>1 d\u00eda\/doc<\/td>\n<\/tr>\n<\/tbody>\n<\/table>\n<p><u>Pr\u00e9stamo Adultos<\/u>. Destinado a usuarios mayores de 14 a\u00f1os, provistos de carn\u00e9 de lector de adultos.<br \/>\nLos usuarios adultos pueden tener al mismo tiempo en pr\u00e9stamo un m\u00e1ximo de 25 documentos de cualquier tipolog\u00eda.<\/p>\n<ul>\n<li style=\"list-style-type: none;\">\n<ul>\n<li>Libros de ficci\u00f3n: novelas, poes\u00eda, teatro, biograf\u00edas, cuentos, c\u00f3mic.<\/li>\n<\/ul>\n<\/li>\n<\/ul>\n<ul>\n<li style=\"list-style-type: none;\">\n<ul>\n<li>Libros de conocimiento de diversos temas.<\/li>\n<\/ul>\n<\/li>\n<\/ul>\n<ul>\n<li style=\"list-style-type: none;\">\n<ul>\n<li>Revistas adquiridas por la Biblioteca de meses anteriores al mes en curso.<\/li>\n<\/ul>\n<\/li>\n<\/ul>\n<ul>\n<li style=\"list-style-type: none;\">\n<ul>\n<li>V\u00eddeos, DVD\u00b4S y DVD-ROM.<\/li>\n<\/ul>\n<\/li>\n<\/ul>\n<ul>\n<li style=\"list-style-type: none;\">\n<ul>\n<li>CD\u2019S de m\u00fasica y CD-ROM.<\/li>\n<\/ul>\n<\/li>\n<\/ul>\n<table cellspacing=\"2\" cellpadding=\"2\" border=\"1\">\n<tbody>\n<tr>\n<td>Documentos<\/td>\n<td>N\u00ba M\u00e1ximo<\/td>\n<td>Duraci\u00f3n<\/td>\n<td>Renovaci\u00f3n<\/td>\n<td>Sanci\u00f3n<\/td>\n<\/tr>\n<tr>\n<td>Libros<\/td>\n<td>7 adultos + 5 infantiles<\/td>\n<td>21 d\u00edas<\/td>\n<td>S\u00ed<\/td>\n<td>1 d\u00eda\/doc<\/td>\n<\/tr>\n<tr>\n<td>Revistas<\/td>\n<td>4 adultos + 1 infantil<\/td>\n<td>7 d\u00edas<\/td>\n<td>S\u00ed<\/td>\n<td>1 d\u00eda\/doc<\/td>\n<\/tr>\n<tr>\n<td>V\u00eddeos y DVD<\/td>\n<td>5 documentos<\/td>\n<td>7 d\u00edas<\/td>\n<td>S\u00ed<\/td>\n<td>1 d\u00eda\/doc<\/td>\n<\/tr>\n<tr>\n<td>CD de M\u00fasica<\/td>\n<td>5 documentos<\/td>\n<td>7 d\u00edas<\/td>\n<td>S\u00ed<\/td>\n<td>1 d\u00eda\/doc<\/td>\n<\/tr>\n<tr>\n<td>CD-ROM<\/td>\n<td>3 documentos<\/td>\n<td>7 d\u00edas<\/td>\n<td>S\u00ed<\/td>\n<td>1 dia\/doc<\/td>\n<\/tr>\n<\/tbody>\n<\/table>\n<p><b>2.- PR\u00c9STAMO COLECTIVO INSTITUCIONAL.<\/b><\/p>\n<p>Pr\u00e9stamo a instituciones, asociaciones&#8230;Permite sacar un lote de libros por carn\u00e9 por un per\u00edodo de dos meses y es preciso estar en posesi\u00f3n del carn\u00e9 institucional. Las peticiones se realizar\u00e1n de lunes a viernes.<\/p>\n<p><b>3.- PR\u00c9STAMO INTERBIBLIOTECARIO.<\/b><\/p>\n<p>La Biblioteca de Ana Mar\u00eda Matute ampl\u00eda las posibilidades de pr\u00e9stamo a sus usuarios ofreciendo esta modalidad de pr\u00e9stamo.<br \/>\nPermite a nuestros usuarios disponer temporalmente de documentos pertenecientes a otras bibliotecas y que no se encuentren en los fondos de nuestro centro. Esta modalidad de pr\u00e9stamo s\u00f3lo se utilizar\u00e1 para fines de investigaci\u00f3n o para obras muy espec\u00edficas o que est\u00e1n descatalogadas. La biblioteca p\u00fablica de Caudete se encargar\u00e1 de localizar la obra y de solicitarla a la entidad correspondiente por el m\u00e9todo m\u00e1s urgente.<\/p>\n<p>El servicio generalmente es gratuito, pero si la biblioteca que proporciona el documento cobra por los servicios prestados, el importe del mismo correr\u00e1 por cuenta del usuario.<\/p>\n<p>Est\u00e1n exclu\u00eddos del pr\u00e9stamo los materiales de referencia, del fondo antiguo y de la secci\u00f3n local.<\/p>\n<p>Las peticiones deben hacerse de forma presencial, no se admiten las recibidas por tel\u00e9fono, fax, o correo electr\u00f3nico, y es imprescindibe disponer del carnet de lector para utilizar este servicio.Si estas interesado en usar este servicio pide un formulario en el mostrador de la biblioteca y gestionaremos este servicio de pr\u00e9stamo interbibliotecario.<\/p>\n<\/div>\n<div id=\"enlaces\">\n<p><strong>Enlaces relacionados<\/strong><\/p>\n<hr>\n<ul>\n<li><a href=\"http:\/\/reddebibliotecas.jccm.es\/cgi-bin\/abnetopac?SUBC=AB\/AB0254\" target=\"_blank\" rel=\"noopener noreferrer nofollow\">Cat\u00e1logo de la biblioteca Ana Mar\u00eda Matute de Caudete<\/a><\/li>\n<\/ul>\n<hr>\n<p><strong>Ficheros adjuntos<\/strong><\/p>\n<p><a href=\"http:\/\/www.caudete.telemaco.es\/eniusimg\/enius146\/2011\/02\/adjuntos_fichero_128174_207803cdfdbfdd86.pdf\" class=\"mtli_attachment mtli_pdf\" target=\"_blank\" rel=\"noopener noreferrer nofollow\">Folleto uso opac<\/a><\/p>\n<p><a href=\"http:\/\/www.caudete.telemaco.es\/eniusimg\/enius146\/2011\/03\/adjuntos_fichero_131169_af24200f10455716.pdf\" class=\"mtli_attachment mtli_pdf\" target=\"_blank\" rel=\"noopener noreferrer nofollow\">Folleto informativo caudete prestamo<\/a><\/p>\n<p><a href=\"http:\/\/www.caudete.telemaco.es\/eniusimg\/enius146\/2016\/06\/adjuntos_fichero_9045a7c7f1660ec6.pdf\" class=\"mtli_attachment mtli_pdf\" target=\"_blank\" rel=\"noopener noreferrer nofollow\">Servicio bibllioteca bebes<\/a><\/p>\n<p><a href=\"http:\/\/www.caudete.telemaco.es\/eniusimg\/enius146\/2016\/06\/adjuntos_fichero_459fa58c2b491c8b.pdf\" class=\"mtli_attachment mtli_pdf\" target=\"_blank\" rel=\"noopener noreferrer nofollow\">Servicio biblioteca 3 5 a\u00f1os<\/a><\/p>\n<\/div>\n<p>&nbsp;<\/p>\nngg_shortcode_0_placeholder\n","protected":false},"excerpt":{"rendered":"<p>El Pr\u00e9stamo es un servicio p\u00fablico y gratuito que permite usar los libros y otros materiales especiales fuera del local de la biblioteca. Cualquier usuario que est\u00e9 en posesi\u00f3n del Carn\u00e9 del Lector, puede llevarse en pr\u00e9stamo los materiales que la Biblioteca pone a su disposici\u00f3n, conforme a las siguientes normas: &#8211; El pr\u00e9stamo y &hellip;<\/p>\n","protected":false},"author":1,"featured_media":0,"parent":0,"menu_order":0,"comment_status":"closed","ping_status":"closed","template":"","meta":{"ngg_post_thumbnail":0,"footnotes":""},"categories":[105],"tags":[],"class_list":["post-6987","page","type-page","status-publish","hentry","category-biblioteca"],"yoast_head":"<!-- This site is optimized with the Yoast SEO plugin v27.5 - https:\/\/yoast.com\/product\/yoast-seo-wordpress\/ -->\n<title>Biblioteca - Pr\u00e9stamo - MI Ayuntamiento de Caudete<\/title>\n<meta name=\"description\" content=\"P\u00e1gina Oficial del Ayuntamiento de Caudete (Albacete)\" \/>\n<meta name=\"robots\" content=\"index, follow, max-snippet:-1, max-image-preview:large, max-video-preview:-1\" \/>\n<link rel=\"canonical\" href=\"https:\/\/www.caudete.org\/ayuntamiento\/biblioteca-prestamo\/\" \/>\n<meta property=\"og:locale\" content=\"es_ES\" \/>\n<meta property=\"og:type\" content=\"article\" \/>\n<meta property=\"og:title\" content=\"Biblioteca - Pr\u00e9stamo - MI Ayuntamiento de Caudete\" \/>\n<meta property=\"og:description\" content=\"P\u00e1gina Oficial del Ayuntamiento de Caudete (Albacete)\" \/>\n<meta property=\"og:url\" content=\"https:\/\/www.caudete.org\/ayuntamiento\/biblioteca-prestamo\/\" \/>\n<meta property=\"og:site_name\" content=\"MI Ayuntamiento de Caudete\" \/>\n<meta property=\"article:publisher\" content=\"https:\/\/www.facebook.com\/ayuntamientocaudete\/\" \/>\n<meta property=\"article:modified_time\" content=\"2024-06-21T17:18:14+00:00\" \/>\n<meta name=\"twitter:card\" content=\"summary_large_image\" \/>\n<meta name=\"twitter:label1\" content=\"Tiempo de lectura\" \/>\n\t<meta name=\"twitter:data1\" content=\"5 minutos\" \/>\n<script type=\"application\/ld+json\" class=\"yoast-schema-graph\">{\"@context\":\"https:\\\/\\\/schema.org\",\"@graph\":[{\"@type\":\"WebPage\",\"@id\":\"https:\\\/\\\/www.caudete.org\\\/ayuntamiento\\\/biblioteca-prestamo\\\/\",\"url\":\"https:\\\/\\\/www.caudete.org\\\/ayuntamiento\\\/biblioteca-prestamo\\\/\",\"name\":\"Biblioteca - Pr\u00e9stamo - MI Ayuntamiento de Caudete\",\"isPartOf\":{\"@id\":\"https:\\\/\\\/www.caudete.org\\\/ayuntamiento\\\/#website\"},\"datePublished\":\"2020-12-06T13:09:10+00:00\",\"dateModified\":\"2024-06-21T17:18:14+00:00\",\"description\":\"P\u00e1gina Oficial del Ayuntamiento de Caudete (Albacete)\",\"breadcrumb\":{\"@id\":\"https:\\\/\\\/www.caudete.org\\\/ayuntamiento\\\/biblioteca-prestamo\\\/#breadcrumb\"},\"inLanguage\":\"es\",\"potentialAction\":[{\"@type\":\"ReadAction\",\"target\":[\"https:\\\/\\\/www.caudete.org\\\/ayuntamiento\\\/biblioteca-prestamo\\\/\"]}]},{\"@type\":\"BreadcrumbList\",\"@id\":\"https:\\\/\\\/www.caudete.org\\\/ayuntamiento\\\/biblioteca-prestamo\\\/#breadcrumb\",\"itemListElement\":[{\"@type\":\"ListItem\",\"position\":1,\"name\":\"Inicio\",\"item\":\"https:\\\/\\\/www.caudete.org\\\/ayuntamiento\\\/\"},{\"@type\":\"ListItem\",\"position\":2,\"name\":\"Biblioteca &#8211; Pr\u00e9stamo\"}]},{\"@type\":\"WebSite\",\"@id\":\"https:\\\/\\\/www.caudete.org\\\/ayuntamiento\\\/#website\",\"url\":\"https:\\\/\\\/www.caudete.org\\\/ayuntamiento\\\/\",\"name\":\"MI Ayuntamiento de Caudete\",\"description\":\"P\u00e1gina Oficial del MI Ayuntamiento de Caudete\",\"potentialAction\":[{\"@type\":\"SearchAction\",\"target\":{\"@type\":\"EntryPoint\",\"urlTemplate\":\"https:\\\/\\\/www.caudete.org\\\/ayuntamiento\\\/?s={search_term_string}\"},\"query-input\":{\"@type\":\"PropertyValueSpecification\",\"valueRequired\":true,\"valueName\":\"search_term_string\"}}],\"inLanguage\":\"es\"}]}<\/script>\n<!-- \/ Yoast SEO plugin. -->","yoast_head_json":{"title":"Biblioteca - Pr\u00e9stamo - MI Ayuntamiento de Caudete","description":"P\u00e1gina Oficial del Ayuntamiento de Caudete (Albacete)","robots":{"index":"index","follow":"follow","max-snippet":"max-snippet:-1","max-image-preview":"max-image-preview:large","max-video-preview":"max-video-preview:-1"},"canonical":"https:\/\/www.caudete.org\/ayuntamiento\/biblioteca-prestamo\/","og_locale":"es_ES","og_type":"article","og_title":"Biblioteca - Pr\u00e9stamo - MI Ayuntamiento de Caudete","og_description":"P\u00e1gina Oficial del Ayuntamiento de Caudete (Albacete)","og_url":"https:\/\/www.caudete.org\/ayuntamiento\/biblioteca-prestamo\/","og_site_name":"MI Ayuntamiento de Caudete","article_publisher":"https:\/\/www.facebook.com\/ayuntamientocaudete\/","article_modified_time":"2024-06-21T17:18:14+00:00","twitter_card":"summary_large_image","twitter_misc":{"Tiempo de lectura":"5 minutos"},"schema":{"@context":"https:\/\/schema.org","@graph":[{"@type":"WebPage","@id":"https:\/\/www.caudete.org\/ayuntamiento\/biblioteca-prestamo\/","url":"https:\/\/www.caudete.org\/ayuntamiento\/biblioteca-prestamo\/","name":"Biblioteca - Pr\u00e9stamo - MI Ayuntamiento de Caudete","isPartOf":{"@id":"https:\/\/www.caudete.org\/ayuntamiento\/#website"},"datePublished":"2020-12-06T13:09:10+00:00","dateModified":"2024-06-21T17:18:14+00:00","description":"P\u00e1gina Oficial del Ayuntamiento de Caudete (Albacete)","breadcrumb":{"@id":"https:\/\/www.caudete.org\/ayuntamiento\/biblioteca-prestamo\/#breadcrumb"},"inLanguage":"es","potentialAction":[{"@type":"ReadAction","target":["https:\/\/www.caudete.org\/ayuntamiento\/biblioteca-prestamo\/"]}]},{"@type":"BreadcrumbList","@id":"https:\/\/www.caudete.org\/ayuntamiento\/biblioteca-prestamo\/#breadcrumb","itemListElement":[{"@type":"ListItem","position":1,"name":"Inicio","item":"https:\/\/www.caudete.org\/ayuntamiento\/"},{"@type":"ListItem","position":2,"name":"Biblioteca &#8211; Pr\u00e9stamo"}]},{"@type":"WebSite","@id":"https:\/\/www.caudete.org\/ayuntamiento\/#website","url":"https:\/\/www.caudete.org\/ayuntamiento\/","name":"MI Ayuntamiento de Caudete","description":"P\u00e1gina Oficial del MI Ayuntamiento de Caudete","potentialAction":[{"@type":"SearchAction","target":{"@type":"EntryPoint","urlTemplate":"https:\/\/www.caudete.org\/ayuntamiento\/?s={search_term_string}"},"query-input":{"@type":"PropertyValueSpecification","valueRequired":true,"valueName":"search_term_string"}}],"inLanguage":"es"}]}},"_links":{"self":[{"href":"https:\/\/www.caudete.org\/ayuntamiento\/wp-json\/wp\/v2\/pages\/6987","targetHints":{"allow":["GET"]}}],"collection":[{"href":"https:\/\/www.caudete.org\/ayuntamiento\/wp-json\/wp\/v2\/pages"}],"about":[{"href":"https:\/\/www.caudete.org\/ayuntamiento\/wp-json\/wp\/v2\/types\/page"}],"author":[{"embeddable":true,"href":"https:\/\/www.caudete.org\/ayuntamiento\/wp-json\/wp\/v2\/users\/1"}],"replies":[{"embeddable":true,"href":"https:\/\/www.caudete.org\/ayuntamiento\/wp-json\/wp\/v2\/comments?post=6987"}],"version-history":[{"count":7,"href":"https:\/\/www.caudete.org\/ayuntamiento\/wp-json\/wp\/v2\/pages\/6987\/revisions"}],"predecessor-version":[{"id":7000,"href":"https:\/\/www.caudete.org\/ayuntamiento\/wp-json\/wp\/v2\/pages\/6987\/revisions\/7000"}],"wp:attachment":[{"href":"https:\/\/www.caudete.org\/ayuntamiento\/wp-json\/wp\/v2\/media?parent=6987"}],"wp:term":[{"taxonomy":"category","embeddable":true,"href":"https:\/\/www.caudete.org\/ayuntamiento\/wp-json\/wp\/v2\/categories?post=6987"},{"taxonomy":"post_tag","embeddable":true,"href":"https:\/\/www.caudete.org\/ayuntamiento\/wp-json\/wp\/v2\/tags?post=6987"}],"curies":[{"name":"wp","href":"https:\/\/api.w.org\/{rel}","templated":true}]}}