{"id":7133,"date":"2020-12-06T18:34:10","date_gmt":"2020-12-06T17:34:10","guid":{"rendered":"http:\/\/www.caudete.org\/ayuntamiento\/?page_id=7133"},"modified":"2024-06-21T19:17:39","modified_gmt":"2024-06-21T17:17:39","slug":"biblioteca-informacion-especial-covid-19","status":"publish","type":"page","link":"https:\/\/www.caudete.org\/ayuntamiento\/biblioteca-informacion-especial-covid-19\/","title":{"rendered":"Biblioteca &#8211; Informaci\u00f3n COVID-19"},"content":{"rendered":"<p style=\"text-align: justify;\"><b>Os ofrecemos enlaces interesantes para la comunidad ante la situaci\u00f3n del COVID-19<\/b><\/p>\n<p style=\"text-align: justify;\">Desde la Biblioteca estamos actualizando nuestra web y hemos a\u00f1adido enlaces y recursos de inter\u00e9s que os pueden servir para esta situaci\u00f3n que estamos atravesando. Ten\u00e9is recomendaciones de Servicios Sociales, tel\u00e9fonos de inter\u00e9s, horarios de buses, recomendaciones para las salidas con nuestros ni\u00f1os&#8230;<\/p>\n<p style=\"text-align: justify;\">Una de las cuestiones clave de la respuesta al COVID-19 ha sido la lucha contra la \u2018infodemia\u2019: el volumen de informaci\u00f3n enga\u00f1osa que se extiende por todo el mundo. En este sentido las bibliotecas tienen un papel potencial clave que desempe\u00f1ar en el mundo de las noticias falsas y de la post verdad.<\/p>\n<p style=\"text-align: justify;\"><b>C\u00d3MO DETECTAR NOTICIAS FALSAS Edici\u00f3n COVID-19<\/b><\/p>\n<p style=\"text-align: justify;\">CONSIDERA LA FUENTE<br \/>\n\u00bfQui\u00e9n es el autor? Comprueba si es un experto en el tema.<\/p>\n<p style=\"text-align: justify;\">FUENTES DE APOYO<br \/>\nHaz clic en los enlaces o consulta las fuentes oficiales. \u00bfAvalan esa historia?<\/p>\n<p style=\"text-align: justify;\">\u00bfES UNA BROMA?<br \/>\nSi es demasiado extravagante, podr\u00eda ser una broma. Investiga la fuente para estar seguro.<\/p>\n<p style=\"text-align: justify;\">PREGUNTA A LOS EXPERTOS<br \/>\nPreg\u00fanta a un bibliotecario, o consulta un sitio de verificaci\u00f3n de noticias en una fuente oficial como la OMS.<\/p>\n<p style=\"text-align: justify;\">LEE M\u00c1S ALL\u00c1<br \/>\nLos titulares pueden ser llamativos para conseguir m\u00e1s visitas. Lee la noticia completa.<\/p>\n<p style=\"text-align: justify;\">\u00bfEST\u00c1N LOS DEM\u00c1S DE ACUERDO?<br \/>\n\u00bfHay otros sitios que informen sobre esa noticia? \u00bfQu\u00e9 fuentes citan?<\/p>\n<p style=\"text-align: justify;\">CONFRONTA TUS PREJUICIOS<br \/>\nConsidera si tus propias creencias o preocupaciones podr\u00edan afectar tu juicio sobre lo expuesto.<\/p>\n<p style=\"text-align: justify;\">MIRA ANTES DE COMPARTIR<br \/>\n\u00a1No compartas mensajes o historias que no hayas revisado primero!<\/p>\n<p style=\"text-align: justify;\"><b>ENTRETENIMIENTO PARA EL CONFINAMIENTO<\/b><br \/>\nDesde ABIBA&nbsp; (Asociaci\u00f3n de bibliotecarias y bibliotecarios de Albacete), nos hemos querido sumar a las iniciativas para hacer m\u00e1s llevadera esta situaci\u00f3n. Si te parece interesante m\u00e1ndasela a quien le pueda interesar. Gracias desde ABIBA. En el banner lateral encontrar\u00e1s el pdf para descargar el achivo<\/p>\n<p style=\"text-align: justify;\"><b>INFORMACI\u00d3N LOCAL COVID19 PARA NUESTROS CIUDADANOS<\/b><\/p>\n<p style=\"text-align: justify;\">Os ofrecemos informaci\u00f3n de las diferentes concejal\u00edas del Ayuntamiento de Caudete para inter\u00e9s de nuestros ciudadanos.<\/p>\n<p style=\"text-align: justify;\"><b>COMUNICADO DE LA CONCEJALIA DE MOVILIDAD<\/b><br \/>\nLa empresa de transporte MONBUS nos informa sobre cambio de horario del servicio Caudete &#8211; Almansa &#8211; Albacete, por Alerta Sanitaria COVID &#8211; 19, el servicio se realizar\u00e1 PARADA A DEMANDA, a partir del pr\u00f3ximo d\u00eda 22 abril 2020.<br \/>\nLlamar 24h antes, de lunes a viernes laborables, de 9 a 14h Tlf. 676 58 74 07 &#8211;600 96 87 40<\/p>\n<p style=\"text-align: justify;\"><b>SERVICIOS VIRTUALES DE LA BIBLIOTECA DE CAUDETE EBIBLIO Y EFILM DE LA RED DE BIBLIOTECAS DE CASTILLA LA MANCHA <\/b><br \/>\nDestacamos que el servicio eBiblio, y eFilm , ofrece a todas las personas usuarias de la Red de Bibliotecas P\u00fablicas de Castilla-La Mancha la posibilidad de acceder a&nbsp;libros, revistas, audiolibros y pel\u00edculas en pr\u00e9stamo. Todos los usuarios de la biblioteca de Caudete o de cualquier biblioteca de CLM pueden hacer uso de \u00e9l, es un servicio gratuito y legal. El acceso es por estas webs: <a href=\"https:\/\/castillalamancha.ebiblio.es\/\" target=\"_blank\" rel=\"noopener noreferrer nofollow\">https:\/\/castillalamancha.ebiblio.es\/<\/a> y <a href=\"https:\/\/castillalamancha.efilm.online\/es\/castillalamancha\" target=\"_blank\" rel=\"noopener noreferrer nofollow\">https:\/\/castillalamancha.efilm.online\/es\/castillalamancha<\/a><\/p>\n<p style=\"text-align: justify;\">Si no recuerdas tu usuario y contrase\u00f1a, ponte en contacto con nosotros, por Facebook <a href=\"https:\/\/www.facebook.com\/caudetebiblio\" target=\"_blank\" rel=\"noopener noreferrer nofollow\">https:\/\/www.facebook.com\/caudetebiblio<\/a> , correo <a href=\"mailto:biblioteca@caudete.org\" target=\"_blank\" rel=\"noopener noreferrer nofollow\">biblioteca@caudete.org<\/a> o por WhatsApp y te damos las claves de acceso. Para los que no sean socios de forma excepcional pueden registrarse en esta web <a href=\"https:\/\/castillalamancha.ebiblio.es\/opac\/#alta\" target=\"_blank\" rel=\"noopener noreferrer nofollow\">https:\/\/castillalamancha.ebiblio.es\/opac\/#alta<\/a>.<\/p>\n<p style=\"text-align: justify;\"><b>GU\u00cdA DE BUENAS PR\u00c1CTICAS EN LAS SALIDAS DE LA POBLACI\u00d3N INFANTIL DURANTE EL ESTADO DE ALARMA <\/b>Descargable en el lateral<\/p>\n<p style=\"text-align: justify;\"><b>RECURSOS PARA LOS ALUMNOS DE BACHILLERATO DE CARA A LA EVAU <\/b><br \/>\nLa crisis sanitaria por el Coronavirus, que ha obligado al cierre de los centros educativos de toda Espa\u00f1a, crea una especial incertidumbre en los estudiantes de 2\u00ba de Bachillerato de cara a las pruebas de la EvaU. Proponemos diversos recursos digitales y en abierto que pueden resultarles \u00fatiles para estudiar a distancia. <a href=\"https:\/\/www.educaciontrespuntocero.com\/recursos\/recursos-bachillerato-evau\/?fbclid=IwAR2S_sGYrWQWIaYD_mFRVC4F-5NZJfmN--krm9a0Ro6s6KbHYcO0qwRVmyQ\" target=\"_blank\" rel=\"noopener noreferrer nofollow\">Recursos Bachiller<\/a><\/p>\n<hr>\n<p style=\"text-align: justify;\">El nuevo papel de la biblioteca en la sociedad de la informaci\u00f3n exige una integraci\u00f3n cada vez mayor de la biblioteca en la comunidad de usuarios a la que atiende.<\/p>\n<p style=\"text-align: justify;\">As\u00ed, desde la Biblioteca Ana Mar\u00eda Matute queremos dinamizar este servicio, actualizando el tabl\u00f3n de anuncios de la Biblioteca con informaci\u00f3n de inter\u00e9s para la comunidad, destinado a satisfacer las necesidades informativas de nuestros usuarios referente a temas de car\u00e1cter pr\u00e1ctico de nuestra localidad.<\/p>\n<p style=\"text-align: justify;\">La informaci\u00f3n que se puede encontrar es:<\/p>\n<p style=\"text-align: justify;\">&#8211; Informaci\u00f3n tur\u00edstica (planos, gu\u00edas, callejeros&#8230;de la localidad).<br \/>\n&#8211; Informaci\u00f3n general (gu\u00edas telef\u00f3nicas, organismos oficiales, salud p\u00fablica, trabajo y empleo, asistencia m\u00e9dica, asistencia social&#8230;).<br \/>\n&#8211; Juventud (programaci\u00f3n juvenil, deporte, estudios y becas&#8230;).<br \/>\n&#8211; Informaci\u00f3n cultural (conferencias, concursos, exposiciones&#8230;.<\/p>\n<p style=\"text-align: justify;\">Adem\u00e1s desde la web puede acceder al servicio de informaci\u00f3n <a href=\"http:\/\/www.pregunte.es\" target=\"_blank\" rel=\"noopener noreferrer nofollow\">Pregunte: las Bibliotecas responden <\/a>. Este es un servicio de atenci\u00f3n de consultas y peticiones de informaci\u00f3n a trav\u00e9s de Internet. Cualquier ciudadano puede plantear su pregunta en la p\u00e1gina web del servicio Pregunte y, antes de 72 horas, recibir\u00e1 por correo electr\u00f3nico la respuesta, elaborada por profesionales de la b\u00fasqueda y organizaci\u00f3n de la informaci\u00f3n.<\/p>\n<p><strong>Ficheros adjuntos<\/strong><\/p>\n<hr>\n<p><strong><a href=\"http:\/\/caudete.org\/ayuntamiento\/eniusimg\/enius146\/2020\/04\/adjuntos_fichero_942018da32124a46.pdf\" class=\"mtli_attachment mtli_pdf\" target=\"_blank\" rel=\"noopener noreferrer nofollow\">How to spot fake news<\/a><\/strong><\/p>\n<p><strong><a href=\"http:\/\/caudete.org\/ayuntamiento\/eniusimg\/enius146\/2020\/04\/adjuntos_fichero_cec7d1080421cd27.pdf\" class=\"mtli_attachment mtli_pdf\" target=\"_blank\" rel=\"noopener noreferrer nofollow\">Entretenimiento para el confinamiento<\/a><\/strong><\/p>\n<p><strong><a href=\"http:\/\/caudete.org\/ayuntamiento\/eniusimg\/enius146\/2020\/04\/adjuntos_fichero_18002183ea77f82f.jpg\" rel='prettyPhoto' target=\"_blank\" rel=\"noopener noreferrer nofollow\">Pr\u00e9stamo simult\u00e1neo<\/a><\/strong><\/p>\n<p><strong><a href=\"http:\/\/caudete.org\/ayuntamiento\/eniusimg\/enius146\/2020\/04\/adjuntos_fichero_cde8b567f9069b00.pdf\" class=\"mtli_attachment mtli_pdf\" target=\"_blank\" rel=\"noopener noreferrer nofollow\">Gu\u00eda buenas pr\u00e1cticas infantil<\/a><\/strong><\/p>\n<p>&nbsp;<\/p>\nngg_shortcode_0_placeholder\n","protected":false},"excerpt":{"rendered":"<p>Os ofrecemos enlaces interesantes para la comunidad ante la situaci\u00f3n del COVID-19 Desde la Biblioteca estamos actualizando nuestra web y hemos a\u00f1adido enlaces y recursos de inter\u00e9s que os pueden servir para esta situaci\u00f3n que estamos atravesando. Ten\u00e9is recomendaciones de Servicios Sociales, tel\u00e9fonos de inter\u00e9s, horarios de buses, recomendaciones para las salidas con nuestros ni\u00f1os&#8230; &hellip;<\/p>\n","protected":false},"author":1,"featured_media":0,"parent":0,"menu_order":0,"comment_status":"closed","ping_status":"closed","template":"","meta":{"ngg_post_thumbnail":0,"footnotes":""},"categories":[105],"tags":[],"class_list":["post-7133","page","type-page","status-publish","hentry","category-biblioteca"],"yoast_head":"<!-- This site is optimized with the Yoast SEO plugin v27.5 - https:\/\/yoast.com\/product\/yoast-seo-wordpress\/ -->\n<title>Biblioteca - Informaci\u00f3n COVID-19 - MI Ayuntamiento de Caudete<\/title>\n<meta name=\"description\" content=\"P\u00e1gina Oficial del Ayuntamiento de Caudete (Albacete)\" \/>\n<meta name=\"robots\" content=\"index, follow, max-snippet:-1, max-image-preview:large, max-video-preview:-1\" \/>\n<link rel=\"canonical\" href=\"https:\/\/www.caudete.org\/ayuntamiento\/biblioteca-informacion-especial-covid-19\/\" \/>\n<meta property=\"og:locale\" content=\"es_ES\" \/>\n<meta property=\"og:type\" content=\"article\" \/>\n<meta property=\"og:title\" content=\"Biblioteca - Informaci\u00f3n COVID-19 - MI Ayuntamiento de Caudete\" \/>\n<meta property=\"og:description\" content=\"P\u00e1gina Oficial del Ayuntamiento de Caudete (Albacete)\" \/>\n<meta property=\"og:url\" content=\"https:\/\/www.caudete.org\/ayuntamiento\/biblioteca-informacion-especial-covid-19\/\" \/>\n<meta property=\"og:site_name\" content=\"MI Ayuntamiento de Caudete\" \/>\n<meta property=\"article:publisher\" content=\"https:\/\/www.facebook.com\/ayuntamientocaudete\/\" \/>\n<meta property=\"article:modified_time\" content=\"2024-06-21T17:17:39+00:00\" \/>\n<meta name=\"twitter:card\" content=\"summary_large_image\" \/>\n<meta name=\"twitter:label1\" content=\"Tiempo de lectura\" \/>\n\t<meta name=\"twitter:data1\" content=\"4 minutos\" \/>\n<script type=\"application\/ld+json\" class=\"yoast-schema-graph\">{\"@context\":\"https:\\\/\\\/schema.org\",\"@graph\":[{\"@type\":\"WebPage\",\"@id\":\"https:\\\/\\\/www.caudete.org\\\/ayuntamiento\\\/biblioteca-informacion-especial-covid-19\\\/\",\"url\":\"https:\\\/\\\/www.caudete.org\\\/ayuntamiento\\\/biblioteca-informacion-especial-covid-19\\\/\",\"name\":\"Biblioteca - Informaci\u00f3n COVID-19 - MI Ayuntamiento de Caudete\",\"isPartOf\":{\"@id\":\"https:\\\/\\\/www.caudete.org\\\/ayuntamiento\\\/#website\"},\"datePublished\":\"2020-12-06T17:34:10+00:00\",\"dateModified\":\"2024-06-21T17:17:39+00:00\",\"description\":\"P\u00e1gina Oficial del Ayuntamiento de Caudete (Albacete)\",\"breadcrumb\":{\"@id\":\"https:\\\/\\\/www.caudete.org\\\/ayuntamiento\\\/biblioteca-informacion-especial-covid-19\\\/#breadcrumb\"},\"inLanguage\":\"es\",\"potentialAction\":[{\"@type\":\"ReadAction\",\"target\":[\"https:\\\/\\\/www.caudete.org\\\/ayuntamiento\\\/biblioteca-informacion-especial-covid-19\\\/\"]}]},{\"@type\":\"BreadcrumbList\",\"@id\":\"https:\\\/\\\/www.caudete.org\\\/ayuntamiento\\\/biblioteca-informacion-especial-covid-19\\\/#breadcrumb\",\"itemListElement\":[{\"@type\":\"ListItem\",\"position\":1,\"name\":\"Inicio\",\"item\":\"https:\\\/\\\/www.caudete.org\\\/ayuntamiento\\\/\"},{\"@type\":\"ListItem\",\"position\":2,\"name\":\"Biblioteca &#8211; Informaci\u00f3n COVID-19\"}]},{\"@type\":\"WebSite\",\"@id\":\"https:\\\/\\\/www.caudete.org\\\/ayuntamiento\\\/#website\",\"url\":\"https:\\\/\\\/www.caudete.org\\\/ayuntamiento\\\/\",\"name\":\"MI Ayuntamiento de Caudete\",\"description\":\"P\u00e1gina Oficial del MI Ayuntamiento de Caudete\",\"potentialAction\":[{\"@type\":\"SearchAction\",\"target\":{\"@type\":\"EntryPoint\",\"urlTemplate\":\"https:\\\/\\\/www.caudete.org\\\/ayuntamiento\\\/?s={search_term_string}\"},\"query-input\":{\"@type\":\"PropertyValueSpecification\",\"valueRequired\":true,\"valueName\":\"search_term_string\"}}],\"inLanguage\":\"es\"}]}<\/script>\n<!-- \/ Yoast SEO plugin. -->","yoast_head_json":{"title":"Biblioteca - Informaci\u00f3n COVID-19 - MI Ayuntamiento de Caudete","description":"P\u00e1gina Oficial del Ayuntamiento de Caudete (Albacete)","robots":{"index":"index","follow":"follow","max-snippet":"max-snippet:-1","max-image-preview":"max-image-preview:large","max-video-preview":"max-video-preview:-1"},"canonical":"https:\/\/www.caudete.org\/ayuntamiento\/biblioteca-informacion-especial-covid-19\/","og_locale":"es_ES","og_type":"article","og_title":"Biblioteca - Informaci\u00f3n COVID-19 - MI Ayuntamiento de Caudete","og_description":"P\u00e1gina Oficial del Ayuntamiento de Caudete (Albacete)","og_url":"https:\/\/www.caudete.org\/ayuntamiento\/biblioteca-informacion-especial-covid-19\/","og_site_name":"MI Ayuntamiento de Caudete","article_publisher":"https:\/\/www.facebook.com\/ayuntamientocaudete\/","article_modified_time":"2024-06-21T17:17:39+00:00","twitter_card":"summary_large_image","twitter_misc":{"Tiempo de lectura":"4 minutos"},"schema":{"@context":"https:\/\/schema.org","@graph":[{"@type":"WebPage","@id":"https:\/\/www.caudete.org\/ayuntamiento\/biblioteca-informacion-especial-covid-19\/","url":"https:\/\/www.caudete.org\/ayuntamiento\/biblioteca-informacion-especial-covid-19\/","name":"Biblioteca - Informaci\u00f3n COVID-19 - MI Ayuntamiento de Caudete","isPartOf":{"@id":"https:\/\/www.caudete.org\/ayuntamiento\/#website"},"datePublished":"2020-12-06T17:34:10+00:00","dateModified":"2024-06-21T17:17:39+00:00","description":"P\u00e1gina Oficial del Ayuntamiento de Caudete (Albacete)","breadcrumb":{"@id":"https:\/\/www.caudete.org\/ayuntamiento\/biblioteca-informacion-especial-covid-19\/#breadcrumb"},"inLanguage":"es","potentialAction":[{"@type":"ReadAction","target":["https:\/\/www.caudete.org\/ayuntamiento\/biblioteca-informacion-especial-covid-19\/"]}]},{"@type":"BreadcrumbList","@id":"https:\/\/www.caudete.org\/ayuntamiento\/biblioteca-informacion-especial-covid-19\/#breadcrumb","itemListElement":[{"@type":"ListItem","position":1,"name":"Inicio","item":"https:\/\/www.caudete.org\/ayuntamiento\/"},{"@type":"ListItem","position":2,"name":"Biblioteca &#8211; Informaci\u00f3n COVID-19"}]},{"@type":"WebSite","@id":"https:\/\/www.caudete.org\/ayuntamiento\/#website","url":"https:\/\/www.caudete.org\/ayuntamiento\/","name":"MI Ayuntamiento de Caudete","description":"P\u00e1gina Oficial del MI Ayuntamiento de Caudete","potentialAction":[{"@type":"SearchAction","target":{"@type":"EntryPoint","urlTemplate":"https:\/\/www.caudete.org\/ayuntamiento\/?s={search_term_string}"},"query-input":{"@type":"PropertyValueSpecification","valueRequired":true,"valueName":"search_term_string"}}],"inLanguage":"es"}]}},"_links":{"self":[{"href":"https:\/\/www.caudete.org\/ayuntamiento\/wp-json\/wp\/v2\/pages\/7133","targetHints":{"allow":["GET"]}}],"collection":[{"href":"https:\/\/www.caudete.org\/ayuntamiento\/wp-json\/wp\/v2\/pages"}],"about":[{"href":"https:\/\/www.caudete.org\/ayuntamiento\/wp-json\/wp\/v2\/types\/page"}],"author":[{"embeddable":true,"href":"https:\/\/www.caudete.org\/ayuntamiento\/wp-json\/wp\/v2\/users\/1"}],"replies":[{"embeddable":true,"href":"https:\/\/www.caudete.org\/ayuntamiento\/wp-json\/wp\/v2\/comments?post=7133"}],"version-history":[{"count":11,"href":"https:\/\/www.caudete.org\/ayuntamiento\/wp-json\/wp\/v2\/pages\/7133\/revisions"}],"predecessor-version":[{"id":7137,"href":"https:\/\/www.caudete.org\/ayuntamiento\/wp-json\/wp\/v2\/pages\/7133\/revisions\/7137"}],"wp:attachment":[{"href":"https:\/\/www.caudete.org\/ayuntamiento\/wp-json\/wp\/v2\/media?parent=7133"}],"wp:term":[{"taxonomy":"category","embeddable":true,"href":"https:\/\/www.caudete.org\/ayuntamiento\/wp-json\/wp\/v2\/categories?post=7133"},{"taxonomy":"post_tag","embeddable":true,"href":"https:\/\/www.caudete.org\/ayuntamiento\/wp-json\/wp\/v2\/tags?post=7133"}],"curies":[{"name":"wp","href":"https:\/\/api.w.org\/{rel}","templated":true}]}}