{"id":7217,"date":"2020-12-06T19:12:48","date_gmt":"2020-12-06T18:12:48","guid":{"rendered":"http:\/\/www.caudete.org\/ayuntamiento\/?page_id=7217"},"modified":"2025-08-18T14:48:56","modified_gmt":"2025-08-18T12:48:56","slug":"biblioteca-clubes-de-lectura","status":"publish","type":"page","link":"https:\/\/www.caudete.org\/ayuntamiento\/biblioteca-clubes-de-lectura\/","title":{"rendered":"Biblioteca &#8211; Clubes de Lectura"},"content":{"rendered":"<h1 class=\"western\" style=\"text-align: left;\"><span style=\"color: #000000; font-size: 18pt;\"><strong><span style=\"font-family: georgia, palatino, serif;\">Los clubes de lectura de la biblioteca p\u00fablica Municipal<br \/>\nAna Mar\u00eda Matute<\/span><\/strong><\/span><\/h1>\n<p style=\"text-align: justify;\"><span style=\"font-family: georgia, palatino, serif;\"><span style=\"font-size: medium;\">Desde el M.I. Ayuntamiento de Caudete y a trav\u00e9s de la Concejal\u00eda de Cultura, se organiza <\/span><span style=\"font-size: medium;\">este proyecto de animaci\u00f3n a la lectura gestionado por <\/span> <strong><span style=\"font-size: medium;\">Biblioteca P\u00fablica Municipal Ana Mar\u00eda Matute.<\/span><\/strong><\/span><\/p>\n<p style=\"text-align: justify;\"><span style=\"font-family: georgia, palatino, serif;\"><span style=\"font-size: medium;\">Se trata del proyecto m\u00e1s emblem\u00e1tico y transformador de la l<\/span><span style=\"font-size: medium;\">a Biblioteca P\u00fablica Municipal <\/span><em><span style=\"font-size: medium;\">Ana Mar\u00eda Matute, <\/span><\/em><em><span style=\"font-size: medium;\">puesto en marcha desde el a\u00f1o 2002, <\/span><\/em><span style=\"font-size: medium;\"> una red de <\/span><span style=\"font-size: medium;\">numerosos clubes de lectura. El pasado curso 2024\/2025 fueron <\/span><strong><span style=\"font-size: medium;\">18 <\/span><\/strong><strong><span style=\"font-size: medium;\">los<\/span><\/strong><strong><span style=\"font-size: medium;\"> clubes de lectura<\/span><\/strong><span style=\"font-size: medium;\"> que, curso tras curso, tejen lazos, fomentan el h\u00e1bito lector y convierten los libros en una herramienta de inclusi\u00f3n, participaci\u00f3n y bienestar.<\/span><\/span><\/p>\n<p style=\"text-align: justify;\"><span style=\"font-family: georgia, palatino, serif;\"><span style=\"font-size: medium;\">Este programa \u2014referente en <\/span><span style=\"font-size: medium;\">la provincia de Albacete y reconocido con la I Beca de Iberbibliotecas<\/span><span style=\"font-size: medium;\">\u2014 est\u00e1 dise\u00f1ado para <\/span><strong><span style=\"font-size: medium;\">todas las edades, intereses y niveles lectores<\/span><\/strong><span style=\"font-size: medium;\">, desde beb\u00e9s y familias hasta j\u00f3venes, adultos y mayores. Con una metodolog\u00eda participativa, creativa y adaptada a cada colectivo, los clubes promueven la <\/span><strong><span style=\"font-size: medium;\">accesibilidad universal<\/span><\/strong><span style=\"font-size: medium;\">, la <\/span><strong><span style=\"font-size: medium;\">igualdad de oportunidades<\/span><\/strong><span style=\"font-size: medium;\"> y la <\/span><strong><span style=\"font-size: medium;\">sostenibilidad ambiental<\/span><\/strong><span style=\"font-size: medium;\">, incorporando recursos como lectura f\u00e1cil, audiolibros, libros digitales, materiales visuales <\/span><span style=\"font-size: medium;\">entre otros<\/span><span style=\"font-size: medium;\">.<\/span><\/span><\/p>\n<p style=\"text-align: justify;\"><span style=\"font-family: georgia, palatino, serif;\"><span style=\"font-size: medium;\">El proyecto llega a toda la poblaci\u00f3n de Caudete, con <\/span><strong><span style=\"font-size: medium;\">287 participantes<\/span><\/strong><span style=\"font-size: medium;\"> en el curso 2024\/2025, e integra a colectivos en riesgo de exclusi\u00f3n \u2014personas con discapacidad, problemas de salud mental, infancia vulnerable o mayores\u2014, trabajando de la mano con centros educativos, asociaciones y servicios <\/span><span style=\"font-size: medium;\">municipales. <\/span><\/span><\/p>\n<p style=\"text-align: justify;\"><span style=\"font-family: georgia, palatino, serif;\"><span style=\"font-size: medium;\">Adem\u00e1s de ser espacios de lectura y di\u00e1logo, los clubes de lectura son un motor cultural para la localidad: <\/span><strong><span style=\"font-size: medium;\">visibilizan la diversidad y el talento de sus participantes<\/span><\/strong><span style=\"font-size: medium;\">, acercan la biblioteca a todos los rincones del municipio y convierten cada encuentro en una oportunidad para aprender, compartir y crecer en comunidad. <\/span><\/span><\/p>\n<div id=\"metaslider-id-30168\" style=\"width: 100%;\" class=\"ml-slider-3-108-0 metaslider metaslider-flex metaslider-30168 ml-slider has-carousel-mode ms-theme-default-base nav-hidden\" role=\"region\" aria-label=\"BIBLIOTECA 2025\" data-height=\"800\" data-width=\"1200\">\n    <div id=\"metaslider_container_30168\">\n        <div id=\"metaslider_30168\">\n            <ul aria-live='off' class='slides'>\n                <li style=\"display: none; width: 100%;\" class=\"slide-30203 ms-image \" aria-roledescription=\"slide\" data-date=\"2025-08-12 12:59:26\" data-filename=\"25N-844x563.jpg\" data-slide-type=\"image\"><img fetchpriority=\"high\" decoding=\"async\" src=\"https:\/\/www.caudete.org\/ayuntamiento\/wp-content\/uploads\/2025\/08\/25N-844x563.jpg\" height=\"800\" width=\"1200\" alt=\"\" class=\"slider-30168 slide-30203 msDefaultImage\" title=\"25N\" \/><\/li>\n                <li style=\"display: none; width: 100%;\" class=\"slide-30204 ms-image \" aria-roledescription=\"slide\" data-date=\"2025-08-12 12:59:26\" data-filename=\"auditorio-844x563.jpg\" data-slide-type=\"image\"><img decoding=\"async\" src=\"https:\/\/www.caudete.org\/ayuntamiento\/wp-content\/uploads\/2025\/08\/auditorio-844x563.jpg\" height=\"800\" width=\"1200\" alt=\"\" class=\"slider-30168 slide-30204 msDefaultImage\" title=\"auditorio\" \/><\/li>\n                <li style=\"display: none; width: 100%;\" class=\"slide-30205 ms-image \" aria-roledescription=\"slide\" data-date=\"2025-08-12 12:59:26\" data-filename=\"cartelclubnemo-562x374.jpg\" data-slide-type=\"image\"><img decoding=\"async\" src=\"https:\/\/www.caudete.org\/ayuntamiento\/wp-content\/uploads\/2025\/08\/cartelclubnemo-562x374.jpg\" height=\"800\" width=\"1200\" alt=\"\" class=\"slider-30168 slide-30205 msDefaultImage\" title=\"cartelclubnemo\" \/><\/li>\n                <li style=\"display: none; width: 100%;\" class=\"slide-30206 ms-image \" aria-roledescription=\"slide\" data-date=\"2025-08-12 12:59:26\" data-filename=\"casasibanez-1000x666.jpg\" data-slide-type=\"image\"><img loading=\"lazy\" decoding=\"async\" src=\"https:\/\/www.caudete.org\/ayuntamiento\/wp-content\/uploads\/2025\/08\/casasibanez-1000x666.jpg\" height=\"800\" width=\"1200\" alt=\"\" class=\"slider-30168 slide-30206 msDefaultImage\" title=\"casasiba\u00f1ez\" \/><\/li>\n                <li style=\"display: none; width: 100%;\" class=\"slide-30207 ms-image \" aria-roledescription=\"slide\" data-date=\"2025-08-12 12:59:27\" data-filename=\"consumoplacer-1000x666.jpg\" data-slide-type=\"image\"><img loading=\"lazy\" decoding=\"async\" src=\"https:\/\/www.caudete.org\/ayuntamiento\/wp-content\/uploads\/2025\/08\/consumoplacer-1000x666.jpg\" height=\"800\" width=\"1200\" alt=\"\" class=\"slider-30168 slide-30207 msDefaultImage\" title=\"consumoplacer\" \/><\/li>\n                <li style=\"display: none; width: 100%;\" class=\"slide-30208 ms-image \" aria-roledescription=\"slide\" data-date=\"2025-08-12 12:59:27\" data-filename=\"emocionometro-1000x666.jpg\" data-slide-type=\"image\"><img loading=\"lazy\" decoding=\"async\" src=\"https:\/\/www.caudete.org\/ayuntamiento\/wp-content\/uploads\/2025\/08\/emocionometro-1000x666.jpg\" height=\"800\" width=\"1200\" alt=\"\" class=\"slider-30168 slide-30208 msDefaultImage\" title=\"emocionometro\" \/><\/li>\n                <li style=\"display: none; width: 100%;\" class=\"slide-30209 ms-image \" aria-roledescription=\"slide\" data-date=\"2025-08-12 12:59:27\" data-filename=\"encuentrofacil-835x556.jpg\" data-slide-type=\"image\"><img loading=\"lazy\" decoding=\"async\" src=\"https:\/\/www.caudete.org\/ayuntamiento\/wp-content\/uploads\/2025\/08\/encuentrofacil-835x556.jpg\" height=\"800\" width=\"1200\" alt=\"\" class=\"slider-30168 slide-30209 msDefaultImage\" title=\"encuentrofacil\" \/><\/li>\n                <li style=\"display: none; width: 100%;\" class=\"slide-30210 ms-image \" aria-roledescription=\"slide\" data-date=\"2025-08-12 12:59:27\" data-filename=\"erasmusgala-844x563.jpg\" data-slide-type=\"image\"><img loading=\"lazy\" decoding=\"async\" src=\"https:\/\/www.caudete.org\/ayuntamiento\/wp-content\/uploads\/2025\/08\/erasmusgala-844x563.jpg\" height=\"800\" width=\"1200\" alt=\"\" class=\"slider-30168 slide-30210 msDefaultImage\" title=\"erasmusgala\" \/><\/li>\n                <li style=\"display: none; width: 100%;\" class=\"slide-30211 ms-image \" aria-roledescription=\"slide\" data-date=\"2025-08-12 12:59:27\" data-filename=\"erasmusincles-1000x666.jpg\" data-slide-type=\"image\"><img loading=\"lazy\" decoding=\"async\" src=\"https:\/\/www.caudete.org\/ayuntamiento\/wp-content\/uploads\/2025\/08\/erasmusincles-1000x666.jpg\" height=\"800\" width=\"1200\" alt=\"\" class=\"slider-30168 slide-30211 msDefaultImage\" title=\"erasmusincles\" \/><\/li>\n                <li style=\"display: none; width: 100%;\" class=\"slide-30212 ms-image \" aria-roledescription=\"slide\" data-date=\"2025-08-12 12:59:27\" data-filename=\"fotoerasmusfrances-1000x666.jpg\" data-slide-type=\"image\"><img loading=\"lazy\" decoding=\"async\" src=\"https:\/\/www.caudete.org\/ayuntamiento\/wp-content\/uploads\/2025\/08\/fotoerasmusfrances-1000x666.jpg\" height=\"800\" width=\"1200\" alt=\"\" class=\"slider-30168 slide-30212 msDefaultImage\" title=\"fotoerasmusfrances\" \/><\/li>\n                <li style=\"display: none; width: 100%;\" class=\"slide-30213 ms-image \" aria-roledescription=\"slide\" data-date=\"2025-08-12 12:59:27\" data-filename=\"gala-844x563.jpg\" data-slide-type=\"image\"><img loading=\"lazy\" decoding=\"async\" src=\"https:\/\/www.caudete.org\/ayuntamiento\/wp-content\/uploads\/2025\/08\/gala-844x563.jpg\" height=\"800\" width=\"1200\" alt=\"\" class=\"slider-30168 slide-30213 msDefaultImage\" title=\"gala\" \/><\/li>\n                <li style=\"display: none; width: 100%;\" class=\"slide-30214 ms-image \" aria-roledescription=\"slide\" data-date=\"2025-08-12 12:59:27\" data-filename=\"inscripciones2-1000x666.jpg\" data-slide-type=\"image\"><img loading=\"lazy\" decoding=\"async\" src=\"https:\/\/www.caudete.org\/ayuntamiento\/wp-content\/uploads\/2025\/08\/inscripciones2-1000x666.jpg\" height=\"800\" width=\"1200\" alt=\"\" class=\"slider-30168 slide-30214 msDefaultImage\" title=\"inscripciones2\" \/><\/li>\n                <li style=\"display: none; width: 100%;\" class=\"slide-30215 ms-image \" aria-roledescription=\"slide\" data-date=\"2025-08-12 12:59:28\" data-filename=\"inscripcionesclubes-1000x666.jpg\" data-slide-type=\"image\"><img loading=\"lazy\" decoding=\"async\" src=\"https:\/\/www.caudete.org\/ayuntamiento\/wp-content\/uploads\/2025\/08\/inscripcionesclubes-1000x666.jpg\" height=\"800\" width=\"1200\" alt=\"\" class=\"slider-30168 slide-30215 msDefaultImage\" title=\"inscripcionesclubes\" \/><\/li>\n                <li style=\"display: none; width: 100%;\" class=\"slide-30216 ms-image \" aria-roledescription=\"slide\" data-date=\"2025-08-12 12:59:28\" data-filename=\"lectibe-1000x666.jpg\" data-slide-type=\"image\"><img loading=\"lazy\" decoding=\"async\" src=\"https:\/\/www.caudete.org\/ayuntamiento\/wp-content\/uploads\/2025\/08\/lectibe-1000x666.jpg\" height=\"800\" width=\"1200\" alt=\"\" class=\"slider-30168 slide-30216 msDefaultImage\" title=\"lectibe\" \/><\/li>\n                <li style=\"display: none; width: 100%;\" class=\"slide-30217 ms-image \" aria-roledescription=\"slide\" data-date=\"2025-08-12 12:59:28\" data-filename=\"lectibecasasibanes-843x562.jpg\" data-slide-type=\"image\"><img loading=\"lazy\" decoding=\"async\" src=\"https:\/\/www.caudete.org\/ayuntamiento\/wp-content\/uploads\/2025\/08\/lectibecasasibanes-843x562.jpg\" height=\"800\" width=\"1200\" alt=\"\" class=\"slider-30168 slide-30217 msDefaultImage\" title=\"lectibecasasiba\u00f1es\" \/><\/li>\n                <li style=\"display: none; width: 100%;\" class=\"slide-30218 ms-image \" aria-roledescription=\"slide\" data-date=\"2025-08-12 12:59:28\" data-filename=\"lossimpons-843x562.jpg\" data-slide-type=\"image\"><img loading=\"lazy\" decoding=\"async\" src=\"https:\/\/www.caudete.org\/ayuntamiento\/wp-content\/uploads\/2025\/08\/lossimpons-843x562.jpg\" height=\"800\" width=\"1200\" alt=\"\" class=\"slider-30168 slide-30218 msDefaultImage\" title=\"lossimpons\" \/><\/li>\n                <li style=\"display: none; width: 100%;\" class=\"slide-30219 ms-image \" aria-roledescription=\"slide\" data-date=\"2025-08-12 12:59:28\" data-filename=\"maraton-1000x666.jpg\" data-slide-type=\"image\"><img loading=\"lazy\" decoding=\"async\" src=\"https:\/\/www.caudete.org\/ayuntamiento\/wp-content\/uploads\/2025\/08\/maraton-1000x666.jpg\" height=\"800\" width=\"1200\" alt=\"\" class=\"slider-30168 slide-30219 msDefaultImage\" title=\"maraton\" \/><\/li>\n                <li style=\"display: none; width: 100%;\" class=\"slide-30220 ms-image \" aria-roledescription=\"slide\" data-date=\"2025-08-12 12:59:28\" data-filename=\"maraton2-844x563.jpg\" data-slide-type=\"image\"><img loading=\"lazy\" decoding=\"async\" src=\"https:\/\/www.caudete.org\/ayuntamiento\/wp-content\/uploads\/2025\/08\/maraton2-844x563.jpg\" height=\"800\" width=\"1200\" alt=\"\" class=\"slider-30168 slide-30220 msDefaultImage\" title=\"maraton2\" \/><\/li>\n                <li style=\"display: none; width: 100%;\" class=\"slide-30221 ms-image \" aria-roledescription=\"slide\" data-date=\"2025-08-12 12:59:28\" data-filename=\"maraton3-844x563.jpg\" data-slide-type=\"image\"><img loading=\"lazy\" decoding=\"async\" src=\"https:\/\/www.caudete.org\/ayuntamiento\/wp-content\/uploads\/2025\/08\/maraton3-844x563.jpg\" height=\"800\" width=\"1200\" alt=\"\" class=\"slider-30168 slide-30221 msDefaultImage\" title=\"maraton3\" \/><\/li>\n                <li style=\"display: none; width: 100%;\" class=\"slide-30222 ms-image \" aria-roledescription=\"slide\" data-date=\"2025-08-12 12:59:28\" data-filename=\"maratonclubes-844x563.jpg\" data-slide-type=\"image\"><img loading=\"lazy\" decoding=\"async\" src=\"https:\/\/www.caudete.org\/ayuntamiento\/wp-content\/uploads\/2025\/08\/maratonclubes-844x563.jpg\" height=\"800\" width=\"1200\" alt=\"\" class=\"slider-30168 slide-30222 msDefaultImage\" title=\"maratonclubes\" \/><\/li>\n                <li style=\"display: none; width: 100%;\" class=\"slide-30223 ms-image \" aria-roledescription=\"slide\" data-date=\"2025-08-12 12:59:29\" data-filename=\"mariazaragoza-844x563.jpg\" data-slide-type=\"image\"><img loading=\"lazy\" decoding=\"async\" src=\"https:\/\/www.caudete.org\/ayuntamiento\/wp-content\/uploads\/2025\/08\/mariazaragoza-844x563.jpg\" height=\"800\" width=\"1200\" alt=\"\" class=\"slider-30168 slide-30223 msDefaultImage\" title=\"mariazaragoza\" \/><\/li>\n                <li style=\"display: none; width: 100%;\" class=\"slide-30224 ms-image \" aria-roledescription=\"slide\" data-date=\"2025-08-12 12:59:29\" data-filename=\"menudocastill2-1000x666.jpg\" data-slide-type=\"image\"><img loading=\"lazy\" decoding=\"async\" src=\"https:\/\/www.caudete.org\/ayuntamiento\/wp-content\/uploads\/2025\/08\/menudocastill2-1000x666.jpg\" height=\"800\" width=\"1200\" alt=\"\" class=\"slider-30168 slide-30224 msDefaultImage\" title=\"menudocastill2\" \/><\/li>\n                <li style=\"display: none; width: 100%;\" class=\"slide-30225 ms-image \" aria-roledescription=\"slide\" data-date=\"2025-08-12 12:59:29\" data-filename=\"menudocastillo-1000x666.jpg\" data-slide-type=\"image\"><img loading=\"lazy\" decoding=\"async\" src=\"https:\/\/www.caudete.org\/ayuntamiento\/wp-content\/uploads\/2025\/08\/menudocastillo-1000x666.jpg\" height=\"800\" width=\"1200\" alt=\"\" class=\"slider-30168 slide-30225 msDefaultImage\" title=\"menudocastillo\" \/><\/li>\n                <li style=\"display: none; width: 100%;\" class=\"slide-30226 ms-image \" aria-roledescription=\"slide\" data-date=\"2025-08-12 12:59:29\" data-filename=\"movember-843x562.jpg\" data-slide-type=\"image\"><img loading=\"lazy\" decoding=\"async\" src=\"https:\/\/www.caudete.org\/ayuntamiento\/wp-content\/uploads\/2025\/08\/movember-843x562.jpg\" height=\"800\" width=\"1200\" alt=\"\" class=\"slider-30168 slide-30226 msDefaultImage\" title=\"movember\" \/><\/li>\n                <li style=\"display: none; width: 100%;\" class=\"slide-30227 ms-image \" aria-roledescription=\"slide\" data-date=\"2025-08-12 12:59:29\" data-filename=\"nemo_alba-843x562.jpg\" data-slide-type=\"image\"><img loading=\"lazy\" decoding=\"async\" src=\"https:\/\/www.caudete.org\/ayuntamiento\/wp-content\/uploads\/2025\/08\/nemo_alba-843x562.jpg\" height=\"800\" width=\"1200\" alt=\"\" class=\"slider-30168 slide-30227 msDefaultImage\" title=\"nemo_alba\" \/><\/li>\n                <li style=\"display: none; width: 100%;\" class=\"slide-30228 ms-image \" aria-roledescription=\"slide\" data-date=\"2025-08-12 12:59:29\" data-filename=\"nemo3-843x562.jpg\" data-slide-type=\"image\"><img loading=\"lazy\" decoding=\"async\" src=\"https:\/\/www.caudete.org\/ayuntamiento\/wp-content\/uploads\/2025\/08\/nemo3-843x562.jpg\" height=\"800\" width=\"1200\" alt=\"\" class=\"slider-30168 slide-30228 msDefaultImage\" title=\"nemo3\" \/><\/li>\n                <li style=\"display: none; width: 100%;\" class=\"slide-30229 ms-image \" aria-roledescription=\"slide\" data-date=\"2025-08-12 12:59:29\" data-filename=\"nemolecturas-843x562.jpg\" data-slide-type=\"image\"><img loading=\"lazy\" decoding=\"async\" src=\"https:\/\/www.caudete.org\/ayuntamiento\/wp-content\/uploads\/2025\/08\/nemolecturas-843x562.jpg\" height=\"800\" width=\"1200\" alt=\"\" class=\"slider-30168 slide-30229 msDefaultImage\" title=\"nemolecturas\" \/><\/li>\n                <li style=\"display: none; width: 100%;\" class=\"slide-30230 ms-image \" aria-roledescription=\"slide\" data-date=\"2025-08-12 12:59:29\" data-filename=\"podcast-843x562.jpg\" data-slide-type=\"image\"><img loading=\"lazy\" decoding=\"async\" src=\"https:\/\/www.caudete.org\/ayuntamiento\/wp-content\/uploads\/2025\/08\/podcast-843x562.jpg\" height=\"800\" width=\"1200\" alt=\"\" class=\"slider-30168 slide-30230 msDefaultImage\" title=\"podcast\" \/><\/li>\n                <li style=\"display: none; width: 100%;\" class=\"slide-30231 ms-image \" aria-roledescription=\"slide\" data-date=\"2025-08-12 12:59:30\" data-filename=\"recitalxlaslunas-1000x666.jpg\" data-slide-type=\"image\"><img loading=\"lazy\" decoding=\"async\" src=\"https:\/\/www.caudete.org\/ayuntamiento\/wp-content\/uploads\/2025\/08\/recitalxlaslunas-1000x666.jpg\" height=\"800\" width=\"1200\" alt=\"\" class=\"slider-30168 slide-30231 msDefaultImage\" title=\"recitalxlaslunas\" \/><\/li>\n                <li style=\"display: none; width: 100%;\" class=\"slide-30232 ms-image \" aria-roledescription=\"slide\" data-date=\"2025-08-12 12:59:30\" data-filename=\"salvadora-1000x666.jpg\" data-slide-type=\"image\"><img loading=\"lazy\" decoding=\"async\" src=\"https:\/\/www.caudete.org\/ayuntamiento\/wp-content\/uploads\/2025\/08\/salvadora-1000x666.jpg\" height=\"800\" width=\"1200\" alt=\"\" class=\"slider-30168 slide-30232 msDefaultImage\" title=\"salvadora\" \/><\/li>\n                <li style=\"display: none; width: 100%;\" class=\"slide-30233 ms-image \" aria-roledescription=\"slide\" data-date=\"2025-08-12 12:59:30\" data-filename=\"sanvalentin-843x562.jpg\" data-slide-type=\"image\"><img loading=\"lazy\" decoding=\"async\" src=\"https:\/\/www.caudete.org\/ayuntamiento\/wp-content\/uploads\/2025\/08\/sanvalentin-843x562.jpg\" height=\"800\" width=\"1200\" alt=\"\" class=\"slider-30168 slide-30233 msDefaultImage\" title=\"sanvalentin\" \/><\/li>\n                <li style=\"display: none; width: 100%;\" class=\"slide-30234 ms-image \" aria-roledescription=\"slide\" data-date=\"2025-08-12 12:59:30\" data-filename=\"tallercamisetas-563x375.jpg\" data-slide-type=\"image\"><img loading=\"lazy\" decoding=\"async\" src=\"https:\/\/www.caudete.org\/ayuntamiento\/wp-content\/uploads\/2025\/08\/tallercamisetas-563x375.jpg\" height=\"800\" width=\"1200\" alt=\"\" class=\"slider-30168 slide-30234 msDefaultImage\" title=\"tallercamisetas\" \/><\/li>\n                <li style=\"display: none; width: 100%;\" class=\"slide-30235 ms-image \" aria-roledescription=\"slide\" data-date=\"2025-08-12 12:59:30\" data-filename=\"umberto-1000x666.jpg\" data-slide-type=\"image\"><img loading=\"lazy\" decoding=\"async\" src=\"https:\/\/www.caudete.org\/ayuntamiento\/wp-content\/uploads\/2025\/08\/umberto-1000x666.jpg\" height=\"800\" width=\"1200\" alt=\"\" class=\"slider-30168 slide-30235 msDefaultImage\" title=\"umberto\" \/><\/li>\n            <\/ul>\n        <\/div>\n        \n    <\/div>\n<\/div>\n<hr \/>\n<h3><strong>Los clubes de lectura: motor de la biblioteca:<\/strong><\/h3>\n<p style=\"text-align: justify;\"><span style=\"font-family: georgia, palatino, serif;\"><span style=\"font-size: medium;\">En Caudete, con una poblaci\u00f3n de 10.579 habitantes, el proyecto <\/span> <strong><span style=\"font-size: medium;\">de los clubes de lectura de nuestra Biblioteca, <\/span><\/strong><span style=\"font-size: medium;\"> es uno de los principales motores culturales, sociales y lectores. Naci\u00f3 en 2002 con 9 clubes y 132 participantes, y en el <\/span><span style=\"font-size: medium;\">pasado <\/span><span style=\"font-size: medium;\">curso 2024\/2025 c<\/span><span style=\"font-size: medium;\">ont\u00f3 <\/span><span style=\"font-size: medium;\"> con <\/span><strong><span style=\"font-size: medium;\">18 clubes activos<\/span><\/strong><span style=\"font-size: medium;\"> y <\/span><strong><span style=\"font-size: medium;\">287 personas inscritas<\/span><\/strong><span style=\"font-size: medium;\">, abarcando todas las edades, niveles y colectivos, con especial atenci\u00f3n a la inclusi\u00f3n, la accesibilidad y la cohesi\u00f3n social.<\/span><\/span><\/p>\n<p style=\"text-align: justify;\" align=\"justify\"><span style=\"font-family: georgia, palatino, serif;\"><span style=\"color: #000000;\"><span style=\"font-size: medium;\">Clubes de lectura, motor de la Biblioteca Ana Mar\u00eda Matute. As\u00ed nos gusta llamarlos, porque ellos, los distintos clubes, adaptados a edades, tem\u00e1ticas, horarios, los que empujan a la Biblioteca a crecer cada d\u00eda, son los que motivan para buscar nuevas actividades, y los que llevan los libros a otras personas que no forman parte de los Clubes de lectura, recomendando t\u00edtulos le\u00eddos en las distintas sesiones, invitando a encuentros con escritores\u2026\u00a0 Son la voz de la Biblioteca en la calle, son los mejores embajadores del proyecto de animaci\u00f3n a la lectura \u201cClubes de lectura\u201d.<\/span><\/span> <\/span><\/p>\n<p style=\"text-align: justify;\" align=\"justify\"><span style=\"font-family: georgia, palatino, serif;\"><span style=\"font-size: medium;\">Su objetivo es <\/span><strong><span style=\"font-size: medium;\">acercar la lectura a toda la comunidad<\/span><\/strong><span style=\"font-size: medium;\">, fomentando el h\u00e1bito lector, la igualdad, la sostenibilidad y el intercambio generacional, y actuando como espacio de encuentro, formaci\u00f3n y bienestar. <\/span><\/span><\/p>\n<hr \/>\n<h3><strong>\u00bfqu\u00e9 es un club de lectura?:<\/strong><\/h3>\n<p style=\"text-align: justify;\"><span style=\"font-family: georgia, palatino, serif;\"><span style=\"font-size: medium;\"><span style=\"color: #000000;\">Un club de lectura es un grupo de personas que leen al mismo tiempo un libro. Cada uno lo hace en su casa, pero una vez a la semana <\/span><span style=\"color: #000000;\">o al mes<\/span><span style=\"color: #000000;\">, en un d\u00eda y a una hora se\u00f1alada, nos reunimos todos para comentar las p\u00e1ginas le\u00eddas desde el encuentro anterior.<\/span><\/span><\/span><\/p>\n<p style=\"text-align: justify;\"><span style=\"color: #000000; font-family: georgia, palatino, serif;\"><span style=\"font-size: medium;\">En las reuniones se debate sobre lo que se ha le\u00eddo en casa: el estilo literario, la acci\u00f3n misma, los personajes\u2026 y es bastante frecuente derivar desde el libro a las experiencias personales de los miembros del club.<\/span><\/span><\/p>\n<p style=\"text-align: justify;\"><span style=\"color: #000000; font-family: georgia, palatino, serif;\"><span style=\"font-size: medium;\">En cada reuni\u00f3n se acuerda la cantidad a leer en los d\u00edas posteriores, y es ese trozo solamente el que se comenta en la siguiente. Naturalmente cualquiera tiene el derecho a sobrepasar ese l\u00edmite, pero no puede desvelar a sus compa\u00f1eros lo que sucede despu\u00e9s del punto marcado.<\/span><\/span><\/p>\n<p style=\"text-align: justify;\"><span style=\"color: #000000; font-family: georgia, palatino, serif;\"><span style=\"font-size: medium;\">La gran aceptaci\u00f3n que tienen los clubes se debe, seguramente, a que re\u00fanen dos alicientes: la lectura personal e \u00edntima y la posibilidad de compartir esa lectura con otras personas.<\/span><\/span><\/p>\n<p style=\"text-align: justify;\"><span style=\"color: #000000; font-family: georgia, palatino, serif;\"><span style=\"font-size: medium;\">Por lo general, las opiniones de los miembros del grupo enriquecen mucho la impresi\u00f3n inicial que cada uno saca leyendo en solitario.<\/span><\/span><\/p>\n<p style=\"text-align: justify;\"><span style=\"color: #000000; font-family: georgia, palatino, serif;\"><span style=\"font-size: medium;\">El apoyo del grupo es tambi\u00e9n muy positivo en el caso de algunos libros m\u00e1s exigentes de lo normal, hacia los que muchos lectores muestran pereza cuando est\u00e1n solos y que se leen con gran facilidad si otras personas lo hacen al mismo tiempo.<\/span><\/span><\/p>\n<p style=\"text-align: justify;\"><span style=\"color: #000000; font-family: georgia, palatino, serif;\"><span style=\"font-size: medium;\">Con la formaci\u00f3n de los clubes de lectura se pretende posibilitar a quienes participen en ello, descubrir la lectura como algo enriquecedor y placentero, fomentar la lectura, conocer nuevos escritores y obras, presentar y debatir temas de actualidad a trav\u00e9s de obras espec\u00edficas y orientar a los usuarios sobre aquellos aspectos relacionados con la literatura, que por diferentes razones, les interese.<\/span><\/span><\/p>\n<p style=\"text-align: justify;\"><span style=\"color: #000000; font-family: georgia, palatino, serif;\"><span style=\"font-size: medium;\">El resultado final de esta experiencia se puede considerar gratificante por la disposici\u00f3n de los miembros del club, abiertos a conocer todo tipo de g\u00e9neros y a seleccionar cualitativamente sus lecturas, as\u00ed como autores, temas\u2026 Entre los logros obtenidos hay que se\u00f1alar la p\u00e9rdida del miedo a expresarse p\u00fablicamente, a defender criterios individuales, a contrastar opiniones\u2026 en suma, a participar activamente en un foro vivo, tanto por sus contenidos como por el funcionamiento de la actividad.<\/span><\/span><\/p>\n<hr \/>\n<h3 class=\"western\"><span style=\"font-family: georgia, palatino, serif; font-size: 14pt; color: #000000;\">Los 18 Clubes de lecutra del Curso2024\/2025: <\/span><\/h3>\n<h4 class=\"western\"><span style=\"font-family: georgia, palatino, serif;\"><span style=\"font-size: medium;\">Poblaci\u00f3n infantil \u2013 4 clubes (67 participantes):<\/span><\/span><\/h4>\n<ul>\n<li><span style=\"font-family: georgia, palatino, serif;\"><strong><span style=\"font-size: medium;\">Bebeteca<\/span><\/strong><span style=\"font-size: medium;\"> (0-3 a\u00f1os, con acompa\u00f1amiento familiar, sesiones mensuales)<\/span><\/span><\/li>\n<li><span style=\"font-family: georgia, palatino, serif;\"><strong><span style=\"font-size: medium;\">Prelectores \u2013 Tragaletrus<\/span><\/strong><span style=\"font-size: medium;\"> (3-5 a\u00f1os, sesiones semanales)<\/span><\/span><\/li>\n<li><span style=\"font-family: georgia, palatino, serif;\"><strong><span style=\"font-size: medium;\">Nemo<\/span><\/strong><span style=\"font-size: medium;\"> (1.\u00ba-2.\u00ba Primaria, sesiones semanales)<\/span><\/span><\/li>\n<li><span style=\"font-family: georgia, palatino, serif;\"><strong><span style=\"font-size: medium;\">Los Simpsons<\/span><\/strong><span style=\"font-size: medium;\"> (3.\u00ba-4.\u00ba Primaria, sesiones semanales)<\/span><\/span><\/li>\n<\/ul>\n<h4 class=\"western\"><span style=\"font-family: georgia, palatino, serif;\"><span style=\"font-size: medium;\">Poblaci\u00f3n juvenil \u2013 1 club (19 participantes): <\/span><\/span><\/h4>\n<ul>\n<li><span style=\"font-family: georgia, palatino, serif;\"><strong><span style=\"font-size: medium;\">Club Juvenil Lectibe<\/span><\/strong><span style=\"font-size: medium;\"> (alumnado PMAR de 2.\u00ba-3.\u00ba ESO, IES Pintor Rafael Requena, sesiones quincenales en horario lectivo <\/span><span style=\"font-size: medium;\">con <\/span><span style=\"font-size: medium;\">lecturas en digital a trav\u00e9s de eBiblio CLM<\/span><span style=\"font-size: medium;\">) Forma parte de un proyecto <\/span><span style=\"font-size: medium;\">provincial, <\/span><span style=\"font-size: medium;\">Lectibe. https:\/\/web.dipualba.es\/educacion-y-cultura\/que-hacemos\/educacion\/programas-educativos<\/span><\/span><\/li>\n<\/ul>\n<h4 class=\"western\"><span style=\"font-family: georgia, palatino, serif;\"><span style=\"font-size: medium;\">Clubes tem\u00e1ticos \u2013 5 clubes (72 participantes): <\/span><\/span><\/h4>\n<ul>\n<li><span style=\"font-family: georgia, palatino, serif;\"><strong><span style=\"font-size: medium;\">Lectura F\u00e1cil<\/span><\/strong><span style=\"font-size: medium;\"> (<\/span><span style=\"font-size: medium;\">libros adaptados para <\/span><span style=\"font-size: medium;\">personas con dificultades lectoras, sesiones semanales).<\/span><\/span><\/li>\n<li><span style=\"font-family: georgia, palatino, serif;\"><strong><span style=\"font-size: medium;\">Olvidado Rey Gud\u00fa<\/span><\/strong><span style=\"font-size: medium;\"> (<\/span><span style=\"font-size: medium;\">sobre <\/span><span style=\"font-size: medium;\">literatura infantil y juvenil para adultos, quincenal).<\/span><\/span><\/li>\n<li><span style=\"font-family: georgia, palatino, serif;\"><strong><span style=\"font-size: medium;\">Miguel Servet<\/span><\/strong><span style=\"font-size: medium;\"> ( <\/span><span style=\"font-size: medium;\">sobre <\/span><span style=\"font-size: medium;\">novela hist\u00f3rica, mensual).<\/span><\/span><\/li>\n<li><span style=\"font-family: georgia, palatino, serif;\"><strong><span style=\"font-size: medium;\">The Chatterboxes<\/span><\/strong><span style=\"font-size: medium;\"> (<\/span><span style=\"font-size: medium;\">en <\/span><span style=\"font-size: medium;\">ingl\u00e9s, mensual).<\/span><\/span><\/li>\n<li><span style=\"font-family: georgia, palatino, serif;\"><strong><span style=\"font-size: medium;\">Fous de Lire<\/span><\/strong><span style=\"font-size: medium;\"> (<\/span><span style=\"font-size: medium;\">en <\/span><span style=\"font-size: medium;\">franc\u00e9s, mensual).<\/span><\/span><\/li>\n<\/ul>\n<h4 class=\"western\"><span style=\"font-family: georgia, palatino, serif;\"><span style=\"font-size: medium;\">Clubes con asociaciones locales \u2013 4 clubes (56 participantes): <\/span><\/span><\/h4>\n<ul>\n<li><span style=\"font-family: georgia, palatino, serif;\"><strong><span style=\"font-size: medium;\">ACAFEM, <\/span><\/strong><strong><span style=\"color: #000000;\"><span style=\"font-size: medium;\">Asociaci\u00f3n caudetana de amigos y familiares de enfermos mentales, <\/span><\/span><\/strong><span style=\"font-size: medium;\">(<\/span><span style=\"font-size: medium;\">club de lectura <\/span><span style=\"font-size: medium;\">semanal).<\/span><\/span><\/li>\n<li><span style=\"font-family: georgia, palatino, serif;\"><strong><span style=\"font-size: medium;\">ASPRONA, <\/span><\/strong><strong><span style=\"color: #000000;\"><span style=\"font-size: medium;\">Centro Ocupacional Francisco Mu\u00f1oz para atenci\u00f3n a Personas con Discapacidad Intelectual o del Desarrollo y sus Familias, <\/span><\/span><\/strong><span style=\"font-size: medium;\"> (<\/span><span style=\"font-size: medium;\">club de lectura <\/span><span style=\"font-size: medium;\">semanal).<\/span><\/span><\/li>\n<li><span style=\"font-family: georgia, palatino, serif;\"><strong><span style=\"font-size: medium;\">Enlazando Palabras \u2013 ACALUCA, <\/span><\/strong><span style=\"color: #000000;\"><span style=\"font-size: medium;\">Asociaci\u00f3n Caudetana de Lucha contra el C\u00e1ncer, <\/span><\/span> <span style=\"font-size: medium;\">(club de lectura <\/span><span style=\"font-size: medium;\">semanal).<\/span><\/span><\/li>\n<li><span style=\"font-family: georgia, palatino, serif;\"><strong><span style=\"font-size: medium;\">Asociaci\u00f3n de Mujeres Santa B\u00e1rbara, <\/span><\/strong><span style=\"font-size: medium;\"> (<\/span><span style=\"font-size: medium;\">club de lectura quincenal<\/span><span style=\"font-size: medium;\">).<\/span><\/span><\/li>\n<\/ul>\n<h4 class=\"western\"><span style=\"font-family: georgia, palatino, serif;\"><span style=\"font-size: medium;\">Clubes adultos y mayores \u2013 4 clubes (73 participantes):<\/span><\/span><\/h4>\n<ul>\n<li><span style=\"font-family: georgia, palatino, serif;\"><strong><span style=\"font-size: medium;\">Palabras Compartidas<\/span><\/strong><span style=\"font-size: medium;\"> (adultos, semanal).<\/span><\/span><\/li>\n<li><span style=\"font-family: georgia, palatino, serif;\"><strong><span style=\"font-size: medium;\">La Olma<\/span><\/strong><span style=\"font-size: medium;\"> (adultos, semanal).<\/span><\/span><\/li>\n<li><span style=\"font-family: georgia, palatino, serif;\"><strong><span style=\"font-size: medium;\">Nunca es tarde<\/span><\/strong><span style=\"font-size: medium;\"> (mayores activos, semanal).<\/span><\/span><\/li>\n<li><span style=\"font-family: georgia, palatino, serif;\"><strong><span style=\"font-size: medium;\">Residencia San Juan Evangelista<\/span><\/strong><span style=\"font-size: medium;\"> (personas mayores, mensual).<\/span><\/span><\/li>\n<\/ul>\n<p>&nbsp;<\/p>\n<style type=\"text\/css\">\n#foogallery-gallery-30123.fg-justified .fg-item { margin-right: 2px; margin-bottom: 2px; }\n#foogallery-gallery-30123.fg-justified .fg-image { height: 200px; }<\/style>\n\t\t\t<div class=\"foogallery foogallery-container foogallery-justified foogallery-lightbox-none fg-justified fg-ready fg-light fg-shadow-outline fg-loading-default fg-loaded-fade-in fg-caption-always fg-hover-fade fg-hover-zoom2\" id=\"foogallery-gallery-30123\" data-foogallery=\"{&quot;item&quot;:{&quot;showCaptionTitle&quot;:true,&quot;showCaptionDescription&quot;:false},&quot;lazy&quot;:true,&quot;paging&quot;:{&quot;type&quot;:&quot;dots&quot;,&quot;size&quot;:20,&quot;position&quot;:&quot;bottom&quot;,&quot;scrollToTop&quot;:false,&quot;output&quot;:&quot;html&quot;,&quot;theme&quot;:&quot;fg-light&quot;},&quot;template&quot;:{&quot;rowHeight&quot;:200,&quot;maxRowHeight&quot;:250,&quot;margins&quot;:2,&quot;align&quot;:&quot;center&quot;,&quot;lastRow&quot;:&quot;smart&quot;}}\" style=\"--fg-title-line-clamp: 0; --fg-description-line-clamp: 0;\" >\n\t<div class=\"fg-item fg-type-image fg-idle\"><figure class=\"fg-item-inner\"><a href=\"https:\/\/www.caudete.org\/ayuntamiento\/wp-content\/uploads\/2025\/08\/ACAFEM.jpg\" data-attachment-id=\"30124\" data-e-disable-page-transition=\"true\" data-type=\"image\" class=\"fg-thumb\"><span class=\"fg-image-wrap\"><img decoding=\"async\" height=\"250\" width=\"333\" class=\"skip-lazy fg-image\" data-src-fg=\"https:\/\/www.caudete.org\/ayuntamiento\/wp-content\/uploads\/cache\/2025\/08\/ACAFEM\/4215603983.jpg\" src=\"data:image\/svg+xml,%3Csvg%20xmlns%3D%22http%3A%2F%2Fwww.w3.org%2F2000%2Fsvg%22%20width%3D%22333%22%20height%3D%22250%22%20viewBox%3D%220%200%20333%20250%22%3E%3C%2Fsvg%3E\" loading=\"eager\"><\/span><span class=\"fg-image-overlay\"><\/span><\/a><\/figure><div class=\"fg-loader\"><\/div><\/div><div class=\"fg-item fg-type-image fg-idle\"><figure class=\"fg-item-inner\"><a href=\"https:\/\/www.caudete.org\/ayuntamiento\/wp-content\/uploads\/2025\/08\/ACALUCA.jpg\" data-attachment-id=\"30125\" data-e-disable-page-transition=\"true\" data-type=\"image\" class=\"fg-thumb\"><span class=\"fg-image-wrap\"><img decoding=\"async\" height=\"250\" width=\"333\" class=\"skip-lazy fg-image\" data-src-fg=\"https:\/\/www.caudete.org\/ayuntamiento\/wp-content\/uploads\/cache\/2025\/08\/ACALUCA\/3691920697.jpg\" src=\"data:image\/svg+xml,%3Csvg%20xmlns%3D%22http%3A%2F%2Fwww.w3.org%2F2000%2Fsvg%22%20width%3D%22333%22%20height%3D%22250%22%20viewBox%3D%220%200%20333%20250%22%3E%3C%2Fsvg%3E\" loading=\"eager\"><\/span><span class=\"fg-image-overlay\"><\/span><\/a><\/figure><div class=\"fg-loader\"><\/div><\/div><div class=\"fg-item fg-type-image fg-idle\"><figure class=\"fg-item-inner\"><a href=\"https:\/\/www.caudete.org\/ayuntamiento\/wp-content\/uploads\/2025\/08\/ASPRONA.jpg\" data-attachment-id=\"30126\" data-e-disable-page-transition=\"true\" data-type=\"image\" class=\"fg-thumb\"><span class=\"fg-image-wrap\"><img decoding=\"async\" height=\"250\" width=\"445\" class=\"skip-lazy fg-image\" data-src-fg=\"https:\/\/www.caudete.org\/ayuntamiento\/wp-content\/uploads\/cache\/2025\/08\/ASPRONA\/2415779963.jpg\" src=\"data:image\/svg+xml,%3Csvg%20xmlns%3D%22http%3A%2F%2Fwww.w3.org%2F2000%2Fsvg%22%20width%3D%22445%22%20height%3D%22250%22%20viewBox%3D%220%200%20445%20250%22%3E%3C%2Fsvg%3E\" loading=\"eager\"><\/span><span class=\"fg-image-overlay\"><\/span><\/a><\/figure><div class=\"fg-loader\"><\/div><\/div><div class=\"fg-item fg-type-image fg-idle\"><figure class=\"fg-item-inner\"><a href=\"https:\/\/www.caudete.org\/ayuntamiento\/wp-content\/uploads\/2025\/08\/BEBETECA-ESPALDA-2.jpg\" data-attachment-id=\"30127\" data-e-disable-page-transition=\"true\" data-type=\"image\" class=\"fg-thumb\"><span class=\"fg-image-wrap\"><img decoding=\"async\" height=\"250\" width=\"445\" class=\"skip-lazy fg-image\" data-src-fg=\"https:\/\/www.caudete.org\/ayuntamiento\/wp-content\/uploads\/cache\/2025\/08\/BEBETECA-ESPALDA-2\/2719222359.jpg\" src=\"data:image\/svg+xml,%3Csvg%20xmlns%3D%22http%3A%2F%2Fwww.w3.org%2F2000%2Fsvg%22%20width%3D%22445%22%20height%3D%22250%22%20viewBox%3D%220%200%20445%20250%22%3E%3C%2Fsvg%3E\" loading=\"eager\"><\/span><span class=\"fg-image-overlay\"><\/span><\/a><\/figure><div class=\"fg-loader\"><\/div><\/div><div class=\"fg-item fg-type-image fg-idle\"><figure class=\"fg-item-inner\"><a href=\"https:\/\/www.caudete.org\/ayuntamiento\/wp-content\/uploads\/2025\/08\/FOUS-DE-LIRE.jpg\" data-attachment-id=\"30128\" data-e-disable-page-transition=\"true\" data-type=\"image\" class=\"fg-thumb\"><span class=\"fg-image-wrap\"><img decoding=\"async\" height=\"250\" width=\"445\" class=\"skip-lazy fg-image\" data-src-fg=\"https:\/\/www.caudete.org\/ayuntamiento\/wp-content\/uploads\/cache\/2025\/08\/FOUS-DE-LIRE\/3465084021.jpg\" src=\"data:image\/svg+xml,%3Csvg%20xmlns%3D%22http%3A%2F%2Fwww.w3.org%2F2000%2Fsvg%22%20width%3D%22445%22%20height%3D%22250%22%20viewBox%3D%220%200%20445%20250%22%3E%3C%2Fsvg%3E\" loading=\"eager\"><\/span><span class=\"fg-image-overlay\"><\/span><\/a><\/figure><div class=\"fg-loader\"><\/div><\/div><div class=\"fg-item fg-type-image fg-idle\"><figure class=\"fg-item-inner\"><a href=\"https:\/\/www.caudete.org\/ayuntamiento\/wp-content\/uploads\/2025\/08\/LA-OLMA-1.jpg\" data-attachment-id=\"30129\" data-e-disable-page-transition=\"true\" data-type=\"image\" class=\"fg-thumb\"><span class=\"fg-image-wrap\"><img decoding=\"async\" height=\"250\" width=\"445\" class=\"skip-lazy fg-image\" data-src-fg=\"https:\/\/www.caudete.org\/ayuntamiento\/wp-content\/uploads\/cache\/2025\/08\/LA-OLMA-1\/2632746698.jpg\" src=\"data:image\/svg+xml,%3Csvg%20xmlns%3D%22http%3A%2F%2Fwww.w3.org%2F2000%2Fsvg%22%20width%3D%22445%22%20height%3D%22250%22%20viewBox%3D%220%200%20445%20250%22%3E%3C%2Fsvg%3E\" loading=\"eager\"><\/span><span class=\"fg-image-overlay\"><\/span><\/a><\/figure><div class=\"fg-loader\"><\/div><\/div><div class=\"fg-item fg-type-image fg-idle\"><figure class=\"fg-item-inner\"><a href=\"https:\/\/www.caudete.org\/ayuntamiento\/wp-content\/uploads\/2025\/08\/LECTIBE-1.jpg\" data-attachment-id=\"30130\" data-e-disable-page-transition=\"true\" data-type=\"image\" class=\"fg-thumb\"><span class=\"fg-image-wrap\"><img decoding=\"async\" height=\"250\" width=\"445\" class=\"skip-lazy fg-image\" data-src-fg=\"https:\/\/www.caudete.org\/ayuntamiento\/wp-content\/uploads\/cache\/2025\/08\/LECTIBE-1\/696702651.jpg\" src=\"data:image\/svg+xml,%3Csvg%20xmlns%3D%22http%3A%2F%2Fwww.w3.org%2F2000%2Fsvg%22%20width%3D%22445%22%20height%3D%22250%22%20viewBox%3D%220%200%20445%20250%22%3E%3C%2Fsvg%3E\" loading=\"eager\"><\/span><span class=\"fg-image-overlay\"><\/span><\/a><\/figure><div class=\"fg-loader\"><\/div><\/div><div class=\"fg-item fg-type-image fg-idle\"><figure class=\"fg-item-inner\"><a href=\"https:\/\/www.caudete.org\/ayuntamiento\/wp-content\/uploads\/2025\/08\/LECTIBE-2.jpg\" data-attachment-id=\"30131\" data-e-disable-page-transition=\"true\" data-type=\"image\" class=\"fg-thumb\"><span class=\"fg-image-wrap\"><img decoding=\"async\" height=\"250\" width=\"445\" class=\"skip-lazy fg-image\" data-src-fg=\"https:\/\/www.caudete.org\/ayuntamiento\/wp-content\/uploads\/cache\/2025\/08\/LECTIBE-2\/1279329039.jpg\" src=\"data:image\/svg+xml,%3Csvg%20xmlns%3D%22http%3A%2F%2Fwww.w3.org%2F2000%2Fsvg%22%20width%3D%22445%22%20height%3D%22250%22%20viewBox%3D%220%200%20445%20250%22%3E%3C%2Fsvg%3E\" loading=\"eager\"><\/span><span class=\"fg-image-overlay\"><\/span><\/a><\/figure><div class=\"fg-loader\"><\/div><\/div><div class=\"fg-item fg-type-image fg-idle\"><figure class=\"fg-item-inner\"><a href=\"https:\/\/www.caudete.org\/ayuntamiento\/wp-content\/uploads\/2025\/08\/LECTURA-FACIL.jpg\" data-attachment-id=\"30132\" data-e-disable-page-transition=\"true\" data-type=\"image\" class=\"fg-thumb\"><span class=\"fg-image-wrap\"><img decoding=\"async\" height=\"250\" width=\"333\" class=\"skip-lazy fg-image\" data-src-fg=\"https:\/\/www.caudete.org\/ayuntamiento\/wp-content\/uploads\/cache\/2025\/08\/LECTURA-FACIL\/1856398309.jpg\" src=\"data:image\/svg+xml,%3Csvg%20xmlns%3D%22http%3A%2F%2Fwww.w3.org%2F2000%2Fsvg%22%20width%3D%22333%22%20height%3D%22250%22%20viewBox%3D%220%200%20333%20250%22%3E%3C%2Fsvg%3E\" loading=\"eager\"><\/span><span class=\"fg-image-overlay\"><\/span><\/a><\/figure><div class=\"fg-loader\"><\/div><\/div><div class=\"fg-item fg-type-image fg-idle\"><figure class=\"fg-item-inner\"><a href=\"https:\/\/www.caudete.org\/ayuntamiento\/wp-content\/uploads\/2025\/08\/NEMO.jpg\" data-attachment-id=\"30133\" data-e-disable-page-transition=\"true\" data-type=\"image\" class=\"fg-thumb\"><span class=\"fg-image-wrap\"><img decoding=\"async\" height=\"250\" width=\"445\" class=\"skip-lazy fg-image\" data-src-fg=\"https:\/\/www.caudete.org\/ayuntamiento\/wp-content\/uploads\/cache\/2025\/08\/NEMO\/2891036867.jpg\" src=\"data:image\/svg+xml,%3Csvg%20xmlns%3D%22http%3A%2F%2Fwww.w3.org%2F2000%2Fsvg%22%20width%3D%22445%22%20height%3D%22250%22%20viewBox%3D%220%200%20445%20250%22%3E%3C%2Fsvg%3E\" loading=\"eager\"><\/span><span class=\"fg-image-overlay\"><\/span><\/a><\/figure><div class=\"fg-loader\"><\/div><\/div><div class=\"fg-item fg-type-image fg-idle\"><figure class=\"fg-item-inner\"><a href=\"https:\/\/www.caudete.org\/ayuntamiento\/wp-content\/uploads\/2025\/08\/NOVELA-HISTORICA.jpg\" data-attachment-id=\"30134\" data-e-disable-page-transition=\"true\" data-type=\"image\" class=\"fg-thumb\"><span class=\"fg-image-wrap\"><img decoding=\"async\" height=\"250\" width=\"445\" class=\"skip-lazy fg-image\" data-src-fg=\"https:\/\/www.caudete.org\/ayuntamiento\/wp-content\/uploads\/cache\/2025\/08\/NOVELA-HISTORICA\/2629345008.jpg\" src=\"data:image\/svg+xml,%3Csvg%20xmlns%3D%22http%3A%2F%2Fwww.w3.org%2F2000%2Fsvg%22%20width%3D%22445%22%20height%3D%22250%22%20viewBox%3D%220%200%20445%20250%22%3E%3C%2Fsvg%3E\" loading=\"eager\"><\/span><span class=\"fg-image-overlay\"><\/span><\/a><\/figure><div class=\"fg-loader\"><\/div><\/div><div class=\"fg-item fg-type-image fg-idle\"><figure class=\"fg-item-inner\"><a href=\"https:\/\/www.caudete.org\/ayuntamiento\/wp-content\/uploads\/2025\/08\/NUNCA-ES-TARDE.jpg\" data-attachment-id=\"30135\" data-e-disable-page-transition=\"true\" data-type=\"image\" class=\"fg-thumb\"><span class=\"fg-image-wrap\"><img decoding=\"async\" height=\"250\" width=\"188\" class=\"skip-lazy fg-image\" data-src-fg=\"https:\/\/www.caudete.org\/ayuntamiento\/wp-content\/uploads\/cache\/2025\/08\/NUNCA-ES-TARDE\/2896599107.jpg\" src=\"data:image\/svg+xml,%3Csvg%20xmlns%3D%22http%3A%2F%2Fwww.w3.org%2F2000%2Fsvg%22%20width%3D%22188%22%20height%3D%22250%22%20viewBox%3D%220%200%20188%20250%22%3E%3C%2Fsvg%3E\" loading=\"eager\"><\/span><span class=\"fg-image-overlay\"><\/span><\/a><\/figure><div class=\"fg-loader\"><\/div><\/div><div class=\"fg-item fg-type-image fg-idle\"><figure class=\"fg-item-inner\"><a href=\"https:\/\/www.caudete.org\/ayuntamiento\/wp-content\/uploads\/2025\/08\/OLVIDADO-REY-GURU.jpg\" data-attachment-id=\"30136\" data-e-disable-page-transition=\"true\" data-type=\"image\" class=\"fg-thumb\"><span class=\"fg-image-wrap\"><img decoding=\"async\" height=\"250\" width=\"333\" class=\"skip-lazy fg-image\" data-src-fg=\"https:\/\/www.caudete.org\/ayuntamiento\/wp-content\/uploads\/cache\/2025\/08\/OLVIDADO-REY-GURU\/524734316.jpg\" src=\"data:image\/svg+xml,%3Csvg%20xmlns%3D%22http%3A%2F%2Fwww.w3.org%2F2000%2Fsvg%22%20width%3D%22333%22%20height%3D%22250%22%20viewBox%3D%220%200%20333%20250%22%3E%3C%2Fsvg%3E\" loading=\"eager\"><\/span><span class=\"fg-image-overlay\"><\/span><\/a><\/figure><div class=\"fg-loader\"><\/div><\/div><div class=\"fg-item fg-type-image fg-idle\"><figure class=\"fg-item-inner\"><a href=\"https:\/\/www.caudete.org\/ayuntamiento\/wp-content\/uploads\/2025\/08\/PALABRAS-COMPARTIDA.jpg\" data-attachment-id=\"30137\" data-e-disable-page-transition=\"true\" data-type=\"image\" class=\"fg-thumb\"><span class=\"fg-image-wrap\"><img decoding=\"async\" height=\"250\" width=\"445\" class=\"skip-lazy fg-image\" data-src-fg=\"https:\/\/www.caudete.org\/ayuntamiento\/wp-content\/uploads\/cache\/2025\/08\/PALABRAS-COMPARTIDA\/2074958695.jpg\" src=\"data:image\/svg+xml,%3Csvg%20xmlns%3D%22http%3A%2F%2Fwww.w3.org%2F2000%2Fsvg%22%20width%3D%22445%22%20height%3D%22250%22%20viewBox%3D%220%200%20445%20250%22%3E%3C%2Fsvg%3E\" loading=\"eager\"><\/span><span class=\"fg-image-overlay\"><\/span><\/a><\/figure><div class=\"fg-loader\"><\/div><\/div><div class=\"fg-item fg-type-image fg-idle\"><figure class=\"fg-item-inner\"><a href=\"https:\/\/www.caudete.org\/ayuntamiento\/wp-content\/uploads\/2025\/08\/RESIDENCIA-SAN-JUAN-EVANGELISTA.jpg\" data-attachment-id=\"30138\" data-e-disable-page-transition=\"true\" data-type=\"image\" class=\"fg-thumb\"><span class=\"fg-image-wrap\"><img decoding=\"async\" height=\"250\" width=\"333\" class=\"skip-lazy fg-image\" data-src-fg=\"https:\/\/www.caudete.org\/ayuntamiento\/wp-content\/uploads\/cache\/2025\/08\/RESIDENCIA-SAN-JUAN-EVANGELISTA\/804845904.jpg\" src=\"data:image\/svg+xml,%3Csvg%20xmlns%3D%22http%3A%2F%2Fwww.w3.org%2F2000%2Fsvg%22%20width%3D%22333%22%20height%3D%22250%22%20viewBox%3D%220%200%20333%20250%22%3E%3C%2Fsvg%3E\" loading=\"eager\"><\/span><span class=\"fg-image-overlay\"><\/span><\/a><\/figure><div class=\"fg-loader\"><\/div><\/div><div class=\"fg-item fg-type-image fg-idle\"><figure class=\"fg-item-inner\"><a href=\"https:\/\/www.caudete.org\/ayuntamiento\/wp-content\/uploads\/2025\/08\/SANTA-BARBARA.jpg\" data-attachment-id=\"30139\" data-e-disable-page-transition=\"true\" data-type=\"image\" class=\"fg-thumb\"><span class=\"fg-image-wrap\"><img decoding=\"async\" height=\"250\" width=\"445\" class=\"skip-lazy fg-image\" data-src-fg=\"https:\/\/www.caudete.org\/ayuntamiento\/wp-content\/uploads\/cache\/2025\/08\/SANTA-BARBARA\/4010007408.jpg\" src=\"data:image\/svg+xml,%3Csvg%20xmlns%3D%22http%3A%2F%2Fwww.w3.org%2F2000%2Fsvg%22%20width%3D%22445%22%20height%3D%22250%22%20viewBox%3D%220%200%20445%20250%22%3E%3C%2Fsvg%3E\" loading=\"eager\"><\/span><span class=\"fg-image-overlay\"><\/span><\/a><\/figure><div class=\"fg-loader\"><\/div><\/div><div class=\"fg-item fg-type-image fg-idle\"><figure class=\"fg-item-inner\"><a href=\"https:\/\/www.caudete.org\/ayuntamiento\/wp-content\/uploads\/2025\/08\/SIMPSON.jpg\" data-attachment-id=\"30140\" data-e-disable-page-transition=\"true\" data-type=\"image\" class=\"fg-thumb\"><span class=\"fg-image-wrap\"><img decoding=\"async\" height=\"250\" width=\"445\" class=\"skip-lazy fg-image\" data-src-fg=\"https:\/\/www.caudete.org\/ayuntamiento\/wp-content\/uploads\/cache\/2025\/08\/SIMPSON\/1750473123.jpg\" src=\"data:image\/svg+xml,%3Csvg%20xmlns%3D%22http%3A%2F%2Fwww.w3.org%2F2000%2Fsvg%22%20width%3D%22445%22%20height%3D%22250%22%20viewBox%3D%220%200%20445%20250%22%3E%3C%2Fsvg%3E\" loading=\"eager\"><\/span><span class=\"fg-image-overlay\"><\/span><\/a><\/figure><div class=\"fg-loader\"><\/div><\/div><div class=\"fg-item fg-type-image fg-idle\"><figure class=\"fg-item-inner\"><a href=\"https:\/\/www.caudete.org\/ayuntamiento\/wp-content\/uploads\/2025\/08\/THE-CHATTERBOXES.jpg\" data-attachment-id=\"30141\" data-e-disable-page-transition=\"true\" data-type=\"image\" class=\"fg-thumb\"><span class=\"fg-image-wrap\"><img decoding=\"async\" height=\"250\" width=\"444\" class=\"skip-lazy fg-image\" data-src-fg=\"https:\/\/www.caudete.org\/ayuntamiento\/wp-content\/uploads\/cache\/2025\/08\/THE-CHATTERBOXES\/660377852.jpg\" src=\"data:image\/svg+xml,%3Csvg%20xmlns%3D%22http%3A%2F%2Fwww.w3.org%2F2000%2Fsvg%22%20width%3D%22444%22%20height%3D%22250%22%20viewBox%3D%220%200%20444%20250%22%3E%3C%2Fsvg%3E\" loading=\"eager\"><\/span><span class=\"fg-image-overlay\"><\/span><\/a><\/figure><div class=\"fg-loader\"><\/div><\/div><div class=\"fg-item fg-type-image fg-idle\"><figure class=\"fg-item-inner\"><a href=\"https:\/\/www.caudete.org\/ayuntamiento\/wp-content\/uploads\/2025\/08\/TRAGALETUS.jpg\" data-attachment-id=\"30142\" data-e-disable-page-transition=\"true\" data-type=\"image\" class=\"fg-thumb\"><span class=\"fg-image-wrap\"><img decoding=\"async\" height=\"250\" width=\"445\" class=\"skip-lazy fg-image\" data-src-fg=\"https:\/\/www.caudete.org\/ayuntamiento\/wp-content\/uploads\/cache\/2025\/08\/TRAGALETUS\/1456765210.jpg\" src=\"data:image\/svg+xml,%3Csvg%20xmlns%3D%22http%3A%2F%2Fwww.w3.org%2F2000%2Fsvg%22%20width%3D%22445%22%20height%3D%22250%22%20viewBox%3D%220%200%20445%20250%22%3E%3C%2Fsvg%3E\" loading=\"eager\"><\/span><span class=\"fg-image-overlay\"><\/span><\/a><\/figure><div class=\"fg-loader\"><\/div><\/div><\/div>\n\n<p>&nbsp;<\/p>\n<hr \/>\n<h3><strong>Actividades destacadas curso 2024\/2025:<\/strong><\/h3>\n<ul>\n<li><span style=\"font-family: georgia, palatino, serif;\"><span style=\"font-size: medium;\">Taller juvenil de creaci\u00f3n de podcast con el proyecto <\/span><strong><span style=\"font-size: medium;\">Lectibe.<\/span><\/strong><\/span><\/li>\n<li><span style=\"font-family: georgia, palatino, serif;\"><span style=\"font-size: medium;\">Talleres de radio con clubes infantiles (episodio n\u00ba 638 de <\/span><em><span style=\"font-size: medium;\">Menudo Castillo<\/span><\/em><span style=\"font-size: medium;\">).<\/span><\/span><\/li>\n<li><span style=\"font-family: georgia, palatino, serif;\"><span style=\"font-size: medium;\">Taller de camisetas literarias para j\u00f3venes.<\/span><\/span><\/li>\n<li><span style=\"font-family: georgia, palatino, serif;\"><span style=\"font-size: medium;\">Fiesta de pijamas con peluches y carn\u00e9 de peluches.<\/span><\/span><\/li>\n<li><span style=\"font-family: georgia, palatino, serif;\"><span style=\"font-size: medium;\">Cuentacuentos familiar y para centros educativos (Eugenia Manzanera).<\/span><\/span><\/li>\n<li><span style=\"font-family: georgia, palatino, serif;\"><span style=\"font-size: medium;\">Cuentacuentos er\u00f3tico para adultos <\/span><span style=\"font-size: medium;\">con Eugenia Manzanera<\/span><span style=\"font-size: medium;\"> (<\/span><em><span style=\"font-size: medium;\">Con\/sumo placer<\/span><\/em><span style=\"font-size: medium;\">).<\/span><\/span><\/li>\n<li><span style=\"font-family: georgia, palatino, serif;\"><span style=\"font-size: medium;\">Marat\u00f3n Literario Centenario Ana Mar\u00eda Matute.<\/span><\/span><\/li>\n<li><span style=\"font-family: georgia, palatino, serif;\"><span style=\"font-size: medium;\">Ruta Callejero Po\u00e9tico de Caudete.<\/span><\/span><\/li>\n<li><span style=\"font-family: georgia, palatino, serif;\"><span style=\"font-size: medium;\">Encuentros con autores: M\u00f3nica Rodr\u00edguez, Mar\u00eda Zaragoza, Ana Requena, To\u00f1i Rodr\u00edguez, Gast\u00f3n Segura, Juan Tecles, Eve Edgar L\u00f3pez, Mar\u00eda Jos\u00e9 Bas y \u00c1ngel Sandoval.<\/span><\/span><\/li>\n<li><span style=\"font-family: georgia, palatino, serif;\"><span style=\"font-size: medium;\">Participaci\u00f3n en encuentros provinciales de clubes de lectura juveniles y de lectura f\u00e1cil.<\/span><\/span><\/li>\n<li><span style=\"font-family: georgia, palatino, serif;\"><span style=\"font-size: medium;\">Movilidades Erasmus+ con clubes de lectura de ingl\u00e9s (Irlanda) y franc\u00e9s (Estrasburgo).<\/span><\/span><\/li>\n<li><span style=\"font-family: georgia, palatino, serif;\"><span style=\"font-size: medium;\">Reconocimiento de Calidad Erasmus+ 2024.<\/span><\/span><\/li>\n<\/ul>\n<hr \/>\n<h3>Resultados del pasado curso:<\/h3>\n<ul>\n<li><span style=\"font-family: georgia, palatino, serif;\"><span style=\"font-size: medium;\">18 clubes activos.<\/span><\/span><\/li>\n<li><span style=\"font-family: georgia, palatino, serif;\"><span style=\"font-size: medium;\">287 participantes.<\/span><\/span><\/li>\n<li><span style=\"font-family: georgia, palatino, serif;\"><span style=\"font-size: medium;\">198 libros le\u00eddos.<\/span><\/span><\/li>\n<li><span style=\"font-family: georgia, palatino, serif;\"><span style=\"font-size: medium;\">564 actividades realizadas.<\/span><\/span><\/li>\n<li><span style=\"font-family: georgia, palatino, serif;\"><span style=\"font-size: medium;\">6.445 asistentes acumulados.<\/span><\/span><\/li>\n<li><span style=\"font-family: georgia, palatino, serif;\"><span style=\"font-size: medium;\">Media mensual de 785 libros en pr\u00e9stamos colectivos.<\/span><\/span><\/li>\n<li><span style=\"font-family: georgia, palatino, serif;\"><span style=\"font-size: medium;\">241 usuarios en eBiblio.<\/span><\/span><\/li>\n<li><span style=\"font-family: georgia, palatino, serif;\"><span style=\"font-size: medium;\">M\u00e1s de 15.000 pr\u00e9stamos en 2024 y 150 visitas diarias a la biblioteca.<\/span><\/span><\/li>\n<li><span style=\"font-family: georgia, palatino, serif;\"><span style=\"font-size: medium;\">Presencia en redes sociales y medios locales (3.000 impactos mensuales).<\/span><\/span><\/li>\n<\/ul>\n<hr \/>\n<h3><span style=\"color: #000000;\">Algunas de las lecturas de este curso&#8230;<\/span><\/h3>\n<h4>CLUBES DE ADULTOS:<\/h4>\n<div style=\"width: 100%;\">\n<div style=\"float: left; width: 50%;\">\n<ul>\n<li>\u25cb Si esto es un hombre, de Primo Levi.<\/li>\n<li>\u25cb El italiano, de Arturo P\u00e9rez Reverte.<\/li>\n<li>\u25cb La Biblioteca de fuego, de Mar\u00eda Zaragoza.<\/li>\n<li>\u25cb El hotel, de M\u00f3nica Rodr\u00edguez.<\/li>\n<li>\u25cb Oracle night, de Paul Auster.<\/li>\n<li>\u25cb L\u2019Anomalie, de Herve Le Tellier.<\/li>\n<li>\u25cb La tristeza del samurai, de V\u00edctor del \u00c1rbol.<\/li>\n<li>\u25cb \u00daltimos d\u00edas en Berl\u00edn, de Paloma S\u00e1nchez-Garnica.<\/li>\n<li>\u25cb Ll\u00e9vame a casa, de Jes\u00fas Carrasco.<\/li>\n<li>\u25cb La buena reputaci\u00f3n, de Ignacio Mart\u00ednez de Pis\u00f3n.<\/li>\n<li>\u25cb Las herederas de la Singer, de Ana Lena Rivera.<\/li>\n<li>\u25cb Puerto escondido, de Mar\u00eda Oru\u00f1a.<\/li>\n<\/ul>\n<\/div>\n<div style=\"float: left; width: 50%;\">\n<ul>\n<li>\u25cb Pompeya, de Robert Harris.<\/li>\n<li>\u25cb Un caballero en Mosc\u00fa, de Amor Towles.<\/li>\n<li>\u25cb Par\u00eds despertaba tarde, de M\u00e1ximo Huerta.<\/li>\n<li>\u25cb Pan de lim\u00f3n con semillas de amapola, de Cristina Campos.<\/li>\n<li>\u25cb Como fuego en el hielo, de Luz Gab\u00e1s.<\/li>\n<li>\u25cb Todos mis cuentos, de Ana Mar\u00eda Matute.<\/li>\n<li>\u25cb El susurro del \u00c1ngel, de David Olivas.<\/li>\n<li>\u25cb La abadesa, de Toti Mart\u00ednez de Lezea.<\/li>\n<li>\u25cb Adi\u00f3s, peque\u00f1o, de M\u00e1ximo Huerta.<\/li>\n<li>\u25cb El secreto de la casa del r\u00edo, de Sarah Lark.<\/li>\n<li>\u25cb La hermandad de la Sabana Santa, de Julia Navarro.<\/li>\n<\/ul>\n<\/div>\n<\/div>\n<div style=\"clear: both;\"><\/div>\n<h4>CLUB JUVENIL LECTIBE:<\/h4>\n<ul>\n<li>Una influencer muerta en Par\u00eds, de Blue Jeans.<\/li>\n<li>Intruso, de David Lozano.<\/li>\n<li>El paso del estrecho, de Fernando Lalana.<\/li>\n<li>Una herencia en juego, de J.L. Barnes.<\/li>\n<li>Un lobo dentro, de Pedro Ma\u00f1as.<\/li>\n<\/ul>\n<h4>CLUBES INFANTILES:<\/h4>\n<div style=\"width: 100%;\">\n<div style=\"float: left; width: 50%;\">\n<ul>\n<li>\u25cb Palabras de caramelo, de Gonzalo Moure.<\/li>\n<li>\u25cb El secreto de Dr\u00e1cula, de Steve Stevenson.<\/li>\n<li>\u25cb Aventura en la isla, de Enid Blyton.<\/li>\n<li>\u25cb Coraz\u00f3n de piedra, de Agust\u00edn Fern\u00e1ndez Paz.<\/li>\n<li>\u25cb Dentro del Guernica, de Ana Alonso.<\/li>\n<li>\u25cb Nacho chichones, de Gonzalo Moure.<\/li>\n<\/ul>\n<\/div>\n<\/div>\n<ul>\n<li>La despensa m\u00e1gica, de Bego\u00f1a Oro.<\/li>\n<li>La ni\u00f1a que odiaba los libros, de Manjusha Pawagi.<\/li>\n<li>La princesa peleona, de Martin Waddell.<\/li>\n<li>Aunque parezca mentira, de Ana Mar\u00eda Machado.<\/li>\n<li>y m\u00e1s\u2026<\/li>\n<\/ul>\n<p>&nbsp;<\/p>\n<p>Usamos lotes propios y lotes de diferentes redes de bibliotecas p\u00fablicas, como la Red de Bibliotecas P\u00fablicas de Castilla-La Mancha, cuyo cat\u00e1logo est\u00e1 accesible en la web: <a href=\"https:\/\/cccl-reddebibliotecas.jccm.es\/\" target=\"_blank\" rel=\"nofollow\">https:\/\/cccl-reddebibliotecas.jccm.es\/<\/a><\/p>\n<hr \/>\n<h2 class=\"western\"><span style=\"font-family: georgia, palatino, serif;\"><span style=\"font-size: medium;\"><span style=\"color: #000000;\">Una Biblioteca que tambi\u00e9n VIVE en REDES:<\/span><\/span><\/span><\/h2>\n<p><span style=\"font-family: georgia, palatino, serif;\"><span style=\"font-size: medium;\">La lectura en Caudete no se queda en las salas de la biblioteca: <\/span><strong><span style=\"font-size: medium;\">viaja por internet<\/span><\/strong><span style=\"font-size: medium;\"> y llega a miles de personas gracias a nuestra intensa actividad en redes sociales.<br \/>\nSomos una de las bibliotecas m\u00e1s activas en Espa\u00f1a en este \u00e1mbito, con una comunidad creciente que nos sigue y participa en nuestras publicaciones:<\/span><\/span><\/p>\n<ul>\n<li><span style=\"font-family: georgia, palatino, serif;\"><strong><span style=\"font-size: medium;\">Facebook<\/span><\/strong><span style=\"font-size: medium;\"> \u2013 1.400 seguidores: <a href=\"https:\/\/es-es.facebook.com\/caudetebiblio\" target=\"_new\" target=\"_blank\" rel=\"nofollow\">facebook.com\/caudetebiblio<\/a><\/span><\/span><\/li>\n<li><span style=\"font-family: georgia, palatino, serif;\"><strong><span style=\"font-size: medium;\">Instagram<\/span><\/strong><span style=\"font-size: medium;\"> \u2013 1.215 seguidores: <a href=\"https:\/\/www.instagram.com\/caudetebiblio\" target=\"_new\" target=\"_blank\" rel=\"nofollow\">instagram.com\/caudetebiblio<\/a><\/span><\/span><\/li>\n<li><span style=\"font-family: georgia, palatino, serif;\"><strong><span style=\"font-size: medium;\">TikTok<\/span><\/strong><span style=\"font-size: medium;\"> \u2013 1.206 seguidores: <a href=\"https:\/\/www.tiktok.com\/@caudetebiblio\" target=\"_new\" target=\"_blank\" rel=\"nofollow\">tiktok.com\/@caudetebiblio<\/a><\/span><\/span><\/li>\n<li><span style=\"font-family: georgia, palatino, serif;\"><strong><span style=\"font-size: medium;\">Twitter\/X<\/span><\/strong><span style=\"font-size: medium;\"> \u2013 460 seguidores: <a href=\"https:\/\/twitter.com\/caudetebiblio\" target=\"_new\" target=\"_blank\" rel=\"nofollow\">twitter.com\/caudetebiblio<\/a><\/span><\/span><\/li>\n<li><span style=\"font-family: georgia, palatino, serif;\"><strong><span style=\"font-size: medium;\">YouTube<\/span><\/strong><span style=\"font-size: medium;\"> \u2013 104 suscriptores: <a href=\"http:\/\/www.youtube.es\/caudetebiblioteca\" target=\"_new\" target=\"_blank\" rel=\"nofollow\">youtube.es\/caudetebiblioteca<\/a><\/span><\/span><\/li>\n<li><span style=\"font-family: georgia, palatino, serif;\"><strong><span style=\"font-size: medium;\">Pinterest<\/span><\/strong><span style=\"font-size: medium;\"> \u2013 29 suscriptores: <a href=\"https:\/\/www.pinterest.es\/caudetebiblio\/\" target=\"_new\" target=\"_blank\" rel=\"nofollow\">pinterest.es\/caudetebiblio<\/a><\/span><\/span><\/li>\n<li><span style=\"font-family: georgia, palatino, serif;\"><strong><span style=\"font-size: medium;\">Ivoox<\/span><\/strong><span style=\"font-size: medium;\"> \u2013 5 suscripciones: <a href=\"https:\/\/go.ivoox.com\/sq\/2386530\" target=\"_new\" target=\"_blank\" rel=\"nofollow\">go.ivoox.com\/sq\/2386530<\/a><\/span><\/span><\/li>\n<li><span style=\"font-family: georgia, palatino, serif;\"><strong><span style=\"font-size: medium;\">WhatsApp<\/span><\/strong><span style=\"font-size: medium;\"> \u2013 310 personas reciben nuestras novedades directamente en su m\u00f3vil.<\/span><\/span><\/li>\n<\/ul>\n<p><span style=\"font-family: georgia, palatino, serif;\"><span style=\"font-size: medium;\">Un ejemplo de nuestro alcance fue la campa\u00f1a <\/span><strong><span style=\"font-size: medium;\">Bibliois\u00e9micos: Lee a lo loco<\/span><\/strong><span style=\"font-size: medium;\">, realizada junto al <\/span><em><span style=\"font-size: medium;\">Club de Lectura ACAFEM<\/span><\/em><span style=\"font-size: medium;\">, con un v\u00eddeo que super\u00f3 las <\/span><strong><span style=\"font-size: medium;\">3.000 visualizaciones<\/span><\/strong><span style=\"font-size: medium;\"> y ayud\u00f3 a sensibilizar sobre la inclusi\u00f3n en salud mental a trav\u00e9s de la lectura.<\/span><\/span><\/p>\n<hr \/>\n<h2 class=\"western\"><span style=\"font-family: georgia, palatino, serif;\"><span style=\"font-size: medium;\"><span style=\"color: #000000;\">Clubes de lectura sin FRONTERAS, ERASMUS+:<\/span> <\/span><\/span><\/h2>\n<p><span style=\"font-family: georgia, palatino, serif;\"><span style=\"font-size: medium;\">Nuestro compromiso con la cultura y el aprendizaje no entiende de fronteras. A trav\u00e9s del <\/span><strong><span style=\"font-size: medium;\">Programa Erasmus+<\/span><\/strong><span style=\"font-size: medium;\">, los clubes de lectura participan en <\/span><strong><span style=\"font-size: medium;\">movilidades internacionales<\/span><\/strong><span style=\"font-size: medium;\"> que enriquecen la experiencia lectora y fomentan el intercambio cultural:<\/span><\/span><\/p>\n<h3 class=\"western\"><span style=\"font-family: georgia, palatino, serif;\"><span style=\"font-size: medium;\">Club de Lectura de Ingl\u00e9s \u2013 Castleblayney (Irlanda)<\/span><\/span><\/h3>\n<ul>\n<li><span style=\"font-family: georgia, palatino, serif;\"><strong><span style=\"font-size: medium;\">Fechas:<\/span><\/strong><span style=\"font-size: medium;\"> 14 y 15 de noviembre de 2024.<\/span><\/span><\/li>\n<li><span style=\"font-family: georgia, palatino, serif;\"><strong><span style=\"font-size: medium;\">Participantes:<\/span><\/strong><span style=\"font-size: medium;\">8<\/span><span style=\"font-size: medium;\"> miembros <\/span><span style=\"font-size: medium;\">y su monitor.<\/span><\/span><\/li>\n<li><span style=\"font-family: georgia, palatino, serif;\"><strong><span style=\"font-size: medium;\">Actividades:<\/span><\/strong><span style=\"font-size: medium;\"> visitas culturales, encuentros con el club local <\/span><em><span style=\"font-size: medium;\">Blayney Book Worms<\/span><\/em><span style=\"font-size: medium;\"> y sesiones de lectura conjunta.<\/span><\/span><\/li>\n<li><span style=\"font-family: georgia, palatino, serif;\"><strong><span style=\"font-size: medium;\">Impacto:<\/span><\/strong><span style=\"font-size: medium;\"> aprendizaje ling\u00fc\u00edstico, intercambio cultural y refuerzo de la cohesi\u00f3n social.<\/span><\/span><\/li>\n<\/ul>\n<h3 class=\"western\"><span style=\"font-family: georgia, palatino, serif;\"><span style=\"font-size: medium;\">Club de Lectura de Franc\u00e9s \u2013 Estrasburgo (Francia)<\/span><\/span><\/h3>\n<ul>\n<li><span style=\"font-family: georgia, palatino, serif;\"><strong><span style=\"font-size: medium;\">Fechas:<\/span><\/strong><span style=\"font-size: medium;\"> 13 al 15 de mayo de 2025.<\/span><\/span><\/li>\n<li><span style=\"font-family: georgia, palatino, serif;\"><strong><span style=\"font-size: medium;\">Participantes:<\/span><\/strong><span style=\"font-size: medium;\"> 3 miembros y su monitora.<\/span><\/span><\/li>\n<li><span style=\"font-family: georgia, palatino, serif;\"><strong><span style=\"font-size: medium;\">Actividades:<\/span><\/strong><span style=\"font-size: medium;\"> encuentros ling\u00fc\u00edsticos y culturales, visitas a instituciones educativas y bibliotecas.<\/span><\/span><\/li>\n<li><span style=\"font-family: georgia, palatino, serif;\"><strong><span style=\"font-size: medium;\">Impacto:<\/span><\/strong><span style=\"font-size: medium;\"> perfeccionamiento del idioma, conocimiento de buenas pr\u00e1cticas y creaci\u00f3n de redes lectoras internacionales.<\/span><\/span><\/li>\n<\/ul>\n<p><span style=\"font-family: georgia, palatino, serif;\"><span style=\"font-size: medium;\">En 2024 recibimos el <\/span><strong><span style=\"font-size: medium;\">Reconocimiento de la Calidad Erasmus+<\/span><\/strong><span style=\"font-size: medium;\"> en el sector de Educaci\u00f3n de Personas Adultas, entregado en el Teatro Real de Madrid por la ministra de Ciencia, <\/span><strong><span style=\"font-size: medium;\">Diana Morant, <\/span><\/strong><span style=\"color: #000000;\"><span style=\"font-size: medium;\"><span lang=\"es-ES\"> que le fue entregado a Salvadora Garc\u00eda Algarra, miembro de los clubes de lectura <\/span><\/span><\/span><span style=\"color: #000000;\"><span style=\"font-size: medium;\"><span lang=\"es-ES\">de nuestra biblioteca<\/span><\/span><\/span><span style=\"color: #000000;\"><span style=\"font-size: medium;\"><span lang=\"es-ES\"> por su participaci\u00f3n activa en proyectos Erasmus.<\/span><\/span><\/span><\/span><\/p>\n<p><span style=\"font-family: georgia, palatino, serif;\"><span style=\"color: #080809;\"><span style=\"font-size: medium;\">E<\/span><\/span><span style=\"color: #080809;\"><span style=\"font-size: medium;\">ste a\u00f1o<\/span><\/span><span style=\"color: #080809;\"><span style=\"font-size: medium;\"> 2025, la Biblioteca P\u00fablica Municipal <\/span><\/span><em><span style=\"color: #080809;\"><span style=\"font-size: medium;\">Ana Mar\u00eda Matute<\/span><\/span><\/em><span style=\"color: #080809;\"><span style=\"font-size: medium;\"> recibi\u00f3 la visita de <\/span><\/span><strong><span style=\"color: #080809;\"><span style=\"font-size: medium;\">Umberto Amoroso<\/span><\/span><\/strong><span style=\"color: #080809;\"><span style=\"font-size: medium;\">, experto en proyectos europeos del Ayuntamiento de Cento (Italia). Durante su estancia, conoci\u00f3 de cerca el impacto de nuestros clubes de lectura, participando en encuentros con ACALUCA y <\/span><\/span><em><span style=\"color: #080809;\"><span style=\"font-size: medium;\">Palabras Compartidas<\/span><\/span><\/em><span style=\"color: #080809;\"><span style=\"font-size: medium;\">, y visitando iniciativas como la <\/span><\/span><strong><span style=\"color: #080809;\"><span style=\"font-size: medium;\">Estanter\u00eda Violeta<\/span><\/span><\/strong><span style=\"color: #080809;\"><span style=\"font-size: medium;\"> y la <\/span><\/span><strong><span style=\"color: #080809;\"><span style=\"font-size: medium;\">Lectura F\u00e1cil<\/span><\/span><\/strong><span style=\"color: #080809;\"><span style=\"font-size: medium;\">. Fascinado por la vitalidad de nuestros 18 clubes de lectura, nos ha invitado a Cento para impulsar futuros intercambios Erasmus+ entre lectores. <\/span><\/span><\/span><\/p>\n<hr \/>\n<h2 class=\"western\"><span style=\"font-family: georgia, palatino, serif;\"><span style=\"font-size: medium;\"><span style=\"color: #000000;\">Reconocimientos y Premios:<\/span> <\/span><\/span><\/h2>\n<p><span style=\"font-family: georgia, palatino, serif;\"><span style=\"font-size: medium;\">El proyecto de animaci\u00f3n a la lectura <\/span><strong><span style=\"font-size: medium;\">Clubes de Lectura<\/span><\/strong><span style=\"font-size: medium;\"> de la <\/span><strong><span style=\"font-size: medium;\">Biblioteca P\u00fablica Municipal Ana Mar\u00eda Matute<\/span><\/strong><span style=\"font-size: medium;\"> ha sido reconocido en numerosas ocasiones por su innovaci\u00f3n, compromiso social y capacidad para transformar la comunidad a trav\u00e9s de los libros.<\/span><\/span><\/p>\n<ul>\n<li><span style=\"font-family: georgia, palatino, serif;\"><strong><span style=\"font-size: medium;\">2018<\/span><\/strong><span style=\"font-size: medium;\"> \u2013 Selecci\u00f3n para el <\/span><em><span style=\"font-size: medium;\">Premio \u201cBiblioteca P\u00fablica y Compromiso Social\u201d<\/span><\/em><span style=\"font-size: medium;\"> de la <\/span><strong><span style=\"font-size: medium;\">Fundaci\u00f3n Biblioteca Social<\/span><\/strong><span style=\"font-size: medium;\">.<\/span><\/span><\/li>\n<li><span style=\"font-family: georgia, palatino, serif;\"><strong><span style=\"font-size: medium;\">2019<\/span><\/strong><span style=\"font-size: medium;\"> \u2013 <\/span><em><span style=\"font-size: medium;\">Menci\u00f3n de Honor<\/span><\/em><span style=\"font-size: medium;\"> en los <\/span><strong><span style=\"font-size: medium;\">Premios Bayard de Fomento de la Lectura<\/span><\/strong><span style=\"font-size: medium;\">.<\/span><\/span><\/li>\n<li><span style=\"font-family: georgia, palatino, serif;\"><strong><span style=\"font-size: medium;\">2020<\/span><\/strong><span style=\"font-size: medium;\"> \u2013 <\/span><em><span style=\"font-size: medium;\">Medalla al M\u00e9rito Cultural en la Creaci\u00f3n Literaria, Edici\u00f3n y Fomento de la Lectura<\/span><\/em><span style=\"font-size: medium;\">, otorgada por la <\/span><strong><span style=\"font-size: medium;\">Junta de Comunidades de Castilla-La Mancha<\/span><\/strong><span style=\"font-size: medium;\"> en el 30.\u00ba aniversario de los Clubes de Lectura de Albacete, en los que Caudete ocupa un lugar destacado. Aunque la pandemia impidi\u00f3 la gala prevista en Toledo, el orgullo de este reconocimiento permanece intacto.<\/span><\/span><\/li>\n<\/ul>\n<p><span style=\"font-family: georgia, palatino, serif;\"><span style=\"font-size: medium;\">En el \u00e1mbito <\/span><strong><span style=\"font-size: medium;\">internacional<\/span><\/strong><span style=\"font-size: medium;\">, la biblioteca participa activamente en el <\/span><strong><span style=\"font-size: medium;\">Programa Erasmus+<\/span><\/strong><span style=\"font-size: medium;\">, junto con el \u00c1rea de Desarrollo Local y la Casa de Cultura del Ayuntamiento de Caudete:<\/span><\/span><\/p>\n<ul>\n<li><span style=\"font-family: georgia, palatino, serif;\"><span style=\"font-size: medium;\">Proyecto <\/span><strong><span style=\"font-size: medium;\">+Cultura +Inclusi\u00f3n<\/span><\/strong><span style=\"font-size: medium;\">, de movilidad con fines de formaci\u00f3n para personal de educaci\u00f3n de adultos. https:\/\/www.caudete.org\/ayuntamiento\/cultura-inclusion-2018<\/span><\/span><\/li>\n<li><span style=\"font-family: georgia, palatino, serif;\"><span style=\"font-size: medium;\">Proyecto <\/span><strong><span style=\"font-size: medium;\">CROSS \u2013 Creando Otros Entornos de Aprendizaje<\/span><\/strong><span style=\"font-size: medium;\">, asociaci\u00f3n estrat\u00e9gica para el intercambio de buenas pr\u00e1cticas en la que participan <\/span><strong><span style=\"font-size: medium;\">7 instituciones europeas<\/span><\/strong><span style=\"font-size: medium;\"> (bibliotecas p\u00fablicas y entidades de educaci\u00f3n no formal de adultos). https:\/\/www.caudete.org\/ayuntamiento\/erasmus-cross\/<\/span><\/span><\/li>\n<\/ul>\n<p><span style=\"font-family: georgia, palatino, serif;\"><span style=\"font-size: medium;\">Siendo algunos proyectos reconocidos a nivel internacional como buenas pr\u00e1cticas. <\/span><\/span><\/p>\n<p><span style=\"font-family: georgia, palatino, serif;\"><span style=\"font-size: medium;\">Y como hemos comentado m\u00e1s arriba en el a\u00f1o 2024 recibimos el <strong>Reconocimiento de la Calidad Erasmus+<\/strong> en el sector de Educaci\u00f3n de Personas Adultas, entregado en el Teatro Real de Madrid por la ministra de Ciencia, <strong>Diana Morant, <\/strong><span style=\"color: #000000;\"><span lang=\"es-ES\"> que le fue entregado a Salvadora Garc\u00eda Algarra, miembro de los clubes de lectura de nuestra biblioteca por su participaci\u00f3n activa en proyectos Erasmus. https:\/\/www.caudete.org\/ayuntamiento\/reconocimiento-de-la-calidad-erasmus-2024\/<\/span><\/span><\/span><\/span><\/p>\n<p><span style=\"font-family: georgia, palatino, serif;\"><span style=\"font-size: medium;\">En <\/span><strong><span style=\"font-size: medium;\">2018<\/span><\/strong><span style=\"font-size: medium;\">, nuestro proyecto <\/span><em><span style=\"font-size: medium;\">Clubes de Lectura: Motor de la Biblioteca<\/span><\/em><span style=\"font-size: medium;\"> recibi\u00f3 la <\/span><strong><span style=\"font-size: medium;\">1.\u00aa Beca Internacional<\/span><\/strong><span style=\"font-size: medium;\"> del programa <\/span><strong><span style=\"font-size: medium;\">Iberbibliotecas<\/span><\/strong><span style=\"font-size: medium;\">, que permiti\u00f3 asistir a <\/span><span style=\"font-size: medium;\">la directora de la Biblioteca a<\/span><span style=\"font-size: medium;\">l <\/span><strong><span style=\"font-size: medium;\">IX Congreso Nacional de Bibliotecas P\u00fablicas<\/span><\/strong><span style=\"font-size: medium;\"> en Logro\u00f1o y dar a conocer nuestra experiencia a profesionales de todo el pa\u00eds.<\/span><\/span><\/p>\n<p><span style=\"font-family: georgia, palatino, serif;\"><span style=\"font-size: medium;\">Adem\u00e1s dentro de los premios nacionales de animaci\u00f3n a lectura Maria Moliner, hemos obtenido 19 premios y en la <b>XXI Campa\u00f1a 2021, con el proyecto \u201cLa Biblioteca de Caudete, una biblioteca enred(ada) para ti\u201d, obtuvimos el Premio Maria Moliner con 3\u00ba puesto entre los 10 ganadores. <\/b>Todos ellos con proyectos donde nuestros clubes de lectura siempre han estado presentes. <\/span><\/span><\/p>\n<p><span style=\"font-family: georgia, palatino, serif;\"><span style=\"font-size: medium;\">Adem\u00e1s, hemos compartido nuestro modelo en <\/span><strong><span style=\"font-size: medium;\">jornadas t\u00e9cnicas y encuentros especializados<\/span><\/strong><span style=\"font-size: medium;\">, como:<\/span><\/span><\/p>\n<ul>\n<li><span style=\"font-family: georgia, palatino, serif;\"><em><span style=\"font-size: medium;\">Jornadas T\u00e9cnicas Bibliotecarias de la provincia de Albacete, Binomio fant\u00e1stico, <\/span><\/em><em><span style=\"font-size: medium;\">hemos presentado diversas ponencias. <\/span><\/em><\/span><\/li>\n<li><span style=\"font-family: georgia, palatino, serif;\"><em><span style=\"font-size: medium;\">Jornadas Bibliotecas para la Comunidad<\/span><\/em><span style=\"font-size: medium;\"> \u2013 Regi\u00f3n de Murcia (13\/12\/2018)<\/span><\/span><\/li>\n<li><span style=\"font-family: georgia, palatino, serif;\"><em><span style=\"font-size: medium;\">IV Encuentro Regional de Clubes de Lectura<\/span><\/em><span style=\"font-size: medium;\"> \u2013 Yecla (04\/05\/2019)<\/span><\/span><\/li>\n<\/ul>\n<p><span style=\"font-family: georgia, palatino, serif;\"><span style=\"font-size: medium;\">Cada reconocimiento es un logro colectivo, compartido con <\/span><strong><span style=\"font-size: medium;\">todos los lectores y lectoras<\/span><\/strong><span style=\"font-size: medium;\"> que forman la gran familia de la Biblioteca Ana Mar\u00eda Matute, y un impulso para seguir creciendo y llevando la lectura m\u00e1s lejos cada d\u00eda.<\/span><\/span><\/p>\n<hr \/>\n<p><span style=\"font-family: georgia, palatino, serif; color: #000000;\"><span style=\"font-size: medium;\"><b>Se te est\u00e1s preguntando c\u00f3mo PARTICIPAR:<\/b><\/span><\/span><\/p>\n<p><span style=\"font-family: georgia, palatino, serif;\"><span style=\"font-size: medium;\">Las inscripciones se realizan la cuarta semana de septiembre de cada a\u00f1o en curso <\/span><span style=\"font-size: medium;\"> en la <\/span><strong><span style=\"font-size: medium;\">Casa de Cultura<\/span><\/strong><span style=\"font-size: medium;\">de Caudete. <\/span><span style=\"font-size: medium;\"><br \/>\nToda la oferta de actividades se recoge en un \u00fanico folleto \u2014disponible en la web municipal y difundido en redes sociales, medios locales y en buzoneo\u2014 que incluye los cursos de la Universidad Popular y los Clubes de Lectura.<\/span><\/span><\/p>\n<hr \/>\n","protected":false},"excerpt":{"rendered":"<p>Los clubes de lectura de la biblioteca p\u00fablica Municipal Ana Mar\u00eda Matute Desde el M.I. Ayuntamiento de Caudete y a trav\u00e9s de la Concejal\u00eda de Cultura, se organiza este proyecto de animaci\u00f3n a la lectura gestionado por Biblioteca P\u00fablica Municipal Ana Mar\u00eda Matute. Se trata del proyecto m\u00e1s emblem\u00e1tico y transformador de la la Biblioteca &hellip;<\/p>\n","protected":false},"author":1,"featured_media":0,"parent":0,"menu_order":0,"comment_status":"closed","ping_status":"closed","template":"","meta":{"ngg_post_thumbnail":0,"footnotes":""},"categories":[105],"tags":[],"class_list":["post-7217","page","type-page","status-publish","hentry","category-biblioteca"],"yoast_head":"<!-- This site is optimized with the Yoast SEO plugin v27.5 - https:\/\/yoast.com\/product\/yoast-seo-wordpress\/ -->\n<title>Biblioteca - Clubes de Lectura - MI Ayuntamiento de Caudete<\/title>\n<meta name=\"description\" content=\"P\u00e1gina Oficial del Ayuntamiento de Caudete (Albacete)\" \/>\n<meta name=\"robots\" content=\"index, follow, max-snippet:-1, max-image-preview:large, max-video-preview:-1\" \/>\n<link rel=\"canonical\" href=\"https:\/\/www.caudete.org\/ayuntamiento\/biblioteca-clubes-de-lectura\/\" \/>\n<meta property=\"og:locale\" content=\"es_ES\" \/>\n<meta property=\"og:type\" content=\"article\" \/>\n<meta property=\"og:title\" content=\"Biblioteca - Clubes de Lectura - MI Ayuntamiento de Caudete\" \/>\n<meta property=\"og:description\" content=\"P\u00e1gina Oficial del Ayuntamiento de Caudete (Albacete)\" \/>\n<meta property=\"og:url\" content=\"https:\/\/www.caudete.org\/ayuntamiento\/biblioteca-clubes-de-lectura\/\" \/>\n<meta property=\"og:site_name\" content=\"MI Ayuntamiento de Caudete\" \/>\n<meta property=\"article:publisher\" content=\"https:\/\/www.facebook.com\/ayuntamientocaudete\/\" \/>\n<meta property=\"article:modified_time\" content=\"2025-08-18T12:48:56+00:00\" \/>\n<meta name=\"twitter:card\" content=\"summary_large_image\" \/>\n<meta name=\"twitter:label1\" content=\"Tiempo de lectura\" \/>\n\t<meta name=\"twitter:data1\" content=\"12 minutos\" \/>\n<script type=\"application\/ld+json\" class=\"yoast-schema-graph\">{\"@context\":\"https:\\\/\\\/schema.org\",\"@graph\":[{\"@type\":\"WebPage\",\"@id\":\"https:\\\/\\\/www.caudete.org\\\/ayuntamiento\\\/biblioteca-clubes-de-lectura\\\/\",\"url\":\"https:\\\/\\\/www.caudete.org\\\/ayuntamiento\\\/biblioteca-clubes-de-lectura\\\/\",\"name\":\"Biblioteca - Clubes de Lectura - MI Ayuntamiento de Caudete\",\"isPartOf\":{\"@id\":\"https:\\\/\\\/www.caudete.org\\\/ayuntamiento\\\/#website\"},\"datePublished\":\"2020-12-06T18:12:48+00:00\",\"dateModified\":\"2025-08-18T12:48:56+00:00\",\"description\":\"P\u00e1gina Oficial del Ayuntamiento de Caudete (Albacete)\",\"breadcrumb\":{\"@id\":\"https:\\\/\\\/www.caudete.org\\\/ayuntamiento\\\/biblioteca-clubes-de-lectura\\\/#breadcrumb\"},\"inLanguage\":\"es\",\"potentialAction\":[{\"@type\":\"ReadAction\",\"target\":[\"https:\\\/\\\/www.caudete.org\\\/ayuntamiento\\\/biblioteca-clubes-de-lectura\\\/\"]}]},{\"@type\":\"BreadcrumbList\",\"@id\":\"https:\\\/\\\/www.caudete.org\\\/ayuntamiento\\\/biblioteca-clubes-de-lectura\\\/#breadcrumb\",\"itemListElement\":[{\"@type\":\"ListItem\",\"position\":1,\"name\":\"Inicio\",\"item\":\"https:\\\/\\\/www.caudete.org\\\/ayuntamiento\\\/\"},{\"@type\":\"ListItem\",\"position\":2,\"name\":\"Biblioteca &#8211; Clubes de Lectura\"}]},{\"@type\":\"WebSite\",\"@id\":\"https:\\\/\\\/www.caudete.org\\\/ayuntamiento\\\/#website\",\"url\":\"https:\\\/\\\/www.caudete.org\\\/ayuntamiento\\\/\",\"name\":\"MI Ayuntamiento de Caudete\",\"description\":\"P\u00e1gina Oficial del MI Ayuntamiento de Caudete\",\"potentialAction\":[{\"@type\":\"SearchAction\",\"target\":{\"@type\":\"EntryPoint\",\"urlTemplate\":\"https:\\\/\\\/www.caudete.org\\\/ayuntamiento\\\/?s={search_term_string}\"},\"query-input\":{\"@type\":\"PropertyValueSpecification\",\"valueRequired\":true,\"valueName\":\"search_term_string\"}}],\"inLanguage\":\"es\"}]}<\/script>\n<!-- \/ Yoast SEO plugin. -->","yoast_head_json":{"title":"Biblioteca - Clubes de Lectura - MI Ayuntamiento de Caudete","description":"P\u00e1gina Oficial del Ayuntamiento de Caudete (Albacete)","robots":{"index":"index","follow":"follow","max-snippet":"max-snippet:-1","max-image-preview":"max-image-preview:large","max-video-preview":"max-video-preview:-1"},"canonical":"https:\/\/www.caudete.org\/ayuntamiento\/biblioteca-clubes-de-lectura\/","og_locale":"es_ES","og_type":"article","og_title":"Biblioteca - Clubes de Lectura - MI Ayuntamiento de Caudete","og_description":"P\u00e1gina Oficial del Ayuntamiento de Caudete (Albacete)","og_url":"https:\/\/www.caudete.org\/ayuntamiento\/biblioteca-clubes-de-lectura\/","og_site_name":"MI Ayuntamiento de Caudete","article_publisher":"https:\/\/www.facebook.com\/ayuntamientocaudete\/","article_modified_time":"2025-08-18T12:48:56+00:00","twitter_card":"summary_large_image","twitter_misc":{"Tiempo de lectura":"12 minutos"},"schema":{"@context":"https:\/\/schema.org","@graph":[{"@type":"WebPage","@id":"https:\/\/www.caudete.org\/ayuntamiento\/biblioteca-clubes-de-lectura\/","url":"https:\/\/www.caudete.org\/ayuntamiento\/biblioteca-clubes-de-lectura\/","name":"Biblioteca - Clubes de Lectura - MI Ayuntamiento de Caudete","isPartOf":{"@id":"https:\/\/www.caudete.org\/ayuntamiento\/#website"},"datePublished":"2020-12-06T18:12:48+00:00","dateModified":"2025-08-18T12:48:56+00:00","description":"P\u00e1gina Oficial del Ayuntamiento de Caudete (Albacete)","breadcrumb":{"@id":"https:\/\/www.caudete.org\/ayuntamiento\/biblioteca-clubes-de-lectura\/#breadcrumb"},"inLanguage":"es","potentialAction":[{"@type":"ReadAction","target":["https:\/\/www.caudete.org\/ayuntamiento\/biblioteca-clubes-de-lectura\/"]}]},{"@type":"BreadcrumbList","@id":"https:\/\/www.caudete.org\/ayuntamiento\/biblioteca-clubes-de-lectura\/#breadcrumb","itemListElement":[{"@type":"ListItem","position":1,"name":"Inicio","item":"https:\/\/www.caudete.org\/ayuntamiento\/"},{"@type":"ListItem","position":2,"name":"Biblioteca &#8211; Clubes de Lectura"}]},{"@type":"WebSite","@id":"https:\/\/www.caudete.org\/ayuntamiento\/#website","url":"https:\/\/www.caudete.org\/ayuntamiento\/","name":"MI Ayuntamiento de Caudete","description":"P\u00e1gina Oficial del MI Ayuntamiento de Caudete","potentialAction":[{"@type":"SearchAction","target":{"@type":"EntryPoint","urlTemplate":"https:\/\/www.caudete.org\/ayuntamiento\/?s={search_term_string}"},"query-input":{"@type":"PropertyValueSpecification","valueRequired":true,"valueName":"search_term_string"}}],"inLanguage":"es"}]}},"_links":{"self":[{"href":"https:\/\/www.caudete.org\/ayuntamiento\/wp-json\/wp\/v2\/pages\/7217","targetHints":{"allow":["GET"]}}],"collection":[{"href":"https:\/\/www.caudete.org\/ayuntamiento\/wp-json\/wp\/v2\/pages"}],"about":[{"href":"https:\/\/www.caudete.org\/ayuntamiento\/wp-json\/wp\/v2\/types\/page"}],"author":[{"embeddable":true,"href":"https:\/\/www.caudete.org\/ayuntamiento\/wp-json\/wp\/v2\/users\/1"}],"replies":[{"embeddable":true,"href":"https:\/\/www.caudete.org\/ayuntamiento\/wp-json\/wp\/v2\/comments?post=7217"}],"version-history":[{"count":37,"href":"https:\/\/www.caudete.org\/ayuntamiento\/wp-json\/wp\/v2\/pages\/7217\/revisions"}],"predecessor-version":[{"id":30267,"href":"https:\/\/www.caudete.org\/ayuntamiento\/wp-json\/wp\/v2\/pages\/7217\/revisions\/30267"}],"wp:attachment":[{"href":"https:\/\/www.caudete.org\/ayuntamiento\/wp-json\/wp\/v2\/media?parent=7217"}],"wp:term":[{"taxonomy":"category","embeddable":true,"href":"https:\/\/www.caudete.org\/ayuntamiento\/wp-json\/wp\/v2\/categories?post=7217"},{"taxonomy":"post_tag","embeddable":true,"href":"https:\/\/www.caudete.org\/ayuntamiento\/wp-json\/wp\/v2\/tags?post=7217"}],"curies":[{"name":"wp","href":"https:\/\/api.w.org\/{rel}","templated":true}]}}