{"id":7332,"date":"2020-12-06T20:14:14","date_gmt":"2020-12-06T19:14:14","guid":{"rendered":"http:\/\/www.caudete.org\/ayuntamiento\/?page_id=7332"},"modified":"2024-06-21T19:15:32","modified_gmt":"2024-06-21T17:15:32","slug":"biblioteca-actividades","status":"publish","type":"page","link":"https:\/\/www.caudete.org\/ayuntamiento\/biblioteca-actividades\/","title":{"rendered":"Biblioteca &#8211; Actividades"},"content":{"rendered":"<p style=\"text-align: justify;\">En esta secci\u00f3n encontrar\u00e1s variada informaci\u00f3n sobre la Biblioteca P\u00fablica Municipal Ana Mar\u00eda Matute y las actividades que realizamos.<\/p>\n<p style=\"text-align: justify;\"><b>LA BIBLIOTECA P\u00daBLICA MUNICIPAL ANA MAR\u00cdA MATUTE DE CAUDETE, HA PREPARADO UNA PROGRAMACI\u00d3N ESPECIAL PARA 23 DE ABRIL 2020, EL D\u00cdA DEL LIBRO, DESDE CASA.<\/b><\/p>\n<p style=\"text-align: justify;\">Desde la Concejal\u00eda de Cultura del M. I Ayuntamiento de Caudete, hemos desarrollado una agenda virtual de actividades en torno al libro y a nuestra Biblioteca P\u00fablica Municipal Ana Mar\u00eda Matute.<\/p>\n<p style=\"text-align: justify;\">El 23 de abril es el D\u00eda del Libro, y desde tu Biblioteca hemos preparado actividades para recordar este d\u00eda, pues el libro hoy, en estos tiempos de confinamiento, es m\u00e1s que nunca nuestro gran amigo. Realiza un viaje virtual por nuestras actividades para todos los p\u00fablicos, participa en ellas desde casa y disfruta con nuestras publicaciones remember de nuestras actividades del pasado a\u00f1o. De entre las propuestas de este a\u00f1o destacamos:<\/p>\n<p style=\"text-align: justify;\">\u2022 <b>#UnLibroDesdeCasa. Queremos verte leer, porque leer es viajar&#8230; <\/b>y ahora que debemos quedarnos en casa, viajaremos leyendo, as\u00ed que mandar vuestras fotos para que comencemos el viaje.<\/p>\n<p style=\"text-align: justify;\">\u2022 <b>Para p\u00fablico infantil, un MARCAP\u00c1GINAS, El Rey de los marcap\u00e1ginas, <\/b>para que se diviertan pintando un marcap\u00e1ginas y haci\u00e9ndose una foto con el libro que est\u00e1 leyendo desde casa. El marcap\u00e1ginas lo encontrar\u00e1s para descargar en la carpeta de <a href=\"https:\/\/drive.google.com\/drive\/u\/0\/folders\/1j8G61HRs02P_zn63WlWr8_WWQCjc_Yvz\" target=\"_blank\" rel=\"noopener noreferrer nofollow\">Google Drive de la biblioteca<\/a><\/p>\n<p style=\"text-align: justify;\">\u2022<b>La propuesta para j\u00f3venes y adultos ser\u00e1 a trav\u00e9s de la escritura de microrrelatos y llama CONFIRRELATOS, <\/b>y en ella van a poder escribir su experiencia en este tiempo de confinamiento. Durante este tiempo se est\u00e1n viviendo muchas experiencias, se est\u00e1n recordando los momentos en los que ni siquiera se planteaba lo maravilloso que es compartir un momento en familia, con los amigos o en soledad en la naturaleza. Los microrrelatos deber\u00e1n tener una extensi\u00f3n de un DIN A4, por una cara, la letra empleada debe ser Arial o Times New Roman. El texto deber\u00e1 llevar el t\u00edtulo y la firma del autor o autora (nombre y apellidos). Se enviar\u00e1n en formato pdf al email de la Biblioteca (mailto:biblioteca@caudete.org) o al WhatsApp 695 298 284.<\/p>\n<p style=\"text-align: justify;\">\u2022<b>LECTIBE EN CASA. <\/b>Con el objetivo de hacer m\u00e1s llevaderos los d\u00edas de confinamiento a nuestros j\u00f3venes y adolescentes desde el Proyecto Lectibe se lanza esta propuesta. Est\u00e1 dirigida a los participantes del <a href=\"http:\/\/lectibe.eu\/\" target=\"_blank\" rel=\"noopener noreferrer nofollow\">proyecto Lectibe<br \/>\n<\/a>, y a quienes est\u00e9is vinculados a los diferentes clubes juveniles de lectura de la provincia de Albacete. Queremos que se hagan una foto a alg\u00fan objeto que tengan en casa o a algo que puedan ver desde sus ventanas. Que, en base a la citada imagen, creen un microrrelato de unos 200 caracteres en el que quede reflejado lo que ese objeto les sugiere , les aporta, o sobre lo que hayan podido reflexionar en relaci\u00f3n al mismo. El tercer paso es f\u00e1cil\u203c Subir la foto y el texto a Instagram (a su perfil o al de sus padres) utilizando el hastag #LectibeEnCasa. <a href=\"https:\/\/www.instagram.com\/lectibe_\/\" target=\"_blank\" rel=\"noopener noreferrer nofollow\">Este es el Instagram del proyecto<br \/>\n<\/a><br \/>\n\u2022 <b>Adem\u00e1s todos los d\u00edas compartiremos diferentes actividades, como las fotos que nos env\u00edan desde casa leyendo, en nuestra propuesta #UnLibroDesdeCasa #CaudeteLee y os ofreceremos actividades \u201cRemember\u201d realizadas otros a\u00f1os desde la Biblioteca,<\/b>como nuestro Marat\u00f3n Literario, el Certamen Evaristo Ba\u00f1\u00f3n,\u2026 que podr\u00e1n volver a disfrutar desde nuestro Facebook y desde Canal Imagen en tu televisi\u00f3n y por su web https:\/\/almatelecom.es\/fibra-optica\/canal-imagen.<\/p>\n<p style=\"text-align: justify;\">Todas las actividades vienen un folleto editado desde la Biblioteca con el que anunciamos nuestra programaci\u00f3n, por nuestros canales de informaci\u00f3n como la web municipal y diferentes redes sociales como Facebook, Twitter, Instagram y WhatsApp.<\/p>\n<p style=\"text-align: justify;\">Y recuerda, cu\u00eddate mucho y lee mucho, que pronto volveremos a vernos por la biblioteca. Mientras tanto, nos vemos y leemos por nuestras redes sociales.<\/p>\n<p style=\"text-align: justify;\"><b>PROGRAMA DE ACTIVIDADES DIA DEL LIBRO 2020 DE LA BIBLIOTECA<\/b><\/p>\n<p style=\"text-align: justify;\">\u2022 7\/30 ABRIL, Queremos verte leer, porque leer es viajar&#8230;y ahora que debemos quedarnos en casa,viajaremos leyendo, as\u00ed que mandar vuestras fotos para que comencemos el viaje. #UnLibroDesdeCasa<\/p>\n<p style=\"text-align: justify;\">\u2022 <b>20\/30 ABRIL, E L R E Y D E L O S M A R C A P \u00c1 G I N A S <\/b>.Realizaci\u00f3n de marcap\u00e1ginas, con el lema &#8220;YOMEQUEDOENCASALEYENDO&#8221;, dirigido a p\u00fablico infantil.<\/p>\n<p style=\"text-align: justify;\">\u2022 <b>20\/30 ABRIL, C O N F I R R E L A T O S: E S T A H I S T O R I A L A E S C R I B E S T \u00da,<\/b>Microhistorias del confinamiento para fomentar la creaci\u00f3n literaria y poner palabras a nuestras emociones. Dirigido a p\u00fablico adulto (a partir de 13 a\u00f1os).<\/p>\n<p style=\"text-align: justify;\">\u2022 <b>20 ABRIL, R E M E M B E R 2 0 1 9 L E C T I B E <\/b>. V\u00eddeo en Youtube del VII Encuertro celebrado en Tarazona. <a href=\"https:\/\/www.youtube.com\/watch?v=YiOjjM2- dkw\" target=\"_blank\" rel=\"noopener noreferrer nofollow\">Enlace a nuestro v\u00eddeo en Nuestro Canal de Youtube Caudete Biblio<\/a><br \/>\nBuscar en Youtube: Biblioteca de Caudete<\/p>\n<p style=\"text-align: justify;\">\u2022 <b>21 ABRIL, R E M E M B E R 2 0 1 9 T E A T R O <\/b>V\u00eddeo en Youtube de la representaci\u00f3n por parte del Club de Lectura &#8220;27 de marzo&#8221; de la obra &#8220;El enfermo imaginario&#8221; de Moli\u00e8re. <a href=\"https:\/\/www.youtube.co\/watch?v=fV1htUsQg7o\" target=\"_blank\" rel=\"noopener noreferrer nofollow\">Enlace a nuestro v\u00eddeo en Nuestro Canal de Youtube Caudete Biblio<\/a><br \/>\nBuscar en Youtube: Biblioteca de Caudete<\/p>\n<p style=\"text-align: justify;\">\u2022 <b>22 ABRIL, R E M E M B E R 2 0 1 9 L A L E C T U R A P I N T A . . .<\/b>\u00c1lbum fotogr\u00e1fico en Facebook recordatorio del Taller &#8220;La lectura pinta mucho&#8221;<\/p>\n<p style=\"text-align: justify;\">\u2022 <b>23 ABRIL, R E M E M B E R 2019 M A R A T \u00d3 N <\/b>V\u00eddeo lectura del Manifiesto del D\u00eda del Libro 2020 &#8220;Yo no soy poeta&#8221; V\u00eddeo en Youtube del Marat\u00f3n Literario del 2019 con motivo del D\u00eda del Libro. <a href=\"https:\/\/youtu.be\/npY7agAF9nM\" target=\"_blank\" rel=\"noopener noreferrer nofollow\">Enlace a nuestro v\u00eddeo en el Canal de Youtube Caudete Biblio <\/a>Buscar en Youtube: Biblioteca de Caudete<\/p>\n<p style=\"text-align: justify;\">\u2022 <b>24 ABRIL, R E M E M B E R 2 0 1 9 E N C U E N T R O C L U B E S DE LECTURA DE LA PROVINCIA DE ALBACETE <\/b>\u00c1lbum fotogr\u00e1fico en Facebook recordatorio del Encuentro de Clubes de Lectura de Adultos del 2019 celebrado en Hell\u00edn.<\/p>\n<p style=\"text-align: justify;\">\u2022 <b>28 ABRIL, R E M E M B E R 2 0 1 9 F E R I A D E L L I B R O <\/b>\u00c1lbum fotogr\u00e1fico en Facebook recordatorio de la IX Feria del Libro celebrada en a\u00f1o pasado con motivo de la Semana del Libro<\/p>\n<p style=\"text-align: justify;\">\u2022 <b>29 ABRIL, R E M E M B E R 2 0 1 9 E V A R I S T O B A \u00d1 \u00d3 N <\/b>V\u00eddeo en Youtube de la entrega de premios del XXIII Certamen Literario Evaristo Ba\u00f1\u00f3n. <a href=\"https:\/\/youtu.be\/xOXhWyLP4J4\" target=\"_blank\" rel=\"noopener noreferrer nofollow\">Enlace a nuestro v\u00eddeo en el Canal de Youtube Caudete Biblio <\/a>Buscar en Youtube: Biblioteca de Caudete<\/p>\n<p style=\"text-align: justify;\">\u2022 <b>30 ABRIL, R E M E M B E R 2 0 1 9 P R O Y E C T O E R A S M U S + <\/b>V\u00eddeo en Youtube del Proyecto Erasmus+ Cultura + Inclusi\u00f3n en el que ha participado la Biblioteca.<a href=\"https:\/\/www.youtube.com\/watch?v=hv_3mj2pKRg&amp;gl=CO&quot;\" target=\"_blank\" rel=\"noopener noreferrer nofollow\">Enlace a nuestro v\u00eddeo en el Canal de Youtube Caudete Biblio: <\/a>Buscar en Youtube: Biblioteca de Caudete<\/p>\n<p style=\"text-align: justify;\">\u2022 <b>20\/30 ABRIL, T A L L E R &#8221; M I C R O R R E L A T O S E N C U A T R O P A S O S &#8221; <\/b>Este taller nos dar\u00e1 cuatro trucos para aprender a crear microrrelatos de forma sencilla. Dirigido a p\u00fablico adulto. Impartido por Ruth M. Rodr\u00edguez. Enlace: <a href=\"http:\/\/blog.verbalina.com\/\" target=\"_blank\" rel=\"noopener noreferrer nofollow\">http:\/\/blog.verbalina.com\/<\/a><\/p>\n<p style=\"text-align: justify;\">\u2022 <b>20\/30 ABRIL , T A L L E R L E T Y L A B &#8221; F \u00c1 B R I C A D E R I T M O S &#8221; <\/b>Desarrollar ideas para contar cuentos de forma creativa y para &#8220;jugar y leer&#8221; con aplicaciones musicales. Taller dirigido a todos los amantes de la literatura infantil. Impartido por la Fundaci\u00f3n German S\u00e1nchez Ruip\u00e9rez. Enlace: <a href=\"https:\/\/fundaciongsr.org\/fabrica-de-ritmos\/\" target=\"_blank\" rel=\"noopener noreferrer nofollow\">https:\/\/fundaciongsr.org\/fabrica-de-ritmos\/<\/a><\/p>\n<p style=\"text-align: justify;\">\u2022 <b>20\/30 ABRIL # L E C T I B E E N T U C A S A <\/b>Cu\u00e9ntamos tu historia en una imagen y en 200 caracteres. Hasta el 31 de mayo en Instagram Lectibe. <a href=\"https:\/\/www.instagram.com\/lectibe_\/\" target=\"_blank\" rel=\"noopener noreferrer nofollow\">Enlace Instagram<\/a><\/p>\n<p style=\"text-align: justify;\">\u2022 <b>5 DE MAYO \u00c1 L B U M D E F O T O S \u00a1Es hora de ver el resultado! <\/b>Exposici\u00f3n virtual, en Facebook, de las distintas actividades que se han llevado a cabo durante la Semana del Libro 2020.<\/p>\n<p style=\"text-align: justify;\">&#8211; <b>El programa de animaci\u00f3n a la lectura de nuestra Biblioteca como son los <a href=\"http:\/\/www.caudete.org\/ayuntamiento\/biblioteca-clubes-de-lectura\/\">Clubes de Lectura<\/a><\/b>, son un referente tanto a nivel municipal, como comarcal, provincial y regional. Con diecisiete clubes de lectura (para todos los gustos y edades) es el tesoro de la Biblioteca, el proyecto de animaci\u00f3n lectora que irradia de vida, la actividad en la Biblioteca.<br \/>\n&#8211; <b>Participamos con un club de lectura juvenil en el proyecto <a href=\"http:\/\/lectibe.eu\/\" target=\"_blank\" rel=\"noopener noreferrer nofollow\">LECTIBE<\/a> <\/b>Clubes de lectura Ib\u00e9ricos.<br \/>\n&#8211; <b>Participamos en el proyecto ERASMUS \u201cCROSS-Creando Otros Entornos de Aprendizaje\u201d. <\/b><a href=\"http:\/\/www.caudete.org\/ayuntamiento\/erasmus-cross\/\" target=\"_blank\" rel=\"noopener noreferrer\">CROSS<\/a><br \/>\n&#8211; <b>Resumen de las actividades de la biblioteca del pasado a\u00f1o. <\/b><a href=\"http:\/\/www.caudete.org\/ayuntamiento\/biblioteca-actividades\/\">Memoria de actividades del a\u00f1o 2019<\/a><\/p>\n<p>&nbsp;<\/p>\n<p><strong>Ficheros adjuntos<\/strong><\/p>\n<p><a href=\"http:\/\/www.caudete.telemaco.es\/eniusimg\/enius146\/2019\/04\/adjuntos_fichero_b3bdbd8b29d3f54a.pdf\" class=\"mtli_attachment mtli_pdf\" target=\"_blank\" rel=\"noopener noreferrer nofollow\">folleto semana libro 2020<\/a><\/p>\n<p><a href=\"http:\/\/www.caudete.telemaco.es\/eniusimg\/enius146\/2020\/04\/adjuntos_fichero_5fa13f7e7fb05311.pdf\" class=\"mtli_attachment mtli_pdf\" target=\"_blank\" rel=\"noopener noreferrer nofollow\">marcapaginaspdf <\/a><\/p>\n<p>&nbsp;<\/p>\nngg_shortcode_0_placeholder\n","protected":false},"excerpt":{"rendered":"<p>En esta secci\u00f3n encontrar\u00e1s variada informaci\u00f3n sobre la Biblioteca P\u00fablica Municipal Ana Mar\u00eda Matute y las actividades que realizamos. LA BIBLIOTECA P\u00daBLICA MUNICIPAL ANA MAR\u00cdA MATUTE DE CAUDETE, HA PREPARADO UNA PROGRAMACI\u00d3N ESPECIAL PARA 23 DE ABRIL 2020, EL D\u00cdA DEL LIBRO, DESDE CASA. Desde la Concejal\u00eda de Cultura del M. I Ayuntamiento de Caudete, &hellip;<\/p>\n","protected":false},"author":1,"featured_media":0,"parent":0,"menu_order":0,"comment_status":"closed","ping_status":"closed","template":"","meta":{"ngg_post_thumbnail":0,"footnotes":""},"categories":[105],"tags":[],"class_list":["post-7332","page","type-page","status-publish","hentry","category-biblioteca"],"yoast_head":"<!-- This site is optimized with the Yoast SEO plugin v27.5 - https:\/\/yoast.com\/product\/yoast-seo-wordpress\/ -->\n<title>Biblioteca - Actividades - MI Ayuntamiento de Caudete<\/title>\n<meta name=\"description\" content=\"P\u00e1gina Oficial del Ayuntamiento de Caudete (Albacete)\" \/>\n<meta name=\"robots\" content=\"index, follow, max-snippet:-1, max-image-preview:large, max-video-preview:-1\" \/>\n<link rel=\"canonical\" href=\"https:\/\/www.caudete.org\/ayuntamiento\/biblioteca-actividades\/\" \/>\n<meta property=\"og:locale\" content=\"es_ES\" \/>\n<meta property=\"og:type\" content=\"article\" \/>\n<meta property=\"og:title\" content=\"Biblioteca - Actividades - MI Ayuntamiento de Caudete\" \/>\n<meta property=\"og:description\" content=\"P\u00e1gina Oficial del Ayuntamiento de Caudete (Albacete)\" \/>\n<meta property=\"og:url\" content=\"https:\/\/www.caudete.org\/ayuntamiento\/biblioteca-actividades\/\" \/>\n<meta property=\"og:site_name\" content=\"MI Ayuntamiento de Caudete\" \/>\n<meta property=\"article:publisher\" content=\"https:\/\/www.facebook.com\/ayuntamientocaudete\/\" \/>\n<meta property=\"article:modified_time\" content=\"2024-06-21T17:15:32+00:00\" \/>\n<meta name=\"twitter:card\" content=\"summary_large_image\" \/>\n<meta name=\"twitter:label1\" content=\"Tiempo de lectura\" \/>\n\t<meta name=\"twitter:data1\" content=\"7 minutos\" \/>\n<script type=\"application\/ld+json\" class=\"yoast-schema-graph\">{\"@context\":\"https:\\\/\\\/schema.org\",\"@graph\":[{\"@type\":\"WebPage\",\"@id\":\"https:\\\/\\\/www.caudete.org\\\/ayuntamiento\\\/biblioteca-actividades\\\/\",\"url\":\"https:\\\/\\\/www.caudete.org\\\/ayuntamiento\\\/biblioteca-actividades\\\/\",\"name\":\"Biblioteca - Actividades - MI Ayuntamiento de Caudete\",\"isPartOf\":{\"@id\":\"https:\\\/\\\/www.caudete.org\\\/ayuntamiento\\\/#website\"},\"datePublished\":\"2020-12-06T19:14:14+00:00\",\"dateModified\":\"2024-06-21T17:15:32+00:00\",\"description\":\"P\u00e1gina Oficial del Ayuntamiento de Caudete (Albacete)\",\"breadcrumb\":{\"@id\":\"https:\\\/\\\/www.caudete.org\\\/ayuntamiento\\\/biblioteca-actividades\\\/#breadcrumb\"},\"inLanguage\":\"es\",\"potentialAction\":[{\"@type\":\"ReadAction\",\"target\":[\"https:\\\/\\\/www.caudete.org\\\/ayuntamiento\\\/biblioteca-actividades\\\/\"]}]},{\"@type\":\"BreadcrumbList\",\"@id\":\"https:\\\/\\\/www.caudete.org\\\/ayuntamiento\\\/biblioteca-actividades\\\/#breadcrumb\",\"itemListElement\":[{\"@type\":\"ListItem\",\"position\":1,\"name\":\"Inicio\",\"item\":\"https:\\\/\\\/www.caudete.org\\\/ayuntamiento\\\/\"},{\"@type\":\"ListItem\",\"position\":2,\"name\":\"Biblioteca &#8211; Actividades\"}]},{\"@type\":\"WebSite\",\"@id\":\"https:\\\/\\\/www.caudete.org\\\/ayuntamiento\\\/#website\",\"url\":\"https:\\\/\\\/www.caudete.org\\\/ayuntamiento\\\/\",\"name\":\"MI Ayuntamiento de Caudete\",\"description\":\"P\u00e1gina Oficial del MI Ayuntamiento de Caudete\",\"potentialAction\":[{\"@type\":\"SearchAction\",\"target\":{\"@type\":\"EntryPoint\",\"urlTemplate\":\"https:\\\/\\\/www.caudete.org\\\/ayuntamiento\\\/?s={search_term_string}\"},\"query-input\":{\"@type\":\"PropertyValueSpecification\",\"valueRequired\":true,\"valueName\":\"search_term_string\"}}],\"inLanguage\":\"es\"}]}<\/script>\n<!-- \/ Yoast SEO plugin. -->","yoast_head_json":{"title":"Biblioteca - Actividades - MI Ayuntamiento de Caudete","description":"P\u00e1gina Oficial del Ayuntamiento de Caudete (Albacete)","robots":{"index":"index","follow":"follow","max-snippet":"max-snippet:-1","max-image-preview":"max-image-preview:large","max-video-preview":"max-video-preview:-1"},"canonical":"https:\/\/www.caudete.org\/ayuntamiento\/biblioteca-actividades\/","og_locale":"es_ES","og_type":"article","og_title":"Biblioteca - Actividades - MI Ayuntamiento de Caudete","og_description":"P\u00e1gina Oficial del Ayuntamiento de Caudete (Albacete)","og_url":"https:\/\/www.caudete.org\/ayuntamiento\/biblioteca-actividades\/","og_site_name":"MI Ayuntamiento de Caudete","article_publisher":"https:\/\/www.facebook.com\/ayuntamientocaudete\/","article_modified_time":"2024-06-21T17:15:32+00:00","twitter_card":"summary_large_image","twitter_misc":{"Tiempo de lectura":"7 minutos"},"schema":{"@context":"https:\/\/schema.org","@graph":[{"@type":"WebPage","@id":"https:\/\/www.caudete.org\/ayuntamiento\/biblioteca-actividades\/","url":"https:\/\/www.caudete.org\/ayuntamiento\/biblioteca-actividades\/","name":"Biblioteca - Actividades - MI Ayuntamiento de Caudete","isPartOf":{"@id":"https:\/\/www.caudete.org\/ayuntamiento\/#website"},"datePublished":"2020-12-06T19:14:14+00:00","dateModified":"2024-06-21T17:15:32+00:00","description":"P\u00e1gina Oficial del Ayuntamiento de Caudete (Albacete)","breadcrumb":{"@id":"https:\/\/www.caudete.org\/ayuntamiento\/biblioteca-actividades\/#breadcrumb"},"inLanguage":"es","potentialAction":[{"@type":"ReadAction","target":["https:\/\/www.caudete.org\/ayuntamiento\/biblioteca-actividades\/"]}]},{"@type":"BreadcrumbList","@id":"https:\/\/www.caudete.org\/ayuntamiento\/biblioteca-actividades\/#breadcrumb","itemListElement":[{"@type":"ListItem","position":1,"name":"Inicio","item":"https:\/\/www.caudete.org\/ayuntamiento\/"},{"@type":"ListItem","position":2,"name":"Biblioteca &#8211; Actividades"}]},{"@type":"WebSite","@id":"https:\/\/www.caudete.org\/ayuntamiento\/#website","url":"https:\/\/www.caudete.org\/ayuntamiento\/","name":"MI Ayuntamiento de Caudete","description":"P\u00e1gina Oficial del MI Ayuntamiento de Caudete","potentialAction":[{"@type":"SearchAction","target":{"@type":"EntryPoint","urlTemplate":"https:\/\/www.caudete.org\/ayuntamiento\/?s={search_term_string}"},"query-input":{"@type":"PropertyValueSpecification","valueRequired":true,"valueName":"search_term_string"}}],"inLanguage":"es"}]}},"_links":{"self":[{"href":"https:\/\/www.caudete.org\/ayuntamiento\/wp-json\/wp\/v2\/pages\/7332","targetHints":{"allow":["GET"]}}],"collection":[{"href":"https:\/\/www.caudete.org\/ayuntamiento\/wp-json\/wp\/v2\/pages"}],"about":[{"href":"https:\/\/www.caudete.org\/ayuntamiento\/wp-json\/wp\/v2\/types\/page"}],"author":[{"embeddable":true,"href":"https:\/\/www.caudete.org\/ayuntamiento\/wp-json\/wp\/v2\/users\/1"}],"replies":[{"embeddable":true,"href":"https:\/\/www.caudete.org\/ayuntamiento\/wp-json\/wp\/v2\/comments?post=7332"}],"version-history":[{"count":7,"href":"https:\/\/www.caudete.org\/ayuntamiento\/wp-json\/wp\/v2\/pages\/7332\/revisions"}],"predecessor-version":[{"id":7366,"href":"https:\/\/www.caudete.org\/ayuntamiento\/wp-json\/wp\/v2\/pages\/7332\/revisions\/7366"}],"wp:attachment":[{"href":"https:\/\/www.caudete.org\/ayuntamiento\/wp-json\/wp\/v2\/media?parent=7332"}],"wp:term":[{"taxonomy":"category","embeddable":true,"href":"https:\/\/www.caudete.org\/ayuntamiento\/wp-json\/wp\/v2\/categories?post=7332"},{"taxonomy":"post_tag","embeddable":true,"href":"https:\/\/www.caudete.org\/ayuntamiento\/wp-json\/wp\/v2\/tags?post=7332"}],"curies":[{"name":"wp","href":"https:\/\/api.w.org\/{rel}","templated":true}]}}