{"id":7560,"date":"2020-12-07T13:50:03","date_gmt":"2020-12-07T12:50:03","guid":{"rendered":"http:\/\/www.caudete.org\/ayuntamiento\/?page_id=7560"},"modified":"2022-07-04T18:24:14","modified_gmt":"2022-07-04T16:24:14","slug":"omic-noticias","status":"publish","type":"page","link":"https:\/\/www.caudete.org\/ayuntamiento\/omic-noticias\/","title":{"rendered":"OMIC &#8211; Noticias"},"content":{"rendered":"\t\t<div data-elementor-type=\"wp-page\" data-elementor-id=\"7560\" class=\"elementor elementor-7560\" data-elementor-post-type=\"page\">\n\t\t\t\t\t\t<section class=\"elementor-section elementor-top-section elementor-element elementor-element-8b7ae2d elementor-section-boxed elementor-section-height-default elementor-section-height-default\" data-id=\"8b7ae2d\" data-element_type=\"section\" data-e-type=\"section\">\n\t\t\t\t\t\t<div class=\"elementor-container elementor-column-gap-default\">\n\t\t\t\t\t<div class=\"elementor-column elementor-col-100 elementor-top-column elementor-element elementor-element-87b182a\" data-id=\"87b182a\" data-element_type=\"column\" data-e-type=\"column\">\n\t\t\t<div class=\"elementor-widget-wrap elementor-element-populated\">\n\t\t\t\t\t\t<div class=\"elementor-element elementor-element-aa6a521 elementor-grid-3 elementor-grid-tablet-2 elementor-grid-mobile-1 elementor-posts--thumbnail-top elementor-card-shadow-yes elementor-posts__hover-gradient elementor-widget elementor-widget-posts\" data-id=\"aa6a521\" data-element_type=\"widget\" data-e-type=\"widget\" data-settings=\"{&quot;pagination_type&quot;:&quot;numbers_and_prev_next&quot;,&quot;cards_columns&quot;:&quot;3&quot;,&quot;cards_columns_tablet&quot;:&quot;2&quot;,&quot;cards_columns_mobile&quot;:&quot;1&quot;,&quot;cards_row_gap&quot;:{&quot;unit&quot;:&quot;px&quot;,&quot;size&quot;:35,&quot;sizes&quot;:[]},&quot;cards_row_gap_tablet&quot;:{&quot;unit&quot;:&quot;px&quot;,&quot;size&quot;:&quot;&quot;,&quot;sizes&quot;:[]},&quot;cards_row_gap_mobile&quot;:{&quot;unit&quot;:&quot;px&quot;,&quot;size&quot;:&quot;&quot;,&quot;sizes&quot;:[]}}\" data-widget_type=\"posts.cards\">\n\t\t\t\t<div class=\"elementor-widget-container\">\n\t\t\t\t\t\t\t<div class=\"elementor-posts-container elementor-posts elementor-posts--skin-cards elementor-grid\">\n\t\t\t\t<article class=\"elementor-post elementor-grid-item post-19786 post type-post status-publish format-standard has-post-thumbnail hentry category-tablon-informativo-omic\">\n\t\t\t<div class=\"elementor-post__card\">\n\t\t\t\t<a class=\"elementor-post__thumbnail__link\" href=\"https:\/\/www.caudete.org\/ayuntamiento\/quieres-reciclar-pero-nunca-te-acuerdas-de-en-que-contenedor-va-cada-cosa\/\" tabindex=\"-1\" ><div class=\"elementor-post__thumbnail\"><img fetchpriority=\"high\" decoding=\"async\" width=\"240\" height=\"300\" src=\"https:\/\/www.caudete.org\/ayuntamiento\/wp-content\/uploads\/2022\/08\/Este-Verano-recicla-240x300.jpg\" rel='prettyPhoto' class=\"attachment-medium size-medium wp-image-19787\" alt=\"\" srcset=\"https:\/\/www.caudete.org\/ayuntamiento\/wp-content\/uploads\/2022\/08\/Este-Verano-recicla-240x300.jpg 240w, https:\/\/www.caudete.org\/ayuntamiento\/wp-content\/uploads\/2022\/08\/Este-Verano-recicla-819x1024.jpg 819w, https:\/\/www.caudete.org\/ayuntamiento\/wp-content\/uploads\/2022\/08\/Este-Verano-recicla-768x960.jpg 768w, https:\/\/www.caudete.org\/ayuntamiento\/wp-content\/uploads\/2022\/08\/Este-Verano-recicla.jpg 1024w\" sizes=\"(max-width: 240px) 100vw, 240px\" \/><\/div><\/a>\n\t\t\t\t<div class=\"elementor-post__badge\">Tabl\u00f3n Informativo (OMIC)<\/div>\n\t\t\t\t<div class=\"elementor-post__text\">\n\t\t\t\t<h3 class=\"elementor-post__title\">\n\t\t\t<a href=\"https:\/\/www.caudete.org\/ayuntamiento\/quieres-reciclar-pero-nunca-te-acuerdas-de-en-que-contenedor-va-cada-cosa\/\" >\n\t\t\t\t\u00bfQuieres reciclar, pero nunca te acuerdas de en qu\u00e9 contenedor va cada cosa?\t\t\t<\/a>\n\t\t<\/h3>\n\t\t\t\t<div class=\"elementor-post__excerpt\">\n\t\t\t<p>Sigue estos consejos para asegurarte de que lo que ya no puedes usar tenga una segunda vida.<\/p>\n\t\t<\/div>\n\t\t\n\t\t<a class=\"elementor-post__read-more\" href=\"https:\/\/www.caudete.org\/ayuntamiento\/quieres-reciclar-pero-nunca-te-acuerdas-de-en-que-contenedor-va-cada-cosa\/\" aria-label=\"Read more about \u00bfQuieres reciclar, pero nunca te acuerdas de en qu\u00e9 contenedor va cada cosa?\" tabindex=\"-1\" >\n\t\t\tLeer m\u00e1s \u00bb\t\t<\/a>\n\n\t\t\t\t<\/div>\n\t\t\t\t<div class=\"elementor-post__meta-data\">\n\t\t\t\t\t<span class=\"elementor-post-date\">\n\t\t\t5 de agosto de 2022\t\t<\/span>\n\t\t\t\t<\/div>\n\t\t\t\t\t<\/div>\n\t\t<\/article>\n\t\t\t\t<article class=\"elementor-post elementor-grid-item post-19632 post type-post status-publish format-standard has-post-thumbnail hentry category-tablon-informativo-omic\">\n\t\t\t<div class=\"elementor-post__card\">\n\t\t\t\t<a class=\"elementor-post__thumbnail__link\" href=\"https:\/\/www.caudete.org\/ayuntamiento\/cremas-solares-recomendaciones-y-etiquetado\/\" tabindex=\"-1\" ><div class=\"elementor-post__thumbnail\"><img decoding=\"async\" width=\"240\" height=\"300\" src=\"https:\/\/www.caudete.org\/ayuntamiento\/wp-content\/uploads\/2022\/07\/OMIC-Crema-Solar-240x300.jpg\" rel='prettyPhoto' class=\"attachment-medium size-medium wp-image-19633\" alt=\"\" srcset=\"https:\/\/www.caudete.org\/ayuntamiento\/wp-content\/uploads\/2022\/07\/OMIC-Crema-Solar-240x300.jpg 240w, https:\/\/www.caudete.org\/ayuntamiento\/wp-content\/uploads\/2022\/07\/OMIC-Crema-Solar-819x1024.jpg 819w, https:\/\/www.caudete.org\/ayuntamiento\/wp-content\/uploads\/2022\/07\/OMIC-Crema-Solar-768x960.jpg 768w, https:\/\/www.caudete.org\/ayuntamiento\/wp-content\/uploads\/2022\/07\/OMIC-Crema-Solar.jpg 1200w\" sizes=\"(max-width: 240px) 100vw, 240px\" \/><\/div><\/a>\n\t\t\t\t<div class=\"elementor-post__badge\">Tabl\u00f3n Informativo (OMIC)<\/div>\n\t\t\t\t<div class=\"elementor-post__text\">\n\t\t\t\t<h3 class=\"elementor-post__title\">\n\t\t\t<a href=\"https:\/\/www.caudete.org\/ayuntamiento\/cremas-solares-recomendaciones-y-etiquetado\/\" >\n\t\t\t\tCREMAS SOLARES: Recomendaciones y etiquetado\t\t\t<\/a>\n\t\t<\/h3>\n\t\t\t\t<div class=\"elementor-post__excerpt\">\n\t\t\t<p>Durante el verano, las ventas de productos como las cremas solares aumentan considerablemente. Los consumidores buscan estar protegidos durante sus vacaciones en la playa o<\/p>\n\t\t<\/div>\n\t\t\n\t\t<a class=\"elementor-post__read-more\" href=\"https:\/\/www.caudete.org\/ayuntamiento\/cremas-solares-recomendaciones-y-etiquetado\/\" aria-label=\"Read more about CREMAS SOLARES: Recomendaciones y etiquetado\" tabindex=\"-1\" >\n\t\t\tLeer m\u00e1s \u00bb\t\t<\/a>\n\n\t\t\t\t<\/div>\n\t\t\t\t<div class=\"elementor-post__meta-data\">\n\t\t\t\t\t<span class=\"elementor-post-date\">\n\t\t\t12 de julio de 2022\t\t<\/span>\n\t\t\t\t<\/div>\n\t\t\t\t\t<\/div>\n\t\t<\/article>\n\t\t\t\t<article class=\"elementor-post elementor-grid-item post-19563 post type-post status-publish format-standard has-post-thumbnail hentry category-tablon-informativo-omic\">\n\t\t\t<div class=\"elementor-post__card\">\n\t\t\t\t<a class=\"elementor-post__thumbnail__link\" href=\"https:\/\/www.caudete.org\/ayuntamiento\/derechos-pasajeros-transporte-maritimo\/\" tabindex=\"-1\" ><div class=\"elementor-post__thumbnail\"><img decoding=\"async\" width=\"300\" height=\"188\" src=\"https:\/\/www.caudete.org\/ayuntamiento\/wp-content\/uploads\/2022\/07\/PORTADA-300x188.jpg\" rel='prettyPhoto' class=\"attachment-medium size-medium wp-image-19570\" alt=\"\" srcset=\"https:\/\/www.caudete.org\/ayuntamiento\/wp-content\/uploads\/2022\/07\/PORTADA-300x188.jpg 300w, https:\/\/www.caudete.org\/ayuntamiento\/wp-content\/uploads\/2022\/07\/PORTADA.jpg 466w\" sizes=\"(max-width: 300px) 100vw, 300px\" \/><\/div><\/a>\n\t\t\t\t<div class=\"elementor-post__badge\">Tabl\u00f3n Informativo (OMIC)<\/div>\n\t\t\t\t<div class=\"elementor-post__text\">\n\t\t\t\t<h3 class=\"elementor-post__title\">\n\t\t\t<a href=\"https:\/\/www.caudete.org\/ayuntamiento\/derechos-pasajeros-transporte-maritimo\/\" >\n\t\t\t\tDerechos pasajeros transporte mar\u00edtimo\t\t\t<\/a>\n\t\t<\/h3>\n\t\t\t\t<div class=\"elementor-post__excerpt\">\n\t\t\t<p>Desde la Concejal\u00eda de Comercio a trav\u00e9s de su Oficina de Consumo, con motivo del comienzo de las vacaciones y con ello el aumento en<\/p>\n\t\t<\/div>\n\t\t\n\t\t<a class=\"elementor-post__read-more\" href=\"https:\/\/www.caudete.org\/ayuntamiento\/derechos-pasajeros-transporte-maritimo\/\" aria-label=\"Read more about Derechos pasajeros transporte mar\u00edtimo\" tabindex=\"-1\" >\n\t\t\tLeer m\u00e1s \u00bb\t\t<\/a>\n\n\t\t\t\t<\/div>\n\t\t\t\t<div class=\"elementor-post__meta-data\">\n\t\t\t\t\t<span class=\"elementor-post-date\">\n\t\t\t6 de julio de 2022\t\t<\/span>\n\t\t\t\t<\/div>\n\t\t\t\t\t<\/div>\n\t\t<\/article>\n\t\t\t\t<article class=\"elementor-post elementor-grid-item post-19537 post type-post status-publish format-standard has-post-thumbnail hentry category-tablon-informativo-omic\">\n\t\t\t<div class=\"elementor-post__card\">\n\t\t\t\t<a class=\"elementor-post__thumbnail__link\" href=\"https:\/\/www.caudete.org\/ayuntamiento\/derechos-de-los-pasajeros-en-transporte-aereo\/\" tabindex=\"-1\" ><div class=\"elementor-post__thumbnail\"><img loading=\"lazy\" decoding=\"async\" width=\"300\" height=\"193\" src=\"https:\/\/www.caudete.org\/ayuntamiento\/wp-content\/uploads\/2022\/07\/Derechos-de-los-pasajeros-en-el-transporte-aereo-300x193.jpg\" rel='prettyPhoto' class=\"attachment-medium size-medium wp-image-19540\" alt=\"\" srcset=\"https:\/\/www.caudete.org\/ayuntamiento\/wp-content\/uploads\/2022\/07\/Derechos-de-los-pasajeros-en-el-transporte-aereo-300x193.jpg 300w, https:\/\/www.caudete.org\/ayuntamiento\/wp-content\/uploads\/2022\/07\/Derechos-de-los-pasajeros-en-el-transporte-aereo-1024x657.jpg 1024w, https:\/\/www.caudete.org\/ayuntamiento\/wp-content\/uploads\/2022\/07\/Derechos-de-los-pasajeros-en-el-transporte-aereo-768x493.jpg 768w, https:\/\/www.caudete.org\/ayuntamiento\/wp-content\/uploads\/2022\/07\/Derechos-de-los-pasajeros-en-el-transporte-aereo.jpg 1298w\" sizes=\"(max-width: 300px) 100vw, 300px\" \/><\/div><\/a>\n\t\t\t\t<div class=\"elementor-post__badge\">Tabl\u00f3n Informativo (OMIC)<\/div>\n\t\t\t\t<div class=\"elementor-post__text\">\n\t\t\t\t<h3 class=\"elementor-post__title\">\n\t\t\t<a href=\"https:\/\/www.caudete.org\/ayuntamiento\/derechos-de-los-pasajeros-en-transporte-aereo\/\" >\n\t\t\t\tDerechos de los pasajeros en transporte a\u00e9reo\t\t\t<\/a>\n\t\t<\/h3>\n\t\t\t\t<div class=\"elementor-post__excerpt\">\n\t\t\t<p>Desde la Concejal\u00eda de Comercio a trav\u00e9s de su Oficina de Consumo, con motivo de la entrada en la \u00e9poca estival y con ello el<\/p>\n\t\t<\/div>\n\t\t\n\t\t<a class=\"elementor-post__read-more\" href=\"https:\/\/www.caudete.org\/ayuntamiento\/derechos-de-los-pasajeros-en-transporte-aereo\/\" aria-label=\"Read more about Derechos de los pasajeros en transporte a\u00e9reo\" tabindex=\"-1\" >\n\t\t\tLeer m\u00e1s \u00bb\t\t<\/a>\n\n\t\t\t\t<\/div>\n\t\t\t\t<div class=\"elementor-post__meta-data\">\n\t\t\t\t\t<span class=\"elementor-post-date\">\n\t\t\t5 de julio de 2022\t\t<\/span>\n\t\t\t\t<\/div>\n\t\t\t\t\t<\/div>\n\t\t<\/article>\n\t\t\t\t<article class=\"elementor-post elementor-grid-item post-7634 post type-post status-publish format-standard has-post-thumbnail hentry category-omic-noticias\">\n\t\t\t<div class=\"elementor-post__card\">\n\t\t\t\t<a class=\"elementor-post__thumbnail__link\" href=\"https:\/\/www.caudete.org\/ayuntamiento\/diferencias-entre-fecha-de-caducidad-y-consumo-preferente\/\" tabindex=\"-1\" ><div class=\"elementor-post__thumbnail\"><img loading=\"lazy\" decoding=\"async\" width=\"300\" height=\"300\" src=\"https:\/\/www.caudete.org\/ayuntamiento\/wp-content\/uploads\/2020\/12\/omic-caducidad-300x300.jpg\" rel='prettyPhoto' class=\"attachment-medium size-medium wp-image-7635\" alt=\"\" srcset=\"https:\/\/www.caudete.org\/ayuntamiento\/wp-content\/uploads\/2020\/12\/omic-caducidad-300x300.jpg 300w, https:\/\/www.caudete.org\/ayuntamiento\/wp-content\/uploads\/2020\/12\/omic-caducidad-150x150.jpg 150w, https:\/\/www.caudete.org\/ayuntamiento\/wp-content\/uploads\/2020\/12\/omic-caducidad-60x60.jpg 60w, https:\/\/www.caudete.org\/ayuntamiento\/wp-content\/uploads\/2020\/12\/omic-caducidad.jpg 470w\" sizes=\"(max-width: 300px) 100vw, 300px\" \/><\/div><\/a>\n\t\t\t\t<div class=\"elementor-post__badge\">omic-noticias<\/div>\n\t\t\t\t<div class=\"elementor-post__text\">\n\t\t\t\t<h3 class=\"elementor-post__title\">\n\t\t\t<a href=\"https:\/\/www.caudete.org\/ayuntamiento\/diferencias-entre-fecha-de-caducidad-y-consumo-preferente\/\" >\n\t\t\t\tDiferencias entre fecha de caducidad y consumo preferente\t\t\t<\/a>\n\t\t<\/h3>\n\t\t\t\t<div class=\"elementor-post__excerpt\">\n\t\t\t<p>La fecha de caducidad indica cu\u00e1ndo el producto no es seguro, mientras que la del consumo preferente se\u00f1ala un descenso de la calidad, no de<\/p>\n\t\t<\/div>\n\t\t\n\t\t<a class=\"elementor-post__read-more\" href=\"https:\/\/www.caudete.org\/ayuntamiento\/diferencias-entre-fecha-de-caducidad-y-consumo-preferente\/\" aria-label=\"Read more about Diferencias entre fecha de caducidad y consumo preferente\" tabindex=\"-1\" >\n\t\t\tLeer m\u00e1s \u00bb\t\t<\/a>\n\n\t\t\t\t<\/div>\n\t\t\t\t<div class=\"elementor-post__meta-data\">\n\t\t\t\t\t<span class=\"elementor-post-date\">\n\t\t\t7 de diciembre de 2020\t\t<\/span>\n\t\t\t\t<\/div>\n\t\t\t\t\t<\/div>\n\t\t<\/article>\n\t\t\t\t<article class=\"elementor-post elementor-grid-item post-7631 post type-post status-publish format-standard has-post-thumbnail hentry category-omic-noticias\">\n\t\t\t<div class=\"elementor-post__card\">\n\t\t\t\t<a class=\"elementor-post__thumbnail__link\" href=\"https:\/\/www.caudete.org\/ayuntamiento\/revisiones-de-gas-2\/\" tabindex=\"-1\" ><div class=\"elementor-post__thumbnail\"><img loading=\"lazy\" decoding=\"async\" width=\"300\" height=\"284\" src=\"https:\/\/www.caudete.org\/ayuntamiento\/wp-content\/uploads\/2020\/12\/omic-regas-300x284.jpg\" rel='prettyPhoto' class=\"attachment-medium size-medium wp-image-7632\" alt=\"\" srcset=\"https:\/\/www.caudete.org\/ayuntamiento\/wp-content\/uploads\/2020\/12\/omic-regas-300x284.jpg 300w, https:\/\/www.caudete.org\/ayuntamiento\/wp-content\/uploads\/2020\/12\/omic-regas.jpg 400w\" sizes=\"(max-width: 300px) 100vw, 300px\" \/><\/div><\/a>\n\t\t\t\t<div class=\"elementor-post__badge\">omic-noticias<\/div>\n\t\t\t\t<div class=\"elementor-post__text\">\n\t\t\t\t<h3 class=\"elementor-post__title\">\n\t\t\t<a href=\"https:\/\/www.caudete.org\/ayuntamiento\/revisiones-de-gas-2\/\" >\n\t\t\t\tREVISIONES DE GAS\t\t\t<\/a>\n\t\t<\/h3>\n\t\t\t\t<div class=\"elementor-post__excerpt\">\n\t\t\t<p>La Oficina de Consumo de Caudete os informa de las aclaraciones realizadas por el Servicio de Industr\u00eda y Energ\u00eda de la Delegaci\u00f3n Provincial de Ordenaci\u00f3n<\/p>\n\t\t<\/div>\n\t\t\n\t\t<a class=\"elementor-post__read-more\" href=\"https:\/\/www.caudete.org\/ayuntamiento\/revisiones-de-gas-2\/\" aria-label=\"Read more about REVISIONES DE GAS\" tabindex=\"-1\" >\n\t\t\tLeer m\u00e1s \u00bb\t\t<\/a>\n\n\t\t\t\t<\/div>\n\t\t\t\t<div class=\"elementor-post__meta-data\">\n\t\t\t\t\t<span class=\"elementor-post-date\">\n\t\t\t7 de diciembre de 2020\t\t<\/span>\n\t\t\t\t<\/div>\n\t\t\t\t\t<\/div>\n\t\t<\/article>\n\t\t\t\t<article class=\"elementor-post elementor-grid-item post-7628 post type-post status-publish format-standard has-post-thumbnail hentry category-omic-noticias\">\n\t\t\t<div class=\"elementor-post__card\">\n\t\t\t\t<a class=\"elementor-post__thumbnail__link\" href=\"https:\/\/www.caudete.org\/ayuntamiento\/como-elegir-el-curso-de-idiomas-mas-adecuado-en-el-extranjero\/\" tabindex=\"-1\" ><div class=\"elementor-post__thumbnail\"><img loading=\"lazy\" decoding=\"async\" width=\"300\" height=\"193\" src=\"https:\/\/www.caudete.org\/ayuntamiento\/wp-content\/uploads\/2020\/12\/omic-viajes-300x193.jpg\" rel='prettyPhoto' class=\"attachment-medium size-medium wp-image-7629\" alt=\"\" srcset=\"https:\/\/www.caudete.org\/ayuntamiento\/wp-content\/uploads\/2020\/12\/omic-viajes-300x193.jpg 300w, https:\/\/www.caudete.org\/ayuntamiento\/wp-content\/uploads\/2020\/12\/omic-viajes.jpg 450w\" sizes=\"(max-width: 300px) 100vw, 300px\" \/><\/div><\/a>\n\t\t\t\t<div class=\"elementor-post__badge\">omic-noticias<\/div>\n\t\t\t\t<div class=\"elementor-post__text\">\n\t\t\t\t<h3 class=\"elementor-post__title\">\n\t\t\t<a href=\"https:\/\/www.caudete.org\/ayuntamiento\/como-elegir-el-curso-de-idiomas-mas-adecuado-en-el-extranjero\/\" >\n\t\t\t\tC\u00f3mo elegir el curso de idiomas m\u00e1s adecuado en el extranjero\t\t\t<\/a>\n\t\t<\/h3>\n\t\t\t\t<div class=\"elementor-post__excerpt\">\n\t\t\t<p>La calidad de la agencia y la adecuaci\u00f3n del programa a la edad del estudiante son algunos de los factores que determinan una buena elecci\u00f3n<\/p>\n\t\t<\/div>\n\t\t\n\t\t<a class=\"elementor-post__read-more\" href=\"https:\/\/www.caudete.org\/ayuntamiento\/como-elegir-el-curso-de-idiomas-mas-adecuado-en-el-extranjero\/\" aria-label=\"Read more about C\u00f3mo elegir el curso de idiomas m\u00e1s adecuado en el extranjero\" tabindex=\"-1\" >\n\t\t\tLeer m\u00e1s \u00bb\t\t<\/a>\n\n\t\t\t\t<\/div>\n\t\t\t\t<div class=\"elementor-post__meta-data\">\n\t\t\t\t\t<span class=\"elementor-post-date\">\n\t\t\t7 de diciembre de 2020\t\t<\/span>\n\t\t\t\t<\/div>\n\t\t\t\t\t<\/div>\n\t\t<\/article>\n\t\t\t\t<article class=\"elementor-post elementor-grid-item post-7626 post type-post status-publish format-standard hentry category-omic-noticias\">\n\t\t\t<div class=\"elementor-post__card\">\n\t\t\t\t<div class=\"elementor-post__text\">\n\t\t\t\t<h3 class=\"elementor-post__title\">\n\t\t\t<a href=\"https:\/\/www.caudete.org\/ayuntamiento\/agencia-espanola-de-medicamentos-y-productos-sanitarios-aemps-venta-a-domicilio-de-aparatos-de-magnetoterapia\/\" >\n\t\t\t\tAgencia Espa\u00f1ola de Medicamentos y Productos Sanitarios AEMPS. VENTA A DOMICILIO DE APARATOS DE MAGNETOTERAPIA\t\t\t<\/a>\n\t\t<\/h3>\n\t\t\t\t<div class=\"elementor-post__excerpt\">\n\t\t\t<p>La AEMPS advierte sobre pr\u00e1cticas comerciales enga\u00f1osas en la venta a domicilio de aparatos de magnetoterapia para el tratamiento de m\u00faltiples patolog\u00edas, que utilizan falsas<\/p>\n\t\t<\/div>\n\t\t\n\t\t<a class=\"elementor-post__read-more\" href=\"https:\/\/www.caudete.org\/ayuntamiento\/agencia-espanola-de-medicamentos-y-productos-sanitarios-aemps-venta-a-domicilio-de-aparatos-de-magnetoterapia\/\" aria-label=\"Read more about Agencia Espa\u00f1ola de Medicamentos y Productos Sanitarios AEMPS. VENTA A DOMICILIO DE APARATOS DE MAGNETOTERAPIA\" tabindex=\"-1\" >\n\t\t\tLeer m\u00e1s \u00bb\t\t<\/a>\n\n\t\t\t\t<\/div>\n\t\t\t\t<div class=\"elementor-post__meta-data\">\n\t\t\t\t\t<span class=\"elementor-post-date\">\n\t\t\t7 de diciembre de 2020\t\t<\/span>\n\t\t\t\t<\/div>\n\t\t\t\t\t<\/div>\n\t\t<\/article>\n\t\t\t\t<article class=\"elementor-post elementor-grid-item post-7622 post type-post status-publish format-standard has-post-thumbnail hentry category-omic-noticias\">\n\t\t\t<div class=\"elementor-post__card\">\n\t\t\t\t<a class=\"elementor-post__thumbnail__link\" href=\"https:\/\/www.caudete.org\/ayuntamiento\/indemnizaciones-ante-los-retrasos-en-los-medios-de-transporte\/\" tabindex=\"-1\" ><div class=\"elementor-post__thumbnail\"><img loading=\"lazy\" decoding=\"async\" width=\"300\" height=\"225\" src=\"https:\/\/www.caudete.org\/ayuntamiento\/wp-content\/uploads\/2020\/12\/omic-ret1-300x225.jpg\" rel='prettyPhoto' class=\"attachment-medium size-medium wp-image-7623\" alt=\"\" srcset=\"https:\/\/www.caudete.org\/ayuntamiento\/wp-content\/uploads\/2020\/12\/omic-ret1-300x225.jpg 300w, https:\/\/www.caudete.org\/ayuntamiento\/wp-content\/uploads\/2020\/12\/omic-ret1.jpg 580w\" sizes=\"(max-width: 300px) 100vw, 300px\" \/><\/div><\/a>\n\t\t\t\t<div class=\"elementor-post__badge\">omic-noticias<\/div>\n\t\t\t\t<div class=\"elementor-post__text\">\n\t\t\t\t<h3 class=\"elementor-post__title\">\n\t\t\t<a href=\"https:\/\/www.caudete.org\/ayuntamiento\/indemnizaciones-ante-los-retrasos-en-los-medios-de-transporte\/\" >\n\t\t\t\tIndemnizaciones ante los retrasos en los medios de transporte\t\t\t<\/a>\n\t\t<\/h3>\n\t\t\t\t<div class=\"elementor-post__excerpt\">\n\t\t\t<p>Ante un retraso o la cancelaci\u00f3n de un viaje no siempre se sabe c\u00f3mo actuar, d\u00f3nde acudir o ante qui\u00e9n reclamar. Es m\u00e1s, muchas veces<\/p>\n\t\t<\/div>\n\t\t\n\t\t<a class=\"elementor-post__read-more\" href=\"https:\/\/www.caudete.org\/ayuntamiento\/indemnizaciones-ante-los-retrasos-en-los-medios-de-transporte\/\" aria-label=\"Read more about Indemnizaciones ante los retrasos en los medios de transporte\" tabindex=\"-1\" >\n\t\t\tLeer m\u00e1s \u00bb\t\t<\/a>\n\n\t\t\t\t<\/div>\n\t\t\t\t<div class=\"elementor-post__meta-data\">\n\t\t\t\t\t<span class=\"elementor-post-date\">\n\t\t\t7 de diciembre de 2020\t\t<\/span>\n\t\t\t\t<\/div>\n\t\t\t\t\t<\/div>\n\t\t<\/article>\n\t\t\t\t<article class=\"elementor-post elementor-grid-item post-7616 post type-post status-publish format-standard has-post-thumbnail hentry category-omic-noticias\">\n\t\t\t<div class=\"elementor-post__card\">\n\t\t\t\t<a class=\"elementor-post__thumbnail__link\" href=\"https:\/\/www.caudete.org\/ayuntamiento\/prohibiciones-y-excepciones-de-la-nueva-ley-antitabaco\/\" tabindex=\"-1\" ><div class=\"elementor-post__thumbnail\"><img loading=\"lazy\" decoding=\"async\" width=\"212\" height=\"300\" src=\"https:\/\/www.caudete.org\/ayuntamiento\/wp-content\/uploads\/2020\/12\/omic-tab1-212x300.jpg\" rel='prettyPhoto' class=\"attachment-medium size-medium wp-image-7617\" alt=\"\" srcset=\"https:\/\/www.caudete.org\/ayuntamiento\/wp-content\/uploads\/2020\/12\/omic-tab1-212x300.jpg 212w, https:\/\/www.caudete.org\/ayuntamiento\/wp-content\/uploads\/2020\/12\/omic-tab1.jpg 424w\" sizes=\"(max-width: 212px) 100vw, 212px\" \/><\/div><\/a>\n\t\t\t\t<div class=\"elementor-post__badge\">omic-noticias<\/div>\n\t\t\t\t<div class=\"elementor-post__text\">\n\t\t\t\t<h3 class=\"elementor-post__title\">\n\t\t\t<a href=\"https:\/\/www.caudete.org\/ayuntamiento\/prohibiciones-y-excepciones-de-la-nueva-ley-antitabaco\/\" >\n\t\t\t\tProhibiciones y excepciones de la nueva ley antitabaco\t\t\t<\/a>\n\t\t<\/h3>\n\t\t\t\t<div class=\"elementor-post__excerpt\">\n\t\t\t<p>La normativa convierte a Espa\u00f1a en uno de los pa\u00edses m\u00e1s restrictivos, al prohibir fumar en lugares p\u00fablicos y \u00e1reas al aire libre, como parques<\/p>\n\t\t<\/div>\n\t\t\n\t\t<a class=\"elementor-post__read-more\" href=\"https:\/\/www.caudete.org\/ayuntamiento\/prohibiciones-y-excepciones-de-la-nueva-ley-antitabaco\/\" aria-label=\"Read more about Prohibiciones y excepciones de la nueva ley antitabaco\" tabindex=\"-1\" >\n\t\t\tLeer m\u00e1s \u00bb\t\t<\/a>\n\n\t\t\t\t<\/div>\n\t\t\t\t<div class=\"elementor-post__meta-data\">\n\t\t\t\t\t<span class=\"elementor-post-date\">\n\t\t\t7 de diciembre de 2020\t\t<\/span>\n\t\t\t\t<\/div>\n\t\t\t\t\t<\/div>\n\t\t<\/article>\n\t\t\t\t<article class=\"elementor-post elementor-grid-item post-7613 post type-post status-publish format-standard has-post-thumbnail hentry category-omic-noticias\">\n\t\t\t<div class=\"elementor-post__card\">\n\t\t\t\t<a class=\"elementor-post__thumbnail__link\" href=\"https:\/\/www.caudete.org\/ayuntamiento\/en-rebajas-con-todo-el-derecho\/\" tabindex=\"-1\" ><div class=\"elementor-post__thumbnail\"><img loading=\"lazy\" decoding=\"async\" width=\"225\" height=\"225\" src=\"https:\/\/www.caudete.org\/ayuntamiento\/wp-content\/uploads\/2020\/12\/omic-rebajas.jpg\" rel='prettyPhoto' class=\"attachment-medium size-medium wp-image-7614\" alt=\"\" srcset=\"https:\/\/www.caudete.org\/ayuntamiento\/wp-content\/uploads\/2020\/12\/omic-rebajas.jpg 225w, https:\/\/www.caudete.org\/ayuntamiento\/wp-content\/uploads\/2020\/12\/omic-rebajas-150x150.jpg 150w, https:\/\/www.caudete.org\/ayuntamiento\/wp-content\/uploads\/2020\/12\/omic-rebajas-60x60.jpg 60w\" sizes=\"(max-width: 225px) 100vw, 225px\" \/><\/div><\/a>\n\t\t\t\t<div class=\"elementor-post__badge\">omic-noticias<\/div>\n\t\t\t\t<div class=\"elementor-post__text\">\n\t\t\t\t<h3 class=\"elementor-post__title\">\n\t\t\t<a href=\"https:\/\/www.caudete.org\/ayuntamiento\/en-rebajas-con-todo-el-derecho\/\" >\n\t\t\t\tEn rebajas, con todo el derecho\t\t\t<\/a>\n\t\t<\/h3>\n\t\t\t\t<div class=\"elementor-post__excerpt\">\n\t\t\t<p>Los derechos, la calidad y las garant\u00edas no deben sufrir ning\u00fan tipo de merma en esta \u00e9poca Ni corbatas, ni perfumes. Con la crisis, para<\/p>\n\t\t<\/div>\n\t\t\n\t\t<a class=\"elementor-post__read-more\" href=\"https:\/\/www.caudete.org\/ayuntamiento\/en-rebajas-con-todo-el-derecho\/\" aria-label=\"Read more about En rebajas, con todo el derecho\" tabindex=\"-1\" >\n\t\t\tLeer m\u00e1s \u00bb\t\t<\/a>\n\n\t\t\t\t<\/div>\n\t\t\t\t<div class=\"elementor-post__meta-data\">\n\t\t\t\t\t<span class=\"elementor-post-date\">\n\t\t\t7 de diciembre de 2020\t\t<\/span>\n\t\t\t\t<\/div>\n\t\t\t\t\t<\/div>\n\t\t<\/article>\n\t\t\t\t<article class=\"elementor-post elementor-grid-item post-7610 post type-post status-publish format-standard has-post-thumbnail hentry category-omic-noticias\">\n\t\t\t<div class=\"elementor-post__card\">\n\t\t\t\t<a class=\"elementor-post__thumbnail__link\" href=\"https:\/\/www.caudete.org\/ayuntamiento\/revisiones-de-gas\/\" tabindex=\"-1\" ><div class=\"elementor-post__thumbnail\"><img loading=\"lazy\" decoding=\"async\" width=\"300\" height=\"206\" src=\"https:\/\/www.caudete.org\/ayuntamiento\/wp-content\/uploads\/2020\/12\/omic-gas-300x206.jpg\" rel='prettyPhoto' class=\"attachment-medium size-medium wp-image-7611\" alt=\"\" srcset=\"https:\/\/www.caudete.org\/ayuntamiento\/wp-content\/uploads\/2020\/12\/omic-gas-300x206.jpg 300w, https:\/\/www.caudete.org\/ayuntamiento\/wp-content\/uploads\/2020\/12\/omic-gas-768x528.jpg 768w, https:\/\/www.caudete.org\/ayuntamiento\/wp-content\/uploads\/2020\/12\/omic-gas.jpg 800w\" sizes=\"(max-width: 300px) 100vw, 300px\" \/><\/div><\/a>\n\t\t\t\t<div class=\"elementor-post__badge\">omic-noticias<\/div>\n\t\t\t\t<div class=\"elementor-post__text\">\n\t\t\t\t<h3 class=\"elementor-post__title\">\n\t\t\t<a href=\"https:\/\/www.caudete.org\/ayuntamiento\/revisiones-de-gas\/\" >\n\t\t\t\tREVISIONES DE GAS\t\t\t<\/a>\n\t\t<\/h3>\n\t\t\t\t<div class=\"elementor-post__excerpt\">\n\t\t\t<p>&nbsp; GAS CANALIZADO (GAS NATURAL) &#8211; Inspecci\u00f3n peri\u00f3dica cada 5 a\u00f1os &#8211; La empresa distribuidora se pondr\u00e1 en contacto con Ud. avisando de la fecha<\/p>\n\t\t<\/div>\n\t\t\n\t\t<a class=\"elementor-post__read-more\" href=\"https:\/\/www.caudete.org\/ayuntamiento\/revisiones-de-gas\/\" aria-label=\"Read more about REVISIONES DE GAS\" tabindex=\"-1\" >\n\t\t\tLeer m\u00e1s \u00bb\t\t<\/a>\n\n\t\t\t\t<\/div>\n\t\t\t\t<div class=\"elementor-post__meta-data\">\n\t\t\t\t\t<span class=\"elementor-post-date\">\n\t\t\t7 de diciembre de 2020\t\t<\/span>\n\t\t\t\t<\/div>\n\t\t\t\t\t<\/div>\n\t\t<\/article>\n\t\t\t\t<\/div>\n\t\t\n\t\t\t\t<div class=\"e-load-more-anchor\" data-page=\"1\" data-max-page=\"6\" data-next-page=\"https:\/\/www.caudete.org\/ayuntamiento\/wp-json\/wp\/v2\/pages\/7560\/page\/2\/\"><\/div>\n\t\t\t\t<nav class=\"elementor-pagination\" aria-label=\"Pagination\">\n\t\t\t<span class=\"page-numbers prev\">&laquo; Anterior<\/span>\n<span aria-current=\"page\" class=\"page-numbers current\"><span class=\"elementor-screen-only\">Page<\/span>1<\/span>\n<a class=\"page-numbers\" href=\"https:\/\/www.caudete.org\/ayuntamiento\/wp-json\/wp\/v2\/pages\/7560\/page\/2\/\"><span class=\"elementor-screen-only\">Page<\/span>2<\/a>\n<a class=\"page-numbers\" href=\"https:\/\/www.caudete.org\/ayuntamiento\/wp-json\/wp\/v2\/pages\/7560\/page\/3\/\"><span class=\"elementor-screen-only\">Page<\/span>3<\/a>\n<a class=\"page-numbers\" href=\"https:\/\/www.caudete.org\/ayuntamiento\/wp-json\/wp\/v2\/pages\/7560\/page\/4\/\"><span class=\"elementor-screen-only\">Page<\/span>4<\/a>\n<a class=\"page-numbers\" href=\"https:\/\/www.caudete.org\/ayuntamiento\/wp-json\/wp\/v2\/pages\/7560\/page\/5\/\"><span class=\"elementor-screen-only\">Page<\/span>5<\/a>\n<a class=\"page-numbers\" href=\"https:\/\/www.caudete.org\/ayuntamiento\/wp-json\/wp\/v2\/pages\/7560\/page\/6\/\"><span class=\"elementor-screen-only\">Page<\/span>6<\/a>\n<a class=\"page-numbers next\" href=\"https:\/\/www.caudete.org\/ayuntamiento\/wp-json\/wp\/v2\/pages\/7560\/page\/2\/\">Siguiente &raquo;<\/a>\t\t<\/nav>\n\t\t\t\t\t\t<\/div>\n\t\t\t\t<\/div>\n\t\t\t\t\t<\/div>\n\t\t<\/div>\n\t\t\t\t\t<\/div>\n\t\t<\/section>\n\t\t\t\t<section class=\"elementor-section elementor-top-section elementor-element elementor-element-46fa0ff elementor-section-boxed elementor-section-height-default elementor-section-height-default\" data-id=\"46fa0ff\" data-element_type=\"section\" data-e-type=\"section\">\n\t\t\t\t\t\t<div class=\"elementor-container elementor-column-gap-default\">\n\t\t\t\t\t<div class=\"elementor-column elementor-col-100 elementor-top-column elementor-element elementor-element-71aa86a\" data-id=\"71aa86a\" data-element_type=\"column\" data-e-type=\"column\">\n\t\t\t<div class=\"elementor-widget-wrap elementor-element-populated\">\n\t\t\t\t\t\t<div class=\"elementor-element elementor-element-66e05e2 elementor-search-form--skin-classic elementor-search-form--button-type-icon elementor-search-form--icon-search elementor-widget elementor-widget-search-form\" data-id=\"66e05e2\" data-element_type=\"widget\" data-e-type=\"widget\" data-settings=\"{&quot;skin&quot;:&quot;classic&quot;}\" data-widget_type=\"search-form.default\">\n\t\t\t\t<div class=\"elementor-widget-container\">\n\t\t\t\t\t\t\t<search role=\"search\">\n\t\t\t<form class=\"elementor-search-form\" action=\"https:\/\/www.caudete.org\/ayuntamiento\" method=\"get\">\n\t\t\t\t\t\t\t\t\t\t\t\t<div class=\"elementor-search-form__container\">\n\t\t\t\t\t<label class=\"elementor-screen-only\" for=\"elementor-search-form-66e05e2\">Search<\/label>\n\n\t\t\t\t\t\n\t\t\t\t\t<input id=\"elementor-search-form-66e05e2\" placeholder=\"Buscar...\" class=\"elementor-search-form__input\" type=\"search\" name=\"s\" value=\"\">\n\t\t\t\t\t\n\t\t\t\t\t\t\t\t\t\t\t<button class=\"elementor-search-form__submit\" type=\"submit\" aria-label=\"Search\">\n\t\t\t\t\t\t\t\t\t\t\t\t\t\t\t<i aria-hidden=\"true\" class=\"fas fa-search\"><\/i>\t\t\t\t\t\t\t\t\t\t\t\t\t<\/button>\n\t\t\t\t\t\n\t\t\t\t\t\t\t\t\t<\/div>\n\t\t\t<\/form>\n\t\t<\/search>\n\t\t\t\t\t\t<\/div>\n\t\t\t\t<\/div>\n\t\t\t\t\t<\/div>\n\t\t<\/div>\n\t\t\t\t\t<\/div>\n\t\t<\/section>\n\t\t\t\t<\/div>\n\t\t","protected":false},"excerpt":{"rendered":"","protected":false},"author":1,"featured_media":0,"parent":0,"menu_order":0,"comment_status":"closed","ping_status":"closed","template":"","meta":{"ngg_post_thumbnail":0,"footnotes":""},"categories":[109],"tags":[],"class_list":["post-7560","page","type-page","status-publish","hentry","category-omic-2"],"yoast_head":"<!-- This site is optimized with the Yoast SEO plugin v27.5 - https:\/\/yoast.com\/product\/yoast-seo-wordpress\/ -->\n<title>OMIC - Noticias - MI Ayuntamiento de Caudete<\/title>\n<meta name=\"description\" content=\"P\u00e1gina Oficial del Ayuntamiento de Caudete (Albacete)\" \/>\n<meta name=\"robots\" content=\"index, follow, max-snippet:-1, max-image-preview:large, max-video-preview:-1\" \/>\n<link rel=\"canonical\" href=\"https:\/\/www.caudete.org\/ayuntamiento\/omic-noticias\/\" \/>\n<meta property=\"og:locale\" content=\"es_ES\" \/>\n<meta property=\"og:type\" content=\"article\" \/>\n<meta property=\"og:title\" content=\"OMIC - Noticias - MI Ayuntamiento de Caudete\" \/>\n<meta property=\"og:description\" content=\"P\u00e1gina Oficial del Ayuntamiento de Caudete (Albacete)\" \/>\n<meta property=\"og:url\" content=\"https:\/\/www.caudete.org\/ayuntamiento\/omic-noticias\/\" \/>\n<meta property=\"og:site_name\" content=\"MI Ayuntamiento de Caudete\" \/>\n<meta property=\"article:publisher\" content=\"https:\/\/www.facebook.com\/ayuntamientocaudete\/\" \/>\n<meta property=\"article:modified_time\" content=\"2022-07-04T16:24:14+00:00\" \/>\n<meta name=\"twitter:card\" content=\"summary_large_image\" \/>\n<meta name=\"twitter:label1\" content=\"Tiempo de lectura\" \/>\n\t<meta name=\"twitter:data1\" content=\"5 minutos\" \/>\n<script type=\"application\/ld+json\" class=\"yoast-schema-graph\">{\"@context\":\"https:\\\/\\\/schema.org\",\"@graph\":[{\"@type\":\"WebPage\",\"@id\":\"https:\\\/\\\/www.caudete.org\\\/ayuntamiento\\\/omic-noticias\\\/\",\"url\":\"https:\\\/\\\/www.caudete.org\\\/ayuntamiento\\\/omic-noticias\\\/\",\"name\":\"OMIC - Noticias - MI Ayuntamiento de Caudete\",\"isPartOf\":{\"@id\":\"https:\\\/\\\/www.caudete.org\\\/ayuntamiento\\\/#website\"},\"datePublished\":\"2020-12-07T12:50:03+00:00\",\"dateModified\":\"2022-07-04T16:24:14+00:00\",\"description\":\"P\u00e1gina Oficial del Ayuntamiento de Caudete (Albacete)\",\"breadcrumb\":{\"@id\":\"https:\\\/\\\/www.caudete.org\\\/ayuntamiento\\\/omic-noticias\\\/#breadcrumb\"},\"inLanguage\":\"es\",\"potentialAction\":[{\"@type\":\"ReadAction\",\"target\":[\"https:\\\/\\\/www.caudete.org\\\/ayuntamiento\\\/omic-noticias\\\/\"]}]},{\"@type\":\"BreadcrumbList\",\"@id\":\"https:\\\/\\\/www.caudete.org\\\/ayuntamiento\\\/omic-noticias\\\/#breadcrumb\",\"itemListElement\":[{\"@type\":\"ListItem\",\"position\":1,\"name\":\"Inicio\",\"item\":\"https:\\\/\\\/www.caudete.org\\\/ayuntamiento\\\/\"},{\"@type\":\"ListItem\",\"position\":2,\"name\":\"OMIC &#8211; Noticias\"}]},{\"@type\":\"WebSite\",\"@id\":\"https:\\\/\\\/www.caudete.org\\\/ayuntamiento\\\/#website\",\"url\":\"https:\\\/\\\/www.caudete.org\\\/ayuntamiento\\\/\",\"name\":\"MI Ayuntamiento de Caudete\",\"description\":\"P\u00e1gina Oficial del MI Ayuntamiento de Caudete\",\"potentialAction\":[{\"@type\":\"SearchAction\",\"target\":{\"@type\":\"EntryPoint\",\"urlTemplate\":\"https:\\\/\\\/www.caudete.org\\\/ayuntamiento\\\/?s={search_term_string}\"},\"query-input\":{\"@type\":\"PropertyValueSpecification\",\"valueRequired\":true,\"valueName\":\"search_term_string\"}}],\"inLanguage\":\"es\"}]}<\/script>\n<!-- \/ Yoast SEO plugin. -->","yoast_head_json":{"title":"OMIC - Noticias - MI Ayuntamiento de Caudete","description":"P\u00e1gina Oficial del Ayuntamiento de Caudete (Albacete)","robots":{"index":"index","follow":"follow","max-snippet":"max-snippet:-1","max-image-preview":"max-image-preview:large","max-video-preview":"max-video-preview:-1"},"canonical":"https:\/\/www.caudete.org\/ayuntamiento\/omic-noticias\/","og_locale":"es_ES","og_type":"article","og_title":"OMIC - Noticias - MI Ayuntamiento de Caudete","og_description":"P\u00e1gina Oficial del Ayuntamiento de Caudete (Albacete)","og_url":"https:\/\/www.caudete.org\/ayuntamiento\/omic-noticias\/","og_site_name":"MI Ayuntamiento de Caudete","article_publisher":"https:\/\/www.facebook.com\/ayuntamientocaudete\/","article_modified_time":"2022-07-04T16:24:14+00:00","twitter_card":"summary_large_image","twitter_misc":{"Tiempo de lectura":"5 minutos"},"schema":{"@context":"https:\/\/schema.org","@graph":[{"@type":"WebPage","@id":"https:\/\/www.caudete.org\/ayuntamiento\/omic-noticias\/","url":"https:\/\/www.caudete.org\/ayuntamiento\/omic-noticias\/","name":"OMIC - Noticias - MI Ayuntamiento de Caudete","isPartOf":{"@id":"https:\/\/www.caudete.org\/ayuntamiento\/#website"},"datePublished":"2020-12-07T12:50:03+00:00","dateModified":"2022-07-04T16:24:14+00:00","description":"P\u00e1gina Oficial del Ayuntamiento de Caudete (Albacete)","breadcrumb":{"@id":"https:\/\/www.caudete.org\/ayuntamiento\/omic-noticias\/#breadcrumb"},"inLanguage":"es","potentialAction":[{"@type":"ReadAction","target":["https:\/\/www.caudete.org\/ayuntamiento\/omic-noticias\/"]}]},{"@type":"BreadcrumbList","@id":"https:\/\/www.caudete.org\/ayuntamiento\/omic-noticias\/#breadcrumb","itemListElement":[{"@type":"ListItem","position":1,"name":"Inicio","item":"https:\/\/www.caudete.org\/ayuntamiento\/"},{"@type":"ListItem","position":2,"name":"OMIC &#8211; Noticias"}]},{"@type":"WebSite","@id":"https:\/\/www.caudete.org\/ayuntamiento\/#website","url":"https:\/\/www.caudete.org\/ayuntamiento\/","name":"MI Ayuntamiento de Caudete","description":"P\u00e1gina Oficial del MI Ayuntamiento de Caudete","potentialAction":[{"@type":"SearchAction","target":{"@type":"EntryPoint","urlTemplate":"https:\/\/www.caudete.org\/ayuntamiento\/?s={search_term_string}"},"query-input":{"@type":"PropertyValueSpecification","valueRequired":true,"valueName":"search_term_string"}}],"inLanguage":"es"}]}},"_links":{"self":[{"href":"https:\/\/www.caudete.org\/ayuntamiento\/wp-json\/wp\/v2\/pages\/7560","targetHints":{"allow":["GET"]}}],"collection":[{"href":"https:\/\/www.caudete.org\/ayuntamiento\/wp-json\/wp\/v2\/pages"}],"about":[{"href":"https:\/\/www.caudete.org\/ayuntamiento\/wp-json\/wp\/v2\/types\/page"}],"author":[{"embeddable":true,"href":"https:\/\/www.caudete.org\/ayuntamiento\/wp-json\/wp\/v2\/users\/1"}],"replies":[{"embeddable":true,"href":"https:\/\/www.caudete.org\/ayuntamiento\/wp-json\/wp\/v2\/comments?post=7560"}],"version-history":[{"count":21,"href":"https:\/\/www.caudete.org\/ayuntamiento\/wp-json\/wp\/v2\/pages\/7560\/revisions"}],"predecessor-version":[{"id":19535,"href":"https:\/\/www.caudete.org\/ayuntamiento\/wp-json\/wp\/v2\/pages\/7560\/revisions\/19535"}],"wp:attachment":[{"href":"https:\/\/www.caudete.org\/ayuntamiento\/wp-json\/wp\/v2\/media?parent=7560"}],"wp:term":[{"taxonomy":"category","embeddable":true,"href":"https:\/\/www.caudete.org\/ayuntamiento\/wp-json\/wp\/v2\/categories?post=7560"},{"taxonomy":"post_tag","embeddable":true,"href":"https:\/\/www.caudete.org\/ayuntamiento\/wp-json\/wp\/v2\/tags?post=7560"}],"curies":[{"name":"wp","href":"https:\/\/api.w.org\/{rel}","templated":true}]}}