{"id":7681,"date":"2020-12-07T17:54:51","date_gmt":"2020-12-07T16:54:51","guid":{"rendered":"http:\/\/www.caudete.org\/ayuntamiento\/?page_id=7681"},"modified":"2024-06-21T19:20:18","modified_gmt":"2024-06-21T17:20:18","slug":"biblioteca-revista-evaristo-banon","status":"publish","type":"page","link":"https:\/\/www.caudete.org\/ayuntamiento\/biblioteca-revista-evaristo-banon\/","title":{"rendered":"Biblioteca &#8211; Revista Evaristo Ba\u00f1\u00f3n"},"content":{"rendered":"<p><span style=\"color: #729fcf;\"><strong><span style=\"font-family: Open Sans;\"><span style=\"font-size: medium;\">CENTENARIO EVARISTO BA\u00d1\u00d3N MEDINA<\/span><\/span><\/strong><\/span><\/p>\n<p><img fetchpriority=\"high\" decoding=\"async\" class=\"alignnone size-full wp-image-24486\" src=\"https:\/\/www.caudete.org\/ayuntamiento\/wp-content\/uploads\/2024\/03\/Logo-Evaristo-Banon-4.jpg\" alt=\"\" width=\"800\" height=\"566\" srcset=\"https:\/\/www.caudete.org\/ayuntamiento\/wp-content\/uploads\/2024\/03\/Logo-Evaristo-Banon-4.jpg 800w, https:\/\/www.caudete.org\/ayuntamiento\/wp-content\/uploads\/2024\/03\/Logo-Evaristo-Banon-4-300x212.jpg 300w, https:\/\/www.caudete.org\/ayuntamiento\/wp-content\/uploads\/2024\/03\/Logo-Evaristo-Banon-4-768x543.jpg 768w\" sizes=\"(max-width: 800px) 100vw, 800px\" \/><\/p>\n<p><img decoding=\"async\" class=\"size-full wp-image-24487 alignright\" src=\"https:\/\/www.caudete.org\/ayuntamiento\/wp-content\/uploads\/2024\/03\/Logo-Evaristo-Banon-retocada-2-peq.jpg\" alt=\"\" width=\"400\" height=\"549\" srcset=\"https:\/\/www.caudete.org\/ayuntamiento\/wp-content\/uploads\/2024\/03\/Logo-Evaristo-Banon-retocada-2-peq.jpg 400w, https:\/\/www.caudete.org\/ayuntamiento\/wp-content\/uploads\/2024\/03\/Logo-Evaristo-Banon-retocada-2-peq-219x300.jpg 219w\" sizes=\"(max-width: 400px) 100vw, 400px\" \/>Desde la Concejal\u00eda de Cultura del Ayuntamiento de Caudete se informa que este a\u00f1o 2024 marca un hito significativo en la historia cultural de Caudete, ya que conmemoramos el centenario del nacimiento de Evaristo Ba\u00f1\u00f3n Medina, ilustre poeta y promotor de la cultura en Caudete.<br \/>\nEn honor a su legado literario y su incansable labor en la promoci\u00f3n de la cultura y la educaci\u00f3n, desde la Concejal\u00eda de Cultura a trav\u00e9s de la Biblioteca P\u00fablica Municipal, en colaboraci\u00f3n con la familia de Evaristo Ba\u00f1\u00f3n y el Taller de Arte Villa de Caudete, presentan el PROYECTO CENTENARIO DE EVARISTO BA\u00d1\u00d3N MEDINA 1924-2024.<br \/>\nBa\u00f1\u00f3n Medina, nacido en 1924 y fallecido en 1992, fue un poeta autodidacta que desarroll\u00f3 una s\u00f3lida formaci\u00f3n cultural y literaria a trav\u00e9s de la lectura de cl\u00e1sicos espa\u00f1oles y universales. Su obra abord\u00f3 temas como la espiritualidad, lo religioso, la cr\u00edtica social, el intimismo, la infancia y la \u00e9pica. Adem\u00e1s de su producci\u00f3n po\u00e9tica, Ba\u00f1\u00f3n Medina se destac\u00f3 en la investigaci\u00f3n y difusi\u00f3n de la historia de Caudete, as\u00ed como en su participaci\u00f3n activa en la vida cultural del pueblo. El Ayuntamiento de Caudete dedic\u00f3 una calle especial a su nombre. Adem\u00e1s, desde 1997, el Ayuntamiento de Caudete organiza un certamen literario anual en su honor, contribuyendo a la difusi\u00f3n y preservaci\u00f3n de su obra y legado.<br \/>\nEntre las actividades programadas para este a\u00f1o hay una intensa agenda de actividades, entre las que destacamos las siguientes:<br \/>\nLa creaci\u00f3n de un logo conmemorativo, acompa\u00f1ado de una campa\u00f1a de promoci\u00f3n en diferentes redes sociales como Facebook, Instagram, X y TikTok con el hashtag #CentenarioEvaristoBa\u00f1on2024<br \/>\nUna charla sobre el Centenario Evaristo Ba\u00f1\u00f3n Medina, bajo el t\u00edtulo de \u201cEntre la p\u00f3lvora y la pluma\u201d, el viernes 16 de febrero de 2024 a las 20:00 horas en el Museo de la Acuarela Rafael Requena. La archivera municipal, M. Virtudes Navarro, ofrecer\u00e1 una conferencia titulada abordando la vida y obra del poeta.<br \/>\nLa grabaci\u00f3n de Podcast con Poemas de Evaristo Ba\u00f1\u00f3n Medina, incluyendo tanto obras publicadas como in\u00e9ditas, con la colaboraci\u00f3n de diversas entidades y la comunidad educativa. Este proyecto colaborar\u00e1, adem\u00e1s, con un poema para el proyecto del Colegio P\u00fablico Alc\u00e1zar y Serrano de Caudete \u201cUn camino lleno de versos\u201d, proyecto premiado a nivel provincial.<br \/>\nLa celebraci\u00f3n de XXVII Concurso Literario Evaristo Ba\u00f1\u00f3n 2024, se trata del concurso literario, m\u00e1s longevo de la localidad con el que se incentiva la participaci\u00f3n de toda la poblaci\u00f3n de Caudete para favorecer la creaci\u00f3n literaria y al que se van a a\u00f1adir nuevas modalidades, como la de marcap\u00e1ginas e investigaci\u00f3n escolar.<br \/>\nLa Exposici\u00f3n de Acuarelas y Poemas, cuya inauguraci\u00f3n se realizar\u00e1 el viernes 12 de abril de 2024, ser\u00e1 una exposici\u00f3n de obras de arte inspiradas en los poemas del autor, creadas por artistas locales y organizada por el Taller de Arte Villa de Caudete. Adem\u00e1s de una Exposici\u00f3n Temporal de Objetos Art\u00edsticos y Libros de Artista en la Biblioteca.<br \/>\nLa realizaci\u00f3n del Marat\u00f3n Po\u00e9tico en el D\u00eda del Libro, el 23 de abril de 2024, en la Biblioteca P\u00fablica Municipal Ana Mar\u00eda Matute. Durante la Semana del Libro, se celebrar\u00e1 un marat\u00f3n literario dedicado al centenario del autor, en colaboraci\u00f3n con centros educativos y asociaciones locales, usuarios y personas interesadas.<br \/>\nUna Ruta Literaria Po\u00e9tica por Caudete. El viernes 10 de mayo de 2024, se llevar\u00e1 a cabo una ruta po\u00e9tica por las calles del municipio, con especial \u00e9nfasis en aquellas que llevan el nombre de poetas destacados, incluyendo a Evaristo Ba\u00f1\u00f3n.<br \/>\nLa creaci\u00f3n de una Bibliocasita Evaristo Ba\u00f1\u00f3n, cuya apertura ser\u00e1 en julio de 2024, en el Paseo Luis Golf, promoviendo el intercambio de libros entre los ciudadanos y destacando la figura del poeta en su centenario, puesto que llevar\u00e1 el nombre de Evaristo Ba\u00f1\u00f3n Medina.<br \/>\nPor \u00faltimo, por parte de la familia y del Taller de Arte Villa de Caudete, se est\u00e1 trabajando en la publicaci\u00f3n de un Poemario In\u00e9dito, con el que enriquecer un legado literario y ofreciendo material nuevo para la literatura local.<br \/>\nEl&nbsp;PROYECTO CENTENARIO DE EVARISTO BA\u00d1\u00d3N MEDINA&nbsp;ser\u00e1 una oportunidad para honrar la memoria de este gran hombre y para fortalecer los lazos comunitarios a trav\u00e9s del arte y la cultura. Esperamos contar con la presencia y el apoyo de todos los habitantes de Caudete en esta memorable conmemoraci\u00f3n.<\/p>\n<p><img decoding=\"async\" class=\"size-full wp-image-24489 aligncenter\" src=\"https:\/\/www.caudete.org\/ayuntamiento\/wp-content\/uploads\/2024\/03\/CHARLA.jpg\" alt=\"\" width=\"800\" height=\"450\" srcset=\"https:\/\/www.caudete.org\/ayuntamiento\/wp-content\/uploads\/2024\/03\/CHARLA.jpg 800w, https:\/\/www.caudete.org\/ayuntamiento\/wp-content\/uploads\/2024\/03\/CHARLA-300x169.jpg 300w, https:\/\/www.caudete.org\/ayuntamiento\/wp-content\/uploads\/2024\/03\/CHARLA-768x432.jpg 768w\" sizes=\"(max-width: 800px) 100vw, 800px\" \/><\/p>\n<p>&nbsp;<\/p>\n<p style=\"text-align: center;\"><strong><span style=\"color: #729fcf;\">XXVII CONCURSO LITERARIO EVARISTO BA\u00d1ON 2024<\/span><\/strong><\/p>\n<p>En el a\u00f1o 1997 naci\u00f3 el Concurso de Narrativa Joven \u201cEvaristo Ba\u00f1\u00f3n\u201d, convocado desde el M. I. Ayuntamiento de Caudete a trav\u00e9s de Biblioteca P\u00fablica Municipal \u201cAna Mar\u00eda Matute\u201d y con la colaboraci\u00f3n de la Casa de Cultura. Este concurso ha llegado hasta nuestros d\u00edas con el nombre de Certamen Literario \u201cEvaristo Ba\u00f1\u00f3n\u201d.<\/p>\n<p>Ha sido un certamen por el que se ha apostado desde el principio, y que a\u00f1o tras a\u00f1o ha visto la luz gracias al apoyo del M.I. Ayuntamiento de Caudete, por ser un espacio abierto a la creaci\u00f3n literaria en el municipio y por ofrecer la oportunidad a todos los interesados\/as por la literatura y la escritura un espacio donde mostrar su trabajos. El Certamen Literario \u201cEvaristo Ba\u00f1\u00f3n\u201d ha ejercido una influencia muy positiva en muchos de sus participantes, llev\u00e1ndoles a estudiar y ejercer posteriormente profesiones afines a la creaci\u00f3n literaria, incluso algunos\/as han llegado a publicar libros.<\/p>\n<p>Este certamen, que acoge todas las expresiones literarias: poes\u00eda, narrativa, ensayo, teatro y m\u00e1s, refleja el compromiso por estimular la creatividad en todas sus formas. Organizado desde la Biblioteca P\u00fablica Municipal, el certamen este a\u00f1o adquiere especial relevancia al conmemorar el Centenario de Evaristo Ba\u00f1\u00f3n.<br \/>\n<img loading=\"lazy\" decoding=\"async\" class=\"size-full wp-image-24490 aligncenter\" src=\"https:\/\/www.caudete.org\/ayuntamiento\/wp-content\/uploads\/2024\/03\/cartel.jpg\" alt=\"\" width=\"800\" height=\"1132\" srcset=\"https:\/\/www.caudete.org\/ayuntamiento\/wp-content\/uploads\/2024\/03\/cartel.jpg 800w, https:\/\/www.caudete.org\/ayuntamiento\/wp-content\/uploads\/2024\/03\/cartel-212x300.jpg 212w, https:\/\/www.caudete.org\/ayuntamiento\/wp-content\/uploads\/2024\/03\/cartel-724x1024.jpg 724w, https:\/\/www.caudete.org\/ayuntamiento\/wp-content\/uploads\/2024\/03\/cartel-768x1087.jpg 768w\" sizes=\"(max-width: 800px) 100vw, 800px\" \/><\/p>\n<p>En esta edici\u00f3n, se introducen dos modalidades nuevas: la creaci\u00f3n de marcap\u00e1ginas para todos los p\u00fablicos y la de investigaci\u00f3n para j\u00f3venes, ampliando as\u00ed el alcance y la diversidad del certamen.<\/p>\n<p>El plazo para la presentaci\u00f3n de trabajos permanecer\u00e1 abierto hasta el mi\u00e9rcoles 3 de abril, abarcando a todas las modalidades.<br \/>\nLos participantes de la CATEGOR\u00cdA NARRATIVA\/POESIA ESCOLAR, desde 1\u00ba de Primaria hasta 4\u00ba de la E.S.O., podr\u00e1n enviar sus obras a trav\u00e9s de sus centros educativos. Para la CATEGOR\u00cdA NARRATIVA\/POESIA ESPECIAL, abierta a partir de los 16 a\u00f1os, se establece una distinci\u00f3n entre poes\u00eda (local) y otros g\u00e9neros (local y provincia de Albacete).<\/p>\n<p>El jurado, compuesto por destacadas personalidades vinculadas a la educaci\u00f3n y la cultura, ser\u00e1 el encargado de evaluar los trabajos y otorgar los premios. En total, se repartir\u00e1n m\u00e1s de mil quinientos euros en premios, incluyendo segundos premios gracias a la colaboraci\u00f3n de las A.M.P.A.S. de Caudete. Agracedemos como siempre, la inestimable colaboraci\u00f3n de los cinco centros educativos de Caudete, Colegio P\u00fablico Alc\u00e1zar y Serrano, Colegio Amor de Dios, Colegio P\u00fablico El Paseo, Colegio P\u00fablico Gloria Fuertes e I.E.S. Pintor Rafael Requena, ya que sin ellos este Certamen no tendr\u00eda existencia.<\/p>\n<p>Las bases completas del certamen est\u00e1n disponibles en los centros educativos, la Biblioteca y en diversos canales online como la web del Ayuntamiento y las redes sociales de la Biblioteca. Para m\u00e1s detalles e informaci\u00f3n, los interesados pueden contactar al 965828131 o visitar la Biblioteca Municipal.<br \/>\n\u00a1Es hora de dejar volar tu creatividad y participar en esta emocionante aventura literaria!<\/p>\n<p>Adjuntamos las bases de este a\u00f1o con las nuevas convocatorias:<\/p>\n<p><a class=\"fasc-button fasc-size-large fasc-type-glossy fasc-ico-before dashicons-admin-post mtli_attachment mtli_pdf\" style=\"background-color: #336699; color: #ffffff;\" target=\"_blank\" rel=\"noopener\" href=\"https:\/\/www.caudete.org\/ayuntamiento\/wp-content\/uploads\/2024\/03\/Bases-Evaristo-Banon-2024.pdf\">Bases Certamen Evaristo Ba\u00f1\u00f3n<\/a><\/p>\n<p class=\"tm8\" style=\"text-align: justify;\"><span class=\"tm9\">Para m\u00e1s informaci\u00f3n pueden llamar al 965828131 o bien pasar por la propia Biblioteca<\/span><\/p>\n<h2 class=\"tm8\" style=\"text-align: justify;\"><strong><span class=\"tm12\">BIOGRAF\u00cdA DE EVARISTO BA\u00d1\u00d3N MEDINA<\/span><\/strong><\/h2>\n<p class=\"tm15\" style=\"text-align: justify;\"><strong><span class=\"tm12\">Evaristo Ba\u00f1\u00f3n Medina (Caudete, 1924 \u2013 1992)<\/span><\/strong><\/p>\n<p class=\"tm15\" style=\"text-align: justify;\"><span class=\"tm9\">Evaristo creci\u00f3 en un ambiente familiar humilde, pero culto e instruido. La maltrecha situaci\u00f3n pol\u00edtica, econ\u00f3mica y social del pa\u00eds trunc\u00f3 cualquier atisbo de formaci\u00f3n acad\u00e9mica. Sin embargo, la lectura se convirti\u00f3 pronto en el principal veh\u00edculo para su formaci\u00f3n cultural y literaria. En ella jugaron un papel muy especial los cl\u00e1sicos, tanto de la literatura espa\u00f1ola como universal. El tiempo fue puliendo su personal estilo, alejado en buena medida de las formas po\u00e9ticas m\u00e1s vanguardistas y contempor\u00e1neas.<\/span><\/p>\n<p class=\"tm15\" style=\"text-align: justify;\"><span class=\"tm9\">La espiritualidad y el mundo religioso fueron dos temas capitales en el desarrollo de su obra, y probablemente los que m\u00e1s han trascendido de su figura. Sin embargo, sus poemas tambi\u00e9n se adentraron en otros territorios como la cr\u00edtica social, el intimismo, la infancia o la \u00e9pica. La exquisita destreza con que manejaba una gran cantidad de recursos literarios le permiti\u00f3 desenvolverse con soltura tanto en la prosa como en el verso. A pesar de que la mayor parte de su extensa obra permanece in\u00e9dita, public\u00f3 en 1980 el libro de poemas \u201cHuellas del alma\u201d y en 1987 particip\u00f3 en la obra colectiva \u201cPoemas Caudetanos\u201d junto a otros poetas locales.<\/span><\/p>\n<p class=\"tm15\" style=\"text-align: justify;\"><span class=\"tm9\">Junto a su producci\u00f3n po\u00e9tica, desarroll\u00f3 tambi\u00e9n una labor investigadora y de difusi\u00f3n de la historia de Caudete. Entre sus estudios podemos encontrar una aproximaci\u00f3n a caudetanos ilustres, como el pintor Cosme Algarra Hurtado, el Mariscal Garc\u00eda Torres y, de manera especial, el coautor de los Episodios Caudetanos, Manuel Ba\u00f1\u00f3n Mu\u00f1oz, del que era sobrino nieto.<\/span><\/p>\n<p class=\"tm15\" style=\"text-align: justify;\"><span class=\"tm9\">Comprometido con el desarrollo cultural de su pueblo, form\u00f3 parte durante a\u00f1os de la Junta Directiva de la Asociaci\u00f3n de Comparsas, de la que fue cronista y asiduo colaborador de la revista de fiestas, adem\u00e1s de corresponsal de la UNDEF.<\/span><\/p>\n<p class=\"tm15\" style=\"text-align: justify;\"><span class=\"tm9\">Desde 1997 el Ayuntamiento de Caudete, a trav\u00e9s de la Biblioteca P\u00fablica Municipal, convoca anualmente un certamen literario que lleva su nombre, lo cual ha contribuido enormemente a difundir y mantener vivas su obra y su figura.<\/span><\/p>\n<p class=\"tm15\" style=\"text-align: justify;\"><strong><span class=\"tm12\">En las pesta\u00f1as laterales se pueden consultar las revistas digitales Evaristo Ba\u00f1\u00f3n desde el a\u00f1o 2011 hasta la actualidad.<\/span><\/strong><\/p>\n<p>&nbsp;<\/p>\n<p><a href=\"https:\/\/www.caudete.org\/ayuntamiento\/wp-content\/uploads\/2022\/02\/GRUPO_EVARISTO_2021.jpg\" rel='prettyPhoto'><img loading=\"lazy\" decoding=\"async\" class=\"aligncenter wp-image-18034\" src=\"https:\/\/www.caudete.org\/ayuntamiento\/wp-content\/uploads\/2022\/02\/GRUPO_EVARISTO_2021.jpg\" alt=\"\" width=\"800\" height=\"365\" srcset=\"https:\/\/www.caudete.org\/ayuntamiento\/wp-content\/uploads\/2022\/02\/GRUPO_EVARISTO_2021.jpg 1200w, https:\/\/www.caudete.org\/ayuntamiento\/wp-content\/uploads\/2022\/02\/GRUPO_EVARISTO_2021-300x137.jpg 300w, https:\/\/www.caudete.org\/ayuntamiento\/wp-content\/uploads\/2022\/02\/GRUPO_EVARISTO_2021-1024x468.jpg 1024w, https:\/\/www.caudete.org\/ayuntamiento\/wp-content\/uploads\/2022\/02\/GRUPO_EVARISTO_2021-768x351.jpg 768w\" sizes=\"(max-width: 800px) 100vw, 800px\" \/><\/a><\/p>\n<p>&nbsp;<\/p>\n<p><img loading=\"lazy\" decoding=\"async\" class=\"aligncenter size-full wp-image-7690\" src=\"http:\/\/www.caudete.org\/ayuntamiento\/wp-content\/uploads\/2020\/12\/evaristo1.jpg\" alt=\"\" width=\"800\" height=\"451\" srcset=\"https:\/\/www.caudete.org\/ayuntamiento\/wp-content\/uploads\/2020\/12\/evaristo1.jpg 800w, https:\/\/www.caudete.org\/ayuntamiento\/wp-content\/uploads\/2020\/12\/evaristo1-300x169.jpg 300w, https:\/\/www.caudete.org\/ayuntamiento\/wp-content\/uploads\/2020\/12\/evaristo1-768x433.jpg 768w\" sizes=\"(max-width: 800px) 100vw, 800px\" \/><\/p>\n<p><img loading=\"lazy\" decoding=\"async\" class=\"aligncenter size-full wp-image-7691\" src=\"http:\/\/www.caudete.org\/ayuntamiento\/wp-content\/uploads\/2020\/12\/evaristo2.jpg\" alt=\"\" width=\"800\" height=\"451\" srcset=\"https:\/\/www.caudete.org\/ayuntamiento\/wp-content\/uploads\/2020\/12\/evaristo2.jpg 800w, https:\/\/www.caudete.org\/ayuntamiento\/wp-content\/uploads\/2020\/12\/evaristo2-300x169.jpg 300w, https:\/\/www.caudete.org\/ayuntamiento\/wp-content\/uploads\/2020\/12\/evaristo2-768x433.jpg 768w\" sizes=\"(max-width: 800px) 100vw, 800px\" \/><\/p>\n<p><img loading=\"lazy\" decoding=\"async\" class=\"aligncenter size-full wp-image-7692\" src=\"http:\/\/www.caudete.org\/ayuntamiento\/wp-content\/uploads\/2020\/12\/evaristo3.jpg\" alt=\"\" width=\"800\" height=\"451\" srcset=\"https:\/\/www.caudete.org\/ayuntamiento\/wp-content\/uploads\/2020\/12\/evaristo3.jpg 800w, https:\/\/www.caudete.org\/ayuntamiento\/wp-content\/uploads\/2020\/12\/evaristo3-300x169.jpg 300w, https:\/\/www.caudete.org\/ayuntamiento\/wp-content\/uploads\/2020\/12\/evaristo3-768x433.jpg 768w\" sizes=\"(max-width: 800px) 100vw, 800px\" \/><\/p>\n","protected":false},"excerpt":{"rendered":"<p>CENTENARIO EVARISTO BA\u00d1\u00d3N MEDINA Desde la Concejal\u00eda de Cultura del Ayuntamiento de Caudete se informa que este a\u00f1o 2024 marca un hito significativo en la historia cultural de Caudete, ya que conmemoramos el centenario del nacimiento de Evaristo Ba\u00f1\u00f3n Medina, ilustre poeta y promotor de la cultura en Caudete. En honor a su legado literario &hellip;<\/p>\n","protected":false},"author":1,"featured_media":0,"parent":0,"menu_order":0,"comment_status":"closed","ping_status":"closed","template":"","meta":{"ngg_post_thumbnail":0,"footnotes":""},"categories":[105],"tags":[],"class_list":["post-7681","page","type-page","status-publish","hentry","category-biblioteca"],"yoast_head":"<!-- This site is optimized with the Yoast SEO plugin v27.5 - https:\/\/yoast.com\/product\/yoast-seo-wordpress\/ -->\n<title>Biblioteca - Revista Evaristo Ba\u00f1\u00f3n - MI Ayuntamiento de Caudete<\/title>\n<meta name=\"description\" content=\"P\u00e1gina Oficial del Ayuntamiento de Caudete (Albacete)\" \/>\n<meta name=\"robots\" content=\"index, follow, max-snippet:-1, max-image-preview:large, max-video-preview:-1\" \/>\n<link rel=\"canonical\" href=\"https:\/\/www.caudete.org\/ayuntamiento\/biblioteca-revista-evaristo-banon\/\" \/>\n<meta property=\"og:locale\" content=\"es_ES\" \/>\n<meta property=\"og:type\" content=\"article\" \/>\n<meta property=\"og:title\" content=\"Biblioteca - Revista Evaristo Ba\u00f1\u00f3n - MI Ayuntamiento de Caudete\" \/>\n<meta property=\"og:description\" content=\"P\u00e1gina Oficial del Ayuntamiento de Caudete (Albacete)\" \/>\n<meta property=\"og:url\" content=\"https:\/\/www.caudete.org\/ayuntamiento\/biblioteca-revista-evaristo-banon\/\" \/>\n<meta property=\"og:site_name\" content=\"MI Ayuntamiento de Caudete\" \/>\n<meta property=\"article:publisher\" content=\"https:\/\/www.facebook.com\/ayuntamientocaudete\/\" \/>\n<meta property=\"article:modified_time\" content=\"2024-06-21T17:20:18+00:00\" \/>\n<meta property=\"og:image\" content=\"https:\/\/www.caudete.org\/ayuntamiento\/wp-content\/uploads\/2024\/03\/Logo-Evaristo-Banon-4.jpg\" \/>\n<meta name=\"twitter:card\" content=\"summary_large_image\" \/>\n<meta name=\"twitter:label1\" content=\"Tiempo de lectura\" \/>\n\t<meta name=\"twitter:data1\" content=\"9 minutos\" \/>\n<script type=\"application\/ld+json\" class=\"yoast-schema-graph\">{\"@context\":\"https:\\\/\\\/schema.org\",\"@graph\":[{\"@type\":\"WebPage\",\"@id\":\"https:\\\/\\\/www.caudete.org\\\/ayuntamiento\\\/biblioteca-revista-evaristo-banon\\\/\",\"url\":\"https:\\\/\\\/www.caudete.org\\\/ayuntamiento\\\/biblioteca-revista-evaristo-banon\\\/\",\"name\":\"Biblioteca - Revista Evaristo Ba\u00f1\u00f3n - MI Ayuntamiento de Caudete\",\"isPartOf\":{\"@id\":\"https:\\\/\\\/www.caudete.org\\\/ayuntamiento\\\/#website\"},\"primaryImageOfPage\":{\"@id\":\"https:\\\/\\\/www.caudete.org\\\/ayuntamiento\\\/biblioteca-revista-evaristo-banon\\\/#primaryimage\"},\"image\":{\"@id\":\"https:\\\/\\\/www.caudete.org\\\/ayuntamiento\\\/biblioteca-revista-evaristo-banon\\\/#primaryimage\"},\"thumbnailUrl\":\"https:\\\/\\\/www.caudete.org\\\/ayuntamiento\\\/wp-content\\\/uploads\\\/2024\\\/03\\\/Logo-Evaristo-Banon-4.jpg\",\"datePublished\":\"2020-12-07T16:54:51+00:00\",\"dateModified\":\"2024-06-21T17:20:18+00:00\",\"description\":\"P\u00e1gina Oficial del Ayuntamiento de Caudete (Albacete)\",\"breadcrumb\":{\"@id\":\"https:\\\/\\\/www.caudete.org\\\/ayuntamiento\\\/biblioteca-revista-evaristo-banon\\\/#breadcrumb\"},\"inLanguage\":\"es\",\"potentialAction\":[{\"@type\":\"ReadAction\",\"target\":[\"https:\\\/\\\/www.caudete.org\\\/ayuntamiento\\\/biblioteca-revista-evaristo-banon\\\/\"]}]},{\"@type\":\"ImageObject\",\"inLanguage\":\"es\",\"@id\":\"https:\\\/\\\/www.caudete.org\\\/ayuntamiento\\\/biblioteca-revista-evaristo-banon\\\/#primaryimage\",\"url\":\"https:\\\/\\\/www.caudete.org\\\/ayuntamiento\\\/wp-content\\\/uploads\\\/2024\\\/03\\\/Logo-Evaristo-Banon-4.jpg\",\"contentUrl\":\"https:\\\/\\\/www.caudete.org\\\/ayuntamiento\\\/wp-content\\\/uploads\\\/2024\\\/03\\\/Logo-Evaristo-Banon-4.jpg\",\"width\":800,\"height\":566},{\"@type\":\"BreadcrumbList\",\"@id\":\"https:\\\/\\\/www.caudete.org\\\/ayuntamiento\\\/biblioteca-revista-evaristo-banon\\\/#breadcrumb\",\"itemListElement\":[{\"@type\":\"ListItem\",\"position\":1,\"name\":\"Inicio\",\"item\":\"https:\\\/\\\/www.caudete.org\\\/ayuntamiento\\\/\"},{\"@type\":\"ListItem\",\"position\":2,\"name\":\"Biblioteca &#8211; Revista Evaristo Ba\u00f1\u00f3n\"}]},{\"@type\":\"WebSite\",\"@id\":\"https:\\\/\\\/www.caudete.org\\\/ayuntamiento\\\/#website\",\"url\":\"https:\\\/\\\/www.caudete.org\\\/ayuntamiento\\\/\",\"name\":\"MI Ayuntamiento de Caudete\",\"description\":\"P\u00e1gina Oficial del MI Ayuntamiento de Caudete\",\"potentialAction\":[{\"@type\":\"SearchAction\",\"target\":{\"@type\":\"EntryPoint\",\"urlTemplate\":\"https:\\\/\\\/www.caudete.org\\\/ayuntamiento\\\/?s={search_term_string}\"},\"query-input\":{\"@type\":\"PropertyValueSpecification\",\"valueRequired\":true,\"valueName\":\"search_term_string\"}}],\"inLanguage\":\"es\"}]}<\/script>\n<!-- \/ Yoast SEO plugin. -->","yoast_head_json":{"title":"Biblioteca - Revista Evaristo Ba\u00f1\u00f3n - MI Ayuntamiento de Caudete","description":"P\u00e1gina Oficial del Ayuntamiento de Caudete (Albacete)","robots":{"index":"index","follow":"follow","max-snippet":"max-snippet:-1","max-image-preview":"max-image-preview:large","max-video-preview":"max-video-preview:-1"},"canonical":"https:\/\/www.caudete.org\/ayuntamiento\/biblioteca-revista-evaristo-banon\/","og_locale":"es_ES","og_type":"article","og_title":"Biblioteca - Revista Evaristo Ba\u00f1\u00f3n - MI Ayuntamiento de Caudete","og_description":"P\u00e1gina Oficial del Ayuntamiento de Caudete (Albacete)","og_url":"https:\/\/www.caudete.org\/ayuntamiento\/biblioteca-revista-evaristo-banon\/","og_site_name":"MI Ayuntamiento de Caudete","article_publisher":"https:\/\/www.facebook.com\/ayuntamientocaudete\/","article_modified_time":"2024-06-21T17:20:18+00:00","og_image":[{"url":"https:\/\/www.caudete.org\/ayuntamiento\/wp-content\/uploads\/2024\/03\/Logo-Evaristo-Banon-4.jpg","type":"","width":"","height":""}],"twitter_card":"summary_large_image","twitter_misc":{"Tiempo de lectura":"9 minutos"},"schema":{"@context":"https:\/\/schema.org","@graph":[{"@type":"WebPage","@id":"https:\/\/www.caudete.org\/ayuntamiento\/biblioteca-revista-evaristo-banon\/","url":"https:\/\/www.caudete.org\/ayuntamiento\/biblioteca-revista-evaristo-banon\/","name":"Biblioteca - Revista Evaristo Ba\u00f1\u00f3n - MI Ayuntamiento de Caudete","isPartOf":{"@id":"https:\/\/www.caudete.org\/ayuntamiento\/#website"},"primaryImageOfPage":{"@id":"https:\/\/www.caudete.org\/ayuntamiento\/biblioteca-revista-evaristo-banon\/#primaryimage"},"image":{"@id":"https:\/\/www.caudete.org\/ayuntamiento\/biblioteca-revista-evaristo-banon\/#primaryimage"},"thumbnailUrl":"https:\/\/www.caudete.org\/ayuntamiento\/wp-content\/uploads\/2024\/03\/Logo-Evaristo-Banon-4.jpg","datePublished":"2020-12-07T16:54:51+00:00","dateModified":"2024-06-21T17:20:18+00:00","description":"P\u00e1gina Oficial del Ayuntamiento de Caudete (Albacete)","breadcrumb":{"@id":"https:\/\/www.caudete.org\/ayuntamiento\/biblioteca-revista-evaristo-banon\/#breadcrumb"},"inLanguage":"es","potentialAction":[{"@type":"ReadAction","target":["https:\/\/www.caudete.org\/ayuntamiento\/biblioteca-revista-evaristo-banon\/"]}]},{"@type":"ImageObject","inLanguage":"es","@id":"https:\/\/www.caudete.org\/ayuntamiento\/biblioteca-revista-evaristo-banon\/#primaryimage","url":"https:\/\/www.caudete.org\/ayuntamiento\/wp-content\/uploads\/2024\/03\/Logo-Evaristo-Banon-4.jpg","contentUrl":"https:\/\/www.caudete.org\/ayuntamiento\/wp-content\/uploads\/2024\/03\/Logo-Evaristo-Banon-4.jpg","width":800,"height":566},{"@type":"BreadcrumbList","@id":"https:\/\/www.caudete.org\/ayuntamiento\/biblioteca-revista-evaristo-banon\/#breadcrumb","itemListElement":[{"@type":"ListItem","position":1,"name":"Inicio","item":"https:\/\/www.caudete.org\/ayuntamiento\/"},{"@type":"ListItem","position":2,"name":"Biblioteca &#8211; Revista Evaristo Ba\u00f1\u00f3n"}]},{"@type":"WebSite","@id":"https:\/\/www.caudete.org\/ayuntamiento\/#website","url":"https:\/\/www.caudete.org\/ayuntamiento\/","name":"MI Ayuntamiento de Caudete","description":"P\u00e1gina Oficial del MI Ayuntamiento de Caudete","potentialAction":[{"@type":"SearchAction","target":{"@type":"EntryPoint","urlTemplate":"https:\/\/www.caudete.org\/ayuntamiento\/?s={search_term_string}"},"query-input":{"@type":"PropertyValueSpecification","valueRequired":true,"valueName":"search_term_string"}}],"inLanguage":"es"}]}},"_links":{"self":[{"href":"https:\/\/www.caudete.org\/ayuntamiento\/wp-json\/wp\/v2\/pages\/7681","targetHints":{"allow":["GET"]}}],"collection":[{"href":"https:\/\/www.caudete.org\/ayuntamiento\/wp-json\/wp\/v2\/pages"}],"about":[{"href":"https:\/\/www.caudete.org\/ayuntamiento\/wp-json\/wp\/v2\/types\/page"}],"author":[{"embeddable":true,"href":"https:\/\/www.caudete.org\/ayuntamiento\/wp-json\/wp\/v2\/users\/1"}],"replies":[{"embeddable":true,"href":"https:\/\/www.caudete.org\/ayuntamiento\/wp-json\/wp\/v2\/comments?post=7681"}],"version-history":[{"count":18,"href":"https:\/\/www.caudete.org\/ayuntamiento\/wp-json\/wp\/v2\/pages\/7681\/revisions"}],"predecessor-version":[{"id":24485,"href":"https:\/\/www.caudete.org\/ayuntamiento\/wp-json\/wp\/v2\/pages\/7681\/revisions\/24485"}],"wp:attachment":[{"href":"https:\/\/www.caudete.org\/ayuntamiento\/wp-json\/wp\/v2\/media?parent=7681"}],"wp:term":[{"taxonomy":"category","embeddable":true,"href":"https:\/\/www.caudete.org\/ayuntamiento\/wp-json\/wp\/v2\/categories?post=7681"},{"taxonomy":"post_tag","embeddable":true,"href":"https:\/\/www.caudete.org\/ayuntamiento\/wp-json\/wp\/v2\/tags?post=7681"}],"curies":[{"name":"wp","href":"https:\/\/api.w.org\/{rel}","templated":true}]}}