{"id":7896,"date":"2020-12-08T18:42:51","date_gmt":"2020-12-08T17:42:51","guid":{"rendered":"http:\/\/www.caudete.org\/ayuntamiento\/?page_id=7896"},"modified":"2024-06-21T19:18:23","modified_gmt":"2024-06-21T17:18:23","slug":"biblioteca-digital-programas-de-fiestas","status":"publish","type":"page","link":"https:\/\/www.caudete.org\/ayuntamiento\/biblioteca-digital-programas-de-fiestas\/","title":{"rendered":"Biblioteca &#8211; Programas de Fiestas"},"content":{"rendered":"<div id=\"cen_sec_not\">\n<div id=\"noticia\">\n<p><span style=\"color: #000000;\"><span style=\"font-family: Open Sans;\"><span style=\"font-size: medium;\">En el a\u00f1o 2003 la&nbsp;<\/span><\/span><\/span><span style=\"color: #000000;\"><span style=\"font-family: Open Sans;\"><span style=\"font-size: medium;\"><b>Biblioteca P\u00fablica Municipal Ana Mar\u00eda Matute&nbsp;<\/b><\/span><\/span><\/span><span style=\"color: #000000;\"><span style=\"font-family: Open Sans;\"><span style=\"font-size: medium;\">de Caudete <\/span><\/span><\/span><span style=\"color: #000000;\"><span style=\"font-family: Open Sans;\"><span style=\"font-size: medium;\">puso<\/span><\/span><\/span><span style=\"color: #000000;\"><span style=\"font-family: Open Sans;\"><span style=\"font-size: medium;\"> en marcha un proyecto de digitalizaci\u00f3n de todos los programas de fiestas de nuestra localidad. <\/span><\/span><\/span><span style=\"color: #000000;\"><span style=\"font-family: Open Sans;\"><span style=\"font-size: medium;\">Firm\u00e1ndose en el <\/span><\/span><\/span><span style=\"color: #000000;\"><span style=\"font-family: Open Sans;\"><span style=\"font-size: medium;\">a\u00f1o 2014, un&nbsp;<\/span><\/span><\/span><span style=\"color: #000000;\"><span style=\"font-family: Open Sans;\"><span style=\"font-size: medium;\"><b>convenio entre el Ayuntamiento de Caudete y la Asociaci\u00f3n de Comparsas Nuestra Se\u00f1ora de Gracia&nbsp;. <\/b><\/span><\/span><\/span><\/p>\n<p><b><span style=\"color: #000000;\"><span style=\"font-family: Open Sans;\"><span style=\"font-size: medium;\">Este proyecto ya es una realidad y se ha completado la <\/span><\/span><\/span><span style=\"color: #000000;\"><span style=\"font-family: Open Sans;\"><span style=\"font-size: medium;\">digitalizaci\u00f3n <\/span><\/span><\/span><span style=\"color: #000000;\"><span style=\"font-family: Open Sans;\"><span style=\"font-size: medium;\">de todos los programa de fiestas existentes desde el a\u00f1o 1901 hasta la actualidad. <\/span><\/span><\/span> <\/b><\/p>\n<p><span style=\"color: #000000;\"><span style=\"font-family: Open Sans;\"><span style=\"font-size: medium;\">Este ambicioso proyecto ha sido producto del esfuerzo realizado desde el M.I. Ayuntamiento de Caudete a trav\u00e9s de su Concejal\u00eda de Cultura durante a\u00f1os de trabajo.<\/span><\/span><\/span><\/p>\n<p><span style=\"color: #000000;\"><span style=\"font-family: Open Sans;\"><span style=\"font-size: medium;\">La mejor muestra de ello es esta web donde se podr\u00e1n consultar los&nbsp;<b>Programas de Fiestas de Moros y Cristianos en honor a la Virgen de Gracia&nbsp;<\/b>. El objetivo principal de este proyecto es reunir todos estos fondos documentales dispersos hasta ahora y en la mayor\u00eda de los casos en malas condiciones de conservaci\u00f3n y, al mismo tiempo con la ayuda de las nuevas tecnolog\u00edas y de la labor de las personas que han trabajado en este proyecto, la digitalizaci\u00f3n de buena parte de la historia de nuestras fiestas m\u00e1s se\u00f1aladas.<\/span><\/span><\/span><\/p>\n<p><span style=\"color: #000000;\"><span style=\"font-family: Open Sans;\"><span style=\"font-size: medium;\">Presentamos estos programas dentro de una nueva web municipal:&nbsp;<u>\u201c<\/u><u><b>Biblioteca Digital de Caudete\u201d<\/b><\/u>, como centro cultural, educativo y de investigaci\u00f3n, que va albergar un fondo documental digital sobre historia y cultura caudetana, con un sistema de ordenaci\u00f3n similar al de una biblioteca, adem\u00e1s de proporcionar el acceso gratuito a ella desde cualquier lugar del mundo a trav\u00e9s de la red de Internet. Desde la secci\u00f3n creada bajo el nombre&nbsp;\u201c<b>Programas de Fiestas Moros y Cristianos\u201d<\/b>, se podr\u00e1n consultar los programas desde el a\u00f1o 1901 hasta la m\u00e1s reciente actualidad, todos ellos ordenador por d\u00e9cadas. <\/span><\/span><\/span><\/p>\n<p><span style=\"color: #000000;\"><span style=\"font-family: Open Sans;\"><span style=\"font-size: medium;\">Gracias a la digitalizaci\u00f3n favorecemos la preservaci\u00f3n y la conservaci\u00f3n de toda esta documentaci\u00f3n tan valiosa que hace referencia y difunde nuestras&nbsp;<b>Fiestas de Moros y Cristianos<\/b>, fomentando a la vez las bases para el comienzo de nuevos estudios y trabajos de campo sobre nuestra localidad. Dando a conocer toda esta documentaci\u00f3n que refleja parte de nuestra historia local, facilitamos el estudio de la misma tanto a investigadores e historiadores como al p\u00fablico en general, facilitando el acceso a toda esta documentaci\u00f3n a cualquier persona interesada en nuestra historia dentro y fuera de nuestro pueblo. Este proyecto pretende ser&nbsp;<b>un referente con el que dar a conocer y poner en valor la historia de Caudete.<\/b><\/span><\/span><\/span><\/p>\n<p><span style=\"color: #000000;\"><span style=\"font-family: Open Sans;\"><span style=\"font-size: medium;\">Agradecemos desde aqu\u00ed el esfuerzo y la ayuda de todos aquellos ciudadanos que nos han prestado programas, nos han aportado datos y sugerencias. As\u00ed mismo invitamos a todas aquellas personas que tienen en su poder determinados documentos que consideren interesantes para los apasionados de la cultura e historia caudetana y quieran darlos a conocer, que se animen a visitarnos y nos los presenten. Con lo que contribuiremos a considerar la cultura un bien de car\u00e1cter universal, y expandirlo como tal, fomentando el enriquecimiento personal que ella nos produce. Gracias a todos y les invitamos a seguirnos en esta magn\u00edfica aventura de la cultura caudetana.<\/span><\/span><\/span><\/p>\n<table style=\"border-collapse: collapse; width: 100%;\">\n<tbody>\n<tr>\n<td style=\"width: 50%;\"><a href=\"https:\/\/www.caudete.org\/ayuntamiento\/finalizado-el-proyecto-de-digitalizacion-de-los-programas-de-fiestas-de-moros-y-cristianos\/attachment\/1907\/\" rel=\"attachment wp-att-21197\"><img fetchpriority=\"high\" decoding=\"async\" class=\"aligncenter size-full wp-image-21197\" src=\"https:\/\/www.caudete.org\/ayuntamiento\/wp-content\/uploads\/2023\/01\/1907.jpg\" rel='prettyPhoto' alt=\"\" width=\"907\" height=\"1496\" srcset=\"https:\/\/www.caudete.org\/ayuntamiento\/wp-content\/uploads\/2023\/01\/1907.jpg 907w, https:\/\/www.caudete.org\/ayuntamiento\/wp-content\/uploads\/2023\/01\/1907-182x300.jpg 182w, https:\/\/www.caudete.org\/ayuntamiento\/wp-content\/uploads\/2023\/01\/1907-621x1024.jpg 621w, https:\/\/www.caudete.org\/ayuntamiento\/wp-content\/uploads\/2023\/01\/1907-768x1267.jpg 768w\" sizes=\"(max-width: 907px) 100vw, 907px\" \/><\/a><\/td>\n<td style=\"width: 50%;\"><a href=\"https:\/\/www.caudete.org\/ayuntamiento\/finalizado-el-proyecto-de-digitalizacion-de-los-programas-de-fiestas-de-moros-y-cristianos\/1907_2\/\" rel=\"attachment wp-att-21198\"><img decoding=\"async\" class=\"aligncenter size-full wp-image-21198\" src=\"https:\/\/www.caudete.org\/ayuntamiento\/wp-content\/uploads\/2023\/01\/1907_2.jpg\" rel='prettyPhoto' alt=\"\" width=\"907\" height=\"1496\" srcset=\"https:\/\/www.caudete.org\/ayuntamiento\/wp-content\/uploads\/2023\/01\/1907_2.jpg 907w, https:\/\/www.caudete.org\/ayuntamiento\/wp-content\/uploads\/2023\/01\/1907_2-182x300.jpg 182w, https:\/\/www.caudete.org\/ayuntamiento\/wp-content\/uploads\/2023\/01\/1907_2-621x1024.jpg 621w, https:\/\/www.caudete.org\/ayuntamiento\/wp-content\/uploads\/2023\/01\/1907_2-768x1267.jpg 768w\" sizes=\"(max-width: 907px) 100vw, 907px\" \/><\/a><\/td>\n<\/tr>\n<\/tbody>\n<\/table>\n<\/div>\n<\/div>\n","protected":false},"excerpt":{"rendered":"<p>En el a\u00f1o 2003 la&nbsp;Biblioteca P\u00fablica Municipal Ana Mar\u00eda Matute&nbsp;de Caudete puso en marcha un proyecto de digitalizaci\u00f3n de todos los programas de fiestas de nuestra localidad. Firm\u00e1ndose en el a\u00f1o 2014, un&nbsp;convenio entre el Ayuntamiento de Caudete y la Asociaci\u00f3n de Comparsas Nuestra Se\u00f1ora de Gracia&nbsp;. Este proyecto ya es una realidad y se &hellip;<\/p>\n","protected":false},"author":1,"featured_media":0,"parent":0,"menu_order":0,"comment_status":"closed","ping_status":"closed","template":"","meta":{"ngg_post_thumbnail":0,"footnotes":""},"categories":[105],"tags":[],"class_list":["post-7896","page","type-page","status-publish","hentry","category-biblioteca"],"yoast_head":"<!-- This site is optimized with the Yoast SEO plugin v27.5 - https:\/\/yoast.com\/product\/yoast-seo-wordpress\/ -->\n<title>Biblioteca - Programas de Fiestas - MI Ayuntamiento de Caudete<\/title>\n<meta name=\"description\" content=\"P\u00e1gina Oficial del Ayuntamiento de Caudete (Albacete)\" \/>\n<meta name=\"robots\" content=\"index, follow, max-snippet:-1, max-image-preview:large, max-video-preview:-1\" \/>\n<link rel=\"canonical\" href=\"https:\/\/www.caudete.org\/ayuntamiento\/biblioteca-digital-programas-de-fiestas\/\" \/>\n<meta property=\"og:locale\" content=\"es_ES\" \/>\n<meta property=\"og:type\" content=\"article\" \/>\n<meta property=\"og:title\" content=\"Biblioteca - Programas de Fiestas - MI Ayuntamiento de Caudete\" \/>\n<meta property=\"og:description\" content=\"P\u00e1gina Oficial del Ayuntamiento de Caudete (Albacete)\" \/>\n<meta property=\"og:url\" content=\"https:\/\/www.caudete.org\/ayuntamiento\/biblioteca-digital-programas-de-fiestas\/\" \/>\n<meta property=\"og:site_name\" content=\"MI Ayuntamiento de Caudete\" \/>\n<meta property=\"article:publisher\" content=\"https:\/\/www.facebook.com\/ayuntamientocaudete\/\" \/>\n<meta property=\"article:modified_time\" content=\"2024-06-21T17:18:23+00:00\" \/>\n<meta property=\"og:image\" content=\"https:\/\/www.caudete.org\/ayuntamiento\/wp-content\/uploads\/2023\/01\/1907.jpg\" \/>\n<meta name=\"twitter:card\" content=\"summary_large_image\" \/>\n<meta name=\"twitter:label1\" content=\"Tiempo de lectura\" \/>\n\t<meta name=\"twitter:data1\" content=\"3 minutos\" \/>\n<script type=\"application\/ld+json\" class=\"yoast-schema-graph\">{\"@context\":\"https:\\\/\\\/schema.org\",\"@graph\":[{\"@type\":\"WebPage\",\"@id\":\"https:\\\/\\\/www.caudete.org\\\/ayuntamiento\\\/biblioteca-digital-programas-de-fiestas\\\/\",\"url\":\"https:\\\/\\\/www.caudete.org\\\/ayuntamiento\\\/biblioteca-digital-programas-de-fiestas\\\/\",\"name\":\"Biblioteca - Programas de Fiestas - MI Ayuntamiento de Caudete\",\"isPartOf\":{\"@id\":\"https:\\\/\\\/www.caudete.org\\\/ayuntamiento\\\/#website\"},\"primaryImageOfPage\":{\"@id\":\"https:\\\/\\\/www.caudete.org\\\/ayuntamiento\\\/biblioteca-digital-programas-de-fiestas\\\/#primaryimage\"},\"image\":{\"@id\":\"https:\\\/\\\/www.caudete.org\\\/ayuntamiento\\\/biblioteca-digital-programas-de-fiestas\\\/#primaryimage\"},\"thumbnailUrl\":\"https:\\\/\\\/www.caudete.org\\\/ayuntamiento\\\/wp-content\\\/uploads\\\/2023\\\/01\\\/1907.jpg\",\"datePublished\":\"2020-12-08T17:42:51+00:00\",\"dateModified\":\"2024-06-21T17:18:23+00:00\",\"description\":\"P\u00e1gina Oficial del Ayuntamiento de Caudete (Albacete)\",\"breadcrumb\":{\"@id\":\"https:\\\/\\\/www.caudete.org\\\/ayuntamiento\\\/biblioteca-digital-programas-de-fiestas\\\/#breadcrumb\"},\"inLanguage\":\"es\",\"potentialAction\":[{\"@type\":\"ReadAction\",\"target\":[\"https:\\\/\\\/www.caudete.org\\\/ayuntamiento\\\/biblioteca-digital-programas-de-fiestas\\\/\"]}]},{\"@type\":\"ImageObject\",\"inLanguage\":\"es\",\"@id\":\"https:\\\/\\\/www.caudete.org\\\/ayuntamiento\\\/biblioteca-digital-programas-de-fiestas\\\/#primaryimage\",\"url\":\"https:\\\/\\\/www.caudete.org\\\/ayuntamiento\\\/wp-content\\\/uploads\\\/2023\\\/01\\\/1907.jpg\",\"contentUrl\":\"https:\\\/\\\/www.caudete.org\\\/ayuntamiento\\\/wp-content\\\/uploads\\\/2023\\\/01\\\/1907.jpg\",\"width\":907,\"height\":1496},{\"@type\":\"BreadcrumbList\",\"@id\":\"https:\\\/\\\/www.caudete.org\\\/ayuntamiento\\\/biblioteca-digital-programas-de-fiestas\\\/#breadcrumb\",\"itemListElement\":[{\"@type\":\"ListItem\",\"position\":1,\"name\":\"Inicio\",\"item\":\"https:\\\/\\\/www.caudete.org\\\/ayuntamiento\\\/\"},{\"@type\":\"ListItem\",\"position\":2,\"name\":\"Biblioteca &#8211; Programas de Fiestas\"}]},{\"@type\":\"WebSite\",\"@id\":\"https:\\\/\\\/www.caudete.org\\\/ayuntamiento\\\/#website\",\"url\":\"https:\\\/\\\/www.caudete.org\\\/ayuntamiento\\\/\",\"name\":\"MI Ayuntamiento de Caudete\",\"description\":\"P\u00e1gina Oficial del MI Ayuntamiento de Caudete\",\"potentialAction\":[{\"@type\":\"SearchAction\",\"target\":{\"@type\":\"EntryPoint\",\"urlTemplate\":\"https:\\\/\\\/www.caudete.org\\\/ayuntamiento\\\/?s={search_term_string}\"},\"query-input\":{\"@type\":\"PropertyValueSpecification\",\"valueRequired\":true,\"valueName\":\"search_term_string\"}}],\"inLanguage\":\"es\"}]}<\/script>\n<!-- \/ Yoast SEO plugin. -->","yoast_head_json":{"title":"Biblioteca - Programas de Fiestas - MI Ayuntamiento de Caudete","description":"P\u00e1gina Oficial del Ayuntamiento de Caudete (Albacete)","robots":{"index":"index","follow":"follow","max-snippet":"max-snippet:-1","max-image-preview":"max-image-preview:large","max-video-preview":"max-video-preview:-1"},"canonical":"https:\/\/www.caudete.org\/ayuntamiento\/biblioteca-digital-programas-de-fiestas\/","og_locale":"es_ES","og_type":"article","og_title":"Biblioteca - Programas de Fiestas - MI Ayuntamiento de Caudete","og_description":"P\u00e1gina Oficial del Ayuntamiento de Caudete (Albacete)","og_url":"https:\/\/www.caudete.org\/ayuntamiento\/biblioteca-digital-programas-de-fiestas\/","og_site_name":"MI Ayuntamiento de Caudete","article_publisher":"https:\/\/www.facebook.com\/ayuntamientocaudete\/","article_modified_time":"2024-06-21T17:18:23+00:00","og_image":[{"url":"https:\/\/www.caudete.org\/ayuntamiento\/wp-content\/uploads\/2023\/01\/1907.jpg","type":"","width":"","height":""}],"twitter_card":"summary_large_image","twitter_misc":{"Tiempo de lectura":"3 minutos"},"schema":{"@context":"https:\/\/schema.org","@graph":[{"@type":"WebPage","@id":"https:\/\/www.caudete.org\/ayuntamiento\/biblioteca-digital-programas-de-fiestas\/","url":"https:\/\/www.caudete.org\/ayuntamiento\/biblioteca-digital-programas-de-fiestas\/","name":"Biblioteca - Programas de Fiestas - MI Ayuntamiento de Caudete","isPartOf":{"@id":"https:\/\/www.caudete.org\/ayuntamiento\/#website"},"primaryImageOfPage":{"@id":"https:\/\/www.caudete.org\/ayuntamiento\/biblioteca-digital-programas-de-fiestas\/#primaryimage"},"image":{"@id":"https:\/\/www.caudete.org\/ayuntamiento\/biblioteca-digital-programas-de-fiestas\/#primaryimage"},"thumbnailUrl":"https:\/\/www.caudete.org\/ayuntamiento\/wp-content\/uploads\/2023\/01\/1907.jpg","datePublished":"2020-12-08T17:42:51+00:00","dateModified":"2024-06-21T17:18:23+00:00","description":"P\u00e1gina Oficial del Ayuntamiento de Caudete (Albacete)","breadcrumb":{"@id":"https:\/\/www.caudete.org\/ayuntamiento\/biblioteca-digital-programas-de-fiestas\/#breadcrumb"},"inLanguage":"es","potentialAction":[{"@type":"ReadAction","target":["https:\/\/www.caudete.org\/ayuntamiento\/biblioteca-digital-programas-de-fiestas\/"]}]},{"@type":"ImageObject","inLanguage":"es","@id":"https:\/\/www.caudete.org\/ayuntamiento\/biblioteca-digital-programas-de-fiestas\/#primaryimage","url":"https:\/\/www.caudete.org\/ayuntamiento\/wp-content\/uploads\/2023\/01\/1907.jpg","contentUrl":"https:\/\/www.caudete.org\/ayuntamiento\/wp-content\/uploads\/2023\/01\/1907.jpg","width":907,"height":1496},{"@type":"BreadcrumbList","@id":"https:\/\/www.caudete.org\/ayuntamiento\/biblioteca-digital-programas-de-fiestas\/#breadcrumb","itemListElement":[{"@type":"ListItem","position":1,"name":"Inicio","item":"https:\/\/www.caudete.org\/ayuntamiento\/"},{"@type":"ListItem","position":2,"name":"Biblioteca &#8211; Programas de Fiestas"}]},{"@type":"WebSite","@id":"https:\/\/www.caudete.org\/ayuntamiento\/#website","url":"https:\/\/www.caudete.org\/ayuntamiento\/","name":"MI Ayuntamiento de Caudete","description":"P\u00e1gina Oficial del MI Ayuntamiento de Caudete","potentialAction":[{"@type":"SearchAction","target":{"@type":"EntryPoint","urlTemplate":"https:\/\/www.caudete.org\/ayuntamiento\/?s={search_term_string}"},"query-input":{"@type":"PropertyValueSpecification","valueRequired":true,"valueName":"search_term_string"}}],"inLanguage":"es"}]}},"_links":{"self":[{"href":"https:\/\/www.caudete.org\/ayuntamiento\/wp-json\/wp\/v2\/pages\/7896","targetHints":{"allow":["GET"]}}],"collection":[{"href":"https:\/\/www.caudete.org\/ayuntamiento\/wp-json\/wp\/v2\/pages"}],"about":[{"href":"https:\/\/www.caudete.org\/ayuntamiento\/wp-json\/wp\/v2\/types\/page"}],"author":[{"embeddable":true,"href":"https:\/\/www.caudete.org\/ayuntamiento\/wp-json\/wp\/v2\/users\/1"}],"replies":[{"embeddable":true,"href":"https:\/\/www.caudete.org\/ayuntamiento\/wp-json\/wp\/v2\/comments?post=7896"}],"version-history":[{"count":7,"href":"https:\/\/www.caudete.org\/ayuntamiento\/wp-json\/wp\/v2\/pages\/7896\/revisions"}],"predecessor-version":[{"id":7898,"href":"https:\/\/www.caudete.org\/ayuntamiento\/wp-json\/wp\/v2\/pages\/7896\/revisions\/7898"}],"wp:attachment":[{"href":"https:\/\/www.caudete.org\/ayuntamiento\/wp-json\/wp\/v2\/media?parent=7896"}],"wp:term":[{"taxonomy":"category","embeddable":true,"href":"https:\/\/www.caudete.org\/ayuntamiento\/wp-json\/wp\/v2\/categories?post=7896"},{"taxonomy":"post_tag","embeddable":true,"href":"https:\/\/www.caudete.org\/ayuntamiento\/wp-json\/wp\/v2\/tags?post=7896"}],"curies":[{"name":"wp","href":"https:\/\/api.w.org\/{rel}","templated":true}]}}