{"id":8285,"date":"2020-12-11T21:31:58","date_gmt":"2020-12-11T20:31:58","guid":{"rendered":"http:\/\/www.caudete.org\/ayuntamiento\/?page_id=8285"},"modified":"2020-12-23T18:37:42","modified_gmt":"2020-12-23T17:37:42","slug":"juventud-garantia-juvenil","status":"publish","type":"page","link":"https:\/\/www.caudete.org\/ayuntamiento\/juventud-garantia-juvenil\/","title":{"rendered":"Juventud &#8211; Garant\u00eda Juvenil"},"content":{"rendered":"\t\t<div data-elementor-type=\"wp-page\" data-elementor-id=\"8285\" class=\"elementor elementor-8285\" data-elementor-post-type=\"page\">\n\t\t\t\t\t\t<section class=\"elementor-section elementor-top-section elementor-element elementor-element-19ab4abe elementor-section-boxed elementor-section-height-default elementor-section-height-default\" data-id=\"19ab4abe\" data-element_type=\"section\" data-e-type=\"section\">\n\t\t\t\t\t\t<div class=\"elementor-container elementor-column-gap-default\">\n\t\t\t\t\t<div class=\"elementor-column elementor-col-100 elementor-top-column elementor-element elementor-element-1c06220c\" data-id=\"1c06220c\" data-element_type=\"column\" data-e-type=\"column\">\n\t\t\t<div class=\"elementor-widget-wrap elementor-element-populated\">\n\t\t\t\t\t\t<div class=\"elementor-element elementor-element-f24390c elementor-invisible elementor-widget elementor-widget-image\" data-id=\"f24390c\" data-element_type=\"widget\" data-e-type=\"widget\" data-settings=\"{&quot;_animation&quot;:&quot;rotateIn&quot;}\" data-widget_type=\"image.default\">\n\t\t\t\t<div class=\"elementor-widget-container\">\n\t\t\t\t\t\t\t\t\t\t\t\t\t\t\t<img fetchpriority=\"high\" decoding=\"async\" width=\"316\" height=\"191\" src=\"https:\/\/www.caudete.org\/ayuntamiento\/wp-content\/uploads\/2020\/12\/garantia_juvenil.jpg\" class=\"attachment-large size-large wp-image-8287\" alt=\"\" srcset=\"https:\/\/www.caudete.org\/ayuntamiento\/wp-content\/uploads\/2020\/12\/garantia_juvenil.jpg 316w, https:\/\/www.caudete.org\/ayuntamiento\/wp-content\/uploads\/2020\/12\/garantia_juvenil-300x181.jpg 300w\" sizes=\"(max-width: 316px) 100vw, 316px\" \/>\t\t\t\t\t\t\t\t\t\t\t\t\t\t\t<\/div>\n\t\t\t\t<\/div>\n\t\t\t\t<div class=\"elementor-element elementor-element-21c65291 elementor-widget elementor-widget-text-editor\" data-id=\"21c65291\" data-element_type=\"widget\" data-e-type=\"widget\" data-widget_type=\"text-editor.default\">\n\t\t\t\t<div class=\"elementor-widget-container\">\n\t\t\t\t\t\t\t\t\t<h2 style=\"text-align: justify;\">\u00bfQU\u00c9 ES GARANT\u00cdA JUVENIL?<\/h2>\n<p style=\"text-align: justify;\"><strong>Garant\u00eda Juvenil<\/strong> es una iniciativa europea que pretende facilitar el acceso de los j\u00f3venes de 16 a 30 a\u00f1os al mercado de trabajo.<\/p>\n<p style=\"text-align: justify;\">Est\u00e1 enfocada a que todos los j\u00f3venes no ocupados ni integrados en los sistemas de educaci\u00f3n o formaci\u00f3n, puedan recibir una oferta de empleo, educaci\u00f3n o formaci\u00f3n, incluida la formaci\u00f3n de aprendiz o periodo de pr\u00e1cticas, tras acabar la educaci\u00f3n formal o quedar desempleados.<\/p>\n<p style=\"text-align: justify;\">La recomendaci\u00f3n europea que estableci\u00f3 el programa, requiere que cada joven pueda recibir una oferta en un periodo de cuatro meses a partir de su inscripci\u00f3n.<\/p>\n\n<a class=\"fasc-button fasc-size-large fasc-type-glossy fasc-ico-before dashicons-admin-post\" style=\"background-color: #336699; color: #ffffff;\" href=\"https:\/\/www.sepe.es\/HomeSepe\/Personas\/encontrar-trabajo\/Garantia-Juvenil.html\" target=\"_blank\" rel=\"noopener nofollow\">M\u00e1s informaci\u00f3n e inscripciones<\/a>\t\t\t\t\t\t\t\t<\/div>\n\t\t\t\t<\/div>\n\t\t\t\t\t<\/div>\n\t\t<\/div>\n\t\t\t\t\t<\/div>\n\t\t<\/section>\n\t\t\t\t<\/div>\n\t\t","protected":false},"excerpt":{"rendered":"<p>\u00bfQU\u00c9 ES GARANT\u00cdA JUVENIL? Garant\u00eda Juvenil es una iniciativa europea que pretende facilitar el acceso de los j\u00f3venes de 16 a 30 a\u00f1os al mercado de trabajo. Est\u00e1 enfocada a que todos los j\u00f3venes no ocupados ni integrados en los sistemas de educaci\u00f3n o formaci\u00f3n, puedan recibir una oferta de empleo, educaci\u00f3n o formaci\u00f3n, incluida &hellip;<\/p>\n","protected":false},"author":1,"featured_media":0,"parent":0,"menu_order":0,"comment_status":"closed","ping_status":"closed","template":"","meta":{"ngg_post_thumbnail":0,"footnotes":""},"categories":[22],"tags":[],"class_list":["post-8285","page","type-page","status-publish","hentry","category-juventud"],"yoast_head":"<!-- This site is optimized with the Yoast SEO plugin v27.5 - https:\/\/yoast.com\/product\/yoast-seo-wordpress\/ -->\n<title>Juventud - Garant\u00eda Juvenil - MI Ayuntamiento de Caudete<\/title>\n<meta name=\"description\" content=\"P\u00e1gina Oficial del Ayuntamiento de Caudete (Albacete)\" \/>\n<meta name=\"robots\" content=\"index, follow, max-snippet:-1, max-image-preview:large, max-video-preview:-1\" \/>\n<link rel=\"canonical\" href=\"https:\/\/www.caudete.org\/ayuntamiento\/juventud-garantia-juvenil\/\" \/>\n<meta property=\"og:locale\" content=\"es_ES\" \/>\n<meta property=\"og:type\" content=\"article\" \/>\n<meta property=\"og:title\" content=\"Juventud - Garant\u00eda Juvenil - MI Ayuntamiento de Caudete\" \/>\n<meta property=\"og:description\" content=\"P\u00e1gina Oficial del Ayuntamiento de Caudete (Albacete)\" \/>\n<meta property=\"og:url\" content=\"https:\/\/www.caudete.org\/ayuntamiento\/juventud-garantia-juvenil\/\" \/>\n<meta property=\"og:site_name\" content=\"MI Ayuntamiento de Caudete\" \/>\n<meta property=\"article:publisher\" content=\"https:\/\/www.facebook.com\/ayuntamientocaudete\/\" \/>\n<meta property=\"article:modified_time\" content=\"2020-12-23T17:37:42+00:00\" \/>\n<meta property=\"og:image\" content=\"http:\/\/www.caudete.org\/ayuntamiento\/wp-content\/uploads\/2020\/12\/garantia_juvenil.jpg\" \/>\n<meta name=\"twitter:card\" content=\"summary_large_image\" \/>\n<meta name=\"twitter:label1\" content=\"Tiempo de lectura\" \/>\n\t<meta name=\"twitter:data1\" content=\"1 minuto\" \/>\n<script type=\"application\/ld+json\" class=\"yoast-schema-graph\">{\"@context\":\"https:\\\/\\\/schema.org\",\"@graph\":[{\"@type\":\"WebPage\",\"@id\":\"https:\\\/\\\/www.caudete.org\\\/ayuntamiento\\\/juventud-garantia-juvenil\\\/\",\"url\":\"https:\\\/\\\/www.caudete.org\\\/ayuntamiento\\\/juventud-garantia-juvenil\\\/\",\"name\":\"Juventud - Garant\u00eda Juvenil - MI Ayuntamiento de Caudete\",\"isPartOf\":{\"@id\":\"https:\\\/\\\/www.caudete.org\\\/ayuntamiento\\\/#website\"},\"primaryImageOfPage\":{\"@id\":\"https:\\\/\\\/www.caudete.org\\\/ayuntamiento\\\/juventud-garantia-juvenil\\\/#primaryimage\"},\"image\":{\"@id\":\"https:\\\/\\\/www.caudete.org\\\/ayuntamiento\\\/juventud-garantia-juvenil\\\/#primaryimage\"},\"thumbnailUrl\":\"http:\\\/\\\/www.caudete.org\\\/ayuntamiento\\\/wp-content\\\/uploads\\\/2020\\\/12\\\/garantia_juvenil.jpg\",\"datePublished\":\"2020-12-11T20:31:58+00:00\",\"dateModified\":\"2020-12-23T17:37:42+00:00\",\"description\":\"P\u00e1gina Oficial del Ayuntamiento de Caudete (Albacete)\",\"breadcrumb\":{\"@id\":\"https:\\\/\\\/www.caudete.org\\\/ayuntamiento\\\/juventud-garantia-juvenil\\\/#breadcrumb\"},\"inLanguage\":\"es\",\"potentialAction\":[{\"@type\":\"ReadAction\",\"target\":[\"https:\\\/\\\/www.caudete.org\\\/ayuntamiento\\\/juventud-garantia-juvenil\\\/\"]}]},{\"@type\":\"ImageObject\",\"inLanguage\":\"es\",\"@id\":\"https:\\\/\\\/www.caudete.org\\\/ayuntamiento\\\/juventud-garantia-juvenil\\\/#primaryimage\",\"url\":\"https:\\\/\\\/www.caudete.org\\\/ayuntamiento\\\/wp-content\\\/uploads\\\/2020\\\/12\\\/garantia_juvenil.jpg\",\"contentUrl\":\"https:\\\/\\\/www.caudete.org\\\/ayuntamiento\\\/wp-content\\\/uploads\\\/2020\\\/12\\\/garantia_juvenil.jpg\",\"width\":316,\"height\":191},{\"@type\":\"BreadcrumbList\",\"@id\":\"https:\\\/\\\/www.caudete.org\\\/ayuntamiento\\\/juventud-garantia-juvenil\\\/#breadcrumb\",\"itemListElement\":[{\"@type\":\"ListItem\",\"position\":1,\"name\":\"Inicio\",\"item\":\"https:\\\/\\\/www.caudete.org\\\/ayuntamiento\\\/\"},{\"@type\":\"ListItem\",\"position\":2,\"name\":\"Juventud &#8211; Garant\u00eda Juvenil\"}]},{\"@type\":\"WebSite\",\"@id\":\"https:\\\/\\\/www.caudete.org\\\/ayuntamiento\\\/#website\",\"url\":\"https:\\\/\\\/www.caudete.org\\\/ayuntamiento\\\/\",\"name\":\"MI Ayuntamiento de Caudete\",\"description\":\"P\u00e1gina Oficial del MI Ayuntamiento de Caudete\",\"potentialAction\":[{\"@type\":\"SearchAction\",\"target\":{\"@type\":\"EntryPoint\",\"urlTemplate\":\"https:\\\/\\\/www.caudete.org\\\/ayuntamiento\\\/?s={search_term_string}\"},\"query-input\":{\"@type\":\"PropertyValueSpecification\",\"valueRequired\":true,\"valueName\":\"search_term_string\"}}],\"inLanguage\":\"es\"}]}<\/script>\n<!-- \/ Yoast SEO plugin. -->","yoast_head_json":{"title":"Juventud - Garant\u00eda Juvenil - MI Ayuntamiento de Caudete","description":"P\u00e1gina Oficial del Ayuntamiento de Caudete (Albacete)","robots":{"index":"index","follow":"follow","max-snippet":"max-snippet:-1","max-image-preview":"max-image-preview:large","max-video-preview":"max-video-preview:-1"},"canonical":"https:\/\/www.caudete.org\/ayuntamiento\/juventud-garantia-juvenil\/","og_locale":"es_ES","og_type":"article","og_title":"Juventud - Garant\u00eda Juvenil - MI Ayuntamiento de Caudete","og_description":"P\u00e1gina Oficial del Ayuntamiento de Caudete (Albacete)","og_url":"https:\/\/www.caudete.org\/ayuntamiento\/juventud-garantia-juvenil\/","og_site_name":"MI Ayuntamiento de Caudete","article_publisher":"https:\/\/www.facebook.com\/ayuntamientocaudete\/","article_modified_time":"2020-12-23T17:37:42+00:00","og_image":[{"url":"http:\/\/www.caudete.org\/ayuntamiento\/wp-content\/uploads\/2020\/12\/garantia_juvenil.jpg","type":"","width":"","height":""}],"twitter_card":"summary_large_image","twitter_misc":{"Tiempo de lectura":"1 minuto"},"schema":{"@context":"https:\/\/schema.org","@graph":[{"@type":"WebPage","@id":"https:\/\/www.caudete.org\/ayuntamiento\/juventud-garantia-juvenil\/","url":"https:\/\/www.caudete.org\/ayuntamiento\/juventud-garantia-juvenil\/","name":"Juventud - Garant\u00eda Juvenil - MI Ayuntamiento de Caudete","isPartOf":{"@id":"https:\/\/www.caudete.org\/ayuntamiento\/#website"},"primaryImageOfPage":{"@id":"https:\/\/www.caudete.org\/ayuntamiento\/juventud-garantia-juvenil\/#primaryimage"},"image":{"@id":"https:\/\/www.caudete.org\/ayuntamiento\/juventud-garantia-juvenil\/#primaryimage"},"thumbnailUrl":"http:\/\/www.caudete.org\/ayuntamiento\/wp-content\/uploads\/2020\/12\/garantia_juvenil.jpg","datePublished":"2020-12-11T20:31:58+00:00","dateModified":"2020-12-23T17:37:42+00:00","description":"P\u00e1gina Oficial del Ayuntamiento de Caudete (Albacete)","breadcrumb":{"@id":"https:\/\/www.caudete.org\/ayuntamiento\/juventud-garantia-juvenil\/#breadcrumb"},"inLanguage":"es","potentialAction":[{"@type":"ReadAction","target":["https:\/\/www.caudete.org\/ayuntamiento\/juventud-garantia-juvenil\/"]}]},{"@type":"ImageObject","inLanguage":"es","@id":"https:\/\/www.caudete.org\/ayuntamiento\/juventud-garantia-juvenil\/#primaryimage","url":"https:\/\/www.caudete.org\/ayuntamiento\/wp-content\/uploads\/2020\/12\/garantia_juvenil.jpg","contentUrl":"https:\/\/www.caudete.org\/ayuntamiento\/wp-content\/uploads\/2020\/12\/garantia_juvenil.jpg","width":316,"height":191},{"@type":"BreadcrumbList","@id":"https:\/\/www.caudete.org\/ayuntamiento\/juventud-garantia-juvenil\/#breadcrumb","itemListElement":[{"@type":"ListItem","position":1,"name":"Inicio","item":"https:\/\/www.caudete.org\/ayuntamiento\/"},{"@type":"ListItem","position":2,"name":"Juventud &#8211; Garant\u00eda Juvenil"}]},{"@type":"WebSite","@id":"https:\/\/www.caudete.org\/ayuntamiento\/#website","url":"https:\/\/www.caudete.org\/ayuntamiento\/","name":"MI Ayuntamiento de Caudete","description":"P\u00e1gina Oficial del MI Ayuntamiento de Caudete","potentialAction":[{"@type":"SearchAction","target":{"@type":"EntryPoint","urlTemplate":"https:\/\/www.caudete.org\/ayuntamiento\/?s={search_term_string}"},"query-input":{"@type":"PropertyValueSpecification","valueRequired":true,"valueName":"search_term_string"}}],"inLanguage":"es"}]}},"_links":{"self":[{"href":"https:\/\/www.caudete.org\/ayuntamiento\/wp-json\/wp\/v2\/pages\/8285","targetHints":{"allow":["GET"]}}],"collection":[{"href":"https:\/\/www.caudete.org\/ayuntamiento\/wp-json\/wp\/v2\/pages"}],"about":[{"href":"https:\/\/www.caudete.org\/ayuntamiento\/wp-json\/wp\/v2\/types\/page"}],"author":[{"embeddable":true,"href":"https:\/\/www.caudete.org\/ayuntamiento\/wp-json\/wp\/v2\/users\/1"}],"replies":[{"embeddable":true,"href":"https:\/\/www.caudete.org\/ayuntamiento\/wp-json\/wp\/v2\/comments?post=8285"}],"version-history":[{"count":27,"href":"https:\/\/www.caudete.org\/ayuntamiento\/wp-json\/wp\/v2\/pages\/8285\/revisions"}],"predecessor-version":[{"id":11064,"href":"https:\/\/www.caudete.org\/ayuntamiento\/wp-json\/wp\/v2\/pages\/8285\/revisions\/11064"}],"wp:attachment":[{"href":"https:\/\/www.caudete.org\/ayuntamiento\/wp-json\/wp\/v2\/media?parent=8285"}],"wp:term":[{"taxonomy":"category","embeddable":true,"href":"https:\/\/www.caudete.org\/ayuntamiento\/wp-json\/wp\/v2\/categories?post=8285"},{"taxonomy":"post_tag","embeddable":true,"href":"https:\/\/www.caudete.org\/ayuntamiento\/wp-json\/wp\/v2\/tags?post=8285"}],"curies":[{"name":"wp","href":"https:\/\/api.w.org\/{rel}","templated":true}]}}