{"id":8291,"date":"2020-12-11T21:37:56","date_gmt":"2020-12-11T20:37:56","guid":{"rendered":"http:\/\/www.caudete.org\/ayuntamiento\/?page_id=8291"},"modified":"2021-05-18T20:14:46","modified_gmt":"2021-05-18T18:14:46","slug":"juventud-movilidad-y-ciudadania-europea-2","status":"publish","type":"page","link":"https:\/\/www.caudete.org\/ayuntamiento\/juventud-movilidad-y-ciudadania-europea-2\/","title":{"rendered":"Juventud &#8211; Movilidad y Ciudadan\u00eda Europea"},"content":{"rendered":"\t\t<div data-elementor-type=\"wp-page\" data-elementor-id=\"8291\" class=\"elementor elementor-8291\" data-elementor-post-type=\"page\">\n\t\t\t\t\t\t<section class=\"elementor-section elementor-top-section elementor-element elementor-element-2812b98d elementor-section-boxed elementor-section-height-default elementor-section-height-default\" data-id=\"2812b98d\" data-element_type=\"section\" data-e-type=\"section\">\n\t\t\t\t\t\t<div class=\"elementor-container elementor-column-gap-default\">\n\t\t\t\t\t<div class=\"elementor-column elementor-col-100 elementor-top-column elementor-element elementor-element-2ec974c4\" data-id=\"2ec974c4\" data-element_type=\"column\" data-e-type=\"column\">\n\t\t\t<div class=\"elementor-widget-wrap elementor-element-populated\">\n\t\t\t\t\t\t<section class=\"elementor-section elementor-inner-section elementor-element elementor-element-8ed8bc1 elementor-section-boxed elementor-section-height-default elementor-section-height-default\" data-id=\"8ed8bc1\" data-element_type=\"section\" data-e-type=\"section\">\n\t\t\t\t\t\t<div class=\"elementor-container elementor-column-gap-default\">\n\t\t\t\t\t<div class=\"elementor-column elementor-col-100 elementor-inner-column elementor-element elementor-element-064d36a\" data-id=\"064d36a\" data-element_type=\"column\" data-e-type=\"column\">\n\t\t\t<div class=\"elementor-widget-wrap elementor-element-populated\">\n\t\t\t\t\t\t<div class=\"elementor-element elementor-element-939aa71 elementor-invisible elementor-widget elementor-widget-image\" data-id=\"939aa71\" data-element_type=\"widget\" data-e-type=\"widget\" data-settings=\"{&quot;_animation&quot;:&quot;rotateInDownRight&quot;}\" data-widget_type=\"image.default\">\n\t\t\t\t<div class=\"elementor-widget-container\">\n\t\t\t\t\t\t\t\t\t\t\t\t\t\t\t<img decoding=\"async\" width=\"400\" height=\"81\" src=\"https:\/\/www.caudete.org\/ayuntamiento\/wp-content\/uploads\/2020\/12\/eramus_a.jpg\" class=\"attachment-large size-large wp-image-11168\" alt=\"\" srcset=\"https:\/\/www.caudete.org\/ayuntamiento\/wp-content\/uploads\/2020\/12\/eramus_a.jpg 400w, https:\/\/www.caudete.org\/ayuntamiento\/wp-content\/uploads\/2020\/12\/eramus_a-300x61.jpg 300w\" sizes=\"(max-width: 400px) 100vw, 400px\" \/>\t\t\t\t\t\t\t\t\t\t\t\t\t\t\t<\/div>\n\t\t\t\t<\/div>\n\t\t\t\t\t<\/div>\n\t\t<\/div>\n\t\t\t\t\t<\/div>\n\t\t<\/section>\n\t\t\t\t<div class=\"elementor-element elementor-element-4dc6acac elementor-widget elementor-widget-text-editor\" data-id=\"4dc6acac\" data-element_type=\"widget\" data-e-type=\"widget\" data-widget_type=\"text-editor.default\">\n\t\t\t\t<div class=\"elementor-widget-container\">\n\t\t\t\t\t\t\t\t\t<h2 style=\"text-align: justify;\">ERASMUS+<\/h2><p style=\"text-align: justify;\"><strong>Erasmus+<\/strong> es el programa de la Uni\u00f3n Europea en el \u00e1mbito de la educaci\u00f3n, la formaci\u00f3n, la juventud y el deporte para el periodo 2021-2027, y da continuidad al programa anterior, que abarc\u00f3 el periodo 2014-2020.<\/p><p style=\"text-align: justify;\">El objetivo general del programa es apoyar, a trav\u00e9s del aprendizaje, el desarrollo educativo, profesional y personal de las personas contribuyendo al crecimiento sostenible, al empleo, a la cohesi\u00f3n social y al fortalecimiento de la identidad europea y la ciudadan\u00eda activa en una sociedad en cambio cada vez m\u00e1s m\u00f3vil, multicultural y digital.<\/p><p style=\"text-align: justify;\">Brinda apoyo a todos los j\u00f3venes entre 13 y 30 a\u00f1os, en el campo de la educaci\u00f3n no formal e informal.<\/p><p>\u00a0<\/p><p style=\"text-align: justify;\"><a class=\"fasc-button fasc-size-large fasc-type-glossy fasc-ico-before dashicons-admin-post\" style=\"background-color: #336699; color: #ffffff;\" href=\"http:\/\/www.injuve.es\/erasmusplus\/programa\/presentacion_del_programa\" target=\"_blank\" rel=\"noopener nofollow\">M\u00e1s informaci\u00f3n<\/a><\/p>\t\t\t\t\t\t\t\t<\/div>\n\t\t\t\t<\/div>\n\t\t\t\t<div class=\"elementor-element elementor-element-a021c0e elementor-widget-divider--view-line elementor-widget elementor-widget-divider\" data-id=\"a021c0e\" data-element_type=\"widget\" data-e-type=\"widget\" data-widget_type=\"divider.default\">\n\t\t\t\t<div class=\"elementor-widget-container\">\n\t\t\t\t\t\t\t<div class=\"elementor-divider\">\n\t\t\t<span class=\"elementor-divider-separator\">\n\t\t\t\t\t\t<\/span>\n\t\t<\/div>\n\t\t\t\t\t\t<\/div>\n\t\t\t\t<\/div>\n\t\t\t\t\t<\/div>\n\t\t<\/div>\n\t\t\t\t\t<\/div>\n\t\t<\/section>\n\t\t\t\t<section class=\"elementor-section elementor-top-section elementor-element elementor-element-9e91b68 elementor-section-boxed elementor-section-height-default elementor-section-height-default\" data-id=\"9e91b68\" data-element_type=\"section\" data-e-type=\"section\">\n\t\t\t\t\t\t<div class=\"elementor-container elementor-column-gap-default\">\n\t\t\t\t\t<div class=\"elementor-column elementor-col-100 elementor-top-column elementor-element elementor-element-48a959b\" data-id=\"48a959b\" data-element_type=\"column\" data-e-type=\"column\">\n\t\t\t<div class=\"elementor-widget-wrap elementor-element-populated\">\n\t\t\t\t\t\t<section class=\"elementor-section elementor-inner-section elementor-element elementor-element-721b60a elementor-section-boxed elementor-section-height-default elementor-section-height-default\" data-id=\"721b60a\" data-element_type=\"section\" data-e-type=\"section\">\n\t\t\t\t\t\t<div class=\"elementor-container elementor-column-gap-default\">\n\t\t\t\t\t<div class=\"elementor-column elementor-col-100 elementor-inner-column elementor-element elementor-element-48ce11b\" data-id=\"48ce11b\" data-element_type=\"column\" data-e-type=\"column\">\n\t\t\t<div class=\"elementor-widget-wrap elementor-element-populated\">\n\t\t\t\t\t\t<div class=\"elementor-element elementor-element-ef6d82f elementor-invisible elementor-widget elementor-widget-image\" data-id=\"ef6d82f\" data-element_type=\"widget\" data-e-type=\"widget\" data-settings=\"{&quot;_animation&quot;:&quot;wobble&quot;}\" data-widget_type=\"image.default\">\n\t\t\t\t<div class=\"elementor-widget-container\">\n\t\t\t\t\t\t\t\t\t\t\t\t\t\t\t<img fetchpriority=\"high\" decoding=\"async\" width=\"400\" height=\"149\" src=\"https:\/\/www.caudete.org\/ayuntamiento\/wp-content\/uploads\/2020\/12\/eurodesk_a.jpg\" class=\"attachment-large size-large wp-image-11170\" alt=\"\" srcset=\"https:\/\/www.caudete.org\/ayuntamiento\/wp-content\/uploads\/2020\/12\/eurodesk_a.jpg 400w, https:\/\/www.caudete.org\/ayuntamiento\/wp-content\/uploads\/2020\/12\/eurodesk_a-300x112.jpg 300w\" sizes=\"(max-width: 400px) 100vw, 400px\" \/>\t\t\t\t\t\t\t\t\t\t\t\t\t\t\t<\/div>\n\t\t\t\t<\/div>\n\t\t\t\t\t<\/div>\n\t\t<\/div>\n\t\t\t\t\t<\/div>\n\t\t<\/section>\n\t\t\t\t<div class=\"elementor-element elementor-element-0a9ae76 elementor-widget elementor-widget-text-editor\" data-id=\"0a9ae76\" data-element_type=\"widget\" data-e-type=\"widget\" data-widget_type=\"text-editor.default\">\n\t\t\t\t<div class=\"elementor-widget-container\">\n\t\t\t\t\t\t\t\t\t<h2 style=\"text-align: justify;\">EURODESK<\/h2>\n<span style=\"color: black;\"><strong>EURODESK<\/strong> es una red europea que ofrece un servicio integral de informaci\u00f3n y orientaci\u00f3n a los j\u00f3venes: difundimos oportunidades sobre movilidad europea para el aprendizaje, promocionamos contenidos informativos de inter\u00e9s juvenil y resolvemos las consultas individuales que los j\u00f3venes nos puedan plantear.<\/span>\n<p style=\"text-align: justify;\"><a class=\"fasc-button fasc-size-large fasc-type-glossy fasc-ico-before dashicons-admin-post\" style=\"background-color: #336699; color: #ffffff;\" href=\"http:\/\/www.eurodesk.es\/noticias\/nuevo-portal-europeo-de-la-juventud\" target=\"_blank\" rel=\"noopener nofollow\">M\u00e1s informaci\u00f3n<\/a><\/p>\n&nbsp;\n\t\t\t\t\t\t\t\t<\/div>\n\t\t\t\t<\/div>\n\t\t\t\t<div class=\"elementor-element elementor-element-d9e79bd elementor-widget-divider--view-line elementor-widget elementor-widget-divider\" data-id=\"d9e79bd\" data-element_type=\"widget\" data-e-type=\"widget\" data-widget_type=\"divider.default\">\n\t\t\t\t<div class=\"elementor-widget-container\">\n\t\t\t\t\t\t\t<div class=\"elementor-divider\">\n\t\t\t<span class=\"elementor-divider-separator\">\n\t\t\t\t\t\t<\/span>\n\t\t<\/div>\n\t\t\t\t\t\t<\/div>\n\t\t\t\t<\/div>\n\t\t\t\t<div class=\"elementor-element elementor-element-841bbaa elementor-invisible elementor-widget elementor-widget-image\" data-id=\"841bbaa\" data-element_type=\"widget\" data-e-type=\"widget\" data-settings=\"{&quot;_animation&quot;:&quot;zoomIn&quot;}\" data-widget_type=\"image.default\">\n\t\t\t\t<div class=\"elementor-widget-container\">\n\t\t\t\t\t\t\t\t\t\t\t\t\t\t\t<img decoding=\"async\" width=\"400\" height=\"161\" src=\"https:\/\/www.caudete.org\/ayuntamiento\/wp-content\/uploads\/2020\/12\/eurodesk_e_a.jpg\" class=\"attachment-large size-large wp-image-11171\" alt=\"\" srcset=\"https:\/\/www.caudete.org\/ayuntamiento\/wp-content\/uploads\/2020\/12\/eurodesk_e_a.jpg 400w, https:\/\/www.caudete.org\/ayuntamiento\/wp-content\/uploads\/2020\/12\/eurodesk_e_a-300x121.jpg 300w\" sizes=\"(max-width: 400px) 100vw, 400px\" \/>\t\t\t\t\t\t\t\t\t\t\t\t\t\t\t<\/div>\n\t\t\t\t<\/div>\n\t\t\t\t<div class=\"elementor-element elementor-element-26d85de elementor-widget elementor-widget-text-editor\" data-id=\"26d85de\" data-element_type=\"widget\" data-e-type=\"widget\" data-widget_type=\"text-editor.default\">\n\t\t\t\t<div class=\"elementor-widget-container\">\n\t\t\t\t\t\t\t\t\t<p style=\"text-align: justify;\"><a class=\"fasc-button fasc-size-large fasc-type-glossy fasc-ico-before dashicons-admin-post\" style=\"background-color: #336699; color: #ffffff;\" href=\"https:\/\/eurodesk.eu\/\" target=\"_blank\" rel=\"noopener nofollow\">M\u00e1s informaci\u00f3n<\/a><\/p>\t\t\t\t\t\t\t\t<\/div>\n\t\t\t\t<\/div>\n\t\t\t\t<div class=\"elementor-element elementor-element-d4dcdfd elementor-widget-divider--view-line elementor-widget elementor-widget-divider\" data-id=\"d4dcdfd\" data-element_type=\"widget\" data-e-type=\"widget\" data-widget_type=\"divider.default\">\n\t\t\t\t<div class=\"elementor-widget-container\">\n\t\t\t\t\t\t\t<div class=\"elementor-divider\">\n\t\t\t<span class=\"elementor-divider-separator\">\n\t\t\t\t\t\t<\/span>\n\t\t<\/div>\n\t\t\t\t\t\t<\/div>\n\t\t\t\t<\/div>\n\t\t\t\t\t<\/div>\n\t\t<\/div>\n\t\t\t\t\t<\/div>\n\t\t<\/section>\n\t\t\t\t<section class=\"elementor-section elementor-top-section elementor-element elementor-element-d11085e elementor-section-boxed elementor-section-height-default elementor-section-height-default\" data-id=\"d11085e\" data-element_type=\"section\" data-e-type=\"section\">\n\t\t\t\t\t\t<div class=\"elementor-container elementor-column-gap-default\">\n\t\t\t\t\t<div class=\"elementor-column elementor-col-100 elementor-top-column elementor-element elementor-element-bccc2f3\" data-id=\"bccc2f3\" data-element_type=\"column\" data-e-type=\"column\">\n\t\t\t<div class=\"elementor-widget-wrap elementor-element-populated\">\n\t\t\t\t\t\t<section class=\"elementor-section elementor-inner-section elementor-element elementor-element-013bb8c elementor-section-boxed elementor-section-height-default elementor-section-height-default\" data-id=\"013bb8c\" data-element_type=\"section\" data-e-type=\"section\">\n\t\t\t\t\t\t<div class=\"elementor-container elementor-column-gap-default\">\n\t\t\t\t\t<div class=\"elementor-column elementor-col-100 elementor-inner-column elementor-element elementor-element-a2d117e\" data-id=\"a2d117e\" data-element_type=\"column\" data-e-type=\"column\">\n\t\t\t<div class=\"elementor-widget-wrap elementor-element-populated\">\n\t\t\t\t\t\t<div class=\"elementor-element elementor-element-07e6b0b elementor-invisible elementor-widget elementor-widget-image\" data-id=\"07e6b0b\" data-element_type=\"widget\" data-e-type=\"widget\" data-settings=\"{&quot;_animation&quot;:&quot;zoomInUp&quot;}\" data-widget_type=\"image.default\">\n\t\t\t\t<div class=\"elementor-widget-container\">\n\t\t\t\t\t\t\t\t\t\t\t\t\t\t\t<img loading=\"lazy\" decoding=\"async\" width=\"400\" height=\"210\" src=\"https:\/\/www.caudete.org\/ayuntamiento\/wp-content\/uploads\/2020\/12\/eures_a.jpg\" class=\"attachment-large size-large wp-image-11169\" alt=\"\" srcset=\"https:\/\/www.caudete.org\/ayuntamiento\/wp-content\/uploads\/2020\/12\/eures_a.jpg 400w, https:\/\/www.caudete.org\/ayuntamiento\/wp-content\/uploads\/2020\/12\/eures_a-300x158.jpg 300w\" sizes=\"(max-width: 400px) 100vw, 400px\" \/>\t\t\t\t\t\t\t\t\t\t\t\t\t\t\t<\/div>\n\t\t\t\t<\/div>\n\t\t\t\t\t<\/div>\n\t\t<\/div>\n\t\t\t\t\t<\/div>\n\t\t<\/section>\n\t\t\t\t<div class=\"elementor-element elementor-element-7d6603a elementor-widget elementor-widget-text-editor\" data-id=\"7d6603a\" data-element_type=\"widget\" data-e-type=\"widget\" data-widget_type=\"text-editor.default\">\n\t\t\t\t<div class=\"elementor-widget-container\">\n\t\t\t\t\t\t\t\t\t<h2 style=\"text-align: justify;\">RED EURES<\/h2>\n<a href=\"http:\/\/ec.europa.eu\/eures\/\" target=\"_blank\" rel=\"nofollow noopener\"><strong>RED<\/strong><strong> EURES\u00a0<\/strong><\/a> te ofrece vacantes de empleo en 31 pa\u00edses europeos, curr\u00edculos de candidatos interesados, lo que necesitas saber para vivir y trabajar en el exterior, y mucho m\u00e1s.\n<p style=\"text-align: justify;\"><a class=\"fasc-button fasc-size-large fasc-type-glossy fasc-ico-before dashicons-admin-post\" style=\"background-color: #336699; color: #ffffff;\" href=\"https:\/\/www.sepe.es\/HomeSepe\/Personas\/encontrar-trabajo\/empleo-europa\" target=\"_blank\" rel=\"noopener nofollow\">M\u00e1s informaci\u00f3n<\/a><\/p>\t\t\t\t\t\t\t\t<\/div>\n\t\t\t\t<\/div>\n\t\t\t\t\t<\/div>\n\t\t<\/div>\n\t\t\t\t\t<\/div>\n\t\t<\/section>\n\t\t\t\t<section class=\"elementor-section elementor-top-section elementor-element elementor-element-6cbbbe1 elementor-section-boxed elementor-section-height-default elementor-section-height-default\" data-id=\"6cbbbe1\" data-element_type=\"section\" data-e-type=\"section\">\n\t\t\t\t\t\t<div class=\"elementor-container elementor-column-gap-default\">\n\t\t\t\t\t<div class=\"elementor-column elementor-col-100 elementor-top-column elementor-element elementor-element-bf7e968\" data-id=\"bf7e968\" data-element_type=\"column\" data-e-type=\"column\">\n\t\t\t<div class=\"elementor-widget-wrap elementor-element-populated\">\n\t\t\t\t\t\t<div class=\"elementor-element elementor-element-eb6ae4b elementor-widget-divider--view-line elementor-widget elementor-widget-divider\" data-id=\"eb6ae4b\" data-element_type=\"widget\" data-e-type=\"widget\" data-widget_type=\"divider.default\">\n\t\t\t\t<div class=\"elementor-widget-container\">\n\t\t\t\t\t\t\t<div class=\"elementor-divider\">\n\t\t\t<span class=\"elementor-divider-separator\">\n\t\t\t\t\t\t<\/span>\n\t\t<\/div>\n\t\t\t\t\t\t<\/div>\n\t\t\t\t<\/div>\n\t\t\t\t<section class=\"elementor-section elementor-inner-section elementor-element elementor-element-4c38416 elementor-section-boxed elementor-section-height-default elementor-section-height-default\" data-id=\"4c38416\" data-element_type=\"section\" data-e-type=\"section\">\n\t\t\t\t\t\t<div class=\"elementor-container elementor-column-gap-default\">\n\t\t\t\t\t<div class=\"elementor-column elementor-col-100 elementor-inner-column elementor-element elementor-element-cccf7d8\" data-id=\"cccf7d8\" data-element_type=\"column\" data-e-type=\"column\">\n\t\t\t<div class=\"elementor-widget-wrap elementor-element-populated\">\n\t\t\t\t\t\t<div class=\"elementor-element elementor-element-71e4c0b elementor-invisible elementor-widget elementor-widget-image\" data-id=\"71e4c0b\" data-element_type=\"widget\" data-e-type=\"widget\" data-settings=\"{&quot;_animation&quot;:&quot;slideInRight&quot;}\" data-widget_type=\"image.default\">\n\t\t\t\t<div class=\"elementor-widget-container\">\n\t\t\t\t\t\t\t\t\t\t\t\t\t\t\t<img loading=\"lazy\" decoding=\"async\" width=\"400\" height=\"229\" src=\"https:\/\/www.caudete.org\/ayuntamiento\/wp-content\/uploads\/2020\/12\/portal_a.jpg\" class=\"attachment-large size-large wp-image-11172\" alt=\"\" srcset=\"https:\/\/www.caudete.org\/ayuntamiento\/wp-content\/uploads\/2020\/12\/portal_a.jpg 400w, https:\/\/www.caudete.org\/ayuntamiento\/wp-content\/uploads\/2020\/12\/portal_a-300x172.jpg 300w\" sizes=\"(max-width: 400px) 100vw, 400px\" \/>\t\t\t\t\t\t\t\t\t\t\t\t\t\t\t<\/div>\n\t\t\t\t<\/div>\n\t\t\t\t\t<\/div>\n\t\t<\/div>\n\t\t\t\t\t<\/div>\n\t\t<\/section>\n\t\t\t\t<div class=\"elementor-element elementor-element-65c6f33 elementor-widget elementor-widget-text-editor\" data-id=\"65c6f33\" data-element_type=\"widget\" data-e-type=\"widget\" data-widget_type=\"text-editor.default\">\n\t\t\t\t<div class=\"elementor-widget-container\">\n\t\t\t\t\t\t\t\t\t<h2 style=\"text-align: justify;\">PORTAL EUROPEO DE LA JUVENTUD<\/h2><p>El <strong>Portal Europeo de la Juventud<\/strong> ofrece a los j\u00f3venes informaci\u00f3n sobre oportunidades dentro y fuera de Europa.<\/p><p>Explorar iniciativas para aprender, trabajar y hacer voluntariado. Encontrar maneras de hacer o\u00edr tu voz como ciudadano o ciudadana de Europa.<\/p><p style=\"text-align: justify;\">Brinda apoyo a todos los j\u00f3venes entre 13 y 30 a\u00f1os, en el campo de la educaci\u00f3n no formal e informal.<\/p><p style=\"text-align: justify;\"><a class=\"fasc-button fasc-size-large fasc-type-glossy fasc-ico-before dashicons-admin-post\" style=\"background-color: #336699; color: #ffffff;\" href=\"https:\/\/europa.eu\/youth\/EU_es\" target=\"_blank\" rel=\"noopener nofollow\">M\u00e1s informaci\u00f3n<\/a><\/p>\t\t\t\t\t\t\t\t<\/div>\n\t\t\t\t<\/div>\n\t\t\t\t\t<\/div>\n\t\t<\/div>\n\t\t\t\t\t<\/div>\n\t\t<\/section>\n\t\t\t\t<section class=\"elementor-section elementor-top-section elementor-element elementor-element-d93df14 elementor-section-boxed elementor-section-height-default elementor-section-height-default\" data-id=\"d93df14\" data-element_type=\"section\" data-e-type=\"section\">\n\t\t\t\t\t\t<div class=\"elementor-container elementor-column-gap-default\">\n\t\t\t\t\t<div class=\"elementor-column elementor-col-100 elementor-top-column elementor-element elementor-element-a097340\" data-id=\"a097340\" data-element_type=\"column\" data-e-type=\"column\">\n\t\t\t<div class=\"elementor-widget-wrap elementor-element-populated\">\n\t\t\t\t\t\t<div class=\"elementor-element elementor-element-655cd56 elementor-widget-divider--view-line elementor-widget elementor-widget-divider\" data-id=\"655cd56\" data-element_type=\"widget\" data-e-type=\"widget\" data-widget_type=\"divider.default\">\n\t\t\t\t<div class=\"elementor-widget-container\">\n\t\t\t\t\t\t\t<div class=\"elementor-divider\">\n\t\t\t<span class=\"elementor-divider-separator\">\n\t\t\t\t\t\t<\/span>\n\t\t<\/div>\n\t\t\t\t\t\t<\/div>\n\t\t\t\t<\/div>\n\t\t\t\t<section class=\"elementor-section elementor-inner-section elementor-element elementor-element-b32703c elementor-section-boxed elementor-section-height-default elementor-section-height-default\" data-id=\"b32703c\" data-element_type=\"section\" data-e-type=\"section\">\n\t\t\t\t\t\t<div class=\"elementor-container elementor-column-gap-default\">\n\t\t\t\t\t<div class=\"elementor-column elementor-col-100 elementor-inner-column elementor-element elementor-element-3d772f8\" data-id=\"3d772f8\" data-element_type=\"column\" data-e-type=\"column\">\n\t\t\t<div class=\"elementor-widget-wrap elementor-element-populated\">\n\t\t\t\t\t\t<div class=\"elementor-element elementor-element-aaf8d1d elementor-invisible elementor-widget elementor-widget-image\" data-id=\"aaf8d1d\" data-element_type=\"widget\" data-e-type=\"widget\" data-settings=\"{&quot;_animation&quot;:&quot;jello&quot;}\" data-widget_type=\"image.default\">\n\t\t\t\t<div class=\"elementor-widget-container\">\n\t\t\t\t\t\t\t\t\t\t\t\t\t\t\t<img loading=\"lazy\" decoding=\"async\" width=\"515\" height=\"112\" src=\"https:\/\/www.caudete.org\/ayuntamiento\/wp-content\/uploads\/2020\/12\/esc-logo-es.png\" class=\"attachment-large size-large wp-image-11323\" alt=\"\" srcset=\"https:\/\/www.caudete.org\/ayuntamiento\/wp-content\/uploads\/2020\/12\/esc-logo-es.png 515w, https:\/\/www.caudete.org\/ayuntamiento\/wp-content\/uploads\/2020\/12\/esc-logo-es-300x65.png 300w\" sizes=\"(max-width: 515px) 100vw, 515px\" \/>\t\t\t\t\t\t\t\t\t\t\t\t\t\t\t<\/div>\n\t\t\t\t<\/div>\n\t\t\t\t\t<\/div>\n\t\t<\/div>\n\t\t\t\t\t<\/div>\n\t\t<\/section>\n\t\t\t\t<div class=\"elementor-element elementor-element-b17cfd8 elementor-widget elementor-widget-text-editor\" data-id=\"b17cfd8\" data-element_type=\"widget\" data-e-type=\"widget\" data-widget_type=\"text-editor.default\">\n\t\t\t\t<div class=\"elementor-widget-container\">\n\t\t\t\t\t\t\t\t\t<h2 style=\"text-align: justify;\">CUERPO EUROPEO DE SOLIDARIDAD<\/h2>\n<p style=\"text-align: justify;\">El\u00a0<b>Cuerpo Europeo de Solidaridad<\/b>\u00a0es una nueva iniciativa de la Uni\u00f3n\u00a0<b>Europea<\/b>\u00a0cuyo objetivo es crear oportunidades para que los j\u00f3venes trabajen como voluntarios o colaboren en proyectos \u2014en sus propios pa\u00edses o en el extranjero\u2014 que beneficien a comunidades y ciudadanos de toda Europa.<\/p>\n<p style=\"text-align: justify;\"><a class=\"fasc-button fasc-size-large fasc-type-glossy fasc-ico-before dashicons-admin-post\" style=\"background-color: #336699; color: #ffffff;\" href=\"http:\/\/cuerpoeuropeodesolidaridad.injuve.es\/es\" target=\"_blank\" rel=\"noopener nofollow\">M\u00e1s informaci\u00f3n<\/a><\/p>\t\t\t\t\t\t\t\t<\/div>\n\t\t\t\t<\/div>\n\t\t\t\t\t<\/div>\n\t\t<\/div>\n\t\t\t\t\t<\/div>\n\t\t<\/section>\n\t\t\t\t<section class=\"elementor-section elementor-top-section elementor-element elementor-element-19153d2 elementor-section-boxed elementor-section-height-default elementor-section-height-default\" data-id=\"19153d2\" data-element_type=\"section\" data-e-type=\"section\">\n\t\t\t\t\t\t<div class=\"elementor-container elementor-column-gap-default\">\n\t\t\t\t\t<div class=\"elementor-column elementor-col-100 elementor-top-column elementor-element elementor-element-0f48da6\" data-id=\"0f48da6\" data-element_type=\"column\" data-e-type=\"column\">\n\t\t\t<div class=\"elementor-widget-wrap elementor-element-populated\">\n\t\t\t\t\t\t<div class=\"elementor-element elementor-element-2a36fc9 elementor-widget-divider--view-line elementor-widget elementor-widget-divider\" data-id=\"2a36fc9\" data-element_type=\"widget\" data-e-type=\"widget\" data-widget_type=\"divider.default\">\n\t\t\t\t<div class=\"elementor-widget-container\">\n\t\t\t\t\t\t\t<div class=\"elementor-divider\">\n\t\t\t<span class=\"elementor-divider-separator\">\n\t\t\t\t\t\t<\/span>\n\t\t<\/div>\n\t\t\t\t\t\t<\/div>\n\t\t\t\t<\/div>\n\t\t\t\t<div class=\"elementor-element elementor-element-128036b elementor-widget elementor-widget-text-editor\" data-id=\"128036b\" data-element_type=\"widget\" data-e-type=\"widget\" data-widget_type=\"text-editor.default\">\n\t\t\t\t<div class=\"elementor-widget-container\">\n\t\t\t\t\t\t\t\t\t<strong>ENLACES, INFOGRAF\u00cdAS Y V\u00cdDEOS<\/strong>\n\n&nbsp;\n<p style=\"text-align: justify;\"><a class=\"fasc-button fasc-size-large fasc-type-glossy fasc-ico-before dashicons-admin-post mtli_attachment mtli_pdf\" style=\"background-color: #336699; color: #ffffff;\" href=\"http:\/\/www.caudete.org\/ayuntamiento\/wp-content\/uploads\/2020\/12\/Guia-cuerpo-europeo-de-la-solidaridad.pdf\" target=\"_blank\" rel=\"noopener\">Gu\u00eda Cuerpo Europeo de la Solidaridad<\/a><\/p>\n<p style=\"text-align: justify;\"><a class=\"fasc-button fasc-size-large fasc-type-glossy fasc-ico-before dashicons-admin-post mtli_attachment mtli_pdf\" style=\"background-color: #336699; color: #ffffff;\" href=\"http:\/\/www.caudete.org\/ayuntamiento\/wp-content\/uploads\/2020\/12\/Infografia-cuerpo-europeo-de-solidaridad.pdf\" target=\"_blank\" rel=\"noopener\">Infograf\u00eda Cuerpo Europeo de la Solidaridad<\/a><\/p>\n<p style=\"text-align: justify;\"><a class=\"fasc-button fasc-size-large fasc-type-glossy fasc-ico-before dashicons-admin-post mtli_attachment mtli_pdf\" style=\"background-color: #336699; color: #ffffff;\" href=\"http:\/\/www.caudete.org\/ayuntamiento\/wp-content\/uploads\/2020\/12\/Infografia-Movilidad-Juvenil.pdf\" target=\"_blank\" rel=\"noopener\">Infograf\u00eda Movilidad Juvenil<\/a><\/p>\n<p style=\"text-align: justify;\"><a class=\"fasc-button fasc-size-large fasc-type-glossy fasc-ico-before dashicons-admin-post mtli_attachment mtli_pdf\" style=\"background-color: #336699; color: #ffffff;\" href=\"http:\/\/www.caudete.org\/ayuntamiento\/wp-content\/uploads\/2020\/12\/Folleto-movilidad-Juvenil.pdf\" target=\"_blank\" rel=\"noopener\">Folleto Movilidad Juvenil<\/a><\/p>\n<strong>V\u00eddeo Cuerpo Europeo de la Solidaridad<\/strong>\n\n<center><iframe src=\"https:\/\/www.youtube.com\/embed\/A-cgZjX-pjs\" width=\"560\" height=\"315\" frameborder=\"0\" allowfullscreen=\"allowfullscreen\" data-mce-fragment=\"1\"><\/iframe><\/center>\t\t\t\t\t\t\t\t<\/div>\n\t\t\t\t<\/div>\n\t\t\t\t\t<\/div>\n\t\t<\/div>\n\t\t\t\t\t<\/div>\n\t\t<\/section>\n\t\t\t\t<\/div>\n\t\t","protected":false},"excerpt":{"rendered":"<p>ERASMUS+ Erasmus+ es el programa de la Uni\u00f3n Europea en el \u00e1mbito de la educaci\u00f3n, la formaci\u00f3n, la juventud y el deporte para el periodo 2021-2027, y da continuidad al programa anterior, que abarc\u00f3 el periodo 2014-2020. El objetivo general del programa es apoyar, a trav\u00e9s del aprendizaje, el desarrollo educativo, profesional y personal de &hellip;<\/p>\n","protected":false},"author":1,"featured_media":0,"parent":0,"menu_order":0,"comment_status":"closed","ping_status":"closed","template":"","meta":{"ngg_post_thumbnail":0,"footnotes":""},"categories":[22],"tags":[],"class_list":["post-8291","page","type-page","status-publish","hentry","category-juventud"],"yoast_head":"<!-- This site is optimized with the Yoast SEO plugin v27.5 - https:\/\/yoast.com\/product\/yoast-seo-wordpress\/ -->\n<title>Juventud - Movilidad y Ciudadan\u00eda Europea - MI Ayuntamiento de Caudete<\/title>\n<meta name=\"description\" content=\"P\u00e1gina Oficial del Ayuntamiento de Caudete (Albacete)\" \/>\n<meta name=\"robots\" content=\"index, follow, max-snippet:-1, max-image-preview:large, max-video-preview:-1\" \/>\n<link rel=\"canonical\" href=\"https:\/\/www.caudete.org\/ayuntamiento\/juventud-movilidad-y-ciudadania-europea-2\/\" \/>\n<meta property=\"og:locale\" content=\"es_ES\" \/>\n<meta property=\"og:type\" content=\"article\" \/>\n<meta property=\"og:title\" content=\"Juventud - Movilidad y Ciudadan\u00eda Europea - MI Ayuntamiento de Caudete\" \/>\n<meta property=\"og:description\" content=\"P\u00e1gina Oficial del Ayuntamiento de Caudete (Albacete)\" \/>\n<meta property=\"og:url\" content=\"https:\/\/www.caudete.org\/ayuntamiento\/juventud-movilidad-y-ciudadania-europea-2\/\" \/>\n<meta property=\"og:site_name\" content=\"MI Ayuntamiento de Caudete\" \/>\n<meta property=\"article:publisher\" content=\"https:\/\/www.facebook.com\/ayuntamientocaudete\/\" \/>\n<meta property=\"article:modified_time\" content=\"2021-05-18T18:14:46+00:00\" \/>\n<meta property=\"og:image\" content=\"https:\/\/www.caudete.org\/ayuntamiento\/wp-content\/uploads\/2020\/12\/eramus_a.jpg\" \/>\n<meta name=\"twitter:card\" content=\"summary_large_image\" \/>\n<meta name=\"twitter:label1\" content=\"Tiempo de lectura\" \/>\n\t<meta name=\"twitter:data1\" content=\"3 minutos\" \/>\n<script type=\"application\/ld+json\" class=\"yoast-schema-graph\">{\"@context\":\"https:\\\/\\\/schema.org\",\"@graph\":[{\"@type\":\"WebPage\",\"@id\":\"https:\\\/\\\/www.caudete.org\\\/ayuntamiento\\\/juventud-movilidad-y-ciudadania-europea-2\\\/\",\"url\":\"https:\\\/\\\/www.caudete.org\\\/ayuntamiento\\\/juventud-movilidad-y-ciudadania-europea-2\\\/\",\"name\":\"Juventud - Movilidad y Ciudadan\u00eda Europea - MI Ayuntamiento de Caudete\",\"isPartOf\":{\"@id\":\"https:\\\/\\\/www.caudete.org\\\/ayuntamiento\\\/#website\"},\"primaryImageOfPage\":{\"@id\":\"https:\\\/\\\/www.caudete.org\\\/ayuntamiento\\\/juventud-movilidad-y-ciudadania-europea-2\\\/#primaryimage\"},\"image\":{\"@id\":\"https:\\\/\\\/www.caudete.org\\\/ayuntamiento\\\/juventud-movilidad-y-ciudadania-europea-2\\\/#primaryimage\"},\"thumbnailUrl\":\"https:\\\/\\\/www.caudete.org\\\/ayuntamiento\\\/wp-content\\\/uploads\\\/2020\\\/12\\\/eramus_a.jpg\",\"datePublished\":\"2020-12-11T20:37:56+00:00\",\"dateModified\":\"2021-05-18T18:14:46+00:00\",\"description\":\"P\u00e1gina Oficial del Ayuntamiento de Caudete (Albacete)\",\"breadcrumb\":{\"@id\":\"https:\\\/\\\/www.caudete.org\\\/ayuntamiento\\\/juventud-movilidad-y-ciudadania-europea-2\\\/#breadcrumb\"},\"inLanguage\":\"es\",\"potentialAction\":[{\"@type\":\"ReadAction\",\"target\":[\"https:\\\/\\\/www.caudete.org\\\/ayuntamiento\\\/juventud-movilidad-y-ciudadania-europea-2\\\/\"]}]},{\"@type\":\"ImageObject\",\"inLanguage\":\"es\",\"@id\":\"https:\\\/\\\/www.caudete.org\\\/ayuntamiento\\\/juventud-movilidad-y-ciudadania-europea-2\\\/#primaryimage\",\"url\":\"https:\\\/\\\/www.caudete.org\\\/ayuntamiento\\\/wp-content\\\/uploads\\\/2020\\\/12\\\/eramus_a.jpg\",\"contentUrl\":\"https:\\\/\\\/www.caudete.org\\\/ayuntamiento\\\/wp-content\\\/uploads\\\/2020\\\/12\\\/eramus_a.jpg\",\"width\":400,\"height\":81},{\"@type\":\"BreadcrumbList\",\"@id\":\"https:\\\/\\\/www.caudete.org\\\/ayuntamiento\\\/juventud-movilidad-y-ciudadania-europea-2\\\/#breadcrumb\",\"itemListElement\":[{\"@type\":\"ListItem\",\"position\":1,\"name\":\"Inicio\",\"item\":\"https:\\\/\\\/www.caudete.org\\\/ayuntamiento\\\/\"},{\"@type\":\"ListItem\",\"position\":2,\"name\":\"Juventud &#8211; Movilidad y Ciudadan\u00eda Europea\"}]},{\"@type\":\"WebSite\",\"@id\":\"https:\\\/\\\/www.caudete.org\\\/ayuntamiento\\\/#website\",\"url\":\"https:\\\/\\\/www.caudete.org\\\/ayuntamiento\\\/\",\"name\":\"MI Ayuntamiento de Caudete\",\"description\":\"P\u00e1gina Oficial del MI Ayuntamiento de Caudete\",\"potentialAction\":[{\"@type\":\"SearchAction\",\"target\":{\"@type\":\"EntryPoint\",\"urlTemplate\":\"https:\\\/\\\/www.caudete.org\\\/ayuntamiento\\\/?s={search_term_string}\"},\"query-input\":{\"@type\":\"PropertyValueSpecification\",\"valueRequired\":true,\"valueName\":\"search_term_string\"}}],\"inLanguage\":\"es\"}]}<\/script>\n<!-- \/ Yoast SEO plugin. -->","yoast_head_json":{"title":"Juventud - Movilidad y Ciudadan\u00eda Europea - MI Ayuntamiento de Caudete","description":"P\u00e1gina Oficial del Ayuntamiento de Caudete (Albacete)","robots":{"index":"index","follow":"follow","max-snippet":"max-snippet:-1","max-image-preview":"max-image-preview:large","max-video-preview":"max-video-preview:-1"},"canonical":"https:\/\/www.caudete.org\/ayuntamiento\/juventud-movilidad-y-ciudadania-europea-2\/","og_locale":"es_ES","og_type":"article","og_title":"Juventud - Movilidad y Ciudadan\u00eda Europea - MI Ayuntamiento de Caudete","og_description":"P\u00e1gina Oficial del Ayuntamiento de Caudete (Albacete)","og_url":"https:\/\/www.caudete.org\/ayuntamiento\/juventud-movilidad-y-ciudadania-europea-2\/","og_site_name":"MI Ayuntamiento de Caudete","article_publisher":"https:\/\/www.facebook.com\/ayuntamientocaudete\/","article_modified_time":"2021-05-18T18:14:46+00:00","og_image":[{"url":"https:\/\/www.caudete.org\/ayuntamiento\/wp-content\/uploads\/2020\/12\/eramus_a.jpg","type":"","width":"","height":""}],"twitter_card":"summary_large_image","twitter_misc":{"Tiempo de lectura":"3 minutos"},"schema":{"@context":"https:\/\/schema.org","@graph":[{"@type":"WebPage","@id":"https:\/\/www.caudete.org\/ayuntamiento\/juventud-movilidad-y-ciudadania-europea-2\/","url":"https:\/\/www.caudete.org\/ayuntamiento\/juventud-movilidad-y-ciudadania-europea-2\/","name":"Juventud - Movilidad y Ciudadan\u00eda Europea - MI Ayuntamiento de Caudete","isPartOf":{"@id":"https:\/\/www.caudete.org\/ayuntamiento\/#website"},"primaryImageOfPage":{"@id":"https:\/\/www.caudete.org\/ayuntamiento\/juventud-movilidad-y-ciudadania-europea-2\/#primaryimage"},"image":{"@id":"https:\/\/www.caudete.org\/ayuntamiento\/juventud-movilidad-y-ciudadania-europea-2\/#primaryimage"},"thumbnailUrl":"https:\/\/www.caudete.org\/ayuntamiento\/wp-content\/uploads\/2020\/12\/eramus_a.jpg","datePublished":"2020-12-11T20:37:56+00:00","dateModified":"2021-05-18T18:14:46+00:00","description":"P\u00e1gina Oficial del Ayuntamiento de Caudete (Albacete)","breadcrumb":{"@id":"https:\/\/www.caudete.org\/ayuntamiento\/juventud-movilidad-y-ciudadania-europea-2\/#breadcrumb"},"inLanguage":"es","potentialAction":[{"@type":"ReadAction","target":["https:\/\/www.caudete.org\/ayuntamiento\/juventud-movilidad-y-ciudadania-europea-2\/"]}]},{"@type":"ImageObject","inLanguage":"es","@id":"https:\/\/www.caudete.org\/ayuntamiento\/juventud-movilidad-y-ciudadania-europea-2\/#primaryimage","url":"https:\/\/www.caudete.org\/ayuntamiento\/wp-content\/uploads\/2020\/12\/eramus_a.jpg","contentUrl":"https:\/\/www.caudete.org\/ayuntamiento\/wp-content\/uploads\/2020\/12\/eramus_a.jpg","width":400,"height":81},{"@type":"BreadcrumbList","@id":"https:\/\/www.caudete.org\/ayuntamiento\/juventud-movilidad-y-ciudadania-europea-2\/#breadcrumb","itemListElement":[{"@type":"ListItem","position":1,"name":"Inicio","item":"https:\/\/www.caudete.org\/ayuntamiento\/"},{"@type":"ListItem","position":2,"name":"Juventud &#8211; Movilidad y Ciudadan\u00eda Europea"}]},{"@type":"WebSite","@id":"https:\/\/www.caudete.org\/ayuntamiento\/#website","url":"https:\/\/www.caudete.org\/ayuntamiento\/","name":"MI Ayuntamiento de Caudete","description":"P\u00e1gina Oficial del MI Ayuntamiento de Caudete","potentialAction":[{"@type":"SearchAction","target":{"@type":"EntryPoint","urlTemplate":"https:\/\/www.caudete.org\/ayuntamiento\/?s={search_term_string}"},"query-input":{"@type":"PropertyValueSpecification","valueRequired":true,"valueName":"search_term_string"}}],"inLanguage":"es"}]}},"_links":{"self":[{"href":"https:\/\/www.caudete.org\/ayuntamiento\/wp-json\/wp\/v2\/pages\/8291","targetHints":{"allow":["GET"]}}],"collection":[{"href":"https:\/\/www.caudete.org\/ayuntamiento\/wp-json\/wp\/v2\/pages"}],"about":[{"href":"https:\/\/www.caudete.org\/ayuntamiento\/wp-json\/wp\/v2\/types\/page"}],"author":[{"embeddable":true,"href":"https:\/\/www.caudete.org\/ayuntamiento\/wp-json\/wp\/v2\/users\/1"}],"replies":[{"embeddable":true,"href":"https:\/\/www.caudete.org\/ayuntamiento\/wp-json\/wp\/v2\/comments?post=8291"}],"version-history":[{"count":84,"href":"https:\/\/www.caudete.org\/ayuntamiento\/wp-json\/wp\/v2\/pages\/8291\/revisions"}],"predecessor-version":[{"id":14445,"href":"https:\/\/www.caudete.org\/ayuntamiento\/wp-json\/wp\/v2\/pages\/8291\/revisions\/14445"}],"wp:attachment":[{"href":"https:\/\/www.caudete.org\/ayuntamiento\/wp-json\/wp\/v2\/media?parent=8291"}],"wp:term":[{"taxonomy":"category","embeddable":true,"href":"https:\/\/www.caudete.org\/ayuntamiento\/wp-json\/wp\/v2\/categories?post=8291"},{"taxonomy":"post_tag","embeddable":true,"href":"https:\/\/www.caudete.org\/ayuntamiento\/wp-json\/wp\/v2\/tags?post=8291"}],"curies":[{"name":"wp","href":"https:\/\/api.w.org\/{rel}","templated":true}]}}