{"id":8864,"date":"2020-12-12T22:35:51","date_gmt":"2020-12-12T21:35:51","guid":{"rendered":"http:\/\/www.caudete.org\/ayuntamiento\/?page_id=8864"},"modified":"2020-12-15T22:55:54","modified_gmt":"2020-12-15T21:55:54","slug":"departamento-de-deportes-reglamento-la-inmortal","status":"publish","type":"page","link":"https:\/\/www.caudete.org\/ayuntamiento\/departamento-de-deportes-reglamento-la-inmortal\/","title":{"rendered":"Departamento de Deportes &#8211; Reglamento La Inmortal"},"content":{"rendered":"<p><img fetchpriority=\"high\" decoding=\"async\" class=\"aligncenter size-full wp-image-8866\" src=\"http:\/\/www.caudete.org\/ayuntamiento\/wp-content\/uploads\/2020\/12\/regl-inm.jpg\" alt=\"\" width=\"800\" height=\"600\" srcset=\"https:\/\/www.caudete.org\/ayuntamiento\/wp-content\/uploads\/2020\/12\/regl-inm.jpg 800w, https:\/\/www.caudete.org\/ayuntamiento\/wp-content\/uploads\/2020\/12\/regl-inm-300x225.jpg 300w, https:\/\/www.caudete.org\/ayuntamiento\/wp-content\/uploads\/2020\/12\/regl-inm-768x576.jpg 768w\" sizes=\"(max-width: 800px) 100vw, 800px\" \/><\/p>\n<p><strong>Reglamento<\/strong><\/p>\n<hr>\n<p style=\"text-align: justify;\"><b>Art\u00edculo 1.-<\/b>La organizaci\u00f3n de la Inmortal corresponde tanto a la Pe\u00f1a Mountain-Bike Caudete como a la Concejal\u00eda de Deportes del M.I. Ayuntamiento de Caudete, y con la especial colaboraci\u00f3n de Protecci\u00f3n Civil Caudete y Cruz Roja Caudete. Podr\u00e1n participar todas las personas nacidas antes del 2001 e inclusive este a\u00f1o. La prueba tendr\u00e1 lugar el domingo 18 de marzo de 2018 a partir de las 9:30 horas para la carrera absoluta y de las 10:00 horas para la carrera del circuito alternativo.<\/p>\n<p style=\"text-align: justify;\"><b>Art\u00edculo 2.-<\/b>El recorrido tendr\u00e1 una distancia total de 70 km para la carrera absoluta y de 19 km para el circuito alternativo. El recorrido del circuito largo est\u00e1 catalogado como de dificultad f\u00edsica y t\u00e9cnica media-alta. Las distancias est\u00e1n medidas con GPS.<\/p>\n<p style=\"text-align: justify;\"><b>Art\u00edculo 3.-<\/b>La prueba se realizar\u00e1 sobre pistas forestales, caminos y sendas con salida en la C\/ Antonio Amor\u00f3s y llegada en las Pistas de Atletismo de la Ciudad Deportiva Antonio Amor\u00f3s. Las zonas t\u00e9cnicas y de servicios quedar\u00e1n ubicadas en las instalaciones de dicha Ciudad Deportiva:<br \/>\n\u2022 Pabellones: duchas y aseos.<br \/>\n\u2022 Espacio Municipal La Sala: secretar\u00eda t\u00e9cnica, guardarropas, catering fin de carrera con acceso para corredores y acompa\u00f1antes, zona de masajes y entrega de trofeos.<br \/>\n\u2022 Parking no vigilado: aleda\u00f1os Ciudad Deportiva Antonio Amor\u00f3s (Avda. de la Cruz \u2013 Avda. de Villena \u2013 Avda. de la Toconera&#8230;)<br \/>\n\u2022 Parking vigilado para bicis tras finalizar la carrera.<\/p>\n<p style=\"text-align: justify;\"><b>Art\u00edculo 4.-<\/b>El recorrido estar\u00e1 debidamente se\u00f1alizado con cinta de balizar de color amarillo para el circuito absoluto y de color azul y amarillo para el circuito alternativo. Se encontrar\u00e1 semi-cerrado al tr\u00e1fico rodado (se ubicar\u00e1n voluntarios en cada uno de los cruces potencialmente m\u00e1s peligrosos, si bien, dada la dificultad de acotar todo el espacio puede ocurrir que exista la incursi\u00f3n de alg\u00fan veh\u00edculo a lo largo de recorrido, por lo que el corredor deber\u00e1 en todo momento aplicar las normas de circulaci\u00f3n vial). Existir\u00e1 un puesto de avituallamiento en los kil\u00f3metros 14, 42 y 57 del circuito absoluto.<\/p>\n<p style=\"text-align: justify;\"><b>Art\u00edculo 5.-<\/b>La descalificaci\u00f3n de un corredor en la prueba supone, adem\u00e1s de no optar a los premios de la misma, la no puntuaci\u00f3n en el circuito provincial, tanto individual como del equipo. Puede ser por los siguientes motivos:<br \/>\n&#8211; Por deterioro f\u00edsico del corredor.<br \/>\n&#8211; No respetar la ubicaci\u00f3n que a cada corredor le corresponde en los cajones de salida.<br \/>\n&#8211; No llevar el dorsal perfectamente colocado en el frontal de la bicicleta hasta su entrada a Meta.<br \/>\n&#8211; No atender las indicaciones de la Organizaci\u00f3n o jueces.<br \/>\n&#8211; Entrar fuera de control, previamente establecido.<br \/>\n&#8211; No inscribirse en la prueba y participar en la misma con chip.<br \/>\n&#8211; No realizar el recorrido completo.<br \/>\n&#8211; Por no presenciarse en el control de firmas.<br \/>\n&#8211; Por usar alg\u00fan veh\u00edculo que no compita en las mismas condiciones que el resto de participantes<br \/>\n&#8211; Correr con el dorsal o chip de otra persona.<br \/>\n&#8211; Por no llevar casco protector, estableci\u00e9ndose su uso como obligatorio<br \/>\n&#8211; Por conductas antideportivas o contra el medio ambiente o el patrimonio municipal.<br \/>\n&#8211; Por pasar por el punto de control intermedio despu\u00e9s de 2 horas desde la salida<\/p>\n<p style=\"text-align: justify;\"><b>Art\u00edculo 6. <\/b>Procedimiento ante una descalificaci\u00f3n:<br \/>\n\u2022 Se establece un plazo de 5 d\u00edas h\u00e1biles a partir de la celebraci\u00f3n de la prueba, para interponer cualquier reclamaci\u00f3n o denuncia. Dicha reclamaci\u00f3n se efectuar\u00e1 por escrito ante el Comit\u00e9 de Competici\u00f3n de la Prueba, por cualquier medio admitido en derecho.<br \/>\n\u2022 Examinada la denuncia y, si el Comit\u00e9 lo estima oportuno, se dar\u00e1 traslado al interesado, dando el plazo improrrogable de 5 d\u00edas h\u00e1biles siguientes a la recepci\u00f3n para que \u00e9ste conteste a dicho tr\u00e1mite de alegaciones, aportando cuantas pruebas considere oportunas.<br \/>\n\u2022 Transcurrido dicho plazo, con o sin presentaci\u00f3n de alegaciones, el Comit\u00e9 resolver\u00e1 lo que proceda, siendo su decisi\u00f3n \u00fanica e inapelable.<br \/>\n\u2022 El Comit\u00e9 se reserva el derecho de actuar de oficio cuando concurran causas excepcionales que as\u00ed lo aconsejen, siendo el tr\u00e1mite el mismo que para las reclamaciones o sanciones.<br \/>\nEl Comit\u00e9 de la Prueba estar\u00e1 formado por tres personas designadas por la organizaci\u00f3n. Su misi\u00f3n fundamental ser\u00e1 resolver cuestiones t\u00e9cnicas que afecten a la prueba, no al circuito y que puedan ser resueltas en el acto. Dicho Comit\u00e9 tomar\u00e1 nota de las incidencias sucedidas y que deban de ser tratadas por el Comit\u00e9 de Competici\u00f3n. Este comit\u00e9 tambi\u00e9n estar\u00e1 facultado para resolver cualquier tipo de reclamaci\u00f3n relacionada con las clasificaciones finales de las carreras. Ser\u00e1n, junto con los encargados de la empresa de inscripciones, los responsables de revisar el control de firmas.<\/p>\n<p style=\"text-align: justify;\">Dicho Comit\u00e9 velar\u00e1 por el respeto al Medio Ambiente y deber\u00e1 crear los mecanismos necesarios para informar al Comit\u00e9 de Competici\u00f3n sobre aquellos participantes que no cumplan con las indicaciones de la Organizaci\u00f3n en este sentido.<\/p>\n<p style=\"text-align: justify;\">A la finalizaci\u00f3n de cada prueba, el Comit\u00e9 de la misma deber\u00e1 cumplimentar un acta, donde quedar\u00e1n reflejadas todas las incidencias ocurridas. La misma ser\u00e1 entregada a la empresa de inscripciones quien informar\u00e1 al Comit\u00e9 de Competici\u00f3n si fuese necesario. Dichas actas ser\u00e1n enviadas por la empresa de inscripciones v\u00eda e mail a los interesados que tenga correo electr\u00f3nico y para quienes no tengan, se colgar\u00e1n en la p\u00e1gina Web del Circuito.<\/p>\n<p style=\"text-align: justify;\">Comit\u00e9 de la prueba:<br \/>\n\u2022 Javier Santos Jordano.<br \/>\n\u2022 Felipe Ba\u00f1\u00f3n Graci\u00e1<br \/>\n\u2022 Alberto Medina Moll\u00e1<\/p>\n<p style=\"text-align: justify;\"><b>Art\u00edculo 7.-<\/b>La organizaci\u00f3n se reserva la facultad de que, comprobada cualquier irregularidad, como falsificaci\u00f3n de datos, categor\u00edas, no completar el recorrido, etc, impedir la participaci\u00f3n en ediciones sucesivas, as\u00ed como comunicarlo al resto de organizaciones nacionales.<\/p>\n<p style=\"text-align: justify;\"><b>Art\u00edculo 8.-<\/b>Los \u00fanicos veh\u00edculos autorizados a seguir la prueba son los designados por la Organizaci\u00f3n. Queda totalmente prohibido seguir a los corredores en cualquier veh\u00edculo no autorizado.<\/p>\n<p style=\"text-align: justify;\"><b>Art\u00edculo 9.- <\/b>El cronometraje se realizar\u00e1 por el sistema de \u201cchips\u201d por lo que ser\u00e1 obligatoria su utilizaci\u00f3n, debi\u00e9ndose fijar el chip en los cordones de una de las zapatillas. El chip para los corredores no inscritos al Circuito deber\u00e1 devolverse una vez haya finalizado la prueba. La p\u00e9rdida del mismo supondr\u00e1 el abono de 12 \u20ac por parte del corredor. Existir\u00e1n controles de paso en el recorrido, debiendo pasar obligatoriamente todos los corredores por ellos.<\/p>\n<p style=\"text-align: justify;\"><b>Art\u00edculo 10.-<\/b>Las inscripciones se podr\u00e1n realizar hasta el 14 de marzo del 2018.<\/p>\n<p style=\"text-align: justify;\"><b>Art\u00edculo 11.-<\/b>La entrega de dorsales se efectuar\u00e1 en el Espacio Municipal La Sala el domingo 18 de 7:30 a 9:15 h.<\/p>\n<p style=\"text-align: justify;\"><b>Art\u00edculo 12.-<\/b>Lo no previsto en este reglamento, ser\u00e1 resuelto con arreglo a los reglamentos del Circuito Provincial de Btt de la Diputaci\u00f3n de Albacete.<\/p>\n<p style=\"text-align: justify;\"><b>Art\u00edculo 13.-<\/b>Todos los participantes oficialmente inscritos estar\u00e1n cubiertos por una p\u00f3liza de seguros de responsabilidad civil por da\u00f1os a terceros concertada por el M.I. Ayuntamiento de Caudete y la Pe\u00f1a Mountain-Bike. Asimismo, la organizaci\u00f3n estar\u00e1 cubierta por un seguro de accidentes que cubrir\u00e1 los accidentes deportivos que se produzcan como consecuencia directa del desarrollo de la prueba, y nunca como derivaci\u00f3n de un padecimiento o tara latente, imprudencia, negligencia, inobservancia de las leyes y del articulado del reglamento&#8230; ni las producidas en los desplazamientos o desde el lugar en que se desarrolle la prueba.<\/p>\n<p style=\"text-align: justify;\"><b>Art\u00edculo 14.-<\/b>Una vez la inscripci\u00f3n sea aceptada, la cuota de inscripci\u00f3n no ser\u00e1 reembolsada, excepto en los siguientes casos:<br \/>\n\u2022 Porque la prueba no se desarrolle.<br \/>\n\u2022 Por no haber participado en la prueba al estar cubierto el cupo de participantes.<br \/>\n\u2022 Por ingresos indebidos como consecuencia de errores de pago.<\/p>\n<p style=\"text-align: justify;\"><b>Art\u00edculo 15.-<\/b>Todo corredor, por el mero hecho de su inscripci\u00f3n, conoce y acepta todas las normas de reglamentos de esta competici\u00f3n y reconoce que se encuentra en perfectas condiciones f\u00edsicas, no padeciendo ninguna enfermedad que suponga riesgo para su persona o le incapacite para su participaci\u00f3n. Y se hace responsable de los da\u00f1os que pudiera ocasionarse por su participaci\u00f3n.<\/p>\n<p style=\"text-align: justify;\"><b>Art\u00edculo 16.-<\/b>Todos los participantes, por el hecho de inscribirse, declaran conocer y aceptar el presente Reglamento y el Pliego de Descargo de Responsabilidades y Protecci\u00f3n de Datos. En caso de duda prevalecer\u00e1 el criterio de la Organizaci\u00f3n.<\/p>\n<p style=\"text-align: justify;\"><b>Art\u00edculo 17.-<\/b>Los datos recabados en el proceso de inscripciones estar\u00e1n sujetos a la Ley Org\u00e1nica 15\/1999, de 13 de diciembre, de Protecci\u00f3n de Datos de Car\u00e1cter Personal y el Real Decreto 1720\/2007, de 21 de diciembre, por el que se aprueba el Reglamento de desarrollo de la Ley Org\u00e1nica 15\/1999, de 13 de diciembre, de Protecci\u00f3n de Datos de Car\u00e1cter Personal.<\/p>\n<p style=\"text-align: justify;\"><b>Art\u00edculo 18.-<\/b>Solamente podr\u00e1n participar aquellas personas que hayan nacido en 2001 o a\u00f1os anteriores, estableci\u00e9ndose las siguientes categor\u00edas:<br \/>\no Junior: 3 Medalla + Premios en Especies, nacidos en los a\u00f1os 2000 &#8211; 2001<br \/>\no Sub-23: 3 Medalla + Premios en Especies, nacidos entre los a\u00f1os 1996 \u2013 1999<br \/>\no \u00c9lite: 3 Medalla + Premios en Especies, nacidos entre los a\u00f1os 1989 &#8211; 1995<br \/>\no Master 30: 3 Medalla + Premios en Especies, nacidos entre los a\u00f1os 1984 \u2013 1988<br \/>\no Master 35: 3 Medalla + Premios en Especies, nacidos entre los a\u00f1os 1979 \u2013 1983<br \/>\no Master 40 : 3 Medalla + Premios en Especies, nacidos entre los a\u00f1os 1974 \u2013 1978<br \/>\no Master 45: 3 Medalla + Premios en Especies, nacidos entre los a\u00f1os 1969 \u2013 1973<br \/>\no Master 50: 3 Medalla + Premios en Especies, nacidos entre los a\u00f1os 1964 \u2013 1968<br \/>\no Master Plus: 3 Medalla + Premios en Especies, nacidos en el a\u00f1o 1963 o a\u00f1os anteriores<\/p>\n<p style=\"text-align: justify;\"><b>Art\u00edculo 19.-<\/b>Ser\u00e1 imprescindible presentar D.N.I. o documento oficial similar que acredite a cada participante, tanto para el control de firmas como para la retirada del dorsal. Todo participante que no acuda al control de firmas y tome la salida, no ser\u00e1 tenida en cuenta su participaci\u00f3n en la prueba.<\/p>\n<p style=\"text-align: justify;\"><b>PLIEGO DE DESCARGO DE RESPONSABILIDADES Y PROTECCI\u00d3N<\/b><\/p>\n<p style=\"text-align: justify;\">Por el s\u00f3lo hecho de inscribirse, el participante declara lo siguiente: \u201cMe encuentro en estado de salud \u00f3ptimo para participar en la Marcha de Btt \u201cLa Inmortal\u201d. Adem\u00e1s, eximo de toda responsabilidad a la Organizaci\u00f3n, patrocinadores u otras instituciones participantes ante cualquier accidente o lesi\u00f3n que pudiera sufrir antes, durante y\/o despu\u00e9s del evento deportivo, renunciando a cualquier acci\u00f3n legal contra cualquiera de dichas entidades.<\/p>\n<p style=\"text-align: justify;\">Durante el desarrollo de la competici\u00f3n contribuir\u00e9 en lo posible con la Organizaci\u00f3n, para evitar accidentes personales.<\/p>\n<p style=\"text-align: justify;\">Autorizo a que la Organizaci\u00f3n haga uso publicitario de fotos, videos y cualquier otro tipo de material audiovisual en el que pueda figurar, aceptando la publicaci\u00f3n de mi nombre en la clasificaci\u00f3n de la prueba, en los medios de comunicaci\u00f3n y\/o Internet, sin esperar pago, compensaci\u00f3n o retribuci\u00f3n alguna por este concepto, salvo petici\u00f3n expresa por parte del corredor para que su imagen no sea utilizada en ning\u00fan medio de difusi\u00f3n oficial del circuito.<\/p>\n<p style=\"text-align: justify;\"><b>CL\u00c1USULAS ADICIONALES<\/b><\/p>\n<p style=\"text-align: justify;\"><b>Primera: <\/b>La organizaci\u00f3n se reserva la potestad de cambiar los recorridos definidos, servicios ofertados o modificar el reglamento, circunstancias que ser\u00e1n comunicadas a los participantes.<\/p>\n<p style=\"text-align: justify;\"><b>Segunda: <\/b>La inscripci\u00f3n en el Circuito Provincial de Btt \u201cDiputaci\u00f3n de Albacete\u201d no supone ning\u00fan derecho ni privilegio respecto a las normas y reglamentos exigidos en la convocatoria de cada una de las pruebas, por lo que cada corredor\/a tendr\u00e1 que atenerse y aceptar las bases que regulen las competiciones de cada una de las pruebas que lo integran.<\/p>\n<p style=\"text-align: justify;\"><b>Tercera: <\/b>La organizaci\u00f3n de la Prueba declina toda responsabilidad de los da\u00f1os que los corredores pudieran ocasionar, ocasionarse o derivasen de la participaci\u00f3n de \u00e9stos en las pruebas.<\/p>\n<p style=\"text-align: justify;\"><b>Cuarta: <\/b>La inscripci\u00f3n a la Prueba supone la autorizaci\u00f3n para el uso de cualquier imagen del corredor en el entorno de la prueba salvo petici\u00f3n expresa por parte del corredor para que su imagen no sea utilizada en ning\u00fan medio de difusi\u00f3n oficial del circuito.<\/p>\n<p style=\"text-align: justify;\"><b>Todos los atletas inscritos aceptan el presente Reglamento.<\/b><\/p>\n","protected":false},"excerpt":{"rendered":"<p>Reglamento Art\u00edculo 1.-La organizaci\u00f3n de la Inmortal corresponde tanto a la Pe\u00f1a Mountain-Bike Caudete como a la Concejal\u00eda de Deportes del M.I. Ayuntamiento de Caudete, y con la especial colaboraci\u00f3n de Protecci\u00f3n Civil Caudete y Cruz Roja Caudete. Podr\u00e1n participar todas las personas nacidas antes del 2001 e inclusive este a\u00f1o. La prueba tendr\u00e1 lugar &hellip;<\/p>\n","protected":false},"author":1,"featured_media":8866,"parent":0,"menu_order":0,"comment_status":"closed","ping_status":"closed","template":"","meta":{"ngg_post_thumbnail":0,"footnotes":""},"categories":[122],"tags":[],"class_list":["post-8864","page","type-page","status-publish","has-post-thumbnail","hentry","category-deportes-2"],"yoast_head":"<!-- This site is optimized with the Yoast SEO plugin v27.4 - https:\/\/yoast.com\/product\/yoast-seo-wordpress\/ -->\n<title>Departamento de Deportes - Reglamento La Inmortal - MI Ayuntamiento de Caudete<\/title>\n<meta name=\"description\" content=\"P\u00e1gina Oficial del Ayuntamiento de Caudete (Albacete)\" \/>\n<meta name=\"robots\" content=\"index, follow, max-snippet:-1, max-image-preview:large, max-video-preview:-1\" \/>\n<link rel=\"canonical\" href=\"https:\/\/www.caudete.org\/ayuntamiento\/departamento-de-deportes-reglamento-la-inmortal\/\" \/>\n<meta property=\"og:locale\" content=\"es_ES\" \/>\n<meta property=\"og:type\" content=\"article\" \/>\n<meta property=\"og:title\" content=\"Departamento de Deportes - Reglamento La Inmortal - MI Ayuntamiento de Caudete\" \/>\n<meta property=\"og:description\" content=\"P\u00e1gina Oficial del Ayuntamiento de Caudete (Albacete)\" \/>\n<meta property=\"og:url\" content=\"https:\/\/www.caudete.org\/ayuntamiento\/departamento-de-deportes-reglamento-la-inmortal\/\" \/>\n<meta property=\"og:site_name\" content=\"MI Ayuntamiento de Caudete\" \/>\n<meta property=\"article:publisher\" content=\"https:\/\/www.facebook.com\/ayuntamientocaudete\/\" \/>\n<meta property=\"article:modified_time\" content=\"2020-12-15T21:55:54+00:00\" \/>\n<meta property=\"og:image\" content=\"https:\/\/www.caudete.org\/ayuntamiento\/wp-content\/uploads\/2020\/12\/regl-inm.jpg\" \/>\n\t<meta property=\"og:image:width\" content=\"800\" \/>\n\t<meta property=\"og:image:height\" content=\"600\" \/>\n\t<meta property=\"og:image:type\" content=\"image\/jpeg\" \/>\n<meta name=\"twitter:card\" content=\"summary_large_image\" \/>\n<meta name=\"twitter:label1\" content=\"Tiempo de lectura\" \/>\n\t<meta name=\"twitter:data1\" content=\"10 minutos\" \/>\n<script type=\"application\/ld+json\" class=\"yoast-schema-graph\">{\"@context\":\"https:\\\/\\\/schema.org\",\"@graph\":[{\"@type\":\"WebPage\",\"@id\":\"https:\\\/\\\/www.caudete.org\\\/ayuntamiento\\\/departamento-de-deportes-reglamento-la-inmortal\\\/\",\"url\":\"https:\\\/\\\/www.caudete.org\\\/ayuntamiento\\\/departamento-de-deportes-reglamento-la-inmortal\\\/\",\"name\":\"Departamento de Deportes - Reglamento La Inmortal - MI Ayuntamiento de Caudete\",\"isPartOf\":{\"@id\":\"https:\\\/\\\/www.caudete.org\\\/ayuntamiento\\\/#website\"},\"primaryImageOfPage\":{\"@id\":\"https:\\\/\\\/www.caudete.org\\\/ayuntamiento\\\/departamento-de-deportes-reglamento-la-inmortal\\\/#primaryimage\"},\"image\":{\"@id\":\"https:\\\/\\\/www.caudete.org\\\/ayuntamiento\\\/departamento-de-deportes-reglamento-la-inmortal\\\/#primaryimage\"},\"thumbnailUrl\":\"https:\\\/\\\/www.caudete.org\\\/ayuntamiento\\\/wp-content\\\/uploads\\\/2020\\\/12\\\/regl-inm.jpg\",\"datePublished\":\"2020-12-12T21:35:51+00:00\",\"dateModified\":\"2020-12-15T21:55:54+00:00\",\"description\":\"P\u00e1gina Oficial del Ayuntamiento de Caudete (Albacete)\",\"breadcrumb\":{\"@id\":\"https:\\\/\\\/www.caudete.org\\\/ayuntamiento\\\/departamento-de-deportes-reglamento-la-inmortal\\\/#breadcrumb\"},\"inLanguage\":\"es\",\"potentialAction\":[{\"@type\":\"ReadAction\",\"target\":[\"https:\\\/\\\/www.caudete.org\\\/ayuntamiento\\\/departamento-de-deportes-reglamento-la-inmortal\\\/\"]}]},{\"@type\":\"ImageObject\",\"inLanguage\":\"es\",\"@id\":\"https:\\\/\\\/www.caudete.org\\\/ayuntamiento\\\/departamento-de-deportes-reglamento-la-inmortal\\\/#primaryimage\",\"url\":\"https:\\\/\\\/www.caudete.org\\\/ayuntamiento\\\/wp-content\\\/uploads\\\/2020\\\/12\\\/regl-inm.jpg\",\"contentUrl\":\"https:\\\/\\\/www.caudete.org\\\/ayuntamiento\\\/wp-content\\\/uploads\\\/2020\\\/12\\\/regl-inm.jpg\",\"width\":800,\"height\":600},{\"@type\":\"BreadcrumbList\",\"@id\":\"https:\\\/\\\/www.caudete.org\\\/ayuntamiento\\\/departamento-de-deportes-reglamento-la-inmortal\\\/#breadcrumb\",\"itemListElement\":[{\"@type\":\"ListItem\",\"position\":1,\"name\":\"Inicio\",\"item\":\"https:\\\/\\\/www.caudete.org\\\/ayuntamiento\\\/\"},{\"@type\":\"ListItem\",\"position\":2,\"name\":\"Departamento de Deportes &#8211; Reglamento La Inmortal\"}]},{\"@type\":\"WebSite\",\"@id\":\"https:\\\/\\\/www.caudete.org\\\/ayuntamiento\\\/#website\",\"url\":\"https:\\\/\\\/www.caudete.org\\\/ayuntamiento\\\/\",\"name\":\"MI Ayuntamiento de Caudete\",\"description\":\"P\u00e1gina Oficial del MI Ayuntamiento de Caudete\",\"publisher\":{\"@id\":\"https:\\\/\\\/www.caudete.org\\\/ayuntamiento\\\/#organization\"},\"potentialAction\":[{\"@type\":\"SearchAction\",\"target\":{\"@type\":\"EntryPoint\",\"urlTemplate\":\"https:\\\/\\\/www.caudete.org\\\/ayuntamiento\\\/?s={search_term_string}\"},\"query-input\":{\"@type\":\"PropertyValueSpecification\",\"valueRequired\":true,\"valueName\":\"search_term_string\"}}],\"inLanguage\":\"es\"},{\"@type\":\"Organization\",\"@id\":\"https:\\\/\\\/www.caudete.org\\\/ayuntamiento\\\/#organization\",\"name\":\"Ayuntamiento de Caudete\",\"url\":\"https:\\\/\\\/www.caudete.org\\\/ayuntamiento\\\/\",\"logo\":{\"@type\":\"ImageObject\",\"inLanguage\":\"es\",\"@id\":\"https:\\\/\\\/www.caudete.org\\\/ayuntamiento\\\/#\\\/schema\\\/logo\\\/image\\\/\",\"url\":\"https:\\\/\\\/www.caudete.org\\\/ayuntamiento\\\/wp-content\\\/uploads\\\/2020\\\/11\\\/logo_ayuntamiento_caudete.jpg\",\"contentUrl\":\"https:\\\/\\\/www.caudete.org\\\/ayuntamiento\\\/wp-content\\\/uploads\\\/2020\\\/11\\\/logo_ayuntamiento_caudete.jpg\",\"width\":600,\"height\":150,\"caption\":\"Ayuntamiento de Caudete\"},\"image\":{\"@id\":\"https:\\\/\\\/www.caudete.org\\\/ayuntamiento\\\/#\\\/schema\\\/logo\\\/image\\\/\"},\"sameAs\":[\"https:\\\/\\\/www.facebook.com\\\/ayuntamientocaudete\\\/\",\"https:\\\/\\\/www.youtube.com\\\/channel\\\/UC6VztHaooNsGpw-tNoBEFnQ\"]}]}<\/script>\n<!-- \/ Yoast SEO plugin. -->","yoast_head_json":{"title":"Departamento de Deportes - Reglamento La Inmortal - MI Ayuntamiento de Caudete","description":"P\u00e1gina Oficial del Ayuntamiento de Caudete (Albacete)","robots":{"index":"index","follow":"follow","max-snippet":"max-snippet:-1","max-image-preview":"max-image-preview:large","max-video-preview":"max-video-preview:-1"},"canonical":"https:\/\/www.caudete.org\/ayuntamiento\/departamento-de-deportes-reglamento-la-inmortal\/","og_locale":"es_ES","og_type":"article","og_title":"Departamento de Deportes - Reglamento La Inmortal - MI Ayuntamiento de Caudete","og_description":"P\u00e1gina Oficial del Ayuntamiento de Caudete (Albacete)","og_url":"https:\/\/www.caudete.org\/ayuntamiento\/departamento-de-deportes-reglamento-la-inmortal\/","og_site_name":"MI Ayuntamiento de Caudete","article_publisher":"https:\/\/www.facebook.com\/ayuntamientocaudete\/","article_modified_time":"2020-12-15T21:55:54+00:00","og_image":[{"width":800,"height":600,"url":"https:\/\/www.caudete.org\/ayuntamiento\/wp-content\/uploads\/2020\/12\/regl-inm.jpg","type":"image\/jpeg"}],"twitter_card":"summary_large_image","twitter_misc":{"Tiempo de lectura":"10 minutos"},"schema":{"@context":"https:\/\/schema.org","@graph":[{"@type":"WebPage","@id":"https:\/\/www.caudete.org\/ayuntamiento\/departamento-de-deportes-reglamento-la-inmortal\/","url":"https:\/\/www.caudete.org\/ayuntamiento\/departamento-de-deportes-reglamento-la-inmortal\/","name":"Departamento de Deportes - Reglamento La Inmortal - MI Ayuntamiento de Caudete","isPartOf":{"@id":"https:\/\/www.caudete.org\/ayuntamiento\/#website"},"primaryImageOfPage":{"@id":"https:\/\/www.caudete.org\/ayuntamiento\/departamento-de-deportes-reglamento-la-inmortal\/#primaryimage"},"image":{"@id":"https:\/\/www.caudete.org\/ayuntamiento\/departamento-de-deportes-reglamento-la-inmortal\/#primaryimage"},"thumbnailUrl":"https:\/\/www.caudete.org\/ayuntamiento\/wp-content\/uploads\/2020\/12\/regl-inm.jpg","datePublished":"2020-12-12T21:35:51+00:00","dateModified":"2020-12-15T21:55:54+00:00","description":"P\u00e1gina Oficial del Ayuntamiento de Caudete (Albacete)","breadcrumb":{"@id":"https:\/\/www.caudete.org\/ayuntamiento\/departamento-de-deportes-reglamento-la-inmortal\/#breadcrumb"},"inLanguage":"es","potentialAction":[{"@type":"ReadAction","target":["https:\/\/www.caudete.org\/ayuntamiento\/departamento-de-deportes-reglamento-la-inmortal\/"]}]},{"@type":"ImageObject","inLanguage":"es","@id":"https:\/\/www.caudete.org\/ayuntamiento\/departamento-de-deportes-reglamento-la-inmortal\/#primaryimage","url":"https:\/\/www.caudete.org\/ayuntamiento\/wp-content\/uploads\/2020\/12\/regl-inm.jpg","contentUrl":"https:\/\/www.caudete.org\/ayuntamiento\/wp-content\/uploads\/2020\/12\/regl-inm.jpg","width":800,"height":600},{"@type":"BreadcrumbList","@id":"https:\/\/www.caudete.org\/ayuntamiento\/departamento-de-deportes-reglamento-la-inmortal\/#breadcrumb","itemListElement":[{"@type":"ListItem","position":1,"name":"Inicio","item":"https:\/\/www.caudete.org\/ayuntamiento\/"},{"@type":"ListItem","position":2,"name":"Departamento de Deportes &#8211; Reglamento La Inmortal"}]},{"@type":"WebSite","@id":"https:\/\/www.caudete.org\/ayuntamiento\/#website","url":"https:\/\/www.caudete.org\/ayuntamiento\/","name":"MI Ayuntamiento de Caudete","description":"P\u00e1gina Oficial del MI Ayuntamiento de Caudete","publisher":{"@id":"https:\/\/www.caudete.org\/ayuntamiento\/#organization"},"potentialAction":[{"@type":"SearchAction","target":{"@type":"EntryPoint","urlTemplate":"https:\/\/www.caudete.org\/ayuntamiento\/?s={search_term_string}"},"query-input":{"@type":"PropertyValueSpecification","valueRequired":true,"valueName":"search_term_string"}}],"inLanguage":"es"},{"@type":"Organization","@id":"https:\/\/www.caudete.org\/ayuntamiento\/#organization","name":"Ayuntamiento de Caudete","url":"https:\/\/www.caudete.org\/ayuntamiento\/","logo":{"@type":"ImageObject","inLanguage":"es","@id":"https:\/\/www.caudete.org\/ayuntamiento\/#\/schema\/logo\/image\/","url":"https:\/\/www.caudete.org\/ayuntamiento\/wp-content\/uploads\/2020\/11\/logo_ayuntamiento_caudete.jpg","contentUrl":"https:\/\/www.caudete.org\/ayuntamiento\/wp-content\/uploads\/2020\/11\/logo_ayuntamiento_caudete.jpg","width":600,"height":150,"caption":"Ayuntamiento de Caudete"},"image":{"@id":"https:\/\/www.caudete.org\/ayuntamiento\/#\/schema\/logo\/image\/"},"sameAs":["https:\/\/www.facebook.com\/ayuntamientocaudete\/","https:\/\/www.youtube.com\/channel\/UC6VztHaooNsGpw-tNoBEFnQ"]}]}},"_links":{"self":[{"href":"https:\/\/www.caudete.org\/ayuntamiento\/wp-json\/wp\/v2\/pages\/8864","targetHints":{"allow":["GET"]}}],"collection":[{"href":"https:\/\/www.caudete.org\/ayuntamiento\/wp-json\/wp\/v2\/pages"}],"about":[{"href":"https:\/\/www.caudete.org\/ayuntamiento\/wp-json\/wp\/v2\/types\/page"}],"author":[{"embeddable":true,"href":"https:\/\/www.caudete.org\/ayuntamiento\/wp-json\/wp\/v2\/users\/1"}],"replies":[{"embeddable":true,"href":"https:\/\/www.caudete.org\/ayuntamiento\/wp-json\/wp\/v2\/comments?post=8864"}],"version-history":[{"count":4,"href":"https:\/\/www.caudete.org\/ayuntamiento\/wp-json\/wp\/v2\/pages\/8864\/revisions"}],"predecessor-version":[{"id":9887,"href":"https:\/\/www.caudete.org\/ayuntamiento\/wp-json\/wp\/v2\/pages\/8864\/revisions\/9887"}],"wp:featuredmedia":[{"embeddable":true,"href":"https:\/\/www.caudete.org\/ayuntamiento\/wp-json\/wp\/v2\/media\/8866"}],"wp:attachment":[{"href":"https:\/\/www.caudete.org\/ayuntamiento\/wp-json\/wp\/v2\/media?parent=8864"}],"wp:term":[{"taxonomy":"category","embeddable":true,"href":"https:\/\/www.caudete.org\/ayuntamiento\/wp-json\/wp\/v2\/categories?post=8864"},{"taxonomy":"post_tag","embeddable":true,"href":"https:\/\/www.caudete.org\/ayuntamiento\/wp-json\/wp\/v2\/tags?post=8864"}],"curies":[{"name":"wp","href":"https:\/\/api.w.org\/{rel}","templated":true}]}}