{"id":9973,"date":"2020-12-16T13:56:20","date_gmt":"2020-12-16T12:56:20","guid":{"rendered":"http:\/\/www.caudete.org\/ayuntamiento\/?page_id=9973"},"modified":"2020-12-23T18:26:01","modified_gmt":"2020-12-23T17:26:01","slug":"turismo-caudete-barroco","status":"publish","type":"page","link":"https:\/\/www.caudete.org\/ayuntamiento\/turismo-caudete-barroco\/","title":{"rendered":"Turismo &#8211; Caudete Barroco"},"content":{"rendered":"<p><img fetchpriority=\"high\" decoding=\"async\" class=\"aligncenter size-full wp-image-9979\" src=\"http:\/\/www.caudete.org\/ayuntamiento\/wp-content\/uploads\/2020\/12\/barroco.jpg\" alt=\"\" width=\"791\" height=\"394\" srcset=\"https:\/\/www.caudete.org\/ayuntamiento\/wp-content\/uploads\/2020\/12\/barroco.jpg 791w, https:\/\/www.caudete.org\/ayuntamiento\/wp-content\/uploads\/2020\/12\/barroco-300x149.jpg 300w, https:\/\/www.caudete.org\/ayuntamiento\/wp-content\/uploads\/2020\/12\/barroco-768x383.jpg 768w\" sizes=\"(max-width: 791px) 100vw, 791px\" \/><\/p>\n<p>&nbsp;<\/p>\n<p style=\"text-align: justify;\">Caudete tambi\u00e9n tiene monumentos barrocos, como son la Sala de la Villa, el Convento de &#8220;San Jos\u00e9&#8221;, el Santuario de Ntra. Sra. la Virgen de Gracia, Patrona del municipio, o el propio edificio del Ayuntamiento.<\/p>\n<h2 style=\"text-align: justify;\">Sala de la Villa<\/h2>\n<p style=\"text-align: justify;\">La Sala de la Villa es uno de los edificios civiles m\u00e1s emblem\u00e1ticos de la poblaci\u00f3n. Situada sobre los arcos que cierran la Plaza de la Iglesia y construida entre 1759 y 1764 sobre un edificio anterior, fue Sala Capitular de la villa hasta principios del s. XX, funci\u00f3n que hoy ha recuperado.<\/p>\n<p style=\"text-align: justify;\">En su fachada meridional destacan el escudo de Caudete, labrado en piedra y ricamente ornamentado en estilo rococ\u00f3, y un reloj de sol de 1957 coronando la cornisa.<br \/>\nEn su interior conserva bell\u00edsimos cuadros de pintores locales, entre ellos Jos\u00e9 Perezgil y Rafael Requena.<\/p>\n<p>&nbsp;<\/p>\nngg_shortcode_0_placeholder\n<p style=\"text-align: justify;\">&nbsp;<\/p>\n<h2 style=\"text-align: justify;\">Ayuntamiento de Caudete<\/h2>\n<p style=\"text-align: justify;\">El actual edificio del Ayuntamiento ha sido Sala Capitular de la villa y Sala de Audiencias desde 1745.<\/p>\n<p style=\"text-align: justify;\">A lo largo del s. XVI, el fuerte incremento demogr\u00e1fico de Caudete motiva el desbordamiento del per\u00edmetro medieval amurallado, y la aparici\u00f3n de un arrabal en torno a los caminos de Madrid y Valencia. Las nuevas necesidades espaciales motivar\u00edan el traslado del edificio del Ayuntamiento a su actual emplazamiento.<\/p>\n<p style=\"text-align: justify;\">Las primeras noticias de este edificio son de 1741, cuando ubican en la planta baja el antiguo almac\u00e9n de granos para los frutos de la tercia, el Peso Real de la harina y oficina de la alc\u00e1bala. Poco m\u00e1s tarde, tambi\u00e9n se ubican aqu\u00ed las c\u00e1rceles. Desde 1860 fue sede de alcald\u00eda y juzgados de paz.<br \/>\nLa actual distribuci\u00f3n interior del edificio se conform\u00f3 en 1999, conservando la fachada, a la que se a\u00f1adi\u00f3 una tercera planta.<\/p>\n<p style=\"text-align: justify;\">Junto a la portada principal contemplamos el escudo de Caudete, donde aparecen los t\u00edtulos otorgados en \u00e9poca medieval: Real, Muy Noble, Muy Leal y Fidel\u00edsima Villa.<\/p>\n<p style=\"text-align: justify;\">&nbsp;<\/p>\nngg_shortcode_1_placeholder\n<h2 style=\"text-align: justify;\">Convento &#8220;San Jos\u00e9&#8221; &#8211; Padres Carmelitas<\/h2>\n<p style=\"text-align: justify;\">El primer asentamiento del Convento de los Padres Carmelitas en Caudete se remonta a 1579, cuando se establecen en un peque\u00f1o convento anexo a la antigua ermita de la Virgen de Gracia.<\/p>\n<p style=\"text-align: justify;\">No obstante, en 1584, el Consejo General de la Villa convino en trasladar este convento a su emplazamiento actual que, en aquel momento, se conoc\u00eda como arrabal de la poblaci\u00f3n, y que hoy es la Plaza del Carmen.<\/p>\n<p style=\"text-align: justify;\">Los trabajos de construcci\u00f3n del Convento de San Jos\u00e9 se dilatan a lo largo del s. XVII. En 1634 se construye la parte baja del claustro. Entre 1638 y 1670 se edifican la iglesia, el campanario y el piso superior del claustro.<\/p>\n<p style=\"text-align: justify;\">En el zagu\u00e1n de entrada, previo al acceso al claustro, nos recibe un escudo del s. XVII en piedra con los emblemas de la Orden Carmelita (cinco estrellas de cinco puntas. El recinto m\u00e1s relevante del convento es su imponente claustro barroco, compuesto bellas columnas toscanas de siller\u00eda unidas por arcos de medio punto.<\/p>\n<p style=\"text-align: justify;\">Al centro se sit\u00faa un peque\u00f1o jard\u00edn con fuente donde, a escasos metros del ajetreo de la calle, reinan una paz y un silencio reconfortantes.<\/p>\n<p style=\"text-align: justify;\">El convento fue casa de noviciado durante diferentes periodos de su historia, es uno de los m\u00e1s importantes conventos de la Orden en Europa, y conserva, asimismo, una muy interesante biblioteca mon\u00e1stica.<\/p>\n<h2 style=\"text-align: justify;\">&nbsp;<\/h2>\nngg_shortcode_2_placeholder\n<h2 style=\"text-align: justify;\">Santuario de Nuestra Se\u00f1ora de Gracia<\/h2>\n<p style=\"text-align: justify;\">El santuario de Ntra. Sra. de Gracia, Patrona de Caudete, es un magn\u00edfico templo en estilo barroco. Conocer el santuario lleva su tiempo, pues el conjunto lo componen varias salas, anexas al templo en s\u00ed, que comunican con el Museo Sala de Mantos.<\/p>\n<p style=\"text-align: justify;\">Templo construido entre 1741 y 1758 sobre otro anterior, si bien las obras no se concluyeron hasta 1780. El proyecto corri\u00f3 a cargo del arquitecto carmelitano Fray Jos\u00e9 Alberto Pi\u00f1a.<\/p>\n<p style=\"text-align: justify;\">Seg\u00fan cuenta la tradici\u00f3n religiosa, la Virgen de Gracia se apareci\u00f3 a un pastor el 1414 anunci\u00e1ndole la ubicaci\u00f3n de las im\u00e1genes de la propia Virgen y San Blas en aquel mismo lugar. Dicho milagro y el descubrimiento de las im\u00e1genes viene narrado en el retablo mayor de la iglesia.<\/p>\n<p style=\"text-align: justify;\">De especial inter\u00e9s en el santuario son las seis pinturas de Jos\u00e9 Perezgil, pintor caudetano de gran renombre, afincado en Alicante. Estos \u00f3leos sobre tabla fueron realizados entre 1960 y 1961 y representan relevantes episodios de la vida de la Virgen. Las intensas tonalidades usadas consiguen llamativos contrastes de color lo que, unido a los marcados efectos de luz, hace que las obras tengan una belleza y una fuerza expresiva admirables.<\/p>\n<p style=\"text-align: justify;\">Anexa a la sacrist\u00eda se conserva la cripta que, seg\u00fan la tradici\u00f3n, guard\u00f3 las im\u00e1genes de la Virgen y San Blas. Sobre ella, en el camar\u00edn, encontramos una de las joyas del templo, la conocida como campana de la Virgen, que est\u00e1 fechada en 1380 y, seg\u00fan ciertas referencias, podr\u00eda ser la m\u00e1s antigua que se conserva en toda Castilla-La Mancha. Aparece en ella la inscripci\u00f3n latina: \u201cAve Mar\u00eda. Suena la voz de Dios\u201d.<\/p>\n<p style=\"text-align: justify;\">Descubriremos tambi\u00e9n en el camar\u00edn un exquisito pavimento de azulejer\u00eda valenciana compuesto por motivos florales y frutales. Fechado en el periodo barroco pleno (1730-1770), plasma el momento en que la cer\u00e1mica arquitect\u00f3nica valenciana alcanza su punto \u00e1lgido en originalidad y calidad.<\/p>\n<p style=\"text-align: justify;\">La fachada del templo, remodelada y pintada al fresco en 1907 por el muralista Agust\u00edn Esp\u00ed Carbonell, tiene una original inspiraci\u00f3n neog\u00f3tica. El monumento fue declarado Bien de Inter\u00e9s Cultural en 1992.<\/p>\n<p>&nbsp;<\/p>\nngg_shortcode_3_placeholder\n","protected":false},"excerpt":{"rendered":"<p>&nbsp; Caudete tambi\u00e9n tiene monumentos barrocos, como son la Sala de la Villa, el Convento de &#8220;San Jos\u00e9&#8221;, el Santuario de Ntra. Sra. la Virgen de Gracia, Patrona del municipio, o el propio edificio del Ayuntamiento. Sala de la Villa La Sala de la Villa es uno de los edificios civiles m\u00e1s emblem\u00e1ticos de la &hellip;<\/p>\n","protected":false},"author":1,"featured_media":0,"parent":0,"menu_order":0,"comment_status":"closed","ping_status":"closed","template":"","meta":{"ngg_post_thumbnail":0,"footnotes":""},"categories":[135],"tags":[],"class_list":["post-9973","page","type-page","status-publish","hentry","category-turismo-2"],"yoast_head":"<!-- This site is optimized with the Yoast SEO plugin v27.5 - https:\/\/yoast.com\/product\/yoast-seo-wordpress\/ -->\n<title>Turismo - Caudete Barroco - MI Ayuntamiento de Caudete<\/title>\n<meta name=\"description\" content=\"P\u00e1gina Oficial del Ayuntamiento de Caudete (Albacete)\" \/>\n<meta name=\"robots\" content=\"index, follow, max-snippet:-1, max-image-preview:large, max-video-preview:-1\" \/>\n<link rel=\"canonical\" href=\"https:\/\/www.caudete.org\/ayuntamiento\/turismo-caudete-barroco\/\" \/>\n<meta property=\"og:locale\" content=\"es_ES\" \/>\n<meta property=\"og:type\" content=\"article\" \/>\n<meta property=\"og:title\" content=\"Turismo - Caudete Barroco - MI Ayuntamiento de Caudete\" \/>\n<meta property=\"og:description\" content=\"P\u00e1gina Oficial del Ayuntamiento de Caudete (Albacete)\" \/>\n<meta property=\"og:url\" content=\"https:\/\/www.caudete.org\/ayuntamiento\/turismo-caudete-barroco\/\" \/>\n<meta property=\"og:site_name\" content=\"MI Ayuntamiento de Caudete\" \/>\n<meta property=\"article:publisher\" content=\"https:\/\/www.facebook.com\/ayuntamientocaudete\/\" \/>\n<meta property=\"article:modified_time\" content=\"2020-12-23T17:26:01+00:00\" \/>\n<meta property=\"og:image\" content=\"http:\/\/www.caudete.org\/ayuntamiento\/wp-content\/uploads\/2020\/12\/barroco.jpg\" \/>\n<meta name=\"twitter:card\" content=\"summary_large_image\" \/>\n<meta name=\"twitter:label1\" content=\"Tiempo de lectura\" \/>\n\t<meta name=\"twitter:data1\" content=\"5 minutos\" \/>\n<script type=\"application\/ld+json\" class=\"yoast-schema-graph\">{\"@context\":\"https:\\\/\\\/schema.org\",\"@graph\":[{\"@type\":\"WebPage\",\"@id\":\"https:\\\/\\\/www.caudete.org\\\/ayuntamiento\\\/turismo-caudete-barroco\\\/\",\"url\":\"https:\\\/\\\/www.caudete.org\\\/ayuntamiento\\\/turismo-caudete-barroco\\\/\",\"name\":\"Turismo - Caudete Barroco - MI Ayuntamiento de Caudete\",\"isPartOf\":{\"@id\":\"https:\\\/\\\/www.caudete.org\\\/ayuntamiento\\\/#website\"},\"primaryImageOfPage\":{\"@id\":\"https:\\\/\\\/www.caudete.org\\\/ayuntamiento\\\/turismo-caudete-barroco\\\/#primaryimage\"},\"image\":{\"@id\":\"https:\\\/\\\/www.caudete.org\\\/ayuntamiento\\\/turismo-caudete-barroco\\\/#primaryimage\"},\"thumbnailUrl\":\"http:\\\/\\\/www.caudete.org\\\/ayuntamiento\\\/wp-content\\\/uploads\\\/2020\\\/12\\\/barroco.jpg\",\"datePublished\":\"2020-12-16T12:56:20+00:00\",\"dateModified\":\"2020-12-23T17:26:01+00:00\",\"description\":\"P\u00e1gina Oficial del Ayuntamiento de Caudete (Albacete)\",\"breadcrumb\":{\"@id\":\"https:\\\/\\\/www.caudete.org\\\/ayuntamiento\\\/turismo-caudete-barroco\\\/#breadcrumb\"},\"inLanguage\":\"es\",\"potentialAction\":[{\"@type\":\"ReadAction\",\"target\":[\"https:\\\/\\\/www.caudete.org\\\/ayuntamiento\\\/turismo-caudete-barroco\\\/\"]}]},{\"@type\":\"ImageObject\",\"inLanguage\":\"es\",\"@id\":\"https:\\\/\\\/www.caudete.org\\\/ayuntamiento\\\/turismo-caudete-barroco\\\/#primaryimage\",\"url\":\"https:\\\/\\\/www.caudete.org\\\/ayuntamiento\\\/wp-content\\\/uploads\\\/2020\\\/12\\\/barroco.jpg\",\"contentUrl\":\"https:\\\/\\\/www.caudete.org\\\/ayuntamiento\\\/wp-content\\\/uploads\\\/2020\\\/12\\\/barroco.jpg\",\"width\":791,\"height\":394,\"caption\":\"4444\"},{\"@type\":\"BreadcrumbList\",\"@id\":\"https:\\\/\\\/www.caudete.org\\\/ayuntamiento\\\/turismo-caudete-barroco\\\/#breadcrumb\",\"itemListElement\":[{\"@type\":\"ListItem\",\"position\":1,\"name\":\"Inicio\",\"item\":\"https:\\\/\\\/www.caudete.org\\\/ayuntamiento\\\/\"},{\"@type\":\"ListItem\",\"position\":2,\"name\":\"Turismo &#8211; Caudete Barroco\"}]},{\"@type\":\"WebSite\",\"@id\":\"https:\\\/\\\/www.caudete.org\\\/ayuntamiento\\\/#website\",\"url\":\"https:\\\/\\\/www.caudete.org\\\/ayuntamiento\\\/\",\"name\":\"MI Ayuntamiento de Caudete\",\"description\":\"P\u00e1gina Oficial del MI Ayuntamiento de Caudete\",\"potentialAction\":[{\"@type\":\"SearchAction\",\"target\":{\"@type\":\"EntryPoint\",\"urlTemplate\":\"https:\\\/\\\/www.caudete.org\\\/ayuntamiento\\\/?s={search_term_string}\"},\"query-input\":{\"@type\":\"PropertyValueSpecification\",\"valueRequired\":true,\"valueName\":\"search_term_string\"}}],\"inLanguage\":\"es\"}]}<\/script>\n<!-- \/ Yoast SEO plugin. -->","yoast_head_json":{"title":"Turismo - Caudete Barroco - MI Ayuntamiento de Caudete","description":"P\u00e1gina Oficial del Ayuntamiento de Caudete (Albacete)","robots":{"index":"index","follow":"follow","max-snippet":"max-snippet:-1","max-image-preview":"max-image-preview:large","max-video-preview":"max-video-preview:-1"},"canonical":"https:\/\/www.caudete.org\/ayuntamiento\/turismo-caudete-barroco\/","og_locale":"es_ES","og_type":"article","og_title":"Turismo - Caudete Barroco - MI Ayuntamiento de Caudete","og_description":"P\u00e1gina Oficial del Ayuntamiento de Caudete (Albacete)","og_url":"https:\/\/www.caudete.org\/ayuntamiento\/turismo-caudete-barroco\/","og_site_name":"MI Ayuntamiento de Caudete","article_publisher":"https:\/\/www.facebook.com\/ayuntamientocaudete\/","article_modified_time":"2020-12-23T17:26:01+00:00","og_image":[{"url":"http:\/\/www.caudete.org\/ayuntamiento\/wp-content\/uploads\/2020\/12\/barroco.jpg","type":"","width":"","height":""}],"twitter_card":"summary_large_image","twitter_misc":{"Tiempo de lectura":"5 minutos"},"schema":{"@context":"https:\/\/schema.org","@graph":[{"@type":"WebPage","@id":"https:\/\/www.caudete.org\/ayuntamiento\/turismo-caudete-barroco\/","url":"https:\/\/www.caudete.org\/ayuntamiento\/turismo-caudete-barroco\/","name":"Turismo - Caudete Barroco - MI Ayuntamiento de Caudete","isPartOf":{"@id":"https:\/\/www.caudete.org\/ayuntamiento\/#website"},"primaryImageOfPage":{"@id":"https:\/\/www.caudete.org\/ayuntamiento\/turismo-caudete-barroco\/#primaryimage"},"image":{"@id":"https:\/\/www.caudete.org\/ayuntamiento\/turismo-caudete-barroco\/#primaryimage"},"thumbnailUrl":"http:\/\/www.caudete.org\/ayuntamiento\/wp-content\/uploads\/2020\/12\/barroco.jpg","datePublished":"2020-12-16T12:56:20+00:00","dateModified":"2020-12-23T17:26:01+00:00","description":"P\u00e1gina Oficial del Ayuntamiento de Caudete (Albacete)","breadcrumb":{"@id":"https:\/\/www.caudete.org\/ayuntamiento\/turismo-caudete-barroco\/#breadcrumb"},"inLanguage":"es","potentialAction":[{"@type":"ReadAction","target":["https:\/\/www.caudete.org\/ayuntamiento\/turismo-caudete-barroco\/"]}]},{"@type":"ImageObject","inLanguage":"es","@id":"https:\/\/www.caudete.org\/ayuntamiento\/turismo-caudete-barroco\/#primaryimage","url":"https:\/\/www.caudete.org\/ayuntamiento\/wp-content\/uploads\/2020\/12\/barroco.jpg","contentUrl":"https:\/\/www.caudete.org\/ayuntamiento\/wp-content\/uploads\/2020\/12\/barroco.jpg","width":791,"height":394,"caption":"4444"},{"@type":"BreadcrumbList","@id":"https:\/\/www.caudete.org\/ayuntamiento\/turismo-caudete-barroco\/#breadcrumb","itemListElement":[{"@type":"ListItem","position":1,"name":"Inicio","item":"https:\/\/www.caudete.org\/ayuntamiento\/"},{"@type":"ListItem","position":2,"name":"Turismo &#8211; Caudete Barroco"}]},{"@type":"WebSite","@id":"https:\/\/www.caudete.org\/ayuntamiento\/#website","url":"https:\/\/www.caudete.org\/ayuntamiento\/","name":"MI Ayuntamiento de Caudete","description":"P\u00e1gina Oficial del MI Ayuntamiento de Caudete","potentialAction":[{"@type":"SearchAction","target":{"@type":"EntryPoint","urlTemplate":"https:\/\/www.caudete.org\/ayuntamiento\/?s={search_term_string}"},"query-input":{"@type":"PropertyValueSpecification","valueRequired":true,"valueName":"search_term_string"}}],"inLanguage":"es"}]}},"_links":{"self":[{"href":"https:\/\/www.caudete.org\/ayuntamiento\/wp-json\/wp\/v2\/pages\/9973","targetHints":{"allow":["GET"]}}],"collection":[{"href":"https:\/\/www.caudete.org\/ayuntamiento\/wp-json\/wp\/v2\/pages"}],"about":[{"href":"https:\/\/www.caudete.org\/ayuntamiento\/wp-json\/wp\/v2\/types\/page"}],"author":[{"embeddable":true,"href":"https:\/\/www.caudete.org\/ayuntamiento\/wp-json\/wp\/v2\/users\/1"}],"replies":[{"embeddable":true,"href":"https:\/\/www.caudete.org\/ayuntamiento\/wp-json\/wp\/v2\/comments?post=9973"}],"version-history":[{"count":10,"href":"https:\/\/www.caudete.org\/ayuntamiento\/wp-json\/wp\/v2\/pages\/9973\/revisions"}],"predecessor-version":[{"id":9975,"href":"https:\/\/www.caudete.org\/ayuntamiento\/wp-json\/wp\/v2\/pages\/9973\/revisions\/9975"}],"wp:attachment":[{"href":"https:\/\/www.caudete.org\/ayuntamiento\/wp-json\/wp\/v2\/media?parent=9973"}],"wp:term":[{"taxonomy":"category","embeddable":true,"href":"https:\/\/www.caudete.org\/ayuntamiento\/wp-json\/wp\/v2\/categories?post=9973"},{"taxonomy":"post_tag","embeddable":true,"href":"https:\/\/www.caudete.org\/ayuntamiento\/wp-json\/wp\/v2\/tags?post=9973"}],"curies":[{"name":"wp","href":"https:\/\/api.w.org\/{rel}","templated":true}]}}